{"id":9988,"date":"2024-04-25T15:16:34","date_gmt":"2024-04-25T14:16:34","guid":{"rendered":"\/?post_type=tribe_events&#038;p=9988"},"modified":"2024-04-25T15:24:36","modified_gmt":"2024-04-25T14:24:36","slug":"exposicion-ensonaciones-la-mirada-y-el-gesto-de-huguet-pretel","status":"publish","type":"tribe_events","link":"https:\/\/fundacioncajaruraldelsur.com\/pt\/evento\/exposicion-ensonaciones-la-mirada-y-el-gesto-de-huguet-pretel\/","title":{"rendered":"Exposici\u00f3n: \u00abEnso\u00f1aciones, La mirada y el Gesto\u00bb, de Huguet-Pretel"},"content":{"rendered":"<p><a href=\"\/wp-content\/uploads\/2024\/04\/Cartel-Expo-Huguet.jpg\" rel=\"lightbox-0\"><img loading=\"lazy\" decoding=\"async\" class=\"alignnone size-full wp-image-9992\" src=\"\/wp-content\/uploads\/2024\/04\/Cartel-Expo-Huguet.jpg\" alt=\"\" width=\"7386\" height=\"10303\" \/><\/a><\/p>\n<p><b>ENSO\u00d1ACIONES: LA MIRADA Y EL GESTO.<\/b><\/p>\n<p><b>EXPOSICI\u00d3N HUGUET PRETEL.<\/b><\/p>\n<p><span style=\"font-weight: 400;\">\u201cMuchas veces me preguntan, si sigo pintando. A lo que normalmente respondo; \u00bfy t\u00fa, sigues durmiendo, comiendo, y respirando? Pues igual que t\u00fa necesitas realizar esas funciones para vivir, yo, necesito pintar y dibujar para sentirme vivo\u201d.\u00a0\u00a0<\/span><\/p>\n<p><span style=\"font-weight: 400;\">Huguet Pretel explica de esta manera, la relaci\u00f3n que ha mantenido con la Pintura y el Dibujo durante toda su vida; y como, de muy peque\u00f1o a nuestros d\u00edas, no ha cesado en su trabajo y af\u00e1n, en el \u00e1mbito de la creaci\u00f3n art\u00edstica. Por ello, no es de extra\u00f1ar que, desde su \u00faltima Exposici\u00f3n Individual (Sevilla Noviembre de 2017) su tarea haya seguido siendo constante, y que, ni tan siquiera el obligado confinamiento de la pandemia, lograra interrumpirla; ya que su imaginaci\u00f3n vol\u00f3 libremente, entre recuerdos y enso\u00f1aciones, fuera de la clausura impuesta, dando lugar a creaciones como el \u201cArlecchino blu, nero, e rosa\u201d, que narra bellas historias, ubicadas en remotos y ex\u00f3ticos lugares, a un fascinado \u201cbambino\u201d.\u00a0<\/span><\/p>\n<p><span style=\"font-weight: 400;\">Desde aqu\u00e9l 2017, su producci\u00f3n, tanto en el \u00e1mbito de la Pintura, como del Dibujo y la Ilustraci\u00f3n, ha sido numerosa. Y aunque algunos de estos trabajos ya han salido a la luz, en diversas Exposiciones Colectivas dentro y fuera de Sevilla, otros tantos aguardaban aun en la intimidad del estudio, ser mostrados al p\u00fablico. De ello surge el prop\u00f3sito de la presente Exposici\u00f3n; en la que se pretende reunir aquellas obras que se han mostrado de forma dispersa en distintos espacios y circunstancias, y uni\u00e9ndolas a aquellas otras que hasta ahora han permanecido in\u00e9ditas y mostrarlas como un cuerpo \u00fanico, configurado por la idea com\u00fan que les da sentido, pese a la diversidad de asuntos tratados en las mismas.\u00a0<\/span><\/p>\n<p><span style=\"font-weight: 400;\">As\u00ed, en ellas, emergen <\/span><span style=\"font-weight: 400;\">recuerdos<\/span><span style=\"font-weight: 400;\"> de juegos de la infancia, como en \u201cNace la tradici\u00f3n\u201d; de una copla popular en la voz de su madre, \u201cLa Trini\u00e1\u201d; o de una profunda devoci\u00f3n familiar en \u201cRemembranzas\u201d. E<\/span><span style=\"font-weight: 400;\">nso\u00f1aciones<\/span><span style=\"font-weight: 400;\">: como \u201cSem\u00edramis; reina de Babilonia\u201d, \u201cOdalisca del p\u00e1jaro az\u00fal\u201d, \u201cBailaora de Hispalis\u201d, o \u201cEcouyere rosa sobre caballo blanco\u201d. Y que tambi\u00e9n podr\u00edan ser, los homenajes a Juan de Mesa en su taller con \u201cBuscando Su mirada\u201d, a Elcano y Magallanes en el \u201cPeque\u00f1o Cantar de Gesta\u201d, al rey poeta sevillano \u201cAL-Mutamid y la esclava Romaikiya\u201d, o a sus propios padres en \u201cDonde comienza el Camino\u201d.\u00a0<\/span><\/p>\n<p><span style=\"font-weight: 400;\">Nexo de uni\u00f3n de la presente Exposici\u00f3n, como de toda su trayectoria art\u00edstica, puede ser precisamente, el continuo navegar por ese mundo de recuerdos y enso\u00f1aciones, el deseo de pintar la Vida, de mostrar la intr\u00ednseca belleza del ser humano, o de materializar los pensamientos, mediante la intenci\u00f3n del gesto y la mirada. Como se intenta expresar en \u201cBaile por Sevillanas\u201d.<\/span><\/p>\n<p><br style=\"font-weight: 400;\" \/><br style=\"font-weight: 400;\" \/><\/p>","protected":false},"excerpt":{"rendered":"<p>ENSO\u00d1ACIONES: LA MIRADA Y EL GESTO. EXPOSICI\u00d3N HUGUET PRETEL. \u201cMuchas veces me preguntan, si sigo pintando. A lo que normalmente respondo; \u00bfy t\u00fa, sigues durmiendo, comiendo, y respirando? Pues igual [&hellip;]<\/p>\n","protected":false},"author":8,"featured_media":5893,"template":"","meta":{"_tribe_events_status":"","_tribe_events_status_reason":"","_tribe_events_is_hybrid":"","_tribe_events_is_virtual":"","_tribe_events_virtual_video_source":"","_tribe_events_virtual_embed_video":"","_tribe_events_virtual_linked_button_text":"","_tribe_events_virtual_linked_button":"","_tribe_events_virtual_show_embed_at":"","_tribe_events_virtual_show_embed_to":[],"_tribe_events_virtual_show_on_event":"","_tribe_events_virtual_show_on_views":"","_tribe_events_virtual_url":"","footnotes":""},"tags":[],"tribe_events_cat":[62],"class_list":["post-9988","tribe_events","type-tribe_events","status-publish","has-post-thumbnail","hentry","tribe_events_cat-exposiciones","cat_exposiciones"],"yoast_head":"<!-- This site is optimized with the Yoast SEO plugin v27.3 - https:\/\/yoast.com\/product\/yoast-seo-wordpress\/ -->\n<title>Exposici\u00f3n: &quot;Enso\u00f1aciones, La mirada y el Gesto&quot;, de Huguet-Pretel - Fundaci\u00f3n Caja Rural del Sur<\/title>\n<meta name=\"robots\" content=\"index, follow, max-snippet:-1, max-image-preview:large, max-video-preview:-1\" \/>\n<link rel=\"canonical\" href=\"https:\/\/fundacioncajaruraldelsur.com\/pt\/evento\/exposicion-ensonaciones-la-mirada-y-el-gesto-de-huguet-pretel\/\" \/>\n<meta property=\"og:locale\" content=\"pt_PT\" \/>\n<meta property=\"og:type\" content=\"article\" \/>\n<meta property=\"og:title\" content=\"Exposici\u00f3n: &quot;Enso\u00f1aciones, La mirada y el Gesto&quot;, de Huguet-Pretel - Fundaci\u00f3n Caja Rural del Sur\" \/>\n<meta property=\"og:description\" content=\"ENSO\u00d1ACIONES: LA MIRADA Y EL GESTO. EXPOSICI\u00d3N HUGUET PRETEL. \u201cMuchas veces me preguntan, si sigo pintando. A lo que normalmente respondo; \u00bfy t\u00fa, sigues durmiendo, comiendo, y respirando? Pues igual [&hellip;]\" \/>\n<meta property=\"og:url\" content=\"https:\/\/fundacioncajaruraldelsur.com\/pt\/evento\/exposicion-ensonaciones-la-mirada-y-el-gesto-de-huguet-pretel\/\" \/>\n<meta property=\"og:site_name\" content=\"Fundaci\u00f3n Caja Rural del Sur\" \/>\n<meta property=\"article:modified_time\" content=\"2024-04-25T14:24:36+00:00\" \/>\n<meta property=\"og:image\" content=\"https:\/\/fundacioncajaruraldelsur.com\/wp-content\/uploads\/2020\/09\/Pintura_pinceles.jpg\" \/>\n\t<meta property=\"og:image:width\" content=\"1926\" \/>\n\t<meta property=\"og:image:height\" content=\"500\" \/>\n\t<meta property=\"og:image:type\" content=\"image\/jpeg\" \/>\n<meta name=\"twitter:card\" content=\"summary_large_image\" \/>\n<meta name=\"twitter:label1\" content=\"Est. reading time\" \/>\n\t<meta name=\"twitter:data1\" content=\"3 minutes\" \/>\n<script type=\"application\/ld+json\" class=\"yoast-schema-graph\">{\"@context\":\"https:\\\/\\\/schema.org\",\"@graph\":[{\"@type\":\"WebPage\",\"@id\":\"https:\\\/\\\/fundacioncajaruraldelsur.com\\\/evento\\\/exposicion-ensonaciones-la-mirada-y-el-gesto-de-huguet-pretel\\\/\",\"url\":\"https:\\\/\\\/fundacioncajaruraldelsur.com\\\/evento\\\/exposicion-ensonaciones-la-mirada-y-el-gesto-de-huguet-pretel\\\/\",\"name\":\"Exposici\u00f3n: \\\"Enso\u00f1aciones, La mirada y el Gesto\\\", de Huguet-Pretel - Fundaci\u00f3n Caja Rural del Sur\",\"isPartOf\":{\"@id\":\"https:\\\/\\\/fundacioncajaruraldelsur.com\\\/#website\"},\"primaryImageOfPage\":{\"@id\":\"https:\\\/\\\/fundacioncajaruraldelsur.com\\\/evento\\\/exposicion-ensonaciones-la-mirada-y-el-gesto-de-huguet-pretel\\\/#primaryimage\"},\"image\":{\"@id\":\"https:\\\/\\\/fundacioncajaruraldelsur.com\\\/evento\\\/exposicion-ensonaciones-la-mirada-y-el-gesto-de-huguet-pretel\\\/#primaryimage\"},\"thumbnailUrl\":\"https:\\\/\\\/fundacioncajaruraldelsur.com\\\/wp-content\\\/uploads\\\/2020\\\/09\\\/Pintura_pinceles.jpg\",\"datePublished\":\"2024-04-25T14:16:34+00:00\",\"dateModified\":\"2024-04-25T14:24:36+00:00\",\"breadcrumb\":{\"@id\":\"https:\\\/\\\/fundacioncajaruraldelsur.com\\\/evento\\\/exposicion-ensonaciones-la-mirada-y-el-gesto-de-huguet-pretel\\\/#breadcrumb\"},\"inLanguage\":\"pt-PT\",\"potentialAction\":[{\"@type\":\"ReadAction\",\"target\":[\"https:\\\/\\\/fundacioncajaruraldelsur.com\\\/evento\\\/exposicion-ensonaciones-la-mirada-y-el-gesto-de-huguet-pretel\\\/\"]}]},{\"@type\":\"ImageObject\",\"inLanguage\":\"pt-PT\",\"@id\":\"https:\\\/\\\/fundacioncajaruraldelsur.com\\\/evento\\\/exposicion-ensonaciones-la-mirada-y-el-gesto-de-huguet-pretel\\\/#primaryimage\",\"url\":\"https:\\\/\\\/fundacioncajaruraldelsur.com\\\/wp-content\\\/uploads\\\/2020\\\/09\\\/Pintura_pinceles.jpg\",\"contentUrl\":\"https:\\\/\\\/fundacioncajaruraldelsur.com\\\/wp-content\\\/uploads\\\/2020\\\/09\\\/Pintura_pinceles.jpg\",\"width\":1926,\"height\":500},{\"@type\":\"BreadcrumbList\",\"@id\":\"https:\\\/\\\/fundacioncajaruraldelsur.com\\\/evento\\\/exposicion-ensonaciones-la-mirada-y-el-gesto-de-huguet-pretel\\\/#breadcrumb\",\"itemListElement\":[{\"@type\":\"ListItem\",\"position\":1,\"name\":\"Portada\",\"item\":\"https:\\\/\\\/fundacioncajaruraldelsur.com\\\/\"},{\"@type\":\"ListItem\",\"position\":2,\"name\":\"Eventos\",\"item\":\"https:\\\/\\\/fundacioncajaruraldelsur.com\\\/eventos\\\/\"},{\"@type\":\"ListItem\",\"position\":3,\"name\":\"Exposici\u00f3n: \u00abEnso\u00f1aciones, La mirada y el Gesto\u00bb, de Huguet-Pretel\"}]},{\"@type\":\"WebSite\",\"@id\":\"https:\\\/\\\/fundacioncajaruraldelsur.com\\\/#website\",\"url\":\"https:\\\/\\\/fundacioncajaruraldelsur.com\\\/\",\"name\":\"Fundaci\u00f3n Caja Rural del Sur\",\"description\":\"\",\"potentialAction\":[{\"@type\":\"SearchAction\",\"target\":{\"@type\":\"EntryPoint\",\"urlTemplate\":\"https:\\\/\\\/fundacioncajaruraldelsur.com\\\/?s={search_term_string}\"},\"query-input\":{\"@type\":\"PropertyValueSpecification\",\"valueRequired\":true,\"valueName\":\"search_term_string\"}}],\"inLanguage\":\"pt-PT\"}]}<\/script>\n<!-- \/ Yoast SEO plugin. -->","yoast_head_json":{"title":"Exposici\u00f3n: \"Enso\u00f1aciones, La mirada y el Gesto\", de Huguet-Pretel - Fundaci\u00f3n Caja Rural del Sur","robots":{"index":"index","follow":"follow","max-snippet":"max-snippet:-1","max-image-preview":"max-image-preview:large","max-video-preview":"max-video-preview:-1"},"canonical":"https:\/\/fundacioncajaruraldelsur.com\/pt\/evento\/exposicion-ensonaciones-la-mirada-y-el-gesto-de-huguet-pretel\/","og_locale":"pt_PT","og_type":"article","og_title":"Exposici\u00f3n: \"Enso\u00f1aciones, La mirada y el Gesto\", de Huguet-Pretel - Fundaci\u00f3n Caja Rural del Sur","og_description":"ENSO\u00d1ACIONES: LA MIRADA Y EL GESTO. EXPOSICI\u00d3N HUGUET PRETEL. \u201cMuchas veces me preguntan, si sigo pintando. A lo que normalmente respondo; \u00bfy t\u00fa, sigues durmiendo, comiendo, y respirando? Pues igual [&hellip;]","og_url":"https:\/\/fundacioncajaruraldelsur.com\/pt\/evento\/exposicion-ensonaciones-la-mirada-y-el-gesto-de-huguet-pretel\/","og_site_name":"Fundaci\u00f3n Caja Rural del Sur","article_modified_time":"2024-04-25T14:24:36+00:00","og_image":[{"width":1926,"height":500,"url":"https:\/\/fundacioncajaruraldelsur.com\/wp-content\/uploads\/2020\/09\/Pintura_pinceles.jpg","type":"image\/jpeg"}],"twitter_card":"summary_large_image","twitter_misc":{"Est. reading time":"3 minutes"},"schema":{"@context":"https:\/\/schema.org","@graph":[{"@type":"WebPage","@id":"https:\/\/fundacioncajaruraldelsur.com\/evento\/exposicion-ensonaciones-la-mirada-y-el-gesto-de-huguet-pretel\/","url":"https:\/\/fundacioncajaruraldelsur.com\/evento\/exposicion-ensonaciones-la-mirada-y-el-gesto-de-huguet-pretel\/","name":"Exposici\u00f3n: \"Enso\u00f1aciones, La mirada y el Gesto\", de Huguet-Pretel - Fundaci\u00f3n Caja Rural del Sur","isPartOf":{"@id":"https:\/\/fundacioncajaruraldelsur.com\/#website"},"primaryImageOfPage":{"@id":"https:\/\/fundacioncajaruraldelsur.com\/evento\/exposicion-ensonaciones-la-mirada-y-el-gesto-de-huguet-pretel\/#primaryimage"},"image":{"@id":"https:\/\/fundacioncajaruraldelsur.com\/evento\/exposicion-ensonaciones-la-mirada-y-el-gesto-de-huguet-pretel\/#primaryimage"},"thumbnailUrl":"https:\/\/fundacioncajaruraldelsur.com\/wp-content\/uploads\/2020\/09\/Pintura_pinceles.jpg","datePublished":"2024-04-25T14:16:34+00:00","dateModified":"2024-04-25T14:24:36+00:00","breadcrumb":{"@id":"https:\/\/fundacioncajaruraldelsur.com\/evento\/exposicion-ensonaciones-la-mirada-y-el-gesto-de-huguet-pretel\/#breadcrumb"},"inLanguage":"pt-PT","potentialAction":[{"@type":"ReadAction","target":["https:\/\/fundacioncajaruraldelsur.com\/evento\/exposicion-ensonaciones-la-mirada-y-el-gesto-de-huguet-pretel\/"]}]},{"@type":"ImageObject","inLanguage":"pt-PT","@id":"https:\/\/fundacioncajaruraldelsur.com\/evento\/exposicion-ensonaciones-la-mirada-y-el-gesto-de-huguet-pretel\/#primaryimage","url":"https:\/\/fundacioncajaruraldelsur.com\/wp-content\/uploads\/2020\/09\/Pintura_pinceles.jpg","contentUrl":"https:\/\/fundacioncajaruraldelsur.com\/wp-content\/uploads\/2020\/09\/Pintura_pinceles.jpg","width":1926,"height":500},{"@type":"BreadcrumbList","@id":"https:\/\/fundacioncajaruraldelsur.com\/evento\/exposicion-ensonaciones-la-mirada-y-el-gesto-de-huguet-pretel\/#breadcrumb","itemListElement":[{"@type":"ListItem","position":1,"name":"Portada","item":"https:\/\/fundacioncajaruraldelsur.com\/"},{"@type":"ListItem","position":2,"name":"Eventos","item":"https:\/\/fundacioncajaruraldelsur.com\/eventos\/"},{"@type":"ListItem","position":3,"name":"Exposici\u00f3n: \u00abEnso\u00f1aciones, La mirada y el Gesto\u00bb, de Huguet-Pretel"}]},{"@type":"WebSite","@id":"https:\/\/fundacioncajaruraldelsur.com\/#website","url":"https:\/\/fundacioncajaruraldelsur.com\/","name":"Funda\u00e7\u00e3o Caja Rural del Sur","description":"","potentialAction":[{"@type":"SearchAction","target":{"@type":"EntryPoint","urlTemplate":"https:\/\/fundacioncajaruraldelsur.com\/?s={search_term_string}"},"query-input":{"@type":"PropertyValueSpecification","valueRequired":true,"valueName":"search_term_string"}}],"inLanguage":"pt-PT"}]}},"_links":{"self":[{"href":"https:\/\/fundacioncajaruraldelsur.com\/pt\/wp-json\/wp\/v2\/tribe_events\/9988","targetHints":{"allow":["GET"]}}],"collection":[{"href":"https:\/\/fundacioncajaruraldelsur.com\/pt\/wp-json\/wp\/v2\/tribe_events"}],"about":[{"href":"https:\/\/fundacioncajaruraldelsur.com\/pt\/wp-json\/wp\/v2\/types\/tribe_events"}],"author":[{"embeddable":true,"href":"https:\/\/fundacioncajaruraldelsur.com\/pt\/wp-json\/wp\/v2\/users\/8"}],"version-history":[{"count":3,"href":"https:\/\/fundacioncajaruraldelsur.com\/pt\/wp-json\/wp\/v2\/tribe_events\/9988\/revisions"}],"predecessor-version":[{"id":9995,"href":"https:\/\/fundacioncajaruraldelsur.com\/pt\/wp-json\/wp\/v2\/tribe_events\/9988\/revisions\/9995"}],"wp:featuredmedia":[{"embeddable":true,"href":"https:\/\/fundacioncajaruraldelsur.com\/pt\/wp-json\/wp\/v2\/media\/5893"}],"wp:attachment":[{"href":"https:\/\/fundacioncajaruraldelsur.com\/pt\/wp-json\/wp\/v2\/media?parent=9988"}],"wp:term":[{"taxonomy":"post_tag","embeddable":true,"href":"https:\/\/fundacioncajaruraldelsur.com\/pt\/wp-json\/wp\/v2\/tags?post=9988"},{"taxonomy":"tribe_events_cat","embeddable":true,"href":"https:\/\/fundacioncajaruraldelsur.com\/pt\/wp-json\/wp\/v2\/tribe_events_cat?post=9988"}],"curies":[{"name":"wp","href":"https:\/\/api.w.org\/{rel}","templated":true}]}}