{"id":9463,"date":"2023-12-04T12:03:30","date_gmt":"2023-12-04T11:03:30","guid":{"rendered":"\/?post_type=tribe_events&#038;p=9463"},"modified":"2023-12-04T12:22:39","modified_gmt":"2023-12-04T11:22:39","slug":"exposicion-de-pintura-artistas-x-princesas","status":"publish","type":"tribe_events","link":"https:\/\/fundacioncajaruraldelsur.com\/pt\/evento\/exposicion-de-pintura-artistas-x-princesas\/","title":{"rendered":"Exposici\u00f3n de pintura: \u00abArtistas x princesas\u00bb"},"content":{"rendered":"<p style=\"font-weight: 400;\"><strong><em><u><a href=\"\/wp-content\/uploads\/2023\/12\/2023-24-Dosier-1-21-diciembre-scaled.jpg\" rel=\"lightbox-0\"><img loading=\"lazy\" decoding=\"async\" class=\"alignnone size-full wp-image-9471\" src=\"\/wp-content\/uploads\/2023\/12\/2023-24-Dosier-1-21-diciembre-scaled.jpg\" alt=\"\" width=\"1844\" height=\"2560\" srcset=\"https:\/\/fundacioncajaruraldelsur.com\/wp-content\/uploads\/2023\/12\/2023-24-Dosier-1-21-diciembre-scaled.jpg 1844w, https:\/\/fundacioncajaruraldelsur.com\/wp-content\/uploads\/2023\/12\/2023-24-Dosier-1-21-diciembre-216x300.jpg 216w, https:\/\/fundacioncajaruraldelsur.com\/wp-content\/uploads\/2023\/12\/2023-24-Dosier-1-21-diciembre-737x1024.jpg 737w, https:\/\/fundacioncajaruraldelsur.com\/wp-content\/uploads\/2023\/12\/2023-24-Dosier-1-21-diciembre-768x1066.jpg 768w, https:\/\/fundacioncajaruraldelsur.com\/wp-content\/uploads\/2023\/12\/2023-24-Dosier-1-21-diciembre-1106x1536.jpg 1106w, https:\/\/fundacioncajaruraldelsur.com\/wp-content\/uploads\/2023\/12\/2023-24-Dosier-1-21-diciembre-1475x2048.jpg 1475w\" sizes=\"auto, (max-width: 1844px) 100vw, 1844px\" \/><\/a>ARGUMENTARIO<\/u><\/em><\/strong><\/p>\n<p style=\"font-weight: 400;\">La exposici\u00f3n de pintura ARTISTAS X PRINCESAS,<\/p>\n<p style=\"font-weight: 400;\">Es una iniciativa puesta en marcha desde la delegaci\u00f3n de Huelva de la Asociaci\u00f3n Mi Princesa RETT.<\/p>\n<p style=\"font-weight: 400;\">Asociaci\u00f3n creada para las ni\u00f1as que padecen este S\u00edndrome enmarcadao dentro de las denominadas enfermedades Raras.<\/p>\n<p style=\"font-weight: 400;\">Con esta iniciativa creada y promovida por Santos Repiso y gracias a la generosidad de un magn\u00edfico elenco de artistas de Huelva que han donado sus obras gratuitamente y a la inestimable colaboraci\u00f3n de la Fundaci\u00f3n Caja Rural del Sur, la asociaci\u00f3n espera conseguir dos objetivos principalmente. En primer lugar dar a conocer y sensibilizar a la poblaci\u00f3n de Huelva de esta enfermedad para entre todos conseguir incrementar la fuerza de cara a las instituciones para impulsar la investigaci\u00f3n de la misma ya que al ser considerada una enfermedad rara, la investigaci\u00f3n y los recursos destinados para ella son m\u00ednimos e insuficientes. Y un segundo objetivo que es recaudar la mayor cantidad posible de dinero para que desde la Asociaci\u00f3n podamos seguir financiando las l\u00edneas de investigaci\u00f3n m\u00e9dica ya creadas tal y como hace la Asociaci\u00f3n con todos sus proyectos para intentar buscar una cura al SINDROME DE RETT.<\/p>\n<p style=\"font-weight: 400;\">Porque todas nuestras Princesas merecen tener un final de cuento FELIZ.<\/p>\n<p style=\"font-weight: 400;\"><strong><em>\u00bfQu\u00e9 es el SINDROME DE RETT?<\/em><\/strong><\/p>\n<p style=\"font-weight: 400;\">El si\u0301ndrome de Rett es una enfermedad gene\u0301tica que causa problemas en el desarrollo y en el sistema nervioso, y que se relaciona adema\u0301s, con el espectro autista. Da lugar a una discapacidad grave que afecta a casi todos los aspectos vitales: la capacidad para hablar, caminar, comer, e incluso respirar con normalidad.<\/p>\n<p style=\"font-weight: 400;\">Con la particularidad de que afecta principalmente al sexo femenino, este si\u0301ndrome se enmarca en la categori\u0301a de enfermedades raras, afectando a una de cada diez mil nin\u0303as en todo el mundo.<\/p>\n<p style=\"font-weight: 400;\"><strong><em>\u00bfLa Asociaci\u00f3n Mi Princesa RETT?\u00a0\u00a0\u00a0\u00a0\u00a0\u00a0\u00a0\u00a0\u00a0\u00a0\u00a0\u00a0\u00a0\u00a0\u00a0\u00a0\u00a0\u00a0\u00a0\u00a0\u00a0\u00a0\u00a0\u00a0\u00a0\u00a0\u00a0\u00a0\u00a0\u00a0\u00a0\u00a0\u00a0\u00a0\u00a0\u00a0\u00a0\u00a0\u00a0\u00a0\u00a0\u00a0\u00a0\u00a0\u00a0\u00a0\u00a0\u00a0\u00a0\u00a0\u00a0\u00a0\u00a0\u00a0\u00a0\u00a0\u00a0\u00a0\u00a0\u00a0\u00a0\u00a0\u00a0\u00a0\u00a0\u00a0\u00a0\u00a0\u00a0\u00a0\u00a0\u00a0\u00a0\u00a0\u00a0\u00a0\u00a0\u00a0\u00a0\u00a0\u00a0\u00a0\u00a0\u00a0\u00a0\u00a0\u00a0\u00a0\u00a0\u00a0\u00a0\u00a0\u00a0\u00a0\u00a0\u00a0\u00a0\u00a0\u00a0\u00a0\u00a0\u00a0\u00a0\u00a0\u00a0\u00a0\u00a0\u00a0\u00a0\u00a0\u00a0\u00a0\u00a0\u00a0\u00a0\u00a0\u00a0\u00a0\u00a0\u00a0 <\/em><\/strong>Con un crecimiento constante en nu\u0301mero de socios y colaboradores desde las aperturas de las delegaciones en Badajoz, en primer lugar, y Ca\u0301diz, Madrid y Asturias posteriormente, Mi Princesa Rett tiene presencia, de norte a sur, este y oeste, en todo el territorio nacional.<\/p>\n<p style=\"font-weight: 400;\">La asociacio\u0301n, que cree posible una cura para la enfermedad, persigue sin parar nuevas ideas y proyectos de todo tipo con unos objetivos muy claros: darle a las nin\u0303as afectadas con Rett una vida con la mejor calidad posible, y recaudar fondos para la investigacio\u0301n.<\/p>\n<p style=\"font-weight: 400;\">La asociaicon da especial importancia al acompan\u0303amiento de las familias para afrontar el diagno\u0301stico. El sentimiento de desorientacio\u0301n, desconocimiento de la enfermedad, faltas de protocolo, falta de cobertura legal para financiar la investigacio\u0301n, el rechazo social y la pe\u0301rdida de autoestima son solo algunos de los momentos y emociones que atraviesan estas familias de nin\u0303as con Rett.<\/p>\n<p style=\"font-weight: 400;\">Haber conseguido un centro para ofrecer este acompan\u0303amiento, adema\u0301s de atencio\u0301n integral donde los resultados, la profesionalidad, la integracio\u0301n social y los programas especi\u0301ficos son lo ma\u0301s importante, ha sido solo uno de los avances conseguidos y que les han dado motivacio\u0301n para plantear nuevos retos con los mismos objetivos. Entre otros, la financiaci\u00f3n de l\u00edneas de investigaci\u00f3n en el Hospital San Joan de Deu, buscando una l\u00ednea de tratamiento y cura para nuestras ni\u00f1as.<\/p>\n<p style=\"font-weight: 400;\">","protected":false},"excerpt":{"rendered":"<p>ARGUMENTARIO La exposici\u00f3n de pintura ARTISTAS X PRINCESAS, Es una iniciativa puesta en marcha desde la delegaci\u00f3n de Huelva de la Asociaci\u00f3n Mi Princesa RETT. Asociaci\u00f3n creada para las ni\u00f1as [&hellip;]<\/p>\n","protected":false},"author":8,"featured_media":5893,"template":"","meta":{"_tribe_events_status":"","_tribe_events_status_reason":"","_tribe_events_is_hybrid":"","_tribe_events_is_virtual":"","_tribe_events_virtual_video_source":"","_tribe_events_virtual_embed_video":"","_tribe_events_virtual_linked_button_text":"","_tribe_events_virtual_linked_button":"","_tribe_events_virtual_show_embed_at":"","_tribe_events_virtual_show_embed_to":[],"_tribe_events_virtual_show_on_event":"","_tribe_events_virtual_show_on_views":"","_tribe_events_virtual_url":"","footnotes":""},"tags":[],"tribe_events_cat":[71],"class_list":["post-9463","tribe_events","type-tribe_events","status-publish","has-post-thumbnail","hentry","tribe_events_cat-exposicion","cat_exposicion"],"yoast_head":"<!-- This site is optimized with the Yoast SEO plugin v27.3 - https:\/\/yoast.com\/product\/yoast-seo-wordpress\/ -->\n<title>Exposici\u00f3n de pintura: &quot;Artistas x princesas&quot; - Fundaci\u00f3n Caja Rural del Sur<\/title>\n<meta name=\"robots\" content=\"index, follow, max-snippet:-1, max-image-preview:large, max-video-preview:-1\" \/>\n<link rel=\"canonical\" href=\"https:\/\/fundacioncajaruraldelsur.com\/pt\/evento\/exposicion-de-pintura-artistas-x-princesas\/\" \/>\n<meta property=\"og:locale\" content=\"pt_PT\" \/>\n<meta property=\"og:type\" content=\"article\" \/>\n<meta property=\"og:title\" content=\"Exposici\u00f3n de pintura: &quot;Artistas x princesas&quot; - Fundaci\u00f3n Caja Rural del Sur\" \/>\n<meta property=\"og:description\" content=\"ARGUMENTARIO La exposici\u00f3n de pintura ARTISTAS X PRINCESAS, Es una iniciativa puesta en marcha desde la delegaci\u00f3n de Huelva de la Asociaci\u00f3n Mi Princesa RETT. Asociaci\u00f3n creada para las ni\u00f1as [&hellip;]\" \/>\n<meta property=\"og:url\" content=\"https:\/\/fundacioncajaruraldelsur.com\/pt\/evento\/exposicion-de-pintura-artistas-x-princesas\/\" \/>\n<meta property=\"og:site_name\" content=\"Fundaci\u00f3n Caja Rural del Sur\" \/>\n<meta property=\"article:modified_time\" content=\"2023-12-04T11:22:39+00:00\" \/>\n<meta property=\"og:image\" content=\"https:\/\/fundacioncajaruraldelsur.com\/wp-content\/uploads\/2020\/09\/Pintura_pinceles.jpg\" \/>\n\t<meta property=\"og:image:width\" content=\"1926\" \/>\n\t<meta property=\"og:image:height\" content=\"500\" \/>\n\t<meta property=\"og:image:type\" content=\"image\/jpeg\" \/>\n<meta name=\"twitter:card\" content=\"summary_large_image\" \/>\n<meta name=\"twitter:label1\" content=\"Est. reading time\" \/>\n\t<meta name=\"twitter:data1\" content=\"3 minutes\" \/>\n<script type=\"application\/ld+json\" class=\"yoast-schema-graph\">{\"@context\":\"https:\\\/\\\/schema.org\",\"@graph\":[{\"@type\":\"WebPage\",\"@id\":\"https:\\\/\\\/fundacioncajaruraldelsur.com\\\/evento\\\/exposicion-de-pintura-artistas-x-princesas\\\/\",\"url\":\"https:\\\/\\\/fundacioncajaruraldelsur.com\\\/evento\\\/exposicion-de-pintura-artistas-x-princesas\\\/\",\"name\":\"Exposici\u00f3n de pintura: \\\"Artistas x princesas\\\" - Fundaci\u00f3n Caja Rural del Sur\",\"isPartOf\":{\"@id\":\"https:\\\/\\\/fundacioncajaruraldelsur.com\\\/#website\"},\"primaryImageOfPage\":{\"@id\":\"https:\\\/\\\/fundacioncajaruraldelsur.com\\\/evento\\\/exposicion-de-pintura-artistas-x-princesas\\\/#primaryimage\"},\"image\":{\"@id\":\"https:\\\/\\\/fundacioncajaruraldelsur.com\\\/evento\\\/exposicion-de-pintura-artistas-x-princesas\\\/#primaryimage\"},\"thumbnailUrl\":\"https:\\\/\\\/fundacioncajaruraldelsur.com\\\/wp-content\\\/uploads\\\/2020\\\/09\\\/Pintura_pinceles.jpg\",\"datePublished\":\"2023-12-04T11:03:30+00:00\",\"dateModified\":\"2023-12-04T11:22:39+00:00\",\"breadcrumb\":{\"@id\":\"https:\\\/\\\/fundacioncajaruraldelsur.com\\\/evento\\\/exposicion-de-pintura-artistas-x-princesas\\\/#breadcrumb\"},\"inLanguage\":\"pt-PT\",\"potentialAction\":[{\"@type\":\"ReadAction\",\"target\":[\"https:\\\/\\\/fundacioncajaruraldelsur.com\\\/evento\\\/exposicion-de-pintura-artistas-x-princesas\\\/\"]}]},{\"@type\":\"ImageObject\",\"inLanguage\":\"pt-PT\",\"@id\":\"https:\\\/\\\/fundacioncajaruraldelsur.com\\\/evento\\\/exposicion-de-pintura-artistas-x-princesas\\\/#primaryimage\",\"url\":\"https:\\\/\\\/fundacioncajaruraldelsur.com\\\/wp-content\\\/uploads\\\/2020\\\/09\\\/Pintura_pinceles.jpg\",\"contentUrl\":\"https:\\\/\\\/fundacioncajaruraldelsur.com\\\/wp-content\\\/uploads\\\/2020\\\/09\\\/Pintura_pinceles.jpg\",\"width\":1926,\"height\":500},{\"@type\":\"BreadcrumbList\",\"@id\":\"https:\\\/\\\/fundacioncajaruraldelsur.com\\\/evento\\\/exposicion-de-pintura-artistas-x-princesas\\\/#breadcrumb\",\"itemListElement\":[{\"@type\":\"ListItem\",\"position\":1,\"name\":\"Portada\",\"item\":\"https:\\\/\\\/fundacioncajaruraldelsur.com\\\/\"},{\"@type\":\"ListItem\",\"position\":2,\"name\":\"Eventos\",\"item\":\"https:\\\/\\\/fundacioncajaruraldelsur.com\\\/eventos\\\/\"},{\"@type\":\"ListItem\",\"position\":3,\"name\":\"Exposici\u00f3n de pintura: \u00abArtistas x princesas\u00bb\"}]},{\"@type\":\"WebSite\",\"@id\":\"https:\\\/\\\/fundacioncajaruraldelsur.com\\\/#website\",\"url\":\"https:\\\/\\\/fundacioncajaruraldelsur.com\\\/\",\"name\":\"Fundaci\u00f3n Caja Rural del Sur\",\"description\":\"\",\"potentialAction\":[{\"@type\":\"SearchAction\",\"target\":{\"@type\":\"EntryPoint\",\"urlTemplate\":\"https:\\\/\\\/fundacioncajaruraldelsur.com\\\/?s={search_term_string}\"},\"query-input\":{\"@type\":\"PropertyValueSpecification\",\"valueRequired\":true,\"valueName\":\"search_term_string\"}}],\"inLanguage\":\"pt-PT\"}]}<\/script>\n<!-- \/ Yoast SEO plugin. -->","yoast_head_json":{"title":"Exposici\u00f3n de pintura: \"Artistas x princesas\" - Fundaci\u00f3n Caja Rural del Sur","robots":{"index":"index","follow":"follow","max-snippet":"max-snippet:-1","max-image-preview":"max-image-preview:large","max-video-preview":"max-video-preview:-1"},"canonical":"https:\/\/fundacioncajaruraldelsur.com\/pt\/evento\/exposicion-de-pintura-artistas-x-princesas\/","og_locale":"pt_PT","og_type":"article","og_title":"Exposici\u00f3n de pintura: \"Artistas x princesas\" - Fundaci\u00f3n Caja Rural del Sur","og_description":"ARGUMENTARIO La exposici\u00f3n de pintura ARTISTAS X PRINCESAS, Es una iniciativa puesta en marcha desde la delegaci\u00f3n de Huelva de la Asociaci\u00f3n Mi Princesa RETT. Asociaci\u00f3n creada para las ni\u00f1as [&hellip;]","og_url":"https:\/\/fundacioncajaruraldelsur.com\/pt\/evento\/exposicion-de-pintura-artistas-x-princesas\/","og_site_name":"Fundaci\u00f3n Caja Rural del Sur","article_modified_time":"2023-12-04T11:22:39+00:00","og_image":[{"width":1926,"height":500,"url":"https:\/\/fundacioncajaruraldelsur.com\/wp-content\/uploads\/2020\/09\/Pintura_pinceles.jpg","type":"image\/jpeg"}],"twitter_card":"summary_large_image","twitter_misc":{"Est. reading time":"3 minutes"},"schema":{"@context":"https:\/\/schema.org","@graph":[{"@type":"WebPage","@id":"https:\/\/fundacioncajaruraldelsur.com\/evento\/exposicion-de-pintura-artistas-x-princesas\/","url":"https:\/\/fundacioncajaruraldelsur.com\/evento\/exposicion-de-pintura-artistas-x-princesas\/","name":"Exposici\u00f3n de pintura: \"Artistas x princesas\" - Fundaci\u00f3n Caja Rural del Sur","isPartOf":{"@id":"https:\/\/fundacioncajaruraldelsur.com\/#website"},"primaryImageOfPage":{"@id":"https:\/\/fundacioncajaruraldelsur.com\/evento\/exposicion-de-pintura-artistas-x-princesas\/#primaryimage"},"image":{"@id":"https:\/\/fundacioncajaruraldelsur.com\/evento\/exposicion-de-pintura-artistas-x-princesas\/#primaryimage"},"thumbnailUrl":"https:\/\/fundacioncajaruraldelsur.com\/wp-content\/uploads\/2020\/09\/Pintura_pinceles.jpg","datePublished":"2023-12-04T11:03:30+00:00","dateModified":"2023-12-04T11:22:39+00:00","breadcrumb":{"@id":"https:\/\/fundacioncajaruraldelsur.com\/evento\/exposicion-de-pintura-artistas-x-princesas\/#breadcrumb"},"inLanguage":"pt-PT","potentialAction":[{"@type":"ReadAction","target":["https:\/\/fundacioncajaruraldelsur.com\/evento\/exposicion-de-pintura-artistas-x-princesas\/"]}]},{"@type":"ImageObject","inLanguage":"pt-PT","@id":"https:\/\/fundacioncajaruraldelsur.com\/evento\/exposicion-de-pintura-artistas-x-princesas\/#primaryimage","url":"https:\/\/fundacioncajaruraldelsur.com\/wp-content\/uploads\/2020\/09\/Pintura_pinceles.jpg","contentUrl":"https:\/\/fundacioncajaruraldelsur.com\/wp-content\/uploads\/2020\/09\/Pintura_pinceles.jpg","width":1926,"height":500},{"@type":"BreadcrumbList","@id":"https:\/\/fundacioncajaruraldelsur.com\/evento\/exposicion-de-pintura-artistas-x-princesas\/#breadcrumb","itemListElement":[{"@type":"ListItem","position":1,"name":"Portada","item":"https:\/\/fundacioncajaruraldelsur.com\/"},{"@type":"ListItem","position":2,"name":"Eventos","item":"https:\/\/fundacioncajaruraldelsur.com\/eventos\/"},{"@type":"ListItem","position":3,"name":"Exposici\u00f3n de pintura: \u00abArtistas x princesas\u00bb"}]},{"@type":"WebSite","@id":"https:\/\/fundacioncajaruraldelsur.com\/#website","url":"https:\/\/fundacioncajaruraldelsur.com\/","name":"Funda\u00e7\u00e3o Caja Rural del Sur","description":"","potentialAction":[{"@type":"SearchAction","target":{"@type":"EntryPoint","urlTemplate":"https:\/\/fundacioncajaruraldelsur.com\/?s={search_term_string}"},"query-input":{"@type":"PropertyValueSpecification","valueRequired":true,"valueName":"search_term_string"}}],"inLanguage":"pt-PT"}]}},"_links":{"self":[{"href":"https:\/\/fundacioncajaruraldelsur.com\/pt\/wp-json\/wp\/v2\/tribe_events\/9463","targetHints":{"allow":["GET"]}}],"collection":[{"href":"https:\/\/fundacioncajaruraldelsur.com\/pt\/wp-json\/wp\/v2\/tribe_events"}],"about":[{"href":"https:\/\/fundacioncajaruraldelsur.com\/pt\/wp-json\/wp\/v2\/types\/tribe_events"}],"author":[{"embeddable":true,"href":"https:\/\/fundacioncajaruraldelsur.com\/pt\/wp-json\/wp\/v2\/users\/8"}],"version-history":[{"count":2,"href":"https:\/\/fundacioncajaruraldelsur.com\/pt\/wp-json\/wp\/v2\/tribe_events\/9463\/revisions"}],"predecessor-version":[{"id":9472,"href":"https:\/\/fundacioncajaruraldelsur.com\/pt\/wp-json\/wp\/v2\/tribe_events\/9463\/revisions\/9472"}],"wp:featuredmedia":[{"embeddable":true,"href":"https:\/\/fundacioncajaruraldelsur.com\/pt\/wp-json\/wp\/v2\/media\/5893"}],"wp:attachment":[{"href":"https:\/\/fundacioncajaruraldelsur.com\/pt\/wp-json\/wp\/v2\/media?parent=9463"}],"wp:term":[{"taxonomy":"post_tag","embeddable":true,"href":"https:\/\/fundacioncajaruraldelsur.com\/pt\/wp-json\/wp\/v2\/tags?post=9463"},{"taxonomy":"tribe_events_cat","embeddable":true,"href":"https:\/\/fundacioncajaruraldelsur.com\/pt\/wp-json\/wp\/v2\/tribe_events_cat?post=9463"}],"curies":[{"name":"wp","href":"https:\/\/api.w.org\/{rel}","templated":true}]}}