{"id":8767,"date":"2023-03-20T21:35:45","date_gmt":"2023-03-20T20:35:45","guid":{"rendered":"\/?post_type=tribe_events&#038;p=8767"},"modified":"2023-03-20T21:35:45","modified_gmt":"2023-03-20T20:35:45","slug":"presentacion-del-libro-rebujito-de-sentimientos-de-mary-angeles-garcia-ausero","status":"publish","type":"tribe_events","link":"https:\/\/fundacioncajaruraldelsur.com\/pt\/evento\/presentacion-del-libro-rebujito-de-sentimientos-de-mary-angeles-garcia-ausero\/","title":{"rendered":"Presentaci\u00f3n del libro: \u00abRebujito de sentimientos\u00bb, de Mary \u00c1ngeles Garc\u00eda Ausero"},"content":{"rendered":"<p><a href=\"\/wp-content\/uploads\/2023\/03\/Cartel-Libro-scaled.jpg\" rel=\"lightbox-0\"><img loading=\"lazy\" decoding=\"async\" class=\"alignnone size-full wp-image-8768\" src=\"\/wp-content\/uploads\/2023\/03\/Cartel-Libro-scaled.jpg\" alt=\"\" width=\"1811\" height=\"2560\" srcset=\"https:\/\/fundacioncajaruraldelsur.com\/wp-content\/uploads\/2023\/03\/Cartel-Libro-scaled.jpg 1811w, https:\/\/fundacioncajaruraldelsur.com\/wp-content\/uploads\/2023\/03\/Cartel-Libro-212x300.jpg 212w, https:\/\/fundacioncajaruraldelsur.com\/wp-content\/uploads\/2023\/03\/Cartel-Libro-724x1024.jpg 724w, https:\/\/fundacioncajaruraldelsur.com\/wp-content\/uploads\/2023\/03\/Cartel-Libro-768x1086.jpg 768w, https:\/\/fundacioncajaruraldelsur.com\/wp-content\/uploads\/2023\/03\/Cartel-Libro-1087x1536.jpg 1087w, https:\/\/fundacioncajaruraldelsur.com\/wp-content\/uploads\/2023\/03\/Cartel-Libro-1449x2048.jpg 1449w\" sizes=\"auto, (max-width: 1811px) 100vw, 1811px\" \/><\/a><\/p>\n<div class=\"page\" title=\"Page 1\">\n<div class=\"layoutArea\">\n<div class=\"column\">\n<p>Desde muy joven destaco\u0301 por su aficio\u0301n a las artes, participando en los coros y danzas del Sindicato de Huelva. Con quince an\u0303os participo\u0301 en el voluntariado del coro social \u201cNtra. Sra. de los Dolores\u201d como monitora para nin\u0303os de danza y teatro.<\/p>\n<p>A los veinte se caso\u0301 con quien seri\u0301a el amor de su vida y posterior fuente de inspiracio\u0301n, Antonio Sotelo Tristancho (Funcionario del Estado). Continuo\u0301 sus actividades deportivas ganando medalla de oro y plata en la Campan\u0303a de Educacio\u0301n Fi\u0301sica y Deporte para Todos; celebradas en Huelva. A los 32 an\u0303os se convierte en la primera mujer examinadora del permiso de conducir en Huelva.<\/p>\n<p>Su salud empezo\u0301 a resentirse, y a los 44 an\u0303os fue diagnosticada de Lupus Eritematoso, enfermedad que la debilito\u0301 e influyo\u0301 en su calidad de vida, frenando sus alas, pero no impidiendo que siguiera su vuelo.<\/p>\n<p>Lejos de derrumbarse, esta valiente, junto a su pareja, se dedico\u0301 por entero a la Asociacio\u0301n HULUA, antigua organizacio\u0301n sin a\u0301nimo de lucro para enfermas\/os de Lupus y otras enfermedades autoinmunes, siendo su presidenta ma\u0301s de veinte an\u0303os y colaborando para que estas enfermedades, de las que se sabi\u0301an poco, fueran conocidas a todos los niveles. Realizo\u0301 la editorial de las revistas trimestrales que se realizaban para ma\u0301s de 600 socios. Fue entrevistada varias veces en radio, prensa y televisio\u0301n para visibilizar la labor de voluntariado en la asociacio\u0301n.<\/p>\n<p>Al fallecer su amigo, esposo y compan\u0303ero de vida, se dedico\u0301 a escribir y entro\u0301 en el grupo de \u201cPoetas de Huelva por la Paz\u201d, interviniendo con algunas aportaciones de sus libros. En los an\u0303os siguientes se ha dedicado a escribir poemas, cuentos e historias basadas en sus propias vivencias, transformando sus recuerdos en hermosas letras que transmiten de manera intensa lo que su alma siente. En Noviembre de 2021 publico\u0301 su primer libro de poemas \u201cNostalgia\u201d.<\/p>\n<\/div>\n<p>SINOPSIS DEL POEMARIO<\/p>\n<\/div>\n<div class=\"page\" title=\"Page 1\">\n<div class=\"layoutArea\">\n<div class=\"column\">\n<p>El dolor y la alegri\u0301a, como en la cancio\u0301n, forman parte de la esencia permanente de la vida. El verso de Mari\u0301a A\u0301ngeles brota del manantial esponta\u0301neo de su sencillez y dulzura, donde el amor, en su cita permanente con la vida, encuentra el espacio vital ideal para darse y realizarse.<\/p>\n<p>Una mezcla armo\u0301nica de campo y marisma, mar y ri\u0301o, gravita en torno a su existencia, de la que fluyen sin cesar, a flor de piel, sus enson\u0303aciones li\u0301ricas. Ri\u0301o, sol, sombra, a\u0301rbol, luz, todo se transforma bajo la especial sensibilidad de Mari\u0301a A\u0301ngeles en un arrebato u\u0301nico.<\/p>\n<p>Vamos asi\u0301, de su mano, navegando, con el amor a cuestas, desde el cielo azul de la ausencia, hacia la desembocadura de la vida, borrando las huellas del olvido, presente siempre la flor de la nostalgia.<\/p>\n<p>Una mezcla i\u0301ntima de sentimientos nos sorprende en forma de \u201crebujito\u201d, destapando de nuevo Mary A\u0301ngeles, con la ilusio\u0301n y el fervor que la caracteriza, el tarro de las esencias li\u0301ricas.<\/p>\n<p>Su poesi\u0301a es un intercambio entre el medio circundante, y las moradas del alma, donde el amor habita. Y contribuye a hacernos parti\u0301cipes de su experiencia vital.<\/p>\n<\/div>\n<\/div>\n<\/div>\n<\/div>\n<p>&nbsp;<\/p>","protected":false},"excerpt":{"rendered":"<p>Desde muy joven destaco\u0301 por su aficio\u0301n a las artes, participando en los coros y danzas del Sindicato de Huelva. Con quince an\u0303os participo\u0301 en el voluntariado del coro social [&hellip;]<\/p>\n","protected":false},"author":8,"featured_media":5938,"template":"","meta":{"_tribe_events_status":"","_tribe_events_status_reason":"","_tribe_events_is_hybrid":"","_tribe_events_is_virtual":"","_tribe_events_virtual_video_source":"","_tribe_events_virtual_embed_video":"","_tribe_events_virtual_linked_button_text":"","_tribe_events_virtual_linked_button":"","_tribe_events_virtual_show_embed_at":"","_tribe_events_virtual_show_embed_to":[],"_tribe_events_virtual_show_on_event":"","_tribe_events_virtual_show_on_views":"","_tribe_events_virtual_url":"","footnotes":""},"tags":[],"tribe_events_cat":[124],"class_list":["post-8767","tribe_events","type-tribe_events","status-publish","has-post-thumbnail","hentry","tribe_events_cat-presentaciones","cat_presentaciones"],"yoast_head":"<!-- This site is optimized with the Yoast SEO plugin v27.3 - https:\/\/yoast.com\/product\/yoast-seo-wordpress\/ -->\n<title>Presentaci\u00f3n del libro: &quot;Rebujito de sentimientos&quot;, de Mary \u00c1ngeles Garc\u00eda Ausero - Fundaci\u00f3n Caja Rural del Sur<\/title>\n<meta name=\"robots\" content=\"index, follow, max-snippet:-1, max-image-preview:large, max-video-preview:-1\" \/>\n<link rel=\"canonical\" href=\"https:\/\/fundacioncajaruraldelsur.com\/pt\/evento\/presentacion-del-libro-rebujito-de-sentimientos-de-mary-angeles-garcia-ausero\/\" \/>\n<meta property=\"og:locale\" content=\"pt_PT\" \/>\n<meta property=\"og:type\" content=\"article\" \/>\n<meta property=\"og:title\" content=\"Presentaci\u00f3n del libro: &quot;Rebujito de sentimientos&quot;, de Mary \u00c1ngeles Garc\u00eda Ausero - Fundaci\u00f3n Caja Rural del Sur\" \/>\n<meta property=\"og:description\" content=\"Desde muy joven destaco\u0301 por su aficio\u0301n a las artes, participando en los coros y danzas del Sindicato de Huelva. Con quince an\u0303os participo\u0301 en el voluntariado del coro social [&hellip;]\" \/>\n<meta property=\"og:url\" content=\"https:\/\/fundacioncajaruraldelsur.com\/pt\/evento\/presentacion-del-libro-rebujito-de-sentimientos-de-mary-angeles-garcia-ausero\/\" \/>\n<meta property=\"og:site_name\" content=\"Fundaci\u00f3n Caja Rural del Sur\" \/>\n<meta property=\"og:image\" content=\"https:\/\/fundacioncajaruraldelsur.com\/wp-content\/uploads\/2020\/09\/presentacion_libro.jpg\" \/>\n\t<meta property=\"og:image:width\" content=\"1924\" \/>\n\t<meta property=\"og:image:height\" content=\"500\" \/>\n\t<meta property=\"og:image:type\" content=\"image\/jpeg\" \/>\n<meta name=\"twitter:card\" content=\"summary_large_image\" \/>\n<meta name=\"twitter:label1\" content=\"Est. reading time\" \/>\n\t<meta name=\"twitter:data1\" content=\"3 minutes\" \/>\n<script type=\"application\/ld+json\" class=\"yoast-schema-graph\">{\"@context\":\"https:\\\/\\\/schema.org\",\"@graph\":[{\"@type\":\"WebPage\",\"@id\":\"https:\\\/\\\/fundacioncajaruraldelsur.com\\\/evento\\\/presentacion-del-libro-rebujito-de-sentimientos-de-mary-angeles-garcia-ausero\\\/\",\"url\":\"https:\\\/\\\/fundacioncajaruraldelsur.com\\\/evento\\\/presentacion-del-libro-rebujito-de-sentimientos-de-mary-angeles-garcia-ausero\\\/\",\"name\":\"Presentaci\u00f3n del libro: \\\"Rebujito de sentimientos\\\", de Mary \u00c1ngeles Garc\u00eda Ausero - Fundaci\u00f3n Caja Rural del Sur\",\"isPartOf\":{\"@id\":\"https:\\\/\\\/fundacioncajaruraldelsur.com\\\/#website\"},\"primaryImageOfPage\":{\"@id\":\"https:\\\/\\\/fundacioncajaruraldelsur.com\\\/evento\\\/presentacion-del-libro-rebujito-de-sentimientos-de-mary-angeles-garcia-ausero\\\/#primaryimage\"},\"image\":{\"@id\":\"https:\\\/\\\/fundacioncajaruraldelsur.com\\\/evento\\\/presentacion-del-libro-rebujito-de-sentimientos-de-mary-angeles-garcia-ausero\\\/#primaryimage\"},\"thumbnailUrl\":\"https:\\\/\\\/fundacioncajaruraldelsur.com\\\/wp-content\\\/uploads\\\/2020\\\/09\\\/presentacion_libro.jpg\",\"datePublished\":\"2023-03-20T20:35:45+00:00\",\"breadcrumb\":{\"@id\":\"https:\\\/\\\/fundacioncajaruraldelsur.com\\\/evento\\\/presentacion-del-libro-rebujito-de-sentimientos-de-mary-angeles-garcia-ausero\\\/#breadcrumb\"},\"inLanguage\":\"pt-PT\",\"potentialAction\":[{\"@type\":\"ReadAction\",\"target\":[\"https:\\\/\\\/fundacioncajaruraldelsur.com\\\/evento\\\/presentacion-del-libro-rebujito-de-sentimientos-de-mary-angeles-garcia-ausero\\\/\"]}]},{\"@type\":\"ImageObject\",\"inLanguage\":\"pt-PT\",\"@id\":\"https:\\\/\\\/fundacioncajaruraldelsur.com\\\/evento\\\/presentacion-del-libro-rebujito-de-sentimientos-de-mary-angeles-garcia-ausero\\\/#primaryimage\",\"url\":\"https:\\\/\\\/fundacioncajaruraldelsur.com\\\/wp-content\\\/uploads\\\/2020\\\/09\\\/presentacion_libro.jpg\",\"contentUrl\":\"https:\\\/\\\/fundacioncajaruraldelsur.com\\\/wp-content\\\/uploads\\\/2020\\\/09\\\/presentacion_libro.jpg\",\"width\":1924,\"height\":500},{\"@type\":\"BreadcrumbList\",\"@id\":\"https:\\\/\\\/fundacioncajaruraldelsur.com\\\/evento\\\/presentacion-del-libro-rebujito-de-sentimientos-de-mary-angeles-garcia-ausero\\\/#breadcrumb\",\"itemListElement\":[{\"@type\":\"ListItem\",\"position\":1,\"name\":\"Portada\",\"item\":\"https:\\\/\\\/fundacioncajaruraldelsur.com\\\/\"},{\"@type\":\"ListItem\",\"position\":2,\"name\":\"Eventos\",\"item\":\"https:\\\/\\\/fundacioncajaruraldelsur.com\\\/eventos\\\/\"},{\"@type\":\"ListItem\",\"position\":3,\"name\":\"Presentaci\u00f3n del libro: \u00abRebujito de sentimientos\u00bb, de Mary \u00c1ngeles Garc\u00eda Ausero\"}]},{\"@type\":\"WebSite\",\"@id\":\"https:\\\/\\\/fundacioncajaruraldelsur.com\\\/#website\",\"url\":\"https:\\\/\\\/fundacioncajaruraldelsur.com\\\/\",\"name\":\"Fundaci\u00f3n Caja Rural del Sur\",\"description\":\"\",\"potentialAction\":[{\"@type\":\"SearchAction\",\"target\":{\"@type\":\"EntryPoint\",\"urlTemplate\":\"https:\\\/\\\/fundacioncajaruraldelsur.com\\\/?s={search_term_string}\"},\"query-input\":{\"@type\":\"PropertyValueSpecification\",\"valueRequired\":true,\"valueName\":\"search_term_string\"}}],\"inLanguage\":\"pt-PT\"}]}<\/script>\n<!-- \/ Yoast SEO plugin. -->","yoast_head_json":{"title":"Presentaci\u00f3n del libro: \"Rebujito de sentimientos\", de Mary \u00c1ngeles Garc\u00eda Ausero - Fundaci\u00f3n Caja Rural del Sur","robots":{"index":"index","follow":"follow","max-snippet":"max-snippet:-1","max-image-preview":"max-image-preview:large","max-video-preview":"max-video-preview:-1"},"canonical":"https:\/\/fundacioncajaruraldelsur.com\/pt\/evento\/presentacion-del-libro-rebujito-de-sentimientos-de-mary-angeles-garcia-ausero\/","og_locale":"pt_PT","og_type":"article","og_title":"Presentaci\u00f3n del libro: \"Rebujito de sentimientos\", de Mary \u00c1ngeles Garc\u00eda Ausero - Fundaci\u00f3n Caja Rural del Sur","og_description":"Desde muy joven destaco\u0301 por su aficio\u0301n a las artes, participando en los coros y danzas del Sindicato de Huelva. Con quince an\u0303os participo\u0301 en el voluntariado del coro social [&hellip;]","og_url":"https:\/\/fundacioncajaruraldelsur.com\/pt\/evento\/presentacion-del-libro-rebujito-de-sentimientos-de-mary-angeles-garcia-ausero\/","og_site_name":"Fundaci\u00f3n Caja Rural del Sur","og_image":[{"width":1924,"height":500,"url":"https:\/\/fundacioncajaruraldelsur.com\/wp-content\/uploads\/2020\/09\/presentacion_libro.jpg","type":"image\/jpeg"}],"twitter_card":"summary_large_image","twitter_misc":{"Est. reading time":"3 minutes"},"schema":{"@context":"https:\/\/schema.org","@graph":[{"@type":"WebPage","@id":"https:\/\/fundacioncajaruraldelsur.com\/evento\/presentacion-del-libro-rebujito-de-sentimientos-de-mary-angeles-garcia-ausero\/","url":"https:\/\/fundacioncajaruraldelsur.com\/evento\/presentacion-del-libro-rebujito-de-sentimientos-de-mary-angeles-garcia-ausero\/","name":"Presentaci\u00f3n del libro: \"Rebujito de sentimientos\", de Mary \u00c1ngeles Garc\u00eda Ausero - Fundaci\u00f3n Caja Rural del Sur","isPartOf":{"@id":"https:\/\/fundacioncajaruraldelsur.com\/#website"},"primaryImageOfPage":{"@id":"https:\/\/fundacioncajaruraldelsur.com\/evento\/presentacion-del-libro-rebujito-de-sentimientos-de-mary-angeles-garcia-ausero\/#primaryimage"},"image":{"@id":"https:\/\/fundacioncajaruraldelsur.com\/evento\/presentacion-del-libro-rebujito-de-sentimientos-de-mary-angeles-garcia-ausero\/#primaryimage"},"thumbnailUrl":"https:\/\/fundacioncajaruraldelsur.com\/wp-content\/uploads\/2020\/09\/presentacion_libro.jpg","datePublished":"2023-03-20T20:35:45+00:00","breadcrumb":{"@id":"https:\/\/fundacioncajaruraldelsur.com\/evento\/presentacion-del-libro-rebujito-de-sentimientos-de-mary-angeles-garcia-ausero\/#breadcrumb"},"inLanguage":"pt-PT","potentialAction":[{"@type":"ReadAction","target":["https:\/\/fundacioncajaruraldelsur.com\/evento\/presentacion-del-libro-rebujito-de-sentimientos-de-mary-angeles-garcia-ausero\/"]}]},{"@type":"ImageObject","inLanguage":"pt-PT","@id":"https:\/\/fundacioncajaruraldelsur.com\/evento\/presentacion-del-libro-rebujito-de-sentimientos-de-mary-angeles-garcia-ausero\/#primaryimage","url":"https:\/\/fundacioncajaruraldelsur.com\/wp-content\/uploads\/2020\/09\/presentacion_libro.jpg","contentUrl":"https:\/\/fundacioncajaruraldelsur.com\/wp-content\/uploads\/2020\/09\/presentacion_libro.jpg","width":1924,"height":500},{"@type":"BreadcrumbList","@id":"https:\/\/fundacioncajaruraldelsur.com\/evento\/presentacion-del-libro-rebujito-de-sentimientos-de-mary-angeles-garcia-ausero\/#breadcrumb","itemListElement":[{"@type":"ListItem","position":1,"name":"Portada","item":"https:\/\/fundacioncajaruraldelsur.com\/"},{"@type":"ListItem","position":2,"name":"Eventos","item":"https:\/\/fundacioncajaruraldelsur.com\/eventos\/"},{"@type":"ListItem","position":3,"name":"Presentaci\u00f3n del libro: \u00abRebujito de sentimientos\u00bb, de Mary \u00c1ngeles Garc\u00eda Ausero"}]},{"@type":"WebSite","@id":"https:\/\/fundacioncajaruraldelsur.com\/#website","url":"https:\/\/fundacioncajaruraldelsur.com\/","name":"Funda\u00e7\u00e3o Caja Rural del Sur","description":"","potentialAction":[{"@type":"SearchAction","target":{"@type":"EntryPoint","urlTemplate":"https:\/\/fundacioncajaruraldelsur.com\/?s={search_term_string}"},"query-input":{"@type":"PropertyValueSpecification","valueRequired":true,"valueName":"search_term_string"}}],"inLanguage":"pt-PT"}]}},"_links":{"self":[{"href":"https:\/\/fundacioncajaruraldelsur.com\/pt\/wp-json\/wp\/v2\/tribe_events\/8767","targetHints":{"allow":["GET"]}}],"collection":[{"href":"https:\/\/fundacioncajaruraldelsur.com\/pt\/wp-json\/wp\/v2\/tribe_events"}],"about":[{"href":"https:\/\/fundacioncajaruraldelsur.com\/pt\/wp-json\/wp\/v2\/types\/tribe_events"}],"author":[{"embeddable":true,"href":"https:\/\/fundacioncajaruraldelsur.com\/pt\/wp-json\/wp\/v2\/users\/8"}],"version-history":[{"count":1,"href":"https:\/\/fundacioncajaruraldelsur.com\/pt\/wp-json\/wp\/v2\/tribe_events\/8767\/revisions"}],"predecessor-version":[{"id":8769,"href":"https:\/\/fundacioncajaruraldelsur.com\/pt\/wp-json\/wp\/v2\/tribe_events\/8767\/revisions\/8769"}],"wp:featuredmedia":[{"embeddable":true,"href":"https:\/\/fundacioncajaruraldelsur.com\/pt\/wp-json\/wp\/v2\/media\/5938"}],"wp:attachment":[{"href":"https:\/\/fundacioncajaruraldelsur.com\/pt\/wp-json\/wp\/v2\/media?parent=8767"}],"wp:term":[{"taxonomy":"post_tag","embeddable":true,"href":"https:\/\/fundacioncajaruraldelsur.com\/pt\/wp-json\/wp\/v2\/tags?post=8767"},{"taxonomy":"tribe_events_cat","embeddable":true,"href":"https:\/\/fundacioncajaruraldelsur.com\/pt\/wp-json\/wp\/v2\/tribe_events_cat?post=8767"}],"curies":[{"name":"wp","href":"https:\/\/api.w.org\/{rel}","templated":true}]}}