{"id":8725,"date":"2023-03-15T22:37:46","date_gmt":"2023-03-15T21:37:46","guid":{"rendered":"\/?post_type=tribe_events&#038;p=8725"},"modified":"2023-03-15T22:43:06","modified_gmt":"2023-03-15T21:43:06","slug":"exposicion-apuntes-y-acuarelas-de-la-semana-santa-de-huelva-de-jose-maria-franco","status":"publish","type":"tribe_events","link":"https:\/\/fundacioncajaruraldelsur.com\/pt\/evento\/exposicion-apuntes-y-acuarelas-de-la-semana-santa-de-huelva-de-jose-maria-franco\/","title":{"rendered":"Exposici\u00f3n: \u00abApuntes y acuarelas de la Semana Santa de Huelva\u00bb, de Jos\u00e9 Mar\u00eda Franco"},"content":{"rendered":"<p><a href=\"\/wp-content\/uploads\/2023\/03\/CARTEL_AGF-scaled.jpg\" rel=\"lightbox-0\"><img loading=\"lazy\" decoding=\"async\" class=\"alignnone size-full wp-image-8726\" src=\"\/wp-content\/uploads\/2023\/03\/CARTEL_AGF-scaled.jpg\" alt=\"\" width=\"1810\" height=\"2560\" srcset=\"https:\/\/fundacioncajaruraldelsur.com\/wp-content\/uploads\/2023\/03\/CARTEL_AGF-scaled.jpg 1810w, https:\/\/fundacioncajaruraldelsur.com\/wp-content\/uploads\/2023\/03\/CARTEL_AGF-212x300.jpg 212w, https:\/\/fundacioncajaruraldelsur.com\/wp-content\/uploads\/2023\/03\/CARTEL_AGF-724x1024.jpg 724w, https:\/\/fundacioncajaruraldelsur.com\/wp-content\/uploads\/2023\/03\/CARTEL_AGF-768x1086.jpg 768w, https:\/\/fundacioncajaruraldelsur.com\/wp-content\/uploads\/2023\/03\/CARTEL_AGF-1086x1536.jpg 1086w, https:\/\/fundacioncajaruraldelsur.com\/wp-content\/uploads\/2023\/03\/CARTEL_AGF-1448x2048.jpg 1448w\" sizes=\"auto, (max-width: 1810px) 100vw, 1810px\" \/><\/a><\/p>\n<p><b>JOS\u00c9 MAR\u00cdA FRANCO GUTI\u00c9RREZ<\/b><\/p>\n<p><b>\u201cApuntes y acuarelas de la Semana Santa de Huelva\u201d\u00a0<\/b><\/p>\n<p><span style=\"font-weight: 400;\">La presente exposici\u00f3n nos muestra una colecci\u00f3n de acuarelas del pintor <\/span><b>Jos\u00e9 Mar\u00eda Franco<\/b><span style=\"font-weight: 400;\"> (Huelva 1936-Aracena 2016), nacido en el n\u00famero seis de la calle R\u00e1bida de la capital onubense, y que, de la mano de su padre, el tambi\u00e9n pintor, <\/span><b>Domingo Franco Zorrero<\/b><span style=\"font-weight: 400;\">, descubre una de las tradiciones ancestrales de su tierra, y que no es otra que la Semana Santa.<\/span><\/p>\n<p><span style=\"font-weight: 400;\">Siendo un ni\u00f1o comienza su singladura art\u00edstica con el pintor paisajista <\/span><b>Pedro G\u00f3mez<\/b><span style=\"font-weight: 400;\">, en el estudio que compart\u00eda con el escultor <\/span><b>Antonio Le\u00f3n Ortega<\/b><span style=\"font-weight: 400;\">. Con este \u00faltimo descubre los secretos de la imaginer\u00eda procesional y todo lo que ella engloba, desde el modelado en barro, la talla en madera, y sobre todo la \u201ccocina\u201d de la policrom\u00eda. Por la geograf\u00eda espa\u00f1ola se reparten estofados y encarnaduras elaboradas por \u00e9l, sobre algunas de las im\u00e1genes que realizara el escultor Le\u00f3n Ortega, a la saz\u00f3n, el escultor m\u00e1s importante que diera Huelva en el Siglo XX.<\/span><\/p>\n<p><span style=\"font-weight: 400;\">Con trece a\u00f1os forma parte de un grupo de j\u00f3venes que fundan la Hermandad de los Estudiantes de Huelva, y desde entonces funde su devoci\u00f3n por los titulares de la Hermandad onubense de Pasi\u00f3n, con la del Sant\u00edsimo Cristo de la Sangre y Ntra. Sra. Del Valle.<\/span><\/p>\n<p><span style=\"font-weight: 400;\">Su devoci\u00f3n por la Semana Santa se ha visto reflejada a lo largo de toda su vida con multitud de apuntes en vivo, carteles, portadas e ilustraciones de libros, e incluso pergaminos, una t\u00e9cnica de iluminar sobre piel, que heredara de su padre.<\/span><\/p>\n<p><span style=\"font-weight: 400;\">En esta muestra podremos ver la colecci\u00f3n de acuarelas que realizara entre los a\u00f1os 2000 y 2006 sobre las cofrad\u00edas de Huelva, y que han ilustrado p\u00e1ginas de la prensa onubense, as\u00ed como el libro que editara la Fundaci\u00f3n Cajasol, titulado \u201c<\/span><b>Lo que vos quer\u00e1is, Se\u00f1or<\/b><span style=\"font-weight: 400;\">\u201d, acompa\u00f1ados por textos seleccionados por el escritor <\/span><b>Carlos Mu\u00f1iz Romero<\/b><span style=\"font-weight: 400;\">.<\/span><\/p>\n<p><span style=\"font-weight: 400;\">Adem\u00e1s de las acuarelas, podremos ver algunos de los apuntes que realizara en las calles de Huelva en su semana Mayor, y que servir\u00e1n de ejemplo de la obra de un artista pleno, que usaba el natural de modelo para sus creaciones, tal y como aprendi\u00f3 de sus maestros Pedro G\u00f3mez y Le\u00f3n Ortega.<\/span><\/p>\n<p><span style=\"font-weight: 400;\">Su obra goza de una sincera devoci\u00f3n y fe, aquella con la en sus \u00faltimos d\u00edas de vida enso\u00f1aba en su cabeza la traza de las b\u00f3vedas de la futura Catedral de Huelva, mientras pintaba sus \u00faltimas pinceladas para ilustrar el preg\u00f3n que pronunci\u00e9 para la Semana Santa de Aracena en 2017.\u00a0<\/span><\/p>\n<p><span style=\"font-weight: 400;\">Huelva fue su ciudad de nacimiento, y la provincia a la que am\u00f3 profundamente, y de la que se sinti\u00f3 siempre orgulloso a lo largo de sus ochenta a\u00f1os de existencia terrenal.<\/span><\/p>\n<p>&nbsp;<\/p>\n<p><b>Alberto Germ\u00e1n Franco Romero<\/b><\/p>\n<p><span style=\"font-weight: 400;\">Escultor\/Pintor, Doctor en BBAA. Profesor de la Facultad de Bellas Artes de la Universidad de Sevilla.<\/span><\/p>\n<p><span style=\"font-weight: 400;\">Miembro de N\u00ba de la Academia Iberoamericana de la R\u00e1bida.<\/span><\/p>\n<p><b>Comisario de la Exposici\u00f3n<\/b><\/p>\n<p><a href=\"\/wp-content\/uploads\/2023\/03\/cartel_agf_conferencia_RETOCADO-scaled.jpg\" rel=\"lightbox-1\"><img loading=\"lazy\" decoding=\"async\" class=\"alignnone size-full wp-image-8732\" src=\"\/wp-content\/uploads\/2023\/03\/cartel_agf_conferencia_RETOCADO-scaled.jpg\" alt=\"\" width=\"1810\" height=\"2560\" srcset=\"https:\/\/fundacioncajaruraldelsur.com\/wp-content\/uploads\/2023\/03\/cartel_agf_conferencia_RETOCADO-scaled.jpg 1810w, https:\/\/fundacioncajaruraldelsur.com\/wp-content\/uploads\/2023\/03\/cartel_agf_conferencia_RETOCADO-212x300.jpg 212w, https:\/\/fundacioncajaruraldelsur.com\/wp-content\/uploads\/2023\/03\/cartel_agf_conferencia_RETOCADO-724x1024.jpg 724w, https:\/\/fundacioncajaruraldelsur.com\/wp-content\/uploads\/2023\/03\/cartel_agf_conferencia_RETOCADO-768x1086.jpg 768w, https:\/\/fundacioncajaruraldelsur.com\/wp-content\/uploads\/2023\/03\/cartel_agf_conferencia_RETOCADO-1086x1536.jpg 1086w, https:\/\/fundacioncajaruraldelsur.com\/wp-content\/uploads\/2023\/03\/cartel_agf_conferencia_RETOCADO-1448x2048.jpg 1448w\" sizes=\"auto, (max-width: 1810px) 100vw, 1810px\" \/><\/a><br style=\"font-weight: 400;\" \/><br style=\"font-weight: 400;\" \/><\/p>","protected":false},"excerpt":{"rendered":"<p>JOS\u00c9 MAR\u00cdA FRANCO GUTI\u00c9RREZ \u201cApuntes y acuarelas de la Semana Santa de Huelva\u201d\u00a0 La presente exposici\u00f3n nos muestra una colecci\u00f3n de acuarelas del pintor Jos\u00e9 Mar\u00eda Franco (Huelva 1936-Aracena 2016), [&hellip;]<\/p>\n","protected":false},"author":8,"featured_media":6995,"template":"","meta":{"_tribe_events_status":"","_tribe_events_status_reason":"","_tribe_events_is_hybrid":"","_tribe_events_is_virtual":"","_tribe_events_virtual_video_source":"","_tribe_events_virtual_embed_video":"","_tribe_events_virtual_linked_button_text":"","_tribe_events_virtual_linked_button":"","_tribe_events_virtual_show_embed_at":"","_tribe_events_virtual_show_embed_to":[],"_tribe_events_virtual_show_on_event":"","_tribe_events_virtual_show_on_views":"","_tribe_events_virtual_url":"","footnotes":""},"tags":[],"tribe_events_cat":[71],"class_list":["post-8725","tribe_events","type-tribe_events","status-publish","has-post-thumbnail","hentry","tribe_events_cat-exposicion","cat_exposicion"],"yoast_head":"<!-- This site is optimized with the Yoast SEO plugin v27.3 - https:\/\/yoast.com\/product\/yoast-seo-wordpress\/ -->\n<title>Exposici\u00f3n: &quot;Apuntes y acuarelas de la Semana Santa de Huelva&quot;, de Jos\u00e9 Mar\u00eda Franco - Fundaci\u00f3n Caja Rural del Sur<\/title>\n<meta name=\"robots\" content=\"index, follow, max-snippet:-1, max-image-preview:large, max-video-preview:-1\" \/>\n<link rel=\"canonical\" href=\"https:\/\/fundacioncajaruraldelsur.com\/pt\/evento\/exposicion-apuntes-y-acuarelas-de-la-semana-santa-de-huelva-de-jose-maria-franco\/\" \/>\n<meta property=\"og:locale\" content=\"pt_PT\" \/>\n<meta property=\"og:type\" content=\"article\" \/>\n<meta property=\"og:title\" content=\"Exposici\u00f3n: &quot;Apuntes y acuarelas de la Semana Santa de Huelva&quot;, de Jos\u00e9 Mar\u00eda Franco - Fundaci\u00f3n Caja Rural del Sur\" \/>\n<meta property=\"og:description\" content=\"JOS\u00c9 MAR\u00cdA FRANCO GUTI\u00c9RREZ \u201cApuntes y acuarelas de la Semana Santa de Huelva\u201d\u00a0 La presente exposici\u00f3n nos muestra una colecci\u00f3n de acuarelas del pintor Jos\u00e9 Mar\u00eda Franco (Huelva 1936-Aracena 2016), [&hellip;]\" \/>\n<meta property=\"og:url\" content=\"https:\/\/fundacioncajaruraldelsur.com\/pt\/evento\/exposicion-apuntes-y-acuarelas-de-la-semana-santa-de-huelva-de-jose-maria-franco\/\" \/>\n<meta property=\"og:site_name\" content=\"Fundaci\u00f3n Caja Rural del Sur\" \/>\n<meta property=\"article:modified_time\" content=\"2023-03-15T21:43:06+00:00\" \/>\n<meta property=\"og:image\" content=\"https:\/\/fundacioncajaruraldelsur.com\/wp-content\/uploads\/2021\/12\/pintor.jpg\" \/>\n\t<meta property=\"og:image:width\" content=\"1925\" \/>\n\t<meta property=\"og:image:height\" content=\"500\" \/>\n\t<meta property=\"og:image:type\" content=\"image\/jpeg\" \/>\n<meta name=\"twitter:card\" content=\"summary_large_image\" \/>\n<meta name=\"twitter:label1\" content=\"Est. reading time\" \/>\n\t<meta name=\"twitter:data1\" content=\"3 minutes\" \/>\n<script type=\"application\/ld+json\" class=\"yoast-schema-graph\">{\"@context\":\"https:\\\/\\\/schema.org\",\"@graph\":[{\"@type\":\"WebPage\",\"@id\":\"https:\\\/\\\/fundacioncajaruraldelsur.com\\\/evento\\\/exposicion-apuntes-y-acuarelas-de-la-semana-santa-de-huelva-de-jose-maria-franco\\\/\",\"url\":\"https:\\\/\\\/fundacioncajaruraldelsur.com\\\/evento\\\/exposicion-apuntes-y-acuarelas-de-la-semana-santa-de-huelva-de-jose-maria-franco\\\/\",\"name\":\"Exposici\u00f3n: \\\"Apuntes y acuarelas de la Semana Santa de Huelva\\\", de Jos\u00e9 Mar\u00eda Franco - Fundaci\u00f3n Caja Rural del Sur\",\"isPartOf\":{\"@id\":\"https:\\\/\\\/fundacioncajaruraldelsur.com\\\/#website\"},\"primaryImageOfPage\":{\"@id\":\"https:\\\/\\\/fundacioncajaruraldelsur.com\\\/evento\\\/exposicion-apuntes-y-acuarelas-de-la-semana-santa-de-huelva-de-jose-maria-franco\\\/#primaryimage\"},\"image\":{\"@id\":\"https:\\\/\\\/fundacioncajaruraldelsur.com\\\/evento\\\/exposicion-apuntes-y-acuarelas-de-la-semana-santa-de-huelva-de-jose-maria-franco\\\/#primaryimage\"},\"thumbnailUrl\":\"https:\\\/\\\/fundacioncajaruraldelsur.com\\\/wp-content\\\/uploads\\\/2021\\\/12\\\/pintor.jpg\",\"datePublished\":\"2023-03-15T21:37:46+00:00\",\"dateModified\":\"2023-03-15T21:43:06+00:00\",\"breadcrumb\":{\"@id\":\"https:\\\/\\\/fundacioncajaruraldelsur.com\\\/evento\\\/exposicion-apuntes-y-acuarelas-de-la-semana-santa-de-huelva-de-jose-maria-franco\\\/#breadcrumb\"},\"inLanguage\":\"pt-PT\",\"potentialAction\":[{\"@type\":\"ReadAction\",\"target\":[\"https:\\\/\\\/fundacioncajaruraldelsur.com\\\/evento\\\/exposicion-apuntes-y-acuarelas-de-la-semana-santa-de-huelva-de-jose-maria-franco\\\/\"]}]},{\"@type\":\"ImageObject\",\"inLanguage\":\"pt-PT\",\"@id\":\"https:\\\/\\\/fundacioncajaruraldelsur.com\\\/evento\\\/exposicion-apuntes-y-acuarelas-de-la-semana-santa-de-huelva-de-jose-maria-franco\\\/#primaryimage\",\"url\":\"https:\\\/\\\/fundacioncajaruraldelsur.com\\\/wp-content\\\/uploads\\\/2021\\\/12\\\/pintor.jpg\",\"contentUrl\":\"https:\\\/\\\/fundacioncajaruraldelsur.com\\\/wp-content\\\/uploads\\\/2021\\\/12\\\/pintor.jpg\",\"width\":1925,\"height\":500},{\"@type\":\"BreadcrumbList\",\"@id\":\"https:\\\/\\\/fundacioncajaruraldelsur.com\\\/evento\\\/exposicion-apuntes-y-acuarelas-de-la-semana-santa-de-huelva-de-jose-maria-franco\\\/#breadcrumb\",\"itemListElement\":[{\"@type\":\"ListItem\",\"position\":1,\"name\":\"Portada\",\"item\":\"https:\\\/\\\/fundacioncajaruraldelsur.com\\\/\"},{\"@type\":\"ListItem\",\"position\":2,\"name\":\"Eventos\",\"item\":\"https:\\\/\\\/fundacioncajaruraldelsur.com\\\/eventos\\\/\"},{\"@type\":\"ListItem\",\"position\":3,\"name\":\"Exposici\u00f3n: \u00abApuntes y acuarelas de la Semana Santa de Huelva\u00bb, de Jos\u00e9 Mar\u00eda Franco\"}]},{\"@type\":\"WebSite\",\"@id\":\"https:\\\/\\\/fundacioncajaruraldelsur.com\\\/#website\",\"url\":\"https:\\\/\\\/fundacioncajaruraldelsur.com\\\/\",\"name\":\"Fundaci\u00f3n Caja Rural del Sur\",\"description\":\"\",\"potentialAction\":[{\"@type\":\"SearchAction\",\"target\":{\"@type\":\"EntryPoint\",\"urlTemplate\":\"https:\\\/\\\/fundacioncajaruraldelsur.com\\\/?s={search_term_string}\"},\"query-input\":{\"@type\":\"PropertyValueSpecification\",\"valueRequired\":true,\"valueName\":\"search_term_string\"}}],\"inLanguage\":\"pt-PT\"}]}<\/script>\n<!-- \/ Yoast SEO plugin. -->","yoast_head_json":{"title":"Exposici\u00f3n: \"Apuntes y acuarelas de la Semana Santa de Huelva\", de Jos\u00e9 Mar\u00eda Franco - Fundaci\u00f3n Caja Rural del Sur","robots":{"index":"index","follow":"follow","max-snippet":"max-snippet:-1","max-image-preview":"max-image-preview:large","max-video-preview":"max-video-preview:-1"},"canonical":"https:\/\/fundacioncajaruraldelsur.com\/pt\/evento\/exposicion-apuntes-y-acuarelas-de-la-semana-santa-de-huelva-de-jose-maria-franco\/","og_locale":"pt_PT","og_type":"article","og_title":"Exposici\u00f3n: \"Apuntes y acuarelas de la Semana Santa de Huelva\", de Jos\u00e9 Mar\u00eda Franco - Fundaci\u00f3n Caja Rural del Sur","og_description":"JOS\u00c9 MAR\u00cdA FRANCO GUTI\u00c9RREZ \u201cApuntes y acuarelas de la Semana Santa de Huelva\u201d\u00a0 La presente exposici\u00f3n nos muestra una colecci\u00f3n de acuarelas del pintor Jos\u00e9 Mar\u00eda Franco (Huelva 1936-Aracena 2016), [&hellip;]","og_url":"https:\/\/fundacioncajaruraldelsur.com\/pt\/evento\/exposicion-apuntes-y-acuarelas-de-la-semana-santa-de-huelva-de-jose-maria-franco\/","og_site_name":"Fundaci\u00f3n Caja Rural del Sur","article_modified_time":"2023-03-15T21:43:06+00:00","og_image":[{"width":1925,"height":500,"url":"https:\/\/fundacioncajaruraldelsur.com\/wp-content\/uploads\/2021\/12\/pintor.jpg","type":"image\/jpeg"}],"twitter_card":"summary_large_image","twitter_misc":{"Est. reading time":"3 minutes"},"schema":{"@context":"https:\/\/schema.org","@graph":[{"@type":"WebPage","@id":"https:\/\/fundacioncajaruraldelsur.com\/evento\/exposicion-apuntes-y-acuarelas-de-la-semana-santa-de-huelva-de-jose-maria-franco\/","url":"https:\/\/fundacioncajaruraldelsur.com\/evento\/exposicion-apuntes-y-acuarelas-de-la-semana-santa-de-huelva-de-jose-maria-franco\/","name":"Exposici\u00f3n: \"Apuntes y acuarelas de la Semana Santa de Huelva\", de Jos\u00e9 Mar\u00eda Franco - Fundaci\u00f3n Caja Rural del Sur","isPartOf":{"@id":"https:\/\/fundacioncajaruraldelsur.com\/#website"},"primaryImageOfPage":{"@id":"https:\/\/fundacioncajaruraldelsur.com\/evento\/exposicion-apuntes-y-acuarelas-de-la-semana-santa-de-huelva-de-jose-maria-franco\/#primaryimage"},"image":{"@id":"https:\/\/fundacioncajaruraldelsur.com\/evento\/exposicion-apuntes-y-acuarelas-de-la-semana-santa-de-huelva-de-jose-maria-franco\/#primaryimage"},"thumbnailUrl":"https:\/\/fundacioncajaruraldelsur.com\/wp-content\/uploads\/2021\/12\/pintor.jpg","datePublished":"2023-03-15T21:37:46+00:00","dateModified":"2023-03-15T21:43:06+00:00","breadcrumb":{"@id":"https:\/\/fundacioncajaruraldelsur.com\/evento\/exposicion-apuntes-y-acuarelas-de-la-semana-santa-de-huelva-de-jose-maria-franco\/#breadcrumb"},"inLanguage":"pt-PT","potentialAction":[{"@type":"ReadAction","target":["https:\/\/fundacioncajaruraldelsur.com\/evento\/exposicion-apuntes-y-acuarelas-de-la-semana-santa-de-huelva-de-jose-maria-franco\/"]}]},{"@type":"ImageObject","inLanguage":"pt-PT","@id":"https:\/\/fundacioncajaruraldelsur.com\/evento\/exposicion-apuntes-y-acuarelas-de-la-semana-santa-de-huelva-de-jose-maria-franco\/#primaryimage","url":"https:\/\/fundacioncajaruraldelsur.com\/wp-content\/uploads\/2021\/12\/pintor.jpg","contentUrl":"https:\/\/fundacioncajaruraldelsur.com\/wp-content\/uploads\/2021\/12\/pintor.jpg","width":1925,"height":500},{"@type":"BreadcrumbList","@id":"https:\/\/fundacioncajaruraldelsur.com\/evento\/exposicion-apuntes-y-acuarelas-de-la-semana-santa-de-huelva-de-jose-maria-franco\/#breadcrumb","itemListElement":[{"@type":"ListItem","position":1,"name":"Portada","item":"https:\/\/fundacioncajaruraldelsur.com\/"},{"@type":"ListItem","position":2,"name":"Eventos","item":"https:\/\/fundacioncajaruraldelsur.com\/eventos\/"},{"@type":"ListItem","position":3,"name":"Exposici\u00f3n: \u00abApuntes y acuarelas de la Semana Santa de Huelva\u00bb, de Jos\u00e9 Mar\u00eda Franco"}]},{"@type":"WebSite","@id":"https:\/\/fundacioncajaruraldelsur.com\/#website","url":"https:\/\/fundacioncajaruraldelsur.com\/","name":"Funda\u00e7\u00e3o Caja Rural del Sur","description":"","potentialAction":[{"@type":"SearchAction","target":{"@type":"EntryPoint","urlTemplate":"https:\/\/fundacioncajaruraldelsur.com\/?s={search_term_string}"},"query-input":{"@type":"PropertyValueSpecification","valueRequired":true,"valueName":"search_term_string"}}],"inLanguage":"pt-PT"}]}},"_links":{"self":[{"href":"https:\/\/fundacioncajaruraldelsur.com\/pt\/wp-json\/wp\/v2\/tribe_events\/8725","targetHints":{"allow":["GET"]}}],"collection":[{"href":"https:\/\/fundacioncajaruraldelsur.com\/pt\/wp-json\/wp\/v2\/tribe_events"}],"about":[{"href":"https:\/\/fundacioncajaruraldelsur.com\/pt\/wp-json\/wp\/v2\/types\/tribe_events"}],"author":[{"embeddable":true,"href":"https:\/\/fundacioncajaruraldelsur.com\/pt\/wp-json\/wp\/v2\/users\/8"}],"version-history":[{"count":3,"href":"https:\/\/fundacioncajaruraldelsur.com\/pt\/wp-json\/wp\/v2\/tribe_events\/8725\/revisions"}],"predecessor-version":[{"id":8733,"href":"https:\/\/fundacioncajaruraldelsur.com\/pt\/wp-json\/wp\/v2\/tribe_events\/8725\/revisions\/8733"}],"wp:featuredmedia":[{"embeddable":true,"href":"https:\/\/fundacioncajaruraldelsur.com\/pt\/wp-json\/wp\/v2\/media\/6995"}],"wp:attachment":[{"href":"https:\/\/fundacioncajaruraldelsur.com\/pt\/wp-json\/wp\/v2\/media?parent=8725"}],"wp:term":[{"taxonomy":"post_tag","embeddable":true,"href":"https:\/\/fundacioncajaruraldelsur.com\/pt\/wp-json\/wp\/v2\/tags?post=8725"},{"taxonomy":"tribe_events_cat","embeddable":true,"href":"https:\/\/fundacioncajaruraldelsur.com\/pt\/wp-json\/wp\/v2\/tribe_events_cat?post=8725"}],"curies":[{"name":"wp","href":"https:\/\/api.w.org\/{rel}","templated":true}]}}