{"id":8007,"date":"2022-10-18T01:15:40","date_gmt":"2022-10-17T23:15:40","guid":{"rendered":"\/?post_type=tribe_events&#038;p=8007"},"modified":"2022-11-09T12:28:43","modified_gmt":"2022-11-09T10:28:43","slug":"exposicion-de-un-viento-antiguo-de-manuel-garces-blancart","status":"publish","type":"tribe_events","link":"https:\/\/fundacioncajaruraldelsur.com\/pt\/evento\/exposicion-de-un-viento-antiguo-de-manuel-garces-blancart\/","title":{"rendered":"Exposici\u00f3n: \u00abDe un viento antiguo\u00bb, de Manuel Garc\u00e9s Blancart"},"content":{"rendered":"<p><a href=\"\/wp-content\/uploads\/2022\/10\/cartel-expo-caja-rural-definitiva-scaled.jpg\" rel=\"lightbox-0\"><img loading=\"lazy\" decoding=\"async\" class=\"alignnone size-full wp-image-8008\" src=\"\/wp-content\/uploads\/2022\/10\/cartel-expo-caja-rural-definitiva-scaled.jpg\" alt=\"\" width=\"2560\" height=\"1643\" srcset=\"https:\/\/fundacioncajaruraldelsur.com\/wp-content\/uploads\/2022\/10\/cartel-expo-caja-rural-definitiva-scaled.jpg 2560w, https:\/\/fundacioncajaruraldelsur.com\/wp-content\/uploads\/2022\/10\/cartel-expo-caja-rural-definitiva-300x193.jpg 300w, https:\/\/fundacioncajaruraldelsur.com\/wp-content\/uploads\/2022\/10\/cartel-expo-caja-rural-definitiva-1024x657.jpg 1024w, https:\/\/fundacioncajaruraldelsur.com\/wp-content\/uploads\/2022\/10\/cartel-expo-caja-rural-definitiva-768x493.jpg 768w, https:\/\/fundacioncajaruraldelsur.com\/wp-content\/uploads\/2022\/10\/cartel-expo-caja-rural-definitiva-1536x986.jpg 1536w, https:\/\/fundacioncajaruraldelsur.com\/wp-content\/uploads\/2022\/10\/cartel-expo-caja-rural-definitiva-2048x1314.jpg 2048w\" sizes=\"auto, (max-width: 2560px) 100vw, 2560px\" \/><\/a><\/p>\n<p><a href=\"\/wp-content\/uploads\/2022\/10\/PHOTO-2022-11-09-08-38-43.jpeg\" rel=\"lightbox-1\"><img loading=\"lazy\" decoding=\"async\" class=\"alignnone size-full wp-image-8088\" src=\"\/wp-content\/uploads\/2022\/10\/PHOTO-2022-11-09-08-38-43.jpeg\" alt=\"\" width=\"1600\" height=\"1027\" srcset=\"https:\/\/fundacioncajaruraldelsur.com\/wp-content\/uploads\/2022\/10\/PHOTO-2022-11-09-08-38-43.jpeg 1600w, https:\/\/fundacioncajaruraldelsur.com\/wp-content\/uploads\/2022\/10\/PHOTO-2022-11-09-08-38-43-300x193.jpeg 300w, https:\/\/fundacioncajaruraldelsur.com\/wp-content\/uploads\/2022\/10\/PHOTO-2022-11-09-08-38-43-1024x657.jpeg 1024w, https:\/\/fundacioncajaruraldelsur.com\/wp-content\/uploads\/2022\/10\/PHOTO-2022-11-09-08-38-43-768x493.jpeg 768w, https:\/\/fundacioncajaruraldelsur.com\/wp-content\/uploads\/2022\/10\/PHOTO-2022-11-09-08-38-43-1536x986.jpeg 1536w\" sizes=\"auto, (max-width: 1600px) 100vw, 1600px\" \/><\/a><\/p>\n<p>DE UN VIENTO ANTIGUO<\/p>\n<p>Expresar en un texto el proceso creativo es dif\u00edcil. Con la divisi\u00f3n de esta descripci\u00f3n en dos<br \/>\npartes pretendo facilitar la comprensi\u00f3n de la muestra que presento.<br \/>\nPor una parte, razono sobre los asuntos mentales que articulan las ideas y las emociones<br \/>\nsubyacentes a las obras y, en un segundo lugar, describo la manera en la que elaboro los<br \/>\nregistros formales que dan sentido a los pensamientos. El \u00e9xito de un cuadro estriba en la<br \/>\nfluidez con la que ambos territorios (el narrativo y el pict\u00f3rico) confluyen para dar en el centro<br \/>\nde la diana.<br \/>\nEn el acto meditativo de mirar siento que mi inter\u00e9s sobre las formas de un paisaje es<br \/>\nintermitente: aquella monta\u00f1a que percibo como firme e invariable, en cuesti\u00f3n de segundos,<br \/>\npierde su definici\u00f3n y solidez. El ojo, como una c\u00e1mara de fotos, focaliza su inter\u00e9s en ciertos<br \/>\nfragmentos de un lugar mientras que otros permanecen ocultos a la espera de una segunda<br \/>\nmirada. La realidad se disipa y emerge en una especie de bucle y todo parece inconsistente, tal<br \/>\nvez porque miro cuando pienso y pienso cuando miro.<br \/>\nComienzo el cuadro sin un objetivo claro. Hundo el pincel sobre la tela y la mancha toma<br \/>\ncar\u00e1cter de una forma vegetal, abro y cierro los ojos, y es s\u00f3lo pintura, no s\u00e9 qu\u00e9 mecanismo<br \/>\nde la mente hace que decante mi atenci\u00f3n por una de las dos visiones. Las primeras formas y<br \/>\ncolores fortuitos esperan a que el propio hecho pict\u00f3rico le encuentre su l\u00f3gica a cada cosa.<br \/>\nMe gusta inventar objetos cuyo sentido es el puro juego est\u00e9tico, mientras que otros<br \/>\nelementos los represento m\u00e1s parecidos con lo fotogr\u00e1fico. Finalmente, la obra se construye<br \/>\ncon pedazos de diferentes naturalezas que buscan una armon\u00eda que conecte y d\u00e9 sentido a la<br \/>\ncomposici\u00f3n.<\/p>\n<p>Manuel Garc\u00e9s Blancart.<\/p>\n<p>&nbsp;<\/p>\n<p>Manuel Garc\u00e9s Blancart\u00a0(C\u00f3rdoba, Espa\u00f1a. 1972)<br \/>\nVive y trabaja en C\u00f3rdoba. Compagina su trabajo de pintor con las clases de pl\u00e1stica que<br \/>\nimparte en la Facultad de Ciencias de la Educaci\u00f3n de la Universidad de C\u00f3rdoba.<\/p>\n<p>Exposiciones individuales<br \/>\n2022 De un viento antiguo. Sala Caja Rural, C\u00f3rdoba.<br \/>\n2021 Praia das baleias. Galer\u00eda Birmbao, Sevilla.<br \/>\n2018 Parques y Jardines. Galer\u00eda My name is Lolita Art, Madrid.<br \/>\n2017 Belo Horizonte. Galer\u00eda Birimbao, Sevilla.<br \/>\n2016 Los durmientes. Galer\u00eda Carmen del Campo, C\u00f3rdoba.<br \/>\n2013 \u00a0 \u00a0\u00a0El monstruo mar\u00edtimo. Galer\u00eda Mec\u00e1nica, Sevilla.<br \/>\n2012\u00a0\u00a0\u00a0\u00a0\u00a0\u00c1rea de sol. Museo Provincial de Huelva.<br \/>\n2011\u00a0\u00a0\u00a0\u00a0\u00a0El barco del azar. Galer\u00eda Rafael P\u00e9rez Hernando, Madrid.<br \/>\n2010\u00a0\u00a0\u00a0\u00a0\u00a0Ciudad lineal\u00a0(proyecto Iniciarte). Filmoteca de Andaluc\u00eda, C\u00f3rdoba.<br \/>\n2009\u00a0\u00a0\u00a0\u00a0\u00a0Tr\u00e1fico centro. Galer\u00eda Jos\u00e9 Pedraza. Montilla, C\u00f3rdoba.<br \/>\n2008\u00a0\u00a0\u00a0\u00a0\u00a0Circulando. Sala Capitulares, C\u00f3rdoba.<br \/>\nSpanish Harlem. Colegio de Arquitectos de C\u00f3rdoba.<br \/>\n2004\u00a0\u00a0\u00a0\u00a0\u00a0Casas y Lugares. Galer\u00eda Arte21, C\u00f3rdoba.<br \/>\n2002\u00a0\u00a0\u00a0\u00a0\u00a0Im\u00e1genes Aleatorias. Diputaci\u00f3n de C\u00f3rdoba.<br \/>\nFlora y Fauna. Galer\u00eda Estoc D\u00b4art, Barcelona.<br \/>\n1999 \u00a0\u00a0\u00a0 Casa del cipr\u00e9s. C\u00f3rdoba.<br \/>\n1998\u00a0\u00a0\u00a0\u00a0 Galer\u00eda Cobalto. C\u00f3rdoba.<\/p>\n<p>Exposiciones Colectivas<br \/>\n2022 Ciudad escondida. Fundaci\u00f3n Rafael Bot\u00ed, C\u00f3rdoba.<br \/>\n2021 C\u00f3rdoba en Huelva, ni lejanas ni solas. Casa de Col\u00f3n, Huelva.<br \/>\n2019 Tararear el espacio. Fundaci\u00f3n Rafael Bot\u00ed, C\u00f3rdoba<br \/>\nYo veo, t\u00fa significas, nosotrxs somos. Fundaci\u00f3n Rafel Bot\u00ed, C\u00f3rdoba.<br \/>\n2016 Maneras de contemplar un mirlo. Fundaci\u00f3n Rafael Bot\u00ed, C\u00f3rdoba.<br \/>\n10 anos O\u00c1 galer\u00eda. Vit\u00f3ria, Brasil.<br \/>\n2015 \u00a0 Feria Internacional de Arte de Marbella.\u00a0PREVIEW\u00a0comisariada por Sema Da Costa.<br \/>\nGaler\u00eda Yusto Giner, Marbella.<br \/>\n2014\u00a0\u00a0\u00a0\u00a0\u00a060 a\u00f1os de arte contempor\u00e1neo en C\u00f3rdoba.\u00a0Sala Vimcorsa, C\u00f3rdoba.<br \/>\n2013\u00a0\u00a0\u00a0\u00a0\u00a0Se vende.\u00a0Galer\u00eda Birimbao, Sevilla.<br \/>\n2012\u00a0\u00a0\u00a0\u00a0 La crisis ayer y hoy. Galer\u00eda Birimbao, Sevilla.<br \/>\n2009\u00a0\u00a0\u00a0\u00a0\u00a0Hierro y poes\u00eda. Casa G\u00f3ngora, C\u00f3rdoba.<br \/>\n2006\u00a0\u00a0\u00a0\u00a0\u00a0Mountain\u00a0Galer\u00eda Godoy-Worldart, Madrid.<br \/>\n2005\u00a0\u00a0\u00a0\u00a0\u00a0Arte Jondo. Galer\u00eda Abaart, Palma de Mallorca.<br \/>\n2004\u00a0\u00a0\u00a0\u00a0\u00a0CO-04. Fundaci\u00f3n Rafael Bot\u00ed.\u00a0Sala Puerta Nueva, C\u00f3rdoba.<br \/>\n2003\u00a0\u00a0\u00a0\u00a0\u00a0Homenaje a San Juan de la Cruz. Museo\u00a0San Juan de la Cruz. \u00dabeda, Ja\u00e9n.<br \/>\nHomenaje a Julio Romero. Pepe de la Juder\u00eda, C\u00f3rdoba.<br \/>\nLa Palabra Pintada. 10 artistas pl\u00e1sticos revisan \u201cSoldados de Salamina\u201d<br \/>\nde Javier Cercas. Delegaci\u00f3n de Cultura de la Junta de Andaluc\u00eda en C\u00f3rdoba.<br \/>\n2002\u00a0\u00a0\u00a0\u00a0 Se\u00f1ales. Comunidad de Castilla la Mancha, Cuenca.<br \/>\nDibujo. Galer\u00eda Arte21, C\u00f3rdoba.<br \/>\nArtexpo. Galer\u00eda Arte 21, Barcelona.<br \/>\n2001\u00a0\u00a0\u00a0\u00a0\u00a0Puerto Sur. Galer\u00eda Espalter, Madrid.<br \/>\nPuerto de las artes,\u00a0Un mundo nuevo. Diputaci\u00f3n de Huelva.<br \/>\n10 \u2013 35. Palacio de Congresos de C\u00f3rdoba.<br \/>\nArtexpo. Galer\u00eda Arte 21, Barcelona.<br \/>\nArtistas en siglo XXI. Sala del Antiguo asilo de Cabra, C\u00f3rdoba.<br \/>\nConcursos y becas<\/p>\n<p>2011 \u00a0 \u00a0 Finalista en el concurso internacional de pintura FOCUS-ABENGOA.<br \/>\nFinalista en el concurso nacional de pintura Gr\u00faas Lozano.<br \/>\n2010 \u00a0\u00a0\u00a0 Acc\u00e9sit en el concurso nacional de pintura Gr\u00faas Lozano.<br \/>\nFinalista en el concurso internacional de Artes Pl\u00e1sticas Guasch Coranty.<br \/>\n2009\u00a0\u00a0\u00a0\u00a0 Finalista en el concurso nacional de arte contempor\u00e1neo ciudad de Utrera.<br \/>\n2008\u00a0\u00a0\u00a0\u00a0 Finalista en el concurso nacional de arte contempor\u00e1neo ciudad de Utrera.<br \/>\n2007\u00a0\u00a0\u00a0\u00a0 Finalista en el concurso internacional de pintura FOCUS-ABENGOA. Sevilla.<br \/>\n2006\u00a0\u00a0\u00a0\u00a0 Finalista en el concurso nacional de pintura FOCUS-ABENGOA.<br \/>\n2005\u00a0\u00a0\u00a0\u00a0 2\u00ba premio del concurso de artes pl\u00e1sticas organizado por la Consejer\u00eda<br \/>\nde Obras P\u00fablicas y Transportes de la Junta de Andaluc\u00eda.<br \/>\n2004\u00a0\u00a0\u00a0\u00a0 Finalista en el concurso nacional Emilio Ollero. Diputaci\u00f3n de Ja\u00e9n.<br \/>\nFinalista en el concurso internacional de pintura FOCUS-ABENGOA,<br \/>\nla fundaci\u00f3n adquiere la obra para su colecci\u00f3n particular.<br \/>\n2003\u00a0\u00a0\u00a0\u00a0 Finalista en el concurso nacional Pepe Espali\u00fa. C\u00f3rdoba.<br \/>\nFinalista en el concurso nacional de arte contempor\u00e1neo ciudad de Utrera.<br \/>\n2002\u00a0\u00a0\u00a0\u00a0 Finalista en el concurso nacional Caja Rural. Sevilla.<br \/>\n2001\u00a0\u00a0\u00a0\u00a0 Finalista en el concurso nacional Caja Rural. Sevilla.<br \/>\n2000\u00a0\u00a0\u00a0\u00a0 La Fundaci\u00f3n de Artes Pl\u00e1sticas Rafael Bot\u00ed de C\u00f3rdoba le adquiere<br \/>\nuna obra para su colecci\u00f3n.<br \/>\n1999\u00a0\u00a0\u00a0\u00a0 Obtiene la beca de Artes Pl\u00e1sticas de la fundaci\u00f3n Rafael Bot\u00ed de C\u00f3rdoba.<br \/>\n1998\u00a0\u00a0\u00a0\u00a0 Finalista en el concurso nacional de Artes Pl\u00e1sticas de la Universidad de Sevilla.<br \/>\n1998\u00a0\u00a0\u00a0\u00a0 Finalista en la I Bienal de Artes Pl\u00e1sticas de la Diputaci\u00f3n de C\u00f3rdoba.<br \/>\nFinalista en el concurso nacional de paisaje de Priego de C\u00f3rdoba.<br \/>\n1995\u00a0\u00a0\u00a0\u00a0 Finalista en el concurso internacional de pintura FOCUS \u2013 ABENGOA, Sevilla.<\/p>\n<p>Trabajos de ilustrador<br \/>\n2022 Chinadown de Jose Antonio Ram\u00edrez Lozano. Editorial Grupo Pandora.<br \/>\n2017 Mono y esencia de Aldous Huxley. Editorial C\u00e1tedra.<br \/>\n2013 Un mundo feliz de Aldous Huxley. Editorial C\u00e1tedra.<br \/>\n2011\u00a0\u00a0\u00a0\u00a0 ILustra un poema de Cesare Pavese para la revista literaria\u00a0La Manzana po\u00e9tica.<br \/>\n2008\u00a0\u00a0\u00a0\u00a0 Timos de la edad desnuda\u00a0de Balbina Prior. Sial Ediciones.<br \/>\nSharaija muri\u00f3 con trece a\u00f1os, de Eduardo Chivite. Editorial La Bella Varsovia.<br \/>\n2007\u00a0\u00a0\u00a0\u00a0\u00a0Mar, el ni\u00f1o de agua\u00a0de Ana Ramos. Editorial Torom\u00edtico.<br \/>\n2003\u00a0\u00a0\u00a0\u00a0\u00a0Gotas negras\u00a0de Andr\u00e9s Neuman. Plurabelle.<br \/>\nLlueve revoluci\u00f3n\u00a0del grupo musical Deneuve.<br \/>\n2002\u00a0\u00a0\u00a0\u00a0 Bolet\u00edn de Toros y Loter\u00edas.<br \/>\n1998\u00a0\u00a0\u00a0\u00a0 Portada del disco\u00a0Nosequ\u00e9 nosecu\u00e1ntos\u00a0del grupo musical Sr. Chinarro.<\/p>\n<p>Obra en colecciones<\/p>\n<p>Fundaci\u00f3n Rafael Bot\u00ed. C\u00f3rdoba.<br \/>\nFundaci\u00f3n Focus-Abengoa. Sevilla.<br \/>\nConsejer\u00eda de Obras P\u00fablicas y Transportes de la Junta de Andaluc\u00eda.<br \/>\nMuseo Provincial de Huelva.<br \/>\nMuseo Taurino de C\u00f3rdoba.<\/p>","protected":false},"excerpt":{"rendered":"<p>DE UN VIENTO ANTIGUO Expresar en un texto el proceso creativo es dif\u00edcil. Con la divisi\u00f3n de esta descripci\u00f3n en dos partes pretendo facilitar la comprensi\u00f3n de la muestra que [&hellip;]<\/p>\n","protected":false},"author":8,"featured_media":7312,"template":"","meta":{"_tribe_events_status":"","_tribe_events_status_reason":"","_tribe_events_is_hybrid":"","_tribe_events_is_virtual":"","_tribe_events_virtual_video_source":"","_tribe_events_virtual_embed_video":"","_tribe_events_virtual_linked_button_text":"","_tribe_events_virtual_linked_button":"","_tribe_events_virtual_show_embed_at":"","_tribe_events_virtual_show_embed_to":[],"_tribe_events_virtual_show_on_event":"","_tribe_events_virtual_show_on_views":"","_tribe_events_virtual_url":"","footnotes":""},"tags":[],"tribe_events_cat":[],"class_list":["post-8007","tribe_events","type-tribe_events","status-publish","has-post-thumbnail","hentry"],"yoast_head":"<!-- This site is optimized with the Yoast SEO plugin v27.3 - https:\/\/yoast.com\/product\/yoast-seo-wordpress\/ -->\n<title>Exposici\u00f3n: &quot;De un viento antiguo&quot;, de Manuel Garc\u00e9s Blancart - Fundaci\u00f3n Caja Rural del Sur<\/title>\n<meta name=\"robots\" content=\"index, follow, max-snippet:-1, max-image-preview:large, max-video-preview:-1\" \/>\n<link rel=\"canonical\" href=\"https:\/\/fundacioncajaruraldelsur.com\/pt\/evento\/exposicion-de-un-viento-antiguo-de-manuel-garces-blancart\/\" \/>\n<meta property=\"og:locale\" content=\"pt_PT\" \/>\n<meta property=\"og:type\" content=\"article\" \/>\n<meta property=\"og:title\" content=\"Exposici\u00f3n: &quot;De un viento antiguo&quot;, de Manuel Garc\u00e9s Blancart - Fundaci\u00f3n Caja Rural del Sur\" \/>\n<meta property=\"og:description\" content=\"DE UN VIENTO ANTIGUO Expresar en un texto el proceso creativo es dif\u00edcil. Con la divisi\u00f3n de esta descripci\u00f3n en dos partes pretendo facilitar la comprensi\u00f3n de la muestra que [&hellip;]\" \/>\n<meta property=\"og:url\" content=\"https:\/\/fundacioncajaruraldelsur.com\/pt\/evento\/exposicion-de-un-viento-antiguo-de-manuel-garces-blancart\/\" \/>\n<meta property=\"og:site_name\" content=\"Fundaci\u00f3n Caja Rural del Sur\" \/>\n<meta property=\"article:modified_time\" content=\"2022-11-09T10:28:43+00:00\" \/>\n<meta property=\"og:image\" content=\"https:\/\/fundacioncajaruraldelsur.com\/wp-content\/uploads\/2022\/02\/exposicion_pintura.jpg\" \/>\n\t<meta property=\"og:image:width\" content=\"1926\" \/>\n\t<meta property=\"og:image:height\" content=\"500\" \/>\n\t<meta property=\"og:image:type\" content=\"image\/jpeg\" \/>\n<meta name=\"twitter:card\" content=\"summary_large_image\" \/>\n<meta name=\"twitter:label1\" content=\"Est. reading time\" \/>\n\t<meta name=\"twitter:data1\" content=\"6 minutes\" \/>\n<script type=\"application\/ld+json\" class=\"yoast-schema-graph\">{\"@context\":\"https:\\\/\\\/schema.org\",\"@graph\":[{\"@type\":\"WebPage\",\"@id\":\"https:\\\/\\\/fundacioncajaruraldelsur.com\\\/evento\\\/exposicion-de-un-viento-antiguo-de-manuel-garces-blancart\\\/\",\"url\":\"https:\\\/\\\/fundacioncajaruraldelsur.com\\\/evento\\\/exposicion-de-un-viento-antiguo-de-manuel-garces-blancart\\\/\",\"name\":\"Exposici\u00f3n: \\\"De un viento antiguo\\\", de Manuel Garc\u00e9s Blancart - Fundaci\u00f3n Caja Rural del Sur\",\"isPartOf\":{\"@id\":\"https:\\\/\\\/fundacioncajaruraldelsur.com\\\/#website\"},\"primaryImageOfPage\":{\"@id\":\"https:\\\/\\\/fundacioncajaruraldelsur.com\\\/evento\\\/exposicion-de-un-viento-antiguo-de-manuel-garces-blancart\\\/#primaryimage\"},\"image\":{\"@id\":\"https:\\\/\\\/fundacioncajaruraldelsur.com\\\/evento\\\/exposicion-de-un-viento-antiguo-de-manuel-garces-blancart\\\/#primaryimage\"},\"thumbnailUrl\":\"https:\\\/\\\/fundacioncajaruraldelsur.com\\\/wp-content\\\/uploads\\\/2022\\\/02\\\/exposicion_pintura.jpg\",\"datePublished\":\"2022-10-17T23:15:40+00:00\",\"dateModified\":\"2022-11-09T10:28:43+00:00\",\"breadcrumb\":{\"@id\":\"https:\\\/\\\/fundacioncajaruraldelsur.com\\\/evento\\\/exposicion-de-un-viento-antiguo-de-manuel-garces-blancart\\\/#breadcrumb\"},\"inLanguage\":\"pt-PT\",\"potentialAction\":[{\"@type\":\"ReadAction\",\"target\":[\"https:\\\/\\\/fundacioncajaruraldelsur.com\\\/evento\\\/exposicion-de-un-viento-antiguo-de-manuel-garces-blancart\\\/\"]}]},{\"@type\":\"ImageObject\",\"inLanguage\":\"pt-PT\",\"@id\":\"https:\\\/\\\/fundacioncajaruraldelsur.com\\\/evento\\\/exposicion-de-un-viento-antiguo-de-manuel-garces-blancart\\\/#primaryimage\",\"url\":\"https:\\\/\\\/fundacioncajaruraldelsur.com\\\/wp-content\\\/uploads\\\/2022\\\/02\\\/exposicion_pintura.jpg\",\"contentUrl\":\"https:\\\/\\\/fundacioncajaruraldelsur.com\\\/wp-content\\\/uploads\\\/2022\\\/02\\\/exposicion_pintura.jpg\",\"width\":1926,\"height\":500},{\"@type\":\"BreadcrumbList\",\"@id\":\"https:\\\/\\\/fundacioncajaruraldelsur.com\\\/evento\\\/exposicion-de-un-viento-antiguo-de-manuel-garces-blancart\\\/#breadcrumb\",\"itemListElement\":[{\"@type\":\"ListItem\",\"position\":1,\"name\":\"Portada\",\"item\":\"https:\\\/\\\/fundacioncajaruraldelsur.com\\\/\"},{\"@type\":\"ListItem\",\"position\":2,\"name\":\"Eventos\",\"item\":\"https:\\\/\\\/fundacioncajaruraldelsur.com\\\/eventos\\\/\"},{\"@type\":\"ListItem\",\"position\":3,\"name\":\"Exposici\u00f3n: \u00abDe un viento antiguo\u00bb, de Manuel Garc\u00e9s Blancart\"}]},{\"@type\":\"WebSite\",\"@id\":\"https:\\\/\\\/fundacioncajaruraldelsur.com\\\/#website\",\"url\":\"https:\\\/\\\/fundacioncajaruraldelsur.com\\\/\",\"name\":\"Fundaci\u00f3n Caja Rural del Sur\",\"description\":\"\",\"potentialAction\":[{\"@type\":\"SearchAction\",\"target\":{\"@type\":\"EntryPoint\",\"urlTemplate\":\"https:\\\/\\\/fundacioncajaruraldelsur.com\\\/?s={search_term_string}\"},\"query-input\":{\"@type\":\"PropertyValueSpecification\",\"valueRequired\":true,\"valueName\":\"search_term_string\"}}],\"inLanguage\":\"pt-PT\"}]}<\/script>\n<!-- \/ Yoast SEO plugin. -->","yoast_head_json":{"title":"Exposici\u00f3n: \"De un viento antiguo\", de Manuel Garc\u00e9s Blancart - Fundaci\u00f3n Caja Rural del Sur","robots":{"index":"index","follow":"follow","max-snippet":"max-snippet:-1","max-image-preview":"max-image-preview:large","max-video-preview":"max-video-preview:-1"},"canonical":"https:\/\/fundacioncajaruraldelsur.com\/pt\/evento\/exposicion-de-un-viento-antiguo-de-manuel-garces-blancart\/","og_locale":"pt_PT","og_type":"article","og_title":"Exposici\u00f3n: \"De un viento antiguo\", de Manuel Garc\u00e9s Blancart - Fundaci\u00f3n Caja Rural del Sur","og_description":"DE UN VIENTO ANTIGUO Expresar en un texto el proceso creativo es dif\u00edcil. Con la divisi\u00f3n de esta descripci\u00f3n en dos partes pretendo facilitar la comprensi\u00f3n de la muestra que [&hellip;]","og_url":"https:\/\/fundacioncajaruraldelsur.com\/pt\/evento\/exposicion-de-un-viento-antiguo-de-manuel-garces-blancart\/","og_site_name":"Fundaci\u00f3n Caja Rural del Sur","article_modified_time":"2022-11-09T10:28:43+00:00","og_image":[{"width":1926,"height":500,"url":"https:\/\/fundacioncajaruraldelsur.com\/wp-content\/uploads\/2022\/02\/exposicion_pintura.jpg","type":"image\/jpeg"}],"twitter_card":"summary_large_image","twitter_misc":{"Est. reading time":"6 minutes"},"schema":{"@context":"https:\/\/schema.org","@graph":[{"@type":"WebPage","@id":"https:\/\/fundacioncajaruraldelsur.com\/evento\/exposicion-de-un-viento-antiguo-de-manuel-garces-blancart\/","url":"https:\/\/fundacioncajaruraldelsur.com\/evento\/exposicion-de-un-viento-antiguo-de-manuel-garces-blancart\/","name":"Exposici\u00f3n: \"De un viento antiguo\", de Manuel Garc\u00e9s Blancart - Fundaci\u00f3n Caja Rural del Sur","isPartOf":{"@id":"https:\/\/fundacioncajaruraldelsur.com\/#website"},"primaryImageOfPage":{"@id":"https:\/\/fundacioncajaruraldelsur.com\/evento\/exposicion-de-un-viento-antiguo-de-manuel-garces-blancart\/#primaryimage"},"image":{"@id":"https:\/\/fundacioncajaruraldelsur.com\/evento\/exposicion-de-un-viento-antiguo-de-manuel-garces-blancart\/#primaryimage"},"thumbnailUrl":"https:\/\/fundacioncajaruraldelsur.com\/wp-content\/uploads\/2022\/02\/exposicion_pintura.jpg","datePublished":"2022-10-17T23:15:40+00:00","dateModified":"2022-11-09T10:28:43+00:00","breadcrumb":{"@id":"https:\/\/fundacioncajaruraldelsur.com\/evento\/exposicion-de-un-viento-antiguo-de-manuel-garces-blancart\/#breadcrumb"},"inLanguage":"pt-PT","potentialAction":[{"@type":"ReadAction","target":["https:\/\/fundacioncajaruraldelsur.com\/evento\/exposicion-de-un-viento-antiguo-de-manuel-garces-blancart\/"]}]},{"@type":"ImageObject","inLanguage":"pt-PT","@id":"https:\/\/fundacioncajaruraldelsur.com\/evento\/exposicion-de-un-viento-antiguo-de-manuel-garces-blancart\/#primaryimage","url":"https:\/\/fundacioncajaruraldelsur.com\/wp-content\/uploads\/2022\/02\/exposicion_pintura.jpg","contentUrl":"https:\/\/fundacioncajaruraldelsur.com\/wp-content\/uploads\/2022\/02\/exposicion_pintura.jpg","width":1926,"height":500},{"@type":"BreadcrumbList","@id":"https:\/\/fundacioncajaruraldelsur.com\/evento\/exposicion-de-un-viento-antiguo-de-manuel-garces-blancart\/#breadcrumb","itemListElement":[{"@type":"ListItem","position":1,"name":"Portada","item":"https:\/\/fundacioncajaruraldelsur.com\/"},{"@type":"ListItem","position":2,"name":"Eventos","item":"https:\/\/fundacioncajaruraldelsur.com\/eventos\/"},{"@type":"ListItem","position":3,"name":"Exposici\u00f3n: \u00abDe un viento antiguo\u00bb, de Manuel Garc\u00e9s Blancart"}]},{"@type":"WebSite","@id":"https:\/\/fundacioncajaruraldelsur.com\/#website","url":"https:\/\/fundacioncajaruraldelsur.com\/","name":"Funda\u00e7\u00e3o Caja Rural del Sur","description":"","potentialAction":[{"@type":"SearchAction","target":{"@type":"EntryPoint","urlTemplate":"https:\/\/fundacioncajaruraldelsur.com\/?s={search_term_string}"},"query-input":{"@type":"PropertyValueSpecification","valueRequired":true,"valueName":"search_term_string"}}],"inLanguage":"pt-PT"}]}},"_links":{"self":[{"href":"https:\/\/fundacioncajaruraldelsur.com\/pt\/wp-json\/wp\/v2\/tribe_events\/8007","targetHints":{"allow":["GET"]}}],"collection":[{"href":"https:\/\/fundacioncajaruraldelsur.com\/pt\/wp-json\/wp\/v2\/tribe_events"}],"about":[{"href":"https:\/\/fundacioncajaruraldelsur.com\/pt\/wp-json\/wp\/v2\/types\/tribe_events"}],"author":[{"embeddable":true,"href":"https:\/\/fundacioncajaruraldelsur.com\/pt\/wp-json\/wp\/v2\/users\/8"}],"version-history":[{"count":4,"href":"https:\/\/fundacioncajaruraldelsur.com\/pt\/wp-json\/wp\/v2\/tribe_events\/8007\/revisions"}],"predecessor-version":[{"id":8089,"href":"https:\/\/fundacioncajaruraldelsur.com\/pt\/wp-json\/wp\/v2\/tribe_events\/8007\/revisions\/8089"}],"wp:featuredmedia":[{"embeddable":true,"href":"https:\/\/fundacioncajaruraldelsur.com\/pt\/wp-json\/wp\/v2\/media\/7312"}],"wp:attachment":[{"href":"https:\/\/fundacioncajaruraldelsur.com\/pt\/wp-json\/wp\/v2\/media?parent=8007"}],"wp:term":[{"taxonomy":"post_tag","embeddable":true,"href":"https:\/\/fundacioncajaruraldelsur.com\/pt\/wp-json\/wp\/v2\/tags?post=8007"},{"taxonomy":"tribe_events_cat","embeddable":true,"href":"https:\/\/fundacioncajaruraldelsur.com\/pt\/wp-json\/wp\/v2\/tribe_events_cat?post=8007"}],"curies":[{"name":"wp","href":"https:\/\/api.w.org\/{rel}","templated":true}]}}