{"id":7820,"date":"2022-07-14T13:06:15","date_gmt":"2022-07-14T11:06:15","guid":{"rendered":"\/?post_type=tribe_events&#038;p=7820"},"modified":"2022-07-14T13:08:12","modified_gmt":"2022-07-14T11:08:12","slug":"procesion-de-la-virgen-del-carmen-de-san-cayetano-de-cordoba","status":"publish","type":"tribe_events","link":"https:\/\/fundacioncajaruraldelsur.com\/pt\/evento\/procesion-de-la-virgen-del-carmen-de-san-cayetano-de-cordoba\/","title":{"rendered":"Procesi\u00f3n de la Virgen del Carmen de San Cayetano de C\u00f3rdoba"},"content":{"rendered":"<p class=\"mce\">A <strong class=\"mce\">archicofrad\u00eda de Nuestra Se\u00f1ora del Carmen Coronada<\/strong> inicia los cultos a su titular, que volver\u00e1 a recorrer las calles de C\u00f3rdoba tras dos a\u00f1os sin poderlo hacer debido a la pandemia del coronavirus. Este jueves arrancan con la solemne novena unos actos que acabar\u00e1n el pr\u00f3ximo s\u00e1bado 16 de julio, d\u00eda grande para esta corporaci\u00f3n.<\/p>\n<p class=\"mce\">A <strong class=\"mce\">salida procesional de Nuestra Se\u00f1ora del Carmen Coronada y de Santa Teresa de Jes\u00fas<\/strong> tendr\u00e1 lugar el s\u00e1bado 16 de julio a la conclusi\u00f3n de la funci\u00f3n principal, acto que tendr\u00e1 lugar a las 20:00 en la iglesia conventual de San Jos\u00e9 (San Cayetano). Tras dos a\u00f1os sin procesi\u00f3n por la pandemia del covid, la titular carmelita volver\u00e1 recorrer las calles de C\u00f3rdoba. Lo har\u00e1 acompa\u00f1ada musicalmente por la <strong class=\"mce\">Sociedad Filarm\u00f3nica del Carmen de Salteras<\/strong>.<\/p>\n<p>O <strong class=\"mce\">recorrido<\/strong> previsto por la corporaci\u00f3n carmelita arrancar\u00e1 en la Cuesta de San Cayetano y avanzar\u00e1 por Oller\u00edas y\u00a0la Torre de la Malmuerta. Tras atravesar los Jardines de Col\u00f3n, el cortejo se adentrar\u00e1 en Torres Cabrera y la Plaza de Capuchinos para llegar a la Cuesta del Bail\u00edo. Posteriormente, pasar\u00e1 por Alfaros, Conde de Priego, Mayor de Santa Marina, Cuesta de San Cayetano y entrada en su sede can\u00f3nica.<\/p>\n<h3>Agenda<\/h3>\n<p><a href=\"\/wp-content\/uploads\/2022\/07\/Actos.jpg\" rel=\"lightbox-0\"><img loading=\"lazy\" decoding=\"async\" class=\"alignnone size-full wp-image-7821\" src=\"\/wp-content\/uploads\/2022\/07\/Actos.jpg\" alt=\"\" width=\"680\" height=\"657\" srcset=\"https:\/\/fundacioncajaruraldelsur.com\/wp-content\/uploads\/2022\/07\/Actos.jpg 680w, https:\/\/fundacioncajaruraldelsur.com\/wp-content\/uploads\/2022\/07\/Actos-300x290.jpg 300w\" sizes=\"auto, (max-width: 680px) 100vw, 680px\" \/><\/a><\/p>\n<h3>CARTEL 2022<\/h3>\n<p><a href=\"\/wp-content\/uploads\/2022\/07\/Cartel-Carmen-2022-scaled.jpg\" rel=\"lightbox-1\"><img loading=\"lazy\" decoding=\"async\" class=\"alignnone size-full wp-image-7822\" src=\"\/wp-content\/uploads\/2022\/07\/Cartel-Carmen-2022-scaled.jpg\" alt=\"\" width=\"1828\" height=\"2560\" srcset=\"https:\/\/fundacioncajaruraldelsur.com\/wp-content\/uploads\/2022\/07\/Cartel-Carmen-2022-scaled.jpg 1828w, https:\/\/fundacioncajaruraldelsur.com\/wp-content\/uploads\/2022\/07\/Cartel-Carmen-2022-214x300.jpg 214w, https:\/\/fundacioncajaruraldelsur.com\/wp-content\/uploads\/2022\/07\/Cartel-Carmen-2022-731x1024.jpg 731w, https:\/\/fundacioncajaruraldelsur.com\/wp-content\/uploads\/2022\/07\/Cartel-Carmen-2022-768x1075.jpg 768w, https:\/\/fundacioncajaruraldelsur.com\/wp-content\/uploads\/2022\/07\/Cartel-Carmen-2022-1097x1536.jpg 1097w, https:\/\/fundacioncajaruraldelsur.com\/wp-content\/uploads\/2022\/07\/Cartel-Carmen-2022-1462x2048.jpg 1462w\" sizes=\"auto, (max-width: 1828px) 100vw, 1828px\" \/><\/a><\/p>\n<div>La obra es del artista <strong>Rafael Laureano Mart\u00ednez Gonz\u00e1lez<\/strong>, que nos anuncia los cultos y salida procesional de nuestra madre.<\/div>\n<div><\/div>\n<div>El cartel parte con la imagen de la Sant\u00edsima Virgen del Carmen de San Cayetano como motivo central saliendo del escudo de la archicofrad\u00eda. El centro del monte Carmelo con la cruz ensarta la corona de orfebrer\u00eda incrustada en la tabla y en la que circunda en la parte inferior el nombre de la advocaci\u00f3n \u201cCARMEN\u201d. Junto a la cruz aparece una pluma en honor a santa Teresa de Jes\u00fas, con motivo del IV centenario de su canonizaci\u00f3n. Las tres estrellas est\u00e1n realizadas en madera cortadas en l\u00e1ser. El fondo del escudo se encuentra realizado con un estampado y sobre \u00e9l un marco de madera dorado del que sale nuestra sagrada titular. En la parte inferior vemos las llamas con las almas del purgatorio y el nombre de la ciudad \u201cC\u00f3rdoba\u201d, adem\u00e1s del a\u00f1o del cartel. La obra se encuentra realizada en \u00f3leo, acr\u00edlico, esmalte y tinta sobre tabla, papel italiano y cart\u00f3n pluma. La corona es de orfebrer\u00eda.<\/div>\n<div><\/div>\n<div><\/div>\n<div>\n<h3>Procesi\u00f3n:<\/h3>\n<div>Fecha: s\u00e1bado 16 de Julio 2022, salida a las 21,00 horas, entrada a las 01,00 horas.<\/div>\n<div>El recorrido discurre por lugares muy emblem\u00e1ticos de la ciudad y es el siguiente:<\/div>\n<p>Cuesta de San Cayetano, Avda. de las Oller\u00edas, Torre de la Malmuerta (en ese punto se le realiza una petal\u00e1 a la Virgen), interior de los jardines de la Plaza de Col\u00f3n, Torres Cabrera, Plaza de Capuchinos, Cuesta del Bail\u00edo, Alfaros, Calleja Conde de Priego, Plaza Conde de Priego, Mayor de Santa Marina, Puerta del Colodro, Avda. de las Oller\u00edas y Cuesta de San Cayetano.<\/p>\n<\/div>","protected":false},"excerpt":{"rendered":"<p>La archicofrad\u00eda de Nuestra Se\u00f1ora del Carmen Coronada inicia los cultos a su titular, que volver\u00e1 a recorrer las calles de C\u00f3rdoba tras dos a\u00f1os sin poderlo hacer debido a [&hellip;]<\/p>\n","protected":false},"author":8,"featured_media":7823,"template":"","meta":{"_tribe_events_status":"","_tribe_events_status_reason":"","_tribe_events_is_hybrid":"","_tribe_events_is_virtual":"","_tribe_events_virtual_video_source":"","_tribe_events_virtual_embed_video":"","_tribe_events_virtual_linked_button_text":"","_tribe_events_virtual_linked_button":"","_tribe_events_virtual_show_embed_at":"","_tribe_events_virtual_show_embed_to":[],"_tribe_events_virtual_show_on_event":"","_tribe_events_virtual_show_on_views":"","_tribe_events_virtual_url":"","footnotes":""},"tags":[],"tribe_events_cat":[86],"class_list":["post-7820","tribe_events","type-tribe_events","status-publish","has-post-thumbnail","hentry","tribe_events_cat-patrimonio-cultural","cat_patrimonio-cultural"],"yoast_head":"<!-- This site is optimized with the Yoast SEO plugin v27.3 - https:\/\/yoast.com\/product\/yoast-seo-wordpress\/ -->\n<title>Procesi\u00f3n de la Virgen del Carmen de San Cayetano de C\u00f3rdoba - Fundaci\u00f3n Caja Rural del Sur<\/title>\n<meta name=\"robots\" content=\"index, follow, max-snippet:-1, max-image-preview:large, max-video-preview:-1\" \/>\n<link rel=\"canonical\" href=\"https:\/\/fundacioncajaruraldelsur.com\/pt\/evento\/procesion-de-la-virgen-del-carmen-de-san-cayetano-de-cordoba\/\" \/>\n<meta property=\"og:locale\" content=\"pt_PT\" \/>\n<meta property=\"og:type\" content=\"article\" \/>\n<meta property=\"og:title\" content=\"Procesi\u00f3n de la Virgen del Carmen de San Cayetano de C\u00f3rdoba - Fundaci\u00f3n Caja Rural del Sur\" \/>\n<meta property=\"og:description\" content=\"La archicofrad\u00eda de Nuestra Se\u00f1ora del Carmen Coronada inicia los cultos a su titular, que volver\u00e1 a recorrer las calles de C\u00f3rdoba tras dos a\u00f1os sin poderlo hacer debido a [&hellip;]\" \/>\n<meta property=\"og:url\" content=\"https:\/\/fundacioncajaruraldelsur.com\/pt\/evento\/procesion-de-la-virgen-del-carmen-de-san-cayetano-de-cordoba\/\" \/>\n<meta property=\"og:site_name\" content=\"Fundaci\u00f3n Caja Rural del Sur\" \/>\n<meta property=\"article:modified_time\" content=\"2022-07-14T11:08:12+00:00\" \/>\n<meta property=\"og:image\" content=\"https:\/\/fundacioncajaruraldelsur.com\/wp-content\/uploads\/2022\/07\/DESTACADA_PROCESION.jpg\" \/>\n\t<meta property=\"og:image:width\" content=\"1925\" \/>\n\t<meta property=\"og:image:height\" content=\"500\" \/>\n\t<meta property=\"og:image:type\" content=\"image\/jpeg\" \/>\n<meta name=\"twitter:card\" content=\"summary_large_image\" \/>\n<meta name=\"twitter:label1\" content=\"Est. reading time\" \/>\n\t<meta name=\"twitter:data1\" content=\"3 minutes\" \/>\n<script type=\"application\/ld+json\" class=\"yoast-schema-graph\">{\"@context\":\"https:\\\/\\\/schema.org\",\"@graph\":[{\"@type\":\"WebPage\",\"@id\":\"https:\\\/\\\/fundacioncajaruraldelsur.com\\\/evento\\\/procesion-de-la-virgen-del-carmen-de-san-cayetano-de-cordoba\\\/\",\"url\":\"https:\\\/\\\/fundacioncajaruraldelsur.com\\\/evento\\\/procesion-de-la-virgen-del-carmen-de-san-cayetano-de-cordoba\\\/\",\"name\":\"Procesi\u00f3n de la Virgen del Carmen de San Cayetano de C\u00f3rdoba - Fundaci\u00f3n Caja Rural del Sur\",\"isPartOf\":{\"@id\":\"https:\\\/\\\/fundacioncajaruraldelsur.com\\\/#website\"},\"primaryImageOfPage\":{\"@id\":\"https:\\\/\\\/fundacioncajaruraldelsur.com\\\/evento\\\/procesion-de-la-virgen-del-carmen-de-san-cayetano-de-cordoba\\\/#primaryimage\"},\"image\":{\"@id\":\"https:\\\/\\\/fundacioncajaruraldelsur.com\\\/evento\\\/procesion-de-la-virgen-del-carmen-de-san-cayetano-de-cordoba\\\/#primaryimage\"},\"thumbnailUrl\":\"https:\\\/\\\/fundacioncajaruraldelsur.com\\\/wp-content\\\/uploads\\\/2022\\\/07\\\/DESTACADA_PROCESION.jpg\",\"datePublished\":\"2022-07-14T11:06:15+00:00\",\"dateModified\":\"2022-07-14T11:08:12+00:00\",\"breadcrumb\":{\"@id\":\"https:\\\/\\\/fundacioncajaruraldelsur.com\\\/evento\\\/procesion-de-la-virgen-del-carmen-de-san-cayetano-de-cordoba\\\/#breadcrumb\"},\"inLanguage\":\"pt-PT\",\"potentialAction\":[{\"@type\":\"ReadAction\",\"target\":[\"https:\\\/\\\/fundacioncajaruraldelsur.com\\\/evento\\\/procesion-de-la-virgen-del-carmen-de-san-cayetano-de-cordoba\\\/\"]}]},{\"@type\":\"ImageObject\",\"inLanguage\":\"pt-PT\",\"@id\":\"https:\\\/\\\/fundacioncajaruraldelsur.com\\\/evento\\\/procesion-de-la-virgen-del-carmen-de-san-cayetano-de-cordoba\\\/#primaryimage\",\"url\":\"https:\\\/\\\/fundacioncajaruraldelsur.com\\\/wp-content\\\/uploads\\\/2022\\\/07\\\/DESTACADA_PROCESION.jpg\",\"contentUrl\":\"https:\\\/\\\/fundacioncajaruraldelsur.com\\\/wp-content\\\/uploads\\\/2022\\\/07\\\/DESTACADA_PROCESION.jpg\",\"width\":1925,\"height\":500},{\"@type\":\"BreadcrumbList\",\"@id\":\"https:\\\/\\\/fundacioncajaruraldelsur.com\\\/evento\\\/procesion-de-la-virgen-del-carmen-de-san-cayetano-de-cordoba\\\/#breadcrumb\",\"itemListElement\":[{\"@type\":\"ListItem\",\"position\":1,\"name\":\"Portada\",\"item\":\"https:\\\/\\\/fundacioncajaruraldelsur.com\\\/\"},{\"@type\":\"ListItem\",\"position\":2,\"name\":\"Eventos\",\"item\":\"https:\\\/\\\/fundacioncajaruraldelsur.com\\\/eventos\\\/\"},{\"@type\":\"ListItem\",\"position\":3,\"name\":\"Procesi\u00f3n de la Virgen del Carmen de San Cayetano de C\u00f3rdoba\"}]},{\"@type\":\"WebSite\",\"@id\":\"https:\\\/\\\/fundacioncajaruraldelsur.com\\\/#website\",\"url\":\"https:\\\/\\\/fundacioncajaruraldelsur.com\\\/\",\"name\":\"Fundaci\u00f3n Caja Rural del Sur\",\"description\":\"\",\"potentialAction\":[{\"@type\":\"SearchAction\",\"target\":{\"@type\":\"EntryPoint\",\"urlTemplate\":\"https:\\\/\\\/fundacioncajaruraldelsur.com\\\/?s={search_term_string}\"},\"query-input\":{\"@type\":\"PropertyValueSpecification\",\"valueRequired\":true,\"valueName\":\"search_term_string\"}}],\"inLanguage\":\"pt-PT\"}]}<\/script>\n<!-- \/ Yoast SEO plugin. -->","yoast_head_json":{"title":"Procesi\u00f3n de la Virgen del Carmen de San Cayetano de C\u00f3rdoba - Fundaci\u00f3n Caja Rural del Sur","robots":{"index":"index","follow":"follow","max-snippet":"max-snippet:-1","max-image-preview":"max-image-preview:large","max-video-preview":"max-video-preview:-1"},"canonical":"https:\/\/fundacioncajaruraldelsur.com\/pt\/evento\/procesion-de-la-virgen-del-carmen-de-san-cayetano-de-cordoba\/","og_locale":"pt_PT","og_type":"article","og_title":"Procesi\u00f3n de la Virgen del Carmen de San Cayetano de C\u00f3rdoba - Fundaci\u00f3n Caja Rural del Sur","og_description":"La archicofrad\u00eda de Nuestra Se\u00f1ora del Carmen Coronada inicia los cultos a su titular, que volver\u00e1 a recorrer las calles de C\u00f3rdoba tras dos a\u00f1os sin poderlo hacer debido a [&hellip;]","og_url":"https:\/\/fundacioncajaruraldelsur.com\/pt\/evento\/procesion-de-la-virgen-del-carmen-de-san-cayetano-de-cordoba\/","og_site_name":"Fundaci\u00f3n Caja Rural del Sur","article_modified_time":"2022-07-14T11:08:12+00:00","og_image":[{"width":1925,"height":500,"url":"https:\/\/fundacioncajaruraldelsur.com\/wp-content\/uploads\/2022\/07\/DESTACADA_PROCESION.jpg","type":"image\/jpeg"}],"twitter_card":"summary_large_image","twitter_misc":{"Est. reading time":"3 minutes"},"schema":{"@context":"https:\/\/schema.org","@graph":[{"@type":"WebPage","@id":"https:\/\/fundacioncajaruraldelsur.com\/evento\/procesion-de-la-virgen-del-carmen-de-san-cayetano-de-cordoba\/","url":"https:\/\/fundacioncajaruraldelsur.com\/evento\/procesion-de-la-virgen-del-carmen-de-san-cayetano-de-cordoba\/","name":"Procesi\u00f3n de la Virgen del Carmen de San Cayetano de C\u00f3rdoba - Fundaci\u00f3n Caja Rural del Sur","isPartOf":{"@id":"https:\/\/fundacioncajaruraldelsur.com\/#website"},"primaryImageOfPage":{"@id":"https:\/\/fundacioncajaruraldelsur.com\/evento\/procesion-de-la-virgen-del-carmen-de-san-cayetano-de-cordoba\/#primaryimage"},"image":{"@id":"https:\/\/fundacioncajaruraldelsur.com\/evento\/procesion-de-la-virgen-del-carmen-de-san-cayetano-de-cordoba\/#primaryimage"},"thumbnailUrl":"https:\/\/fundacioncajaruraldelsur.com\/wp-content\/uploads\/2022\/07\/DESTACADA_PROCESION.jpg","datePublished":"2022-07-14T11:06:15+00:00","dateModified":"2022-07-14T11:08:12+00:00","breadcrumb":{"@id":"https:\/\/fundacioncajaruraldelsur.com\/evento\/procesion-de-la-virgen-del-carmen-de-san-cayetano-de-cordoba\/#breadcrumb"},"inLanguage":"pt-PT","potentialAction":[{"@type":"ReadAction","target":["https:\/\/fundacioncajaruraldelsur.com\/evento\/procesion-de-la-virgen-del-carmen-de-san-cayetano-de-cordoba\/"]}]},{"@type":"ImageObject","inLanguage":"pt-PT","@id":"https:\/\/fundacioncajaruraldelsur.com\/evento\/procesion-de-la-virgen-del-carmen-de-san-cayetano-de-cordoba\/#primaryimage","url":"https:\/\/fundacioncajaruraldelsur.com\/wp-content\/uploads\/2022\/07\/DESTACADA_PROCESION.jpg","contentUrl":"https:\/\/fundacioncajaruraldelsur.com\/wp-content\/uploads\/2022\/07\/DESTACADA_PROCESION.jpg","width":1925,"height":500},{"@type":"BreadcrumbList","@id":"https:\/\/fundacioncajaruraldelsur.com\/evento\/procesion-de-la-virgen-del-carmen-de-san-cayetano-de-cordoba\/#breadcrumb","itemListElement":[{"@type":"ListItem","position":1,"name":"Portada","item":"https:\/\/fundacioncajaruraldelsur.com\/"},{"@type":"ListItem","position":2,"name":"Eventos","item":"https:\/\/fundacioncajaruraldelsur.com\/eventos\/"},{"@type":"ListItem","position":3,"name":"Procesi\u00f3n de la Virgen del Carmen de San Cayetano de C\u00f3rdoba"}]},{"@type":"WebSite","@id":"https:\/\/fundacioncajaruraldelsur.com\/#website","url":"https:\/\/fundacioncajaruraldelsur.com\/","name":"Funda\u00e7\u00e3o Caja Rural del Sur","description":"","potentialAction":[{"@type":"SearchAction","target":{"@type":"EntryPoint","urlTemplate":"https:\/\/fundacioncajaruraldelsur.com\/?s={search_term_string}"},"query-input":{"@type":"PropertyValueSpecification","valueRequired":true,"valueName":"search_term_string"}}],"inLanguage":"pt-PT"}]}},"_links":{"self":[{"href":"https:\/\/fundacioncajaruraldelsur.com\/pt\/wp-json\/wp\/v2\/tribe_events\/7820","targetHints":{"allow":["GET"]}}],"collection":[{"href":"https:\/\/fundacioncajaruraldelsur.com\/pt\/wp-json\/wp\/v2\/tribe_events"}],"about":[{"href":"https:\/\/fundacioncajaruraldelsur.com\/pt\/wp-json\/wp\/v2\/types\/tribe_events"}],"author":[{"embeddable":true,"href":"https:\/\/fundacioncajaruraldelsur.com\/pt\/wp-json\/wp\/v2\/users\/8"}],"version-history":[{"count":3,"href":"https:\/\/fundacioncajaruraldelsur.com\/pt\/wp-json\/wp\/v2\/tribe_events\/7820\/revisions"}],"predecessor-version":[{"id":7825,"href":"https:\/\/fundacioncajaruraldelsur.com\/pt\/wp-json\/wp\/v2\/tribe_events\/7820\/revisions\/7825"}],"wp:featuredmedia":[{"embeddable":true,"href":"https:\/\/fundacioncajaruraldelsur.com\/pt\/wp-json\/wp\/v2\/media\/7823"}],"wp:attachment":[{"href":"https:\/\/fundacioncajaruraldelsur.com\/pt\/wp-json\/wp\/v2\/media?parent=7820"}],"wp:term":[{"taxonomy":"post_tag","embeddable":true,"href":"https:\/\/fundacioncajaruraldelsur.com\/pt\/wp-json\/wp\/v2\/tags?post=7820"},{"taxonomy":"tribe_events_cat","embeddable":true,"href":"https:\/\/fundacioncajaruraldelsur.com\/pt\/wp-json\/wp\/v2\/tribe_events_cat?post=7820"}],"curies":[{"name":"wp","href":"https:\/\/api.w.org\/{rel}","templated":true}]}}