{"id":7586,"date":"2022-04-25T22:14:29","date_gmt":"2022-04-25T20:14:29","guid":{"rendered":"\/?post_type=tribe_events&#038;p=7586"},"modified":"2022-04-25T22:14:29","modified_gmt":"2022-04-25T20:14:29","slug":"exposicion-traumas-sindromes-y-efectos-de-pepe-puntas","status":"publish","type":"tribe_events","link":"https:\/\/fundacioncajaruraldelsur.com\/pt\/evento\/exposicion-traumas-sindromes-y-efectos-de-pepe-puntas\/","title":{"rendered":"Exposici\u00f3n: \u00abTraumas, s\u00edndromes y efectos\u00bb, de Pepe Puntas"},"content":{"rendered":"<p><a href=\"\/wp-content\/uploads\/2022\/04\/21-abril-11-mayo-2022_exposicion.jpg\" rel=\"lightbox-0\"><img loading=\"lazy\" decoding=\"async\" class=\"alignnone size-full wp-image-7587\" src=\"\/wp-content\/uploads\/2022\/04\/21-abril-11-mayo-2022_exposicion.jpg\" alt=\"\" width=\"2527\" height=\"1226\" srcset=\"https:\/\/fundacioncajaruraldelsur.com\/wp-content\/uploads\/2022\/04\/21-abril-11-mayo-2022_exposicion.jpg 2527w, https:\/\/fundacioncajaruraldelsur.com\/wp-content\/uploads\/2022\/04\/21-abril-11-mayo-2022_exposicion-300x146.jpg 300w, https:\/\/fundacioncajaruraldelsur.com\/wp-content\/uploads\/2022\/04\/21-abril-11-mayo-2022_exposicion-1024x497.jpg 1024w, https:\/\/fundacioncajaruraldelsur.com\/wp-content\/uploads\/2022\/04\/21-abril-11-mayo-2022_exposicion-768x373.jpg 768w, https:\/\/fundacioncajaruraldelsur.com\/wp-content\/uploads\/2022\/04\/21-abril-11-mayo-2022_exposicion-1536x745.jpg 1536w, https:\/\/fundacioncajaruraldelsur.com\/wp-content\/uploads\/2022\/04\/21-abril-11-mayo-2022_exposicion-2048x994.jpg 2048w\" sizes=\"auto, (max-width: 2527px) 100vw, 2527px\" \/><\/a><\/p>\n<h3>EL AUTOR<\/h3>\n<p>Nace en C\u00f3rdoba en 1960.<\/p>\n<p>Cursa estudios en la Universidad Laboral de C\u00f3rdoba, donde recibe clase de dibujo de D. Francisco Zueras. Aconsejado por este ingresa en la Escuela de Artes y Oficios \u201cMateo Inurria\u201d de C\u00f3rdoba. En dicho centro recibe clase de bodegones y naturalezas muertas. Seguidamente recibe clases de dibujo del natural y carboncillo de la mano de D. Antonio Bujalance. Posteriormente hace la especialidad de pintura y de dibujo del natural ordenada por D. Juan Hidalgo del Moral. Sigue sumando a sus destrezas con las especialidades de modelado dirigida por D. Rafael Rivera, la especialidad de talla madera por D. Rafael Valverde y Orfebrer\u00eda y Cincelado de la mano de D. Francisco D\u00edaz.<\/p>\n<p>Terminado este periodo contin\u00faa estudios en la Facultad de Bellas Artes Santa Isabel de Hungr\u00eda de Sevilla, especialidad en Talla Madera. Sin terminar licenciatura inicia una andadura donde conoce al escultor cordob\u00e9s Jos\u00e9 Lu\u00eds Romero, en su taller aprende el manejo del vaciado y otras t\u00e9cnicas de escultura.<\/p>\n<p>Tras una etapa de trabajo conjunto y exposiciones varias, Pepe Puntas sigue su trabajo pintura y escultura en solitario y con otros autores de donde se desprenden las siguientes exposiciones.<\/p>","protected":false},"excerpt":{"rendered":"<p>EL AUTOR Nace en C\u00f3rdoba en 1960. Cursa estudios en la Universidad Laboral de C\u00f3rdoba, donde recibe clase de dibujo de D. Francisco Zueras. Aconsejado por este ingresa en la [&hellip;]<\/p>\n","protected":false},"author":8,"featured_media":5893,"template":"","meta":{"_tribe_events_status":"","_tribe_events_status_reason":"","_tribe_events_is_hybrid":"","_tribe_events_is_virtual":"","_tribe_events_virtual_video_source":"","_tribe_events_virtual_embed_video":"","_tribe_events_virtual_linked_button_text":"","_tribe_events_virtual_linked_button":"","_tribe_events_virtual_show_embed_at":"","_tribe_events_virtual_show_embed_to":[],"_tribe_events_virtual_show_on_event":"","_tribe_events_virtual_show_on_views":"","_tribe_events_virtual_url":"","footnotes":""},"tags":[],"tribe_events_cat":[71],"class_list":["post-7586","tribe_events","type-tribe_events","status-publish","has-post-thumbnail","hentry","tribe_events_cat-exposicion","cat_exposicion"],"yoast_head":"<!-- This site is optimized with the Yoast SEO plugin v27.3 - https:\/\/yoast.com\/product\/yoast-seo-wordpress\/ -->\n<title>Exposici\u00f3n: &quot;Traumas, s\u00edndromes y efectos&quot;, de Pepe Puntas - Fundaci\u00f3n Caja Rural del Sur<\/title>\n<meta name=\"robots\" content=\"index, follow, max-snippet:-1, max-image-preview:large, max-video-preview:-1\" \/>\n<link rel=\"canonical\" href=\"https:\/\/fundacioncajaruraldelsur.com\/pt\/evento\/exposicion-traumas-sindromes-y-efectos-de-pepe-puntas\/\" \/>\n<meta property=\"og:locale\" content=\"pt_PT\" \/>\n<meta property=\"og:type\" content=\"article\" \/>\n<meta property=\"og:title\" content=\"Exposici\u00f3n: &quot;Traumas, s\u00edndromes y efectos&quot;, de Pepe Puntas - Fundaci\u00f3n Caja Rural del Sur\" \/>\n<meta property=\"og:description\" content=\"EL AUTOR Nace en C\u00f3rdoba en 1960. Cursa estudios en la Universidad Laboral de C\u00f3rdoba, donde recibe clase de dibujo de D. Francisco Zueras. Aconsejado por este ingresa en la [&hellip;]\" \/>\n<meta property=\"og:url\" content=\"https:\/\/fundacioncajaruraldelsur.com\/pt\/evento\/exposicion-traumas-sindromes-y-efectos-de-pepe-puntas\/\" \/>\n<meta property=\"og:site_name\" content=\"Fundaci\u00f3n Caja Rural del Sur\" \/>\n<meta property=\"og:image\" content=\"https:\/\/fundacioncajaruraldelsur.com\/wp-content\/uploads\/2020\/09\/Pintura_pinceles.jpg\" \/>\n\t<meta property=\"og:image:width\" content=\"1926\" \/>\n\t<meta property=\"og:image:height\" content=\"500\" \/>\n\t<meta property=\"og:image:type\" content=\"image\/jpeg\" \/>\n<meta name=\"twitter:card\" content=\"summary_large_image\" \/>\n<meta name=\"twitter:label1\" content=\"Est. reading time\" \/>\n\t<meta name=\"twitter:data1\" content=\"1 minute\" \/>\n<script type=\"application\/ld+json\" class=\"yoast-schema-graph\">{\"@context\":\"https:\\\/\\\/schema.org\",\"@graph\":[{\"@type\":\"WebPage\",\"@id\":\"https:\\\/\\\/fundacioncajaruraldelsur.com\\\/evento\\\/exposicion-traumas-sindromes-y-efectos-de-pepe-puntas\\\/\",\"url\":\"https:\\\/\\\/fundacioncajaruraldelsur.com\\\/evento\\\/exposicion-traumas-sindromes-y-efectos-de-pepe-puntas\\\/\",\"name\":\"Exposici\u00f3n: \\\"Traumas, s\u00edndromes y efectos\\\", de Pepe Puntas - Fundaci\u00f3n Caja Rural del Sur\",\"isPartOf\":{\"@id\":\"https:\\\/\\\/fundacioncajaruraldelsur.com\\\/#website\"},\"primaryImageOfPage\":{\"@id\":\"https:\\\/\\\/fundacioncajaruraldelsur.com\\\/evento\\\/exposicion-traumas-sindromes-y-efectos-de-pepe-puntas\\\/#primaryimage\"},\"image\":{\"@id\":\"https:\\\/\\\/fundacioncajaruraldelsur.com\\\/evento\\\/exposicion-traumas-sindromes-y-efectos-de-pepe-puntas\\\/#primaryimage\"},\"thumbnailUrl\":\"https:\\\/\\\/fundacioncajaruraldelsur.com\\\/wp-content\\\/uploads\\\/2020\\\/09\\\/Pintura_pinceles.jpg\",\"datePublished\":\"2022-04-25T20:14:29+00:00\",\"breadcrumb\":{\"@id\":\"https:\\\/\\\/fundacioncajaruraldelsur.com\\\/evento\\\/exposicion-traumas-sindromes-y-efectos-de-pepe-puntas\\\/#breadcrumb\"},\"inLanguage\":\"pt-PT\",\"potentialAction\":[{\"@type\":\"ReadAction\",\"target\":[\"https:\\\/\\\/fundacioncajaruraldelsur.com\\\/evento\\\/exposicion-traumas-sindromes-y-efectos-de-pepe-puntas\\\/\"]}]},{\"@type\":\"ImageObject\",\"inLanguage\":\"pt-PT\",\"@id\":\"https:\\\/\\\/fundacioncajaruraldelsur.com\\\/evento\\\/exposicion-traumas-sindromes-y-efectos-de-pepe-puntas\\\/#primaryimage\",\"url\":\"https:\\\/\\\/fundacioncajaruraldelsur.com\\\/wp-content\\\/uploads\\\/2020\\\/09\\\/Pintura_pinceles.jpg\",\"contentUrl\":\"https:\\\/\\\/fundacioncajaruraldelsur.com\\\/wp-content\\\/uploads\\\/2020\\\/09\\\/Pintura_pinceles.jpg\",\"width\":1926,\"height\":500},{\"@type\":\"BreadcrumbList\",\"@id\":\"https:\\\/\\\/fundacioncajaruraldelsur.com\\\/evento\\\/exposicion-traumas-sindromes-y-efectos-de-pepe-puntas\\\/#breadcrumb\",\"itemListElement\":[{\"@type\":\"ListItem\",\"position\":1,\"name\":\"Portada\",\"item\":\"https:\\\/\\\/fundacioncajaruraldelsur.com\\\/\"},{\"@type\":\"ListItem\",\"position\":2,\"name\":\"Eventos\",\"item\":\"https:\\\/\\\/fundacioncajaruraldelsur.com\\\/eventos\\\/\"},{\"@type\":\"ListItem\",\"position\":3,\"name\":\"Exposici\u00f3n: \u00abTraumas, s\u00edndromes y efectos\u00bb, de Pepe Puntas\"}]},{\"@type\":\"WebSite\",\"@id\":\"https:\\\/\\\/fundacioncajaruraldelsur.com\\\/#website\",\"url\":\"https:\\\/\\\/fundacioncajaruraldelsur.com\\\/\",\"name\":\"Fundaci\u00f3n Caja Rural del Sur\",\"description\":\"\",\"potentialAction\":[{\"@type\":\"SearchAction\",\"target\":{\"@type\":\"EntryPoint\",\"urlTemplate\":\"https:\\\/\\\/fundacioncajaruraldelsur.com\\\/?s={search_term_string}\"},\"query-input\":{\"@type\":\"PropertyValueSpecification\",\"valueRequired\":true,\"valueName\":\"search_term_string\"}}],\"inLanguage\":\"pt-PT\"}]}<\/script>\n<!-- \/ Yoast SEO plugin. -->","yoast_head_json":{"title":"Exposici\u00f3n: \"Traumas, s\u00edndromes y efectos\", de Pepe Puntas - Fundaci\u00f3n Caja Rural del Sur","robots":{"index":"index","follow":"follow","max-snippet":"max-snippet:-1","max-image-preview":"max-image-preview:large","max-video-preview":"max-video-preview:-1"},"canonical":"https:\/\/fundacioncajaruraldelsur.com\/pt\/evento\/exposicion-traumas-sindromes-y-efectos-de-pepe-puntas\/","og_locale":"pt_PT","og_type":"article","og_title":"Exposici\u00f3n: \"Traumas, s\u00edndromes y efectos\", de Pepe Puntas - Fundaci\u00f3n Caja Rural del Sur","og_description":"EL AUTOR Nace en C\u00f3rdoba en 1960. Cursa estudios en la Universidad Laboral de C\u00f3rdoba, donde recibe clase de dibujo de D. Francisco Zueras. Aconsejado por este ingresa en la [&hellip;]","og_url":"https:\/\/fundacioncajaruraldelsur.com\/pt\/evento\/exposicion-traumas-sindromes-y-efectos-de-pepe-puntas\/","og_site_name":"Fundaci\u00f3n Caja Rural del Sur","og_image":[{"width":1926,"height":500,"url":"https:\/\/fundacioncajaruraldelsur.com\/wp-content\/uploads\/2020\/09\/Pintura_pinceles.jpg","type":"image\/jpeg"}],"twitter_card":"summary_large_image","twitter_misc":{"Est. reading time":"1 minute"},"schema":{"@context":"https:\/\/schema.org","@graph":[{"@type":"WebPage","@id":"https:\/\/fundacioncajaruraldelsur.com\/evento\/exposicion-traumas-sindromes-y-efectos-de-pepe-puntas\/","url":"https:\/\/fundacioncajaruraldelsur.com\/evento\/exposicion-traumas-sindromes-y-efectos-de-pepe-puntas\/","name":"Exposici\u00f3n: \"Traumas, s\u00edndromes y efectos\", de Pepe Puntas - Fundaci\u00f3n Caja Rural del Sur","isPartOf":{"@id":"https:\/\/fundacioncajaruraldelsur.com\/#website"},"primaryImageOfPage":{"@id":"https:\/\/fundacioncajaruraldelsur.com\/evento\/exposicion-traumas-sindromes-y-efectos-de-pepe-puntas\/#primaryimage"},"image":{"@id":"https:\/\/fundacioncajaruraldelsur.com\/evento\/exposicion-traumas-sindromes-y-efectos-de-pepe-puntas\/#primaryimage"},"thumbnailUrl":"https:\/\/fundacioncajaruraldelsur.com\/wp-content\/uploads\/2020\/09\/Pintura_pinceles.jpg","datePublished":"2022-04-25T20:14:29+00:00","breadcrumb":{"@id":"https:\/\/fundacioncajaruraldelsur.com\/evento\/exposicion-traumas-sindromes-y-efectos-de-pepe-puntas\/#breadcrumb"},"inLanguage":"pt-PT","potentialAction":[{"@type":"ReadAction","target":["https:\/\/fundacioncajaruraldelsur.com\/evento\/exposicion-traumas-sindromes-y-efectos-de-pepe-puntas\/"]}]},{"@type":"ImageObject","inLanguage":"pt-PT","@id":"https:\/\/fundacioncajaruraldelsur.com\/evento\/exposicion-traumas-sindromes-y-efectos-de-pepe-puntas\/#primaryimage","url":"https:\/\/fundacioncajaruraldelsur.com\/wp-content\/uploads\/2020\/09\/Pintura_pinceles.jpg","contentUrl":"https:\/\/fundacioncajaruraldelsur.com\/wp-content\/uploads\/2020\/09\/Pintura_pinceles.jpg","width":1926,"height":500},{"@type":"BreadcrumbList","@id":"https:\/\/fundacioncajaruraldelsur.com\/evento\/exposicion-traumas-sindromes-y-efectos-de-pepe-puntas\/#breadcrumb","itemListElement":[{"@type":"ListItem","position":1,"name":"Portada","item":"https:\/\/fundacioncajaruraldelsur.com\/"},{"@type":"ListItem","position":2,"name":"Eventos","item":"https:\/\/fundacioncajaruraldelsur.com\/eventos\/"},{"@type":"ListItem","position":3,"name":"Exposici\u00f3n: \u00abTraumas, s\u00edndromes y efectos\u00bb, de Pepe Puntas"}]},{"@type":"WebSite","@id":"https:\/\/fundacioncajaruraldelsur.com\/#website","url":"https:\/\/fundacioncajaruraldelsur.com\/","name":"Funda\u00e7\u00e3o Caja Rural del Sur","description":"","potentialAction":[{"@type":"SearchAction","target":{"@type":"EntryPoint","urlTemplate":"https:\/\/fundacioncajaruraldelsur.com\/?s={search_term_string}"},"query-input":{"@type":"PropertyValueSpecification","valueRequired":true,"valueName":"search_term_string"}}],"inLanguage":"pt-PT"}]}},"_links":{"self":[{"href":"https:\/\/fundacioncajaruraldelsur.com\/pt\/wp-json\/wp\/v2\/tribe_events\/7586","targetHints":{"allow":["GET"]}}],"collection":[{"href":"https:\/\/fundacioncajaruraldelsur.com\/pt\/wp-json\/wp\/v2\/tribe_events"}],"about":[{"href":"https:\/\/fundacioncajaruraldelsur.com\/pt\/wp-json\/wp\/v2\/types\/tribe_events"}],"author":[{"embeddable":true,"href":"https:\/\/fundacioncajaruraldelsur.com\/pt\/wp-json\/wp\/v2\/users\/8"}],"version-history":[{"count":2,"href":"https:\/\/fundacioncajaruraldelsur.com\/pt\/wp-json\/wp\/v2\/tribe_events\/7586\/revisions"}],"predecessor-version":[{"id":7589,"href":"https:\/\/fundacioncajaruraldelsur.com\/pt\/wp-json\/wp\/v2\/tribe_events\/7586\/revisions\/7589"}],"wp:featuredmedia":[{"embeddable":true,"href":"https:\/\/fundacioncajaruraldelsur.com\/pt\/wp-json\/wp\/v2\/media\/5893"}],"wp:attachment":[{"href":"https:\/\/fundacioncajaruraldelsur.com\/pt\/wp-json\/wp\/v2\/media?parent=7586"}],"wp:term":[{"taxonomy":"post_tag","embeddable":true,"href":"https:\/\/fundacioncajaruraldelsur.com\/pt\/wp-json\/wp\/v2\/tags?post=7586"},{"taxonomy":"tribe_events_cat","embeddable":true,"href":"https:\/\/fundacioncajaruraldelsur.com\/pt\/wp-json\/wp\/v2\/tribe_events_cat?post=7586"}],"curies":[{"name":"wp","href":"https:\/\/api.w.org\/{rel}","templated":true}]}}