{"id":7178,"date":"2022-01-28T12:58:19","date_gmt":"2022-01-28T10:58:19","guid":{"rendered":"\/?post_type=tribe_events&#038;p=7178"},"modified":"2022-01-28T12:58:19","modified_gmt":"2022-01-28T10:58:19","slug":"exposicion-de-pintura-de-angela-mena","status":"publish","type":"tribe_events","link":"https:\/\/fundacioncajaruraldelsur.com\/pt\/evento\/exposicion-de-pintura-de-angela-mena\/","title":{"rendered":"Exposici\u00f3n de pintura de \u00c1ngela Mena"},"content":{"rendered":"<p><a href=\"\/wp-content\/uploads\/2022\/01\/Angela-Mena-Cartel-scaled.jpg\" rel=\"lightbox-0\"><img loading=\"lazy\" decoding=\"async\" class=\"alignnone size-full wp-image-7179\" src=\"\/wp-content\/uploads\/2022\/01\/Angela-Mena-Cartel-scaled.jpg\" alt=\"\" width=\"1901\" height=\"2560\" srcset=\"https:\/\/fundacioncajaruraldelsur.com\/wp-content\/uploads\/2022\/01\/Angela-Mena-Cartel-scaled.jpg 1901w, https:\/\/fundacioncajaruraldelsur.com\/wp-content\/uploads\/2022\/01\/Angela-Mena-Cartel-223x300.jpg 223w, https:\/\/fundacioncajaruraldelsur.com\/wp-content\/uploads\/2022\/01\/Angela-Mena-Cartel-760x1024.jpg 760w, https:\/\/fundacioncajaruraldelsur.com\/wp-content\/uploads\/2022\/01\/Angela-Mena-Cartel-768x1034.jpg 768w, https:\/\/fundacioncajaruraldelsur.com\/wp-content\/uploads\/2022\/01\/Angela-Mena-Cartel-1141x1536.jpg 1141w, https:\/\/fundacioncajaruraldelsur.com\/wp-content\/uploads\/2022\/01\/Angela-Mena-Cartel-1521x2048.jpg 1521w\" sizes=\"auto, (max-width: 1901px) 100vw, 1901px\" \/><\/a><\/p>\n<p>&nbsp;<\/p>\n<h3><b>Descripci\u00f3n\u00a0<\/b><\/h3>\n<h3><b>La fuerza oculta en el color<\/b><b>\u00a0<\/b><\/h3>\n<p><span style=\"font-weight: 400;\">Como ya anunciaba el cr\u00edtico de Arte Juan Bosco D\u00edaz-Urmeneta, en el diario de Sevilla respecto a\u00a0 mi trabajo, \u201cel color impulsa la memoria perdida de la naturaleza porque nos recuerda que somos\u00a0 cuerpos. Silencia la palabra pero no paraliza el pensamiento que se esfuerza en calibrar por qu\u00e9 nos\u00a0 sumergimos en el color (como en la m\u00fasica) y c\u00f3mo \u00e9ste se hace conciencia en nosotros.\u201d (Bosco,\u00a0 2016).\u00a0<\/span><\/p>\n<p><span style=\"font-weight: 400;\">Continuamente el buen uso del color ha estado presente en el desarrollo de mi trabajo, de una forma\u00a0 completamente intuitiva ha ido definiendo cada serie, cada paso.\u00a0\u00a0<\/span><\/p>\n<p><span style=\"font-weight: 400;\">Con esta exposici\u00f3n quiero homenajear a Juan Bosco D\u00edaz-Urmeneta porque \u00e9l fue capaz de poner\u00a0 palabras al pensamiento que hay detr\u00e1s de cada pincelada y que en ocasiones no s\u00e9 expresar de otra\u00a0 forma que no sea pintando.\u00a0<\/span><\/p>\n<p>&nbsp;<\/p>\n<h3><b>ANGELA MENA MOSCOSO (09\/06\/1985-SEVILLA)\u00a0<\/b><\/h3>\n<p><b>https:\/\/angelamena.es\/<\/b><b>\u00a0<\/b><\/p>\n<h4><b>Breve historial art\u00edstico:\u00a0<\/b><\/h4>\n<p><span style=\"font-weight: 400;\">Licenciada en Bellas Artes por la Universidad de Sevilla, en la especialidad de pintura ampl\u00eda sus estudios en Florencia, Italia, con la modalidad de escultura y en Muthesius Kunsthochschule de la Universidad de Kiel (Alemania). Actualmente pertenece al grupo de investigaci\u00f3n HUM337 de la Facultad de Bellas Artes de Sevilla.\u00a0<\/span><\/p>\n<p><b>Cursos:\u00a0<\/b><\/p>\n<ul>\n<li><span style=\"font-weight: 400;\">\u201cIniciaci\u00f3n a la pintura espa\u00f1ola del siglo XX: 1900-1927\u201d . Por Juan F. Lacomba, 2018. <\/span><span style=\"font-weight: 400;\">\u25cf <\/span><span style=\"font-weight: 400;\">\u201cSevilla es talento para ti\u201d , Fundaci\u00f3n Valent\u00edn de Madariaga, 2014.\u00a0<\/span><\/li>\n<li><span style=\"font-weight: 400;\">\u201cArte y Naturaleza en torno a Darwin\u201d Sevilla, 2011. Por Juan Fernandez Lacomba. <\/span><span style=\"font-weight: 400;\">\u25cf <\/span><span style=\"font-weight: 400;\">Curso de escultura en Leonardo da Vinci Art School. Florencia, Italia. 2010-2011\u00a0<\/span><\/li>\n<\/ul>\n<p><b>Idiomas:\u00a0<\/b><\/p>\n<ul>\n<li><span style=\"font-weight: 400;\">Espa\u00f1ol idioma nativo.\u00a0<\/span><\/li>\n<li><span style=\"font-weight: 400;\">Ingl\u00e9s nivel medio hablado y escrito.\u00a0<\/span><\/li>\n<\/ul>\n<p><b>Reconocimientos.\u00a0<\/b><\/p>\n<p><b>2019\u00a0<\/b><\/p>\n<p><span style=\"font-weight: 400;\">Primer Premio de Pintura de la Real Academia de Bellas Artes de Santa Isabel de Hungr\u00eda. Cuenta con obras en colecciones c\u00f3mo; la Fundaci\u00f3n Valent\u00edn de Madariaga y en CAC M\u00e1laga. <\/span><b>2015\u00a0<\/b><\/p>\n<p><span style=\"font-weight: 400;\">Forma parte de la selecci\u00f3n del Premio Internacional de Pintura Focus-Abengoa. Forma parte de la selecci\u00f3n por varios a\u00f1os consecutivos en la Exposici\u00f3n de Oto\u00f1o de la Real Academia de Santa Isabel de Hungr\u00eda, Sevilla.\u00a0<\/span><\/p>\n<p><b>2014\u00a0<\/b><\/p>\n<p><span style=\"font-weight: 400;\">Obtiene la beca de pintura \u0308 Sevilla es talento para ti \u0308\u00a0<\/span><\/p>\n<p><b>Residencias\u00a0<\/b><\/p>\n<ul>\n<li><span style=\"font-weight: 400;\">Atelier an der Donau. Symposium Ybbs an der Donau. Viena, Austria, 2019. <\/span><span style=\"font-weight: 400;\">\u25cf <\/span><span style=\"font-weight: 400;\">Beca Erasmus en Muthesius Kunsthochschule Universidad de Kiel (Alemania). 2010-2011.\u00a0<\/span><\/li>\n<\/ul>\n<p><b>Exposiciones.\u00a0<\/b><\/p>\n<p><b>2021\u00a0<\/b><\/p>\n<ul>\n<li><span style=\"font-weight: 400;\">\u201cLa fuerza oculta del color\u201d. Galer\u00eda Arniches 26. Madrid.\u00a0<\/span><\/li>\n<li><span style=\"font-weight: 400;\">\u201cEstampa\u201d. 29th contemporary art fair. Colectiva. IFEMA, Madrid.\u00a0<\/span><\/li>\n<li><span style=\"font-weight: 400;\">\u201cH\u00e1bitat\u201d. Galer\u00eda Espacio Cero, Huelva.\u00a0<\/span><\/li>\n<li><span style=\"font-weight: 400;\">\u201cB\u00e9cquer. Un himno gigante y extra\u00f1o\u201d. Colectiva. Grupo HUM337. Centro Cultural Convento del Corpus Christi. El Viso del Alcor.\u00a0<\/span><\/li>\n<li><span style=\"font-weight: 400;\">\u201cNido, animales arquitectos\u201d Real Academia de Bellas Artes de Santa Isabel de Hungr\u00eda, Sevilla\u00a0<\/span><\/li>\n<li><span style=\"font-weight: 400;\">\u201cDe Rerum Natura, visiones femeninas de la naturaleza\u201d, Galer\u00eda Espacio 0, Huelva. <\/span><span style=\"font-weight: 400;\">\u25cf <\/span><span style=\"font-weight: 400;\">\u201cJ\u00d6Y\u201d, Galer\u00eda G\u00e4rna, Madrid.<\/span><\/li>\n<\/ul>\n<p><b>2020\u00a0<\/b><\/p>\n<ul>\n<li><span style=\"font-weight: 400;\">\u201cNido, animales arquitectos\u201d, Individual, Galer\u00eda Arniches 26, Madrid.\u00a0<\/span><\/li>\n<li><span style=\"font-weight: 400;\">\u201cCircunnavegaci\u00f3n 3.0 &#8211; Circumnavigation 3.0.\u201d Colectiva. Grupo HUM337. Sala de exposiciones RTVA, C\u00e1diz.\u00a0<\/span><\/li>\n<\/ul>\n<p><b>2019\u00a0<\/b><\/p>\n<ul>\n<li><span style=\"font-weight: 400;\">\u201cA la manera de \u2026(II)\u201d, Galer\u00eda Rafael Ortiz, Sevilla\u00a0<\/span><\/li>\n<li><span style=\"font-weight: 400;\">\u201c72 Horas\u201d , Galer\u00eda Zunino, Sevilla.\u00a0<\/span><\/li>\n<li><span style=\"font-weight: 400;\">\u0308LXVIII Exposici\u00f3n Internacional de Oto\u00f1o \u0308, Real Academia de Bellas Artes de Santa Isabel de Hungr\u00eda, Sevilla.\u00a0<\/span><\/li>\n<li><span style=\"font-weight: 400;\">\u00a8CENTENARIO 100 obras de amor \u0308 Sala museo Jorge Camacho, Almonte, Huelva. <\/span><span style=\"font-weight: 400;\">\u25cf <\/span><span style=\"font-weight: 400;\">\u0308Navegantes \u0308, Colectiva. Casa de las columnas. Sevilla.\u00a0<\/span><\/li>\n<li><span style=\"font-weight: 400;\">EB62. Colectiva. EB62, Eurobuilding. Madrid.\u00a0<\/span><\/li>\n<\/ul>\n<p><b>2018\u00a0<\/b><\/p>\n<ul>\n<li><span style=\"font-weight: 400;\">\u201cMujer Arte y Sociedad\u201d. Colectiva. ARTSGrafica, C\u00e1mara de Comercio de Sevilla. <\/span><span style=\"font-weight: 400;\">\u25cf <\/span><span style=\"font-weight: 400;\">Mirando a Murillo. Colectiva. Fundaci\u00f3n Valent\u00edn de Madariaga. Comisaria Rocio Monsalves.\u00a0<\/span><\/li>\n<\/ul>\n<p><b>2017\u00a0<\/b><\/p>\n<ul>\n<li><span style=\"font-weight: 400;\">\u201cArt Pop Up\u201d, Colectiva. Comisaria, Isabel Mart\u00edn Laborda y Maima Rodriguez Pe\u00f1amar\u00eda, Espacio A2garage, Madrid.\u00a0<\/span><\/li>\n<li><span style=\"font-weight: 400;\">Artista contra el hambre. Colectiva. Fundaci\u00f3n Banco de Alimentos, Sala At\u00edn Aya, Sevilla. <\/span><span style=\"font-weight: 400;\">\u25cf <\/span><span style=\"font-weight: 400;\">LXVI Exposici\u00f3n Internacional de Oto\u00f1o , Real Academia de Bellas Artes de Santa Isabel de Hungr\u00eda, Sevilla.\u00a0<\/span><\/li>\n<li><span style=\"font-weight: 400;\">\u0308La Presencia del color \u0308 . Colectiva. Comisaria, Rocio Angeles Monsalves, Pilas (Sevilla) <\/span><b>2016\u00a0<\/b><\/li>\n<li><span style=\"font-weight: 400;\">\u0308Realismo presente \u0308, Colectiva. Galer\u00eda ArtFactory7, Sevilla.\u00a0<\/span><\/li>\n<li><span style=\"font-weight: 400;\">\u00a8Forma, Textura y Color. Percepci\u00f3n, Expresi\u00f3n y Emoci\u00f3n \u0308. II Feria Internacional de Arte Contempor\u00e1neo de Sevilla.\u00a0<\/span><\/li>\n<li><span style=\"font-weight: 400;\">\u201cSugart, Proyecto Arte Solidario\u201d. Virgen del Roc\u00edo, Sevilla. Junta de Andaluc\u00eda, Conserjer\u00eda de Sanidad. Red House.\u00a0<\/span><\/li>\n<li><span style=\"font-weight: 400;\">\u00a8All\u00ed d\u00f3nde vive el mar \u0308, Individual. Galer\u00eda La caja China, Sevilla.\u00a0<\/span><\/li>\n<li><span style=\"font-weight: 400;\">\u0308Bhubo \u0308,Colectiva comisario, Adolfo S\u00e1nchez, Red House, Marbella.\u00a0<\/span><\/li>\n<\/ul>\n<p><b>2015\u00a0<\/b><\/p>\n<ul>\n<li><span style=\"font-weight: 400;\">\u00a8LXIV Exposici\u00f3n Internacional de Oto\u00f1o\u00a8, Real Academia de Bellas Artes de Santa Isabel de Hungr\u00eda, Sevilla.\u00a0<\/span><\/li>\n<li><span style=\"font-weight: 400;\">Premio Internacional de Pintura Focus- Abengoa, Fundaci\u00f3n Focus-Abengoa, Sevilla. <\/span><span style=\"font-weight: 400;\">\u25cf <\/span><span style=\"font-weight: 400;\">\u00a8De lo ef\u00edmero a lo perdurable\u00a8 para Sevilla es talento, FVMO, Sevilla.\u00a0<\/span><\/li>\n<li><span style=\"font-weight: 400;\">Soloprojects. I Feria Internacional de Arte Contempor\u00e1neo de Sevilla, ARTSevilla. <\/span><b>2013\u00a0<\/b><\/li>\n<li><span style=\"font-weight: 400;\">\u0308The Vyner Studio \u0308, Colectiva. The Vyner Studio, Londres.\u00a0<\/span><\/li>\n<\/ul>\n<p><b>2011\u00a0<\/b><\/p>\n<ul>\n<li><span style=\"font-weight: 400;\">\u00a8The Uncanny XXYZ-Men\u00a8, Freies Museum, Berl\u00edn\u00a0<\/span><\/li>\n<li><span style=\"font-weight: 400;\">\u201cOst West Nord S\u00fcd\u201d, Freies Museum, Berl\u00edn.\u00a0<\/span><\/li>\n<\/ul>\n<p><b>2010\u00a0<\/b><\/p>\n<ul>\n<li><span style=\"font-weight: 400;\">Exposici\u00f3n de inicio en la inauguraci\u00f3n de la Galer\u00eda de Arte Mec\u00e1nica. Sevilla. <\/span><b>2008\u00a0<\/b><\/li>\n<\/ul>\n<p><span style=\"font-weight: 400;\">\u25cf <\/span><span style=\"font-weight: 400;\">\u0308Un cuento ilustrado: Coloreando Sue\u00f1os \u0308. Facultad de Bellas Artes de Sevilla.<\/span><\/p>","protected":false},"excerpt":{"rendered":"<p>&nbsp; Descripci\u00f3n\u00a0 La fuerza oculta en el color\u00a0 Como ya anunciaba el cr\u00edtico de Arte Juan Bosco D\u00edaz-Urmeneta, en el diario de Sevilla respecto a\u00a0 mi trabajo, \u201cel color impulsa [&hellip;]<\/p>\n","protected":false},"author":8,"featured_media":5893,"template":"","meta":{"_tribe_events_status":"","_tribe_events_status_reason":"","_tribe_events_is_hybrid":"","_tribe_events_is_virtual":"","_tribe_events_virtual_video_source":"","_tribe_events_virtual_embed_video":"","_tribe_events_virtual_linked_button_text":"","_tribe_events_virtual_linked_button":"","_tribe_events_virtual_show_embed_at":"","_tribe_events_virtual_show_embed_to":[],"_tribe_events_virtual_show_on_event":"","_tribe_events_virtual_show_on_views":"","_tribe_events_virtual_url":"","footnotes":""},"tags":[],"tribe_events_cat":[],"class_list":["post-7178","tribe_events","type-tribe_events","status-publish","has-post-thumbnail","hentry"],"yoast_head":"<!-- This site is optimized with the Yoast SEO plugin v27.3 - https:\/\/yoast.com\/product\/yoast-seo-wordpress\/ -->\n<title>Exposici\u00f3n de pintura de \u00c1ngela Mena - Fundaci\u00f3n Caja Rural del Sur<\/title>\n<meta name=\"robots\" content=\"index, follow, max-snippet:-1, max-image-preview:large, max-video-preview:-1\" \/>\n<link rel=\"canonical\" href=\"https:\/\/fundacioncajaruraldelsur.com\/pt\/evento\/exposicion-de-pintura-de-angela-mena\/\" \/>\n<meta property=\"og:locale\" content=\"pt_PT\" \/>\n<meta property=\"og:type\" content=\"article\" \/>\n<meta property=\"og:title\" content=\"Exposici\u00f3n de pintura de \u00c1ngela Mena - Fundaci\u00f3n Caja Rural del Sur\" \/>\n<meta property=\"og:description\" content=\"&nbsp; Descripci\u00f3n\u00a0 La fuerza oculta en el color\u00a0 Como ya anunciaba el cr\u00edtico de Arte Juan Bosco D\u00edaz-Urmeneta, en el diario de Sevilla respecto a\u00a0 mi trabajo, \u201cel color impulsa [&hellip;]\" \/>\n<meta property=\"og:url\" content=\"https:\/\/fundacioncajaruraldelsur.com\/pt\/evento\/exposicion-de-pintura-de-angela-mena\/\" \/>\n<meta property=\"og:site_name\" content=\"Fundaci\u00f3n Caja Rural del Sur\" \/>\n<meta property=\"og:image\" content=\"https:\/\/fundacioncajaruraldelsur.com\/wp-content\/uploads\/2020\/09\/Pintura_pinceles.jpg\" \/>\n\t<meta property=\"og:image:width\" content=\"1926\" \/>\n\t<meta property=\"og:image:height\" content=\"500\" \/>\n\t<meta property=\"og:image:type\" content=\"image\/jpeg\" \/>\n<meta name=\"twitter:card\" content=\"summary_large_image\" \/>\n<meta name=\"twitter:label1\" content=\"Est. reading time\" \/>\n\t<meta name=\"twitter:data1\" content=\"4 minutes\" \/>\n<script type=\"application\/ld+json\" class=\"yoast-schema-graph\">{\"@context\":\"https:\\\/\\\/schema.org\",\"@graph\":[{\"@type\":\"WebPage\",\"@id\":\"https:\\\/\\\/fundacioncajaruraldelsur.com\\\/evento\\\/exposicion-de-pintura-de-angela-mena\\\/\",\"url\":\"https:\\\/\\\/fundacioncajaruraldelsur.com\\\/evento\\\/exposicion-de-pintura-de-angela-mena\\\/\",\"name\":\"Exposici\u00f3n de pintura de \u00c1ngela Mena - Fundaci\u00f3n Caja Rural del Sur\",\"isPartOf\":{\"@id\":\"https:\\\/\\\/fundacioncajaruraldelsur.com\\\/#website\"},\"primaryImageOfPage\":{\"@id\":\"https:\\\/\\\/fundacioncajaruraldelsur.com\\\/evento\\\/exposicion-de-pintura-de-angela-mena\\\/#primaryimage\"},\"image\":{\"@id\":\"https:\\\/\\\/fundacioncajaruraldelsur.com\\\/evento\\\/exposicion-de-pintura-de-angela-mena\\\/#primaryimage\"},\"thumbnailUrl\":\"https:\\\/\\\/fundacioncajaruraldelsur.com\\\/wp-content\\\/uploads\\\/2020\\\/09\\\/Pintura_pinceles.jpg\",\"datePublished\":\"2022-01-28T10:58:19+00:00\",\"breadcrumb\":{\"@id\":\"https:\\\/\\\/fundacioncajaruraldelsur.com\\\/evento\\\/exposicion-de-pintura-de-angela-mena\\\/#breadcrumb\"},\"inLanguage\":\"pt-PT\",\"potentialAction\":[{\"@type\":\"ReadAction\",\"target\":[\"https:\\\/\\\/fundacioncajaruraldelsur.com\\\/evento\\\/exposicion-de-pintura-de-angela-mena\\\/\"]}]},{\"@type\":\"ImageObject\",\"inLanguage\":\"pt-PT\",\"@id\":\"https:\\\/\\\/fundacioncajaruraldelsur.com\\\/evento\\\/exposicion-de-pintura-de-angela-mena\\\/#primaryimage\",\"url\":\"https:\\\/\\\/fundacioncajaruraldelsur.com\\\/wp-content\\\/uploads\\\/2020\\\/09\\\/Pintura_pinceles.jpg\",\"contentUrl\":\"https:\\\/\\\/fundacioncajaruraldelsur.com\\\/wp-content\\\/uploads\\\/2020\\\/09\\\/Pintura_pinceles.jpg\",\"width\":1926,\"height\":500},{\"@type\":\"BreadcrumbList\",\"@id\":\"https:\\\/\\\/fundacioncajaruraldelsur.com\\\/evento\\\/exposicion-de-pintura-de-angela-mena\\\/#breadcrumb\",\"itemListElement\":[{\"@type\":\"ListItem\",\"position\":1,\"name\":\"Portada\",\"item\":\"https:\\\/\\\/fundacioncajaruraldelsur.com\\\/\"},{\"@type\":\"ListItem\",\"position\":2,\"name\":\"Eventos\",\"item\":\"https:\\\/\\\/fundacioncajaruraldelsur.com\\\/eventos\\\/\"},{\"@type\":\"ListItem\",\"position\":3,\"name\":\"Exposici\u00f3n de pintura de \u00c1ngela Mena\"}]},{\"@type\":\"WebSite\",\"@id\":\"https:\\\/\\\/fundacioncajaruraldelsur.com\\\/#website\",\"url\":\"https:\\\/\\\/fundacioncajaruraldelsur.com\\\/\",\"name\":\"Fundaci\u00f3n Caja Rural del Sur\",\"description\":\"\",\"potentialAction\":[{\"@type\":\"SearchAction\",\"target\":{\"@type\":\"EntryPoint\",\"urlTemplate\":\"https:\\\/\\\/fundacioncajaruraldelsur.com\\\/?s={search_term_string}\"},\"query-input\":{\"@type\":\"PropertyValueSpecification\",\"valueRequired\":true,\"valueName\":\"search_term_string\"}}],\"inLanguage\":\"pt-PT\"}]}<\/script>\n<!-- \/ Yoast SEO plugin. -->","yoast_head_json":{"title":"Exposici\u00f3n de pintura de \u00c1ngela Mena - Fundaci\u00f3n Caja Rural del Sur","robots":{"index":"index","follow":"follow","max-snippet":"max-snippet:-1","max-image-preview":"max-image-preview:large","max-video-preview":"max-video-preview:-1"},"canonical":"https:\/\/fundacioncajaruraldelsur.com\/pt\/evento\/exposicion-de-pintura-de-angela-mena\/","og_locale":"pt_PT","og_type":"article","og_title":"Exposici\u00f3n de pintura de \u00c1ngela Mena - Fundaci\u00f3n Caja Rural del Sur","og_description":"&nbsp; Descripci\u00f3n\u00a0 La fuerza oculta en el color\u00a0 Como ya anunciaba el cr\u00edtico de Arte Juan Bosco D\u00edaz-Urmeneta, en el diario de Sevilla respecto a\u00a0 mi trabajo, \u201cel color impulsa [&hellip;]","og_url":"https:\/\/fundacioncajaruraldelsur.com\/pt\/evento\/exposicion-de-pintura-de-angela-mena\/","og_site_name":"Fundaci\u00f3n Caja Rural del Sur","og_image":[{"width":1926,"height":500,"url":"https:\/\/fundacioncajaruraldelsur.com\/wp-content\/uploads\/2020\/09\/Pintura_pinceles.jpg","type":"image\/jpeg"}],"twitter_card":"summary_large_image","twitter_misc":{"Est. reading time":"4 minutes"},"schema":{"@context":"https:\/\/schema.org","@graph":[{"@type":"WebPage","@id":"https:\/\/fundacioncajaruraldelsur.com\/evento\/exposicion-de-pintura-de-angela-mena\/","url":"https:\/\/fundacioncajaruraldelsur.com\/evento\/exposicion-de-pintura-de-angela-mena\/","name":"Exposici\u00f3n de pintura de \u00c1ngela Mena - Fundaci\u00f3n Caja Rural del Sur","isPartOf":{"@id":"https:\/\/fundacioncajaruraldelsur.com\/#website"},"primaryImageOfPage":{"@id":"https:\/\/fundacioncajaruraldelsur.com\/evento\/exposicion-de-pintura-de-angela-mena\/#primaryimage"},"image":{"@id":"https:\/\/fundacioncajaruraldelsur.com\/evento\/exposicion-de-pintura-de-angela-mena\/#primaryimage"},"thumbnailUrl":"https:\/\/fundacioncajaruraldelsur.com\/wp-content\/uploads\/2020\/09\/Pintura_pinceles.jpg","datePublished":"2022-01-28T10:58:19+00:00","breadcrumb":{"@id":"https:\/\/fundacioncajaruraldelsur.com\/evento\/exposicion-de-pintura-de-angela-mena\/#breadcrumb"},"inLanguage":"pt-PT","potentialAction":[{"@type":"ReadAction","target":["https:\/\/fundacioncajaruraldelsur.com\/evento\/exposicion-de-pintura-de-angela-mena\/"]}]},{"@type":"ImageObject","inLanguage":"pt-PT","@id":"https:\/\/fundacioncajaruraldelsur.com\/evento\/exposicion-de-pintura-de-angela-mena\/#primaryimage","url":"https:\/\/fundacioncajaruraldelsur.com\/wp-content\/uploads\/2020\/09\/Pintura_pinceles.jpg","contentUrl":"https:\/\/fundacioncajaruraldelsur.com\/wp-content\/uploads\/2020\/09\/Pintura_pinceles.jpg","width":1926,"height":500},{"@type":"BreadcrumbList","@id":"https:\/\/fundacioncajaruraldelsur.com\/evento\/exposicion-de-pintura-de-angela-mena\/#breadcrumb","itemListElement":[{"@type":"ListItem","position":1,"name":"Portada","item":"https:\/\/fundacioncajaruraldelsur.com\/"},{"@type":"ListItem","position":2,"name":"Eventos","item":"https:\/\/fundacioncajaruraldelsur.com\/eventos\/"},{"@type":"ListItem","position":3,"name":"Exposici\u00f3n de pintura de \u00c1ngela Mena"}]},{"@type":"WebSite","@id":"https:\/\/fundacioncajaruraldelsur.com\/#website","url":"https:\/\/fundacioncajaruraldelsur.com\/","name":"Funda\u00e7\u00e3o Caja Rural del Sur","description":"","potentialAction":[{"@type":"SearchAction","target":{"@type":"EntryPoint","urlTemplate":"https:\/\/fundacioncajaruraldelsur.com\/?s={search_term_string}"},"query-input":{"@type":"PropertyValueSpecification","valueRequired":true,"valueName":"search_term_string"}}],"inLanguage":"pt-PT"}]}},"_links":{"self":[{"href":"https:\/\/fundacioncajaruraldelsur.com\/pt\/wp-json\/wp\/v2\/tribe_events\/7178","targetHints":{"allow":["GET"]}}],"collection":[{"href":"https:\/\/fundacioncajaruraldelsur.com\/pt\/wp-json\/wp\/v2\/tribe_events"}],"about":[{"href":"https:\/\/fundacioncajaruraldelsur.com\/pt\/wp-json\/wp\/v2\/types\/tribe_events"}],"author":[{"embeddable":true,"href":"https:\/\/fundacioncajaruraldelsur.com\/pt\/wp-json\/wp\/v2\/users\/8"}],"version-history":[{"count":1,"href":"https:\/\/fundacioncajaruraldelsur.com\/pt\/wp-json\/wp\/v2\/tribe_events\/7178\/revisions"}],"predecessor-version":[{"id":7180,"href":"https:\/\/fundacioncajaruraldelsur.com\/pt\/wp-json\/wp\/v2\/tribe_events\/7178\/revisions\/7180"}],"wp:featuredmedia":[{"embeddable":true,"href":"https:\/\/fundacioncajaruraldelsur.com\/pt\/wp-json\/wp\/v2\/media\/5893"}],"wp:attachment":[{"href":"https:\/\/fundacioncajaruraldelsur.com\/pt\/wp-json\/wp\/v2\/media?parent=7178"}],"wp:term":[{"taxonomy":"post_tag","embeddable":true,"href":"https:\/\/fundacioncajaruraldelsur.com\/pt\/wp-json\/wp\/v2\/tags?post=7178"},{"taxonomy":"tribe_events_cat","embeddable":true,"href":"https:\/\/fundacioncajaruraldelsur.com\/pt\/wp-json\/wp\/v2\/tribe_events_cat?post=7178"}],"curies":[{"name":"wp","href":"https:\/\/api.w.org\/{rel}","templated":true}]}}