{"id":7145,"date":"2022-01-22T00:48:54","date_gmt":"2022-01-21T22:48:54","guid":{"rendered":"\/?post_type=tribe_events&#038;p=7145"},"modified":"2022-01-22T00:48:54","modified_gmt":"2022-01-21T22:48:54","slug":"presentacion-del-cuento-lula-las-alas-del-amanecer-de-rafael-gil-pina","status":"publish","type":"tribe_events","link":"https:\/\/fundacioncajaruraldelsur.com\/pt\/evento\/presentacion-del-cuento-lula-las-alas-del-amanecer-de-rafael-gil-pina\/","title":{"rendered":"Presentaci\u00f3n del cuento: &#8216;Lula, Las alas del amanecer&#8217;, de Rafael Gil Pi\u00f1a"},"content":{"rendered":"<p>&nbsp;<\/p>\n<p>&nbsp;<\/p>\n<p><a href=\"\/wp-content\/uploads\/2022\/01\/Cartel-Cuento-Lula-2022-01-18-AAA-scaled.jpg\" rel=\"lightbox-0\"><img loading=\"lazy\" decoding=\"async\" class=\"aligncenter wp-image-7146 size-full\" src=\"\/wp-content\/uploads\/2022\/01\/Cartel-Cuento-Lula-2022-01-18-AAA-scaled.jpg\" alt=\"\" width=\"1767\" height=\"2560\" srcset=\"https:\/\/fundacioncajaruraldelsur.com\/wp-content\/uploads\/2022\/01\/Cartel-Cuento-Lula-2022-01-18-AAA-scaled.jpg 1767w, https:\/\/fundacioncajaruraldelsur.com\/wp-content\/uploads\/2022\/01\/Cartel-Cuento-Lula-2022-01-18-AAA-207x300.jpg 207w, https:\/\/fundacioncajaruraldelsur.com\/wp-content\/uploads\/2022\/01\/Cartel-Cuento-Lula-2022-01-18-AAA-707x1024.jpg 707w, https:\/\/fundacioncajaruraldelsur.com\/wp-content\/uploads\/2022\/01\/Cartel-Cuento-Lula-2022-01-18-AAA-768x1112.jpg 768w, https:\/\/fundacioncajaruraldelsur.com\/wp-content\/uploads\/2022\/01\/Cartel-Cuento-Lula-2022-01-18-AAA-1060x1536.jpg 1060w, https:\/\/fundacioncajaruraldelsur.com\/wp-content\/uploads\/2022\/01\/Cartel-Cuento-Lula-2022-01-18-AAA-1414x2048.jpg 1414w\" sizes=\"auto, (max-width: 1767px) 100vw, 1767px\" \/><\/a><\/p>\n<h3><b>LULA, LAS ALAS DEL AMANECER<\/b><\/h3>\n<p><span style=\"font-weight: 400;\">Este cuento escrito por Rafael Gil Pi\u00f1a, narra la historia de un ser que no existe en el mundo real pero s\u00ed en el interior de cada persona. Alude a lo que todas y todos deber\u00edamos ser y tambi\u00e9n a aquello a lo que, en ocasiones, rehusamos ser.\u00a0\u00a0<\/span><\/p>\n<p><span style=\"font-weight: 400;\">Relata la vida de Lula desde que naci\u00f3; sus relaciones con la familia, sus amigos, su colegio, sus problemas, sus cosas buenas y malas y, en general, la influencia que sobre cualquiera puede tener el entorno que nos rodea.<\/span><\/p>\n<p><span style=\"font-weight: 400;\">Lula es una ventana a la esperanza de cambiar y avanzar para seguir creciendo y ser mejor en todos los sentidos.<\/span><\/p>\n<p><span style=\"font-weight: 400;\">Lula es la oportunidad y la libertad, aspectos necesarios en la vida de cualquier menor para poder ser aut\u00f3nomos y ser capaces de tomar sus propias decisiones con responsabilidad.<\/span><\/p>\n<p><span style=\"font-weight: 400;\">De la edici\u00f3n de esta publicaci\u00f3n se ha encargado Marcos Toti bajo el sello de NON PLUS Zalamea, quien tambi\u00e9n ha realizado las ilustraciones de este cuento con la inestimable aportaci\u00f3n del alumnado del CEIP La Picota, de Berrocal, y su diractora al frente, Eva V\u00e9lez Pichardo, quien ha coordinado este proyecto.\u00a0<\/span><\/p>\n<p><span style=\"font-weight: 400;\">Los beneficios de la venta de <\/span><b>Lula, las alas del amanecer, <\/b><span style=\"font-weight: 400;\">ir\u00e1n destinados \u00cdntegramente a la lucha contra el c\u00e1ncer infantil a trav\u00e9s de La Sonrisa de Rafa.<\/span><\/p>\n<h3><b>CURRICULUM VITAE DR RAFAEL GIL PI\u00d1A<\/b><\/h3>\n<p><span style=\"font-weight: 400;\">-Licenciado en Medicina por la Universidad de M\u00e1laga en 1981.<\/span><\/p>\n<p><span style=\"font-weight: 400;\">-Especialista en Oftalmolog\u00eda por la Universidad de Sevilla.<\/span><\/p>\n<p><span style=\"font-weight: 400;\">-Oftalm\u00f3logo del Servicio Andaluz de Salud desde el a\u00f1o 1983-2014.<\/span><\/p>\n<p><span style=\"font-weight: 400;\">-Adjunto de Oftalmolog\u00eda del Hospital Juan Ram\u00f3n Jim\u00e9nez desde 1991-2014.<\/span><\/p>\n<p><span style=\"font-weight: 400;\">-Adjunto de Glaucoma en Hospital Juan Ram\u00f3n Jim\u00e9nez desde 2007 a 2014.<\/span><\/p>\n<p><span style=\"font-weight: 400;\">-Jefe de Servicio de Oftalmolog\u00eda del Hospital Quir\u00f3n-Salud Huelva 2013-actualidad.<\/span><\/p>\n<p><span style=\"font-weight: 400;\">-Director M\u00e9dico de la Cl\u00ednica Oftalmol\u00f3gica Gil Pi\u00f1a.<\/span><\/p>\n<p><span style=\"font-weight: 400;\">-Responsable de Glaucoma, superficie ocular y refractiva tanto del Hospital Quir\u00f3n Salud Huelva como de la Cl\u00ednica Gil Pi\u00f1a-<\/span><\/p>\n<h3><b>Publicaciones a nivel internacional:<\/b><\/h3>\n<p><span style=\"font-weight: 400;\">-2 art\u00edculos de glaucoma publicados en el Bristish Journal de Ophtalmologia.<\/span><\/p>\n<p><span style=\"font-weight: 400;\">-1 p\u00f3ster sobre estudio de Ganfort en el mundial de glaucoma de Vancouver.<\/span><\/p>\n<p><span style=\"font-weight: 400;\">-Estudio de gen\u00e9tica de glaucoma en el europeo de Copenhague.<\/span><\/p>\n<p><span style=\"font-weight: 400;\">Es miembro de la Sociedad Espa\u00f1ola de Oftalmolog\u00eda; de la Sociedad Espa\u00f1ola de Glaucoma; del GESOC; del SECOIR y de la Sociedad Andaluza de Oftalmolog\u00eda.<\/span><\/p>\n<p>&nbsp;<\/p>\n<h3><span style=\"font-weight: 400;\">\u00a0<\/span><b>Trabajos de investigaci\u00f3n:<\/b><\/h3>\n<p><span style=\"font-weight: 400;\">-Estudio de gen\u00e9tica de glaucoma EMEIGG.<\/span><\/p>\n<p><span style=\"font-weight: 400;\">-Fase 3 del Ganfort monodosis.<\/span><\/p>\n<p><span style=\"font-weight: 400;\">-Fase 3 del Optava Fusion.<\/span><\/p>\n<p><span style=\"font-weight: 400;\">-Estudio Campos visuales Dr Go\u00f1i.<\/span><\/p>\n<p><span style=\"font-weight: 400;\">-Estudio acci\u00f3n Tafluprost.<\/span><\/p>\n<p><span style=\"font-weight: 400;\">-Posee varias publicaciones y p\u00f3ster a nivel nacional<\/span><\/p>\n<h3><b>Rafael Gil Pi\u00f1a<\/b><\/h3>\n<p><span style=\"font-weight: 400;\">Rafael Gil Pi\u00f1a nace en Marbella hace muchos a\u00f1os, cuando todav\u00eda era casi un barrio de pescadores.<\/span><\/p>\n<p><span style=\"font-weight: 400;\">De los 2 -9 a\u00f1os estudi\u00f3 en el Colegio Salesianos Mar\u00eda Auxiliadora de Marbella. Posteriormente, de los 10 a los 16 a\u00f1os prosigue con los Jesuitas en San Ignacio de Loyola de El Palo (M\u00e1laga)<\/span><\/p>\n<p><span style=\"font-weight: 400;\">Sus estudios de medicina los realiza de los 17 a los 23 a\u00f1os en la facultad de M\u00e1laga.<\/span><\/p>\n<p><span style=\"font-weight: 400;\">Desde el a\u00f1o 1.983 se traslada a Huelva donde comienza a trabajar, primero de ayudante de ambulatorio de Oftalmolog\u00eda y posteriormente adjunto de Oftalmolog\u00eda. Se siente \u201cmitad boquer\u00f3n y mitad choco\u201d.<\/span><\/p>\n<p><span style=\"font-weight: 400;\">Durante varios a\u00f1os estuvo en la ONG Ibermed en Ecuador y Rep\u00fablica Dominicana. Ha sido Scout y m\u00e9dico de scout del grupo Saltes durante 10 a\u00f1os.<\/span><\/p>\n<p><span style=\"font-weight: 400;\">Entre sus aficiones destacar que es un amante del baloncesto y \u201clos belenes\u201d, y un apasionado del mar y de la oftalmolog\u00eda.<\/span><\/p>\n<h3><b>Marcos Toti<\/b><\/h3>\n<p><span style=\"font-weight: 400;\">Nace en Huelva en 1975, aunque desde peque\u00f1o est\u00e1 vinculado por motivos familiares a Zalamea la Real, localidad de la Cuenca Minera de Riotinto. Sus primeros estudios art\u00edsticos los comienza en Huelva en la Academia de Dibujo y Pintura ARTE 2. En Sevilla, es alumno del profesor D. Roberto Reina durante el a\u00f1o anterior a su ingreso en la Facultad de Bellas Artes de Sevilla en 1996. En 1997 es becado por la Universidad de Sevilla para estudiar en la prestigiosa Escuela de Arts de Lyon, Francia. En el verano de 1998 comienza a impartir clases en el Centro de Artes Pl\u00e1sticas en Zalamea la Real donde desde entonces muchos veranos da cursos de dibujo y pintura. En Junio de 2001 finaliza la licenciatura de Bellas Artes en la Especialidad de Pintura en la misma facultad donde comenz\u00f3 sus estudios universitarios y en Abril de 2002 finaliza el Curso de Adaptaci\u00f3n Pedag\u00f3gica, (C.A.P.) en la Universidad de Sevilla.\u00a0<\/span><\/p>\n<p><span style=\"font-weight: 400;\">Ha trabajado como docente impartiendo clases de Artes Pl\u00e1sticas. Tambi\u00e9n ha trabajado en prensa escrita como redactor y como dise\u00f1ador grafico y en Antena Huelva Tv y Canal Luz Huelva como director ejerciendo adem\u00e1s de jefe de informativos y presentador.<\/span><\/p>\n<p><span style=\"font-weight: 400;\">Adem\u00e1s, aunque comenz\u00f3 colaborando desde su fundaci\u00f3n, en 1999 se hace cargo del peri\u00f3dico local y comarcal \u201cLa Voz de Zalamea\u201d hasta 2003.<\/span><\/p>\n<p><span style=\"font-weight: 400;\">Ha realizado art\u00edculos e ilustraciones para diversas revistas y peri\u00f3dicos,\u00a0 ha ilustrado cuentos y libros de relatos cortos y en los \u00faltimos a\u00f1os ha editado varios libros bajo el sello de NON PLUS Zalamea, entre ellos su primer poemario, Lo que la noche le debe al d\u00eda.<\/span><\/p>\n<p><span style=\"font-weight: 400;\">En el apartado pict\u00f3rico, ha participado en salones y cert\u00e1menes de pintura de toda Espa\u00f1a y su profusa obra se encuentra en colecciones privadas y p\u00fablicas de Europa, Asia y Am\u00e9rica.<\/span><\/p>\n<p>&nbsp;<\/p>","protected":false},"excerpt":{"rendered":"<p>&nbsp; &nbsp; LULA, LAS ALAS DEL AMANECER Este cuento escrito por Rafael Gil Pi\u00f1a, narra la historia de un ser que no existe en el mundo real pero s\u00ed en [&hellip;]<\/p>\n","protected":false},"author":8,"featured_media":5958,"template":"","meta":{"_tribe_events_status":"","_tribe_events_status_reason":"","_tribe_events_is_hybrid":"","_tribe_events_is_virtual":"","_tribe_events_virtual_video_source":"","_tribe_events_virtual_embed_video":"","_tribe_events_virtual_linked_button_text":"","_tribe_events_virtual_linked_button":"","_tribe_events_virtual_show_embed_at":"","_tribe_events_virtual_show_embed_to":[],"_tribe_events_virtual_show_on_event":"","_tribe_events_virtual_show_on_views":"","_tribe_events_virtual_url":"","footnotes":""},"tags":[],"tribe_events_cat":[124],"class_list":["post-7145","tribe_events","type-tribe_events","status-publish","has-post-thumbnail","hentry","tribe_events_cat-presentaciones","cat_presentaciones"],"yoast_head":"<!-- This site is optimized with the Yoast SEO plugin v27.3 - https:\/\/yoast.com\/product\/yoast-seo-wordpress\/ -->\n<title>Presentaci\u00f3n del cuento: &#039;Lula, Las alas del amanecer&#039;, de Rafael Gil Pi\u00f1a - Fundaci\u00f3n Caja Rural del Sur<\/title>\n<meta name=\"description\" content=\"Presentamos en nuestra sede de Huelva la obra Lula, las alas del amanecer, de Rafael Gil Pi\u00f1a el pr\u00f3ximo 27 de enero.\" \/>\n<meta name=\"robots\" content=\"index, follow, max-snippet:-1, max-image-preview:large, max-video-preview:-1\" \/>\n<link rel=\"canonical\" href=\"https:\/\/fundacioncajaruraldelsur.com\/pt\/evento\/presentacion-del-cuento-lula-las-alas-del-amanecer-de-rafael-gil-pina\/\" \/>\n<meta property=\"og:locale\" content=\"pt_PT\" \/>\n<meta property=\"og:type\" content=\"article\" \/>\n<meta property=\"og:title\" content=\"Presentaci\u00f3n del cuento: &#039;Lula, Las alas del amanecer&#039;, de Rafael Gil Pi\u00f1a - Fundaci\u00f3n Caja Rural del Sur\" \/>\n<meta property=\"og:description\" content=\"Presentamos en nuestra sede de Huelva la obra Lula, las alas del amanecer, de Rafael Gil Pi\u00f1a el pr\u00f3ximo 27 de enero.\" \/>\n<meta property=\"og:url\" content=\"https:\/\/fundacioncajaruraldelsur.com\/pt\/evento\/presentacion-del-cuento-lula-las-alas-del-amanecer-de-rafael-gil-pina\/\" \/>\n<meta property=\"og:site_name\" content=\"Fundaci\u00f3n Caja Rural del Sur\" \/>\n<meta property=\"og:image\" content=\"https:\/\/fundacioncajaruraldelsur.com\/wp-content\/uploads\/2020\/09\/libro_ella.jpg\" \/>\n\t<meta property=\"og:image:width\" content=\"1909\" \/>\n\t<meta property=\"og:image:height\" content=\"500\" \/>\n\t<meta property=\"og:image:type\" content=\"image\/jpeg\" \/>\n<meta name=\"twitter:card\" content=\"summary_large_image\" \/>\n<meta name=\"twitter:label1\" content=\"Est. reading time\" \/>\n\t<meta name=\"twitter:data1\" content=\"5 minutes\" \/>\n<script type=\"application\/ld+json\" class=\"yoast-schema-graph\">{\"@context\":\"https:\\\/\\\/schema.org\",\"@graph\":[{\"@type\":\"WebPage\",\"@id\":\"https:\\\/\\\/fundacioncajaruraldelsur.com\\\/evento\\\/presentacion-del-cuento-lula-las-alas-del-amanecer-de-rafael-gil-pina\\\/\",\"url\":\"https:\\\/\\\/fundacioncajaruraldelsur.com\\\/evento\\\/presentacion-del-cuento-lula-las-alas-del-amanecer-de-rafael-gil-pina\\\/\",\"name\":\"Presentaci\u00f3n del cuento: 'Lula, Las alas del amanecer', de Rafael Gil Pi\u00f1a - Fundaci\u00f3n Caja Rural del Sur\",\"isPartOf\":{\"@id\":\"https:\\\/\\\/fundacioncajaruraldelsur.com\\\/#website\"},\"primaryImageOfPage\":{\"@id\":\"https:\\\/\\\/fundacioncajaruraldelsur.com\\\/evento\\\/presentacion-del-cuento-lula-las-alas-del-amanecer-de-rafael-gil-pina\\\/#primaryimage\"},\"image\":{\"@id\":\"https:\\\/\\\/fundacioncajaruraldelsur.com\\\/evento\\\/presentacion-del-cuento-lula-las-alas-del-amanecer-de-rafael-gil-pina\\\/#primaryimage\"},\"thumbnailUrl\":\"https:\\\/\\\/fundacioncajaruraldelsur.com\\\/wp-content\\\/uploads\\\/2020\\\/09\\\/libro_ella.jpg\",\"datePublished\":\"2022-01-21T22:48:54+00:00\",\"description\":\"Presentamos en nuestra sede de Huelva la obra Lula, las alas del amanecer, de Rafael Gil Pi\u00f1a el pr\u00f3ximo 27 de enero.\",\"breadcrumb\":{\"@id\":\"https:\\\/\\\/fundacioncajaruraldelsur.com\\\/evento\\\/presentacion-del-cuento-lula-las-alas-del-amanecer-de-rafael-gil-pina\\\/#breadcrumb\"},\"inLanguage\":\"pt-PT\",\"potentialAction\":[{\"@type\":\"ReadAction\",\"target\":[\"https:\\\/\\\/fundacioncajaruraldelsur.com\\\/evento\\\/presentacion-del-cuento-lula-las-alas-del-amanecer-de-rafael-gil-pina\\\/\"]}]},{\"@type\":\"ImageObject\",\"inLanguage\":\"pt-PT\",\"@id\":\"https:\\\/\\\/fundacioncajaruraldelsur.com\\\/evento\\\/presentacion-del-cuento-lula-las-alas-del-amanecer-de-rafael-gil-pina\\\/#primaryimage\",\"url\":\"https:\\\/\\\/fundacioncajaruraldelsur.com\\\/wp-content\\\/uploads\\\/2020\\\/09\\\/libro_ella.jpg\",\"contentUrl\":\"https:\\\/\\\/fundacioncajaruraldelsur.com\\\/wp-content\\\/uploads\\\/2020\\\/09\\\/libro_ella.jpg\",\"width\":1909,\"height\":500},{\"@type\":\"BreadcrumbList\",\"@id\":\"https:\\\/\\\/fundacioncajaruraldelsur.com\\\/evento\\\/presentacion-del-cuento-lula-las-alas-del-amanecer-de-rafael-gil-pina\\\/#breadcrumb\",\"itemListElement\":[{\"@type\":\"ListItem\",\"position\":1,\"name\":\"Portada\",\"item\":\"https:\\\/\\\/fundacioncajaruraldelsur.com\\\/\"},{\"@type\":\"ListItem\",\"position\":2,\"name\":\"Eventos\",\"item\":\"https:\\\/\\\/fundacioncajaruraldelsur.com\\\/eventos\\\/\"},{\"@type\":\"ListItem\",\"position\":3,\"name\":\"Presentaci\u00f3n del cuento: &#8216;Lula, Las alas del amanecer&#8217;, de Rafael Gil Pi\u00f1a\"}]},{\"@type\":\"WebSite\",\"@id\":\"https:\\\/\\\/fundacioncajaruraldelsur.com\\\/#website\",\"url\":\"https:\\\/\\\/fundacioncajaruraldelsur.com\\\/\",\"name\":\"Fundaci\u00f3n Caja Rural del Sur\",\"description\":\"\",\"potentialAction\":[{\"@type\":\"SearchAction\",\"target\":{\"@type\":\"EntryPoint\",\"urlTemplate\":\"https:\\\/\\\/fundacioncajaruraldelsur.com\\\/?s={search_term_string}\"},\"query-input\":{\"@type\":\"PropertyValueSpecification\",\"valueRequired\":true,\"valueName\":\"search_term_string\"}}],\"inLanguage\":\"pt-PT\"}]}<\/script>\n<!-- \/ Yoast SEO plugin. -->","yoast_head_json":{"title":"Presentaci\u00f3n del cuento: 'Lula, Las alas del amanecer', de Rafael Gil Pi\u00f1a - Fundaci\u00f3n Caja Rural del Sur","description":"Presentamos en nuestra sede de Huelva la obra Lula, las alas del amanecer, de Rafael Gil Pi\u00f1a el pr\u00f3ximo 27 de enero.","robots":{"index":"index","follow":"follow","max-snippet":"max-snippet:-1","max-image-preview":"max-image-preview:large","max-video-preview":"max-video-preview:-1"},"canonical":"https:\/\/fundacioncajaruraldelsur.com\/pt\/evento\/presentacion-del-cuento-lula-las-alas-del-amanecer-de-rafael-gil-pina\/","og_locale":"pt_PT","og_type":"article","og_title":"Presentaci\u00f3n del cuento: 'Lula, Las alas del amanecer', de Rafael Gil Pi\u00f1a - Fundaci\u00f3n Caja Rural del Sur","og_description":"Presentamos en nuestra sede de Huelva la obra Lula, las alas del amanecer, de Rafael Gil Pi\u00f1a el pr\u00f3ximo 27 de enero.","og_url":"https:\/\/fundacioncajaruraldelsur.com\/pt\/evento\/presentacion-del-cuento-lula-las-alas-del-amanecer-de-rafael-gil-pina\/","og_site_name":"Fundaci\u00f3n Caja Rural del Sur","og_image":[{"width":1909,"height":500,"url":"https:\/\/fundacioncajaruraldelsur.com\/wp-content\/uploads\/2020\/09\/libro_ella.jpg","type":"image\/jpeg"}],"twitter_card":"summary_large_image","twitter_misc":{"Est. reading time":"5 minutes"},"schema":{"@context":"https:\/\/schema.org","@graph":[{"@type":"WebPage","@id":"https:\/\/fundacioncajaruraldelsur.com\/evento\/presentacion-del-cuento-lula-las-alas-del-amanecer-de-rafael-gil-pina\/","url":"https:\/\/fundacioncajaruraldelsur.com\/evento\/presentacion-del-cuento-lula-las-alas-del-amanecer-de-rafael-gil-pina\/","name":"Presentaci\u00f3n del cuento: 'Lula, Las alas del amanecer', de Rafael Gil Pi\u00f1a - Fundaci\u00f3n Caja Rural del Sur","isPartOf":{"@id":"https:\/\/fundacioncajaruraldelsur.com\/#website"},"primaryImageOfPage":{"@id":"https:\/\/fundacioncajaruraldelsur.com\/evento\/presentacion-del-cuento-lula-las-alas-del-amanecer-de-rafael-gil-pina\/#primaryimage"},"image":{"@id":"https:\/\/fundacioncajaruraldelsur.com\/evento\/presentacion-del-cuento-lula-las-alas-del-amanecer-de-rafael-gil-pina\/#primaryimage"},"thumbnailUrl":"https:\/\/fundacioncajaruraldelsur.com\/wp-content\/uploads\/2020\/09\/libro_ella.jpg","datePublished":"2022-01-21T22:48:54+00:00","description":"Presentamos en nuestra sede de Huelva la obra Lula, las alas del amanecer, de Rafael Gil Pi\u00f1a el pr\u00f3ximo 27 de enero.","breadcrumb":{"@id":"https:\/\/fundacioncajaruraldelsur.com\/evento\/presentacion-del-cuento-lula-las-alas-del-amanecer-de-rafael-gil-pina\/#breadcrumb"},"inLanguage":"pt-PT","potentialAction":[{"@type":"ReadAction","target":["https:\/\/fundacioncajaruraldelsur.com\/evento\/presentacion-del-cuento-lula-las-alas-del-amanecer-de-rafael-gil-pina\/"]}]},{"@type":"ImageObject","inLanguage":"pt-PT","@id":"https:\/\/fundacioncajaruraldelsur.com\/evento\/presentacion-del-cuento-lula-las-alas-del-amanecer-de-rafael-gil-pina\/#primaryimage","url":"https:\/\/fundacioncajaruraldelsur.com\/wp-content\/uploads\/2020\/09\/libro_ella.jpg","contentUrl":"https:\/\/fundacioncajaruraldelsur.com\/wp-content\/uploads\/2020\/09\/libro_ella.jpg","width":1909,"height":500},{"@type":"BreadcrumbList","@id":"https:\/\/fundacioncajaruraldelsur.com\/evento\/presentacion-del-cuento-lula-las-alas-del-amanecer-de-rafael-gil-pina\/#breadcrumb","itemListElement":[{"@type":"ListItem","position":1,"name":"Portada","item":"https:\/\/fundacioncajaruraldelsur.com\/"},{"@type":"ListItem","position":2,"name":"Eventos","item":"https:\/\/fundacioncajaruraldelsur.com\/eventos\/"},{"@type":"ListItem","position":3,"name":"Presentaci\u00f3n del cuento: &#8216;Lula, Las alas del amanecer&#8217;, de Rafael Gil Pi\u00f1a"}]},{"@type":"WebSite","@id":"https:\/\/fundacioncajaruraldelsur.com\/#website","url":"https:\/\/fundacioncajaruraldelsur.com\/","name":"Funda\u00e7\u00e3o Caja Rural del Sur","description":"","potentialAction":[{"@type":"SearchAction","target":{"@type":"EntryPoint","urlTemplate":"https:\/\/fundacioncajaruraldelsur.com\/?s={search_term_string}"},"query-input":{"@type":"PropertyValueSpecification","valueRequired":true,"valueName":"search_term_string"}}],"inLanguage":"pt-PT"}]}},"_links":{"self":[{"href":"https:\/\/fundacioncajaruraldelsur.com\/pt\/wp-json\/wp\/v2\/tribe_events\/7145","targetHints":{"allow":["GET"]}}],"collection":[{"href":"https:\/\/fundacioncajaruraldelsur.com\/pt\/wp-json\/wp\/v2\/tribe_events"}],"about":[{"href":"https:\/\/fundacioncajaruraldelsur.com\/pt\/wp-json\/wp\/v2\/types\/tribe_events"}],"author":[{"embeddable":true,"href":"https:\/\/fundacioncajaruraldelsur.com\/pt\/wp-json\/wp\/v2\/users\/8"}],"version-history":[{"count":1,"href":"https:\/\/fundacioncajaruraldelsur.com\/pt\/wp-json\/wp\/v2\/tribe_events\/7145\/revisions"}],"predecessor-version":[{"id":7147,"href":"https:\/\/fundacioncajaruraldelsur.com\/pt\/wp-json\/wp\/v2\/tribe_events\/7145\/revisions\/7147"}],"wp:featuredmedia":[{"embeddable":true,"href":"https:\/\/fundacioncajaruraldelsur.com\/pt\/wp-json\/wp\/v2\/media\/5958"}],"wp:attachment":[{"href":"https:\/\/fundacioncajaruraldelsur.com\/pt\/wp-json\/wp\/v2\/media?parent=7145"}],"wp:term":[{"taxonomy":"post_tag","embeddable":true,"href":"https:\/\/fundacioncajaruraldelsur.com\/pt\/wp-json\/wp\/v2\/tags?post=7145"},{"taxonomy":"tribe_events_cat","embeddable":true,"href":"https:\/\/fundacioncajaruraldelsur.com\/pt\/wp-json\/wp\/v2\/tribe_events_cat?post=7145"}],"curies":[{"name":"wp","href":"https:\/\/api.w.org\/{rel}","templated":true}]}}