{"id":7035,"date":"2021-12-22T10:16:36","date_gmt":"2021-12-22T08:16:36","guid":{"rendered":"\/?post_type=tribe_events&#038;p=7035"},"modified":"2021-12-22T10:16:36","modified_gmt":"2021-12-22T08:16:36","slug":"exposicion-en-la-fundacion-caja-rural-del-sur-en-sevilla-familia-canada-un-siglo-en-el-arte-1895-2022","status":"publish","type":"tribe_events","link":"https:\/\/fundacioncajaruraldelsur.com\/pt\/evento\/exposicion-en-la-fundacion-caja-rural-del-sur-en-sevilla-familia-canada-un-siglo-en-el-arte-1895-2022\/","title":{"rendered":"Exposici\u00f3n en la Fundaci\u00f3n Caja Rural del Sur en Sevilla: Familia Ca\u00f1ada, un siglo en el arte &#8211; 1895\/2022"},"content":{"rendered":"<p>La Fundaci\u00f3n Caja Rural del Sur en Sevilla acoge <strong>desde el 11 de enero al 31 de enero de 2022<\/strong> la exposici\u00f3n <strong>\u00abFamilia Ca\u00f1ada, un siglo en el arte, 1895\/2022\u00bb.<\/strong> El horario de la exposici\u00f3n es de lunes a viernes de\u00a0 10 a 14 horas y de 18 a 21 horas, en el Centro Cultural Jos\u00e9 Luis Garc\u00eda Palacios, sede de exposiciones, en la Calle Murillo, 2.<\/p>\n<p>Con esta exposici\u00f3n de la Familia Ca\u00f1ada pretende dar a conocer un acontecimiento nada habitual, ya que durante m\u00e1s de 120 a\u00f1os se ha transmitido el inter\u00e9s por las bellas artes, sobre todo pintura y escultura, de padres a hijos en nuestra familia, dando lugar a obras nada despreciables.<\/p>\n<p>El primero en dedicarse a pintar y modelar fue Enrique Ca\u00f1ada P\u00e9rez, nacido en 1881, que estudi\u00f3 Bellas Artes en M\u00e1laga y fue profesor de la Escuela de Artes y Oficios de Ja\u00e9n, ciudad donde naci\u00f3. Pero su sustento no proven\u00eda del ejercicio de la docencia o de la pintura, sino de un negocio propio, aunque vendiera algunas obras. Esta particularidad se ha mantenido en sus descendientes, de los que ninguno ha vivido de ejercer esas artes, excepto los miembros m\u00e1s j\u00f3venes, dos licenciadas en Bellas Artes. As\u00ed que \u00abpintamos fundamentalmente porque nos gusta y disfrutamos con ello, por amor al arte, nunca mejor dicho\u00bb, indican.<\/p>\n<p>Este amor y esta afici\u00f3n\u00a0 se lo trasmiti\u00f3 Enrique Ca\u00f1ada P\u00e9rez a uno de sus hijos, \u00e9ste a sus dos hijos, \u00e9stos a sus hijas, y una de ellas a los suyos, tataranietos de aquel Enrique, fundador de la saga.<\/p>\n<p>Los estilos pict\u00f3ricos var\u00edan, como es l\u00f3gico, de unos a otros, yendo del clasicismo a la abstracci\u00f3n, pasando por diferentes formas expresivas, muy curiosas de contemplar.<\/p>\n<p><a href=\"\/wp-content\/uploads\/2021\/12\/cartel-canada.jpg\" rel=\"lightbox-0\"><img loading=\"lazy\" decoding=\"async\" class=\"wp-image-7036 size-full aligncenter\" src=\"\/wp-content\/uploads\/2021\/12\/cartel-canada.jpg\" alt=\"\" width=\"414\" height=\"589\" srcset=\"https:\/\/fundacioncajaruraldelsur.com\/wp-content\/uploads\/2021\/12\/cartel-canada.jpg 414w, https:\/\/fundacioncajaruraldelsur.com\/wp-content\/uploads\/2021\/12\/cartel-canada-211x300.jpg 211w\" sizes=\"auto, (max-width: 414px) 100vw, 414px\" \/><\/a><\/p>","protected":false},"excerpt":{"rendered":"<p>La Fundaci\u00f3n Caja Rural del Sur en Sevilla acoge desde el 11 de enero al 31 de enero de 2022 la exposici\u00f3n \u00abFamilia Ca\u00f1ada, un siglo en el arte, 1895\/2022\u00bb. [&hellip;]<\/p>\n","protected":false},"author":6,"featured_media":7037,"template":"","meta":{"_tribe_events_status":"","_tribe_events_status_reason":"","_tribe_events_is_hybrid":"","_tribe_events_is_virtual":"","_tribe_events_virtual_video_source":"","_tribe_events_virtual_embed_video":"","_tribe_events_virtual_linked_button_text":"","_tribe_events_virtual_linked_button":"","_tribe_events_virtual_show_embed_at":"","_tribe_events_virtual_show_embed_to":[],"_tribe_events_virtual_show_on_event":"","_tribe_events_virtual_show_on_views":"","_tribe_events_virtual_url":"","footnotes":""},"tags":[],"tribe_events_cat":[62],"class_list":["post-7035","tribe_events","type-tribe_events","status-publish","has-post-thumbnail","hentry","tribe_events_cat-exposiciones","cat_exposiciones"],"yoast_head":"<!-- This site is optimized with the Yoast SEO plugin v27.3 - https:\/\/yoast.com\/product\/yoast-seo-wordpress\/ -->\n<title>Exposici\u00f3n en la Fundaci\u00f3n Caja Rural del Sur en Sevilla: Familia Ca\u00f1ada, un siglo en el arte - 1895\/2022 - Fundaci\u00f3n Caja Rural del Sur<\/title>\n<meta name=\"robots\" content=\"index, follow, max-snippet:-1, max-image-preview:large, max-video-preview:-1\" \/>\n<link rel=\"canonical\" href=\"https:\/\/fundacioncajaruraldelsur.com\/pt\/evento\/exposicion-en-la-fundacion-caja-rural-del-sur-en-sevilla-familia-canada-un-siglo-en-el-arte-1895-2022\/\" \/>\n<meta property=\"og:locale\" content=\"pt_PT\" \/>\n<meta property=\"og:type\" content=\"article\" \/>\n<meta property=\"og:title\" content=\"Exposici\u00f3n en la Fundaci\u00f3n Caja Rural del Sur en Sevilla: Familia Ca\u00f1ada, un siglo en el arte - 1895\/2022 - Fundaci\u00f3n Caja Rural del Sur\" \/>\n<meta property=\"og:description\" content=\"La Fundaci\u00f3n Caja Rural del Sur en Sevilla acoge desde el 11 de enero al 31 de enero de 2022 la exposici\u00f3n \u00abFamilia Ca\u00f1ada, un siglo en el arte, 1895\/2022\u00bb. [&hellip;]\" \/>\n<meta property=\"og:url\" content=\"https:\/\/fundacioncajaruraldelsur.com\/pt\/evento\/exposicion-en-la-fundacion-caja-rural-del-sur-en-sevilla-familia-canada-un-siglo-en-el-arte-1895-2022\/\" \/>\n<meta property=\"og:site_name\" content=\"Fundaci\u00f3n Caja Rural del Sur\" \/>\n<meta property=\"og:image\" content=\"https:\/\/fundacioncajaruraldelsur.com\/wp-content\/uploads\/2021\/12\/cartel-portada.jpg\" \/>\n\t<meta property=\"og:image:width\" content=\"872\" \/>\n\t<meta property=\"og:image:height\" content=\"591\" \/>\n\t<meta property=\"og:image:type\" content=\"image\/jpeg\" \/>\n<meta name=\"twitter:card\" content=\"summary_large_image\" \/>\n<meta name=\"twitter:label1\" content=\"Est. reading time\" \/>\n\t<meta name=\"twitter:data1\" content=\"2 minutes\" \/>\n<script type=\"application\/ld+json\" class=\"yoast-schema-graph\">{\"@context\":\"https:\\\/\\\/schema.org\",\"@graph\":[{\"@type\":\"WebPage\",\"@id\":\"https:\\\/\\\/fundacioncajaruraldelsur.com\\\/evento\\\/exposicion-en-la-fundacion-caja-rural-del-sur-en-sevilla-familia-canada-un-siglo-en-el-arte-1895-2022\\\/\",\"url\":\"https:\\\/\\\/fundacioncajaruraldelsur.com\\\/evento\\\/exposicion-en-la-fundacion-caja-rural-del-sur-en-sevilla-familia-canada-un-siglo-en-el-arte-1895-2022\\\/\",\"name\":\"Exposici\u00f3n en la Fundaci\u00f3n Caja Rural del Sur en Sevilla: Familia Ca\u00f1ada, un siglo en el arte - 1895\\\/2022 - Fundaci\u00f3n Caja Rural del Sur\",\"isPartOf\":{\"@id\":\"https:\\\/\\\/fundacioncajaruraldelsur.com\\\/#website\"},\"primaryImageOfPage\":{\"@id\":\"https:\\\/\\\/fundacioncajaruraldelsur.com\\\/evento\\\/exposicion-en-la-fundacion-caja-rural-del-sur-en-sevilla-familia-canada-un-siglo-en-el-arte-1895-2022\\\/#primaryimage\"},\"image\":{\"@id\":\"https:\\\/\\\/fundacioncajaruraldelsur.com\\\/evento\\\/exposicion-en-la-fundacion-caja-rural-del-sur-en-sevilla-familia-canada-un-siglo-en-el-arte-1895-2022\\\/#primaryimage\"},\"thumbnailUrl\":\"https:\\\/\\\/fundacioncajaruraldelsur.com\\\/wp-content\\\/uploads\\\/2021\\\/12\\\/cartel-portada.jpg\",\"datePublished\":\"2021-12-22T08:16:36+00:00\",\"breadcrumb\":{\"@id\":\"https:\\\/\\\/fundacioncajaruraldelsur.com\\\/evento\\\/exposicion-en-la-fundacion-caja-rural-del-sur-en-sevilla-familia-canada-un-siglo-en-el-arte-1895-2022\\\/#breadcrumb\"},\"inLanguage\":\"pt-PT\",\"potentialAction\":[{\"@type\":\"ReadAction\",\"target\":[\"https:\\\/\\\/fundacioncajaruraldelsur.com\\\/evento\\\/exposicion-en-la-fundacion-caja-rural-del-sur-en-sevilla-familia-canada-un-siglo-en-el-arte-1895-2022\\\/\"]}]},{\"@type\":\"ImageObject\",\"inLanguage\":\"pt-PT\",\"@id\":\"https:\\\/\\\/fundacioncajaruraldelsur.com\\\/evento\\\/exposicion-en-la-fundacion-caja-rural-del-sur-en-sevilla-familia-canada-un-siglo-en-el-arte-1895-2022\\\/#primaryimage\",\"url\":\"https:\\\/\\\/fundacioncajaruraldelsur.com\\\/wp-content\\\/uploads\\\/2021\\\/12\\\/cartel-portada.jpg\",\"contentUrl\":\"https:\\\/\\\/fundacioncajaruraldelsur.com\\\/wp-content\\\/uploads\\\/2021\\\/12\\\/cartel-portada.jpg\",\"width\":872,\"height\":591},{\"@type\":\"BreadcrumbList\",\"@id\":\"https:\\\/\\\/fundacioncajaruraldelsur.com\\\/evento\\\/exposicion-en-la-fundacion-caja-rural-del-sur-en-sevilla-familia-canada-un-siglo-en-el-arte-1895-2022\\\/#breadcrumb\",\"itemListElement\":[{\"@type\":\"ListItem\",\"position\":1,\"name\":\"Portada\",\"item\":\"https:\\\/\\\/fundacioncajaruraldelsur.com\\\/\"},{\"@type\":\"ListItem\",\"position\":2,\"name\":\"Eventos\",\"item\":\"https:\\\/\\\/fundacioncajaruraldelsur.com\\\/eventos\\\/\"},{\"@type\":\"ListItem\",\"position\":3,\"name\":\"Exposici\u00f3n en la Fundaci\u00f3n Caja Rural del Sur en Sevilla: Familia Ca\u00f1ada, un siglo en el arte &#8211; 1895\\\/2022\"}]},{\"@type\":\"WebSite\",\"@id\":\"https:\\\/\\\/fundacioncajaruraldelsur.com\\\/#website\",\"url\":\"https:\\\/\\\/fundacioncajaruraldelsur.com\\\/\",\"name\":\"Fundaci\u00f3n Caja Rural del Sur\",\"description\":\"\",\"potentialAction\":[{\"@type\":\"SearchAction\",\"target\":{\"@type\":\"EntryPoint\",\"urlTemplate\":\"https:\\\/\\\/fundacioncajaruraldelsur.com\\\/?s={search_term_string}\"},\"query-input\":{\"@type\":\"PropertyValueSpecification\",\"valueRequired\":true,\"valueName\":\"search_term_string\"}}],\"inLanguage\":\"pt-PT\"}]}<\/script>\n<!-- \/ Yoast SEO plugin. -->","yoast_head_json":{"title":"Exposici\u00f3n en la Fundaci\u00f3n Caja Rural del Sur en Sevilla: Familia Ca\u00f1ada, un siglo en el arte - 1895\/2022 - Fundaci\u00f3n Caja Rural del Sur","robots":{"index":"index","follow":"follow","max-snippet":"max-snippet:-1","max-image-preview":"max-image-preview:large","max-video-preview":"max-video-preview:-1"},"canonical":"https:\/\/fundacioncajaruraldelsur.com\/pt\/evento\/exposicion-en-la-fundacion-caja-rural-del-sur-en-sevilla-familia-canada-un-siglo-en-el-arte-1895-2022\/","og_locale":"pt_PT","og_type":"article","og_title":"Exposici\u00f3n en la Fundaci\u00f3n Caja Rural del Sur en Sevilla: Familia Ca\u00f1ada, un siglo en el arte - 1895\/2022 - Fundaci\u00f3n Caja Rural del Sur","og_description":"La Fundaci\u00f3n Caja Rural del Sur en Sevilla acoge desde el 11 de enero al 31 de enero de 2022 la exposici\u00f3n \u00abFamilia Ca\u00f1ada, un siglo en el arte, 1895\/2022\u00bb. [&hellip;]","og_url":"https:\/\/fundacioncajaruraldelsur.com\/pt\/evento\/exposicion-en-la-fundacion-caja-rural-del-sur-en-sevilla-familia-canada-un-siglo-en-el-arte-1895-2022\/","og_site_name":"Fundaci\u00f3n Caja Rural del Sur","og_image":[{"width":872,"height":591,"url":"https:\/\/fundacioncajaruraldelsur.com\/wp-content\/uploads\/2021\/12\/cartel-portada.jpg","type":"image\/jpeg"}],"twitter_card":"summary_large_image","twitter_misc":{"Est. reading time":"2 minutes"},"schema":{"@context":"https:\/\/schema.org","@graph":[{"@type":"WebPage","@id":"https:\/\/fundacioncajaruraldelsur.com\/evento\/exposicion-en-la-fundacion-caja-rural-del-sur-en-sevilla-familia-canada-un-siglo-en-el-arte-1895-2022\/","url":"https:\/\/fundacioncajaruraldelsur.com\/evento\/exposicion-en-la-fundacion-caja-rural-del-sur-en-sevilla-familia-canada-un-siglo-en-el-arte-1895-2022\/","name":"Exposici\u00f3n en la Fundaci\u00f3n Caja Rural del Sur en Sevilla: Familia Ca\u00f1ada, un siglo en el arte - 1895\/2022 - Fundaci\u00f3n Caja Rural del Sur","isPartOf":{"@id":"https:\/\/fundacioncajaruraldelsur.com\/#website"},"primaryImageOfPage":{"@id":"https:\/\/fundacioncajaruraldelsur.com\/evento\/exposicion-en-la-fundacion-caja-rural-del-sur-en-sevilla-familia-canada-un-siglo-en-el-arte-1895-2022\/#primaryimage"},"image":{"@id":"https:\/\/fundacioncajaruraldelsur.com\/evento\/exposicion-en-la-fundacion-caja-rural-del-sur-en-sevilla-familia-canada-un-siglo-en-el-arte-1895-2022\/#primaryimage"},"thumbnailUrl":"https:\/\/fundacioncajaruraldelsur.com\/wp-content\/uploads\/2021\/12\/cartel-portada.jpg","datePublished":"2021-12-22T08:16:36+00:00","breadcrumb":{"@id":"https:\/\/fundacioncajaruraldelsur.com\/evento\/exposicion-en-la-fundacion-caja-rural-del-sur-en-sevilla-familia-canada-un-siglo-en-el-arte-1895-2022\/#breadcrumb"},"inLanguage":"pt-PT","potentialAction":[{"@type":"ReadAction","target":["https:\/\/fundacioncajaruraldelsur.com\/evento\/exposicion-en-la-fundacion-caja-rural-del-sur-en-sevilla-familia-canada-un-siglo-en-el-arte-1895-2022\/"]}]},{"@type":"ImageObject","inLanguage":"pt-PT","@id":"https:\/\/fundacioncajaruraldelsur.com\/evento\/exposicion-en-la-fundacion-caja-rural-del-sur-en-sevilla-familia-canada-un-siglo-en-el-arte-1895-2022\/#primaryimage","url":"https:\/\/fundacioncajaruraldelsur.com\/wp-content\/uploads\/2021\/12\/cartel-portada.jpg","contentUrl":"https:\/\/fundacioncajaruraldelsur.com\/wp-content\/uploads\/2021\/12\/cartel-portada.jpg","width":872,"height":591},{"@type":"BreadcrumbList","@id":"https:\/\/fundacioncajaruraldelsur.com\/evento\/exposicion-en-la-fundacion-caja-rural-del-sur-en-sevilla-familia-canada-un-siglo-en-el-arte-1895-2022\/#breadcrumb","itemListElement":[{"@type":"ListItem","position":1,"name":"Portada","item":"https:\/\/fundacioncajaruraldelsur.com\/"},{"@type":"ListItem","position":2,"name":"Eventos","item":"https:\/\/fundacioncajaruraldelsur.com\/eventos\/"},{"@type":"ListItem","position":3,"name":"Exposici\u00f3n en la Fundaci\u00f3n Caja Rural del Sur en Sevilla: Familia Ca\u00f1ada, un siglo en el arte &#8211; 1895\/2022"}]},{"@type":"WebSite","@id":"https:\/\/fundacioncajaruraldelsur.com\/#website","url":"https:\/\/fundacioncajaruraldelsur.com\/","name":"Funda\u00e7\u00e3o Caja Rural del Sur","description":"","potentialAction":[{"@type":"SearchAction","target":{"@type":"EntryPoint","urlTemplate":"https:\/\/fundacioncajaruraldelsur.com\/?s={search_term_string}"},"query-input":{"@type":"PropertyValueSpecification","valueRequired":true,"valueName":"search_term_string"}}],"inLanguage":"pt-PT"}]}},"_links":{"self":[{"href":"https:\/\/fundacioncajaruraldelsur.com\/pt\/wp-json\/wp\/v2\/tribe_events\/7035","targetHints":{"allow":["GET"]}}],"collection":[{"href":"https:\/\/fundacioncajaruraldelsur.com\/pt\/wp-json\/wp\/v2\/tribe_events"}],"about":[{"href":"https:\/\/fundacioncajaruraldelsur.com\/pt\/wp-json\/wp\/v2\/types\/tribe_events"}],"author":[{"embeddable":true,"href":"https:\/\/fundacioncajaruraldelsur.com\/pt\/wp-json\/wp\/v2\/users\/6"}],"version-history":[{"count":1,"href":"https:\/\/fundacioncajaruraldelsur.com\/pt\/wp-json\/wp\/v2\/tribe_events\/7035\/revisions"}],"predecessor-version":[{"id":7038,"href":"https:\/\/fundacioncajaruraldelsur.com\/pt\/wp-json\/wp\/v2\/tribe_events\/7035\/revisions\/7038"}],"wp:featuredmedia":[{"embeddable":true,"href":"https:\/\/fundacioncajaruraldelsur.com\/pt\/wp-json\/wp\/v2\/media\/7037"}],"wp:attachment":[{"href":"https:\/\/fundacioncajaruraldelsur.com\/pt\/wp-json\/wp\/v2\/media?parent=7035"}],"wp:term":[{"taxonomy":"post_tag","embeddable":true,"href":"https:\/\/fundacioncajaruraldelsur.com\/pt\/wp-json\/wp\/v2\/tags?post=7035"},{"taxonomy":"tribe_events_cat","embeddable":true,"href":"https:\/\/fundacioncajaruraldelsur.com\/pt\/wp-json\/wp\/v2\/tribe_events_cat?post=7035"}],"curies":[{"name":"wp","href":"https:\/\/api.w.org\/{rel}","templated":true}]}}