{"id":6982,"date":"2021-12-13T10:48:26","date_gmt":"2021-12-13T08:48:26","guid":{"rendered":"\/?post_type=tribe_events&#038;p=6982"},"modified":"2021-12-13T23:16:41","modified_gmt":"2021-12-13T21:16:41","slug":"concierto-benefico-de-navidad-en-huelva-toni-garrido-el-coro-de-la-hermandad-de-emigrantes-y-el-coro-de-campanilleros-santa-maria-de-la-esperanza","status":"publish","type":"tribe_events","link":"https:\/\/fundacioncajaruraldelsur.com\/pt\/evento\/concierto-benefico-de-navidad-en-huelva-toni-garrido-el-coro-de-la-hermandad-de-emigrantes-y-el-coro-de-campanilleros-santa-maria-de-la-esperanza\/","title":{"rendered":"Concierto ben\u00e9fico de Navidad en Huelva: Toni Garrido, el Coro de la Hermandad de Emigrantes y el Coro de Campanilleros Santa Mar\u00eda de la Esperanza."},"content":{"rendered":"<p>El d\u00eda 21 de diciembre en el Centro Cultural \u2018Jos\u00e9 Luis Garc\u00eda Palacios\u2019 de la Fundaci\u00f3n Caja Rural del Sur en Huelva se celebra el Concierto de Navidad de la Hermandad del Nazareno a beneficio del Proyecto de la Obra Social de la Coronaci\u00f3n de Mar\u00eda Sant\u00edsima de la Amargura.<\/p>\n<p>Actuar\u00e1 en dicho evento musical Toni Garrido con la participaci\u00f3n del Coro Joven de la Hermandad de Emigrantes, junto el Coro de Campanilleros Santa Mar\u00eda de la Esperanza, con el pianista Manuel Moreno y el guitarrista Antonio D\u00edaz.<\/p>\n<p>El concierto se celebra a las 19:30 horas en el Sal\u00f3n de Actos de la Fundaci\u00f3n Caja Rural del Sur en el Centro Cultural \u2018Jos\u00e9 Luis Garc\u00eda Palacios\u2019, (Calle Alcalde Mora Claros, N\u00ba 6-8, Huelva.<\/p>\n<p>Los tiquets de entrada (5\u20ac) est\u00e1n a disposici\u00f3n del p\u00fablico en el Bel\u00e9n del Nazareno sito en las Plaza de las Monjas (horario 10\u00b430 a 13\u00b430 y de 17\u00b400 a 20\u00b430horas) y en la Casa de Hermandad, en la c\/ Rasc\u00f3n 31 (horario de 18\u00b430 a 20\u00b430horas).<\/p>\n<p>&nbsp;<\/p>\n<p><strong>\u00a0<\/strong><\/p>\n<p><a href=\"\/wp-content\/uploads\/2021\/12\/concierto-huelva.jpg\" rel=\"lightbox-0\"><img loading=\"lazy\" decoding=\"async\" class=\"wp-image-6980 size-full aligncenter\" src=\"\/wp-content\/uploads\/2021\/12\/concierto-huelva.jpg\" alt=\"\" width=\"422\" height=\"597\" srcset=\"https:\/\/fundacioncajaruraldelsur.com\/wp-content\/uploads\/2021\/12\/concierto-huelva.jpg 422w, https:\/\/fundacioncajaruraldelsur.com\/wp-content\/uploads\/2021\/12\/concierto-huelva-212x300.jpg 212w\" sizes=\"auto, (max-width: 422px) 100vw, 422px\" \/><\/a><\/p>\n<p style=\"text-align: center;\"><a href=\"\/wp-content\/uploads\/2021\/12\/Cartel-Concierto-Obra-Social-Nazareno.pdf\">Cartel Concierto Obra Social Nazareno<\/a><\/p>","protected":false},"excerpt":{"rendered":"<p>El d\u00eda 21 de diciembre en el Centro Cultural \u2018Jos\u00e9 Luis Garc\u00eda Palacios\u2019 de la Fundaci\u00f3n Caja Rural del Sur en Huelva se celebra el Concierto de Navidad de la [&hellip;]<\/p>\n","protected":false},"author":6,"featured_media":4167,"template":"","meta":{"_tribe_events_status":"","_tribe_events_status_reason":"","_tribe_events_is_hybrid":"","_tribe_events_is_virtual":"","_tribe_events_virtual_video_source":"","_tribe_events_virtual_embed_video":"","_tribe_events_virtual_linked_button_text":"","_tribe_events_virtual_linked_button":"","_tribe_events_virtual_show_embed_at":"","_tribe_events_virtual_show_embed_to":[],"_tribe_events_virtual_show_on_event":"","_tribe_events_virtual_show_on_views":"","_tribe_events_virtual_url":"","footnotes":""},"tags":[],"tribe_events_cat":[118],"class_list":["post-6982","tribe_events","type-tribe_events","status-publish","has-post-thumbnail","hentry","tribe_events_cat-conciertos","cat_conciertos"],"yoast_head":"<!-- This site is optimized with the Yoast SEO plugin v27.3 - https:\/\/yoast.com\/product\/yoast-seo-wordpress\/ -->\n<title>Concierto ben\u00e9fico de Navidad en Huelva: Toni Garrido, el Coro de la Hermandad de Emigrantes y el Coro de Campanilleros Santa Mar\u00eda de la Esperanza. - Fundaci\u00f3n Caja Rural del Sur<\/title>\n<meta name=\"robots\" content=\"index, follow, max-snippet:-1, max-image-preview:large, max-video-preview:-1\" \/>\n<link rel=\"canonical\" href=\"https:\/\/fundacioncajaruraldelsur.com\/pt\/evento\/concierto-benefico-de-navidad-en-huelva-toni-garrido-el-coro-de-la-hermandad-de-emigrantes-y-el-coro-de-campanilleros-santa-maria-de-la-esperanza\/\" \/>\n<meta property=\"og:locale\" content=\"pt_PT\" \/>\n<meta property=\"og:type\" content=\"article\" \/>\n<meta property=\"og:title\" content=\"Concierto ben\u00e9fico de Navidad en Huelva: Toni Garrido, el Coro de la Hermandad de Emigrantes y el Coro de Campanilleros Santa Mar\u00eda de la Esperanza. - Fundaci\u00f3n Caja Rural del Sur\" \/>\n<meta property=\"og:description\" content=\"El d\u00eda 21 de diciembre en el Centro Cultural \u2018Jos\u00e9 Luis Garc\u00eda Palacios\u2019 de la Fundaci\u00f3n Caja Rural del Sur en Huelva se celebra el Concierto de Navidad de la [&hellip;]\" \/>\n<meta property=\"og:url\" content=\"https:\/\/fundacioncajaruraldelsur.com\/pt\/evento\/concierto-benefico-de-navidad-en-huelva-toni-garrido-el-coro-de-la-hermandad-de-emigrantes-y-el-coro-de-campanilleros-santa-maria-de-la-esperanza\/\" \/>\n<meta property=\"og:site_name\" content=\"Fundaci\u00f3n Caja Rural del Sur\" \/>\n<meta property=\"article:modified_time\" content=\"2021-12-13T21:16:41+00:00\" \/>\n<meta property=\"og:image\" content=\"https:\/\/fundacioncajaruraldelsur.com\/wp-content\/uploads\/2018\/11\/Concierto_Orquesta_Bormujos.jpg\" \/>\n\t<meta property=\"og:image:width\" content=\"1925\" \/>\n\t<meta property=\"og:image:height\" content=\"500\" \/>\n\t<meta property=\"og:image:type\" content=\"image\/jpeg\" \/>\n<meta name=\"twitter:card\" content=\"summary_large_image\" \/>\n<meta name=\"twitter:label1\" content=\"Est. reading time\" \/>\n\t<meta name=\"twitter:data1\" content=\"1 minute\" \/>\n<script type=\"application\/ld+json\" class=\"yoast-schema-graph\">{\"@context\":\"https:\\\/\\\/schema.org\",\"@graph\":[{\"@type\":\"WebPage\",\"@id\":\"https:\\\/\\\/fundacioncajaruraldelsur.com\\\/evento\\\/concierto-benefico-de-navidad-en-huelva-toni-garrido-el-coro-de-la-hermandad-de-emigrantes-y-el-coro-de-campanilleros-santa-maria-de-la-esperanza\\\/\",\"url\":\"https:\\\/\\\/fundacioncajaruraldelsur.com\\\/evento\\\/concierto-benefico-de-navidad-en-huelva-toni-garrido-el-coro-de-la-hermandad-de-emigrantes-y-el-coro-de-campanilleros-santa-maria-de-la-esperanza\\\/\",\"name\":\"Concierto ben\u00e9fico de Navidad en Huelva: Toni Garrido, el Coro de la Hermandad de Emigrantes y el Coro de Campanilleros Santa Mar\u00eda de la Esperanza. - Fundaci\u00f3n Caja Rural del Sur\",\"isPartOf\":{\"@id\":\"https:\\\/\\\/fundacioncajaruraldelsur.com\\\/#website\"},\"primaryImageOfPage\":{\"@id\":\"https:\\\/\\\/fundacioncajaruraldelsur.com\\\/evento\\\/concierto-benefico-de-navidad-en-huelva-toni-garrido-el-coro-de-la-hermandad-de-emigrantes-y-el-coro-de-campanilleros-santa-maria-de-la-esperanza\\\/#primaryimage\"},\"image\":{\"@id\":\"https:\\\/\\\/fundacioncajaruraldelsur.com\\\/evento\\\/concierto-benefico-de-navidad-en-huelva-toni-garrido-el-coro-de-la-hermandad-de-emigrantes-y-el-coro-de-campanilleros-santa-maria-de-la-esperanza\\\/#primaryimage\"},\"thumbnailUrl\":\"https:\\\/\\\/fundacioncajaruraldelsur.com\\\/wp-content\\\/uploads\\\/2018\\\/11\\\/Concierto_Orquesta_Bormujos.jpg\",\"datePublished\":\"2021-12-13T08:48:26+00:00\",\"dateModified\":\"2021-12-13T21:16:41+00:00\",\"breadcrumb\":{\"@id\":\"https:\\\/\\\/fundacioncajaruraldelsur.com\\\/evento\\\/concierto-benefico-de-navidad-en-huelva-toni-garrido-el-coro-de-la-hermandad-de-emigrantes-y-el-coro-de-campanilleros-santa-maria-de-la-esperanza\\\/#breadcrumb\"},\"inLanguage\":\"pt-PT\",\"potentialAction\":[{\"@type\":\"ReadAction\",\"target\":[\"https:\\\/\\\/fundacioncajaruraldelsur.com\\\/evento\\\/concierto-benefico-de-navidad-en-huelva-toni-garrido-el-coro-de-la-hermandad-de-emigrantes-y-el-coro-de-campanilleros-santa-maria-de-la-esperanza\\\/\"]}]},{\"@type\":\"ImageObject\",\"inLanguage\":\"pt-PT\",\"@id\":\"https:\\\/\\\/fundacioncajaruraldelsur.com\\\/evento\\\/concierto-benefico-de-navidad-en-huelva-toni-garrido-el-coro-de-la-hermandad-de-emigrantes-y-el-coro-de-campanilleros-santa-maria-de-la-esperanza\\\/#primaryimage\",\"url\":\"https:\\\/\\\/fundacioncajaruraldelsur.com\\\/wp-content\\\/uploads\\\/2018\\\/11\\\/Concierto_Orquesta_Bormujos.jpg\",\"contentUrl\":\"https:\\\/\\\/fundacioncajaruraldelsur.com\\\/wp-content\\\/uploads\\\/2018\\\/11\\\/Concierto_Orquesta_Bormujos.jpg\",\"width\":1925,\"height\":500},{\"@type\":\"BreadcrumbList\",\"@id\":\"https:\\\/\\\/fundacioncajaruraldelsur.com\\\/evento\\\/concierto-benefico-de-navidad-en-huelva-toni-garrido-el-coro-de-la-hermandad-de-emigrantes-y-el-coro-de-campanilleros-santa-maria-de-la-esperanza\\\/#breadcrumb\",\"itemListElement\":[{\"@type\":\"ListItem\",\"position\":1,\"name\":\"Portada\",\"item\":\"https:\\\/\\\/fundacioncajaruraldelsur.com\\\/\"},{\"@type\":\"ListItem\",\"position\":2,\"name\":\"Eventos\",\"item\":\"https:\\\/\\\/fundacioncajaruraldelsur.com\\\/eventos\\\/\"},{\"@type\":\"ListItem\",\"position\":3,\"name\":\"Concierto ben\u00e9fico de Navidad en Huelva: Toni Garrido, el Coro de la Hermandad de Emigrantes y el Coro de Campanilleros Santa Mar\u00eda de la Esperanza.\"}]},{\"@type\":\"WebSite\",\"@id\":\"https:\\\/\\\/fundacioncajaruraldelsur.com\\\/#website\",\"url\":\"https:\\\/\\\/fundacioncajaruraldelsur.com\\\/\",\"name\":\"Fundaci\u00f3n Caja Rural del Sur\",\"description\":\"\",\"potentialAction\":[{\"@type\":\"SearchAction\",\"target\":{\"@type\":\"EntryPoint\",\"urlTemplate\":\"https:\\\/\\\/fundacioncajaruraldelsur.com\\\/?s={search_term_string}\"},\"query-input\":{\"@type\":\"PropertyValueSpecification\",\"valueRequired\":true,\"valueName\":\"search_term_string\"}}],\"inLanguage\":\"pt-PT\"}]}<\/script>\n<!-- \/ Yoast SEO plugin. -->","yoast_head_json":{"title":"Concierto ben\u00e9fico de Navidad en Huelva: Toni Garrido, el Coro de la Hermandad de Emigrantes y el Coro de Campanilleros Santa Mar\u00eda de la Esperanza. - Fundaci\u00f3n Caja Rural del Sur","robots":{"index":"index","follow":"follow","max-snippet":"max-snippet:-1","max-image-preview":"max-image-preview:large","max-video-preview":"max-video-preview:-1"},"canonical":"https:\/\/fundacioncajaruraldelsur.com\/pt\/evento\/concierto-benefico-de-navidad-en-huelva-toni-garrido-el-coro-de-la-hermandad-de-emigrantes-y-el-coro-de-campanilleros-santa-maria-de-la-esperanza\/","og_locale":"pt_PT","og_type":"article","og_title":"Concierto ben\u00e9fico de Navidad en Huelva: Toni Garrido, el Coro de la Hermandad de Emigrantes y el Coro de Campanilleros Santa Mar\u00eda de la Esperanza. - Fundaci\u00f3n Caja Rural del Sur","og_description":"El d\u00eda 21 de diciembre en el Centro Cultural \u2018Jos\u00e9 Luis Garc\u00eda Palacios\u2019 de la Fundaci\u00f3n Caja Rural del Sur en Huelva se celebra el Concierto de Navidad de la [&hellip;]","og_url":"https:\/\/fundacioncajaruraldelsur.com\/pt\/evento\/concierto-benefico-de-navidad-en-huelva-toni-garrido-el-coro-de-la-hermandad-de-emigrantes-y-el-coro-de-campanilleros-santa-maria-de-la-esperanza\/","og_site_name":"Fundaci\u00f3n Caja Rural del Sur","article_modified_time":"2021-12-13T21:16:41+00:00","og_image":[{"width":1925,"height":500,"url":"https:\/\/fundacioncajaruraldelsur.com\/wp-content\/uploads\/2018\/11\/Concierto_Orquesta_Bormujos.jpg","type":"image\/jpeg"}],"twitter_card":"summary_large_image","twitter_misc":{"Est. reading time":"1 minute"},"schema":{"@context":"https:\/\/schema.org","@graph":[{"@type":"WebPage","@id":"https:\/\/fundacioncajaruraldelsur.com\/evento\/concierto-benefico-de-navidad-en-huelva-toni-garrido-el-coro-de-la-hermandad-de-emigrantes-y-el-coro-de-campanilleros-santa-maria-de-la-esperanza\/","url":"https:\/\/fundacioncajaruraldelsur.com\/evento\/concierto-benefico-de-navidad-en-huelva-toni-garrido-el-coro-de-la-hermandad-de-emigrantes-y-el-coro-de-campanilleros-santa-maria-de-la-esperanza\/","name":"Concierto ben\u00e9fico de Navidad en Huelva: Toni Garrido, el Coro de la Hermandad de Emigrantes y el Coro de Campanilleros Santa Mar\u00eda de la Esperanza. - Fundaci\u00f3n Caja Rural del Sur","isPartOf":{"@id":"https:\/\/fundacioncajaruraldelsur.com\/#website"},"primaryImageOfPage":{"@id":"https:\/\/fundacioncajaruraldelsur.com\/evento\/concierto-benefico-de-navidad-en-huelva-toni-garrido-el-coro-de-la-hermandad-de-emigrantes-y-el-coro-de-campanilleros-santa-maria-de-la-esperanza\/#primaryimage"},"image":{"@id":"https:\/\/fundacioncajaruraldelsur.com\/evento\/concierto-benefico-de-navidad-en-huelva-toni-garrido-el-coro-de-la-hermandad-de-emigrantes-y-el-coro-de-campanilleros-santa-maria-de-la-esperanza\/#primaryimage"},"thumbnailUrl":"https:\/\/fundacioncajaruraldelsur.com\/wp-content\/uploads\/2018\/11\/Concierto_Orquesta_Bormujos.jpg","datePublished":"2021-12-13T08:48:26+00:00","dateModified":"2021-12-13T21:16:41+00:00","breadcrumb":{"@id":"https:\/\/fundacioncajaruraldelsur.com\/evento\/concierto-benefico-de-navidad-en-huelva-toni-garrido-el-coro-de-la-hermandad-de-emigrantes-y-el-coro-de-campanilleros-santa-maria-de-la-esperanza\/#breadcrumb"},"inLanguage":"pt-PT","potentialAction":[{"@type":"ReadAction","target":["https:\/\/fundacioncajaruraldelsur.com\/evento\/concierto-benefico-de-navidad-en-huelva-toni-garrido-el-coro-de-la-hermandad-de-emigrantes-y-el-coro-de-campanilleros-santa-maria-de-la-esperanza\/"]}]},{"@type":"ImageObject","inLanguage":"pt-PT","@id":"https:\/\/fundacioncajaruraldelsur.com\/evento\/concierto-benefico-de-navidad-en-huelva-toni-garrido-el-coro-de-la-hermandad-de-emigrantes-y-el-coro-de-campanilleros-santa-maria-de-la-esperanza\/#primaryimage","url":"https:\/\/fundacioncajaruraldelsur.com\/wp-content\/uploads\/2018\/11\/Concierto_Orquesta_Bormujos.jpg","contentUrl":"https:\/\/fundacioncajaruraldelsur.com\/wp-content\/uploads\/2018\/11\/Concierto_Orquesta_Bormujos.jpg","width":1925,"height":500},{"@type":"BreadcrumbList","@id":"https:\/\/fundacioncajaruraldelsur.com\/evento\/concierto-benefico-de-navidad-en-huelva-toni-garrido-el-coro-de-la-hermandad-de-emigrantes-y-el-coro-de-campanilleros-santa-maria-de-la-esperanza\/#breadcrumb","itemListElement":[{"@type":"ListItem","position":1,"name":"Portada","item":"https:\/\/fundacioncajaruraldelsur.com\/"},{"@type":"ListItem","position":2,"name":"Eventos","item":"https:\/\/fundacioncajaruraldelsur.com\/eventos\/"},{"@type":"ListItem","position":3,"name":"Concierto ben\u00e9fico de Navidad en Huelva: Toni Garrido, el Coro de la Hermandad de Emigrantes y el Coro de Campanilleros Santa Mar\u00eda de la Esperanza."}]},{"@type":"WebSite","@id":"https:\/\/fundacioncajaruraldelsur.com\/#website","url":"https:\/\/fundacioncajaruraldelsur.com\/","name":"Funda\u00e7\u00e3o Caja Rural del Sur","description":"","potentialAction":[{"@type":"SearchAction","target":{"@type":"EntryPoint","urlTemplate":"https:\/\/fundacioncajaruraldelsur.com\/?s={search_term_string}"},"query-input":{"@type":"PropertyValueSpecification","valueRequired":true,"valueName":"search_term_string"}}],"inLanguage":"pt-PT"}]}},"_links":{"self":[{"href":"https:\/\/fundacioncajaruraldelsur.com\/pt\/wp-json\/wp\/v2\/tribe_events\/6982","targetHints":{"allow":["GET"]}}],"collection":[{"href":"https:\/\/fundacioncajaruraldelsur.com\/pt\/wp-json\/wp\/v2\/tribe_events"}],"about":[{"href":"https:\/\/fundacioncajaruraldelsur.com\/pt\/wp-json\/wp\/v2\/types\/tribe_events"}],"author":[{"embeddable":true,"href":"https:\/\/fundacioncajaruraldelsur.com\/pt\/wp-json\/wp\/v2\/users\/6"}],"version-history":[{"count":4,"href":"https:\/\/fundacioncajaruraldelsur.com\/pt\/wp-json\/wp\/v2\/tribe_events\/6982\/revisions"}],"predecessor-version":[{"id":6986,"href":"https:\/\/fundacioncajaruraldelsur.com\/pt\/wp-json\/wp\/v2\/tribe_events\/6982\/revisions\/6986"}],"wp:featuredmedia":[{"embeddable":true,"href":"https:\/\/fundacioncajaruraldelsur.com\/pt\/wp-json\/wp\/v2\/media\/4167"}],"wp:attachment":[{"href":"https:\/\/fundacioncajaruraldelsur.com\/pt\/wp-json\/wp\/v2\/media?parent=6982"}],"wp:term":[{"taxonomy":"post_tag","embeddable":true,"href":"https:\/\/fundacioncajaruraldelsur.com\/pt\/wp-json\/wp\/v2\/tags?post=6982"},{"taxonomy":"tribe_events_cat","embeddable":true,"href":"https:\/\/fundacioncajaruraldelsur.com\/pt\/wp-json\/wp\/v2\/tribe_events_cat?post=6982"}],"curies":[{"name":"wp","href":"https:\/\/api.w.org\/{rel}","templated":true}]}}