{"id":6965,"date":"2021-12-09T13:29:27","date_gmt":"2021-12-09T11:29:27","guid":{"rendered":"\/?post_type=tribe_events&#038;p=6965"},"modified":"2021-12-09T13:29:45","modified_gmt":"2021-12-09T11:29:45","slug":"presentacion-del-libro-poemas-en-cajones-y-unas-canciones-de-jesus-de-farina","status":"publish","type":"tribe_events","link":"https:\/\/fundacioncajaruraldelsur.com\/pt\/evento\/presentacion-del-libro-poemas-en-cajones-y-unas-canciones-de-jesus-de-farina\/","title":{"rendered":"Presentaci\u00f3n del libro: \u00abPoemas en cajones y unas canciones\u00bb de Jes\u00fas de Fari\u00f1a"},"content":{"rendered":"<p><b>El jueves, 17 de diciembre, a las 20.00 horas, en el Centro Cultural Jos\u00e9 Luis Garc\u00eda Palacios de la Fundaci\u00f3n Caja Rural del Sur en Huelva, se presenta el libro \u00abPoemas en cajones y unas canciones\u00bb del onubense Jes\u00fas de Fari\u00f1a.\u00a0<\/b><\/p>\n<p>\u201cPOEMAS EN CAJONES Y UNAS CANCIONES\u201d es el primer libro en verso que JESUS DE FARI\u00d1A escribe en la madurez de su existencia f\u00edsica, ya que los cuatro anteriores <em>\u201cMi alma se llama Huelva\u201d \u201c\u2026Eternamente Huelva\u201d, \u201cFuentevieja\u201d<\/em> y <em>\u201cTrilog\u00eda po\u00e9tica adolescente\u201d<\/em> pertenecen a su adolescencia y juventud temprana o, lo que, es decir, a sus inicios po\u00e9ticos.<\/p>\n<p>\u201cCon el paso de los a\u00f1os, mi conocido y no tanto andar art\u00edstico busc\u00f3 nuevas rutas por las que transitar, en una variedad de largos y trifurcados caminos sin atajos, a trav\u00e9s de diferentes paisajes y acentos. Jam\u00e1s fui descalzo, ni permanec\u00ed mudo, ya que me calzaba a diario los zapatos del arte, alzando la voz en libertad de su lenguaje, donde el pisar de mis huellas nutr\u00eda sus suelas de experiencias, lugares y destinos, que me hacen retornar sin remedio a mi punto de partida, con el \u00fanico equipaje a cuestas del amor, la amistad y la naturaleza.<\/p>\n<p>Pero \u00bfQu\u00e9 es el espacio, la distancia y el tiempo para los que pensamos con el coraz\u00f3n? Tal vez mi inconsciente b\u00fasqueda, no de tr\u00e1nsito y si de espera, encuentre respuesta en este poemario escrito en este \u00faltimo e inm\u00f3vil a\u00f1o, salvo las fechas, mismas que he permanecido f\u00edsicamente casi est\u00e1tico en Huelva, mi tierra de nacencia\u201d<\/p>\n<p>\u201cNo soy poeta, solo escribo poes\u00eda y alguna que otra letra de canciones m\u00edas\u201d<\/p>\n<p>Jesus de Fari\u00f1a.<\/p>\n<p><a href=\"\/wp-content\/uploads\/2021\/12\/Portada-Poemas-en-cajones...jpg\" rel=\"lightbox-0\"><img loading=\"lazy\" decoding=\"async\" class=\"alignnone wp-image-6966 size-full\" src=\"\/wp-content\/uploads\/2021\/12\/Portada-Poemas-en-cajones...jpg\" alt=\"\" width=\"1773\" height=\"2480\" srcset=\"https:\/\/fundacioncajaruraldelsur.com\/wp-content\/uploads\/2021\/12\/Portada-Poemas-en-cajones...jpg 1773w, https:\/\/fundacioncajaruraldelsur.com\/wp-content\/uploads\/2021\/12\/Portada-Poemas-en-cajones..-214x300.jpg 214w, https:\/\/fundacioncajaruraldelsur.com\/wp-content\/uploads\/2021\/12\/Portada-Poemas-en-cajones..-732x1024.jpg 732w, https:\/\/fundacioncajaruraldelsur.com\/wp-content\/uploads\/2021\/12\/Portada-Poemas-en-cajones..-768x1074.jpg 768w, https:\/\/fundacioncajaruraldelsur.com\/wp-content\/uploads\/2021\/12\/Portada-Poemas-en-cajones..-1098x1536.jpg 1098w, https:\/\/fundacioncajaruraldelsur.com\/wp-content\/uploads\/2021\/12\/Portada-Poemas-en-cajones..-1464x2048.jpg 1464w\" sizes=\"auto, (max-width: 1773px) 100vw, 1773px\" \/><\/a><\/p>","protected":false},"excerpt":{"rendered":"<p>El jueves, 17 de diciembre, a las 20.00 horas, en el Centro Cultural Jos\u00e9 Luis Garc\u00eda Palacios de la Fundaci\u00f3n Caja Rural del Sur en Huelva, se presenta el libro [&hellip;]<\/p>\n","protected":false},"author":6,"featured_media":5958,"template":"","meta":{"_tribe_events_status":"","_tribe_events_status_reason":"","_tribe_events_is_hybrid":"","_tribe_events_is_virtual":"","_tribe_events_virtual_video_source":"","_tribe_events_virtual_embed_video":"","_tribe_events_virtual_linked_button_text":"","_tribe_events_virtual_linked_button":"","_tribe_events_virtual_show_embed_at":"","_tribe_events_virtual_show_embed_to":[],"_tribe_events_virtual_show_on_event":"","_tribe_events_virtual_show_on_views":"","_tribe_events_virtual_url":"","footnotes":""},"tags":[],"tribe_events_cat":[124],"class_list":["post-6965","tribe_events","type-tribe_events","status-publish","has-post-thumbnail","hentry","tribe_events_cat-presentaciones","cat_presentaciones"],"yoast_head":"<!-- This site is optimized with the Yoast SEO plugin v27.3 - https:\/\/yoast.com\/product\/yoast-seo-wordpress\/ -->\n<title>Presentaci\u00f3n del libro: &quot;Poemas en cajones y unas canciones&quot; de Jes\u00fas de Fari\u00f1a - Fundaci\u00f3n Caja Rural del Sur<\/title>\n<meta name=\"robots\" content=\"index, follow, max-snippet:-1, max-image-preview:large, max-video-preview:-1\" \/>\n<link rel=\"canonical\" href=\"https:\/\/fundacioncajaruraldelsur.com\/pt\/evento\/presentacion-del-libro-poemas-en-cajones-y-unas-canciones-de-jesus-de-farina\/\" \/>\n<meta property=\"og:locale\" content=\"pt_PT\" \/>\n<meta property=\"og:type\" content=\"article\" \/>\n<meta property=\"og:title\" content=\"Presentaci\u00f3n del libro: &quot;Poemas en cajones y unas canciones&quot; de Jes\u00fas de Fari\u00f1a - Fundaci\u00f3n Caja Rural del Sur\" \/>\n<meta property=\"og:description\" content=\"El jueves, 17 de diciembre, a las 20.00 horas, en el Centro Cultural Jos\u00e9 Luis Garc\u00eda Palacios de la Fundaci\u00f3n Caja Rural del Sur en Huelva, se presenta el libro [&hellip;]\" \/>\n<meta property=\"og:url\" content=\"https:\/\/fundacioncajaruraldelsur.com\/pt\/evento\/presentacion-del-libro-poemas-en-cajones-y-unas-canciones-de-jesus-de-farina\/\" \/>\n<meta property=\"og:site_name\" content=\"Fundaci\u00f3n Caja Rural del Sur\" \/>\n<meta property=\"article:modified_time\" content=\"2021-12-09T11:29:45+00:00\" \/>\n<meta property=\"og:image\" content=\"https:\/\/fundacioncajaruraldelsur.com\/wp-content\/uploads\/2020\/09\/libro_ella.jpg\" \/>\n\t<meta property=\"og:image:width\" content=\"1909\" \/>\n\t<meta property=\"og:image:height\" content=\"500\" \/>\n\t<meta property=\"og:image:type\" content=\"image\/jpeg\" \/>\n<meta name=\"twitter:card\" content=\"summary_large_image\" \/>\n<meta name=\"twitter:label1\" content=\"Est. reading time\" \/>\n\t<meta name=\"twitter:data1\" content=\"1 minute\" \/>\n<script type=\"application\/ld+json\" class=\"yoast-schema-graph\">{\"@context\":\"https:\\\/\\\/schema.org\",\"@graph\":[{\"@type\":\"WebPage\",\"@id\":\"https:\\\/\\\/fundacioncajaruraldelsur.com\\\/evento\\\/presentacion-del-libro-poemas-en-cajones-y-unas-canciones-de-jesus-de-farina\\\/\",\"url\":\"https:\\\/\\\/fundacioncajaruraldelsur.com\\\/evento\\\/presentacion-del-libro-poemas-en-cajones-y-unas-canciones-de-jesus-de-farina\\\/\",\"name\":\"Presentaci\u00f3n del libro: \\\"Poemas en cajones y unas canciones\\\" de Jes\u00fas de Fari\u00f1a - Fundaci\u00f3n Caja Rural del Sur\",\"isPartOf\":{\"@id\":\"https:\\\/\\\/fundacioncajaruraldelsur.com\\\/#website\"},\"primaryImageOfPage\":{\"@id\":\"https:\\\/\\\/fundacioncajaruraldelsur.com\\\/evento\\\/presentacion-del-libro-poemas-en-cajones-y-unas-canciones-de-jesus-de-farina\\\/#primaryimage\"},\"image\":{\"@id\":\"https:\\\/\\\/fundacioncajaruraldelsur.com\\\/evento\\\/presentacion-del-libro-poemas-en-cajones-y-unas-canciones-de-jesus-de-farina\\\/#primaryimage\"},\"thumbnailUrl\":\"https:\\\/\\\/fundacioncajaruraldelsur.com\\\/wp-content\\\/uploads\\\/2020\\\/09\\\/libro_ella.jpg\",\"datePublished\":\"2021-12-09T11:29:27+00:00\",\"dateModified\":\"2021-12-09T11:29:45+00:00\",\"breadcrumb\":{\"@id\":\"https:\\\/\\\/fundacioncajaruraldelsur.com\\\/evento\\\/presentacion-del-libro-poemas-en-cajones-y-unas-canciones-de-jesus-de-farina\\\/#breadcrumb\"},\"inLanguage\":\"pt-PT\",\"potentialAction\":[{\"@type\":\"ReadAction\",\"target\":[\"https:\\\/\\\/fundacioncajaruraldelsur.com\\\/evento\\\/presentacion-del-libro-poemas-en-cajones-y-unas-canciones-de-jesus-de-farina\\\/\"]}]},{\"@type\":\"ImageObject\",\"inLanguage\":\"pt-PT\",\"@id\":\"https:\\\/\\\/fundacioncajaruraldelsur.com\\\/evento\\\/presentacion-del-libro-poemas-en-cajones-y-unas-canciones-de-jesus-de-farina\\\/#primaryimage\",\"url\":\"https:\\\/\\\/fundacioncajaruraldelsur.com\\\/wp-content\\\/uploads\\\/2020\\\/09\\\/libro_ella.jpg\",\"contentUrl\":\"https:\\\/\\\/fundacioncajaruraldelsur.com\\\/wp-content\\\/uploads\\\/2020\\\/09\\\/libro_ella.jpg\",\"width\":1909,\"height\":500},{\"@type\":\"BreadcrumbList\",\"@id\":\"https:\\\/\\\/fundacioncajaruraldelsur.com\\\/evento\\\/presentacion-del-libro-poemas-en-cajones-y-unas-canciones-de-jesus-de-farina\\\/#breadcrumb\",\"itemListElement\":[{\"@type\":\"ListItem\",\"position\":1,\"name\":\"Portada\",\"item\":\"https:\\\/\\\/fundacioncajaruraldelsur.com\\\/\"},{\"@type\":\"ListItem\",\"position\":2,\"name\":\"Eventos\",\"item\":\"https:\\\/\\\/fundacioncajaruraldelsur.com\\\/eventos\\\/\"},{\"@type\":\"ListItem\",\"position\":3,\"name\":\"Presentaci\u00f3n del libro: \u00abPoemas en cajones y unas canciones\u00bb de Jes\u00fas de Fari\u00f1a\"}]},{\"@type\":\"WebSite\",\"@id\":\"https:\\\/\\\/fundacioncajaruraldelsur.com\\\/#website\",\"url\":\"https:\\\/\\\/fundacioncajaruraldelsur.com\\\/\",\"name\":\"Fundaci\u00f3n Caja Rural del Sur\",\"description\":\"\",\"potentialAction\":[{\"@type\":\"SearchAction\",\"target\":{\"@type\":\"EntryPoint\",\"urlTemplate\":\"https:\\\/\\\/fundacioncajaruraldelsur.com\\\/?s={search_term_string}\"},\"query-input\":{\"@type\":\"PropertyValueSpecification\",\"valueRequired\":true,\"valueName\":\"search_term_string\"}}],\"inLanguage\":\"pt-PT\"}]}<\/script>\n<!-- \/ Yoast SEO plugin. -->","yoast_head_json":{"title":"Presentaci\u00f3n del libro: \"Poemas en cajones y unas canciones\" de Jes\u00fas de Fari\u00f1a - Fundaci\u00f3n Caja Rural del Sur","robots":{"index":"index","follow":"follow","max-snippet":"max-snippet:-1","max-image-preview":"max-image-preview:large","max-video-preview":"max-video-preview:-1"},"canonical":"https:\/\/fundacioncajaruraldelsur.com\/pt\/evento\/presentacion-del-libro-poemas-en-cajones-y-unas-canciones-de-jesus-de-farina\/","og_locale":"pt_PT","og_type":"article","og_title":"Presentaci\u00f3n del libro: \"Poemas en cajones y unas canciones\" de Jes\u00fas de Fari\u00f1a - Fundaci\u00f3n Caja Rural del Sur","og_description":"El jueves, 17 de diciembre, a las 20.00 horas, en el Centro Cultural Jos\u00e9 Luis Garc\u00eda Palacios de la Fundaci\u00f3n Caja Rural del Sur en Huelva, se presenta el libro [&hellip;]","og_url":"https:\/\/fundacioncajaruraldelsur.com\/pt\/evento\/presentacion-del-libro-poemas-en-cajones-y-unas-canciones-de-jesus-de-farina\/","og_site_name":"Fundaci\u00f3n Caja Rural del Sur","article_modified_time":"2021-12-09T11:29:45+00:00","og_image":[{"width":1909,"height":500,"url":"https:\/\/fundacioncajaruraldelsur.com\/wp-content\/uploads\/2020\/09\/libro_ella.jpg","type":"image\/jpeg"}],"twitter_card":"summary_large_image","twitter_misc":{"Est. reading time":"1 minute"},"schema":{"@context":"https:\/\/schema.org","@graph":[{"@type":"WebPage","@id":"https:\/\/fundacioncajaruraldelsur.com\/evento\/presentacion-del-libro-poemas-en-cajones-y-unas-canciones-de-jesus-de-farina\/","url":"https:\/\/fundacioncajaruraldelsur.com\/evento\/presentacion-del-libro-poemas-en-cajones-y-unas-canciones-de-jesus-de-farina\/","name":"Presentaci\u00f3n del libro: \"Poemas en cajones y unas canciones\" de Jes\u00fas de Fari\u00f1a - Fundaci\u00f3n Caja Rural del Sur","isPartOf":{"@id":"https:\/\/fundacioncajaruraldelsur.com\/#website"},"primaryImageOfPage":{"@id":"https:\/\/fundacioncajaruraldelsur.com\/evento\/presentacion-del-libro-poemas-en-cajones-y-unas-canciones-de-jesus-de-farina\/#primaryimage"},"image":{"@id":"https:\/\/fundacioncajaruraldelsur.com\/evento\/presentacion-del-libro-poemas-en-cajones-y-unas-canciones-de-jesus-de-farina\/#primaryimage"},"thumbnailUrl":"https:\/\/fundacioncajaruraldelsur.com\/wp-content\/uploads\/2020\/09\/libro_ella.jpg","datePublished":"2021-12-09T11:29:27+00:00","dateModified":"2021-12-09T11:29:45+00:00","breadcrumb":{"@id":"https:\/\/fundacioncajaruraldelsur.com\/evento\/presentacion-del-libro-poemas-en-cajones-y-unas-canciones-de-jesus-de-farina\/#breadcrumb"},"inLanguage":"pt-PT","potentialAction":[{"@type":"ReadAction","target":["https:\/\/fundacioncajaruraldelsur.com\/evento\/presentacion-del-libro-poemas-en-cajones-y-unas-canciones-de-jesus-de-farina\/"]}]},{"@type":"ImageObject","inLanguage":"pt-PT","@id":"https:\/\/fundacioncajaruraldelsur.com\/evento\/presentacion-del-libro-poemas-en-cajones-y-unas-canciones-de-jesus-de-farina\/#primaryimage","url":"https:\/\/fundacioncajaruraldelsur.com\/wp-content\/uploads\/2020\/09\/libro_ella.jpg","contentUrl":"https:\/\/fundacioncajaruraldelsur.com\/wp-content\/uploads\/2020\/09\/libro_ella.jpg","width":1909,"height":500},{"@type":"BreadcrumbList","@id":"https:\/\/fundacioncajaruraldelsur.com\/evento\/presentacion-del-libro-poemas-en-cajones-y-unas-canciones-de-jesus-de-farina\/#breadcrumb","itemListElement":[{"@type":"ListItem","position":1,"name":"Portada","item":"https:\/\/fundacioncajaruraldelsur.com\/"},{"@type":"ListItem","position":2,"name":"Eventos","item":"https:\/\/fundacioncajaruraldelsur.com\/eventos\/"},{"@type":"ListItem","position":3,"name":"Presentaci\u00f3n del libro: \u00abPoemas en cajones y unas canciones\u00bb de Jes\u00fas de Fari\u00f1a"}]},{"@type":"WebSite","@id":"https:\/\/fundacioncajaruraldelsur.com\/#website","url":"https:\/\/fundacioncajaruraldelsur.com\/","name":"Funda\u00e7\u00e3o Caja Rural del Sur","description":"","potentialAction":[{"@type":"SearchAction","target":{"@type":"EntryPoint","urlTemplate":"https:\/\/fundacioncajaruraldelsur.com\/?s={search_term_string}"},"query-input":{"@type":"PropertyValueSpecification","valueRequired":true,"valueName":"search_term_string"}}],"inLanguage":"pt-PT"}]}},"_links":{"self":[{"href":"https:\/\/fundacioncajaruraldelsur.com\/pt\/wp-json\/wp\/v2\/tribe_events\/6965","targetHints":{"allow":["GET"]}}],"collection":[{"href":"https:\/\/fundacioncajaruraldelsur.com\/pt\/wp-json\/wp\/v2\/tribe_events"}],"about":[{"href":"https:\/\/fundacioncajaruraldelsur.com\/pt\/wp-json\/wp\/v2\/types\/tribe_events"}],"author":[{"embeddable":true,"href":"https:\/\/fundacioncajaruraldelsur.com\/pt\/wp-json\/wp\/v2\/users\/6"}],"version-history":[{"count":1,"href":"https:\/\/fundacioncajaruraldelsur.com\/pt\/wp-json\/wp\/v2\/tribe_events\/6965\/revisions"}],"predecessor-version":[{"id":6967,"href":"https:\/\/fundacioncajaruraldelsur.com\/pt\/wp-json\/wp\/v2\/tribe_events\/6965\/revisions\/6967"}],"wp:featuredmedia":[{"embeddable":true,"href":"https:\/\/fundacioncajaruraldelsur.com\/pt\/wp-json\/wp\/v2\/media\/5958"}],"wp:attachment":[{"href":"https:\/\/fundacioncajaruraldelsur.com\/pt\/wp-json\/wp\/v2\/media?parent=6965"}],"wp:term":[{"taxonomy":"post_tag","embeddable":true,"href":"https:\/\/fundacioncajaruraldelsur.com\/pt\/wp-json\/wp\/v2\/tags?post=6965"},{"taxonomy":"tribe_events_cat","embeddable":true,"href":"https:\/\/fundacioncajaruraldelsur.com\/pt\/wp-json\/wp\/v2\/tribe_events_cat?post=6965"}],"curies":[{"name":"wp","href":"https:\/\/api.w.org\/{rel}","templated":true}]}}