{"id":6938,"date":"2021-11-25T11:54:43","date_gmt":"2021-11-25T09:54:43","guid":{"rendered":"\/?post_type=tribe_events&#038;p=6938"},"modified":"2021-11-25T16:45:23","modified_gmt":"2021-11-25T14:45:23","slug":"de-belen-a-cordoba-el-belen-napolitano-de-la-fundacion-caja-rural-del-sur-en-su-nueva-sede-cordobesa","status":"publish","type":"tribe_events","link":"https:\/\/fundacioncajaruraldelsur.com\/pt\/evento\/de-belen-a-cordoba-el-belen-napolitano-de-la-fundacion-caja-rural-del-sur-en-su-nueva-sede-cordobesa\/","title":{"rendered":"\u00abDe Bel\u00e9n a C\u00f3rdoba\u00bb, el bel\u00e9n Napolitano de la Fundaci\u00f3n Caja Rural del Sur en su nueva sede cordobesa"},"content":{"rendered":"<p>La Fundaci\u00f3n Caja Rural del Sur en C\u00f3rdoba inaugura el pr\u00f3ximo d\u00eda 13 de diciembre en su nueva sede el bel\u00e9n Napolitano \u00abDe Bel\u00e9n a C\u00f3rdoba\u00bb, que se podr\u00e1 visitarse hasta el 5 de enero.<\/p>\n<p>El Horario de visita es de 11 a 13,30 &#8211; 18 a 21 horas de lunes a s\u00e1bado.<\/p>\n<p>El bel\u00e9n representa la vida cotidiana de N\u00e1poles entre el desfile ex\u00f3tico y fastuoso que acompa\u00f1a al cortejo de los Reyes Magos, con una bonita vista de la Bah\u00eda de N\u00e1poles.<\/p>\n<p>Autor: Jos\u00e9 Gavil\u00e1n Bruzo<\/p>\n<p>Pintura: Lola Garc\u00eda-Pantale\u00f3n Rubio<\/p>\n<p>Orfebrer\u00eda-Metalister\u00eda: Jos\u00e9 Gonz\u00e1lez Blanca<\/p>\n<p>Figuras: V\u00e1zquez&amp;Luna (Asociaci\u00f3n Cultural Belenista)<\/p>\n<p>Lilya Bril\u00a0 (Isidro Calvo Cota)<\/p>\n<p>Lola Garc\u00eda-Pantale\u00f3n Rubio (Ferrigno)<\/p>\n<p>Vestidas y bordadas por Lola Garc\u00eda-Pantale\u00f3n Rubio<\/p>\n<p><a href=\"\/wp-content\/uploads\/2021\/11\/IMG-20211124-WA0019.jpg\" rel=\"lightbox-0\"><img loading=\"lazy\" decoding=\"async\" class=\"alignnone wp-image-6939 size-large\" src=\"\/wp-content\/uploads\/2021\/11\/IMG-20211124-WA0019-768x1024.jpg\" alt=\"\" width=\"768\" height=\"1024\" srcset=\"https:\/\/fundacioncajaruraldelsur.com\/wp-content\/uploads\/2021\/11\/IMG-20211124-WA0019-768x1024.jpg 768w, https:\/\/fundacioncajaruraldelsur.com\/wp-content\/uploads\/2021\/11\/IMG-20211124-WA0019-225x300.jpg 225w, https:\/\/fundacioncajaruraldelsur.com\/wp-content\/uploads\/2021\/11\/IMG-20211124-WA0019-1152x1536.jpg 1152w, https:\/\/fundacioncajaruraldelsur.com\/wp-content\/uploads\/2021\/11\/IMG-20211124-WA0019.jpg 1488w\" sizes=\"auto, (max-width: 768px) 100vw, 768px\" \/><\/a> <a href=\"\/wp-content\/uploads\/2021\/11\/IMG-20211124-WA0016.jpg\" rel=\"lightbox-1\"><img loading=\"lazy\" decoding=\"async\" class=\"alignnone wp-image-6941 size-full\" src=\"\/wp-content\/uploads\/2021\/11\/IMG-20211124-WA0016.jpg\" alt=\"\" width=\"1984\" height=\"1488\" srcset=\"https:\/\/fundacioncajaruraldelsur.com\/wp-content\/uploads\/2021\/11\/IMG-20211124-WA0016.jpg 1984w, https:\/\/fundacioncajaruraldelsur.com\/wp-content\/uploads\/2021\/11\/IMG-20211124-WA0016-300x225.jpg 300w, https:\/\/fundacioncajaruraldelsur.com\/wp-content\/uploads\/2021\/11\/IMG-20211124-WA0016-1024x768.jpg 1024w, https:\/\/fundacioncajaruraldelsur.com\/wp-content\/uploads\/2021\/11\/IMG-20211124-WA0016-768x576.jpg 768w, https:\/\/fundacioncajaruraldelsur.com\/wp-content\/uploads\/2021\/11\/IMG-20211124-WA0016-1536x1152.jpg 1536w\" sizes=\"auto, (max-width: 1984px) 100vw, 1984px\" \/><\/a> <a href=\"\/wp-content\/uploads\/2021\/11\/IMG-20211124-WA0024.jpg\" rel=\"lightbox-2\"><img loading=\"lazy\" decoding=\"async\" class=\"alignnone wp-image-6942 size-full\" src=\"\/wp-content\/uploads\/2021\/11\/IMG-20211124-WA0024.jpg\" alt=\"\" width=\"1984\" height=\"1488\" srcset=\"https:\/\/fundacioncajaruraldelsur.com\/wp-content\/uploads\/2021\/11\/IMG-20211124-WA0024.jpg 1984w, https:\/\/fundacioncajaruraldelsur.com\/wp-content\/uploads\/2021\/11\/IMG-20211124-WA0024-300x225.jpg 300w, https:\/\/fundacioncajaruraldelsur.com\/wp-content\/uploads\/2021\/11\/IMG-20211124-WA0024-1024x768.jpg 1024w, https:\/\/fundacioncajaruraldelsur.com\/wp-content\/uploads\/2021\/11\/IMG-20211124-WA0024-768x576.jpg 768w, https:\/\/fundacioncajaruraldelsur.com\/wp-content\/uploads\/2021\/11\/IMG-20211124-WA0024-1536x1152.jpg 1536w\" sizes=\"auto, (max-width: 1984px) 100vw, 1984px\" \/><\/a><\/p>\n<p>&nbsp;<\/p>","protected":false},"excerpt":{"rendered":"<p>La Fundaci\u00f3n Caja Rural del Sur en C\u00f3rdoba inaugura el pr\u00f3ximo d\u00eda 13 de diciembre en su nueva sede el bel\u00e9n Napolitano \u00abDe Bel\u00e9n a C\u00f3rdoba\u00bb, que se podr\u00e1 visitarse [&hellip;]<\/p>\n","protected":false},"author":6,"featured_media":6940,"template":"","meta":{"_tribe_events_status":"","_tribe_events_status_reason":"","_tribe_events_is_hybrid":"","_tribe_events_is_virtual":"","_tribe_events_virtual_video_source":"","_tribe_events_virtual_embed_video":"","_tribe_events_virtual_linked_button_text":"","_tribe_events_virtual_linked_button":"","_tribe_events_virtual_show_embed_at":"","_tribe_events_virtual_show_embed_to":[],"_tribe_events_virtual_show_on_event":"","_tribe_events_virtual_show_on_views":"","_tribe_events_virtual_url":"","footnotes":""},"tags":[],"tribe_events_cat":[],"class_list":["post-6938","tribe_events","type-tribe_events","status-publish","has-post-thumbnail","hentry"],"yoast_head":"<!-- This site is optimized with the Yoast SEO plugin v27.3 - https:\/\/yoast.com\/product\/yoast-seo-wordpress\/ -->\n<title>&quot;De Bel\u00e9n a C\u00f3rdoba&quot;, el bel\u00e9n Napolitano de la Fundaci\u00f3n Caja Rural del Sur en su nueva sede cordobesa - Fundaci\u00f3n Caja Rural del Sur<\/title>\n<meta name=\"robots\" content=\"index, follow, max-snippet:-1, max-image-preview:large, max-video-preview:-1\" \/>\n<link rel=\"canonical\" href=\"https:\/\/fundacioncajaruraldelsur.com\/pt\/evento\/de-belen-a-cordoba-el-belen-napolitano-de-la-fundacion-caja-rural-del-sur-en-su-nueva-sede-cordobesa\/\" \/>\n<meta property=\"og:locale\" content=\"pt_PT\" \/>\n<meta property=\"og:type\" content=\"article\" \/>\n<meta property=\"og:title\" content=\"&quot;De Bel\u00e9n a C\u00f3rdoba&quot;, el bel\u00e9n Napolitano de la Fundaci\u00f3n Caja Rural del Sur en su nueva sede cordobesa - Fundaci\u00f3n Caja Rural del Sur\" \/>\n<meta property=\"og:description\" content=\"La Fundaci\u00f3n Caja Rural del Sur en C\u00f3rdoba inaugura el pr\u00f3ximo d\u00eda 13 de diciembre en su nueva sede el bel\u00e9n Napolitano \u00abDe Bel\u00e9n a C\u00f3rdoba\u00bb, que se podr\u00e1 visitarse [&hellip;]\" \/>\n<meta property=\"og:url\" content=\"https:\/\/fundacioncajaruraldelsur.com\/pt\/evento\/de-belen-a-cordoba-el-belen-napolitano-de-la-fundacion-caja-rural-del-sur-en-su-nueva-sede-cordobesa\/\" \/>\n<meta property=\"og:site_name\" content=\"Fundaci\u00f3n Caja Rural del Sur\" \/>\n<meta property=\"article:modified_time\" content=\"2021-11-25T14:45:23+00:00\" \/>\n<meta property=\"og:image\" content=\"https:\/\/fundacioncajaruraldelsur.com\/wp-content\/uploads\/2021\/11\/IMG-20211124-WA0018.jpg\" \/>\n\t<meta property=\"og:image:width\" content=\"1984\" \/>\n\t<meta property=\"og:image:height\" content=\"1488\" \/>\n\t<meta property=\"og:image:type\" content=\"image\/jpeg\" \/>\n<meta name=\"twitter:card\" content=\"summary_large_image\" \/>\n<meta name=\"twitter:label1\" content=\"Est. reading time\" \/>\n\t<meta name=\"twitter:data1\" content=\"1 minute\" \/>\n<script type=\"application\/ld+json\" class=\"yoast-schema-graph\">{\"@context\":\"https:\\\/\\\/schema.org\",\"@graph\":[{\"@type\":\"WebPage\",\"@id\":\"https:\\\/\\\/fundacioncajaruraldelsur.com\\\/evento\\\/de-belen-a-cordoba-el-belen-napolitano-de-la-fundacion-caja-rural-del-sur-en-su-nueva-sede-cordobesa\\\/\",\"url\":\"https:\\\/\\\/fundacioncajaruraldelsur.com\\\/evento\\\/de-belen-a-cordoba-el-belen-napolitano-de-la-fundacion-caja-rural-del-sur-en-su-nueva-sede-cordobesa\\\/\",\"name\":\"\\\"De Bel\u00e9n a C\u00f3rdoba\\\", el bel\u00e9n Napolitano de la Fundaci\u00f3n Caja Rural del Sur en su nueva sede cordobesa - Fundaci\u00f3n Caja Rural del Sur\",\"isPartOf\":{\"@id\":\"https:\\\/\\\/fundacioncajaruraldelsur.com\\\/#website\"},\"primaryImageOfPage\":{\"@id\":\"https:\\\/\\\/fundacioncajaruraldelsur.com\\\/evento\\\/de-belen-a-cordoba-el-belen-napolitano-de-la-fundacion-caja-rural-del-sur-en-su-nueva-sede-cordobesa\\\/#primaryimage\"},\"image\":{\"@id\":\"https:\\\/\\\/fundacioncajaruraldelsur.com\\\/evento\\\/de-belen-a-cordoba-el-belen-napolitano-de-la-fundacion-caja-rural-del-sur-en-su-nueva-sede-cordobesa\\\/#primaryimage\"},\"thumbnailUrl\":\"https:\\\/\\\/fundacioncajaruraldelsur.com\\\/wp-content\\\/uploads\\\/2021\\\/11\\\/IMG-20211124-WA0018.jpg\",\"datePublished\":\"2021-11-25T09:54:43+00:00\",\"dateModified\":\"2021-11-25T14:45:23+00:00\",\"breadcrumb\":{\"@id\":\"https:\\\/\\\/fundacioncajaruraldelsur.com\\\/evento\\\/de-belen-a-cordoba-el-belen-napolitano-de-la-fundacion-caja-rural-del-sur-en-su-nueva-sede-cordobesa\\\/#breadcrumb\"},\"inLanguage\":\"pt-PT\",\"potentialAction\":[{\"@type\":\"ReadAction\",\"target\":[\"https:\\\/\\\/fundacioncajaruraldelsur.com\\\/evento\\\/de-belen-a-cordoba-el-belen-napolitano-de-la-fundacion-caja-rural-del-sur-en-su-nueva-sede-cordobesa\\\/\"]}]},{\"@type\":\"ImageObject\",\"inLanguage\":\"pt-PT\",\"@id\":\"https:\\\/\\\/fundacioncajaruraldelsur.com\\\/evento\\\/de-belen-a-cordoba-el-belen-napolitano-de-la-fundacion-caja-rural-del-sur-en-su-nueva-sede-cordobesa\\\/#primaryimage\",\"url\":\"https:\\\/\\\/fundacioncajaruraldelsur.com\\\/wp-content\\\/uploads\\\/2021\\\/11\\\/IMG-20211124-WA0018.jpg\",\"contentUrl\":\"https:\\\/\\\/fundacioncajaruraldelsur.com\\\/wp-content\\\/uploads\\\/2021\\\/11\\\/IMG-20211124-WA0018.jpg\",\"width\":1984,\"height\":1488},{\"@type\":\"BreadcrumbList\",\"@id\":\"https:\\\/\\\/fundacioncajaruraldelsur.com\\\/evento\\\/de-belen-a-cordoba-el-belen-napolitano-de-la-fundacion-caja-rural-del-sur-en-su-nueva-sede-cordobesa\\\/#breadcrumb\",\"itemListElement\":[{\"@type\":\"ListItem\",\"position\":1,\"name\":\"Portada\",\"item\":\"https:\\\/\\\/fundacioncajaruraldelsur.com\\\/\"},{\"@type\":\"ListItem\",\"position\":2,\"name\":\"Eventos\",\"item\":\"https:\\\/\\\/fundacioncajaruraldelsur.com\\\/eventos\\\/\"},{\"@type\":\"ListItem\",\"position\":3,\"name\":\"\u00abDe Bel\u00e9n a C\u00f3rdoba\u00bb, el bel\u00e9n Napolitano de la Fundaci\u00f3n Caja Rural del Sur en su nueva sede cordobesa\"}]},{\"@type\":\"WebSite\",\"@id\":\"https:\\\/\\\/fundacioncajaruraldelsur.com\\\/#website\",\"url\":\"https:\\\/\\\/fundacioncajaruraldelsur.com\\\/\",\"name\":\"Fundaci\u00f3n Caja Rural del Sur\",\"description\":\"\",\"potentialAction\":[{\"@type\":\"SearchAction\",\"target\":{\"@type\":\"EntryPoint\",\"urlTemplate\":\"https:\\\/\\\/fundacioncajaruraldelsur.com\\\/?s={search_term_string}\"},\"query-input\":{\"@type\":\"PropertyValueSpecification\",\"valueRequired\":true,\"valueName\":\"search_term_string\"}}],\"inLanguage\":\"pt-PT\"}]}<\/script>\n<!-- \/ Yoast SEO plugin. -->","yoast_head_json":{"title":"\"De Bel\u00e9n a C\u00f3rdoba\", el bel\u00e9n Napolitano de la Fundaci\u00f3n Caja Rural del Sur en su nueva sede cordobesa - Fundaci\u00f3n Caja Rural del Sur","robots":{"index":"index","follow":"follow","max-snippet":"max-snippet:-1","max-image-preview":"max-image-preview:large","max-video-preview":"max-video-preview:-1"},"canonical":"https:\/\/fundacioncajaruraldelsur.com\/pt\/evento\/de-belen-a-cordoba-el-belen-napolitano-de-la-fundacion-caja-rural-del-sur-en-su-nueva-sede-cordobesa\/","og_locale":"pt_PT","og_type":"article","og_title":"\"De Bel\u00e9n a C\u00f3rdoba\", el bel\u00e9n Napolitano de la Fundaci\u00f3n Caja Rural del Sur en su nueva sede cordobesa - Fundaci\u00f3n Caja Rural del Sur","og_description":"La Fundaci\u00f3n Caja Rural del Sur en C\u00f3rdoba inaugura el pr\u00f3ximo d\u00eda 13 de diciembre en su nueva sede el bel\u00e9n Napolitano \u00abDe Bel\u00e9n a C\u00f3rdoba\u00bb, que se podr\u00e1 visitarse [&hellip;]","og_url":"https:\/\/fundacioncajaruraldelsur.com\/pt\/evento\/de-belen-a-cordoba-el-belen-napolitano-de-la-fundacion-caja-rural-del-sur-en-su-nueva-sede-cordobesa\/","og_site_name":"Fundaci\u00f3n Caja Rural del Sur","article_modified_time":"2021-11-25T14:45:23+00:00","og_image":[{"width":1984,"height":1488,"url":"https:\/\/fundacioncajaruraldelsur.com\/wp-content\/uploads\/2021\/11\/IMG-20211124-WA0018.jpg","type":"image\/jpeg"}],"twitter_card":"summary_large_image","twitter_misc":{"Est. reading time":"1 minute"},"schema":{"@context":"https:\/\/schema.org","@graph":[{"@type":"WebPage","@id":"https:\/\/fundacioncajaruraldelsur.com\/evento\/de-belen-a-cordoba-el-belen-napolitano-de-la-fundacion-caja-rural-del-sur-en-su-nueva-sede-cordobesa\/","url":"https:\/\/fundacioncajaruraldelsur.com\/evento\/de-belen-a-cordoba-el-belen-napolitano-de-la-fundacion-caja-rural-del-sur-en-su-nueva-sede-cordobesa\/","name":"\"De Bel\u00e9n a C\u00f3rdoba\", el bel\u00e9n Napolitano de la Fundaci\u00f3n Caja Rural del Sur en su nueva sede cordobesa - Fundaci\u00f3n Caja Rural del Sur","isPartOf":{"@id":"https:\/\/fundacioncajaruraldelsur.com\/#website"},"primaryImageOfPage":{"@id":"https:\/\/fundacioncajaruraldelsur.com\/evento\/de-belen-a-cordoba-el-belen-napolitano-de-la-fundacion-caja-rural-del-sur-en-su-nueva-sede-cordobesa\/#primaryimage"},"image":{"@id":"https:\/\/fundacioncajaruraldelsur.com\/evento\/de-belen-a-cordoba-el-belen-napolitano-de-la-fundacion-caja-rural-del-sur-en-su-nueva-sede-cordobesa\/#primaryimage"},"thumbnailUrl":"https:\/\/fundacioncajaruraldelsur.com\/wp-content\/uploads\/2021\/11\/IMG-20211124-WA0018.jpg","datePublished":"2021-11-25T09:54:43+00:00","dateModified":"2021-11-25T14:45:23+00:00","breadcrumb":{"@id":"https:\/\/fundacioncajaruraldelsur.com\/evento\/de-belen-a-cordoba-el-belen-napolitano-de-la-fundacion-caja-rural-del-sur-en-su-nueva-sede-cordobesa\/#breadcrumb"},"inLanguage":"pt-PT","potentialAction":[{"@type":"ReadAction","target":["https:\/\/fundacioncajaruraldelsur.com\/evento\/de-belen-a-cordoba-el-belen-napolitano-de-la-fundacion-caja-rural-del-sur-en-su-nueva-sede-cordobesa\/"]}]},{"@type":"ImageObject","inLanguage":"pt-PT","@id":"https:\/\/fundacioncajaruraldelsur.com\/evento\/de-belen-a-cordoba-el-belen-napolitano-de-la-fundacion-caja-rural-del-sur-en-su-nueva-sede-cordobesa\/#primaryimage","url":"https:\/\/fundacioncajaruraldelsur.com\/wp-content\/uploads\/2021\/11\/IMG-20211124-WA0018.jpg","contentUrl":"https:\/\/fundacioncajaruraldelsur.com\/wp-content\/uploads\/2021\/11\/IMG-20211124-WA0018.jpg","width":1984,"height":1488},{"@type":"BreadcrumbList","@id":"https:\/\/fundacioncajaruraldelsur.com\/evento\/de-belen-a-cordoba-el-belen-napolitano-de-la-fundacion-caja-rural-del-sur-en-su-nueva-sede-cordobesa\/#breadcrumb","itemListElement":[{"@type":"ListItem","position":1,"name":"Portada","item":"https:\/\/fundacioncajaruraldelsur.com\/"},{"@type":"ListItem","position":2,"name":"Eventos","item":"https:\/\/fundacioncajaruraldelsur.com\/eventos\/"},{"@type":"ListItem","position":3,"name":"\u00abDe Bel\u00e9n a C\u00f3rdoba\u00bb, el bel\u00e9n Napolitano de la Fundaci\u00f3n Caja Rural del Sur en su nueva sede cordobesa"}]},{"@type":"WebSite","@id":"https:\/\/fundacioncajaruraldelsur.com\/#website","url":"https:\/\/fundacioncajaruraldelsur.com\/","name":"Funda\u00e7\u00e3o Caja Rural del Sur","description":"","potentialAction":[{"@type":"SearchAction","target":{"@type":"EntryPoint","urlTemplate":"https:\/\/fundacioncajaruraldelsur.com\/?s={search_term_string}"},"query-input":{"@type":"PropertyValueSpecification","valueRequired":true,"valueName":"search_term_string"}}],"inLanguage":"pt-PT"}]}},"_links":{"self":[{"href":"https:\/\/fundacioncajaruraldelsur.com\/pt\/wp-json\/wp\/v2\/tribe_events\/6938","targetHints":{"allow":["GET"]}}],"collection":[{"href":"https:\/\/fundacioncajaruraldelsur.com\/pt\/wp-json\/wp\/v2\/tribe_events"}],"about":[{"href":"https:\/\/fundacioncajaruraldelsur.com\/pt\/wp-json\/wp\/v2\/types\/tribe_events"}],"author":[{"embeddable":true,"href":"https:\/\/fundacioncajaruraldelsur.com\/pt\/wp-json\/wp\/v2\/users\/6"}],"version-history":[{"count":2,"href":"https:\/\/fundacioncajaruraldelsur.com\/pt\/wp-json\/wp\/v2\/tribe_events\/6938\/revisions"}],"predecessor-version":[{"id":6945,"href":"https:\/\/fundacioncajaruraldelsur.com\/pt\/wp-json\/wp\/v2\/tribe_events\/6938\/revisions\/6945"}],"wp:featuredmedia":[{"embeddable":true,"href":"https:\/\/fundacioncajaruraldelsur.com\/pt\/wp-json\/wp\/v2\/media\/6940"}],"wp:attachment":[{"href":"https:\/\/fundacioncajaruraldelsur.com\/pt\/wp-json\/wp\/v2\/media?parent=6938"}],"wp:term":[{"taxonomy":"post_tag","embeddable":true,"href":"https:\/\/fundacioncajaruraldelsur.com\/pt\/wp-json\/wp\/v2\/tags?post=6938"},{"taxonomy":"tribe_events_cat","embeddable":true,"href":"https:\/\/fundacioncajaruraldelsur.com\/pt\/wp-json\/wp\/v2\/tribe_events_cat?post=6938"}],"curies":[{"name":"wp","href":"https:\/\/api.w.org\/{rel}","templated":true}]}}