{"id":6936,"date":"2021-11-23T01:26:27","date_gmt":"2021-11-22T23:26:27","guid":{"rendered":"\/?post_type=tribe_events&#038;p=6936"},"modified":"2021-12-15T22:15:15","modified_gmt":"2021-12-15T20:15:15","slug":"exposicion-encuentro-los-romero-saga-de-pintores","status":"publish","type":"tribe_events","link":"https:\/\/fundacioncajaruraldelsur.com\/pt\/evento\/exposicion-encuentro-los-romero-saga-de-pintores\/","title":{"rendered":"Exposici\u00f3n: \u00abEncuentro. Los Romero, saga de pintores\u00bb"},"content":{"rendered":"<p><strong>El nuevo Centro Cultural de Caja Rural del Sur en C\u00f3rdoba se inaugura con la muestra \u201cEncuentro. Los Romero, saga de pintores\u201d.\u00a0<\/strong><strong>El nuevo edificio que se inaugura consta de un sal\u00f3n de actos con 164 butacas y sala de exposiciones, con un aforo conjunto para 286 asistentes.<\/strong><\/p>\n<p>Con la exposici\u00f3n denominada \u201cEncuentro. Los Romero, saga de pintores\u201d se inaugura este viernes, d\u00eda 12 de noviembre, a las 19:00 horas, el nuevo Centro Cultural \u2018Jos\u00e9 Luis Garc\u00eda Palacios\u2019 de Caja Rural del Sur y su Fundaci\u00f3n, despu\u00e9s de la amplia remodelaci\u00f3n llevada a cabo, que en palabras del presidente de la entidad se \u201cmaterializa como un centro de exposiciones, de celebraci\u00f3n y de referencia a disposici\u00f3n y servicio de los estamentos que componen la provincia de C\u00f3rdoba\u201d.<\/p>\n<p>Este nuevo Centro Cultural \u2018Jos\u00e9 Luis Garc\u00eda Palacios\u2019 consta de un sal\u00f3n de actos con 164 butacas y una sala de exposiciones, teniendo un aforo global para 286 asistentes. Localizado en calle de la Radio 1 (entrada por avda. de la Libertad) de C\u00f3rdoba capital, abre sus puertas con una mirada a una de las se\u00f1as de identidad de C\u00f3rdoba: el legado pict\u00f3rico de la familia Romero de Torres, lo que va a permitircontemplar obras de Julio Romero de Torres que integran la colecci\u00f3n privada de Caja Rural del Sur, como \u201cRetrato de la se\u00f1ora de Casanueva\u201d, \u201cLas hermanas de Santa Marina\u201d y \u201cLa ni\u00f1a de la manzana\u201d, junto a composiciones que ha cedido el Real C\u00edrculo de la Amistad, referente hist\u00f3rico de la cultura de C\u00f3rdoba.<\/p>\n<p>La exposici\u00f3n permanecer\u00e1 abierta al p\u00fablico desde el 12 de noviembre hasta el 17 de diciembre, de lunes a viernes de 11 a 13:30 horas y de 18 a 21 horas, y los s\u00e1bados de 11 a 13:30 horas.<\/p>\n<p>Las obras expuestas son: Vista del Guadalquivir a su paso por C\u00f3rdoba I (S. XIX); Vista del Guadalquivir a su paso por C\u00f3rdoba II (S. XIX); Rosas en la balconada (1898); Retrato de la Se\u00f1ora de Casanueva (circa 1910-1912); La ni\u00f1a de la manzana (1915); y Las hermanas de Santa Marina (1915).<\/p>\n<p>De esta forma, a partir de este viernes los cordobeses van a tener en el Centro Cultural \u2018Jos\u00e9 Luis Garc\u00eda Palacios\u2019 un lugar que la Fundaci\u00f3n Caja Rural del Sur pone al servicio de la cultura de C\u00f3rdoba y que viene a sumar un nuevo espacio en el que las artes, el debate y la reflexi\u00f3n tengan un punto de encuentro para toda la sociedad cordobesa. Y se hace desde el firme convencimiento y el deseo que plante\u00f3 con determinaci\u00f3n en vida la persona que le da nombre al mismo, presidente durante muchos a\u00f1os de Caja Rural del Sur y una vida dedicada al cooperativismo.<\/p>\n<p>&nbsp;<\/p>","protected":false},"excerpt":{"rendered":"<p>El nuevo Centro Cultural de Caja Rural del Sur en C\u00f3rdoba se inaugura con la muestra \u201cEncuentro. Los Romero, saga de pintores\u201d.\u00a0El nuevo edificio que se inaugura consta de un [&hellip;]<\/p>\n","protected":false},"author":8,"featured_media":4256,"template":"","meta":{"_tribe_events_status":"","_tribe_events_status_reason":"","_tribe_events_is_hybrid":"","_tribe_events_is_virtual":"","_tribe_events_virtual_video_source":"","_tribe_events_virtual_embed_video":"","_tribe_events_virtual_linked_button_text":"","_tribe_events_virtual_linked_button":"","_tribe_events_virtual_show_embed_at":"","_tribe_events_virtual_show_embed_to":[],"_tribe_events_virtual_show_on_event":"","_tribe_events_virtual_show_on_views":"","_tribe_events_virtual_url":"","footnotes":""},"tags":[],"tribe_events_cat":[71],"class_list":["post-6936","tribe_events","type-tribe_events","status-publish","has-post-thumbnail","hentry","tribe_events_cat-exposicion","cat_exposicion"],"yoast_head":"<!-- This site is optimized with the Yoast SEO plugin v27.3 - https:\/\/yoast.com\/product\/yoast-seo-wordpress\/ -->\n<title>Exposici\u00f3n: &quot;Encuentro. Los Romero, saga de pintores&quot; - Fundaci\u00f3n Caja Rural del Sur<\/title>\n<meta name=\"description\" content=\"El nuevo Centro Cultural de Caja Rural del Sur en C\u00f3rdoba se inaugura con la muestra \u201cEncuentro. Los Romero, saga de pintores\u201d.\" \/>\n<meta name=\"robots\" content=\"index, follow, max-snippet:-1, max-image-preview:large, max-video-preview:-1\" \/>\n<link rel=\"canonical\" href=\"https:\/\/fundacioncajaruraldelsur.com\/pt\/evento\/exposicion-encuentro-los-romero-saga-de-pintores\/\" \/>\n<meta property=\"og:locale\" content=\"pt_PT\" \/>\n<meta property=\"og:type\" content=\"article\" \/>\n<meta property=\"og:title\" content=\"Exposici\u00f3n: &quot;Encuentro. Los Romero, saga de pintores&quot; - Fundaci\u00f3n Caja Rural del Sur\" \/>\n<meta property=\"og:description\" content=\"El nuevo Centro Cultural de Caja Rural del Sur en C\u00f3rdoba se inaugura con la muestra \u201cEncuentro. Los Romero, saga de pintores\u201d.\" \/>\n<meta property=\"og:url\" content=\"https:\/\/fundacioncajaruraldelsur.com\/pt\/evento\/exposicion-encuentro-los-romero-saga-de-pintores\/\" \/>\n<meta property=\"og:site_name\" content=\"Fundaci\u00f3n Caja Rural del Sur\" \/>\n<meta property=\"article:modified_time\" content=\"2021-12-15T20:15:15+00:00\" \/>\n<meta property=\"og:image\" content=\"https:\/\/fundacioncajaruraldelsur.com\/wp-content\/uploads\/2018\/12\/Exposicion_Solidaria.jpg\" \/>\n\t<meta property=\"og:image:width\" content=\"1925\" \/>\n\t<meta property=\"og:image:height\" content=\"494\" \/>\n\t<meta property=\"og:image:type\" content=\"image\/jpeg\" \/>\n<meta name=\"twitter:card\" content=\"summary_large_image\" \/>\n<meta name=\"twitter:label1\" content=\"Est. reading time\" \/>\n\t<meta name=\"twitter:data1\" content=\"2 minutes\" \/>\n<script type=\"application\/ld+json\" class=\"yoast-schema-graph\">{\"@context\":\"https:\\\/\\\/schema.org\",\"@graph\":[{\"@type\":\"WebPage\",\"@id\":\"https:\\\/\\\/fundacioncajaruraldelsur.com\\\/evento\\\/exposicion-encuentro-los-romero-saga-de-pintores\\\/\",\"url\":\"https:\\\/\\\/fundacioncajaruraldelsur.com\\\/evento\\\/exposicion-encuentro-los-romero-saga-de-pintores\\\/\",\"name\":\"Exposici\u00f3n: \\\"Encuentro. Los Romero, saga de pintores\\\" - Fundaci\u00f3n Caja Rural del Sur\",\"isPartOf\":{\"@id\":\"https:\\\/\\\/fundacioncajaruraldelsur.com\\\/#website\"},\"primaryImageOfPage\":{\"@id\":\"https:\\\/\\\/fundacioncajaruraldelsur.com\\\/evento\\\/exposicion-encuentro-los-romero-saga-de-pintores\\\/#primaryimage\"},\"image\":{\"@id\":\"https:\\\/\\\/fundacioncajaruraldelsur.com\\\/evento\\\/exposicion-encuentro-los-romero-saga-de-pintores\\\/#primaryimage\"},\"thumbnailUrl\":\"https:\\\/\\\/fundacioncajaruraldelsur.com\\\/wp-content\\\/uploads\\\/2018\\\/12\\\/Exposicion_Solidaria.jpg\",\"datePublished\":\"2021-11-22T23:26:27+00:00\",\"dateModified\":\"2021-12-15T20:15:15+00:00\",\"description\":\"El nuevo Centro Cultural de Caja Rural del Sur en C\u00f3rdoba se inaugura con la muestra \u201cEncuentro. Los Romero, saga de pintores\u201d.\",\"breadcrumb\":{\"@id\":\"https:\\\/\\\/fundacioncajaruraldelsur.com\\\/evento\\\/exposicion-encuentro-los-romero-saga-de-pintores\\\/#breadcrumb\"},\"inLanguage\":\"pt-PT\",\"potentialAction\":[{\"@type\":\"ReadAction\",\"target\":[\"https:\\\/\\\/fundacioncajaruraldelsur.com\\\/evento\\\/exposicion-encuentro-los-romero-saga-de-pintores\\\/\"]}]},{\"@type\":\"ImageObject\",\"inLanguage\":\"pt-PT\",\"@id\":\"https:\\\/\\\/fundacioncajaruraldelsur.com\\\/evento\\\/exposicion-encuentro-los-romero-saga-de-pintores\\\/#primaryimage\",\"url\":\"https:\\\/\\\/fundacioncajaruraldelsur.com\\\/wp-content\\\/uploads\\\/2018\\\/12\\\/Exposicion_Solidaria.jpg\",\"contentUrl\":\"https:\\\/\\\/fundacioncajaruraldelsur.com\\\/wp-content\\\/uploads\\\/2018\\\/12\\\/Exposicion_Solidaria.jpg\",\"width\":1925,\"height\":494},{\"@type\":\"BreadcrumbList\",\"@id\":\"https:\\\/\\\/fundacioncajaruraldelsur.com\\\/evento\\\/exposicion-encuentro-los-romero-saga-de-pintores\\\/#breadcrumb\",\"itemListElement\":[{\"@type\":\"ListItem\",\"position\":1,\"name\":\"Portada\",\"item\":\"https:\\\/\\\/fundacioncajaruraldelsur.com\\\/\"},{\"@type\":\"ListItem\",\"position\":2,\"name\":\"Eventos\",\"item\":\"https:\\\/\\\/fundacioncajaruraldelsur.com\\\/eventos\\\/\"},{\"@type\":\"ListItem\",\"position\":3,\"name\":\"Exposici\u00f3n: \u00abEncuentro. Los Romero, saga de pintores\u00bb\"}]},{\"@type\":\"WebSite\",\"@id\":\"https:\\\/\\\/fundacioncajaruraldelsur.com\\\/#website\",\"url\":\"https:\\\/\\\/fundacioncajaruraldelsur.com\\\/\",\"name\":\"Fundaci\u00f3n Caja Rural del Sur\",\"description\":\"\",\"potentialAction\":[{\"@type\":\"SearchAction\",\"target\":{\"@type\":\"EntryPoint\",\"urlTemplate\":\"https:\\\/\\\/fundacioncajaruraldelsur.com\\\/?s={search_term_string}\"},\"query-input\":{\"@type\":\"PropertyValueSpecification\",\"valueRequired\":true,\"valueName\":\"search_term_string\"}}],\"inLanguage\":\"pt-PT\"}]}<\/script>\n<!-- \/ Yoast SEO plugin. -->","yoast_head_json":{"title":"Exposici\u00f3n: \"Encuentro. Los Romero, saga de pintores\" - Fundaci\u00f3n Caja Rural del Sur","description":"El nuevo Centro Cultural de Caja Rural del Sur en C\u00f3rdoba se inaugura con la muestra \u201cEncuentro. Los Romero, saga de pintores\u201d.","robots":{"index":"index","follow":"follow","max-snippet":"max-snippet:-1","max-image-preview":"max-image-preview:large","max-video-preview":"max-video-preview:-1"},"canonical":"https:\/\/fundacioncajaruraldelsur.com\/pt\/evento\/exposicion-encuentro-los-romero-saga-de-pintores\/","og_locale":"pt_PT","og_type":"article","og_title":"Exposici\u00f3n: \"Encuentro. Los Romero, saga de pintores\" - Fundaci\u00f3n Caja Rural del Sur","og_description":"El nuevo Centro Cultural de Caja Rural del Sur en C\u00f3rdoba se inaugura con la muestra \u201cEncuentro. Los Romero, saga de pintores\u201d.","og_url":"https:\/\/fundacioncajaruraldelsur.com\/pt\/evento\/exposicion-encuentro-los-romero-saga-de-pintores\/","og_site_name":"Fundaci\u00f3n Caja Rural del Sur","article_modified_time":"2021-12-15T20:15:15+00:00","og_image":[{"width":1925,"height":494,"url":"https:\/\/fundacioncajaruraldelsur.com\/wp-content\/uploads\/2018\/12\/Exposicion_Solidaria.jpg","type":"image\/jpeg"}],"twitter_card":"summary_large_image","twitter_misc":{"Est. reading time":"2 minutes"},"schema":{"@context":"https:\/\/schema.org","@graph":[{"@type":"WebPage","@id":"https:\/\/fundacioncajaruraldelsur.com\/evento\/exposicion-encuentro-los-romero-saga-de-pintores\/","url":"https:\/\/fundacioncajaruraldelsur.com\/evento\/exposicion-encuentro-los-romero-saga-de-pintores\/","name":"Exposici\u00f3n: \"Encuentro. Los Romero, saga de pintores\" - Fundaci\u00f3n Caja Rural del Sur","isPartOf":{"@id":"https:\/\/fundacioncajaruraldelsur.com\/#website"},"primaryImageOfPage":{"@id":"https:\/\/fundacioncajaruraldelsur.com\/evento\/exposicion-encuentro-los-romero-saga-de-pintores\/#primaryimage"},"image":{"@id":"https:\/\/fundacioncajaruraldelsur.com\/evento\/exposicion-encuentro-los-romero-saga-de-pintores\/#primaryimage"},"thumbnailUrl":"https:\/\/fundacioncajaruraldelsur.com\/wp-content\/uploads\/2018\/12\/Exposicion_Solidaria.jpg","datePublished":"2021-11-22T23:26:27+00:00","dateModified":"2021-12-15T20:15:15+00:00","description":"El nuevo Centro Cultural de Caja Rural del Sur en C\u00f3rdoba se inaugura con la muestra \u201cEncuentro. Los Romero, saga de pintores\u201d.","breadcrumb":{"@id":"https:\/\/fundacioncajaruraldelsur.com\/evento\/exposicion-encuentro-los-romero-saga-de-pintores\/#breadcrumb"},"inLanguage":"pt-PT","potentialAction":[{"@type":"ReadAction","target":["https:\/\/fundacioncajaruraldelsur.com\/evento\/exposicion-encuentro-los-romero-saga-de-pintores\/"]}]},{"@type":"ImageObject","inLanguage":"pt-PT","@id":"https:\/\/fundacioncajaruraldelsur.com\/evento\/exposicion-encuentro-los-romero-saga-de-pintores\/#primaryimage","url":"https:\/\/fundacioncajaruraldelsur.com\/wp-content\/uploads\/2018\/12\/Exposicion_Solidaria.jpg","contentUrl":"https:\/\/fundacioncajaruraldelsur.com\/wp-content\/uploads\/2018\/12\/Exposicion_Solidaria.jpg","width":1925,"height":494},{"@type":"BreadcrumbList","@id":"https:\/\/fundacioncajaruraldelsur.com\/evento\/exposicion-encuentro-los-romero-saga-de-pintores\/#breadcrumb","itemListElement":[{"@type":"ListItem","position":1,"name":"Portada","item":"https:\/\/fundacioncajaruraldelsur.com\/"},{"@type":"ListItem","position":2,"name":"Eventos","item":"https:\/\/fundacioncajaruraldelsur.com\/eventos\/"},{"@type":"ListItem","position":3,"name":"Exposici\u00f3n: \u00abEncuentro. Los Romero, saga de pintores\u00bb"}]},{"@type":"WebSite","@id":"https:\/\/fundacioncajaruraldelsur.com\/#website","url":"https:\/\/fundacioncajaruraldelsur.com\/","name":"Funda\u00e7\u00e3o Caja Rural del Sur","description":"","potentialAction":[{"@type":"SearchAction","target":{"@type":"EntryPoint","urlTemplate":"https:\/\/fundacioncajaruraldelsur.com\/?s={search_term_string}"},"query-input":{"@type":"PropertyValueSpecification","valueRequired":true,"valueName":"search_term_string"}}],"inLanguage":"pt-PT"}]}},"_links":{"self":[{"href":"https:\/\/fundacioncajaruraldelsur.com\/pt\/wp-json\/wp\/v2\/tribe_events\/6936","targetHints":{"allow":["GET"]}}],"collection":[{"href":"https:\/\/fundacioncajaruraldelsur.com\/pt\/wp-json\/wp\/v2\/tribe_events"}],"about":[{"href":"https:\/\/fundacioncajaruraldelsur.com\/pt\/wp-json\/wp\/v2\/types\/tribe_events"}],"author":[{"embeddable":true,"href":"https:\/\/fundacioncajaruraldelsur.com\/pt\/wp-json\/wp\/v2\/users\/8"}],"version-history":[{"count":1,"href":"https:\/\/fundacioncajaruraldelsur.com\/pt\/wp-json\/wp\/v2\/tribe_events\/6936\/revisions"}],"predecessor-version":[{"id":6937,"href":"https:\/\/fundacioncajaruraldelsur.com\/pt\/wp-json\/wp\/v2\/tribe_events\/6936\/revisions\/6937"}],"wp:featuredmedia":[{"embeddable":true,"href":"https:\/\/fundacioncajaruraldelsur.com\/pt\/wp-json\/wp\/v2\/media\/4256"}],"wp:attachment":[{"href":"https:\/\/fundacioncajaruraldelsur.com\/pt\/wp-json\/wp\/v2\/media?parent=6936"}],"wp:term":[{"taxonomy":"post_tag","embeddable":true,"href":"https:\/\/fundacioncajaruraldelsur.com\/pt\/wp-json\/wp\/v2\/tags?post=6936"},{"taxonomy":"tribe_events_cat","embeddable":true,"href":"https:\/\/fundacioncajaruraldelsur.com\/pt\/wp-json\/wp\/v2\/tribe_events_cat?post=6936"}],"curies":[{"name":"wp","href":"https:\/\/api.w.org\/{rel}","templated":true}]}}