{"id":6846,"date":"2021-11-08T11:37:10","date_gmt":"2021-11-08T09:37:10","guid":{"rendered":"\/?post_type=tribe_events&#038;p=6846"},"modified":"2021-11-08T11:39:05","modified_gmt":"2021-11-08T09:39:05","slug":"presentacion-de-las-calles-del-tiempo-de-javier-compas-en-sevilla","status":"publish","type":"tribe_events","link":"https:\/\/fundacioncajaruraldelsur.com\/pt\/evento\/presentacion-de-las-calles-del-tiempo-de-javier-compas-en-sevilla\/","title":{"rendered":"Presentaci\u00f3n de \u00abLas calles del tiempo\u00bb de Javier Comp\u00e1s en Sevilla"},"content":{"rendered":"<p>El pr\u00f3ximo mi\u00e9rcoles 24 de Noviembre se presenta la nueva novela del escritor sevillano, Javier Comp\u00e1s, en el sal\u00f3n de actos de la Fundaci\u00f3n Caja Rural del Sur en Sevilla, en calle Murillo, 2 (Plaza de la Magdalena). El acto comenzar\u00e1 a las 20:00 horas y, tras la presentaci\u00f3n, se servir\u00e1 una copa de vino espa\u00f1ol.<\/p>\n<p>En el acto de presentaci\u00f3n, adem\u00e1s del autor, estar\u00e1n presentes el editor de Anantes, Ismael Rojas y el periodista sevillano, Raimundo de Hita, que har\u00e1 una breve semblanza del mismo.<\/p>\n<p>La trama de la novela nos habla de c\u00f3mo cambian las ciudades y las personas: Luis, exitoso galerista internacional de arte contempor\u00e1neo, vuelve a Sevilla tras vivir alejado de ella durante veinticinco a\u00f1os. El amor a Sof\u00eda y un cuadro robado lo retienen all\u00ed m\u00e1s tiempo del que hab\u00eda previsto. Alberto, historiador del Arte, es viudo y P\u00eda, una creativa so\u00f1adora, reci\u00e9n divorciada, se conocen a trav\u00e9s de internet y r\u00e1pidamente surge un poderoso sentimiento entre ellos que les lleva a querer encontrarse superando todos sus miedos y dudas. Las calles del tiempo es una novela de destinos entrecruzados entre Madrid, Nueva York, Sevilla y Barcelona, de expectativas, decepciones y nuevos comienzos, de vidas y pasiones que cambian sin remedio, como cambian las ciudades que amamos.<\/p>\n<p><strong>Sobre el autor:<\/strong><\/p>\n<p>Javier Comp\u00e1s (Sevilla) es licenciado en Historia del Arte. Escritor y comunicador. Obtuvo con tan solo 16 a\u00f1os el I Premio Villa de Tomares de Poes\u00eda. Es autor de las novelas <strong>Los \u00faltimos caballeros<\/strong>, que recibi\u00f3 el Premio Literatura Disidente en 2009, y <strong>La playa de los alemanes<\/strong> (2010), as\u00ed como del volumen de relatos <strong>La sala japonesa<\/strong> (2016). Algunos de sus poemas y relatos fueron publicados en la <strong>Antolog\u00eda de Genios Noveles de la Literatura Espa\u00f1ola<\/strong> (1998). Como comunicador especializado en vinos y gastronom\u00eda es colaborador asiduo de diversos medios de comunicaci\u00f3n, dirigiendo durante cinco a\u00f1os las p\u00e1ginas gastron\u00f3micas del diario sevillano El Correo de Andaluc\u00eda y la revista Tapas y Viajes. Fundador de la revista Gastrobaris Magazine (Premio a la Comunicaci\u00f3n Gastron\u00f3mica 2016 otorgado por el Club Gourmet de Sevilla). Varios a\u00f1os director y presentador del programa cultural La Factor\u00eda Fenicia en Radio Tomares.<\/p>\n<p><strong>Sobre el presentador:<\/strong><\/p>\n<p>Raimundo de Hita naci\u00f3 en Sevilla en 1966. Periodista de informaci\u00f3n local muchos a\u00f1os, vive y disfruta su ciudad, de la que piensa que podr\u00eda dar m\u00e1s de s\u00ed si se fuera exigente con ella. Trabaj\u00f3 en Antena 3 Radio, El Correo de Andaluc\u00eda, El Mundo, ABC de Sevilla y Radio Sevilla en distintas \u00e9pocas y situaciones. Y tambi\u00e9n en el Ayuntamiento de Sevilla, Isla M\u00e1gica y el IAPH, entre otros. Licenciado en Ciencias de la Informaci\u00f3n, postgraduado en Gesti\u00f3n de Redes Sociales y m\u00e1ster en Comunicaci\u00f3n y Cultura, investiga ahora sobre los soportes digitales para la informaci\u00f3n. Abomina de la frase hecha \u00abperiodista y escritor\u00bb.<\/p>\n<p><strong>La editorial:<\/strong><\/p>\n<p>Una edici\u00f3n m\u00e1s, Editorial Anantes participa en la Feria del libro de Sevilla con numerosas actividades. Este a\u00f1o, la caseta m\u00e1s animada de la Feria ser\u00e1 la n\u00famero 37, en la que podr\u00e1s encontrar las novedades y todo el fondo de Editorial Anantes. No puedes perderte la presentaci\u00f3n de Maradona, uno de los nuestros, el deslumbrante debut novel\u00edstico de Martina de los \u00c1ngeles, la reedici\u00f3n cr\u00edtica de dos obras del romanticismo como las Rimas de B\u00e9cquer en el 150 aniversario de la muerte del poeta y la obra completa de la poeta Amparo L\u00f3pez, la nueva novela de Javier Comp\u00e1s o el primer volumen de relatos de \u00c1ngel Nepomuceno, la narrativa de gran estilo de Ignacio Arrabal y Rafael Garc\u00eda Maldonado\u2026<\/p>\n<p><a href=\"https:\/\/www.anantescultural.net\/\">https:\/\/www.anantescultural.net\/<\/a><\/p>\n<p>Entrada libre hasta completar aforo. Se respetar\u00e1n las medidas COVID.<\/p>\n<p><a href=\"\/wp-content\/uploads\/2021\/11\/thumbnail_TIEMPOPORTADA06_page-0001.jpg\" rel=\"lightbox-0\"><img loading=\"lazy\" decoding=\"async\" class=\"alignnone wp-image-6848 size-large\" src=\"\/wp-content\/uploads\/2021\/11\/thumbnail_TIEMPOPORTADA06_page-0001-634x1024.jpg\" alt=\"\" width=\"634\" height=\"1024\" srcset=\"https:\/\/fundacioncajaruraldelsur.com\/wp-content\/uploads\/2021\/11\/thumbnail_TIEMPOPORTADA06_page-0001-634x1024.jpg 634w, https:\/\/fundacioncajaruraldelsur.com\/wp-content\/uploads\/2021\/11\/thumbnail_TIEMPOPORTADA06_page-0001-186x300.jpg 186w, https:\/\/fundacioncajaruraldelsur.com\/wp-content\/uploads\/2021\/11\/thumbnail_TIEMPOPORTADA06_page-0001.jpg 768w\" sizes=\"auto, (max-width: 634px) 100vw, 634px\" \/><\/a><\/p>","protected":false},"excerpt":{"rendered":"<p>El pr\u00f3ximo mi\u00e9rcoles 24 de Noviembre se presenta la nueva novela del escritor sevillano, Javier Comp\u00e1s, en el sal\u00f3n de actos de la Fundaci\u00f3n Caja Rural del Sur en Sevilla, [&hellip;]<\/p>\n","protected":false},"author":6,"featured_media":5938,"template":"","meta":{"_tribe_events_status":"","_tribe_events_status_reason":"","_tribe_events_is_hybrid":"","_tribe_events_is_virtual":"","_tribe_events_virtual_video_source":"","_tribe_events_virtual_embed_video":"","_tribe_events_virtual_linked_button_text":"","_tribe_events_virtual_linked_button":"","_tribe_events_virtual_show_embed_at":"","_tribe_events_virtual_show_embed_to":[],"_tribe_events_virtual_show_on_event":"","_tribe_events_virtual_show_on_views":"","_tribe_events_virtual_url":"","footnotes":""},"tags":[],"tribe_events_cat":[124],"class_list":["post-6846","tribe_events","type-tribe_events","status-publish","has-post-thumbnail","hentry","tribe_events_cat-presentaciones","cat_presentaciones"],"yoast_head":"<!-- This site is optimized with the Yoast SEO plugin v27.3 - https:\/\/yoast.com\/product\/yoast-seo-wordpress\/ -->\n<title>Presentaci\u00f3n de &quot;Las calles del tiempo&quot; de Javier Comp\u00e1s en Sevilla - Fundaci\u00f3n Caja Rural del Sur<\/title>\n<meta name=\"robots\" content=\"index, follow, max-snippet:-1, max-image-preview:large, max-video-preview:-1\" \/>\n<link rel=\"canonical\" href=\"https:\/\/fundacioncajaruraldelsur.com\/pt\/evento\/presentacion-de-las-calles-del-tiempo-de-javier-compas-en-sevilla\/\" \/>\n<meta property=\"og:locale\" content=\"pt_PT\" \/>\n<meta property=\"og:type\" content=\"article\" \/>\n<meta property=\"og:title\" content=\"Presentaci\u00f3n de &quot;Las calles del tiempo&quot; de Javier Comp\u00e1s en Sevilla - Fundaci\u00f3n Caja Rural del Sur\" \/>\n<meta property=\"og:description\" content=\"El pr\u00f3ximo mi\u00e9rcoles 24 de Noviembre se presenta la nueva novela del escritor sevillano, Javier Comp\u00e1s, en el sal\u00f3n de actos de la Fundaci\u00f3n Caja Rural del Sur en Sevilla, [&hellip;]\" \/>\n<meta property=\"og:url\" content=\"https:\/\/fundacioncajaruraldelsur.com\/pt\/evento\/presentacion-de-las-calles-del-tiempo-de-javier-compas-en-sevilla\/\" \/>\n<meta property=\"og:site_name\" content=\"Fundaci\u00f3n Caja Rural del Sur\" \/>\n<meta property=\"article:modified_time\" content=\"2021-11-08T09:39:05+00:00\" \/>\n<meta property=\"og:image\" content=\"https:\/\/fundacioncajaruraldelsur.com\/wp-content\/uploads\/2020\/09\/presentacion_libro.jpg\" \/>\n\t<meta property=\"og:image:width\" content=\"1924\" \/>\n\t<meta property=\"og:image:height\" content=\"500\" \/>\n\t<meta property=\"og:image:type\" content=\"image\/jpeg\" \/>\n<meta name=\"twitter:card\" content=\"summary_large_image\" \/>\n<meta name=\"twitter:label1\" content=\"Est. reading time\" \/>\n\t<meta name=\"twitter:data1\" content=\"3 minutes\" \/>\n<script type=\"application\/ld+json\" class=\"yoast-schema-graph\">{\"@context\":\"https:\\\/\\\/schema.org\",\"@graph\":[{\"@type\":\"WebPage\",\"@id\":\"https:\\\/\\\/fundacioncajaruraldelsur.com\\\/evento\\\/presentacion-de-las-calles-del-tiempo-de-javier-compas-en-sevilla\\\/\",\"url\":\"https:\\\/\\\/fundacioncajaruraldelsur.com\\\/evento\\\/presentacion-de-las-calles-del-tiempo-de-javier-compas-en-sevilla\\\/\",\"name\":\"Presentaci\u00f3n de \\\"Las calles del tiempo\\\" de Javier Comp\u00e1s en Sevilla - Fundaci\u00f3n Caja Rural del Sur\",\"isPartOf\":{\"@id\":\"https:\\\/\\\/fundacioncajaruraldelsur.com\\\/#website\"},\"primaryImageOfPage\":{\"@id\":\"https:\\\/\\\/fundacioncajaruraldelsur.com\\\/evento\\\/presentacion-de-las-calles-del-tiempo-de-javier-compas-en-sevilla\\\/#primaryimage\"},\"image\":{\"@id\":\"https:\\\/\\\/fundacioncajaruraldelsur.com\\\/evento\\\/presentacion-de-las-calles-del-tiempo-de-javier-compas-en-sevilla\\\/#primaryimage\"},\"thumbnailUrl\":\"https:\\\/\\\/fundacioncajaruraldelsur.com\\\/wp-content\\\/uploads\\\/2020\\\/09\\\/presentacion_libro.jpg\",\"datePublished\":\"2021-11-08T09:37:10+00:00\",\"dateModified\":\"2021-11-08T09:39:05+00:00\",\"breadcrumb\":{\"@id\":\"https:\\\/\\\/fundacioncajaruraldelsur.com\\\/evento\\\/presentacion-de-las-calles-del-tiempo-de-javier-compas-en-sevilla\\\/#breadcrumb\"},\"inLanguage\":\"pt-PT\",\"potentialAction\":[{\"@type\":\"ReadAction\",\"target\":[\"https:\\\/\\\/fundacioncajaruraldelsur.com\\\/evento\\\/presentacion-de-las-calles-del-tiempo-de-javier-compas-en-sevilla\\\/\"]}]},{\"@type\":\"ImageObject\",\"inLanguage\":\"pt-PT\",\"@id\":\"https:\\\/\\\/fundacioncajaruraldelsur.com\\\/evento\\\/presentacion-de-las-calles-del-tiempo-de-javier-compas-en-sevilla\\\/#primaryimage\",\"url\":\"https:\\\/\\\/fundacioncajaruraldelsur.com\\\/wp-content\\\/uploads\\\/2020\\\/09\\\/presentacion_libro.jpg\",\"contentUrl\":\"https:\\\/\\\/fundacioncajaruraldelsur.com\\\/wp-content\\\/uploads\\\/2020\\\/09\\\/presentacion_libro.jpg\",\"width\":1924,\"height\":500},{\"@type\":\"BreadcrumbList\",\"@id\":\"https:\\\/\\\/fundacioncajaruraldelsur.com\\\/evento\\\/presentacion-de-las-calles-del-tiempo-de-javier-compas-en-sevilla\\\/#breadcrumb\",\"itemListElement\":[{\"@type\":\"ListItem\",\"position\":1,\"name\":\"Portada\",\"item\":\"https:\\\/\\\/fundacioncajaruraldelsur.com\\\/\"},{\"@type\":\"ListItem\",\"position\":2,\"name\":\"Eventos\",\"item\":\"https:\\\/\\\/fundacioncajaruraldelsur.com\\\/eventos\\\/\"},{\"@type\":\"ListItem\",\"position\":3,\"name\":\"Presentaci\u00f3n de \u00abLas calles del tiempo\u00bb de Javier Comp\u00e1s en Sevilla\"}]},{\"@type\":\"WebSite\",\"@id\":\"https:\\\/\\\/fundacioncajaruraldelsur.com\\\/#website\",\"url\":\"https:\\\/\\\/fundacioncajaruraldelsur.com\\\/\",\"name\":\"Fundaci\u00f3n Caja Rural del Sur\",\"description\":\"\",\"potentialAction\":[{\"@type\":\"SearchAction\",\"target\":{\"@type\":\"EntryPoint\",\"urlTemplate\":\"https:\\\/\\\/fundacioncajaruraldelsur.com\\\/?s={search_term_string}\"},\"query-input\":{\"@type\":\"PropertyValueSpecification\",\"valueRequired\":true,\"valueName\":\"search_term_string\"}}],\"inLanguage\":\"pt-PT\"}]}<\/script>\n<!-- \/ Yoast SEO plugin. -->","yoast_head_json":{"title":"Presentaci\u00f3n de \"Las calles del tiempo\" de Javier Comp\u00e1s en Sevilla - Fundaci\u00f3n Caja Rural del Sur","robots":{"index":"index","follow":"follow","max-snippet":"max-snippet:-1","max-image-preview":"max-image-preview:large","max-video-preview":"max-video-preview:-1"},"canonical":"https:\/\/fundacioncajaruraldelsur.com\/pt\/evento\/presentacion-de-las-calles-del-tiempo-de-javier-compas-en-sevilla\/","og_locale":"pt_PT","og_type":"article","og_title":"Presentaci\u00f3n de \"Las calles del tiempo\" de Javier Comp\u00e1s en Sevilla - Fundaci\u00f3n Caja Rural del Sur","og_description":"El pr\u00f3ximo mi\u00e9rcoles 24 de Noviembre se presenta la nueva novela del escritor sevillano, Javier Comp\u00e1s, en el sal\u00f3n de actos de la Fundaci\u00f3n Caja Rural del Sur en Sevilla, [&hellip;]","og_url":"https:\/\/fundacioncajaruraldelsur.com\/pt\/evento\/presentacion-de-las-calles-del-tiempo-de-javier-compas-en-sevilla\/","og_site_name":"Fundaci\u00f3n Caja Rural del Sur","article_modified_time":"2021-11-08T09:39:05+00:00","og_image":[{"width":1924,"height":500,"url":"https:\/\/fundacioncajaruraldelsur.com\/wp-content\/uploads\/2020\/09\/presentacion_libro.jpg","type":"image\/jpeg"}],"twitter_card":"summary_large_image","twitter_misc":{"Est. reading time":"3 minutes"},"schema":{"@context":"https:\/\/schema.org","@graph":[{"@type":"WebPage","@id":"https:\/\/fundacioncajaruraldelsur.com\/evento\/presentacion-de-las-calles-del-tiempo-de-javier-compas-en-sevilla\/","url":"https:\/\/fundacioncajaruraldelsur.com\/evento\/presentacion-de-las-calles-del-tiempo-de-javier-compas-en-sevilla\/","name":"Presentaci\u00f3n de \"Las calles del tiempo\" de Javier Comp\u00e1s en Sevilla - Fundaci\u00f3n Caja Rural del Sur","isPartOf":{"@id":"https:\/\/fundacioncajaruraldelsur.com\/#website"},"primaryImageOfPage":{"@id":"https:\/\/fundacioncajaruraldelsur.com\/evento\/presentacion-de-las-calles-del-tiempo-de-javier-compas-en-sevilla\/#primaryimage"},"image":{"@id":"https:\/\/fundacioncajaruraldelsur.com\/evento\/presentacion-de-las-calles-del-tiempo-de-javier-compas-en-sevilla\/#primaryimage"},"thumbnailUrl":"https:\/\/fundacioncajaruraldelsur.com\/wp-content\/uploads\/2020\/09\/presentacion_libro.jpg","datePublished":"2021-11-08T09:37:10+00:00","dateModified":"2021-11-08T09:39:05+00:00","breadcrumb":{"@id":"https:\/\/fundacioncajaruraldelsur.com\/evento\/presentacion-de-las-calles-del-tiempo-de-javier-compas-en-sevilla\/#breadcrumb"},"inLanguage":"pt-PT","potentialAction":[{"@type":"ReadAction","target":["https:\/\/fundacioncajaruraldelsur.com\/evento\/presentacion-de-las-calles-del-tiempo-de-javier-compas-en-sevilla\/"]}]},{"@type":"ImageObject","inLanguage":"pt-PT","@id":"https:\/\/fundacioncajaruraldelsur.com\/evento\/presentacion-de-las-calles-del-tiempo-de-javier-compas-en-sevilla\/#primaryimage","url":"https:\/\/fundacioncajaruraldelsur.com\/wp-content\/uploads\/2020\/09\/presentacion_libro.jpg","contentUrl":"https:\/\/fundacioncajaruraldelsur.com\/wp-content\/uploads\/2020\/09\/presentacion_libro.jpg","width":1924,"height":500},{"@type":"BreadcrumbList","@id":"https:\/\/fundacioncajaruraldelsur.com\/evento\/presentacion-de-las-calles-del-tiempo-de-javier-compas-en-sevilla\/#breadcrumb","itemListElement":[{"@type":"ListItem","position":1,"name":"Portada","item":"https:\/\/fundacioncajaruraldelsur.com\/"},{"@type":"ListItem","position":2,"name":"Eventos","item":"https:\/\/fundacioncajaruraldelsur.com\/eventos\/"},{"@type":"ListItem","position":3,"name":"Presentaci\u00f3n de \u00abLas calles del tiempo\u00bb de Javier Comp\u00e1s en Sevilla"}]},{"@type":"WebSite","@id":"https:\/\/fundacioncajaruraldelsur.com\/#website","url":"https:\/\/fundacioncajaruraldelsur.com\/","name":"Funda\u00e7\u00e3o Caja Rural del Sur","description":"","potentialAction":[{"@type":"SearchAction","target":{"@type":"EntryPoint","urlTemplate":"https:\/\/fundacioncajaruraldelsur.com\/?s={search_term_string}"},"query-input":{"@type":"PropertyValueSpecification","valueRequired":true,"valueName":"search_term_string"}}],"inLanguage":"pt-PT"}]}},"_links":{"self":[{"href":"https:\/\/fundacioncajaruraldelsur.com\/pt\/wp-json\/wp\/v2\/tribe_events\/6846","targetHints":{"allow":["GET"]}}],"collection":[{"href":"https:\/\/fundacioncajaruraldelsur.com\/pt\/wp-json\/wp\/v2\/tribe_events"}],"about":[{"href":"https:\/\/fundacioncajaruraldelsur.com\/pt\/wp-json\/wp\/v2\/types\/tribe_events"}],"author":[{"embeddable":true,"href":"https:\/\/fundacioncajaruraldelsur.com\/pt\/wp-json\/wp\/v2\/users\/6"}],"version-history":[{"count":2,"href":"https:\/\/fundacioncajaruraldelsur.com\/pt\/wp-json\/wp\/v2\/tribe_events\/6846\/revisions"}],"predecessor-version":[{"id":6849,"href":"https:\/\/fundacioncajaruraldelsur.com\/pt\/wp-json\/wp\/v2\/tribe_events\/6846\/revisions\/6849"}],"wp:featuredmedia":[{"embeddable":true,"href":"https:\/\/fundacioncajaruraldelsur.com\/pt\/wp-json\/wp\/v2\/media\/5938"}],"wp:attachment":[{"href":"https:\/\/fundacioncajaruraldelsur.com\/pt\/wp-json\/wp\/v2\/media?parent=6846"}],"wp:term":[{"taxonomy":"post_tag","embeddable":true,"href":"https:\/\/fundacioncajaruraldelsur.com\/pt\/wp-json\/wp\/v2\/tags?post=6846"},{"taxonomy":"tribe_events_cat","embeddable":true,"href":"https:\/\/fundacioncajaruraldelsur.com\/pt\/wp-json\/wp\/v2\/tribe_events_cat?post=6846"}],"curies":[{"name":"wp","href":"https:\/\/api.w.org\/{rel}","templated":true}]}}