{"id":6836,"date":"2021-11-03T10:36:46","date_gmt":"2021-11-03T08:36:46","guid":{"rendered":"\/?post_type=tribe_events&#038;p=6836"},"modified":"2021-11-03T10:36:46","modified_gmt":"2021-11-03T08:36:46","slug":"presentacion-del-libro-ella-la-mas-deseada-de-fernando-f-diaz","status":"publish","type":"tribe_events","link":"https:\/\/fundacioncajaruraldelsur.com\/pt\/evento\/presentacion-del-libro-ella-la-mas-deseada-de-fernando-f-diaz\/","title":{"rendered":"Presentaci\u00f3n del libro: \u201cElla (la m\u00e1s deseada)\u201d de Fernando F. D\u00edaz"},"content":{"rendered":"<p>El pr\u00f3ximo Jueves 2 de diciembre a las 19.30 h. acogemos en la sede de la Fundaci\u00f3n Caja Rural del Sur en Huelva la presentaci\u00f3n \u00a0del libro:<strong> \u201cElla (la m\u00e1s deseada)\u201d <\/strong>del\u00a0experto docente e investigador onubense Fernando F. D\u00edaz.<\/p>\n<h3><strong>La obra<\/strong><\/h3>\n<p>\u00bfQu\u00e9 pasar\u00eda si todo el conocimiento sobre la cultura de Tartessos, alrededor del Valle del Guadalquivir, se basaba en una premisa equivocada?: que, una vez detectada, y demostrados los diez errores cometidos, por Adolf Schulten, y por sus seguidores, ha sido encontrada.<\/p>\n<p><a href=\"\/wp-content\/uploads\/2021\/11\/PORTADA-del-Vol.-III-de-Fernando-F.-Diaz-Ella-la-mas-deseada-Como-encontramos-Tartessos-y-las-Columnas-de-Hercules-en-Huelva..jpg\" rel=\"lightbox-0\"><img loading=\"lazy\" decoding=\"async\" class=\"wp-image-6837 alignleft\" src=\"\/wp-content\/uploads\/2021\/11\/PORTADA-del-Vol.-III-de-Fernando-F.-Diaz-Ella-la-mas-deseada-Como-encontramos-Tartessos-y-las-Columnas-de-Hercules-en-Huelva.-207x300.jpg\" alt=\"\" width=\"292\" height=\"423\" srcset=\"https:\/\/fundacioncajaruraldelsur.com\/wp-content\/uploads\/2021\/11\/PORTADA-del-Vol.-III-de-Fernando-F.-Diaz-Ella-la-mas-deseada-Como-encontramos-Tartessos-y-las-Columnas-de-Hercules-en-Huelva.-207x300.jpg 207w, https:\/\/fundacioncajaruraldelsur.com\/wp-content\/uploads\/2021\/11\/PORTADA-del-Vol.-III-de-Fernando-F.-Diaz-Ella-la-mas-deseada-Como-encontramos-Tartessos-y-las-Columnas-de-Hercules-en-Huelva.-705x1024.jpg 705w, https:\/\/fundacioncajaruraldelsur.com\/wp-content\/uploads\/2021\/11\/PORTADA-del-Vol.-III-de-Fernando-F.-Diaz-Ella-la-mas-deseada-Como-encontramos-Tartessos-y-las-Columnas-de-Hercules-en-Huelva.-768x1115.jpg 768w, https:\/\/fundacioncajaruraldelsur.com\/wp-content\/uploads\/2021\/11\/PORTADA-del-Vol.-III-de-Fernando-F.-Diaz-Ella-la-mas-deseada-Como-encontramos-Tartessos-y-las-Columnas-de-Hercules-en-Huelva.-1058x1536.jpg 1058w, https:\/\/fundacioncajaruraldelsur.com\/wp-content\/uploads\/2021\/11\/PORTADA-del-Vol.-III-de-Fernando-F.-Diaz-Ella-la-mas-deseada-Como-encontramos-Tartessos-y-las-Columnas-de-Hercules-en-Huelva..jpg 1265w\" sizes=\"auto, (max-width: 292px) 100vw, 292px\" \/><\/a>La localizaci\u00f3n de la capital de Tartessos, no pod\u00eda demorarse m\u00e1s: era una necesidad fundamental hoy, para su investigaci\u00f3n, y para el desarrollo tur\u00edstico y cultural de Andaluc\u00eda, y del suroeste de La Ib\u00e9rica.<\/p>\n<p>Eso, ha sido determinante, para localizar Tartessos, el R\u00edo Tartessos, el Lago Ligustino, la Eritia, etc, que no eran los que se cre\u00edan.<\/p>\n<p>Las referencias en los mapas actuales, son tambi\u00e9n actuales. Ese problema, no supieron resolverlo investigadores como H. Schliemann, o Adolf Schulten, porque ni siquiera sab\u00edan que exist\u00eda, es decir, pensaban que lo mismo daba consultar un mapa de 100 a.C., y cre\u00edan que eran los mismos \u201cgriegos\u201d, y \u201cegipcios\u201d, de que hablaban los cl\u00e1sicos. No lo eran.<\/p>\n<p>Esta obra, para todos los p\u00fablicos, es la tercera de Fernando F. D\u00edaz, investigador con miles de seguidores, en sus muros de Facebook. Para esta obra, ha creado especialmente, el muro \u201cTroya y Tartessos\u201d.<\/p>\n<p>Es el autor de \u00abCapitales Imperiales de Tartessos\u00bb, ensalzada por los lectores en Amazon,<\/p>\n<p>\u201cElla (la m\u00e1s deseada)\u201d, cambia por completo el estado de conocimiento sobre Tartessos, y abre todo un abanico de nuevas v\u00edas de investigaci\u00f3n, que Vd. y las futuras generaciones, podr\u00e1n seguir.<\/p>\n<p>Demuestra, en base al registro arqueol\u00f3gico, y a la lectura comparada de los cl\u00e1sicos, las premisas falsas, deduciendo y mostrando la capital de Tartessos, Heraclea, las Columnas, y el Heraklion.<\/p>\n<p>As\u00ed, muestra los tesoros y maravillas de sus museos y explica, para todos los p\u00fablicos, con cientos de fotos, diagramas, mapas, e ilustraciones, los textos de Her\u00f3doto, Plinio, Dioniso, Diodoro S., Avieno, Estrab\u00f3n, Homero, Plat\u00f3n, Plinio, y del Antiguo Testamento.<\/p>\n<p>&nbsp;<\/p>\n<p>Adem\u00e1s, destaca el importante rol de la mujer en la Historia, para nada secundario, y desgrana sus diosas, sus reinas, la vida de las antiguas Gorgonas, y su diferencia con las \u201cAmazonas\u201d.<\/p>\n<p>Tambi\u00e9n demuestra, que fue la ciudad m\u00e1s poderosa, y sagrada del Bronce Final, una \u201ctalasocracia\u201d, y desvela los 10 nombres que tuvo.<\/p>\n<p>Se trata, de una gu\u00eda hist\u00f3rica, cient\u00edfica y de viaje, un libro fundamental que le gu\u00eda, paso a paso, hacia fascinantes descubrimientos, sobre Tartessos, nuestros or\u00edgenes, y los de Europa.<\/p>\n<p>Finalmente, detalla las invasiones que sufri\u00f3, y qui\u00e9n, y cu\u00e1ndo desmont\u00f3 su barbacana (gadiros o murallas circulares, a 2 alturas).<\/p>\n<p>Con esta obra fundamental, que cambia la Historia conocida de la Pen\u00ednsula Ib\u00e9rica, del 1.900 a.C., al 439 a.C., volver\u00e1 a amarla, y la entender\u00e1 mejor, para poder protegerla, investigarla, y darla a conocer. La disfrutar\u00e1.<\/p>\n<p>&nbsp;<\/p>\n<h3>El autor<\/h3>\n<p><strong>Fernando F. D\u00edaz<\/strong>, ha sido premiado como autor 5 estrellas por la cr\u00edtica en Amazon, por su anterior obra\u00a0 \u201c<em><strong>Atl\u00e1ntida, encontrada y demostrada<\/strong><\/em>\u201d, de la que ahora publica su segunda parte. Es un libre pensador con un curr\u00edculo transversal, una persona del renacimiento. El conocer muchas \u00e1reas del saber le ha permitido interrelacionar conocimientos y asociar ideas, que de otro modo hubieran permanecido inconexas. \u00a0As\u00ed, adem\u00e1s de haberse licenciado en una de ellas, ha procurado leer y conocer de todas las dem\u00e1s.<\/p>\n<p><strong>Nacido en 1.966 e hijo de un Ingeniero del Puerto de Huelva<\/strong>, se cri\u00f3 frente a su muelle, viendo cada d\u00eda cargar los barcos con planchas de cobre y fajos de pasta de papel\u2026rumbo a Escandinavia. Patr\u00f3n de vela, naveg\u00f3 por la Bah\u00eda, y es experto en n\u00e1utica y navegaciones.\u00a0<strong>Trabaja como economista<\/strong>\u00a0y estudi\u00f3 la carrera de Ingenier\u00eda T. Industrial. De joven recorri\u00f3 la provincia onubense como profesor de colectivos desfavorecidos, lo que unido a la lectura y la curiosidad por saber le convirti\u00f3 en un experto conocedor de la zona.\u00a0<strong>Viajero incansable, se ha documentado para el libro en numerosos museos de Grecia, \u00a0Iberia, Canarias, Inglaterra, Suecia y Noruega.<\/strong><\/p>","protected":false},"excerpt":{"rendered":"<p>El pr\u00f3ximo Jueves 2 de diciembre a las 19.30 h. acogemos en la sede de la Fundaci\u00f3n Caja Rural del Sur en Huelva la presentaci\u00f3n \u00a0del libro: \u201cElla (la m\u00e1s [&hellip;]<\/p>\n","protected":false},"author":6,"featured_media":6838,"template":"","meta":{"_tribe_events_status":"","_tribe_events_status_reason":"","_tribe_events_is_hybrid":"","_tribe_events_is_virtual":"","_tribe_events_virtual_video_source":"","_tribe_events_virtual_embed_video":"","_tribe_events_virtual_linked_button_text":"","_tribe_events_virtual_linked_button":"","_tribe_events_virtual_show_embed_at":"","_tribe_events_virtual_show_embed_to":[],"_tribe_events_virtual_show_on_event":"","_tribe_events_virtual_show_on_views":"","_tribe_events_virtual_url":"","footnotes":""},"tags":[],"tribe_events_cat":[124],"class_list":["post-6836","tribe_events","type-tribe_events","status-publish","has-post-thumbnail","hentry","tribe_events_cat-presentaciones","cat_presentaciones"],"yoast_head":"<!-- This site is optimized with the Yoast SEO plugin v27.3 - https:\/\/yoast.com\/product\/yoast-seo-wordpress\/ -->\n<title>Presentaci\u00f3n del libro: \u201cElla (la m\u00e1s deseada)\u201d de Fernando F. D\u00edaz - Fundaci\u00f3n Caja Rural del Sur<\/title>\n<meta name=\"robots\" content=\"index, follow, max-snippet:-1, max-image-preview:large, max-video-preview:-1\" \/>\n<link rel=\"canonical\" href=\"https:\/\/fundacioncajaruraldelsur.com\/pt\/evento\/presentacion-del-libro-ella-la-mas-deseada-de-fernando-f-diaz\/\" \/>\n<meta property=\"og:locale\" content=\"pt_PT\" \/>\n<meta property=\"og:type\" content=\"article\" \/>\n<meta property=\"og:title\" content=\"Presentaci\u00f3n del libro: \u201cElla (la m\u00e1s deseada)\u201d de Fernando F. D\u00edaz - Fundaci\u00f3n Caja Rural del Sur\" \/>\n<meta property=\"og:description\" content=\"El pr\u00f3ximo Jueves 2 de diciembre a las 19.30 h. acogemos en la sede de la Fundaci\u00f3n Caja Rural del Sur en Huelva la presentaci\u00f3n \u00a0del libro: \u201cElla (la m\u00e1s [&hellip;]\" \/>\n<meta property=\"og:url\" content=\"https:\/\/fundacioncajaruraldelsur.com\/pt\/evento\/presentacion-del-libro-ella-la-mas-deseada-de-fernando-f-diaz\/\" \/>\n<meta property=\"og:site_name\" content=\"Fundaci\u00f3n Caja Rural del Sur\" \/>\n<meta property=\"og:image\" content=\"https:\/\/fundacioncajaruraldelsur.com\/wp-content\/uploads\/2021\/11\/Huelva-1024x266-1.jpg\" \/>\n\t<meta property=\"og:image:width\" content=\"1024\" \/>\n\t<meta property=\"og:image:height\" content=\"266\" \/>\n\t<meta property=\"og:image:type\" content=\"image\/jpeg\" \/>\n<meta name=\"twitter:card\" content=\"summary_large_image\" \/>\n<meta name=\"twitter:label1\" content=\"Est. reading time\" \/>\n\t<meta name=\"twitter:data1\" content=\"4 minutes\" \/>\n<script type=\"application\/ld+json\" class=\"yoast-schema-graph\">{\"@context\":\"https:\\\/\\\/schema.org\",\"@graph\":[{\"@type\":\"WebPage\",\"@id\":\"https:\\\/\\\/fundacioncajaruraldelsur.com\\\/evento\\\/presentacion-del-libro-ella-la-mas-deseada-de-fernando-f-diaz\\\/\",\"url\":\"https:\\\/\\\/fundacioncajaruraldelsur.com\\\/evento\\\/presentacion-del-libro-ella-la-mas-deseada-de-fernando-f-diaz\\\/\",\"name\":\"Presentaci\u00f3n del libro: \u201cElla (la m\u00e1s deseada)\u201d de Fernando F. D\u00edaz - Fundaci\u00f3n Caja Rural del Sur\",\"isPartOf\":{\"@id\":\"https:\\\/\\\/fundacioncajaruraldelsur.com\\\/#website\"},\"primaryImageOfPage\":{\"@id\":\"https:\\\/\\\/fundacioncajaruraldelsur.com\\\/evento\\\/presentacion-del-libro-ella-la-mas-deseada-de-fernando-f-diaz\\\/#primaryimage\"},\"image\":{\"@id\":\"https:\\\/\\\/fundacioncajaruraldelsur.com\\\/evento\\\/presentacion-del-libro-ella-la-mas-deseada-de-fernando-f-diaz\\\/#primaryimage\"},\"thumbnailUrl\":\"https:\\\/\\\/fundacioncajaruraldelsur.com\\\/wp-content\\\/uploads\\\/2021\\\/11\\\/Huelva-1024x266-1.jpg\",\"datePublished\":\"2021-11-03T08:36:46+00:00\",\"breadcrumb\":{\"@id\":\"https:\\\/\\\/fundacioncajaruraldelsur.com\\\/evento\\\/presentacion-del-libro-ella-la-mas-deseada-de-fernando-f-diaz\\\/#breadcrumb\"},\"inLanguage\":\"pt-PT\",\"potentialAction\":[{\"@type\":\"ReadAction\",\"target\":[\"https:\\\/\\\/fundacioncajaruraldelsur.com\\\/evento\\\/presentacion-del-libro-ella-la-mas-deseada-de-fernando-f-diaz\\\/\"]}]},{\"@type\":\"ImageObject\",\"inLanguage\":\"pt-PT\",\"@id\":\"https:\\\/\\\/fundacioncajaruraldelsur.com\\\/evento\\\/presentacion-del-libro-ella-la-mas-deseada-de-fernando-f-diaz\\\/#primaryimage\",\"url\":\"https:\\\/\\\/fundacioncajaruraldelsur.com\\\/wp-content\\\/uploads\\\/2021\\\/11\\\/Huelva-1024x266-1.jpg\",\"contentUrl\":\"https:\\\/\\\/fundacioncajaruraldelsur.com\\\/wp-content\\\/uploads\\\/2021\\\/11\\\/Huelva-1024x266-1.jpg\",\"width\":1024,\"height\":266},{\"@type\":\"BreadcrumbList\",\"@id\":\"https:\\\/\\\/fundacioncajaruraldelsur.com\\\/evento\\\/presentacion-del-libro-ella-la-mas-deseada-de-fernando-f-diaz\\\/#breadcrumb\",\"itemListElement\":[{\"@type\":\"ListItem\",\"position\":1,\"name\":\"Portada\",\"item\":\"https:\\\/\\\/fundacioncajaruraldelsur.com\\\/\"},{\"@type\":\"ListItem\",\"position\":2,\"name\":\"Eventos\",\"item\":\"https:\\\/\\\/fundacioncajaruraldelsur.com\\\/eventos\\\/\"},{\"@type\":\"ListItem\",\"position\":3,\"name\":\"Presentaci\u00f3n del libro: \u201cElla (la m\u00e1s deseada)\u201d de Fernando F. D\u00edaz\"}]},{\"@type\":\"WebSite\",\"@id\":\"https:\\\/\\\/fundacioncajaruraldelsur.com\\\/#website\",\"url\":\"https:\\\/\\\/fundacioncajaruraldelsur.com\\\/\",\"name\":\"Fundaci\u00f3n Caja Rural del Sur\",\"description\":\"\",\"potentialAction\":[{\"@type\":\"SearchAction\",\"target\":{\"@type\":\"EntryPoint\",\"urlTemplate\":\"https:\\\/\\\/fundacioncajaruraldelsur.com\\\/?s={search_term_string}\"},\"query-input\":{\"@type\":\"PropertyValueSpecification\",\"valueRequired\":true,\"valueName\":\"search_term_string\"}}],\"inLanguage\":\"pt-PT\"}]}<\/script>\n<!-- \/ Yoast SEO plugin. -->","yoast_head_json":{"title":"Presentaci\u00f3n del libro: \u201cElla (la m\u00e1s deseada)\u201d de Fernando F. D\u00edaz - Fundaci\u00f3n Caja Rural del Sur","robots":{"index":"index","follow":"follow","max-snippet":"max-snippet:-1","max-image-preview":"max-image-preview:large","max-video-preview":"max-video-preview:-1"},"canonical":"https:\/\/fundacioncajaruraldelsur.com\/pt\/evento\/presentacion-del-libro-ella-la-mas-deseada-de-fernando-f-diaz\/","og_locale":"pt_PT","og_type":"article","og_title":"Presentaci\u00f3n del libro: \u201cElla (la m\u00e1s deseada)\u201d de Fernando F. D\u00edaz - Fundaci\u00f3n Caja Rural del Sur","og_description":"El pr\u00f3ximo Jueves 2 de diciembre a las 19.30 h. acogemos en la sede de la Fundaci\u00f3n Caja Rural del Sur en Huelva la presentaci\u00f3n \u00a0del libro: \u201cElla (la m\u00e1s [&hellip;]","og_url":"https:\/\/fundacioncajaruraldelsur.com\/pt\/evento\/presentacion-del-libro-ella-la-mas-deseada-de-fernando-f-diaz\/","og_site_name":"Fundaci\u00f3n Caja Rural del Sur","og_image":[{"width":1024,"height":266,"url":"https:\/\/fundacioncajaruraldelsur.com\/wp-content\/uploads\/2021\/11\/Huelva-1024x266-1.jpg","type":"image\/jpeg"}],"twitter_card":"summary_large_image","twitter_misc":{"Est. reading time":"4 minutes"},"schema":{"@context":"https:\/\/schema.org","@graph":[{"@type":"WebPage","@id":"https:\/\/fundacioncajaruraldelsur.com\/evento\/presentacion-del-libro-ella-la-mas-deseada-de-fernando-f-diaz\/","url":"https:\/\/fundacioncajaruraldelsur.com\/evento\/presentacion-del-libro-ella-la-mas-deseada-de-fernando-f-diaz\/","name":"Presentaci\u00f3n del libro: \u201cElla (la m\u00e1s deseada)\u201d de Fernando F. D\u00edaz - Fundaci\u00f3n Caja Rural del Sur","isPartOf":{"@id":"https:\/\/fundacioncajaruraldelsur.com\/#website"},"primaryImageOfPage":{"@id":"https:\/\/fundacioncajaruraldelsur.com\/evento\/presentacion-del-libro-ella-la-mas-deseada-de-fernando-f-diaz\/#primaryimage"},"image":{"@id":"https:\/\/fundacioncajaruraldelsur.com\/evento\/presentacion-del-libro-ella-la-mas-deseada-de-fernando-f-diaz\/#primaryimage"},"thumbnailUrl":"https:\/\/fundacioncajaruraldelsur.com\/wp-content\/uploads\/2021\/11\/Huelva-1024x266-1.jpg","datePublished":"2021-11-03T08:36:46+00:00","breadcrumb":{"@id":"https:\/\/fundacioncajaruraldelsur.com\/evento\/presentacion-del-libro-ella-la-mas-deseada-de-fernando-f-diaz\/#breadcrumb"},"inLanguage":"pt-PT","potentialAction":[{"@type":"ReadAction","target":["https:\/\/fundacioncajaruraldelsur.com\/evento\/presentacion-del-libro-ella-la-mas-deseada-de-fernando-f-diaz\/"]}]},{"@type":"ImageObject","inLanguage":"pt-PT","@id":"https:\/\/fundacioncajaruraldelsur.com\/evento\/presentacion-del-libro-ella-la-mas-deseada-de-fernando-f-diaz\/#primaryimage","url":"https:\/\/fundacioncajaruraldelsur.com\/wp-content\/uploads\/2021\/11\/Huelva-1024x266-1.jpg","contentUrl":"https:\/\/fundacioncajaruraldelsur.com\/wp-content\/uploads\/2021\/11\/Huelva-1024x266-1.jpg","width":1024,"height":266},{"@type":"BreadcrumbList","@id":"https:\/\/fundacioncajaruraldelsur.com\/evento\/presentacion-del-libro-ella-la-mas-deseada-de-fernando-f-diaz\/#breadcrumb","itemListElement":[{"@type":"ListItem","position":1,"name":"Portada","item":"https:\/\/fundacioncajaruraldelsur.com\/"},{"@type":"ListItem","position":2,"name":"Eventos","item":"https:\/\/fundacioncajaruraldelsur.com\/eventos\/"},{"@type":"ListItem","position":3,"name":"Presentaci\u00f3n del libro: \u201cElla (la m\u00e1s deseada)\u201d de Fernando F. D\u00edaz"}]},{"@type":"WebSite","@id":"https:\/\/fundacioncajaruraldelsur.com\/#website","url":"https:\/\/fundacioncajaruraldelsur.com\/","name":"Funda\u00e7\u00e3o Caja Rural del Sur","description":"","potentialAction":[{"@type":"SearchAction","target":{"@type":"EntryPoint","urlTemplate":"https:\/\/fundacioncajaruraldelsur.com\/?s={search_term_string}"},"query-input":{"@type":"PropertyValueSpecification","valueRequired":true,"valueName":"search_term_string"}}],"inLanguage":"pt-PT"}]}},"_links":{"self":[{"href":"https:\/\/fundacioncajaruraldelsur.com\/pt\/wp-json\/wp\/v2\/tribe_events\/6836","targetHints":{"allow":["GET"]}}],"collection":[{"href":"https:\/\/fundacioncajaruraldelsur.com\/pt\/wp-json\/wp\/v2\/tribe_events"}],"about":[{"href":"https:\/\/fundacioncajaruraldelsur.com\/pt\/wp-json\/wp\/v2\/types\/tribe_events"}],"author":[{"embeddable":true,"href":"https:\/\/fundacioncajaruraldelsur.com\/pt\/wp-json\/wp\/v2\/users\/6"}],"version-history":[{"count":1,"href":"https:\/\/fundacioncajaruraldelsur.com\/pt\/wp-json\/wp\/v2\/tribe_events\/6836\/revisions"}],"predecessor-version":[{"id":6839,"href":"https:\/\/fundacioncajaruraldelsur.com\/pt\/wp-json\/wp\/v2\/tribe_events\/6836\/revisions\/6839"}],"wp:featuredmedia":[{"embeddable":true,"href":"https:\/\/fundacioncajaruraldelsur.com\/pt\/wp-json\/wp\/v2\/media\/6838"}],"wp:attachment":[{"href":"https:\/\/fundacioncajaruraldelsur.com\/pt\/wp-json\/wp\/v2\/media?parent=6836"}],"wp:term":[{"taxonomy":"post_tag","embeddable":true,"href":"https:\/\/fundacioncajaruraldelsur.com\/pt\/wp-json\/wp\/v2\/tags?post=6836"},{"taxonomy":"tribe_events_cat","embeddable":true,"href":"https:\/\/fundacioncajaruraldelsur.com\/pt\/wp-json\/wp\/v2\/tribe_events_cat?post=6836"}],"curies":[{"name":"wp","href":"https:\/\/api.w.org\/{rel}","templated":true}]}}