{"id":6783,"date":"2021-10-22T14:37:07","date_gmt":"2021-10-22T12:37:07","guid":{"rendered":"\/?post_type=tribe_events&#038;p=6783"},"modified":"2021-10-22T14:40:40","modified_gmt":"2021-10-22T12:40:40","slug":"presentacion-del-libro-la-belleza-de-vivir-del-psiquiatra-luis-gutierrez-rojas","status":"publish","type":"tribe_events","link":"https:\/\/fundacioncajaruraldelsur.com\/pt\/evento\/presentacion-del-libro-la-belleza-de-vivir-del-psiquiatra-luis-gutierrez-rojas\/","title":{"rendered":"Presentaci\u00f3n del Libro \u00abLa belleza de vivir\u00bb del psiquiatra Luis Guti\u00e9rrez Rojas"},"content":{"rendered":"<p><strong>El Centro Cultural de la Fundaci\u00f3n Caja Rural del Sur en Sevilla acoge el s\u00e1bado 6 de noviembre A LAS 11.30 HORAS la presentaci\u00f3n del libro \u00abLa Belleza de vivir\u00bb del psiquiatra granadino Luis Guti\u00e9rrez Rojas.\u00a0<\/strong><\/p>\n<div>\n<div>\n<div>\n<p>Vivimos en un mundo tan contradictorio como apasionante. Nunca el ser humano disfrut\u00f3 de mejores condiciones de vida. El acceso a la cultura, la educaci\u00f3n y la sanidad en los pa\u00edses desarrollados es casi universal. Hemos alcanzado el sue\u00f1o que nos prometieron aquellos que dise\u00f1aron la sociedad del bienestar. Pero hay un pero. Parad\u00f3jicamente todos esos logros no se manifiestan en mayores dosis de felicidad. Nuestra vida es demasiado acelerada. Todo pasa muy deprisa y eso nos genera m\u00e1s angustia y m\u00e1s ansiedad, lo que se traduce en una vida poco satisfactoria. El hombre moderno cada vez tolera menos el dolor y tiene m\u00e1s dificultades para mantener la estabilidad personal y familiar. Este libro pretende dar algunas claves sobre las causas de este fen\u00f3meno y tambi\u00e9n sobre sus posibles tratamientos. S\u00f3lo pretendo hacer reflexionar al lector actual y enfrentarme a sus m\u00e1s que llamativas contradicciones. Usted ser\u00e1, mi querido lector, el que me dir\u00e1 si estoy o no en lo cierto.<\/p>\n<\/div>\n<\/div>\n<\/div>\n<p><a href=\"\/wp-content\/uploads\/2021\/10\/gutierrez-rojas.jpg\" rel=\"lightbox-0\"><img loading=\"lazy\" decoding=\"async\" class=\"alignnone wp-image-6784 size-full aligncenter\" src=\"\/wp-content\/uploads\/2021\/10\/gutierrez-rojas.jpg\" alt=\"\" width=\"418\" height=\"543\" srcset=\"https:\/\/fundacioncajaruraldelsur.com\/wp-content\/uploads\/2021\/10\/gutierrez-rojas.jpg 418w, https:\/\/fundacioncajaruraldelsur.com\/wp-content\/uploads\/2021\/10\/gutierrez-rojas-231x300.jpg 231w\" sizes=\"auto, (max-width: 418px) 100vw, 418px\" \/><\/a><\/p>","protected":false},"excerpt":{"rendered":"<p>El Centro Cultural de la Fundaci\u00f3n Caja Rural del Sur en Sevilla acoge el s\u00e1bado 6 de noviembre A LAS 11.30 HORAS la presentaci\u00f3n del libro \u00abLa Belleza de vivir\u00bb [&hellip;]<\/p>\n","protected":false},"author":6,"featured_media":5938,"template":"","meta":{"_tribe_events_status":"","_tribe_events_status_reason":"","_tribe_events_is_hybrid":"","_tribe_events_is_virtual":"","_tribe_events_virtual_video_source":"","_tribe_events_virtual_embed_video":"","_tribe_events_virtual_linked_button_text":"","_tribe_events_virtual_linked_button":"","_tribe_events_virtual_show_embed_at":"","_tribe_events_virtual_show_embed_to":[],"_tribe_events_virtual_show_on_event":"","_tribe_events_virtual_show_on_views":"","_tribe_events_virtual_url":"","footnotes":""},"tags":[127,161,240],"tribe_events_cat":[124],"class_list":["post-6783","tribe_events","type-tribe_events","status-publish","has-post-thumbnail","hentry","tag-libro","tag-presentacion","tag-sevilla","tribe_events_cat-presentaciones","cat_presentaciones"],"yoast_head":"<!-- This site is optimized with the Yoast SEO plugin v27.3 - https:\/\/yoast.com\/product\/yoast-seo-wordpress\/ -->\n<title>Presentaci\u00f3n del Libro &quot;La belleza de vivir&quot; del psiquiatra Luis Guti\u00e9rrez Rojas - Fundaci\u00f3n Caja Rural del Sur<\/title>\n<meta name=\"robots\" content=\"index, follow, max-snippet:-1, max-image-preview:large, max-video-preview:-1\" \/>\n<link rel=\"canonical\" href=\"https:\/\/fundacioncajaruraldelsur.com\/pt\/evento\/presentacion-del-libro-la-belleza-de-vivir-del-psiquiatra-luis-gutierrez-rojas\/\" \/>\n<meta property=\"og:locale\" content=\"pt_PT\" \/>\n<meta property=\"og:type\" content=\"article\" \/>\n<meta property=\"og:title\" content=\"Presentaci\u00f3n del Libro &quot;La belleza de vivir&quot; del psiquiatra Luis Guti\u00e9rrez Rojas - Fundaci\u00f3n Caja Rural del Sur\" \/>\n<meta property=\"og:description\" content=\"El Centro Cultural de la Fundaci\u00f3n Caja Rural del Sur en Sevilla acoge el s\u00e1bado 6 de noviembre A LAS 11.30 HORAS la presentaci\u00f3n del libro \u00abLa Belleza de vivir\u00bb [&hellip;]\" \/>\n<meta property=\"og:url\" content=\"https:\/\/fundacioncajaruraldelsur.com\/pt\/evento\/presentacion-del-libro-la-belleza-de-vivir-del-psiquiatra-luis-gutierrez-rojas\/\" \/>\n<meta property=\"og:site_name\" content=\"Fundaci\u00f3n Caja Rural del Sur\" \/>\n<meta property=\"article:modified_time\" content=\"2021-10-22T12:40:40+00:00\" \/>\n<meta property=\"og:image\" content=\"https:\/\/fundacioncajaruraldelsur.com\/wp-content\/uploads\/2020\/09\/presentacion_libro.jpg\" \/>\n\t<meta property=\"og:image:width\" content=\"1924\" \/>\n\t<meta property=\"og:image:height\" content=\"500\" \/>\n\t<meta property=\"og:image:type\" content=\"image\/jpeg\" \/>\n<meta name=\"twitter:card\" content=\"summary_large_image\" \/>\n<meta name=\"twitter:label1\" content=\"Est. reading time\" \/>\n\t<meta name=\"twitter:data1\" content=\"1 minute\" \/>\n<script type=\"application\/ld+json\" class=\"yoast-schema-graph\">{\"@context\":\"https:\\\/\\\/schema.org\",\"@graph\":[{\"@type\":\"WebPage\",\"@id\":\"https:\\\/\\\/fundacioncajaruraldelsur.com\\\/evento\\\/presentacion-del-libro-la-belleza-de-vivir-del-psiquiatra-luis-gutierrez-rojas\\\/\",\"url\":\"https:\\\/\\\/fundacioncajaruraldelsur.com\\\/evento\\\/presentacion-del-libro-la-belleza-de-vivir-del-psiquiatra-luis-gutierrez-rojas\\\/\",\"name\":\"Presentaci\u00f3n del Libro \\\"La belleza de vivir\\\" del psiquiatra Luis Guti\u00e9rrez Rojas - Fundaci\u00f3n Caja Rural del Sur\",\"isPartOf\":{\"@id\":\"https:\\\/\\\/fundacioncajaruraldelsur.com\\\/#website\"},\"primaryImageOfPage\":{\"@id\":\"https:\\\/\\\/fundacioncajaruraldelsur.com\\\/evento\\\/presentacion-del-libro-la-belleza-de-vivir-del-psiquiatra-luis-gutierrez-rojas\\\/#primaryimage\"},\"image\":{\"@id\":\"https:\\\/\\\/fundacioncajaruraldelsur.com\\\/evento\\\/presentacion-del-libro-la-belleza-de-vivir-del-psiquiatra-luis-gutierrez-rojas\\\/#primaryimage\"},\"thumbnailUrl\":\"https:\\\/\\\/fundacioncajaruraldelsur.com\\\/wp-content\\\/uploads\\\/2020\\\/09\\\/presentacion_libro.jpg\",\"datePublished\":\"2021-10-22T12:37:07+00:00\",\"dateModified\":\"2021-10-22T12:40:40+00:00\",\"breadcrumb\":{\"@id\":\"https:\\\/\\\/fundacioncajaruraldelsur.com\\\/evento\\\/presentacion-del-libro-la-belleza-de-vivir-del-psiquiatra-luis-gutierrez-rojas\\\/#breadcrumb\"},\"inLanguage\":\"pt-PT\",\"potentialAction\":[{\"@type\":\"ReadAction\",\"target\":[\"https:\\\/\\\/fundacioncajaruraldelsur.com\\\/evento\\\/presentacion-del-libro-la-belleza-de-vivir-del-psiquiatra-luis-gutierrez-rojas\\\/\"]}]},{\"@type\":\"ImageObject\",\"inLanguage\":\"pt-PT\",\"@id\":\"https:\\\/\\\/fundacioncajaruraldelsur.com\\\/evento\\\/presentacion-del-libro-la-belleza-de-vivir-del-psiquiatra-luis-gutierrez-rojas\\\/#primaryimage\",\"url\":\"https:\\\/\\\/fundacioncajaruraldelsur.com\\\/wp-content\\\/uploads\\\/2020\\\/09\\\/presentacion_libro.jpg\",\"contentUrl\":\"https:\\\/\\\/fundacioncajaruraldelsur.com\\\/wp-content\\\/uploads\\\/2020\\\/09\\\/presentacion_libro.jpg\",\"width\":1924,\"height\":500},{\"@type\":\"BreadcrumbList\",\"@id\":\"https:\\\/\\\/fundacioncajaruraldelsur.com\\\/evento\\\/presentacion-del-libro-la-belleza-de-vivir-del-psiquiatra-luis-gutierrez-rojas\\\/#breadcrumb\",\"itemListElement\":[{\"@type\":\"ListItem\",\"position\":1,\"name\":\"Portada\",\"item\":\"https:\\\/\\\/fundacioncajaruraldelsur.com\\\/\"},{\"@type\":\"ListItem\",\"position\":2,\"name\":\"Eventos\",\"item\":\"https:\\\/\\\/fundacioncajaruraldelsur.com\\\/eventos\\\/\"},{\"@type\":\"ListItem\",\"position\":3,\"name\":\"Presentaci\u00f3n del Libro \u00abLa belleza de vivir\u00bb del psiquiatra Luis Guti\u00e9rrez Rojas\"}]},{\"@type\":\"WebSite\",\"@id\":\"https:\\\/\\\/fundacioncajaruraldelsur.com\\\/#website\",\"url\":\"https:\\\/\\\/fundacioncajaruraldelsur.com\\\/\",\"name\":\"Fundaci\u00f3n Caja Rural del Sur\",\"description\":\"\",\"potentialAction\":[{\"@type\":\"SearchAction\",\"target\":{\"@type\":\"EntryPoint\",\"urlTemplate\":\"https:\\\/\\\/fundacioncajaruraldelsur.com\\\/?s={search_term_string}\"},\"query-input\":{\"@type\":\"PropertyValueSpecification\",\"valueRequired\":true,\"valueName\":\"search_term_string\"}}],\"inLanguage\":\"pt-PT\"}]}<\/script>\n<!-- \/ Yoast SEO plugin. -->","yoast_head_json":{"title":"Presentaci\u00f3n del Libro \"La belleza de vivir\" del psiquiatra Luis Guti\u00e9rrez Rojas - Fundaci\u00f3n Caja Rural del Sur","robots":{"index":"index","follow":"follow","max-snippet":"max-snippet:-1","max-image-preview":"max-image-preview:large","max-video-preview":"max-video-preview:-1"},"canonical":"https:\/\/fundacioncajaruraldelsur.com\/pt\/evento\/presentacion-del-libro-la-belleza-de-vivir-del-psiquiatra-luis-gutierrez-rojas\/","og_locale":"pt_PT","og_type":"article","og_title":"Presentaci\u00f3n del Libro \"La belleza de vivir\" del psiquiatra Luis Guti\u00e9rrez Rojas - Fundaci\u00f3n Caja Rural del Sur","og_description":"El Centro Cultural de la Fundaci\u00f3n Caja Rural del Sur en Sevilla acoge el s\u00e1bado 6 de noviembre A LAS 11.30 HORAS la presentaci\u00f3n del libro \u00abLa Belleza de vivir\u00bb [&hellip;]","og_url":"https:\/\/fundacioncajaruraldelsur.com\/pt\/evento\/presentacion-del-libro-la-belleza-de-vivir-del-psiquiatra-luis-gutierrez-rojas\/","og_site_name":"Fundaci\u00f3n Caja Rural del Sur","article_modified_time":"2021-10-22T12:40:40+00:00","og_image":[{"width":1924,"height":500,"url":"https:\/\/fundacioncajaruraldelsur.com\/wp-content\/uploads\/2020\/09\/presentacion_libro.jpg","type":"image\/jpeg"}],"twitter_card":"summary_large_image","twitter_misc":{"Est. reading time":"1 minute"},"schema":{"@context":"https:\/\/schema.org","@graph":[{"@type":"WebPage","@id":"https:\/\/fundacioncajaruraldelsur.com\/evento\/presentacion-del-libro-la-belleza-de-vivir-del-psiquiatra-luis-gutierrez-rojas\/","url":"https:\/\/fundacioncajaruraldelsur.com\/evento\/presentacion-del-libro-la-belleza-de-vivir-del-psiquiatra-luis-gutierrez-rojas\/","name":"Presentaci\u00f3n del Libro \"La belleza de vivir\" del psiquiatra Luis Guti\u00e9rrez Rojas - Fundaci\u00f3n Caja Rural del Sur","isPartOf":{"@id":"https:\/\/fundacioncajaruraldelsur.com\/#website"},"primaryImageOfPage":{"@id":"https:\/\/fundacioncajaruraldelsur.com\/evento\/presentacion-del-libro-la-belleza-de-vivir-del-psiquiatra-luis-gutierrez-rojas\/#primaryimage"},"image":{"@id":"https:\/\/fundacioncajaruraldelsur.com\/evento\/presentacion-del-libro-la-belleza-de-vivir-del-psiquiatra-luis-gutierrez-rojas\/#primaryimage"},"thumbnailUrl":"https:\/\/fundacioncajaruraldelsur.com\/wp-content\/uploads\/2020\/09\/presentacion_libro.jpg","datePublished":"2021-10-22T12:37:07+00:00","dateModified":"2021-10-22T12:40:40+00:00","breadcrumb":{"@id":"https:\/\/fundacioncajaruraldelsur.com\/evento\/presentacion-del-libro-la-belleza-de-vivir-del-psiquiatra-luis-gutierrez-rojas\/#breadcrumb"},"inLanguage":"pt-PT","potentialAction":[{"@type":"ReadAction","target":["https:\/\/fundacioncajaruraldelsur.com\/evento\/presentacion-del-libro-la-belleza-de-vivir-del-psiquiatra-luis-gutierrez-rojas\/"]}]},{"@type":"ImageObject","inLanguage":"pt-PT","@id":"https:\/\/fundacioncajaruraldelsur.com\/evento\/presentacion-del-libro-la-belleza-de-vivir-del-psiquiatra-luis-gutierrez-rojas\/#primaryimage","url":"https:\/\/fundacioncajaruraldelsur.com\/wp-content\/uploads\/2020\/09\/presentacion_libro.jpg","contentUrl":"https:\/\/fundacioncajaruraldelsur.com\/wp-content\/uploads\/2020\/09\/presentacion_libro.jpg","width":1924,"height":500},{"@type":"BreadcrumbList","@id":"https:\/\/fundacioncajaruraldelsur.com\/evento\/presentacion-del-libro-la-belleza-de-vivir-del-psiquiatra-luis-gutierrez-rojas\/#breadcrumb","itemListElement":[{"@type":"ListItem","position":1,"name":"Portada","item":"https:\/\/fundacioncajaruraldelsur.com\/"},{"@type":"ListItem","position":2,"name":"Eventos","item":"https:\/\/fundacioncajaruraldelsur.com\/eventos\/"},{"@type":"ListItem","position":3,"name":"Presentaci\u00f3n del Libro \u00abLa belleza de vivir\u00bb del psiquiatra Luis Guti\u00e9rrez Rojas"}]},{"@type":"WebSite","@id":"https:\/\/fundacioncajaruraldelsur.com\/#website","url":"https:\/\/fundacioncajaruraldelsur.com\/","name":"Funda\u00e7\u00e3o Caja Rural del Sur","description":"","potentialAction":[{"@type":"SearchAction","target":{"@type":"EntryPoint","urlTemplate":"https:\/\/fundacioncajaruraldelsur.com\/?s={search_term_string}"},"query-input":{"@type":"PropertyValueSpecification","valueRequired":true,"valueName":"search_term_string"}}],"inLanguage":"pt-PT"}]}},"_links":{"self":[{"href":"https:\/\/fundacioncajaruraldelsur.com\/pt\/wp-json\/wp\/v2\/tribe_events\/6783","targetHints":{"allow":["GET"]}}],"collection":[{"href":"https:\/\/fundacioncajaruraldelsur.com\/pt\/wp-json\/wp\/v2\/tribe_events"}],"about":[{"href":"https:\/\/fundacioncajaruraldelsur.com\/pt\/wp-json\/wp\/v2\/types\/tribe_events"}],"author":[{"embeddable":true,"href":"https:\/\/fundacioncajaruraldelsur.com\/pt\/wp-json\/wp\/v2\/users\/6"}],"version-history":[{"count":1,"href":"https:\/\/fundacioncajaruraldelsur.com\/pt\/wp-json\/wp\/v2\/tribe_events\/6783\/revisions"}],"predecessor-version":[{"id":6785,"href":"https:\/\/fundacioncajaruraldelsur.com\/pt\/wp-json\/wp\/v2\/tribe_events\/6783\/revisions\/6785"}],"wp:featuredmedia":[{"embeddable":true,"href":"https:\/\/fundacioncajaruraldelsur.com\/pt\/wp-json\/wp\/v2\/media\/5938"}],"wp:attachment":[{"href":"https:\/\/fundacioncajaruraldelsur.com\/pt\/wp-json\/wp\/v2\/media?parent=6783"}],"wp:term":[{"taxonomy":"post_tag","embeddable":true,"href":"https:\/\/fundacioncajaruraldelsur.com\/pt\/wp-json\/wp\/v2\/tags?post=6783"},{"taxonomy":"tribe_events_cat","embeddable":true,"href":"https:\/\/fundacioncajaruraldelsur.com\/pt\/wp-json\/wp\/v2\/tribe_events_cat?post=6783"}],"curies":[{"name":"wp","href":"https:\/\/api.w.org\/{rel}","templated":true}]}}