{"id":6755,"date":"2021-10-15T10:56:17","date_gmt":"2021-10-15T08:56:17","guid":{"rendered":"\/?post_type=tribe_events&#038;p=6755"},"modified":"2021-10-18T15:05:58","modified_gmt":"2021-10-18T13:05:58","slug":"asamblea-lonja-de-cereales-y-jornada-mercados-globales-de-cereales-y-oleaginosas","status":"publish","type":"tribe_events","link":"https:\/\/fundacioncajaruraldelsur.com\/pt\/evento\/asamblea-lonja-de-cereales-y-jornada-mercados-globales-de-cereales-y-oleaginosas\/","title":{"rendered":"Asamblea Lonja de Cereales y Jornada \u00abMercados globales de cereales y oleaginosas\u00bb"},"content":{"rendered":"<p><a href=\"\/wp-content\/uploads\/2021\/10\/00CE48D9FE1246C3B7DBE84580AAAF1C.jpg\" rel=\"lightbox-0\"><img loading=\"lazy\" decoding=\"async\" class=\"wp-image-6756 aligncenter\" src=\"\/wp-content\/uploads\/2021\/10\/00CE48D9FE1246C3B7DBE84580AAAF1C.jpg\" alt=\"\" width=\"811\" height=\"720\" srcset=\"https:\/\/fundacioncajaruraldelsur.com\/wp-content\/uploads\/2021\/10\/00CE48D9FE1246C3B7DBE84580AAAF1C.jpg 542w, https:\/\/fundacioncajaruraldelsur.com\/wp-content\/uploads\/2021\/10\/00CE48D9FE1246C3B7DBE84580AAAF1C-300x266.jpg 300w\" sizes=\"auto, (max-width: 811px) 100vw, 811px\" \/><\/a><\/p>\n<p><span style=\"font-weight: 400;\">ASAMBLEA LONJA DE CEREALES DE SEVILLA\u00a0\u00a0<\/span><\/p>\n<p><span style=\"font-weight: 400;\">JORNADA \u201cMERCADOS GLOBALES DE CEREALES Y OLEAGINOSAS Y SU <\/span><span style=\"font-weight: 400;\">IMPACTO\u00a0 LOCAL\u201d\u00a0\u00a0<\/span><\/p>\n<p><span style=\"font-weight: 400;\">D\u00eda: Lunes, 25 de Octubre de 2021\u00a0\u00a0<\/span><\/p>\n<p><span style=\"font-weight: 400;\">Lugar: Caja Rural del Sur. <\/span><span style=\"font-weight: 400;\">C\/ Murillo, 2, 41001 Sevilla<\/span><span style=\"font-weight: 400;\">\u00a0\u00a0<\/span><\/p>\n<h3><span style=\"font-weight: 400;\">PROGRAMA<\/span><span style=\"font-weight: 400;\">\u00a0<\/span><\/h3>\n<p><span style=\"font-weight: 400;\">10:45 H Bienvenida\u00a0<\/span><\/p>\n<p><span style=\"font-weight: 400;\">11:00 H Asamblea\u00a0\u00a0<\/span><\/p>\n<p><span style=\"font-weight: 400;\">\uf0b7 Lectura y aprobaci\u00f3n, si procede, del Acta de la Asamblea anterior.\u00a0 \uf0b7 Informe del Presidente y de actividades.\u00a0\u00a0<\/span><\/p>\n<p><span style=\"font-weight: 400;\">\uf0b7 Otros Asuntos.\u00a0\u00a0<\/span><\/p>\n<p><span style=\"font-weight: 400;\">\uf0b7 Ruegos y Preguntas.\u00a0\u00a0<\/span><\/p>\n<p><span style=\"font-weight: 400;\">11:30 H Inauguraci\u00f3n de la Jornada y presentaci\u00f3n de los ponentes.\u00a0\u00a0<\/span><\/p>\n<ol>\n<li><span style=\"font-weight: 400;\"> Filomeno de Aspe. Presidente de la Lonja de Cereales y Oleaginosas de\u00a0 Sevilla.\u00a0\u00a0<\/span><\/li>\n<\/ol>\n<p><span style=\"font-weight: 400;\">Arturo Hidalgo. Director Gerente de COCEREALES\u00a0\u00a0<\/span><\/p>\n<p><span style=\"font-weight: 400;\">11:40 H El mercado nacional de cereales y oleaginosas\u00a0<\/span><\/p>\n<ol>\n<li><span style=\"font-weight: 400;\"> Antonio Cat\u00f3n V\u00e1zquez. Director de cultivos herb\u00e1ceos de Cooperativas\u00a0 Agroalimentarias de Espa\u00f1a.\u00a0\u00a0<\/span><\/li>\n<\/ol>\n<p><span style=\"font-weight: 400;\">12:00H Claves de los mercados 2021\/2022. De lo macro a lo local. D\u00aa. Mercedes Ru\u00edz. Directora de AESTIVUM.\u00a0\u00a0<\/span><\/p>\n<ol>\n<li><span style=\"font-weight: 400;\"> Radam\u00e9s Mu\u00f1oz. Vicepresidente de Comercializaci\u00f3n:-Consultor en\u00a0 Administraci\u00f3n de Riesgos StoneX Financial Inc. \u2013 FCM Divisi\u00f3n\u00a0\u00a0<\/span><\/li>\n<\/ol>\n<p><span style=\"font-weight: 400;\">12:40H Mercado del trigo duro 2021\/2022.\u00a0\u00a0<\/span><\/p>\n<ol>\n<li><span style=\"font-weight: 400;\"> Luigi Vascello. Co-Fundador de la empresa Northstar Brokerage.\u00a0 13:00 H Coloquio.\u00a0\u00a0<\/span><\/li>\n<\/ol>\n<p><span style=\"font-weight: 400;\">13:20 H Clausura de la Asamblea\u00a0\u00a0<\/span><\/p>\n<ol>\n<li><span style=\"font-weight: 400;\"> Jos\u00e9 Luis Garc\u00eda Palacios. Presidente de la Fundaci\u00f3n Caja Rural del Sur\u00a0 D. Francisco Herrero. Presidente de la C\u00e1mara de Comercio de Sevilla\u00a0\u00a0<\/span><\/li>\n<\/ol>\n<p><span style=\"font-weight: 400;\">D\u00aa. Carmen Crespo. Consejera de Agricultura, Pesca y Desarrollo Rural de la\u00a0 Junta de Andaluc\u00eda\u00a0\u00a0<\/span><\/p>\n<p><span style=\"font-weight: 400;\">13:45 H Copa de Vino\u00a0<\/span><\/p>\n<p>&nbsp;<\/p>","protected":false},"excerpt":{"rendered":"<p>ASAMBLEA LONJA DE CEREALES DE SEVILLA\u00a0\u00a0 JORNADA \u201cMERCADOS GLOBALES DE CEREALES Y OLEAGINOSAS Y SU IMPACTO\u00a0 LOCAL\u201d\u00a0\u00a0 D\u00eda: Lunes, 25 de Octubre de 2021\u00a0\u00a0 Lugar: Caja Rural del Sur. C\/ [&hellip;]<\/p>\n","protected":false},"author":6,"featured_media":6768,"template":"","meta":{"_tribe_events_status":"","_tribe_events_status_reason":"","_tribe_events_is_hybrid":"","_tribe_events_is_virtual":"","_tribe_events_virtual_video_source":"","_tribe_events_virtual_embed_video":"","_tribe_events_virtual_linked_button_text":"","_tribe_events_virtual_linked_button":"","_tribe_events_virtual_show_embed_at":"","_tribe_events_virtual_show_embed_to":[],"_tribe_events_virtual_show_on_event":"","_tribe_events_virtual_show_on_views":"","_tribe_events_virtual_url":"","footnotes":""},"tags":[803,805,806,804,240],"tribe_events_cat":[77],"class_list":["post-6755","tribe_events","type-tribe_events","status-publish","has-post-thumbnail","hentry","tag-asamblea","tag-camara-de-comercio","tag-cereales","tag-lonja","tag-sevilla","tribe_events_cat-jornadas","cat_jornadas"],"yoast_head":"<!-- This site is optimized with the Yoast SEO plugin v27.3 - https:\/\/yoast.com\/product\/yoast-seo-wordpress\/ -->\n<title>Asamblea Lonja de Cereales y Jornada &quot;Mercados globales de cereales y oleaginosas&quot; - Fundaci\u00f3n Caja Rural del Sur<\/title>\n<meta name=\"description\" content=\"Celebramos la Asamblea de la Lonja en nuestra sede de Sevilla bajo el t\u00edtulo: Asamblea Lonja de Cereales y Jornada &quot;Mercados globales de cereales y oleaginosas&quot;.\" \/>\n<meta name=\"robots\" content=\"index, follow, max-snippet:-1, max-image-preview:large, max-video-preview:-1\" \/>\n<link rel=\"canonical\" href=\"https:\/\/fundacioncajaruraldelsur.com\/pt\/evento\/asamblea-lonja-de-cereales-y-jornada-mercados-globales-de-cereales-y-oleaginosas\/\" \/>\n<meta property=\"og:locale\" content=\"pt_PT\" \/>\n<meta property=\"og:type\" content=\"article\" \/>\n<meta property=\"og:title\" content=\"Asamblea Lonja de Cereales y Jornada &quot;Mercados globales de cereales y oleaginosas&quot; - Fundaci\u00f3n Caja Rural del Sur\" \/>\n<meta property=\"og:description\" content=\"Celebramos la Asamblea de la Lonja en nuestra sede de Sevilla bajo el t\u00edtulo: Asamblea Lonja de Cereales y Jornada &quot;Mercados globales de cereales y oleaginosas&quot;.\" \/>\n<meta property=\"og:url\" content=\"https:\/\/fundacioncajaruraldelsur.com\/pt\/evento\/asamblea-lonja-de-cereales-y-jornada-mercados-globales-de-cereales-y-oleaginosas\/\" \/>\n<meta property=\"og:site_name\" content=\"Fundaci\u00f3n Caja Rural del Sur\" \/>\n<meta property=\"article:modified_time\" content=\"2021-10-18T13:05:58+00:00\" \/>\n<meta property=\"og:image\" content=\"https:\/\/fundacioncajaruraldelsur.com\/wp-content\/uploads\/2021\/10\/campo_cereal-1024x266.png\" \/>\n\t<meta property=\"og:image:width\" content=\"1024\" \/>\n\t<meta property=\"og:image:height\" content=\"266\" \/>\n\t<meta property=\"og:image:type\" content=\"image\/png\" \/>\n<meta name=\"twitter:card\" content=\"summary_large_image\" \/>\n<meta name=\"twitter:label1\" content=\"Est. reading time\" \/>\n\t<meta name=\"twitter:data1\" content=\"1 minute\" \/>\n<script type=\"application\/ld+json\" class=\"yoast-schema-graph\">{\"@context\":\"https:\\\/\\\/schema.org\",\"@graph\":[{\"@type\":\"WebPage\",\"@id\":\"https:\\\/\\\/fundacioncajaruraldelsur.com\\\/evento\\\/asamblea-lonja-de-cereales-y-jornada-mercados-globales-de-cereales-y-oleaginosas\\\/\",\"url\":\"https:\\\/\\\/fundacioncajaruraldelsur.com\\\/evento\\\/asamblea-lonja-de-cereales-y-jornada-mercados-globales-de-cereales-y-oleaginosas\\\/\",\"name\":\"Asamblea Lonja de Cereales y Jornada \\\"Mercados globales de cereales y oleaginosas\\\" - Fundaci\u00f3n Caja Rural del Sur\",\"isPartOf\":{\"@id\":\"https:\\\/\\\/fundacioncajaruraldelsur.com\\\/#website\"},\"primaryImageOfPage\":{\"@id\":\"https:\\\/\\\/fundacioncajaruraldelsur.com\\\/evento\\\/asamblea-lonja-de-cereales-y-jornada-mercados-globales-de-cereales-y-oleaginosas\\\/#primaryimage\"},\"image\":{\"@id\":\"https:\\\/\\\/fundacioncajaruraldelsur.com\\\/evento\\\/asamblea-lonja-de-cereales-y-jornada-mercados-globales-de-cereales-y-oleaginosas\\\/#primaryimage\"},\"thumbnailUrl\":\"https:\\\/\\\/fundacioncajaruraldelsur.com\\\/wp-content\\\/uploads\\\/2021\\\/10\\\/campo_cereal.png\",\"datePublished\":\"2021-10-15T08:56:17+00:00\",\"dateModified\":\"2021-10-18T13:05:58+00:00\",\"description\":\"Celebramos la Asamblea de la Lonja en nuestra sede de Sevilla bajo el t\u00edtulo: Asamblea Lonja de Cereales y Jornada \\\"Mercados globales de cereales y oleaginosas\\\".\",\"breadcrumb\":{\"@id\":\"https:\\\/\\\/fundacioncajaruraldelsur.com\\\/evento\\\/asamblea-lonja-de-cereales-y-jornada-mercados-globales-de-cereales-y-oleaginosas\\\/#breadcrumb\"},\"inLanguage\":\"pt-PT\",\"potentialAction\":[{\"@type\":\"ReadAction\",\"target\":[\"https:\\\/\\\/fundacioncajaruraldelsur.com\\\/evento\\\/asamblea-lonja-de-cereales-y-jornada-mercados-globales-de-cereales-y-oleaginosas\\\/\"]}]},{\"@type\":\"ImageObject\",\"inLanguage\":\"pt-PT\",\"@id\":\"https:\\\/\\\/fundacioncajaruraldelsur.com\\\/evento\\\/asamblea-lonja-de-cereales-y-jornada-mercados-globales-de-cereales-y-oleaginosas\\\/#primaryimage\",\"url\":\"https:\\\/\\\/fundacioncajaruraldelsur.com\\\/wp-content\\\/uploads\\\/2021\\\/10\\\/campo_cereal.png\",\"contentUrl\":\"https:\\\/\\\/fundacioncajaruraldelsur.com\\\/wp-content\\\/uploads\\\/2021\\\/10\\\/campo_cereal.png\",\"width\":1925,\"height\":500},{\"@type\":\"BreadcrumbList\",\"@id\":\"https:\\\/\\\/fundacioncajaruraldelsur.com\\\/evento\\\/asamblea-lonja-de-cereales-y-jornada-mercados-globales-de-cereales-y-oleaginosas\\\/#breadcrumb\",\"itemListElement\":[{\"@type\":\"ListItem\",\"position\":1,\"name\":\"Portada\",\"item\":\"https:\\\/\\\/fundacioncajaruraldelsur.com\\\/\"},{\"@type\":\"ListItem\",\"position\":2,\"name\":\"Eventos\",\"item\":\"https:\\\/\\\/fundacioncajaruraldelsur.com\\\/eventos\\\/\"},{\"@type\":\"ListItem\",\"position\":3,\"name\":\"Asamblea Lonja de Cereales y Jornada \u00abMercados globales de cereales y oleaginosas\u00bb\"}]},{\"@type\":\"WebSite\",\"@id\":\"https:\\\/\\\/fundacioncajaruraldelsur.com\\\/#website\",\"url\":\"https:\\\/\\\/fundacioncajaruraldelsur.com\\\/\",\"name\":\"Fundaci\u00f3n Caja Rural del Sur\",\"description\":\"\",\"potentialAction\":[{\"@type\":\"SearchAction\",\"target\":{\"@type\":\"EntryPoint\",\"urlTemplate\":\"https:\\\/\\\/fundacioncajaruraldelsur.com\\\/?s={search_term_string}\"},\"query-input\":{\"@type\":\"PropertyValueSpecification\",\"valueRequired\":true,\"valueName\":\"search_term_string\"}}],\"inLanguage\":\"pt-PT\"}]}<\/script>\n<!-- \/ Yoast SEO plugin. -->","yoast_head_json":{"title":"Asamblea Lonja de Cereales y Jornada \"Mercados globales de cereales y oleaginosas\" - Fundaci\u00f3n Caja Rural del Sur","description":"Celebramos la Asamblea de la Lonja en nuestra sede de Sevilla bajo el t\u00edtulo: Asamblea Lonja de Cereales y Jornada \"Mercados globales de cereales y oleaginosas\".","robots":{"index":"index","follow":"follow","max-snippet":"max-snippet:-1","max-image-preview":"max-image-preview:large","max-video-preview":"max-video-preview:-1"},"canonical":"https:\/\/fundacioncajaruraldelsur.com\/pt\/evento\/asamblea-lonja-de-cereales-y-jornada-mercados-globales-de-cereales-y-oleaginosas\/","og_locale":"pt_PT","og_type":"article","og_title":"Asamblea Lonja de Cereales y Jornada \"Mercados globales de cereales y oleaginosas\" - Fundaci\u00f3n Caja Rural del Sur","og_description":"Celebramos la Asamblea de la Lonja en nuestra sede de Sevilla bajo el t\u00edtulo: Asamblea Lonja de Cereales y Jornada \"Mercados globales de cereales y oleaginosas\".","og_url":"https:\/\/fundacioncajaruraldelsur.com\/pt\/evento\/asamblea-lonja-de-cereales-y-jornada-mercados-globales-de-cereales-y-oleaginosas\/","og_site_name":"Fundaci\u00f3n Caja Rural del Sur","article_modified_time":"2021-10-18T13:05:58+00:00","og_image":[{"width":1024,"height":266,"url":"https:\/\/fundacioncajaruraldelsur.com\/wp-content\/uploads\/2021\/10\/campo_cereal-1024x266.png","type":"image\/png"}],"twitter_card":"summary_large_image","twitter_misc":{"Est. reading time":"1 minute"},"schema":{"@context":"https:\/\/schema.org","@graph":[{"@type":"WebPage","@id":"https:\/\/fundacioncajaruraldelsur.com\/evento\/asamblea-lonja-de-cereales-y-jornada-mercados-globales-de-cereales-y-oleaginosas\/","url":"https:\/\/fundacioncajaruraldelsur.com\/evento\/asamblea-lonja-de-cereales-y-jornada-mercados-globales-de-cereales-y-oleaginosas\/","name":"Asamblea Lonja de Cereales y Jornada \"Mercados globales de cereales y oleaginosas\" - Fundaci\u00f3n Caja Rural del Sur","isPartOf":{"@id":"https:\/\/fundacioncajaruraldelsur.com\/#website"},"primaryImageOfPage":{"@id":"https:\/\/fundacioncajaruraldelsur.com\/evento\/asamblea-lonja-de-cereales-y-jornada-mercados-globales-de-cereales-y-oleaginosas\/#primaryimage"},"image":{"@id":"https:\/\/fundacioncajaruraldelsur.com\/evento\/asamblea-lonja-de-cereales-y-jornada-mercados-globales-de-cereales-y-oleaginosas\/#primaryimage"},"thumbnailUrl":"https:\/\/fundacioncajaruraldelsur.com\/wp-content\/uploads\/2021\/10\/campo_cereal.png","datePublished":"2021-10-15T08:56:17+00:00","dateModified":"2021-10-18T13:05:58+00:00","description":"Celebramos la Asamblea de la Lonja en nuestra sede de Sevilla bajo el t\u00edtulo: Asamblea Lonja de Cereales y Jornada \"Mercados globales de cereales y oleaginosas\".","breadcrumb":{"@id":"https:\/\/fundacioncajaruraldelsur.com\/evento\/asamblea-lonja-de-cereales-y-jornada-mercados-globales-de-cereales-y-oleaginosas\/#breadcrumb"},"inLanguage":"pt-PT","potentialAction":[{"@type":"ReadAction","target":["https:\/\/fundacioncajaruraldelsur.com\/evento\/asamblea-lonja-de-cereales-y-jornada-mercados-globales-de-cereales-y-oleaginosas\/"]}]},{"@type":"ImageObject","inLanguage":"pt-PT","@id":"https:\/\/fundacioncajaruraldelsur.com\/evento\/asamblea-lonja-de-cereales-y-jornada-mercados-globales-de-cereales-y-oleaginosas\/#primaryimage","url":"https:\/\/fundacioncajaruraldelsur.com\/wp-content\/uploads\/2021\/10\/campo_cereal.png","contentUrl":"https:\/\/fundacioncajaruraldelsur.com\/wp-content\/uploads\/2021\/10\/campo_cereal.png","width":1925,"height":500},{"@type":"BreadcrumbList","@id":"https:\/\/fundacioncajaruraldelsur.com\/evento\/asamblea-lonja-de-cereales-y-jornada-mercados-globales-de-cereales-y-oleaginosas\/#breadcrumb","itemListElement":[{"@type":"ListItem","position":1,"name":"Portada","item":"https:\/\/fundacioncajaruraldelsur.com\/"},{"@type":"ListItem","position":2,"name":"Eventos","item":"https:\/\/fundacioncajaruraldelsur.com\/eventos\/"},{"@type":"ListItem","position":3,"name":"Asamblea Lonja de Cereales y Jornada \u00abMercados globales de cereales y oleaginosas\u00bb"}]},{"@type":"WebSite","@id":"https:\/\/fundacioncajaruraldelsur.com\/#website","url":"https:\/\/fundacioncajaruraldelsur.com\/","name":"Funda\u00e7\u00e3o Caja Rural del Sur","description":"","potentialAction":[{"@type":"SearchAction","target":{"@type":"EntryPoint","urlTemplate":"https:\/\/fundacioncajaruraldelsur.com\/?s={search_term_string}"},"query-input":{"@type":"PropertyValueSpecification","valueRequired":true,"valueName":"search_term_string"}}],"inLanguage":"pt-PT"}]}},"_links":{"self":[{"href":"https:\/\/fundacioncajaruraldelsur.com\/pt\/wp-json\/wp\/v2\/tribe_events\/6755","targetHints":{"allow":["GET"]}}],"collection":[{"href":"https:\/\/fundacioncajaruraldelsur.com\/pt\/wp-json\/wp\/v2\/tribe_events"}],"about":[{"href":"https:\/\/fundacioncajaruraldelsur.com\/pt\/wp-json\/wp\/v2\/types\/tribe_events"}],"author":[{"embeddable":true,"href":"https:\/\/fundacioncajaruraldelsur.com\/pt\/wp-json\/wp\/v2\/users\/6"}],"version-history":[{"count":3,"href":"https:\/\/fundacioncajaruraldelsur.com\/pt\/wp-json\/wp\/v2\/tribe_events\/6755\/revisions"}],"predecessor-version":[{"id":6769,"href":"https:\/\/fundacioncajaruraldelsur.com\/pt\/wp-json\/wp\/v2\/tribe_events\/6755\/revisions\/6769"}],"wp:featuredmedia":[{"embeddable":true,"href":"https:\/\/fundacioncajaruraldelsur.com\/pt\/wp-json\/wp\/v2\/media\/6768"}],"wp:attachment":[{"href":"https:\/\/fundacioncajaruraldelsur.com\/pt\/wp-json\/wp\/v2\/media?parent=6755"}],"wp:term":[{"taxonomy":"post_tag","embeddable":true,"href":"https:\/\/fundacioncajaruraldelsur.com\/pt\/wp-json\/wp\/v2\/tags?post=6755"},{"taxonomy":"tribe_events_cat","embeddable":true,"href":"https:\/\/fundacioncajaruraldelsur.com\/pt\/wp-json\/wp\/v2\/tribe_events_cat?post=6755"}],"curies":[{"name":"wp","href":"https:\/\/api.w.org\/{rel}","templated":true}]}}