{"id":6645,"date":"2021-09-17T13:20:00","date_gmt":"2021-09-17T11:20:00","guid":{"rendered":"\/?post_type=tribe_events&#038;p=6645"},"modified":"2021-09-17T13:30:25","modified_gmt":"2021-09-17T11:30:25","slug":"27-festival-de-cine-frances-de-malaga","status":"publish","type":"tribe_events","link":"https:\/\/fundacioncajaruraldelsur.com\/pt\/evento\/27-festival-de-cine-frances-de-malaga\/","title":{"rendered":"27 Festival de Cine Franc\u00e9s de M\u00e1laga"},"content":{"rendered":"<div class=\"kvgmc6g5 cxmmr5t8 oygrvhab hcukyx3x c1et5uql ii04i59q\">\n<div dir=\"auto\">Cine, diversidad y color.\u00a0Tres palabras que surgen al ver el cartel de la 27 edici\u00f3n del Festival de Cine Franc\u00e9s de M\u00e1laga, que se celebrar\u00e1 del 15 al 22 de octubre, organizado por <span class=\"nc684nl6\"><a class=\"oajrlxb2 g5ia77u1 qu0x051f esr5mh6w e9989ue4 r7d6kgcz rq0escxv nhd2j8a9 nc684nl6 p7hjln8o kvgmc6g5 cxmmr5t8 oygrvhab hcukyx3x jb3vyjys rz4wbd8a qt6c0cv9 a8nywdso i1ao9s8h esuyzwwr f1sip0of lzcic4wl q66pz984 gpro0wi8 b1v8xokw\" tabindex=\"0\" role=\"link\" href=\"https:\/\/www.facebook.com\/alliancefrancaise.malaga\/?__cft__[0]=AZVEtz9FQpaBfgm5ElhqOZ-oThv15vHSIEPpzGBvTFPdnKP23X-TBuSqirYrO-KjaPnnysaEOzMl9VJ_Iv0Romcu16vE19cM8PsmtHRobeqdaKgGdfYYIFF2kRwE4RMipSrQt-hj3-nn584TQ5XhlINK&amp;__tn__=kK-R\">Alianza Francesa M\u00e1laga, <\/a><\/span>y patrocinado por <strong>Fundaci\u00f3n Caja Rural del Sur<\/strong>. Un a\u00f1o m\u00e1s, <a class=\"oajrlxb2 g5ia77u1 qu0x051f esr5mh6w e9989ue4 r7d6kgcz rq0escxv nhd2j8a9 nc684nl6 p7hjln8o kvgmc6g5 cxmmr5t8 oygrvhab hcukyx3x jb3vyjys rz4wbd8a qt6c0cv9 a8nywdso i1ao9s8h esuyzwwr f1sip0of lzcic4wl q66pz984 gpro0wi8 b1v8xokw\" tabindex=\"0\" role=\"link\" href=\"https:\/\/www.facebook.com\/estudiosantarita\/?__cft__[0]=AZVEtz9FQpaBfgm5ElhqOZ-oThv15vHSIEPpzGBvTFPdnKP23X-TBuSqirYrO-KjaPnnysaEOzMl9VJ_Iv0Romcu16vE19cM8PsmtHRobeqdaKgGdfYYIFF2kRwE4RMipSrQt-hj3-nn584TQ5XhlINK&amp;__tn__=kK-R\"><span class=\"nc684nl6\">Estudio Santa Rita<\/span><\/a> vuelve a dar forma a la imagen del festival, un dise\u00f1o que evoca el objetivo de volver a humanizar la cultura, y regresar a las salas de cine.<\/div>\n<\/div>\n<div class=\"o9v6fnle cxmmr5t8 oygrvhab hcukyx3x c1et5uql ii04i59q\">\n<div dir=\"auto\"><\/div>\n<div dir=\"auto\">Toda la informaci\u00f3n y el programa completo, a partir del pr\u00f3ximo lunes 20 de septiembre en <a href=\"http:\/\/festivalfrancesmalaga.es\">festivalfrancesmalaga.es<\/a><\/div>\n<\/div>\n<div dir=\"auto\"><\/div>\n<p><a href=\"\/wp-content\/uploads\/2021\/09\/WhatsApp-Image-2021-09-17-at-12.53.08.jpeg\" rel=\"lightbox-0\"><img loading=\"lazy\" decoding=\"async\" class=\"aligncenter wp-image-6646 size-full\" src=\"\/wp-content\/uploads\/2021\/09\/WhatsApp-Image-2021-09-17-at-12.53.08.jpeg\" alt=\"\" width=\"1080\" height=\"1512\" srcset=\"https:\/\/fundacioncajaruraldelsur.com\/wp-content\/uploads\/2021\/09\/WhatsApp-Image-2021-09-17-at-12.53.08.jpeg 1080w, https:\/\/fundacioncajaruraldelsur.com\/wp-content\/uploads\/2021\/09\/WhatsApp-Image-2021-09-17-at-12.53.08-214x300.jpeg 214w, https:\/\/fundacioncajaruraldelsur.com\/wp-content\/uploads\/2021\/09\/WhatsApp-Image-2021-09-17-at-12.53.08-731x1024.jpeg 731w, https:\/\/fundacioncajaruraldelsur.com\/wp-content\/uploads\/2021\/09\/WhatsApp-Image-2021-09-17-at-12.53.08-768x1075.jpeg 768w\" sizes=\"auto, (max-width: 1080px) 100vw, 1080px\" \/><\/a><\/p>\n","protected":false},"excerpt":{"rendered":"<p>Cine, diversidad y color.\u00a0Tres palabras que surgen al ver el cartel de la 27 edici\u00f3n del Festival de Cine Franc\u00e9s de M\u00e1laga, que se celebrar\u00e1 del 15 al 22 de [&hellip;]<\/p>\n","protected":false},"author":8,"featured_media":3968,"template":"","meta":{"_tribe_events_status":"","_tribe_events_status_reason":"","_tribe_events_is_hybrid":"","_tribe_events_is_virtual":"","_tribe_events_virtual_video_source":"","_tribe_events_virtual_embed_video":"","_tribe_events_virtual_linked_button_text":"","_tribe_events_virtual_linked_button":"","_tribe_events_virtual_show_embed_at":"","_tribe_events_virtual_show_embed_to":[],"_tribe_events_virtual_show_on_event":"","_tribe_events_virtual_show_on_views":"","_tribe_events_virtual_url":"","footnotes":""},"tags":[282,775,778,776,777],"tribe_events_cat":[281],"class_list":["post-6645","tribe_events","type-tribe_events","status-publish","has-post-thumbnail","hentry","tag-cine","tag-festival","tag-frances","tag-malaga","tag-octubre","tribe_events_cat-cine","cat_cine"],"yoast_head":"<!-- This site is optimized with the Yoast SEO plugin v27.3 - https:\/\/yoast.com\/product\/yoast-seo-wordpress\/ -->\n<title>27 Festival de Cine Franc\u00e9s de M\u00e1laga - Fundaci\u00f3n Caja Rural del Sur<\/title>\n<meta name=\"description\" content=\"La 27 edici\u00f3n del Festival de Cine Franc\u00e9s de M\u00e1laga, que se celebrar\u00e1 del 15 al 22 de octubre, organizado por Alianza Francesa M\u00e1laga.\" \/>\n<meta name=\"robots\" content=\"index, follow, max-snippet:-1, max-image-preview:large, max-video-preview:-1\" \/>\n<link rel=\"canonical\" href=\"https:\/\/fundacioncajaruraldelsur.com\/pt\/evento\/27-festival-de-cine-frances-de-malaga\/\" \/>\n<meta property=\"og:locale\" content=\"pt_PT\" \/>\n<meta property=\"og:type\" content=\"article\" \/>\n<meta property=\"og:title\" content=\"27 Festival de Cine Franc\u00e9s de M\u00e1laga - Fundaci\u00f3n Caja Rural del Sur\" \/>\n<meta property=\"og:description\" content=\"La 27 edici\u00f3n del Festival de Cine Franc\u00e9s de M\u00e1laga, que se celebrar\u00e1 del 15 al 22 de octubre, organizado por Alianza Francesa M\u00e1laga.\" \/>\n<meta property=\"og:url\" content=\"https:\/\/fundacioncajaruraldelsur.com\/pt\/evento\/27-festival-de-cine-frances-de-malaga\/\" \/>\n<meta property=\"og:site_name\" content=\"Fundaci\u00f3n Caja Rural del Sur\" \/>\n<meta property=\"article:modified_time\" content=\"2021-09-17T11:30:25+00:00\" \/>\n<meta property=\"og:image\" content=\"https:\/\/fundacioncajaruraldelsur.com\/wp-content\/uploads\/2018\/10\/Cine_Pensando.jpg\" \/>\n\t<meta property=\"og:image:width\" content=\"1925\" \/>\n\t<meta property=\"og:image:height\" content=\"500\" \/>\n\t<meta property=\"og:image:type\" content=\"image\/jpeg\" \/>\n<meta name=\"twitter:card\" content=\"summary_large_image\" \/>\n<meta name=\"twitter:label1\" content=\"Est. reading time\" \/>\n\t<meta name=\"twitter:data1\" content=\"1 minute\" \/>\n<script type=\"application\/ld+json\" class=\"yoast-schema-graph\">{\"@context\":\"https:\\\/\\\/schema.org\",\"@graph\":[{\"@type\":\"WebPage\",\"@id\":\"https:\\\/\\\/fundacioncajaruraldelsur.com\\\/evento\\\/27-festival-de-cine-frances-de-malaga\\\/\",\"url\":\"https:\\\/\\\/fundacioncajaruraldelsur.com\\\/evento\\\/27-festival-de-cine-frances-de-malaga\\\/\",\"name\":\"27 Festival de Cine Franc\u00e9s de M\u00e1laga - Fundaci\u00f3n Caja Rural del Sur\",\"isPartOf\":{\"@id\":\"https:\\\/\\\/fundacioncajaruraldelsur.com\\\/#website\"},\"primaryImageOfPage\":{\"@id\":\"https:\\\/\\\/fundacioncajaruraldelsur.com\\\/evento\\\/27-festival-de-cine-frances-de-malaga\\\/#primaryimage\"},\"image\":{\"@id\":\"https:\\\/\\\/fundacioncajaruraldelsur.com\\\/evento\\\/27-festival-de-cine-frances-de-malaga\\\/#primaryimage\"},\"thumbnailUrl\":\"https:\\\/\\\/fundacioncajaruraldelsur.com\\\/wp-content\\\/uploads\\\/2018\\\/10\\\/Cine_Pensando.jpg\",\"datePublished\":\"2021-09-17T11:20:00+00:00\",\"dateModified\":\"2021-09-17T11:30:25+00:00\",\"description\":\"La 27 edici\u00f3n del Festival de Cine Franc\u00e9s de M\u00e1laga, que se celebrar\u00e1 del 15 al 22 de octubre, organizado por Alianza Francesa M\u00e1laga.\",\"breadcrumb\":{\"@id\":\"https:\\\/\\\/fundacioncajaruraldelsur.com\\\/evento\\\/27-festival-de-cine-frances-de-malaga\\\/#breadcrumb\"},\"inLanguage\":\"pt-PT\",\"potentialAction\":[{\"@type\":\"ReadAction\",\"target\":[\"https:\\\/\\\/fundacioncajaruraldelsur.com\\\/evento\\\/27-festival-de-cine-frances-de-malaga\\\/\"]}]},{\"@type\":\"ImageObject\",\"inLanguage\":\"pt-PT\",\"@id\":\"https:\\\/\\\/fundacioncajaruraldelsur.com\\\/evento\\\/27-festival-de-cine-frances-de-malaga\\\/#primaryimage\",\"url\":\"https:\\\/\\\/fundacioncajaruraldelsur.com\\\/wp-content\\\/uploads\\\/2018\\\/10\\\/Cine_Pensando.jpg\",\"contentUrl\":\"https:\\\/\\\/fundacioncajaruraldelsur.com\\\/wp-content\\\/uploads\\\/2018\\\/10\\\/Cine_Pensando.jpg\",\"width\":1925,\"height\":500},{\"@type\":\"BreadcrumbList\",\"@id\":\"https:\\\/\\\/fundacioncajaruraldelsur.com\\\/evento\\\/27-festival-de-cine-frances-de-malaga\\\/#breadcrumb\",\"itemListElement\":[{\"@type\":\"ListItem\",\"position\":1,\"name\":\"Portada\",\"item\":\"https:\\\/\\\/fundacioncajaruraldelsur.com\\\/\"},{\"@type\":\"ListItem\",\"position\":2,\"name\":\"Eventos\",\"item\":\"https:\\\/\\\/fundacioncajaruraldelsur.com\\\/eventos\\\/\"},{\"@type\":\"ListItem\",\"position\":3,\"name\":\"27 Festival de Cine Franc\u00e9s de M\u00e1laga\"}]},{\"@type\":\"WebSite\",\"@id\":\"https:\\\/\\\/fundacioncajaruraldelsur.com\\\/#website\",\"url\":\"https:\\\/\\\/fundacioncajaruraldelsur.com\\\/\",\"name\":\"Fundaci\u00f3n Caja Rural del Sur\",\"description\":\"\",\"potentialAction\":[{\"@type\":\"SearchAction\",\"target\":{\"@type\":\"EntryPoint\",\"urlTemplate\":\"https:\\\/\\\/fundacioncajaruraldelsur.com\\\/?s={search_term_string}\"},\"query-input\":{\"@type\":\"PropertyValueSpecification\",\"valueRequired\":true,\"valueName\":\"search_term_string\"}}],\"inLanguage\":\"pt-PT\"}]}<\/script>\n<!-- \/ Yoast SEO plugin. -->","yoast_head_json":{"title":"27 Festival de Cine Franc\u00e9s de M\u00e1laga - Fundaci\u00f3n Caja Rural del Sur","description":"La 27 edici\u00f3n del Festival de Cine Franc\u00e9s de M\u00e1laga, que se celebrar\u00e1 del 15 al 22 de octubre, organizado por Alianza Francesa M\u00e1laga.","robots":{"index":"index","follow":"follow","max-snippet":"max-snippet:-1","max-image-preview":"max-image-preview:large","max-video-preview":"max-video-preview:-1"},"canonical":"https:\/\/fundacioncajaruraldelsur.com\/pt\/evento\/27-festival-de-cine-frances-de-malaga\/","og_locale":"pt_PT","og_type":"article","og_title":"27 Festival de Cine Franc\u00e9s de M\u00e1laga - Fundaci\u00f3n Caja Rural del Sur","og_description":"La 27 edici\u00f3n del Festival de Cine Franc\u00e9s de M\u00e1laga, que se celebrar\u00e1 del 15 al 22 de octubre, organizado por Alianza Francesa M\u00e1laga.","og_url":"https:\/\/fundacioncajaruraldelsur.com\/pt\/evento\/27-festival-de-cine-frances-de-malaga\/","og_site_name":"Fundaci\u00f3n Caja Rural del Sur","article_modified_time":"2021-09-17T11:30:25+00:00","og_image":[{"width":1925,"height":500,"url":"https:\/\/fundacioncajaruraldelsur.com\/wp-content\/uploads\/2018\/10\/Cine_Pensando.jpg","type":"image\/jpeg"}],"twitter_card":"summary_large_image","twitter_misc":{"Est. reading time":"1 minute"},"schema":{"@context":"https:\/\/schema.org","@graph":[{"@type":"WebPage","@id":"https:\/\/fundacioncajaruraldelsur.com\/evento\/27-festival-de-cine-frances-de-malaga\/","url":"https:\/\/fundacioncajaruraldelsur.com\/evento\/27-festival-de-cine-frances-de-malaga\/","name":"27 Festival de Cine Franc\u00e9s de M\u00e1laga - Fundaci\u00f3n Caja Rural del Sur","isPartOf":{"@id":"https:\/\/fundacioncajaruraldelsur.com\/#website"},"primaryImageOfPage":{"@id":"https:\/\/fundacioncajaruraldelsur.com\/evento\/27-festival-de-cine-frances-de-malaga\/#primaryimage"},"image":{"@id":"https:\/\/fundacioncajaruraldelsur.com\/evento\/27-festival-de-cine-frances-de-malaga\/#primaryimage"},"thumbnailUrl":"https:\/\/fundacioncajaruraldelsur.com\/wp-content\/uploads\/2018\/10\/Cine_Pensando.jpg","datePublished":"2021-09-17T11:20:00+00:00","dateModified":"2021-09-17T11:30:25+00:00","description":"La 27 edici\u00f3n del Festival de Cine Franc\u00e9s de M\u00e1laga, que se celebrar\u00e1 del 15 al 22 de octubre, organizado por Alianza Francesa M\u00e1laga.","breadcrumb":{"@id":"https:\/\/fundacioncajaruraldelsur.com\/evento\/27-festival-de-cine-frances-de-malaga\/#breadcrumb"},"inLanguage":"pt-PT","potentialAction":[{"@type":"ReadAction","target":["https:\/\/fundacioncajaruraldelsur.com\/evento\/27-festival-de-cine-frances-de-malaga\/"]}]},{"@type":"ImageObject","inLanguage":"pt-PT","@id":"https:\/\/fundacioncajaruraldelsur.com\/evento\/27-festival-de-cine-frances-de-malaga\/#primaryimage","url":"https:\/\/fundacioncajaruraldelsur.com\/wp-content\/uploads\/2018\/10\/Cine_Pensando.jpg","contentUrl":"https:\/\/fundacioncajaruraldelsur.com\/wp-content\/uploads\/2018\/10\/Cine_Pensando.jpg","width":1925,"height":500},{"@type":"BreadcrumbList","@id":"https:\/\/fundacioncajaruraldelsur.com\/evento\/27-festival-de-cine-frances-de-malaga\/#breadcrumb","itemListElement":[{"@type":"ListItem","position":1,"name":"Portada","item":"https:\/\/fundacioncajaruraldelsur.com\/"},{"@type":"ListItem","position":2,"name":"Eventos","item":"https:\/\/fundacioncajaruraldelsur.com\/eventos\/"},{"@type":"ListItem","position":3,"name":"27 Festival de Cine Franc\u00e9s de M\u00e1laga"}]},{"@type":"WebSite","@id":"https:\/\/fundacioncajaruraldelsur.com\/#website","url":"https:\/\/fundacioncajaruraldelsur.com\/","name":"Funda\u00e7\u00e3o Caja Rural del Sur","description":"","potentialAction":[{"@type":"SearchAction","target":{"@type":"EntryPoint","urlTemplate":"https:\/\/fundacioncajaruraldelsur.com\/?s={search_term_string}"},"query-input":{"@type":"PropertyValueSpecification","valueRequired":true,"valueName":"search_term_string"}}],"inLanguage":"pt-PT"}]}},"_links":{"self":[{"href":"https:\/\/fundacioncajaruraldelsur.com\/pt\/wp-json\/wp\/v2\/tribe_events\/6645","targetHints":{"allow":["GET"]}}],"collection":[{"href":"https:\/\/fundacioncajaruraldelsur.com\/pt\/wp-json\/wp\/v2\/tribe_events"}],"about":[{"href":"https:\/\/fundacioncajaruraldelsur.com\/pt\/wp-json\/wp\/v2\/types\/tribe_events"}],"author":[{"embeddable":true,"href":"https:\/\/fundacioncajaruraldelsur.com\/pt\/wp-json\/wp\/v2\/users\/8"}],"version-history":[{"count":4,"href":"https:\/\/fundacioncajaruraldelsur.com\/pt\/wp-json\/wp\/v2\/tribe_events\/6645\/revisions"}],"predecessor-version":[{"id":6651,"href":"https:\/\/fundacioncajaruraldelsur.com\/pt\/wp-json\/wp\/v2\/tribe_events\/6645\/revisions\/6651"}],"wp:featuredmedia":[{"embeddable":true,"href":"https:\/\/fundacioncajaruraldelsur.com\/pt\/wp-json\/wp\/v2\/media\/3968"}],"wp:attachment":[{"href":"https:\/\/fundacioncajaruraldelsur.com\/pt\/wp-json\/wp\/v2\/media?parent=6645"}],"wp:term":[{"taxonomy":"post_tag","embeddable":true,"href":"https:\/\/fundacioncajaruraldelsur.com\/pt\/wp-json\/wp\/v2\/tags?post=6645"},{"taxonomy":"tribe_events_cat","embeddable":true,"href":"https:\/\/fundacioncajaruraldelsur.com\/pt\/wp-json\/wp\/v2\/tribe_events_cat?post=6645"}],"curies":[{"name":"wp","href":"https:\/\/api.w.org\/{rel}","templated":true}]}}