{"id":6638,"date":"2021-09-16T12:03:18","date_gmt":"2021-09-16T10:03:18","guid":{"rendered":"\/?post_type=tribe_events&#038;p=6638"},"modified":"2021-09-16T12:39:25","modified_gmt":"2021-09-16T10:39:25","slug":"iv-concurso-internacional-de-atalaje-ciudad-de-cordoba","status":"publish","type":"tribe_events","link":"https:\/\/fundacioncajaruraldelsur.com\/pt\/evento\/iv-concurso-internacional-de-atalaje-ciudad-de-cordoba\/","title":{"rendered":"IV Concurso Internacional de Atalaje Ciudad de C\u00f3rdoba"},"content":{"rendered":"<p class=\"mce\">Un total de 21 carruajes desfilar\u00e1n por las calles de C\u00f3rdoba en el\u00a0sexto <strong>Concurso Internacional de Atalaje de Tradici\u00f3n (CIAT) Ciudad de C\u00f3rdoba.<\/strong> El delegado territorial de Turismo de la Junta en <a class=\"mce\" href=\"https:\/\/www.eldiadecordoba.es\/cordoba\/\" rel=\"dofollow\">C\u00f3rdoba<\/a>, \u00c1ngel Pimentel, ha participado este viernes en la presentaci\u00f3n del cartel del concurso, que se celebra el d\u00eda 18 de septiembre, un \u201cespect\u00e1culo maravilloso\u201d que pone en valor el \u201cmaridaje perfecto\u201d entre el mundo del caballo y la provincia.<\/p>\n<p><a href=\"\/wp-content\/uploads\/2021\/09\/Foto-Presentacion-CIAT.jpg\" rel=\"lightbox-0\"><img loading=\"lazy\" decoding=\"async\" class=\"aligncenter wp-image-6639 size-full\" src=\"\/wp-content\/uploads\/2021\/09\/Foto-Presentacion-CIAT.jpg\" alt=\"\" width=\"1280\" height=\"960\" srcset=\"https:\/\/fundacioncajaruraldelsur.com\/wp-content\/uploads\/2021\/09\/Foto-Presentacion-CIAT.jpg 1280w, https:\/\/fundacioncajaruraldelsur.com\/wp-content\/uploads\/2021\/09\/Foto-Presentacion-CIAT-300x225.jpg 300w, https:\/\/fundacioncajaruraldelsur.com\/wp-content\/uploads\/2021\/09\/Foto-Presentacion-CIAT-1024x768.jpg 1024w, https:\/\/fundacioncajaruraldelsur.com\/wp-content\/uploads\/2021\/09\/Foto-Presentacion-CIAT-768x576.jpg 768w\" sizes=\"auto, (max-width: 1280px) 100vw, 1280px\" \/><\/a><\/p>\n<p class=\"mce\">Durante el acto de presentaci\u00f3n celebrado en Caballerizas Reales, el responsable de Turismo de la Junta en C\u00f3rdoba ha recalcado que este <strong class=\"mce\">certamen internacional<\/strong>, organizado por el Club de Carruajes de Tradici\u00f3n, \u201cda el pistoletazo de salida, desde hace dos a\u00f1os\u201d, a este tipo de concursos, un hecho que resalta \u201cla importancia del caballo para la provincia, de lo que es Caballerizas Reales y lo que es Cabalcor, el mes del caballo, en C\u00f3rdoba\u201d.<\/p>\n<p class=\"mce\"><a href=\"\/wp-content\/uploads\/2021\/09\/Cartel-VI-Ciat-Ciudad-de-Cordoba.jpg\" rel=\"lightbox-1\"><img loading=\"lazy\" decoding=\"async\" class=\"aligncenter wp-image-6640 size-full\" src=\"\/wp-content\/uploads\/2021\/09\/Cartel-VI-Ciat-Ciudad-de-Cordoba.jpg\" alt=\"\" width=\"1024\" height=\"666\" srcset=\"https:\/\/fundacioncajaruraldelsur.com\/wp-content\/uploads\/2021\/09\/Cartel-VI-Ciat-Ciudad-de-Cordoba.jpg 1024w, https:\/\/fundacioncajaruraldelsur.com\/wp-content\/uploads\/2021\/09\/Cartel-VI-Ciat-Ciudad-de-Cordoba-300x195.jpg 300w, https:\/\/fundacioncajaruraldelsur.com\/wp-content\/uploads\/2021\/09\/Cartel-VI-Ciat-Ciudad-de-Cordoba-768x500.jpg 768w\" sizes=\"auto, (max-width: 1024px) 100vw, 1024px\" \/><\/a><\/p>\n<p>El recorrido <strong class=\"mce\">dar\u00e1 comienzo el s\u00e1bado 18 de septiembre<\/strong>, a las 10:30, desde el Club H\u00edpico de C\u00f3rdoba y discurrir\u00e1 por varias calles de la ciudad hasta volver a Caballerizas Reales. En total, con salidas cada ocho minutos, desfilar\u00e1n 21 carruajes, entre los que hay siete limoneras, seis troncos, un t\u00e1ndem, una potencia, dos tresillos y cuatro cuartas.<\/p>\n<p>Facebook: <a href=\"https:\/\/www.facebook.com\/clubcarruajes.cordoba\">Club Carruajes C\u00f3rdoba<\/a><\/p>\n<p>Fuente: <em>El D\u00eda de C\u00f3rdoba<\/em><\/p>","protected":false},"excerpt":{"rendered":"<p>Un total de 21 carruajes desfilar\u00e1n por las calles de C\u00f3rdoba en el\u00a0sexto Concurso Internacional de Atalaje de Tradici\u00f3n (CIAT) Ciudad de C\u00f3rdoba. El delegado territorial de Turismo de la [&hellip;]<\/p>\n","protected":false},"author":8,"featured_media":4787,"template":"","meta":{"_tribe_events_status":"","_tribe_events_status_reason":"","_tribe_events_is_hybrid":"","_tribe_events_is_virtual":"","_tribe_events_virtual_video_source":"","_tribe_events_virtual_embed_video":"","_tribe_events_virtual_linked_button_text":"","_tribe_events_virtual_linked_button":"","_tribe_events_virtual_show_embed_at":"","_tribe_events_virtual_show_embed_to":[],"_tribe_events_virtual_show_on_event":"","_tribe_events_virtual_show_on_views":"","_tribe_events_virtual_url":"","footnotes":""},"tags":[773,463,241,774,244,93],"tribe_events_cat":[156],"class_list":["post-6638","tribe_events","type-tribe_events","status-publish","has-post-thumbnail","hentry","tag-atalaje","tag-carruajes","tag-cartel","tag-ciat","tag-concurso","tag-cordoba","tribe_events_cat-concursos","cat_concursos"],"yoast_head":"<!-- This site is optimized with the Yoast SEO plugin v27.3 - https:\/\/yoast.com\/product\/yoast-seo-wordpress\/ -->\n<title>IV Concurso Internacional de Atalaje Ciudad de C\u00f3rdoba - Fundaci\u00f3n Caja Rural del Sur<\/title>\n<meta name=\"description\" content=\"El\u00a0pr\u00f3ximo s\u00e1bado celebramos el sexto Concurso Internacional de Atalaje de Tradici\u00f3n (CIAT) Ciudad de C\u00f3rdoba.\" \/>\n<meta name=\"robots\" content=\"index, follow, max-snippet:-1, max-image-preview:large, max-video-preview:-1\" \/>\n<link rel=\"canonical\" href=\"https:\/\/fundacioncajaruraldelsur.com\/pt\/evento\/iv-concurso-internacional-de-atalaje-ciudad-de-cordoba\/\" \/>\n<meta property=\"og:locale\" content=\"pt_PT\" \/>\n<meta property=\"og:type\" content=\"article\" \/>\n<meta property=\"og:title\" content=\"IV Concurso Internacional de Atalaje Ciudad de C\u00f3rdoba - Fundaci\u00f3n Caja Rural del Sur\" \/>\n<meta property=\"og:description\" content=\"El\u00a0pr\u00f3ximo s\u00e1bado celebramos el sexto Concurso Internacional de Atalaje de Tradici\u00f3n (CIAT) Ciudad de C\u00f3rdoba.\" \/>\n<meta property=\"og:url\" content=\"https:\/\/fundacioncajaruraldelsur.com\/pt\/evento\/iv-concurso-internacional-de-atalaje-ciudad-de-cordoba\/\" \/>\n<meta property=\"og:site_name\" content=\"Fundaci\u00f3n Caja Rural del Sur\" \/>\n<meta property=\"article:modified_time\" content=\"2021-09-16T10:39:25+00:00\" \/>\n<meta property=\"og:image\" content=\"https:\/\/fundacioncajaruraldelsur.com\/wp-content\/uploads\/2019\/05\/Carruajes.jpg\" \/>\n\t<meta property=\"og:image:width\" content=\"1920\" \/>\n\t<meta property=\"og:image:height\" content=\"500\" \/>\n\t<meta property=\"og:image:type\" content=\"image\/jpeg\" \/>\n<meta name=\"twitter:card\" content=\"summary_large_image\" \/>\n<meta name=\"twitter:label1\" content=\"Est. reading time\" \/>\n\t<meta name=\"twitter:data1\" content=\"1 minute\" \/>\n<script type=\"application\/ld+json\" class=\"yoast-schema-graph\">{\"@context\":\"https:\\\/\\\/schema.org\",\"@graph\":[{\"@type\":\"WebPage\",\"@id\":\"https:\\\/\\\/fundacioncajaruraldelsur.com\\\/evento\\\/iv-concurso-internacional-de-atalaje-ciudad-de-cordoba\\\/\",\"url\":\"https:\\\/\\\/fundacioncajaruraldelsur.com\\\/evento\\\/iv-concurso-internacional-de-atalaje-ciudad-de-cordoba\\\/\",\"name\":\"IV Concurso Internacional de Atalaje Ciudad de C\u00f3rdoba - Fundaci\u00f3n Caja Rural del Sur\",\"isPartOf\":{\"@id\":\"https:\\\/\\\/fundacioncajaruraldelsur.com\\\/#website\"},\"primaryImageOfPage\":{\"@id\":\"https:\\\/\\\/fundacioncajaruraldelsur.com\\\/evento\\\/iv-concurso-internacional-de-atalaje-ciudad-de-cordoba\\\/#primaryimage\"},\"image\":{\"@id\":\"https:\\\/\\\/fundacioncajaruraldelsur.com\\\/evento\\\/iv-concurso-internacional-de-atalaje-ciudad-de-cordoba\\\/#primaryimage\"},\"thumbnailUrl\":\"https:\\\/\\\/fundacioncajaruraldelsur.com\\\/wp-content\\\/uploads\\\/2019\\\/05\\\/Carruajes.jpg\",\"datePublished\":\"2021-09-16T10:03:18+00:00\",\"dateModified\":\"2021-09-16T10:39:25+00:00\",\"description\":\"El\u00a0pr\u00f3ximo s\u00e1bado celebramos el sexto Concurso Internacional de Atalaje de Tradici\u00f3n (CIAT) Ciudad de C\u00f3rdoba.\",\"breadcrumb\":{\"@id\":\"https:\\\/\\\/fundacioncajaruraldelsur.com\\\/evento\\\/iv-concurso-internacional-de-atalaje-ciudad-de-cordoba\\\/#breadcrumb\"},\"inLanguage\":\"pt-PT\",\"potentialAction\":[{\"@type\":\"ReadAction\",\"target\":[\"https:\\\/\\\/fundacioncajaruraldelsur.com\\\/evento\\\/iv-concurso-internacional-de-atalaje-ciudad-de-cordoba\\\/\"]}]},{\"@type\":\"ImageObject\",\"inLanguage\":\"pt-PT\",\"@id\":\"https:\\\/\\\/fundacioncajaruraldelsur.com\\\/evento\\\/iv-concurso-internacional-de-atalaje-ciudad-de-cordoba\\\/#primaryimage\",\"url\":\"https:\\\/\\\/fundacioncajaruraldelsur.com\\\/wp-content\\\/uploads\\\/2019\\\/05\\\/Carruajes.jpg\",\"contentUrl\":\"https:\\\/\\\/fundacioncajaruraldelsur.com\\\/wp-content\\\/uploads\\\/2019\\\/05\\\/Carruajes.jpg\",\"width\":1920,\"height\":500},{\"@type\":\"BreadcrumbList\",\"@id\":\"https:\\\/\\\/fundacioncajaruraldelsur.com\\\/evento\\\/iv-concurso-internacional-de-atalaje-ciudad-de-cordoba\\\/#breadcrumb\",\"itemListElement\":[{\"@type\":\"ListItem\",\"position\":1,\"name\":\"Portada\",\"item\":\"https:\\\/\\\/fundacioncajaruraldelsur.com\\\/\"},{\"@type\":\"ListItem\",\"position\":2,\"name\":\"Eventos\",\"item\":\"https:\\\/\\\/fundacioncajaruraldelsur.com\\\/eventos\\\/\"},{\"@type\":\"ListItem\",\"position\":3,\"name\":\"IV Concurso Internacional de Atalaje Ciudad de C\u00f3rdoba\"}]},{\"@type\":\"WebSite\",\"@id\":\"https:\\\/\\\/fundacioncajaruraldelsur.com\\\/#website\",\"url\":\"https:\\\/\\\/fundacioncajaruraldelsur.com\\\/\",\"name\":\"Fundaci\u00f3n Caja Rural del Sur\",\"description\":\"\",\"potentialAction\":[{\"@type\":\"SearchAction\",\"target\":{\"@type\":\"EntryPoint\",\"urlTemplate\":\"https:\\\/\\\/fundacioncajaruraldelsur.com\\\/?s={search_term_string}\"},\"query-input\":{\"@type\":\"PropertyValueSpecification\",\"valueRequired\":true,\"valueName\":\"search_term_string\"}}],\"inLanguage\":\"pt-PT\"}]}<\/script>\n<!-- \/ Yoast SEO plugin. -->","yoast_head_json":{"title":"IV Concurso Internacional de Atalaje Ciudad de C\u00f3rdoba - Fundaci\u00f3n Caja Rural del Sur","description":"El\u00a0pr\u00f3ximo s\u00e1bado celebramos el sexto Concurso Internacional de Atalaje de Tradici\u00f3n (CIAT) Ciudad de C\u00f3rdoba.","robots":{"index":"index","follow":"follow","max-snippet":"max-snippet:-1","max-image-preview":"max-image-preview:large","max-video-preview":"max-video-preview:-1"},"canonical":"https:\/\/fundacioncajaruraldelsur.com\/pt\/evento\/iv-concurso-internacional-de-atalaje-ciudad-de-cordoba\/","og_locale":"pt_PT","og_type":"article","og_title":"IV Concurso Internacional de Atalaje Ciudad de C\u00f3rdoba - Fundaci\u00f3n Caja Rural del Sur","og_description":"El\u00a0pr\u00f3ximo s\u00e1bado celebramos el sexto Concurso Internacional de Atalaje de Tradici\u00f3n (CIAT) Ciudad de C\u00f3rdoba.","og_url":"https:\/\/fundacioncajaruraldelsur.com\/pt\/evento\/iv-concurso-internacional-de-atalaje-ciudad-de-cordoba\/","og_site_name":"Fundaci\u00f3n Caja Rural del Sur","article_modified_time":"2021-09-16T10:39:25+00:00","og_image":[{"width":1920,"height":500,"url":"https:\/\/fundacioncajaruraldelsur.com\/wp-content\/uploads\/2019\/05\/Carruajes.jpg","type":"image\/jpeg"}],"twitter_card":"summary_large_image","twitter_misc":{"Est. reading time":"1 minute"},"schema":{"@context":"https:\/\/schema.org","@graph":[{"@type":"WebPage","@id":"https:\/\/fundacioncajaruraldelsur.com\/evento\/iv-concurso-internacional-de-atalaje-ciudad-de-cordoba\/","url":"https:\/\/fundacioncajaruraldelsur.com\/evento\/iv-concurso-internacional-de-atalaje-ciudad-de-cordoba\/","name":"IV Concurso Internacional de Atalaje Ciudad de C\u00f3rdoba - Fundaci\u00f3n Caja Rural del Sur","isPartOf":{"@id":"https:\/\/fundacioncajaruraldelsur.com\/#website"},"primaryImageOfPage":{"@id":"https:\/\/fundacioncajaruraldelsur.com\/evento\/iv-concurso-internacional-de-atalaje-ciudad-de-cordoba\/#primaryimage"},"image":{"@id":"https:\/\/fundacioncajaruraldelsur.com\/evento\/iv-concurso-internacional-de-atalaje-ciudad-de-cordoba\/#primaryimage"},"thumbnailUrl":"https:\/\/fundacioncajaruraldelsur.com\/wp-content\/uploads\/2019\/05\/Carruajes.jpg","datePublished":"2021-09-16T10:03:18+00:00","dateModified":"2021-09-16T10:39:25+00:00","description":"El\u00a0pr\u00f3ximo s\u00e1bado celebramos el sexto Concurso Internacional de Atalaje de Tradici\u00f3n (CIAT) Ciudad de C\u00f3rdoba.","breadcrumb":{"@id":"https:\/\/fundacioncajaruraldelsur.com\/evento\/iv-concurso-internacional-de-atalaje-ciudad-de-cordoba\/#breadcrumb"},"inLanguage":"pt-PT","potentialAction":[{"@type":"ReadAction","target":["https:\/\/fundacioncajaruraldelsur.com\/evento\/iv-concurso-internacional-de-atalaje-ciudad-de-cordoba\/"]}]},{"@type":"ImageObject","inLanguage":"pt-PT","@id":"https:\/\/fundacioncajaruraldelsur.com\/evento\/iv-concurso-internacional-de-atalaje-ciudad-de-cordoba\/#primaryimage","url":"https:\/\/fundacioncajaruraldelsur.com\/wp-content\/uploads\/2019\/05\/Carruajes.jpg","contentUrl":"https:\/\/fundacioncajaruraldelsur.com\/wp-content\/uploads\/2019\/05\/Carruajes.jpg","width":1920,"height":500},{"@type":"BreadcrumbList","@id":"https:\/\/fundacioncajaruraldelsur.com\/evento\/iv-concurso-internacional-de-atalaje-ciudad-de-cordoba\/#breadcrumb","itemListElement":[{"@type":"ListItem","position":1,"name":"Portada","item":"https:\/\/fundacioncajaruraldelsur.com\/"},{"@type":"ListItem","position":2,"name":"Eventos","item":"https:\/\/fundacioncajaruraldelsur.com\/eventos\/"},{"@type":"ListItem","position":3,"name":"IV Concurso Internacional de Atalaje Ciudad de C\u00f3rdoba"}]},{"@type":"WebSite","@id":"https:\/\/fundacioncajaruraldelsur.com\/#website","url":"https:\/\/fundacioncajaruraldelsur.com\/","name":"Funda\u00e7\u00e3o Caja Rural del Sur","description":"","potentialAction":[{"@type":"SearchAction","target":{"@type":"EntryPoint","urlTemplate":"https:\/\/fundacioncajaruraldelsur.com\/?s={search_term_string}"},"query-input":{"@type":"PropertyValueSpecification","valueRequired":true,"valueName":"search_term_string"}}],"inLanguage":"pt-PT"}]}},"_links":{"self":[{"href":"https:\/\/fundacioncajaruraldelsur.com\/pt\/wp-json\/wp\/v2\/tribe_events\/6638","targetHints":{"allow":["GET"]}}],"collection":[{"href":"https:\/\/fundacioncajaruraldelsur.com\/pt\/wp-json\/wp\/v2\/tribe_events"}],"about":[{"href":"https:\/\/fundacioncajaruraldelsur.com\/pt\/wp-json\/wp\/v2\/types\/tribe_events"}],"author":[{"embeddable":true,"href":"https:\/\/fundacioncajaruraldelsur.com\/pt\/wp-json\/wp\/v2\/users\/8"}],"version-history":[{"count":4,"href":"https:\/\/fundacioncajaruraldelsur.com\/pt\/wp-json\/wp\/v2\/tribe_events\/6638\/revisions"}],"predecessor-version":[{"id":6644,"href":"https:\/\/fundacioncajaruraldelsur.com\/pt\/wp-json\/wp\/v2\/tribe_events\/6638\/revisions\/6644"}],"wp:featuredmedia":[{"embeddable":true,"href":"https:\/\/fundacioncajaruraldelsur.com\/pt\/wp-json\/wp\/v2\/media\/4787"}],"wp:attachment":[{"href":"https:\/\/fundacioncajaruraldelsur.com\/pt\/wp-json\/wp\/v2\/media?parent=6638"}],"wp:term":[{"taxonomy":"post_tag","embeddable":true,"href":"https:\/\/fundacioncajaruraldelsur.com\/pt\/wp-json\/wp\/v2\/tags?post=6638"},{"taxonomy":"tribe_events_cat","embeddable":true,"href":"https:\/\/fundacioncajaruraldelsur.com\/pt\/wp-json\/wp\/v2\/tribe_events_cat?post=6638"}],"curies":[{"name":"wp","href":"https:\/\/api.w.org\/{rel}","templated":true}]}}