{"id":6580,"date":"2021-07-29T00:33:23","date_gmt":"2021-07-28T22:33:23","guid":{"rendered":"\/?post_type=tribe_events&#038;p=6580"},"modified":"2021-07-29T00:35:32","modified_gmt":"2021-07-28T22:35:32","slug":"91-concurso-internacional-de-alfareria-y-ceramica-de-la-rambla","status":"publish","type":"tribe_events","link":"https:\/\/fundacioncajaruraldelsur.com\/pt\/evento\/91-concurso-internacional-de-alfareria-y-ceramica-de-la-rambla\/","title":{"rendered":"91 Concurso Internacional de Alfarer\u00eda y Cer\u00e1mica de La Rambla"},"content":{"rendered":"<p>La Comisi\u00f3n de selecci\u00f3n del <em><strong>91 Concurso Internacional de Alfarer\u00eda y Cer\u00e1mica de La Rambla<\/strong><\/em> ha elegido las obras finalistas del concurso, y ahora se dispone a culminar el concurso con una exposici\u00f3n de las obras.<\/p>\n<p>Las obras que han sido seleccionadas pasar\u00e1n a formar parte del cat\u00e1logo que se editar\u00e1 para su distribuci\u00f3n por todos los medios nacionales e internacionales. Donde se podr\u00e1 encontrar a cada uno de los participantes, as\u00ed como los premiados.<\/p>\n<p>Los ganadores de cada modalidad ceden sus obras a <strong>ENBARRO<\/strong> para formar parte de los fondos museogr\u00e1ficos de la localidad.<\/p>\n<p>El concurso culminar\u00e1 del <strong>6 al 15 de agosto en el Museo de Cer\u00e1mica de La Rambla<\/strong> con su exposici\u00f3n tradicional de todas las obras, siendo el <strong>6 de agosto la entrega oficial de premios<\/strong>.<\/p>\n<p><strong>&#8211; Talleres &#8211; Exhibiciones &#8211; Venta de cer\u00e1mica &#8211; Showcooking &#8211; Gastronom\u00eda &#8211; Actuaciones musicales &#8211; Charlas\/Conferencias &#8211; Actividades infantiles &#8211; Rutas tur\u00edsticas &#8211; Concursos &#8211; Artista Invitado<\/strong><\/p>\n<div class=\"kvgmc6g5 cxmmr5t8 oygrvhab hcukyx3x c1et5uql ii04i59q\">\n<h3 dir=\"auto\">PREMIADOS CONCURSO<\/h3>\n<\/div>\n<div class=\"o9v6fnle cxmmr5t8 oygrvhab hcukyx3x c1et5uql ii04i59q\">\n<h4 dir=\"auto\">CATEGOR\u00cdA DE ALFARER\u00cdA TRADICIONAL EN BIZCOCHO<\/h4>\n<div dir=\"auto\">\u2022 Primer premio: \u201cBotijo Art\u00edstico y Jarr\u00f3n de Asas\u201d de \u00c1lvaro Monta\u00f1o Doblas<\/div>\n<div dir=\"auto\">\u2022 Acc\u00e9sit: \u201cBotijos\u201d de Lucas Urbano Peinado.<\/div>\n<div dir=\"auto\">\u2022 Premio Especial Local: \u201c20 a\u00f1os\u201d de Crist\u00f3bal G\u00e1lvez P\u00e1ez<\/div>\n<\/div>\n<div class=\"o9v6fnle cxmmr5t8 oygrvhab hcukyx3x c1et5uql ii04i59q\">\n<h4 dir=\"auto\">CATEGOR\u00cdA DE CER\u00c1MICA TRADICIONAL<\/h4>\n<div dir=\"auto\">\u2022 Primer premio: \u201cVaso de Eufronio\u201d de Juan Manuel Romero Medina<\/div>\n<div dir=\"auto\">\u2022 Acc\u00e9sit: \u201cLas Torres de Sult\u00e1n\u201d de Emilio Alaminos Hidalgo<\/div>\n<div dir=\"auto\">\u2022 Premio Especial Local: \u201cPer\u00fa\u201d de Mar\u00eda Jos\u00e9 Navarrete Alcaide<\/div>\n<\/div>\n<div class=\"o9v6fnle cxmmr5t8 oygrvhab hcukyx3x c1et5uql ii04i59q\">\n<h4 dir=\"auto\">CATEGOR\u00cdA DE DISE\u00d1O Y NUEVAS FORMAS EN CER\u00c1MICA<\/h4>\n<div dir=\"auto\">\u2022 Primer premio: \u201cNebulosa\u201d de Jos\u00e9 Mar\u00eda Mariscal Paneque<\/div>\n<div dir=\"auto\">\u2022 Acc\u00e9sit: \u201cEspacio Incontenido\u201d de Rafael Galindo Renau<\/div>\n<div dir=\"auto\">\u2022 Premio Especial Local: \u201cLa Vor\u00e1gine\u201d de Rafaela Castro G\u00f3mez<\/div>\n<div dir=\"auto\"><\/div>\n<\/div>\n<div class=\"o9v6fnle cxmmr5t8 oygrvhab hcukyx3x c1et5uql ii04i59q\">\n<div dir=\"auto\">Consulta m\u00e1s informaci\u00f3n en <a class=\"oajrlxb2 g5ia77u1 qu0x051f esr5mh6w e9989ue4 r7d6kgcz rq0escxv nhd2j8a9 nc684nl6 p7hjln8o kvgmc6g5 cxmmr5t8 oygrvhab hcukyx3x jb3vyjys rz4wbd8a qt6c0cv9 a8nywdso i1ao9s8h esuyzwwr f1sip0of lzcic4wl py34i1dx gpro0wi8\" tabindex=\"0\" role=\"link\" href=\"http:\/\/www.enbarro.es\/?fbclid=IwAR0arTOl722dEu9JlOccdhvX8OW1N8im4JnXLcWrkk1uVnrdZzk_W1_haxk\" target=\"_blank\" rel=\"nofollow noopener noreferrer\">www.enbarro.es<\/a><\/div>\n<\/div>\n<p>&nbsp;<\/p>","protected":false},"excerpt":{"rendered":"<p>La Comisi\u00f3n de selecci\u00f3n del 91 Concurso Internacional de Alfarer\u00eda y Cer\u00e1mica de La Rambla ha elegido las obras finalistas del concurso, y ahora se dispone a culminar el concurso [&hellip;]<\/p>\n","protected":false},"author":8,"featured_media":6581,"template":"","meta":{"_tribe_events_status":"","_tribe_events_status_reason":"","_tribe_events_is_hybrid":"","_tribe_events_is_virtual":"","_tribe_events_virtual_video_source":"","_tribe_events_virtual_embed_video":"","_tribe_events_virtual_linked_button_text":"","_tribe_events_virtual_linked_button":"","_tribe_events_virtual_show_embed_at":"","_tribe_events_virtual_show_embed_to":[],"_tribe_events_virtual_show_on_event":"","_tribe_events_virtual_show_on_views":"","_tribe_events_virtual_url":"","footnotes":""},"tags":[761,244,55,762],"tribe_events_cat":[71],"class_list":["post-6580","tribe_events","type-tribe_events","status-publish","has-post-thumbnail","hentry","tag-ceramica","tag-concurso","tag-premios","tag-rambla","tribe_events_cat-exposicion","cat_exposicion"],"yoast_head":"<!-- This site is optimized with the Yoast SEO plugin v27.3 - https:\/\/yoast.com\/product\/yoast-seo-wordpress\/ -->\n<title>91 Concurso Internacional de Alfarer\u00eda y Cer\u00e1mica de La Rambla - Fundaci\u00f3n Caja Rural del Sur<\/title>\n<meta name=\"description\" content=\"Exposici\u00f3n de las obras ganadoras del 91 Concurso Internacional de Alfarer\u00eda y Cer\u00e1mica de La Rambla en C\u00f3rdoba.\" \/>\n<meta name=\"robots\" content=\"index, follow, max-snippet:-1, max-image-preview:large, max-video-preview:-1\" \/>\n<link rel=\"canonical\" href=\"https:\/\/fundacioncajaruraldelsur.com\/pt\/evento\/91-concurso-internacional-de-alfareria-y-ceramica-de-la-rambla\/\" \/>\n<meta property=\"og:locale\" content=\"pt_PT\" \/>\n<meta property=\"og:type\" content=\"article\" \/>\n<meta property=\"og:title\" content=\"91 Concurso Internacional de Alfarer\u00eda y Cer\u00e1mica de La Rambla - Fundaci\u00f3n Caja Rural del Sur\" \/>\n<meta property=\"og:description\" content=\"Exposici\u00f3n de las obras ganadoras del 91 Concurso Internacional de Alfarer\u00eda y Cer\u00e1mica de La Rambla en C\u00f3rdoba.\" \/>\n<meta property=\"og:url\" content=\"https:\/\/fundacioncajaruraldelsur.com\/pt\/evento\/91-concurso-internacional-de-alfareria-y-ceramica-de-la-rambla\/\" \/>\n<meta property=\"og:site_name\" content=\"Fundaci\u00f3n Caja Rural del Sur\" \/>\n<meta property=\"article:modified_time\" content=\"2021-07-28T22:35:32+00:00\" \/>\n<meta property=\"og:image\" content=\"https:\/\/fundacioncajaruraldelsur.com\/wp-content\/uploads\/2021\/07\/concurso_ceramica.jpg\" \/>\n\t<meta property=\"og:image:width\" content=\"1920\" \/>\n\t<meta property=\"og:image:height\" content=\"534\" \/>\n\t<meta property=\"og:image:type\" content=\"image\/jpeg\" \/>\n<meta name=\"twitter:card\" content=\"summary_large_image\" \/>\n<meta name=\"twitter:label1\" content=\"Est. reading time\" \/>\n\t<meta name=\"twitter:data1\" content=\"1 minute\" \/>\n<script type=\"application\/ld+json\" class=\"yoast-schema-graph\">{\"@context\":\"https:\\\/\\\/schema.org\",\"@graph\":[{\"@type\":\"WebPage\",\"@id\":\"https:\\\/\\\/fundacioncajaruraldelsur.com\\\/evento\\\/91-concurso-internacional-de-alfareria-y-ceramica-de-la-rambla\\\/\",\"url\":\"https:\\\/\\\/fundacioncajaruraldelsur.com\\\/evento\\\/91-concurso-internacional-de-alfareria-y-ceramica-de-la-rambla\\\/\",\"name\":\"91 Concurso Internacional de Alfarer\u00eda y Cer\u00e1mica de La Rambla - Fundaci\u00f3n Caja Rural del Sur\",\"isPartOf\":{\"@id\":\"https:\\\/\\\/fundacioncajaruraldelsur.com\\\/#website\"},\"primaryImageOfPage\":{\"@id\":\"https:\\\/\\\/fundacioncajaruraldelsur.com\\\/evento\\\/91-concurso-internacional-de-alfareria-y-ceramica-de-la-rambla\\\/#primaryimage\"},\"image\":{\"@id\":\"https:\\\/\\\/fundacioncajaruraldelsur.com\\\/evento\\\/91-concurso-internacional-de-alfareria-y-ceramica-de-la-rambla\\\/#primaryimage\"},\"thumbnailUrl\":\"https:\\\/\\\/fundacioncajaruraldelsur.com\\\/wp-content\\\/uploads\\\/2021\\\/07\\\/concurso_ceramica.jpg\",\"datePublished\":\"2021-07-28T22:33:23+00:00\",\"dateModified\":\"2021-07-28T22:35:32+00:00\",\"description\":\"Exposici\u00f3n de las obras ganadoras del 91 Concurso Internacional de Alfarer\u00eda y Cer\u00e1mica de La Rambla en C\u00f3rdoba.\",\"breadcrumb\":{\"@id\":\"https:\\\/\\\/fundacioncajaruraldelsur.com\\\/evento\\\/91-concurso-internacional-de-alfareria-y-ceramica-de-la-rambla\\\/#breadcrumb\"},\"inLanguage\":\"pt-PT\",\"potentialAction\":[{\"@type\":\"ReadAction\",\"target\":[\"https:\\\/\\\/fundacioncajaruraldelsur.com\\\/evento\\\/91-concurso-internacional-de-alfareria-y-ceramica-de-la-rambla\\\/\"]}]},{\"@type\":\"ImageObject\",\"inLanguage\":\"pt-PT\",\"@id\":\"https:\\\/\\\/fundacioncajaruraldelsur.com\\\/evento\\\/91-concurso-internacional-de-alfareria-y-ceramica-de-la-rambla\\\/#primaryimage\",\"url\":\"https:\\\/\\\/fundacioncajaruraldelsur.com\\\/wp-content\\\/uploads\\\/2021\\\/07\\\/concurso_ceramica.jpg\",\"contentUrl\":\"https:\\\/\\\/fundacioncajaruraldelsur.com\\\/wp-content\\\/uploads\\\/2021\\\/07\\\/concurso_ceramica.jpg\",\"width\":1920,\"height\":534},{\"@type\":\"BreadcrumbList\",\"@id\":\"https:\\\/\\\/fundacioncajaruraldelsur.com\\\/evento\\\/91-concurso-internacional-de-alfareria-y-ceramica-de-la-rambla\\\/#breadcrumb\",\"itemListElement\":[{\"@type\":\"ListItem\",\"position\":1,\"name\":\"Portada\",\"item\":\"https:\\\/\\\/fundacioncajaruraldelsur.com\\\/\"},{\"@type\":\"ListItem\",\"position\":2,\"name\":\"Eventos\",\"item\":\"https:\\\/\\\/fundacioncajaruraldelsur.com\\\/eventos\\\/\"},{\"@type\":\"ListItem\",\"position\":3,\"name\":\"91 Concurso Internacional de Alfarer\u00eda y Cer\u00e1mica de La Rambla\"}]},{\"@type\":\"WebSite\",\"@id\":\"https:\\\/\\\/fundacioncajaruraldelsur.com\\\/#website\",\"url\":\"https:\\\/\\\/fundacioncajaruraldelsur.com\\\/\",\"name\":\"Fundaci\u00f3n Caja Rural del Sur\",\"description\":\"\",\"potentialAction\":[{\"@type\":\"SearchAction\",\"target\":{\"@type\":\"EntryPoint\",\"urlTemplate\":\"https:\\\/\\\/fundacioncajaruraldelsur.com\\\/?s={search_term_string}\"},\"query-input\":{\"@type\":\"PropertyValueSpecification\",\"valueRequired\":true,\"valueName\":\"search_term_string\"}}],\"inLanguage\":\"pt-PT\"}]}<\/script>\n<!-- \/ Yoast SEO plugin. -->","yoast_head_json":{"title":"91 Concurso Internacional de Alfarer\u00eda y Cer\u00e1mica de La Rambla - Fundaci\u00f3n Caja Rural del Sur","description":"Exposici\u00f3n de las obras ganadoras del 91 Concurso Internacional de Alfarer\u00eda y Cer\u00e1mica de La Rambla en C\u00f3rdoba.","robots":{"index":"index","follow":"follow","max-snippet":"max-snippet:-1","max-image-preview":"max-image-preview:large","max-video-preview":"max-video-preview:-1"},"canonical":"https:\/\/fundacioncajaruraldelsur.com\/pt\/evento\/91-concurso-internacional-de-alfareria-y-ceramica-de-la-rambla\/","og_locale":"pt_PT","og_type":"article","og_title":"91 Concurso Internacional de Alfarer\u00eda y Cer\u00e1mica de La Rambla - Fundaci\u00f3n Caja Rural del Sur","og_description":"Exposici\u00f3n de las obras ganadoras del 91 Concurso Internacional de Alfarer\u00eda y Cer\u00e1mica de La Rambla en C\u00f3rdoba.","og_url":"https:\/\/fundacioncajaruraldelsur.com\/pt\/evento\/91-concurso-internacional-de-alfareria-y-ceramica-de-la-rambla\/","og_site_name":"Fundaci\u00f3n Caja Rural del Sur","article_modified_time":"2021-07-28T22:35:32+00:00","og_image":[{"width":1920,"height":534,"url":"https:\/\/fundacioncajaruraldelsur.com\/wp-content\/uploads\/2021\/07\/concurso_ceramica.jpg","type":"image\/jpeg"}],"twitter_card":"summary_large_image","twitter_misc":{"Est. reading time":"1 minute"},"schema":{"@context":"https:\/\/schema.org","@graph":[{"@type":"WebPage","@id":"https:\/\/fundacioncajaruraldelsur.com\/evento\/91-concurso-internacional-de-alfareria-y-ceramica-de-la-rambla\/","url":"https:\/\/fundacioncajaruraldelsur.com\/evento\/91-concurso-internacional-de-alfareria-y-ceramica-de-la-rambla\/","name":"91 Concurso Internacional de Alfarer\u00eda y Cer\u00e1mica de La Rambla - Fundaci\u00f3n Caja Rural del Sur","isPartOf":{"@id":"https:\/\/fundacioncajaruraldelsur.com\/#website"},"primaryImageOfPage":{"@id":"https:\/\/fundacioncajaruraldelsur.com\/evento\/91-concurso-internacional-de-alfareria-y-ceramica-de-la-rambla\/#primaryimage"},"image":{"@id":"https:\/\/fundacioncajaruraldelsur.com\/evento\/91-concurso-internacional-de-alfareria-y-ceramica-de-la-rambla\/#primaryimage"},"thumbnailUrl":"https:\/\/fundacioncajaruraldelsur.com\/wp-content\/uploads\/2021\/07\/concurso_ceramica.jpg","datePublished":"2021-07-28T22:33:23+00:00","dateModified":"2021-07-28T22:35:32+00:00","description":"Exposici\u00f3n de las obras ganadoras del 91 Concurso Internacional de Alfarer\u00eda y Cer\u00e1mica de La Rambla en C\u00f3rdoba.","breadcrumb":{"@id":"https:\/\/fundacioncajaruraldelsur.com\/evento\/91-concurso-internacional-de-alfareria-y-ceramica-de-la-rambla\/#breadcrumb"},"inLanguage":"pt-PT","potentialAction":[{"@type":"ReadAction","target":["https:\/\/fundacioncajaruraldelsur.com\/evento\/91-concurso-internacional-de-alfareria-y-ceramica-de-la-rambla\/"]}]},{"@type":"ImageObject","inLanguage":"pt-PT","@id":"https:\/\/fundacioncajaruraldelsur.com\/evento\/91-concurso-internacional-de-alfareria-y-ceramica-de-la-rambla\/#primaryimage","url":"https:\/\/fundacioncajaruraldelsur.com\/wp-content\/uploads\/2021\/07\/concurso_ceramica.jpg","contentUrl":"https:\/\/fundacioncajaruraldelsur.com\/wp-content\/uploads\/2021\/07\/concurso_ceramica.jpg","width":1920,"height":534},{"@type":"BreadcrumbList","@id":"https:\/\/fundacioncajaruraldelsur.com\/evento\/91-concurso-internacional-de-alfareria-y-ceramica-de-la-rambla\/#breadcrumb","itemListElement":[{"@type":"ListItem","position":1,"name":"Portada","item":"https:\/\/fundacioncajaruraldelsur.com\/"},{"@type":"ListItem","position":2,"name":"Eventos","item":"https:\/\/fundacioncajaruraldelsur.com\/eventos\/"},{"@type":"ListItem","position":3,"name":"91 Concurso Internacional de Alfarer\u00eda y Cer\u00e1mica de La Rambla"}]},{"@type":"WebSite","@id":"https:\/\/fundacioncajaruraldelsur.com\/#website","url":"https:\/\/fundacioncajaruraldelsur.com\/","name":"Funda\u00e7\u00e3o Caja Rural del Sur","description":"","potentialAction":[{"@type":"SearchAction","target":{"@type":"EntryPoint","urlTemplate":"https:\/\/fundacioncajaruraldelsur.com\/?s={search_term_string}"},"query-input":{"@type":"PropertyValueSpecification","valueRequired":true,"valueName":"search_term_string"}}],"inLanguage":"pt-PT"}]}},"_links":{"self":[{"href":"https:\/\/fundacioncajaruraldelsur.com\/pt\/wp-json\/wp\/v2\/tribe_events\/6580","targetHints":{"allow":["GET"]}}],"collection":[{"href":"https:\/\/fundacioncajaruraldelsur.com\/pt\/wp-json\/wp\/v2\/tribe_events"}],"about":[{"href":"https:\/\/fundacioncajaruraldelsur.com\/pt\/wp-json\/wp\/v2\/types\/tribe_events"}],"author":[{"embeddable":true,"href":"https:\/\/fundacioncajaruraldelsur.com\/pt\/wp-json\/wp\/v2\/users\/8"}],"version-history":[{"count":3,"href":"https:\/\/fundacioncajaruraldelsur.com\/pt\/wp-json\/wp\/v2\/tribe_events\/6580\/revisions"}],"predecessor-version":[{"id":6586,"href":"https:\/\/fundacioncajaruraldelsur.com\/pt\/wp-json\/wp\/v2\/tribe_events\/6580\/revisions\/6586"}],"wp:featuredmedia":[{"embeddable":true,"href":"https:\/\/fundacioncajaruraldelsur.com\/pt\/wp-json\/wp\/v2\/media\/6581"}],"wp:attachment":[{"href":"https:\/\/fundacioncajaruraldelsur.com\/pt\/wp-json\/wp\/v2\/media?parent=6580"}],"wp:term":[{"taxonomy":"post_tag","embeddable":true,"href":"https:\/\/fundacioncajaruraldelsur.com\/pt\/wp-json\/wp\/v2\/tags?post=6580"},{"taxonomy":"tribe_events_cat","embeddable":true,"href":"https:\/\/fundacioncajaruraldelsur.com\/pt\/wp-json\/wp\/v2\/tribe_events_cat?post=6580"}],"curies":[{"name":"wp","href":"https:\/\/api.w.org\/{rel}","templated":true}]}}