{"id":6441,"date":"2021-06-04T21:13:25","date_gmt":"2021-06-04T19:13:25","guid":{"rendered":"\/?post_type=tribe_events&#038;p=6441"},"modified":"2021-06-04T21:14:38","modified_gmt":"2021-06-04T19:14:38","slug":"presentacion-del-libro-inspiracion-trabajo-y-constancia-trayectoria-personal-y-profesional-del-arquitecto-anibal-gonzalez","status":"publish","type":"tribe_events","link":"https:\/\/fundacioncajaruraldelsur.com\/pt\/evento\/presentacion-del-libro-inspiracion-trabajo-y-constancia-trayectoria-personal-y-profesional-del-arquitecto-anibal-gonzalez\/","title":{"rendered":"Presentaci\u00f3n del libro: \u00abInspiraci\u00f3n, trabajo y constancia. Trayectoria personal y profesional del arquitecto An\u00edbal Gonz\u00e1lez\u00bb"},"content":{"rendered":"<p>Este <strong>mi\u00e9rcoles 9 de junio de 2021, a las 12:30 horas, en el Sal\u00f3n de Actos de la Capitan\u00eda General de Sevilla (Plaza del Ej\u00e9rcito Espa\u00f1ol,1-Plaza de Espa\u00f1a)<\/strong>, tendr\u00e1 lugar la presentaci\u00f3n del libro \u201cInspiraci\u00f3n, Trabajo y Constancia-Trayectoria personal y profesional del arquitecto Anibal Gonz\u00e1lez \u00c1lvarez-Ossorio\u201d, cuyo autor es An\u00edbal Gonz\u00e1lez Serrano, nieto del insigne arquitecto sevillano.<\/p>\n<p>Asistir\u00e1n a la presentaci\u00f3n la Consejera de Cultura y Patrimonio Hist\u00f3rico de la Junta de Andaluc\u00eda, Patricia del Pozo, el Presidente de la Fundaci\u00f3n Caja Rural del Sur, Jos\u00e9 Luis Garc\u00eda-Palacios \u00c1lvarez, ambas entidades colaboradoras en la edici\u00f3n de la obra, adem\u00e1s de Jos\u00e9 Rodr\u00edguez Garc\u00eda, Teniente General Jefe de la Fuerza Terrestre, y Daniel Bilbao Pe\u00f1a, Decano de la Facultad de Bellas Artes de la Universidad de Sevilla.<\/p>\n<p>An\u00edbal Gonz\u00e1lez Serrano, nieto del famoso arquitecto sevillano, doctor en Medicina y Cirug\u00eda, especializado en Estomatolog\u00eda, refleja en \u201cInspiraci\u00f3n, Trabajo y Constancia\u201d mediante numerosos testimonios, fotograf\u00edas, dibujos y planos, la extensa y rica obra arquitect\u00f3nica de An\u00edbal Gonz\u00e1lez \u00c1lvarez-Ossorio (Sevilla,1876-1929), como referente de la arquitectura regionalista sevillana.<\/p>\n<p>El libro hace un amplio recorrido por la extensa trayectoria profesional del arquitecto sevillano An\u00edbal Gonz\u00e1lez a trav\u00e9s de las distintas etapas en las que se desarrollaron sus proyectos: desde el periodo Modernista (1902-06), el Regionalismo Andaluz (1910-29), especialmente sevillano, as\u00ed como por el Historicismo que lo llevar\u00eda al Eclecticismo (Regionalismo).<\/p>\n<p><a href=\"\/wp-content\/uploads\/2021\/06\/atril-70x100-cm-scaled.jpg\" rel=\"lightbox-0\"><img loading=\"lazy\" decoding=\"async\" class=\"aligncenter wp-image-6442 size-large\" src=\"\/wp-content\/uploads\/2021\/06\/atril-70x100-cm-717x1024.jpg\" alt=\"\" width=\"717\" height=\"1024\" srcset=\"https:\/\/fundacioncajaruraldelsur.com\/wp-content\/uploads\/2021\/06\/atril-70x100-cm-717x1024.jpg 717w, https:\/\/fundacioncajaruraldelsur.com\/wp-content\/uploads\/2021\/06\/atril-70x100-cm-210x300.jpg 210w, https:\/\/fundacioncajaruraldelsur.com\/wp-content\/uploads\/2021\/06\/atril-70x100-cm-768x1097.jpg 768w, https:\/\/fundacioncajaruraldelsur.com\/wp-content\/uploads\/2021\/06\/atril-70x100-cm-1075x1536.jpg 1075w, https:\/\/fundacioncajaruraldelsur.com\/wp-content\/uploads\/2021\/06\/atril-70x100-cm-1434x2048.jpg 1434w, https:\/\/fundacioncajaruraldelsur.com\/wp-content\/uploads\/2021\/06\/atril-70x100-cm-scaled.jpg 1792w\" sizes=\"auto, (max-width: 717px) 100vw, 717px\" \/><\/a><\/p>","protected":false},"excerpt":{"rendered":"<p>Este mi\u00e9rcoles 9 de junio de 2021, a las 12:30 horas, en el Sal\u00f3n de Actos de la Capitan\u00eda General de Sevilla (Plaza del Ej\u00e9rcito Espa\u00f1ol,1-Plaza de Espa\u00f1a), tendr\u00e1 lugar [&hellip;]<\/p>\n","protected":false},"author":8,"featured_media":6240,"template":"","meta":{"_tribe_events_status":"","_tribe_events_status_reason":"","_tribe_events_is_hybrid":"","_tribe_events_is_virtual":"","_tribe_events_virtual_video_source":"","_tribe_events_virtual_embed_video":"","_tribe_events_virtual_linked_button_text":"","_tribe_events_virtual_linked_button":"","_tribe_events_virtual_show_embed_at":"","_tribe_events_virtual_show_embed_to":[],"_tribe_events_virtual_show_on_event":"","_tribe_events_virtual_show_on_views":"","_tribe_events_virtual_url":"","footnotes":""},"tags":[750,751,127,161,240],"tribe_events_cat":[],"class_list":["post-6441","tribe_events","type-tribe_events","status-publish","has-post-thumbnail","hentry","tag-anibal-gonzalez","tag-arquitectura","tag-libro","tag-presentacion","tag-sevilla"],"yoast_head":"<!-- This site is optimized with the Yoast SEO plugin v27.3 - https:\/\/yoast.com\/product\/yoast-seo-wordpress\/ -->\n<title>Presentaci\u00f3n del libro: &quot;Inspiraci\u00f3n, trabajo y constancia. Trayectoria personal y profesional del arquitecto An\u00edbal Gonz\u00e1lez&quot; - Fundaci\u00f3n Caja Rural del Sur<\/title>\n<meta name=\"description\" content=\"Este mi\u00e9rcoles presentamos \u201cInspiraci\u00f3n, Trabajo y Constancia-Trayectoria personal y profesional del arquitecto Anibal Gonz\u00e1lez \u00c1lvarez-Ossorio\u201d.\" \/>\n<meta name=\"robots\" content=\"index, follow, max-snippet:-1, max-image-preview:large, max-video-preview:-1\" \/>\n<link rel=\"canonical\" href=\"https:\/\/fundacioncajaruraldelsur.com\/pt\/evento\/presentacion-del-libro-inspiracion-trabajo-y-constancia-trayectoria-personal-y-profesional-del-arquitecto-anibal-gonzalez\/\" \/>\n<meta property=\"og:locale\" content=\"pt_PT\" \/>\n<meta property=\"og:type\" content=\"article\" \/>\n<meta property=\"og:title\" content=\"Presentaci\u00f3n del libro: &quot;Inspiraci\u00f3n, trabajo y constancia. Trayectoria personal y profesional del arquitecto An\u00edbal Gonz\u00e1lez&quot; - Fundaci\u00f3n Caja Rural del Sur\" \/>\n<meta property=\"og:description\" content=\"Este mi\u00e9rcoles presentamos \u201cInspiraci\u00f3n, Trabajo y Constancia-Trayectoria personal y profesional del arquitecto Anibal Gonz\u00e1lez \u00c1lvarez-Ossorio\u201d.\" \/>\n<meta property=\"og:url\" content=\"https:\/\/fundacioncajaruraldelsur.com\/pt\/evento\/presentacion-del-libro-inspiracion-trabajo-y-constancia-trayectoria-personal-y-profesional-del-arquitecto-anibal-gonzalez\/\" \/>\n<meta property=\"og:site_name\" content=\"Fundaci\u00f3n Caja Rural del Sur\" \/>\n<meta property=\"article:modified_time\" content=\"2021-06-04T19:14:38+00:00\" \/>\n<meta property=\"og:image\" content=\"https:\/\/fundacioncajaruraldelsur.com\/wp-content\/uploads\/2021\/03\/sevilla.jpg\" \/>\n\t<meta property=\"og:image:width\" content=\"1924\" \/>\n\t<meta property=\"og:image:height\" content=\"500\" \/>\n\t<meta property=\"og:image:type\" content=\"image\/jpeg\" \/>\n<meta name=\"twitter:card\" content=\"summary_large_image\" \/>\n<meta name=\"twitter:label1\" content=\"Est. reading time\" \/>\n\t<meta name=\"twitter:data1\" content=\"1 minute\" \/>\n<script type=\"application\/ld+json\" class=\"yoast-schema-graph\">{\"@context\":\"https:\\\/\\\/schema.org\",\"@graph\":[{\"@type\":\"WebPage\",\"@id\":\"https:\\\/\\\/fundacioncajaruraldelsur.com\\\/evento\\\/presentacion-del-libro-inspiracion-trabajo-y-constancia-trayectoria-personal-y-profesional-del-arquitecto-anibal-gonzalez\\\/\",\"url\":\"https:\\\/\\\/fundacioncajaruraldelsur.com\\\/evento\\\/presentacion-del-libro-inspiracion-trabajo-y-constancia-trayectoria-personal-y-profesional-del-arquitecto-anibal-gonzalez\\\/\",\"name\":\"Presentaci\u00f3n del libro: \\\"Inspiraci\u00f3n, trabajo y constancia. Trayectoria personal y profesional del arquitecto An\u00edbal Gonz\u00e1lez\\\" - Fundaci\u00f3n Caja Rural del Sur\",\"isPartOf\":{\"@id\":\"https:\\\/\\\/fundacioncajaruraldelsur.com\\\/#website\"},\"primaryImageOfPage\":{\"@id\":\"https:\\\/\\\/fundacioncajaruraldelsur.com\\\/evento\\\/presentacion-del-libro-inspiracion-trabajo-y-constancia-trayectoria-personal-y-profesional-del-arquitecto-anibal-gonzalez\\\/#primaryimage\"},\"image\":{\"@id\":\"https:\\\/\\\/fundacioncajaruraldelsur.com\\\/evento\\\/presentacion-del-libro-inspiracion-trabajo-y-constancia-trayectoria-personal-y-profesional-del-arquitecto-anibal-gonzalez\\\/#primaryimage\"},\"thumbnailUrl\":\"https:\\\/\\\/fundacioncajaruraldelsur.com\\\/wp-content\\\/uploads\\\/2021\\\/03\\\/sevilla.jpg\",\"datePublished\":\"2021-06-04T19:13:25+00:00\",\"dateModified\":\"2021-06-04T19:14:38+00:00\",\"description\":\"Este mi\u00e9rcoles presentamos \u201cInspiraci\u00f3n, Trabajo y Constancia-Trayectoria personal y profesional del arquitecto Anibal Gonz\u00e1lez \u00c1lvarez-Ossorio\u201d.\",\"breadcrumb\":{\"@id\":\"https:\\\/\\\/fundacioncajaruraldelsur.com\\\/evento\\\/presentacion-del-libro-inspiracion-trabajo-y-constancia-trayectoria-personal-y-profesional-del-arquitecto-anibal-gonzalez\\\/#breadcrumb\"},\"inLanguage\":\"pt-PT\",\"potentialAction\":[{\"@type\":\"ReadAction\",\"target\":[\"https:\\\/\\\/fundacioncajaruraldelsur.com\\\/evento\\\/presentacion-del-libro-inspiracion-trabajo-y-constancia-trayectoria-personal-y-profesional-del-arquitecto-anibal-gonzalez\\\/\"]}]},{\"@type\":\"ImageObject\",\"inLanguage\":\"pt-PT\",\"@id\":\"https:\\\/\\\/fundacioncajaruraldelsur.com\\\/evento\\\/presentacion-del-libro-inspiracion-trabajo-y-constancia-trayectoria-personal-y-profesional-del-arquitecto-anibal-gonzalez\\\/#primaryimage\",\"url\":\"https:\\\/\\\/fundacioncajaruraldelsur.com\\\/wp-content\\\/uploads\\\/2021\\\/03\\\/sevilla.jpg\",\"contentUrl\":\"https:\\\/\\\/fundacioncajaruraldelsur.com\\\/wp-content\\\/uploads\\\/2021\\\/03\\\/sevilla.jpg\",\"width\":1924,\"height\":500},{\"@type\":\"BreadcrumbList\",\"@id\":\"https:\\\/\\\/fundacioncajaruraldelsur.com\\\/evento\\\/presentacion-del-libro-inspiracion-trabajo-y-constancia-trayectoria-personal-y-profesional-del-arquitecto-anibal-gonzalez\\\/#breadcrumb\",\"itemListElement\":[{\"@type\":\"ListItem\",\"position\":1,\"name\":\"Portada\",\"item\":\"https:\\\/\\\/fundacioncajaruraldelsur.com\\\/\"},{\"@type\":\"ListItem\",\"position\":2,\"name\":\"Eventos\",\"item\":\"https:\\\/\\\/fundacioncajaruraldelsur.com\\\/eventos\\\/\"},{\"@type\":\"ListItem\",\"position\":3,\"name\":\"Presentaci\u00f3n del libro: \u00abInspiraci\u00f3n, trabajo y constancia. Trayectoria personal y profesional del arquitecto An\u00edbal Gonz\u00e1lez\u00bb\"}]},{\"@type\":\"WebSite\",\"@id\":\"https:\\\/\\\/fundacioncajaruraldelsur.com\\\/#website\",\"url\":\"https:\\\/\\\/fundacioncajaruraldelsur.com\\\/\",\"name\":\"Fundaci\u00f3n Caja Rural del Sur\",\"description\":\"\",\"potentialAction\":[{\"@type\":\"SearchAction\",\"target\":{\"@type\":\"EntryPoint\",\"urlTemplate\":\"https:\\\/\\\/fundacioncajaruraldelsur.com\\\/?s={search_term_string}\"},\"query-input\":{\"@type\":\"PropertyValueSpecification\",\"valueRequired\":true,\"valueName\":\"search_term_string\"}}],\"inLanguage\":\"pt-PT\"}]}<\/script>\n<!-- \/ Yoast SEO plugin. -->","yoast_head_json":{"title":"Presentaci\u00f3n del libro: \"Inspiraci\u00f3n, trabajo y constancia. Trayectoria personal y profesional del arquitecto An\u00edbal Gonz\u00e1lez\" - Fundaci\u00f3n Caja Rural del Sur","description":"Este mi\u00e9rcoles presentamos \u201cInspiraci\u00f3n, Trabajo y Constancia-Trayectoria personal y profesional del arquitecto Anibal Gonz\u00e1lez \u00c1lvarez-Ossorio\u201d.","robots":{"index":"index","follow":"follow","max-snippet":"max-snippet:-1","max-image-preview":"max-image-preview:large","max-video-preview":"max-video-preview:-1"},"canonical":"https:\/\/fundacioncajaruraldelsur.com\/pt\/evento\/presentacion-del-libro-inspiracion-trabajo-y-constancia-trayectoria-personal-y-profesional-del-arquitecto-anibal-gonzalez\/","og_locale":"pt_PT","og_type":"article","og_title":"Presentaci\u00f3n del libro: \"Inspiraci\u00f3n, trabajo y constancia. Trayectoria personal y profesional del arquitecto An\u00edbal Gonz\u00e1lez\" - Fundaci\u00f3n Caja Rural del Sur","og_description":"Este mi\u00e9rcoles presentamos \u201cInspiraci\u00f3n, Trabajo y Constancia-Trayectoria personal y profesional del arquitecto Anibal Gonz\u00e1lez \u00c1lvarez-Ossorio\u201d.","og_url":"https:\/\/fundacioncajaruraldelsur.com\/pt\/evento\/presentacion-del-libro-inspiracion-trabajo-y-constancia-trayectoria-personal-y-profesional-del-arquitecto-anibal-gonzalez\/","og_site_name":"Fundaci\u00f3n Caja Rural del Sur","article_modified_time":"2021-06-04T19:14:38+00:00","og_image":[{"width":1924,"height":500,"url":"https:\/\/fundacioncajaruraldelsur.com\/wp-content\/uploads\/2021\/03\/sevilla.jpg","type":"image\/jpeg"}],"twitter_card":"summary_large_image","twitter_misc":{"Est. reading time":"1 minute"},"schema":{"@context":"https:\/\/schema.org","@graph":[{"@type":"WebPage","@id":"https:\/\/fundacioncajaruraldelsur.com\/evento\/presentacion-del-libro-inspiracion-trabajo-y-constancia-trayectoria-personal-y-profesional-del-arquitecto-anibal-gonzalez\/","url":"https:\/\/fundacioncajaruraldelsur.com\/evento\/presentacion-del-libro-inspiracion-trabajo-y-constancia-trayectoria-personal-y-profesional-del-arquitecto-anibal-gonzalez\/","name":"Presentaci\u00f3n del libro: \"Inspiraci\u00f3n, trabajo y constancia. Trayectoria personal y profesional del arquitecto An\u00edbal Gonz\u00e1lez\" - Fundaci\u00f3n Caja Rural del Sur","isPartOf":{"@id":"https:\/\/fundacioncajaruraldelsur.com\/#website"},"primaryImageOfPage":{"@id":"https:\/\/fundacioncajaruraldelsur.com\/evento\/presentacion-del-libro-inspiracion-trabajo-y-constancia-trayectoria-personal-y-profesional-del-arquitecto-anibal-gonzalez\/#primaryimage"},"image":{"@id":"https:\/\/fundacioncajaruraldelsur.com\/evento\/presentacion-del-libro-inspiracion-trabajo-y-constancia-trayectoria-personal-y-profesional-del-arquitecto-anibal-gonzalez\/#primaryimage"},"thumbnailUrl":"https:\/\/fundacioncajaruraldelsur.com\/wp-content\/uploads\/2021\/03\/sevilla.jpg","datePublished":"2021-06-04T19:13:25+00:00","dateModified":"2021-06-04T19:14:38+00:00","description":"Este mi\u00e9rcoles presentamos \u201cInspiraci\u00f3n, Trabajo y Constancia-Trayectoria personal y profesional del arquitecto Anibal Gonz\u00e1lez \u00c1lvarez-Ossorio\u201d.","breadcrumb":{"@id":"https:\/\/fundacioncajaruraldelsur.com\/evento\/presentacion-del-libro-inspiracion-trabajo-y-constancia-trayectoria-personal-y-profesional-del-arquitecto-anibal-gonzalez\/#breadcrumb"},"inLanguage":"pt-PT","potentialAction":[{"@type":"ReadAction","target":["https:\/\/fundacioncajaruraldelsur.com\/evento\/presentacion-del-libro-inspiracion-trabajo-y-constancia-trayectoria-personal-y-profesional-del-arquitecto-anibal-gonzalez\/"]}]},{"@type":"ImageObject","inLanguage":"pt-PT","@id":"https:\/\/fundacioncajaruraldelsur.com\/evento\/presentacion-del-libro-inspiracion-trabajo-y-constancia-trayectoria-personal-y-profesional-del-arquitecto-anibal-gonzalez\/#primaryimage","url":"https:\/\/fundacioncajaruraldelsur.com\/wp-content\/uploads\/2021\/03\/sevilla.jpg","contentUrl":"https:\/\/fundacioncajaruraldelsur.com\/wp-content\/uploads\/2021\/03\/sevilla.jpg","width":1924,"height":500},{"@type":"BreadcrumbList","@id":"https:\/\/fundacioncajaruraldelsur.com\/evento\/presentacion-del-libro-inspiracion-trabajo-y-constancia-trayectoria-personal-y-profesional-del-arquitecto-anibal-gonzalez\/#breadcrumb","itemListElement":[{"@type":"ListItem","position":1,"name":"Portada","item":"https:\/\/fundacioncajaruraldelsur.com\/"},{"@type":"ListItem","position":2,"name":"Eventos","item":"https:\/\/fundacioncajaruraldelsur.com\/eventos\/"},{"@type":"ListItem","position":3,"name":"Presentaci\u00f3n del libro: \u00abInspiraci\u00f3n, trabajo y constancia. Trayectoria personal y profesional del arquitecto An\u00edbal Gonz\u00e1lez\u00bb"}]},{"@type":"WebSite","@id":"https:\/\/fundacioncajaruraldelsur.com\/#website","url":"https:\/\/fundacioncajaruraldelsur.com\/","name":"Funda\u00e7\u00e3o Caja Rural del Sur","description":"","potentialAction":[{"@type":"SearchAction","target":{"@type":"EntryPoint","urlTemplate":"https:\/\/fundacioncajaruraldelsur.com\/?s={search_term_string}"},"query-input":{"@type":"PropertyValueSpecification","valueRequired":true,"valueName":"search_term_string"}}],"inLanguage":"pt-PT"}]}},"_links":{"self":[{"href":"https:\/\/fundacioncajaruraldelsur.com\/pt\/wp-json\/wp\/v2\/tribe_events\/6441","targetHints":{"allow":["GET"]}}],"collection":[{"href":"https:\/\/fundacioncajaruraldelsur.com\/pt\/wp-json\/wp\/v2\/tribe_events"}],"about":[{"href":"https:\/\/fundacioncajaruraldelsur.com\/pt\/wp-json\/wp\/v2\/types\/tribe_events"}],"author":[{"embeddable":true,"href":"https:\/\/fundacioncajaruraldelsur.com\/pt\/wp-json\/wp\/v2\/users\/8"}],"version-history":[{"count":1,"href":"https:\/\/fundacioncajaruraldelsur.com\/pt\/wp-json\/wp\/v2\/tribe_events\/6441\/revisions"}],"predecessor-version":[{"id":6444,"href":"https:\/\/fundacioncajaruraldelsur.com\/pt\/wp-json\/wp\/v2\/tribe_events\/6441\/revisions\/6444"}],"wp:featuredmedia":[{"embeddable":true,"href":"https:\/\/fundacioncajaruraldelsur.com\/pt\/wp-json\/wp\/v2\/media\/6240"}],"wp:attachment":[{"href":"https:\/\/fundacioncajaruraldelsur.com\/pt\/wp-json\/wp\/v2\/media?parent=6441"}],"wp:term":[{"taxonomy":"post_tag","embeddable":true,"href":"https:\/\/fundacioncajaruraldelsur.com\/pt\/wp-json\/wp\/v2\/tags?post=6441"},{"taxonomy":"tribe_events_cat","embeddable":true,"href":"https:\/\/fundacioncajaruraldelsur.com\/pt\/wp-json\/wp\/v2\/tribe_events_cat?post=6441"}],"curies":[{"name":"wp","href":"https:\/\/api.w.org\/{rel}","templated":true}]}}