{"id":6244,"date":"2021-03-16T16:03:55","date_gmt":"2021-03-16T14:03:55","guid":{"rendered":"\/?post_type=tribe_events&#038;p=6244"},"modified":"2021-06-01T13:16:09","modified_gmt":"2021-06-01T11:16:09","slug":"exposicion-donde-hay-arte-hay-corazon-de-victor-pulido","status":"publish","type":"tribe_events","link":"https:\/\/fundacioncajaruraldelsur.com\/pt\/evento\/exposicion-donde-hay-arte-hay-corazon-de-victor-pulido\/","title":{"rendered":"Exposici\u00f3n &#8216;Donde hay arte, hay coraz\u00f3n&#8217;, de V\u00edctor Pulido"},"content":{"rendered":"<p>El pr\u00f3ximo 5 de mayo y hasta el 28 inauguramos la exposici\u00f3n <em><strong>&#8216;Donde hay arte, hay coraz\u00f3n&#8217;<\/strong><\/em>, del artista<strong> V\u00edctor Pulido<\/strong>, en el <strong>Centro Cultural Jos\u00e9 Luis Garc\u00eda Palacios de Huelva.<\/strong><\/p>\n<h3>EL ARTISTA<\/h3>\n<p><strong>V\u00edctor Pulido<\/strong> nace en Huelva el 16 de Mayo de 1968, cursa estudios de Bellas Artes en la Facultad Santa Isabel de Hungr\u00eda de Sevilla, licenci\u00e1ndose en Pintura y Escultura.\u00a0Su labor se centra en estas dos \u00faltimas tendencias, trabajando igualmente el grabado y el dise\u00f1o gr\u00e1fico; forma parte del Departamento de Dise\u00f1o de la Diputaci\u00f3n de Huelva desde 1997.<\/p>\n<p>El dibujo es su gran pasi\u00f3n e hilo conductor de su trabajo.\u00a0Parte de su obra versa sobre la naturaleza, destacando series dedicadas al estudio del agua y al mundo de los insectos. Actualmente trabaja sobre el Hombre y la realidad social.<\/p>\n<p>Ha realizado exposiciones individuales en Huelva, Sevilla, C\u00e1diz, Almer\u00eda, Cuenca, Cambados, Madrid, Lisboa, Paris, Bruselas, Estrasburgo, Chicago\u2026 y ha obtenido premios como el Penagos de Dibujo y otros muchos provinciales y nacionales de carteles, dibujo, pintura y escultura.<\/p>\n<p>&nbsp;<\/p>\n<p><a href=\"\/wp-content\/uploads\/2021\/03\/diiptico-caja-rural_Pagina_1.jpg\" rel=\"lightbox-0\"><img loading=\"lazy\" decoding=\"async\" class=\"aligncenter wp-image-6245 size-large\" src=\"\/wp-content\/uploads\/2021\/03\/diiptico-caja-rural_Pagina_1-1024x512.jpg\" alt=\"\" width=\"960\" height=\"480\" srcset=\"https:\/\/fundacioncajaruraldelsur.com\/wp-content\/uploads\/2021\/03\/diiptico-caja-rural_Pagina_1-1024x512.jpg 1024w, https:\/\/fundacioncajaruraldelsur.com\/wp-content\/uploads\/2021\/03\/diiptico-caja-rural_Pagina_1-300x150.jpg 300w, https:\/\/fundacioncajaruraldelsur.com\/wp-content\/uploads\/2021\/03\/diiptico-caja-rural_Pagina_1-768x384.jpg 768w, https:\/\/fundacioncajaruraldelsur.com\/wp-content\/uploads\/2021\/03\/diiptico-caja-rural_Pagina_1-1536x768.jpg 1536w, https:\/\/fundacioncajaruraldelsur.com\/wp-content\/uploads\/2021\/03\/diiptico-caja-rural_Pagina_1-2048x1024.jpg 2048w, https:\/\/fundacioncajaruraldelsur.com\/wp-content\/uploads\/2021\/03\/diiptico-caja-rural_Pagina_1-400x200.jpg 400w\" sizes=\"auto, (max-width: 960px) 100vw, 960px\" \/><\/a> <a href=\"\/wp-content\/uploads\/2021\/03\/diiptico-caja-rural_Pagina_2-scaled.jpg\" rel=\"lightbox-1\"><img loading=\"lazy\" decoding=\"async\" class=\"aligncenter wp-image-6246 size-large\" src=\"\/wp-content\/uploads\/2021\/03\/diiptico-caja-rural_Pagina_2-1024x512.jpg\" alt=\"\" width=\"960\" height=\"480\" srcset=\"https:\/\/fundacioncajaruraldelsur.com\/wp-content\/uploads\/2021\/03\/diiptico-caja-rural_Pagina_2-1024x512.jpg 1024w, https:\/\/fundacioncajaruraldelsur.com\/wp-content\/uploads\/2021\/03\/diiptico-caja-rural_Pagina_2-300x150.jpg 300w, https:\/\/fundacioncajaruraldelsur.com\/wp-content\/uploads\/2021\/03\/diiptico-caja-rural_Pagina_2-768x384.jpg 768w, https:\/\/fundacioncajaruraldelsur.com\/wp-content\/uploads\/2021\/03\/diiptico-caja-rural_Pagina_2-1536x768.jpg 1536w, https:\/\/fundacioncajaruraldelsur.com\/wp-content\/uploads\/2021\/03\/diiptico-caja-rural_Pagina_2-2048x1024.jpg 2048w, https:\/\/fundacioncajaruraldelsur.com\/wp-content\/uploads\/2021\/03\/diiptico-caja-rural_Pagina_2-400x200.jpg 400w\" sizes=\"auto, (max-width: 960px) 100vw, 960px\" \/><\/a><\/p>\n<p>&nbsp;<\/p>\n<p><iframe loading=\"lazy\" style=\"border: 1px solid black;\" src=\"https:\/\/my.matterport.com\/show\/?m=1KDz5KbR5Ta\" width=\"640\" height=\"480\" allowfullscreen=\"allowfullscreen\"><span style=\"display: inline-block; width: 0px; overflow: hidden; line-height: 0;\" data-mce-type=\"bookmark\" class=\"mce_SELRES_start\"><\/span><span style=\"display: inline-block; width: 0px; overflow: hidden; line-height: 0;\" data-mce-type=\"bookmark\" class=\"mce_SELRES_start\"><\/span><span style=\"display: inline-block; width: 0px; overflow: hidden; line-height: 0;\" data-mce-type=\"bookmark\" class=\"mce_SELRES_start\"><\/span><br \/>\n<\/iframe><\/p>","protected":false},"excerpt":{"rendered":"<p>El pr\u00f3ximo 5 de mayo y hasta el 28 inauguramos la exposici\u00f3n &#8216;Donde hay arte, hay coraz\u00f3n&#8217;, del artista V\u00edctor Pulido, en el Centro Cultural Jos\u00e9 Luis Garc\u00eda Palacios de [&hellip;]<\/p>\n","protected":false},"author":8,"featured_media":5893,"template":"","meta":{"_tribe_events_status":"","_tribe_events_status_reason":"","_tribe_events_is_hybrid":"","_tribe_events_is_virtual":"","_tribe_events_virtual_video_source":"","_tribe_events_virtual_embed_video":"","_tribe_events_virtual_linked_button_text":"","_tribe_events_virtual_linked_button":"","_tribe_events_virtual_show_embed_at":"","_tribe_events_virtual_show_embed_to":[],"_tribe_events_virtual_show_on_event":"","_tribe_events_virtual_show_on_views":"","_tribe_events_virtual_url":"","footnotes":""},"tags":[119,168,744],"tribe_events_cat":[62],"class_list":["post-6244","tribe_events","type-tribe_events","status-publish","has-post-thumbnail","hentry","tag-exposicion","tag-huelva","tag-victor-pulido","tribe_events_cat-exposiciones","cat_exposiciones"],"yoast_head":"<!-- This site is optimized with the Yoast SEO plugin v27.3 - https:\/\/yoast.com\/product\/yoast-seo-wordpress\/ -->\n<title>Exposici\u00f3n &#039;Donde hay arte, hay coraz\u00f3n&#039;, de V\u00edctor Pulido - Fundaci\u00f3n Caja Rural del Sur<\/title>\n<meta name=\"description\" content=\"El pr\u00f3ximo 5 de mayo y hasta el 28 inauguramos la exposici\u00f3n &#039;Donde hay arte, hay coraz\u00f3n&#039;, del artista V\u00edctor Pulido, en el Centro Cultural Jos\u00e9 Luis Garc\u00eda Palacios de Huelva.\" \/>\n<meta name=\"robots\" content=\"index, follow, max-snippet:-1, max-image-preview:large, max-video-preview:-1\" \/>\n<link rel=\"canonical\" href=\"https:\/\/fundacioncajaruraldelsur.com\/pt\/evento\/exposicion-donde-hay-arte-hay-corazon-de-victor-pulido\/\" \/>\n<meta property=\"og:locale\" content=\"pt_PT\" \/>\n<meta property=\"og:type\" content=\"article\" \/>\n<meta property=\"og:title\" content=\"Exposici\u00f3n &#039;Donde hay arte, hay coraz\u00f3n&#039;, de V\u00edctor Pulido - Fundaci\u00f3n Caja Rural del Sur\" \/>\n<meta property=\"og:description\" content=\"El pr\u00f3ximo 5 de mayo y hasta el 28 inauguramos la exposici\u00f3n &#039;Donde hay arte, hay coraz\u00f3n&#039;, del artista V\u00edctor Pulido, en el Centro Cultural Jos\u00e9 Luis Garc\u00eda Palacios de Huelva.\" \/>\n<meta property=\"og:url\" content=\"https:\/\/fundacioncajaruraldelsur.com\/pt\/evento\/exposicion-donde-hay-arte-hay-corazon-de-victor-pulido\/\" \/>\n<meta property=\"og:site_name\" content=\"Fundaci\u00f3n Caja Rural del Sur\" \/>\n<meta property=\"article:modified_time\" content=\"2021-06-01T11:16:09+00:00\" \/>\n<meta property=\"og:image\" content=\"https:\/\/fundacioncajaruraldelsur.com\/wp-content\/uploads\/2020\/09\/Pintura_pinceles.jpg\" \/>\n\t<meta property=\"og:image:width\" content=\"1926\" \/>\n\t<meta property=\"og:image:height\" content=\"500\" \/>\n\t<meta property=\"og:image:type\" content=\"image\/jpeg\" \/>\n<meta name=\"twitter:card\" content=\"summary_large_image\" \/>\n<meta name=\"twitter:label1\" content=\"Est. reading time\" \/>\n\t<meta name=\"twitter:data1\" content=\"1 minute\" \/>\n<script type=\"application\/ld+json\" class=\"yoast-schema-graph\">{\"@context\":\"https:\\\/\\\/schema.org\",\"@graph\":[{\"@type\":\"WebPage\",\"@id\":\"https:\\\/\\\/fundacioncajaruraldelsur.com\\\/evento\\\/exposicion-donde-hay-arte-hay-corazon-de-victor-pulido\\\/\",\"url\":\"https:\\\/\\\/fundacioncajaruraldelsur.com\\\/evento\\\/exposicion-donde-hay-arte-hay-corazon-de-victor-pulido\\\/\",\"name\":\"Exposici\u00f3n 'Donde hay arte, hay coraz\u00f3n', de V\u00edctor Pulido - Fundaci\u00f3n Caja Rural del Sur\",\"isPartOf\":{\"@id\":\"https:\\\/\\\/fundacioncajaruraldelsur.com\\\/#website\"},\"primaryImageOfPage\":{\"@id\":\"https:\\\/\\\/fundacioncajaruraldelsur.com\\\/evento\\\/exposicion-donde-hay-arte-hay-corazon-de-victor-pulido\\\/#primaryimage\"},\"image\":{\"@id\":\"https:\\\/\\\/fundacioncajaruraldelsur.com\\\/evento\\\/exposicion-donde-hay-arte-hay-corazon-de-victor-pulido\\\/#primaryimage\"},\"thumbnailUrl\":\"https:\\\/\\\/fundacioncajaruraldelsur.com\\\/wp-content\\\/uploads\\\/2020\\\/09\\\/Pintura_pinceles.jpg\",\"datePublished\":\"2021-03-16T14:03:55+00:00\",\"dateModified\":\"2021-06-01T11:16:09+00:00\",\"description\":\"El pr\u00f3ximo 5 de mayo y hasta el 28 inauguramos la exposici\u00f3n 'Donde hay arte, hay coraz\u00f3n', del artista V\u00edctor Pulido, en el Centro Cultural Jos\u00e9 Luis Garc\u00eda Palacios de Huelva.\",\"breadcrumb\":{\"@id\":\"https:\\\/\\\/fundacioncajaruraldelsur.com\\\/evento\\\/exposicion-donde-hay-arte-hay-corazon-de-victor-pulido\\\/#breadcrumb\"},\"inLanguage\":\"pt-PT\",\"potentialAction\":[{\"@type\":\"ReadAction\",\"target\":[\"https:\\\/\\\/fundacioncajaruraldelsur.com\\\/evento\\\/exposicion-donde-hay-arte-hay-corazon-de-victor-pulido\\\/\"]}]},{\"@type\":\"ImageObject\",\"inLanguage\":\"pt-PT\",\"@id\":\"https:\\\/\\\/fundacioncajaruraldelsur.com\\\/evento\\\/exposicion-donde-hay-arte-hay-corazon-de-victor-pulido\\\/#primaryimage\",\"url\":\"https:\\\/\\\/fundacioncajaruraldelsur.com\\\/wp-content\\\/uploads\\\/2020\\\/09\\\/Pintura_pinceles.jpg\",\"contentUrl\":\"https:\\\/\\\/fundacioncajaruraldelsur.com\\\/wp-content\\\/uploads\\\/2020\\\/09\\\/Pintura_pinceles.jpg\",\"width\":1926,\"height\":500},{\"@type\":\"BreadcrumbList\",\"@id\":\"https:\\\/\\\/fundacioncajaruraldelsur.com\\\/evento\\\/exposicion-donde-hay-arte-hay-corazon-de-victor-pulido\\\/#breadcrumb\",\"itemListElement\":[{\"@type\":\"ListItem\",\"position\":1,\"name\":\"Portada\",\"item\":\"https:\\\/\\\/fundacioncajaruraldelsur.com\\\/\"},{\"@type\":\"ListItem\",\"position\":2,\"name\":\"Eventos\",\"item\":\"https:\\\/\\\/fundacioncajaruraldelsur.com\\\/eventos\\\/\"},{\"@type\":\"ListItem\",\"position\":3,\"name\":\"Exposici\u00f3n &#8216;Donde hay arte, hay coraz\u00f3n&#8217;, de V\u00edctor Pulido\"}]},{\"@type\":\"WebSite\",\"@id\":\"https:\\\/\\\/fundacioncajaruraldelsur.com\\\/#website\",\"url\":\"https:\\\/\\\/fundacioncajaruraldelsur.com\\\/\",\"name\":\"Fundaci\u00f3n Caja Rural del Sur\",\"description\":\"\",\"potentialAction\":[{\"@type\":\"SearchAction\",\"target\":{\"@type\":\"EntryPoint\",\"urlTemplate\":\"https:\\\/\\\/fundacioncajaruraldelsur.com\\\/?s={search_term_string}\"},\"query-input\":{\"@type\":\"PropertyValueSpecification\",\"valueRequired\":true,\"valueName\":\"search_term_string\"}}],\"inLanguage\":\"pt-PT\"}]}<\/script>\n<!-- \/ Yoast SEO plugin. -->","yoast_head_json":{"title":"Exposici\u00f3n 'Donde hay arte, hay coraz\u00f3n', de V\u00edctor Pulido - Fundaci\u00f3n Caja Rural del Sur","description":"El pr\u00f3ximo 5 de mayo y hasta el 28 inauguramos la exposici\u00f3n 'Donde hay arte, hay coraz\u00f3n', del artista V\u00edctor Pulido, en el Centro Cultural Jos\u00e9 Luis Garc\u00eda Palacios de Huelva.","robots":{"index":"index","follow":"follow","max-snippet":"max-snippet:-1","max-image-preview":"max-image-preview:large","max-video-preview":"max-video-preview:-1"},"canonical":"https:\/\/fundacioncajaruraldelsur.com\/pt\/evento\/exposicion-donde-hay-arte-hay-corazon-de-victor-pulido\/","og_locale":"pt_PT","og_type":"article","og_title":"Exposici\u00f3n 'Donde hay arte, hay coraz\u00f3n', de V\u00edctor Pulido - Fundaci\u00f3n Caja Rural del Sur","og_description":"El pr\u00f3ximo 5 de mayo y hasta el 28 inauguramos la exposici\u00f3n 'Donde hay arte, hay coraz\u00f3n', del artista V\u00edctor Pulido, en el Centro Cultural Jos\u00e9 Luis Garc\u00eda Palacios de Huelva.","og_url":"https:\/\/fundacioncajaruraldelsur.com\/pt\/evento\/exposicion-donde-hay-arte-hay-corazon-de-victor-pulido\/","og_site_name":"Fundaci\u00f3n Caja Rural del Sur","article_modified_time":"2021-06-01T11:16:09+00:00","og_image":[{"width":1926,"height":500,"url":"https:\/\/fundacioncajaruraldelsur.com\/wp-content\/uploads\/2020\/09\/Pintura_pinceles.jpg","type":"image\/jpeg"}],"twitter_card":"summary_large_image","twitter_misc":{"Est. reading time":"1 minute"},"schema":{"@context":"https:\/\/schema.org","@graph":[{"@type":"WebPage","@id":"https:\/\/fundacioncajaruraldelsur.com\/evento\/exposicion-donde-hay-arte-hay-corazon-de-victor-pulido\/","url":"https:\/\/fundacioncajaruraldelsur.com\/evento\/exposicion-donde-hay-arte-hay-corazon-de-victor-pulido\/","name":"Exposici\u00f3n 'Donde hay arte, hay coraz\u00f3n', de V\u00edctor Pulido - Fundaci\u00f3n Caja Rural del Sur","isPartOf":{"@id":"https:\/\/fundacioncajaruraldelsur.com\/#website"},"primaryImageOfPage":{"@id":"https:\/\/fundacioncajaruraldelsur.com\/evento\/exposicion-donde-hay-arte-hay-corazon-de-victor-pulido\/#primaryimage"},"image":{"@id":"https:\/\/fundacioncajaruraldelsur.com\/evento\/exposicion-donde-hay-arte-hay-corazon-de-victor-pulido\/#primaryimage"},"thumbnailUrl":"https:\/\/fundacioncajaruraldelsur.com\/wp-content\/uploads\/2020\/09\/Pintura_pinceles.jpg","datePublished":"2021-03-16T14:03:55+00:00","dateModified":"2021-06-01T11:16:09+00:00","description":"El pr\u00f3ximo 5 de mayo y hasta el 28 inauguramos la exposici\u00f3n 'Donde hay arte, hay coraz\u00f3n', del artista V\u00edctor Pulido, en el Centro Cultural Jos\u00e9 Luis Garc\u00eda Palacios de Huelva.","breadcrumb":{"@id":"https:\/\/fundacioncajaruraldelsur.com\/evento\/exposicion-donde-hay-arte-hay-corazon-de-victor-pulido\/#breadcrumb"},"inLanguage":"pt-PT","potentialAction":[{"@type":"ReadAction","target":["https:\/\/fundacioncajaruraldelsur.com\/evento\/exposicion-donde-hay-arte-hay-corazon-de-victor-pulido\/"]}]},{"@type":"ImageObject","inLanguage":"pt-PT","@id":"https:\/\/fundacioncajaruraldelsur.com\/evento\/exposicion-donde-hay-arte-hay-corazon-de-victor-pulido\/#primaryimage","url":"https:\/\/fundacioncajaruraldelsur.com\/wp-content\/uploads\/2020\/09\/Pintura_pinceles.jpg","contentUrl":"https:\/\/fundacioncajaruraldelsur.com\/wp-content\/uploads\/2020\/09\/Pintura_pinceles.jpg","width":1926,"height":500},{"@type":"BreadcrumbList","@id":"https:\/\/fundacioncajaruraldelsur.com\/evento\/exposicion-donde-hay-arte-hay-corazon-de-victor-pulido\/#breadcrumb","itemListElement":[{"@type":"ListItem","position":1,"name":"Portada","item":"https:\/\/fundacioncajaruraldelsur.com\/"},{"@type":"ListItem","position":2,"name":"Eventos","item":"https:\/\/fundacioncajaruraldelsur.com\/eventos\/"},{"@type":"ListItem","position":3,"name":"Exposici\u00f3n &#8216;Donde hay arte, hay coraz\u00f3n&#8217;, de V\u00edctor Pulido"}]},{"@type":"WebSite","@id":"https:\/\/fundacioncajaruraldelsur.com\/#website","url":"https:\/\/fundacioncajaruraldelsur.com\/","name":"Funda\u00e7\u00e3o Caja Rural del Sur","description":"","potentialAction":[{"@type":"SearchAction","target":{"@type":"EntryPoint","urlTemplate":"https:\/\/fundacioncajaruraldelsur.com\/?s={search_term_string}"},"query-input":{"@type":"PropertyValueSpecification","valueRequired":true,"valueName":"search_term_string"}}],"inLanguage":"pt-PT"}]}},"_links":{"self":[{"href":"https:\/\/fundacioncajaruraldelsur.com\/pt\/wp-json\/wp\/v2\/tribe_events\/6244","targetHints":{"allow":["GET"]}}],"collection":[{"href":"https:\/\/fundacioncajaruraldelsur.com\/pt\/wp-json\/wp\/v2\/tribe_events"}],"about":[{"href":"https:\/\/fundacioncajaruraldelsur.com\/pt\/wp-json\/wp\/v2\/types\/tribe_events"}],"author":[{"embeddable":true,"href":"https:\/\/fundacioncajaruraldelsur.com\/pt\/wp-json\/wp\/v2\/users\/8"}],"version-history":[{"count":4,"href":"https:\/\/fundacioncajaruraldelsur.com\/pt\/wp-json\/wp\/v2\/tribe_events\/6244\/revisions"}],"predecessor-version":[{"id":6426,"href":"https:\/\/fundacioncajaruraldelsur.com\/pt\/wp-json\/wp\/v2\/tribe_events\/6244\/revisions\/6426"}],"wp:featuredmedia":[{"embeddable":true,"href":"https:\/\/fundacioncajaruraldelsur.com\/pt\/wp-json\/wp\/v2\/media\/5893"}],"wp:attachment":[{"href":"https:\/\/fundacioncajaruraldelsur.com\/pt\/wp-json\/wp\/v2\/media?parent=6244"}],"wp:term":[{"taxonomy":"post_tag","embeddable":true,"href":"https:\/\/fundacioncajaruraldelsur.com\/pt\/wp-json\/wp\/v2\/tags?post=6244"},{"taxonomy":"tribe_events_cat","embeddable":true,"href":"https:\/\/fundacioncajaruraldelsur.com\/pt\/wp-json\/wp\/v2\/tribe_events_cat?post=6244"}],"curies":[{"name":"wp","href":"https:\/\/api.w.org\/{rel}","templated":true}]}}