{"id":6162,"date":"2021-02-08T17:49:00","date_gmt":"2021-02-08T15:49:00","guid":{"rendered":"\/?post_type=tribe_events&#038;p=6162"},"modified":"2021-02-08T17:49:00","modified_gmt":"2021-02-08T15:49:00","slug":"exposicion-de-fotografia-la-semana-santa-legionaria-de-huelva","status":"publish","type":"tribe_events","link":"https:\/\/fundacioncajaruraldelsur.com\/pt\/evento\/exposicion-de-fotografia-la-semana-santa-legionaria-de-huelva\/","title":{"rendered":"Exposici\u00f3n de fotograf\u00eda: &#8216;La Semana Santa Legionaria de Huelva&#8217;"},"content":{"rendered":"<p>El pr\u00f3ximo 18 de marzo inauguramos la exposici\u00f3n de fotograf\u00eda: <em><strong>&#8216;La Semana Santa Legionaria de Huelva&#8217;<\/strong><\/em> , del autor <strong>Miguel Temprano<\/strong>, en nuestro Centro Cultural de Huelva.<\/p>\n<p><a href=\"\/wp-content\/uploads\/2021\/02\/16A3B7E1-E4E1-453F-B849-2520B76CF027.jpeg\" rel=\"lightbox-0\"><img loading=\"lazy\" decoding=\"async\" class=\"aligncenter wp-image-6163 size-large\" src=\"\/wp-content\/uploads\/2021\/02\/16A3B7E1-E4E1-453F-B849-2520B76CF027-731x1024.jpeg\" alt=\"\" width=\"731\" height=\"1024\" srcset=\"https:\/\/fundacioncajaruraldelsur.com\/wp-content\/uploads\/2021\/02\/16A3B7E1-E4E1-453F-B849-2520B76CF027-731x1024.jpeg 731w, https:\/\/fundacioncajaruraldelsur.com\/wp-content\/uploads\/2021\/02\/16A3B7E1-E4E1-453F-B849-2520B76CF027-214x300.jpeg 214w, https:\/\/fundacioncajaruraldelsur.com\/wp-content\/uploads\/2021\/02\/16A3B7E1-E4E1-453F-B849-2520B76CF027-768x1076.jpeg 768w, https:\/\/fundacioncajaruraldelsur.com\/wp-content\/uploads\/2021\/02\/16A3B7E1-E4E1-453F-B849-2520B76CF027.jpeg 914w\" sizes=\"auto, (max-width: 731px) 100vw, 731px\" \/><\/a><\/p>\n<h4><b>Semana Santa de 2019: La Legi\u00f3n Espa\u00f1ola entra en\u00a0 Huelva.<\/b><\/h4>\n<p><b>Grupo de\u00a0Caballer\u00eda\u00a0Ligero Acorazado\u00a0\u00abReyes\u00a0Cat\u00f3licos\u00bb<\/b><span style=\"font-weight: 400;\"> de la Brigada de la Legi\u00f3n \u201cRey Alfonso XIII\u201d fue invitado el 13 de abril de 2019 a procesionar junto al Cristo de la Vera+Cruz de Huelva. Fueron m\u00e1s de 160 Damas y Caballeros Legionarios, los que acompa\u00f1ados por una Escuadra de Gastadores y la Banda de Guerra y M\u00fasica de la Legi\u00f3n escoltaron durante horas al Cristo por las calles de la capital Onubense.<\/span><\/p>\n<p><span style=\"font-weight: 400;\">Tras una intensa ma\u00f1ana, en la que una multitud de vecinos se agolpaban frente a la parroquia de la Pur\u00edsima Concepci\u00f3n para presenciar los cambios de guardia de la Escuadra de Gastadores, <\/span><span style=\"font-weight: 400;\">los legionarios del <\/span><span style=\"font-weight: 400;\">Escuadr\u00f3n de <\/span><span style=\"font-weight: 400;\">Caballer\u00eda llegaron a las 18.00 horas a la plaza del Punto, desde donde se dirigieron al Ayuntamiento para solicitar permiso a las autoridades civiles y militares para entrar a la ciudad. Acto seguido iniciaron su desfile a 160 pasos por minuto hasta la parroquia de la Concepci\u00f3n donde les esperaban miles de personas desde primera hora de la tarde. A las 19.00 horas comenz\u00f3 la procesi\u00f3n. Los Legionarios fueros los encargados de portar a hombros el Cristo hasta el exterior de la iglesia, donde fue entregado a los hermanos de la Vera Cruz. Y tras recibir el Cristo los honores dispensados por el \u201cPiquete\u201d de la Caballer\u00eda Legionaria, inician la procesi\u00f3n que los conducir\u00eda por las calles\u00a0de Huelva.<\/span><\/p>\n<p><span style=\"font-weight: 400;\">El Grupo Ligero de Caballer\u00eda de la Brigada de la Legi\u00f3n, <\/span><span style=\"font-weight: 400;\">constituye uno de los elementos fundamentales de maniobra de la brigada. Est\u00e1 especialmente instruido y preparado para desempe\u00f1ar labores de reconocimiento y proporcionar la seguridad t\u00e1ctica a la brigada, al tiempo que cuenta con las capacidades de combate propias de la Caballer\u00eda. Su Pend\u00f3n esta inspirado desde la creaci\u00f3n de esta unidad de combate en el utilizado por los Reyes Cat\u00f3licos en la campa\u00f1a que termino con la conquista de la ciudad de Granada, pend\u00f3n que fue ostentado desde un principio por el Escuadr\u00f3n de Lanceros de la Legi\u00f3n y los\u00a0 Grupos Ligeros Saharianos de la Legi\u00f3n.<\/span><\/p>\n<p><span style=\"font-weight: 400;\">Los Legionarios del Grupo de Caballer\u00eda Ligera Acorazado de la Legi\u00f3n han participado en numerosas Misiones Internacionales de Paz, demostrando gracias <\/span><span style=\"font-weight: 400;\">a las caracter\u00edsticas de sus medios, su gran potencia de fuego y la peculiar forma de combatir, ser\u00a0 una unidad militar especialmente apta para cumplir misiones de reconocimiento, seguridad, control de zona, enlace t\u00e1ctico y combate en operaciones ofensivas y por supuesto de apoyo a la Brigada de la Legi\u00f3n a la que le proporciona siempre protecci\u00f3n e informaci\u00f3n oportuna.<\/span><\/p>\n<h3>HOMENAJE<\/h3>\n<p><span style=\"font-weight: 400;\">Esta exposici\u00f3n de fotograf\u00edas pretende ser un <strong>homenaje los ciudadanos de Huelva y a las Damas y\u00a0 Caballeros Legionarios que han hecho historia por ser los primeros en procesionar y escoltar al venerado Cristo de la Vera+Cruz por las calles de la ciudad.<\/strong> Recibiendo durante horas el cari\u00f1o, reconocimiento y el caluroso aplauso de los miles de vecinos de Huelva y alrededores que decidieron acercarse la tarde del 13 de abril de 2019 a arropar a su Cristo y a la Legi\u00f3n Espa\u00f1ola.<\/span><\/p>\n<p><strong><em>Miguel Temprano Arroyo.<\/em><\/strong><\/p>\n<h3>EL AUTOR<\/h3>\n<ul>\n<li>Nacido en 1964 en Madrid.<\/li>\n<li>Licenciado en CC. de la Informaci\u00f3n Universidad Complutense de Madrid.<\/li>\n<li>Curso de Direcci\u00f3n Cinematogr\u00e1fica en el T.A.I.<\/li>\n<li>2 Cursos de Operador de C\u00e1mara de Cine en el T.A.I.<\/li>\n<li>1\u00ba Seminario de Fotoperiodismo Facultad de CC. de la Informaci\u00f3n.<\/li>\n<li>Alf\u00e9rez de Infanter\u00eda E.C. (IMEC)<\/li>\n<li>Caballero Legionario de Honor<\/li>\n<li>Presidente de la Asociaci\u00f3n Nacional de Legionarios de Honor (A.N.L.H.) de 2012 a 2017.<\/li>\n<li><strong>Menci\u00f3n Especial Fotograf\u00eda \u201cPREMIOS EJERCITO 2010\u201d<\/strong><\/li>\n<li><strong>Menci\u00f3n especial Serie Fotograf\u00edas \u201cPREMIOS EJERCITO 2011\u201d<\/strong><\/li>\n<li><strong>Primer Premio Fotograf\u00eda de los \u201cPREMIOS EJERCITO 2012\u201d<\/strong><\/li>\n<li>Exposici\u00f3n Itinerante 2013-2014 \u201cMIS VIVENCIAS EN LA LEGI\u00d3N\u201d (Fundaci\u00f3n Tercio de Extranjeros)<\/li>\n<li>Conferencia \u201cMis misiones con La Legi\u00f3n\u201d en las Primeras Jornadas de Tradici\u00f3n Legionaria en el Tercio Duque de Alba 2\u00ba de la Legi\u00f3n.<\/li>\n<li><strong>Publicaci\u00f3n de reportajes en el diario La Raz\u00f3n sobre la Legi\u00f3n Espa\u00f1ola y las Misiones Internacionales en las que participa.<\/strong><\/li>\n<li><strong>Publicaci\u00f3n de Reportajes en \u201cEspejo P\u00fablico\u201d<\/strong> de <strong>Antena3 Televisi\u00f3n<\/strong> sobre diferentes unidades de las Fuerzas y Cuerpos de Seguridad del Estado y las FF.AA. Espa\u00f1olas.<\/li>\n<li>Producci\u00f3n Ejecutiva del documental \u201cLos Nuestros en Mal\u00ed\u201d con el MOE (GOE-XIX) para Telecinco (Madiasetespa\u00f1a)<\/li>\n<li>Trabajo desde 2008 en un libro de fotograf\u00edas sobre La Legi\u00f3n Espa\u00f1ola del Siglo XXI. (El L\u00edbano, Afganist\u00e1n, Mal\u00ed, Irak, Senegal\u2026)<\/li>\n<li><strong>Selecci\u00f3n Reportaje en MM.CC. (La Raz\u00f3n) \u201cPREMIOS EJERCITO 2018\u201d.<\/strong><\/li>\n<li><strong>Viajes a las Z.O. de El L\u00edbano (3) , Afganist\u00e1n (2), Irak (1), Mali (4), Senegal (1).<\/strong><\/li>\n<li>Seguimiento intensivo de a la BRILEG II \u201cRey Alfonso XIII\u201d y los cuatro Tercios en Maniobras, Ejercicios T\u00e1cticos y Misiones Internacionales durante los a\u00f1os 2008 a 2020.<\/li>\n<li>Vicepresidente A.N.L.H. Asociaci\u00f3n Nacional de Legionarios de Honor \u201cJ\u00f3se Ortega Munilla\u201d, precursor y Socio Fundador, de 2017 a 2021.<\/li>\n<li><strong>Nombrado en 2020 Embajador Marca Ej\u00e9rcito (Ejercito de Tierra)<\/strong><\/li>\n<li>Fot\u00f3grafo del KRAV MAGA BOOT CAMP 2020.<\/li>\n<li>Participante en diversas exposiciones y publicaciones realizadas durante el Centenario Fundacional de la Legi\u00f3n como la del Museo del Ej\u00e9rcito de Tierra.<\/li>\n<\/ul>\n<p>&nbsp;<\/p>\n<p>&nbsp;<\/p>\n<p>&nbsp;<\/p>","protected":false},"excerpt":{"rendered":"<p>El pr\u00f3ximo 18 de marzo inauguramos la exposici\u00f3n de fotograf\u00eda: &#8216;La Semana Santa Legionaria de Huelva&#8217; , del autor Miguel Temprano, en nuestro Centro Cultural de Huelva. Semana Santa de [&hellip;]<\/p>\n","protected":false},"author":8,"featured_media":4315,"template":"","meta":{"_tribe_events_status":"","_tribe_events_status_reason":"","_tribe_events_is_hybrid":"","_tribe_events_is_virtual":"","_tribe_events_virtual_video_source":"","_tribe_events_virtual_embed_video":"","_tribe_events_virtual_linked_button_text":"","_tribe_events_virtual_linked_button":"","_tribe_events_virtual_show_embed_at":"","_tribe_events_virtual_show_embed_to":[],"_tribe_events_virtual_show_on_event":"","_tribe_events_virtual_show_on_views":"","_tribe_events_virtual_url":"","footnotes":""},"tags":[242,168,734,198],"tribe_events_cat":[62],"class_list":["post-6162","tribe_events","type-tribe_events","status-publish","has-post-thumbnail","hentry","tag-242","tag-huelva","tag-legionaria","tag-semana-santa","tribe_events_cat-exposiciones","cat_exposiciones"],"yoast_head":"<!-- This site is optimized with the Yoast SEO plugin v27.3 - https:\/\/yoast.com\/product\/yoast-seo-wordpress\/ -->\n<title>Exposici\u00f3n de fotograf\u00eda: &#039;La Semana Santa Legionaria de Huelva&#039; - Fundaci\u00f3n Caja Rural del Sur<\/title>\n<meta name=\"description\" content=\"El pr\u00f3ximo 18 de marzo inauguramos la exposici\u00f3n de fotograf\u00eda: &#039;La Semana Santa Legionaria de Huelva&#039;, de Miguel Temprano.\" \/>\n<meta name=\"robots\" content=\"index, follow, max-snippet:-1, max-image-preview:large, max-video-preview:-1\" \/>\n<link rel=\"canonical\" href=\"https:\/\/fundacioncajaruraldelsur.com\/pt\/evento\/exposicion-de-fotografia-la-semana-santa-legionaria-de-huelva\/\" \/>\n<meta property=\"og:locale\" content=\"pt_PT\" \/>\n<meta property=\"og:type\" content=\"article\" \/>\n<meta property=\"og:title\" content=\"Exposici\u00f3n de fotograf\u00eda: &#039;La Semana Santa Legionaria de Huelva&#039; - Fundaci\u00f3n Caja Rural del Sur\" \/>\n<meta property=\"og:description\" content=\"El pr\u00f3ximo 18 de marzo inauguramos la exposici\u00f3n de fotograf\u00eda: &#039;La Semana Santa Legionaria de Huelva&#039;, de Miguel Temprano.\" \/>\n<meta property=\"og:url\" content=\"https:\/\/fundacioncajaruraldelsur.com\/pt\/evento\/exposicion-de-fotografia-la-semana-santa-legionaria-de-huelva\/\" \/>\n<meta property=\"og:site_name\" content=\"Fundaci\u00f3n Caja Rural del Sur\" \/>\n<meta property=\"og:image\" content=\"https:\/\/fundacioncajaruraldelsur.com\/wp-content\/uploads\/2019\/01\/Semana-Santa.jpg\" \/>\n\t<meta property=\"og:image:width\" content=\"1924\" \/>\n\t<meta property=\"og:image:height\" content=\"500\" \/>\n\t<meta property=\"og:image:type\" content=\"image\/jpeg\" \/>\n<meta name=\"twitter:card\" content=\"summary_large_image\" \/>\n<meta name=\"twitter:label1\" content=\"Est. reading time\" \/>\n\t<meta name=\"twitter:data1\" content=\"5 minutes\" \/>\n<script type=\"application\/ld+json\" class=\"yoast-schema-graph\">{\"@context\":\"https:\\\/\\\/schema.org\",\"@graph\":[{\"@type\":\"WebPage\",\"@id\":\"https:\\\/\\\/fundacioncajaruraldelsur.com\\\/evento\\\/exposicion-de-fotografia-la-semana-santa-legionaria-de-huelva\\\/\",\"url\":\"https:\\\/\\\/fundacioncajaruraldelsur.com\\\/evento\\\/exposicion-de-fotografia-la-semana-santa-legionaria-de-huelva\\\/\",\"name\":\"Exposici\u00f3n de fotograf\u00eda: 'La Semana Santa Legionaria de Huelva' - Fundaci\u00f3n Caja Rural del Sur\",\"isPartOf\":{\"@id\":\"https:\\\/\\\/fundacioncajaruraldelsur.com\\\/#website\"},\"primaryImageOfPage\":{\"@id\":\"https:\\\/\\\/fundacioncajaruraldelsur.com\\\/evento\\\/exposicion-de-fotografia-la-semana-santa-legionaria-de-huelva\\\/#primaryimage\"},\"image\":{\"@id\":\"https:\\\/\\\/fundacioncajaruraldelsur.com\\\/evento\\\/exposicion-de-fotografia-la-semana-santa-legionaria-de-huelva\\\/#primaryimage\"},\"thumbnailUrl\":\"https:\\\/\\\/fundacioncajaruraldelsur.com\\\/wp-content\\\/uploads\\\/2019\\\/01\\\/Semana-Santa.jpg\",\"datePublished\":\"2021-02-08T15:49:00+00:00\",\"description\":\"El pr\u00f3ximo 18 de marzo inauguramos la exposici\u00f3n de fotograf\u00eda: 'La Semana Santa Legionaria de Huelva', de Miguel Temprano.\",\"breadcrumb\":{\"@id\":\"https:\\\/\\\/fundacioncajaruraldelsur.com\\\/evento\\\/exposicion-de-fotografia-la-semana-santa-legionaria-de-huelva\\\/#breadcrumb\"},\"inLanguage\":\"pt-PT\",\"potentialAction\":[{\"@type\":\"ReadAction\",\"target\":[\"https:\\\/\\\/fundacioncajaruraldelsur.com\\\/evento\\\/exposicion-de-fotografia-la-semana-santa-legionaria-de-huelva\\\/\"]}]},{\"@type\":\"ImageObject\",\"inLanguage\":\"pt-PT\",\"@id\":\"https:\\\/\\\/fundacioncajaruraldelsur.com\\\/evento\\\/exposicion-de-fotografia-la-semana-santa-legionaria-de-huelva\\\/#primaryimage\",\"url\":\"https:\\\/\\\/fundacioncajaruraldelsur.com\\\/wp-content\\\/uploads\\\/2019\\\/01\\\/Semana-Santa.jpg\",\"contentUrl\":\"https:\\\/\\\/fundacioncajaruraldelsur.com\\\/wp-content\\\/uploads\\\/2019\\\/01\\\/Semana-Santa.jpg\",\"width\":1924,\"height\":500},{\"@type\":\"BreadcrumbList\",\"@id\":\"https:\\\/\\\/fundacioncajaruraldelsur.com\\\/evento\\\/exposicion-de-fotografia-la-semana-santa-legionaria-de-huelva\\\/#breadcrumb\",\"itemListElement\":[{\"@type\":\"ListItem\",\"position\":1,\"name\":\"Portada\",\"item\":\"https:\\\/\\\/fundacioncajaruraldelsur.com\\\/\"},{\"@type\":\"ListItem\",\"position\":2,\"name\":\"Eventos\",\"item\":\"https:\\\/\\\/fundacioncajaruraldelsur.com\\\/eventos\\\/\"},{\"@type\":\"ListItem\",\"position\":3,\"name\":\"Exposici\u00f3n de fotograf\u00eda: &#8216;La Semana Santa Legionaria de Huelva&#8217;\"}]},{\"@type\":\"WebSite\",\"@id\":\"https:\\\/\\\/fundacioncajaruraldelsur.com\\\/#website\",\"url\":\"https:\\\/\\\/fundacioncajaruraldelsur.com\\\/\",\"name\":\"Fundaci\u00f3n Caja Rural del Sur\",\"description\":\"\",\"potentialAction\":[{\"@type\":\"SearchAction\",\"target\":{\"@type\":\"EntryPoint\",\"urlTemplate\":\"https:\\\/\\\/fundacioncajaruraldelsur.com\\\/?s={search_term_string}\"},\"query-input\":{\"@type\":\"PropertyValueSpecification\",\"valueRequired\":true,\"valueName\":\"search_term_string\"}}],\"inLanguage\":\"pt-PT\"}]}<\/script>\n<!-- \/ Yoast SEO plugin. -->","yoast_head_json":{"title":"Exposici\u00f3n de fotograf\u00eda: 'La Semana Santa Legionaria de Huelva' - Fundaci\u00f3n Caja Rural del Sur","description":"El pr\u00f3ximo 18 de marzo inauguramos la exposici\u00f3n de fotograf\u00eda: 'La Semana Santa Legionaria de Huelva', de Miguel Temprano.","robots":{"index":"index","follow":"follow","max-snippet":"max-snippet:-1","max-image-preview":"max-image-preview:large","max-video-preview":"max-video-preview:-1"},"canonical":"https:\/\/fundacioncajaruraldelsur.com\/pt\/evento\/exposicion-de-fotografia-la-semana-santa-legionaria-de-huelva\/","og_locale":"pt_PT","og_type":"article","og_title":"Exposici\u00f3n de fotograf\u00eda: 'La Semana Santa Legionaria de Huelva' - Fundaci\u00f3n Caja Rural del Sur","og_description":"El pr\u00f3ximo 18 de marzo inauguramos la exposici\u00f3n de fotograf\u00eda: 'La Semana Santa Legionaria de Huelva', de Miguel Temprano.","og_url":"https:\/\/fundacioncajaruraldelsur.com\/pt\/evento\/exposicion-de-fotografia-la-semana-santa-legionaria-de-huelva\/","og_site_name":"Fundaci\u00f3n Caja Rural del Sur","og_image":[{"width":1924,"height":500,"url":"https:\/\/fundacioncajaruraldelsur.com\/wp-content\/uploads\/2019\/01\/Semana-Santa.jpg","type":"image\/jpeg"}],"twitter_card":"summary_large_image","twitter_misc":{"Est. reading time":"5 minutes"},"schema":{"@context":"https:\/\/schema.org","@graph":[{"@type":"WebPage","@id":"https:\/\/fundacioncajaruraldelsur.com\/evento\/exposicion-de-fotografia-la-semana-santa-legionaria-de-huelva\/","url":"https:\/\/fundacioncajaruraldelsur.com\/evento\/exposicion-de-fotografia-la-semana-santa-legionaria-de-huelva\/","name":"Exposici\u00f3n de fotograf\u00eda: 'La Semana Santa Legionaria de Huelva' - Fundaci\u00f3n Caja Rural del Sur","isPartOf":{"@id":"https:\/\/fundacioncajaruraldelsur.com\/#website"},"primaryImageOfPage":{"@id":"https:\/\/fundacioncajaruraldelsur.com\/evento\/exposicion-de-fotografia-la-semana-santa-legionaria-de-huelva\/#primaryimage"},"image":{"@id":"https:\/\/fundacioncajaruraldelsur.com\/evento\/exposicion-de-fotografia-la-semana-santa-legionaria-de-huelva\/#primaryimage"},"thumbnailUrl":"https:\/\/fundacioncajaruraldelsur.com\/wp-content\/uploads\/2019\/01\/Semana-Santa.jpg","datePublished":"2021-02-08T15:49:00+00:00","description":"El pr\u00f3ximo 18 de marzo inauguramos la exposici\u00f3n de fotograf\u00eda: 'La Semana Santa Legionaria de Huelva', de Miguel Temprano.","breadcrumb":{"@id":"https:\/\/fundacioncajaruraldelsur.com\/evento\/exposicion-de-fotografia-la-semana-santa-legionaria-de-huelva\/#breadcrumb"},"inLanguage":"pt-PT","potentialAction":[{"@type":"ReadAction","target":["https:\/\/fundacioncajaruraldelsur.com\/evento\/exposicion-de-fotografia-la-semana-santa-legionaria-de-huelva\/"]}]},{"@type":"ImageObject","inLanguage":"pt-PT","@id":"https:\/\/fundacioncajaruraldelsur.com\/evento\/exposicion-de-fotografia-la-semana-santa-legionaria-de-huelva\/#primaryimage","url":"https:\/\/fundacioncajaruraldelsur.com\/wp-content\/uploads\/2019\/01\/Semana-Santa.jpg","contentUrl":"https:\/\/fundacioncajaruraldelsur.com\/wp-content\/uploads\/2019\/01\/Semana-Santa.jpg","width":1924,"height":500},{"@type":"BreadcrumbList","@id":"https:\/\/fundacioncajaruraldelsur.com\/evento\/exposicion-de-fotografia-la-semana-santa-legionaria-de-huelva\/#breadcrumb","itemListElement":[{"@type":"ListItem","position":1,"name":"Portada","item":"https:\/\/fundacioncajaruraldelsur.com\/"},{"@type":"ListItem","position":2,"name":"Eventos","item":"https:\/\/fundacioncajaruraldelsur.com\/eventos\/"},{"@type":"ListItem","position":3,"name":"Exposici\u00f3n de fotograf\u00eda: &#8216;La Semana Santa Legionaria de Huelva&#8217;"}]},{"@type":"WebSite","@id":"https:\/\/fundacioncajaruraldelsur.com\/#website","url":"https:\/\/fundacioncajaruraldelsur.com\/","name":"Funda\u00e7\u00e3o Caja Rural del Sur","description":"","potentialAction":[{"@type":"SearchAction","target":{"@type":"EntryPoint","urlTemplate":"https:\/\/fundacioncajaruraldelsur.com\/?s={search_term_string}"},"query-input":{"@type":"PropertyValueSpecification","valueRequired":true,"valueName":"search_term_string"}}],"inLanguage":"pt-PT"}]}},"_links":{"self":[{"href":"https:\/\/fundacioncajaruraldelsur.com\/pt\/wp-json\/wp\/v2\/tribe_events\/6162","targetHints":{"allow":["GET"]}}],"collection":[{"href":"https:\/\/fundacioncajaruraldelsur.com\/pt\/wp-json\/wp\/v2\/tribe_events"}],"about":[{"href":"https:\/\/fundacioncajaruraldelsur.com\/pt\/wp-json\/wp\/v2\/types\/tribe_events"}],"author":[{"embeddable":true,"href":"https:\/\/fundacioncajaruraldelsur.com\/pt\/wp-json\/wp\/v2\/users\/8"}],"version-history":[{"count":2,"href":"https:\/\/fundacioncajaruraldelsur.com\/pt\/wp-json\/wp\/v2\/tribe_events\/6162\/revisions"}],"predecessor-version":[{"id":6165,"href":"https:\/\/fundacioncajaruraldelsur.com\/pt\/wp-json\/wp\/v2\/tribe_events\/6162\/revisions\/6165"}],"wp:featuredmedia":[{"embeddable":true,"href":"https:\/\/fundacioncajaruraldelsur.com\/pt\/wp-json\/wp\/v2\/media\/4315"}],"wp:attachment":[{"href":"https:\/\/fundacioncajaruraldelsur.com\/pt\/wp-json\/wp\/v2\/media?parent=6162"}],"wp:term":[{"taxonomy":"post_tag","embeddable":true,"href":"https:\/\/fundacioncajaruraldelsur.com\/pt\/wp-json\/wp\/v2\/tags?post=6162"},{"taxonomy":"tribe_events_cat","embeddable":true,"href":"https:\/\/fundacioncajaruraldelsur.com\/pt\/wp-json\/wp\/v2\/tribe_events_cat?post=6162"}],"curies":[{"name":"wp","href":"https:\/\/api.w.org\/{rel}","templated":true}]}}