{"id":6153,"date":"2021-02-01T18:45:12","date_gmt":"2021-02-01T16:45:12","guid":{"rendered":"\/?post_type=tribe_events&#038;p=6153"},"modified":"2021-06-01T13:18:48","modified_gmt":"2021-06-01T11:18:48","slug":"exposicion-donana-el-paisaje-oculto-de-daniel-bilbao","status":"publish","type":"tribe_events","link":"https:\/\/fundacioncajaruraldelsur.com\/pt\/evento\/exposicion-donana-el-paisaje-oculto-de-daniel-bilbao\/","title":{"rendered":"Exposici\u00f3n &#8216;Do\u00f1ana, el paisaje oculto&#8217;, de Daniel Bilbao"},"content":{"rendered":"<p>El pr\u00f3ximo <strong>5 de abril<\/strong> inauguramos la exposici\u00f3n <strong><em>&#8216;Do\u00f1ana, el paisaje oculto&#8217;<\/em>, de Daniel Bilbao<\/strong> en nuestro Centro de Exposiciones de Huelva. La muestra se podr\u00e1 visitar hasta el <strong>16 de abril<\/strong>. El horario de lunes a viernes de 11:30 a 13:30 y de 18 a 21h. Por supuesto, todas las medidas frente al COVID19 est\u00e1n garantizadas en nuestras instalaciones.<\/p>\n<h4>EL AUTOR<\/h4>\n<p><strong>Doctor en Bellas Artes por la Universidad de Sevilla<\/strong> en 1992. Docente e investigador en el Departamento de Dibujo de la US desde 1994 hasta la actualidad.<\/p>\n<p><strong>Investigador<\/strong> Principal del Grupo HUM-554 \u00abMorfolog\u00eda de la Naturaleza\u00bb. Investigador miembro del Proyecto de Excelencia del P.A.I.D.I.: \u00abArchivo documental de percepciones y representaciones de paisajes andaluces. (P09-HUM-5382), vigente entre 2011 a 2015. Forma parte del Programa de Doctorado Arte y Patrimonio.<\/p>\n<p><strong>Director del Departamento de Dibujo<\/strong> de la Facultad de Bellas Artes, US (2015\/19). <strong>Decano<\/strong> de la Facultad de Bellas Artes, US (2019\/ actualidad).<\/p>\n<p>Como artista pl\u00e1stico ha realizado <strong>32 exposiciones individuales<\/strong> en Madrid, Toledo, Orense, Santiago de Compostela, Pontevedra, Murcia, Huelva, C\u00e1diz y Sevilla. M\u00e1s de un centenar de colectivas en Espa\u00f1a, Portugal, Francia, Italia y EE.UU. Ha sido galardonado con 22 premios nacionales e internacionales. Su obra se encuentra en Museos, entidades, organismos y colecciones de Espa\u00f1a, Francia, B\u00e9lgica, Italia, Inglaterra, Irlanda, Polonia, Hungr\u00eda, Rep. Checa y EE.UU. Su obra es poli\u00e9drica, aunque en ella aparece como denominador com\u00fan el an\u00e1lisis del paisaje como entorno, la arquitectura e intervenci\u00f3n humana.<\/p>\n<p>&nbsp;<\/p>\n<p><iframe loading=\"lazy\" style=\"border: 1px solid black;\" src=\"https:\/\/my.matterport.com\/show\/?m=wBbFBZRPZxB\" width=\"640\" height=\"480\" allowfullscreen=\"allowfullscreen\"><span style=\"display: inline-block; width: 0px; overflow: hidden; line-height: 0;\" data-mce-type=\"bookmark\" class=\"mce_SELRES_start\"><\/span><span style=\"display: inline-block; width: 0px; overflow: hidden; line-height: 0;\" data-mce-type=\"bookmark\" class=\"mce_SELRES_start\"><\/span><span style=\"display: inline-block; width: 0px; overflow: hidden; line-height: 0;\" data-mce-type=\"bookmark\" class=\"mce_SELRES_start\"><\/span><span style=\"display: inline-block; width: 0px; overflow: hidden; line-height: 0;\" data-mce-type=\"bookmark\" class=\"mce_SELRES_start\"><\/span><br \/>\n<\/iframe><\/p>","protected":false},"excerpt":{"rendered":"<p>El pr\u00f3ximo 5 de abril inauguramos la exposici\u00f3n &#8216;Do\u00f1ana, el paisaje oculto&#8217;, de Daniel Bilbao en nuestro Centro de Exposiciones de Huelva. La muestra se podr\u00e1 visitar hasta el 16 [&hellip;]<\/p>\n","protected":false},"author":8,"featured_media":6152,"template":"","meta":{"_tribe_events_status":"","_tribe_events_status_reason":"","_tribe_events_is_hybrid":"","_tribe_events_is_virtual":"","_tribe_events_virtual_video_source":"","_tribe_events_virtual_embed_video":"","_tribe_events_virtual_linked_button_text":"","_tribe_events_virtual_linked_button":"","_tribe_events_virtual_show_embed_at":"","_tribe_events_virtual_show_embed_to":[],"_tribe_events_virtual_show_on_event":"","_tribe_events_virtual_show_on_views":"","_tribe_events_virtual_url":"","footnotes":""},"tags":[],"tribe_events_cat":[71],"class_list":["post-6153","tribe_events","type-tribe_events","status-publish","has-post-thumbnail","hentry","tribe_events_cat-exposicion","cat_exposicion"],"yoast_head":"<!-- This site is optimized with the Yoast SEO plugin v27.3 - https:\/\/yoast.com\/product\/yoast-seo-wordpress\/ -->\n<title>Exposici\u00f3n &#039;Do\u00f1ana, el paisaje oculto&#039;, de Daniel Bilbao - Fundaci\u00f3n Caja Rural del Sur<\/title>\n<meta name=\"description\" content=\"El pr\u00f3ximo 5 de abril inauguramos la exposici\u00f3n &#039;Do\u00f1ana, el paisaje oculto&#039;, de Daniel Bilbao en nuestro Centro de Exposiciones de Huelva.\" \/>\n<meta name=\"robots\" content=\"index, follow, max-snippet:-1, max-image-preview:large, max-video-preview:-1\" \/>\n<link rel=\"canonical\" href=\"https:\/\/fundacioncajaruraldelsur.com\/pt\/evento\/exposicion-donana-el-paisaje-oculto-de-daniel-bilbao\/\" \/>\n<meta property=\"og:locale\" content=\"pt_PT\" \/>\n<meta property=\"og:type\" content=\"article\" \/>\n<meta property=\"og:title\" content=\"Exposici\u00f3n &#039;Do\u00f1ana, el paisaje oculto&#039;, de Daniel Bilbao - Fundaci\u00f3n Caja Rural del Sur\" \/>\n<meta property=\"og:description\" content=\"El pr\u00f3ximo 5 de abril inauguramos la exposici\u00f3n &#039;Do\u00f1ana, el paisaje oculto&#039;, de Daniel Bilbao en nuestro Centro de Exposiciones de Huelva.\" \/>\n<meta property=\"og:url\" content=\"https:\/\/fundacioncajaruraldelsur.com\/pt\/evento\/exposicion-donana-el-paisaje-oculto-de-daniel-bilbao\/\" \/>\n<meta property=\"og:site_name\" content=\"Fundaci\u00f3n Caja Rural del Sur\" \/>\n<meta property=\"article:modified_time\" content=\"2021-06-01T11:18:48+00:00\" \/>\n<meta property=\"og:image\" content=\"https:\/\/fundacioncajaruraldelsur.com\/wp-content\/uploads\/2021\/02\/Exposicion_Donana.jpg\" \/>\n\t<meta property=\"og:image:width\" content=\"1924\" \/>\n\t<meta property=\"og:image:height\" content=\"500\" \/>\n\t<meta property=\"og:image:type\" content=\"image\/jpeg\" \/>\n<meta name=\"twitter:card\" content=\"summary_large_image\" \/>\n<meta name=\"twitter:label1\" content=\"Est. reading time\" \/>\n\t<meta name=\"twitter:data1\" content=\"1 minute\" \/>\n<script type=\"application\/ld+json\" class=\"yoast-schema-graph\">{\"@context\":\"https:\\\/\\\/schema.org\",\"@graph\":[{\"@type\":\"WebPage\",\"@id\":\"https:\\\/\\\/fundacioncajaruraldelsur.com\\\/evento\\\/exposicion-donana-el-paisaje-oculto-de-daniel-bilbao\\\/\",\"url\":\"https:\\\/\\\/fundacioncajaruraldelsur.com\\\/evento\\\/exposicion-donana-el-paisaje-oculto-de-daniel-bilbao\\\/\",\"name\":\"Exposici\u00f3n 'Do\u00f1ana, el paisaje oculto', de Daniel Bilbao - Fundaci\u00f3n Caja Rural del Sur\",\"isPartOf\":{\"@id\":\"https:\\\/\\\/fundacioncajaruraldelsur.com\\\/#website\"},\"primaryImageOfPage\":{\"@id\":\"https:\\\/\\\/fundacioncajaruraldelsur.com\\\/evento\\\/exposicion-donana-el-paisaje-oculto-de-daniel-bilbao\\\/#primaryimage\"},\"image\":{\"@id\":\"https:\\\/\\\/fundacioncajaruraldelsur.com\\\/evento\\\/exposicion-donana-el-paisaje-oculto-de-daniel-bilbao\\\/#primaryimage\"},\"thumbnailUrl\":\"https:\\\/\\\/fundacioncajaruraldelsur.com\\\/wp-content\\\/uploads\\\/2021\\\/02\\\/Exposicion_Donana.jpg\",\"datePublished\":\"2021-02-01T16:45:12+00:00\",\"dateModified\":\"2021-06-01T11:18:48+00:00\",\"description\":\"El pr\u00f3ximo 5 de abril inauguramos la exposici\u00f3n 'Do\u00f1ana, el paisaje oculto', de Daniel Bilbao en nuestro Centro de Exposiciones de Huelva.\",\"breadcrumb\":{\"@id\":\"https:\\\/\\\/fundacioncajaruraldelsur.com\\\/evento\\\/exposicion-donana-el-paisaje-oculto-de-daniel-bilbao\\\/#breadcrumb\"},\"inLanguage\":\"pt-PT\",\"potentialAction\":[{\"@type\":\"ReadAction\",\"target\":[\"https:\\\/\\\/fundacioncajaruraldelsur.com\\\/evento\\\/exposicion-donana-el-paisaje-oculto-de-daniel-bilbao\\\/\"]}]},{\"@type\":\"ImageObject\",\"inLanguage\":\"pt-PT\",\"@id\":\"https:\\\/\\\/fundacioncajaruraldelsur.com\\\/evento\\\/exposicion-donana-el-paisaje-oculto-de-daniel-bilbao\\\/#primaryimage\",\"url\":\"https:\\\/\\\/fundacioncajaruraldelsur.com\\\/wp-content\\\/uploads\\\/2021\\\/02\\\/Exposicion_Donana.jpg\",\"contentUrl\":\"https:\\\/\\\/fundacioncajaruraldelsur.com\\\/wp-content\\\/uploads\\\/2021\\\/02\\\/Exposicion_Donana.jpg\",\"width\":1924,\"height\":500},{\"@type\":\"BreadcrumbList\",\"@id\":\"https:\\\/\\\/fundacioncajaruraldelsur.com\\\/evento\\\/exposicion-donana-el-paisaje-oculto-de-daniel-bilbao\\\/#breadcrumb\",\"itemListElement\":[{\"@type\":\"ListItem\",\"position\":1,\"name\":\"Portada\",\"item\":\"https:\\\/\\\/fundacioncajaruraldelsur.com\\\/\"},{\"@type\":\"ListItem\",\"position\":2,\"name\":\"Eventos\",\"item\":\"https:\\\/\\\/fundacioncajaruraldelsur.com\\\/eventos\\\/\"},{\"@type\":\"ListItem\",\"position\":3,\"name\":\"Exposici\u00f3n &#8216;Do\u00f1ana, el paisaje oculto&#8217;, de Daniel Bilbao\"}]},{\"@type\":\"WebSite\",\"@id\":\"https:\\\/\\\/fundacioncajaruraldelsur.com\\\/#website\",\"url\":\"https:\\\/\\\/fundacioncajaruraldelsur.com\\\/\",\"name\":\"Fundaci\u00f3n Caja Rural del Sur\",\"description\":\"\",\"potentialAction\":[{\"@type\":\"SearchAction\",\"target\":{\"@type\":\"EntryPoint\",\"urlTemplate\":\"https:\\\/\\\/fundacioncajaruraldelsur.com\\\/?s={search_term_string}\"},\"query-input\":{\"@type\":\"PropertyValueSpecification\",\"valueRequired\":true,\"valueName\":\"search_term_string\"}}],\"inLanguage\":\"pt-PT\"}]}<\/script>\n<!-- \/ Yoast SEO plugin. -->","yoast_head_json":{"title":"Exposici\u00f3n 'Do\u00f1ana, el paisaje oculto', de Daniel Bilbao - Fundaci\u00f3n Caja Rural del Sur","description":"El pr\u00f3ximo 5 de abril inauguramos la exposici\u00f3n 'Do\u00f1ana, el paisaje oculto', de Daniel Bilbao en nuestro Centro de Exposiciones de Huelva.","robots":{"index":"index","follow":"follow","max-snippet":"max-snippet:-1","max-image-preview":"max-image-preview:large","max-video-preview":"max-video-preview:-1"},"canonical":"https:\/\/fundacioncajaruraldelsur.com\/pt\/evento\/exposicion-donana-el-paisaje-oculto-de-daniel-bilbao\/","og_locale":"pt_PT","og_type":"article","og_title":"Exposici\u00f3n 'Do\u00f1ana, el paisaje oculto', de Daniel Bilbao - Fundaci\u00f3n Caja Rural del Sur","og_description":"El pr\u00f3ximo 5 de abril inauguramos la exposici\u00f3n 'Do\u00f1ana, el paisaje oculto', de Daniel Bilbao en nuestro Centro de Exposiciones de Huelva.","og_url":"https:\/\/fundacioncajaruraldelsur.com\/pt\/evento\/exposicion-donana-el-paisaje-oculto-de-daniel-bilbao\/","og_site_name":"Fundaci\u00f3n Caja Rural del Sur","article_modified_time":"2021-06-01T11:18:48+00:00","og_image":[{"width":1924,"height":500,"url":"https:\/\/fundacioncajaruraldelsur.com\/wp-content\/uploads\/2021\/02\/Exposicion_Donana.jpg","type":"image\/jpeg"}],"twitter_card":"summary_large_image","twitter_misc":{"Est. reading time":"1 minute"},"schema":{"@context":"https:\/\/schema.org","@graph":[{"@type":"WebPage","@id":"https:\/\/fundacioncajaruraldelsur.com\/evento\/exposicion-donana-el-paisaje-oculto-de-daniel-bilbao\/","url":"https:\/\/fundacioncajaruraldelsur.com\/evento\/exposicion-donana-el-paisaje-oculto-de-daniel-bilbao\/","name":"Exposici\u00f3n 'Do\u00f1ana, el paisaje oculto', de Daniel Bilbao - Fundaci\u00f3n Caja Rural del Sur","isPartOf":{"@id":"https:\/\/fundacioncajaruraldelsur.com\/#website"},"primaryImageOfPage":{"@id":"https:\/\/fundacioncajaruraldelsur.com\/evento\/exposicion-donana-el-paisaje-oculto-de-daniel-bilbao\/#primaryimage"},"image":{"@id":"https:\/\/fundacioncajaruraldelsur.com\/evento\/exposicion-donana-el-paisaje-oculto-de-daniel-bilbao\/#primaryimage"},"thumbnailUrl":"https:\/\/fundacioncajaruraldelsur.com\/wp-content\/uploads\/2021\/02\/Exposicion_Donana.jpg","datePublished":"2021-02-01T16:45:12+00:00","dateModified":"2021-06-01T11:18:48+00:00","description":"El pr\u00f3ximo 5 de abril inauguramos la exposici\u00f3n 'Do\u00f1ana, el paisaje oculto', de Daniel Bilbao en nuestro Centro de Exposiciones de Huelva.","breadcrumb":{"@id":"https:\/\/fundacioncajaruraldelsur.com\/evento\/exposicion-donana-el-paisaje-oculto-de-daniel-bilbao\/#breadcrumb"},"inLanguage":"pt-PT","potentialAction":[{"@type":"ReadAction","target":["https:\/\/fundacioncajaruraldelsur.com\/evento\/exposicion-donana-el-paisaje-oculto-de-daniel-bilbao\/"]}]},{"@type":"ImageObject","inLanguage":"pt-PT","@id":"https:\/\/fundacioncajaruraldelsur.com\/evento\/exposicion-donana-el-paisaje-oculto-de-daniel-bilbao\/#primaryimage","url":"https:\/\/fundacioncajaruraldelsur.com\/wp-content\/uploads\/2021\/02\/Exposicion_Donana.jpg","contentUrl":"https:\/\/fundacioncajaruraldelsur.com\/wp-content\/uploads\/2021\/02\/Exposicion_Donana.jpg","width":1924,"height":500},{"@type":"BreadcrumbList","@id":"https:\/\/fundacioncajaruraldelsur.com\/evento\/exposicion-donana-el-paisaje-oculto-de-daniel-bilbao\/#breadcrumb","itemListElement":[{"@type":"ListItem","position":1,"name":"Portada","item":"https:\/\/fundacioncajaruraldelsur.com\/"},{"@type":"ListItem","position":2,"name":"Eventos","item":"https:\/\/fundacioncajaruraldelsur.com\/eventos\/"},{"@type":"ListItem","position":3,"name":"Exposici\u00f3n &#8216;Do\u00f1ana, el paisaje oculto&#8217;, de Daniel Bilbao"}]},{"@type":"WebSite","@id":"https:\/\/fundacioncajaruraldelsur.com\/#website","url":"https:\/\/fundacioncajaruraldelsur.com\/","name":"Funda\u00e7\u00e3o Caja Rural del Sur","description":"","potentialAction":[{"@type":"SearchAction","target":{"@type":"EntryPoint","urlTemplate":"https:\/\/fundacioncajaruraldelsur.com\/?s={search_term_string}"},"query-input":{"@type":"PropertyValueSpecification","valueRequired":true,"valueName":"search_term_string"}}],"inLanguage":"pt-PT"}]}},"_links":{"self":[{"href":"https:\/\/fundacioncajaruraldelsur.com\/pt\/wp-json\/wp\/v2\/tribe_events\/6153","targetHints":{"allow":["GET"]}}],"collection":[{"href":"https:\/\/fundacioncajaruraldelsur.com\/pt\/wp-json\/wp\/v2\/tribe_events"}],"about":[{"href":"https:\/\/fundacioncajaruraldelsur.com\/pt\/wp-json\/wp\/v2\/types\/tribe_events"}],"author":[{"embeddable":true,"href":"https:\/\/fundacioncajaruraldelsur.com\/pt\/wp-json\/wp\/v2\/users\/8"}],"version-history":[{"count":3,"href":"https:\/\/fundacioncajaruraldelsur.com\/pt\/wp-json\/wp\/v2\/tribe_events\/6153\/revisions"}],"predecessor-version":[{"id":6428,"href":"https:\/\/fundacioncajaruraldelsur.com\/pt\/wp-json\/wp\/v2\/tribe_events\/6153\/revisions\/6428"}],"wp:featuredmedia":[{"embeddable":true,"href":"https:\/\/fundacioncajaruraldelsur.com\/pt\/wp-json\/wp\/v2\/media\/6152"}],"wp:attachment":[{"href":"https:\/\/fundacioncajaruraldelsur.com\/pt\/wp-json\/wp\/v2\/media?parent=6153"}],"wp:term":[{"taxonomy":"post_tag","embeddable":true,"href":"https:\/\/fundacioncajaruraldelsur.com\/pt\/wp-json\/wp\/v2\/tags?post=6153"},{"taxonomy":"tribe_events_cat","embeddable":true,"href":"https:\/\/fundacioncajaruraldelsur.com\/pt\/wp-json\/wp\/v2\/tribe_events_cat?post=6153"}],"curies":[{"name":"wp","href":"https:\/\/api.w.org\/{rel}","templated":true}]}}