{"id":6108,"date":"2020-12-28T19:15:01","date_gmt":"2020-12-28T17:15:01","guid":{"rendered":"\/?post_type=tribe_events&#038;p=6108"},"modified":"2020-12-28T19:15:01","modified_gmt":"2020-12-28T17:15:01","slug":"alfonso-aramburu-expone-sus-cielos","status":"publish","type":"tribe_events","link":"https:\/\/fundacioncajaruraldelsur.com\/pt\/evento\/alfonso-aramburu-expone-sus-cielos\/","title":{"rendered":"Alfonso Aramburu expone sus &#8216;Cielos&#8217;"},"content":{"rendered":"<p>El pintor <strong>Alfonso Aramburu<\/strong> expone su colecci\u00f3n <em><strong>&#8216;Cielos<\/strong><\/em>&#8216;,\u00a0desde este lunes, d\u00eda 21 de diciembre, y hasta el 8 de enero, en la sala del <strong>Centro Cultural \u2018Jos\u00e9 Luis Garc\u00eda Palacios\u2019<\/strong> de Fundaci\u00f3n Caja Rural del Sur. Los beneficios ir\u00e1n destinados a ayudar a <strong>C\u00e1ritas y HH de la Cruz.<\/strong><\/p>\n<h4>LA COLECCI\u00d3N<\/h4>\n<p>Coincidiendo con las fiestas navide\u00f1as, ayudando a los m\u00e1s necesitados, a trav\u00e9s este a\u00f1o de <strong>C\u00e1ritas y las Hermanitas de la Cruz<\/strong>, Aramburu define los 50 cuadros expuestos en la galer\u00eda como <strong>\u201cun alegato a la esperanza\u201d<\/strong> en estos tiempos tan dif\u00edciles y complicados.<\/p>\n<p><a href=\"\/wp-content\/uploads\/2020\/12\/exposicion-2-scaled.jpg\" rel=\"lightbox-0\"><img loading=\"lazy\" decoding=\"async\" class=\"aligncenter wp-image-6103 size-large\" src=\"\/wp-content\/uploads\/2020\/12\/exposicion-2-1024x540.jpg\" alt=\"\" width=\"960\" height=\"506\" srcset=\"https:\/\/fundacioncajaruraldelsur.com\/wp-content\/uploads\/2020\/12\/exposicion-2-1024x540.jpg 1024w, https:\/\/fundacioncajaruraldelsur.com\/wp-content\/uploads\/2020\/12\/exposicion-2-300x158.jpg 300w, https:\/\/fundacioncajaruraldelsur.com\/wp-content\/uploads\/2020\/12\/exposicion-2-768x405.jpg 768w, https:\/\/fundacioncajaruraldelsur.com\/wp-content\/uploads\/2020\/12\/exposicion-2-1536x810.jpg 1536w, https:\/\/fundacioncajaruraldelsur.com\/wp-content\/uploads\/2020\/12\/exposicion-2-2048x1080.jpg 2048w\" sizes=\"auto, (max-width: 960px) 100vw, 960px\" \/><\/a><\/p>\n<h4>EL AUTOR<\/h4>\n<p><strong>Alfonso Aramburu<\/strong>, nacido en <strong>Huelva<\/strong> en el a\u00f1o 1938, es asesor del ciclo de Artes Pl\u00e1sticas que Fundaci\u00f3n Caja Rural del Sur programa cada temporada. Desde los ocho a\u00f1os ya destacaba en los concursos infantiles y en el a\u00f1o 1962 expone por primera vez en Madrid, en la Galer\u00eda Nebli, de la calle Serrano, y as\u00ed repite durante cinco a\u00f1os seguidos. En 1978 muestra su obra pict\u00f3rica en Par\u00eds y posteriormente en varias capitales de Europa. Lo mismo que ha ocurrido en Espa\u00f1a, ya que sus pinturas se han expuesto en casi toda la geograf\u00eda nacional, en especial en Barcelona.<\/p>","protected":false},"excerpt":{"rendered":"<p>El pintor Alfonso Aramburu expone su colecci\u00f3n &#8216;Cielos&#8216;,\u00a0desde este lunes, d\u00eda 21 de diciembre, y hasta el 8 de enero, en la sala del Centro Cultural \u2018Jos\u00e9 Luis Garc\u00eda Palacios\u2019 [&hellip;]<\/p>\n","protected":false},"author":8,"featured_media":6109,"template":"","meta":{"_tribe_events_status":"","_tribe_events_status_reason":"","_tribe_events_is_hybrid":"","_tribe_events_is_virtual":"","_tribe_events_virtual_video_source":"","_tribe_events_virtual_embed_video":"","_tribe_events_virtual_linked_button_text":"","_tribe_events_virtual_linked_button":"","_tribe_events_virtual_show_embed_at":"","_tribe_events_virtual_show_embed_to":[],"_tribe_events_virtual_show_on_event":"","_tribe_events_virtual_show_on_views":"","_tribe_events_virtual_url":"","footnotes":""},"tags":[224,729,119,168],"tribe_events_cat":[71],"class_list":["post-6108","tribe_events","type-tribe_events","status-publish","has-post-thumbnail","hentry","tag-alfonso-aramburu","tag-cielos","tag-exposicion","tag-huelva","tribe_events_cat-exposicion","cat_exposicion"],"yoast_head":"<!-- This site is optimized with the Yoast SEO plugin v27.3 - https:\/\/yoast.com\/product\/yoast-seo-wordpress\/ -->\n<title>Alfonso Aramburu expone sus &#039;Cielos&#039; - Fundaci\u00f3n Caja Rural del Sur<\/title>\n<meta name=\"description\" content=\"El pintor Alfonso Aramburu expone su colecci\u00f3n &#039;Cielos&#039; hasta el 8 de enero, en la sala del Centro Cultural \u2018Jos\u00e9 Luis Garc\u00eda Palacios\u2019.\" \/>\n<meta name=\"robots\" content=\"index, follow, max-snippet:-1, max-image-preview:large, max-video-preview:-1\" \/>\n<link rel=\"canonical\" href=\"https:\/\/fundacioncajaruraldelsur.com\/pt\/evento\/alfonso-aramburu-expone-sus-cielos\/\" \/>\n<meta property=\"og:locale\" content=\"pt_PT\" \/>\n<meta property=\"og:type\" content=\"article\" \/>\n<meta property=\"og:title\" content=\"Alfonso Aramburu expone sus &#039;Cielos&#039; - Fundaci\u00f3n Caja Rural del Sur\" \/>\n<meta property=\"og:description\" content=\"El pintor Alfonso Aramburu expone su colecci\u00f3n &#039;Cielos&#039; hasta el 8 de enero, en la sala del Centro Cultural \u2018Jos\u00e9 Luis Garc\u00eda Palacios\u2019.\" \/>\n<meta property=\"og:url\" content=\"https:\/\/fundacioncajaruraldelsur.com\/pt\/evento\/alfonso-aramburu-expone-sus-cielos\/\" \/>\n<meta property=\"og:site_name\" content=\"Fundaci\u00f3n Caja Rural del Sur\" \/>\n<meta property=\"og:image\" content=\"https:\/\/fundacioncajaruraldelsur.com\/wp-content\/uploads\/2020\/12\/Alfonso_Aramburu.jpg\" \/>\n\t<meta property=\"og:image:width\" content=\"1925\" \/>\n\t<meta property=\"og:image:height\" content=\"500\" \/>\n\t<meta property=\"og:image:type\" content=\"image\/jpeg\" \/>\n<meta name=\"twitter:card\" content=\"summary_large_image\" \/>\n<meta name=\"twitter:label1\" content=\"Est. reading time\" \/>\n\t<meta name=\"twitter:data1\" content=\"1 minute\" \/>\n<script type=\"application\/ld+json\" class=\"yoast-schema-graph\">{\"@context\":\"https:\\\/\\\/schema.org\",\"@graph\":[{\"@type\":\"WebPage\",\"@id\":\"https:\\\/\\\/fundacioncajaruraldelsur.com\\\/evento\\\/alfonso-aramburu-expone-sus-cielos\\\/\",\"url\":\"https:\\\/\\\/fundacioncajaruraldelsur.com\\\/evento\\\/alfonso-aramburu-expone-sus-cielos\\\/\",\"name\":\"Alfonso Aramburu expone sus 'Cielos' - Fundaci\u00f3n Caja Rural del Sur\",\"isPartOf\":{\"@id\":\"https:\\\/\\\/fundacioncajaruraldelsur.com\\\/#website\"},\"primaryImageOfPage\":{\"@id\":\"https:\\\/\\\/fundacioncajaruraldelsur.com\\\/evento\\\/alfonso-aramburu-expone-sus-cielos\\\/#primaryimage\"},\"image\":{\"@id\":\"https:\\\/\\\/fundacioncajaruraldelsur.com\\\/evento\\\/alfonso-aramburu-expone-sus-cielos\\\/#primaryimage\"},\"thumbnailUrl\":\"https:\\\/\\\/fundacioncajaruraldelsur.com\\\/wp-content\\\/uploads\\\/2020\\\/12\\\/Alfonso_Aramburu.jpg\",\"datePublished\":\"2020-12-28T17:15:01+00:00\",\"description\":\"El pintor Alfonso Aramburu expone su colecci\u00f3n 'Cielos' hasta el 8 de enero, en la sala del Centro Cultural \u2018Jos\u00e9 Luis Garc\u00eda Palacios\u2019.\",\"breadcrumb\":{\"@id\":\"https:\\\/\\\/fundacioncajaruraldelsur.com\\\/evento\\\/alfonso-aramburu-expone-sus-cielos\\\/#breadcrumb\"},\"inLanguage\":\"pt-PT\",\"potentialAction\":[{\"@type\":\"ReadAction\",\"target\":[\"https:\\\/\\\/fundacioncajaruraldelsur.com\\\/evento\\\/alfonso-aramburu-expone-sus-cielos\\\/\"]}]},{\"@type\":\"ImageObject\",\"inLanguage\":\"pt-PT\",\"@id\":\"https:\\\/\\\/fundacioncajaruraldelsur.com\\\/evento\\\/alfonso-aramburu-expone-sus-cielos\\\/#primaryimage\",\"url\":\"https:\\\/\\\/fundacioncajaruraldelsur.com\\\/wp-content\\\/uploads\\\/2020\\\/12\\\/Alfonso_Aramburu.jpg\",\"contentUrl\":\"https:\\\/\\\/fundacioncajaruraldelsur.com\\\/wp-content\\\/uploads\\\/2020\\\/12\\\/Alfonso_Aramburu.jpg\",\"width\":1925,\"height\":500},{\"@type\":\"BreadcrumbList\",\"@id\":\"https:\\\/\\\/fundacioncajaruraldelsur.com\\\/evento\\\/alfonso-aramburu-expone-sus-cielos\\\/#breadcrumb\",\"itemListElement\":[{\"@type\":\"ListItem\",\"position\":1,\"name\":\"Portada\",\"item\":\"https:\\\/\\\/fundacioncajaruraldelsur.com\\\/\"},{\"@type\":\"ListItem\",\"position\":2,\"name\":\"Eventos\",\"item\":\"https:\\\/\\\/fundacioncajaruraldelsur.com\\\/eventos\\\/\"},{\"@type\":\"ListItem\",\"position\":3,\"name\":\"Alfonso Aramburu expone sus &#8216;Cielos&#8217;\"}]},{\"@type\":\"WebSite\",\"@id\":\"https:\\\/\\\/fundacioncajaruraldelsur.com\\\/#website\",\"url\":\"https:\\\/\\\/fundacioncajaruraldelsur.com\\\/\",\"name\":\"Fundaci\u00f3n Caja Rural del Sur\",\"description\":\"\",\"potentialAction\":[{\"@type\":\"SearchAction\",\"target\":{\"@type\":\"EntryPoint\",\"urlTemplate\":\"https:\\\/\\\/fundacioncajaruraldelsur.com\\\/?s={search_term_string}\"},\"query-input\":{\"@type\":\"PropertyValueSpecification\",\"valueRequired\":true,\"valueName\":\"search_term_string\"}}],\"inLanguage\":\"pt-PT\"}]}<\/script>\n<!-- \/ Yoast SEO plugin. -->","yoast_head_json":{"title":"Alfonso Aramburu expone sus 'Cielos' - Fundaci\u00f3n Caja Rural del Sur","description":"El pintor Alfonso Aramburu expone su colecci\u00f3n 'Cielos' hasta el 8 de enero, en la sala del Centro Cultural \u2018Jos\u00e9 Luis Garc\u00eda Palacios\u2019.","robots":{"index":"index","follow":"follow","max-snippet":"max-snippet:-1","max-image-preview":"max-image-preview:large","max-video-preview":"max-video-preview:-1"},"canonical":"https:\/\/fundacioncajaruraldelsur.com\/pt\/evento\/alfonso-aramburu-expone-sus-cielos\/","og_locale":"pt_PT","og_type":"article","og_title":"Alfonso Aramburu expone sus 'Cielos' - Fundaci\u00f3n Caja Rural del Sur","og_description":"El pintor Alfonso Aramburu expone su colecci\u00f3n 'Cielos' hasta el 8 de enero, en la sala del Centro Cultural \u2018Jos\u00e9 Luis Garc\u00eda Palacios\u2019.","og_url":"https:\/\/fundacioncajaruraldelsur.com\/pt\/evento\/alfonso-aramburu-expone-sus-cielos\/","og_site_name":"Fundaci\u00f3n Caja Rural del Sur","og_image":[{"width":1925,"height":500,"url":"https:\/\/fundacioncajaruraldelsur.com\/wp-content\/uploads\/2020\/12\/Alfonso_Aramburu.jpg","type":"image\/jpeg"}],"twitter_card":"summary_large_image","twitter_misc":{"Est. reading time":"1 minute"},"schema":{"@context":"https:\/\/schema.org","@graph":[{"@type":"WebPage","@id":"https:\/\/fundacioncajaruraldelsur.com\/evento\/alfonso-aramburu-expone-sus-cielos\/","url":"https:\/\/fundacioncajaruraldelsur.com\/evento\/alfonso-aramburu-expone-sus-cielos\/","name":"Alfonso Aramburu expone sus 'Cielos' - Fundaci\u00f3n Caja Rural del Sur","isPartOf":{"@id":"https:\/\/fundacioncajaruraldelsur.com\/#website"},"primaryImageOfPage":{"@id":"https:\/\/fundacioncajaruraldelsur.com\/evento\/alfonso-aramburu-expone-sus-cielos\/#primaryimage"},"image":{"@id":"https:\/\/fundacioncajaruraldelsur.com\/evento\/alfonso-aramburu-expone-sus-cielos\/#primaryimage"},"thumbnailUrl":"https:\/\/fundacioncajaruraldelsur.com\/wp-content\/uploads\/2020\/12\/Alfonso_Aramburu.jpg","datePublished":"2020-12-28T17:15:01+00:00","description":"El pintor Alfonso Aramburu expone su colecci\u00f3n 'Cielos' hasta el 8 de enero, en la sala del Centro Cultural \u2018Jos\u00e9 Luis Garc\u00eda Palacios\u2019.","breadcrumb":{"@id":"https:\/\/fundacioncajaruraldelsur.com\/evento\/alfonso-aramburu-expone-sus-cielos\/#breadcrumb"},"inLanguage":"pt-PT","potentialAction":[{"@type":"ReadAction","target":["https:\/\/fundacioncajaruraldelsur.com\/evento\/alfonso-aramburu-expone-sus-cielos\/"]}]},{"@type":"ImageObject","inLanguage":"pt-PT","@id":"https:\/\/fundacioncajaruraldelsur.com\/evento\/alfonso-aramburu-expone-sus-cielos\/#primaryimage","url":"https:\/\/fundacioncajaruraldelsur.com\/wp-content\/uploads\/2020\/12\/Alfonso_Aramburu.jpg","contentUrl":"https:\/\/fundacioncajaruraldelsur.com\/wp-content\/uploads\/2020\/12\/Alfonso_Aramburu.jpg","width":1925,"height":500},{"@type":"BreadcrumbList","@id":"https:\/\/fundacioncajaruraldelsur.com\/evento\/alfonso-aramburu-expone-sus-cielos\/#breadcrumb","itemListElement":[{"@type":"ListItem","position":1,"name":"Portada","item":"https:\/\/fundacioncajaruraldelsur.com\/"},{"@type":"ListItem","position":2,"name":"Eventos","item":"https:\/\/fundacioncajaruraldelsur.com\/eventos\/"},{"@type":"ListItem","position":3,"name":"Alfonso Aramburu expone sus &#8216;Cielos&#8217;"}]},{"@type":"WebSite","@id":"https:\/\/fundacioncajaruraldelsur.com\/#website","url":"https:\/\/fundacioncajaruraldelsur.com\/","name":"Funda\u00e7\u00e3o Caja Rural del Sur","description":"","potentialAction":[{"@type":"SearchAction","target":{"@type":"EntryPoint","urlTemplate":"https:\/\/fundacioncajaruraldelsur.com\/?s={search_term_string}"},"query-input":{"@type":"PropertyValueSpecification","valueRequired":true,"valueName":"search_term_string"}}],"inLanguage":"pt-PT"}]}},"_links":{"self":[{"href":"https:\/\/fundacioncajaruraldelsur.com\/pt\/wp-json\/wp\/v2\/tribe_events\/6108","targetHints":{"allow":["GET"]}}],"collection":[{"href":"https:\/\/fundacioncajaruraldelsur.com\/pt\/wp-json\/wp\/v2\/tribe_events"}],"about":[{"href":"https:\/\/fundacioncajaruraldelsur.com\/pt\/wp-json\/wp\/v2\/types\/tribe_events"}],"author":[{"embeddable":true,"href":"https:\/\/fundacioncajaruraldelsur.com\/pt\/wp-json\/wp\/v2\/users\/8"}],"version-history":[{"count":3,"href":"https:\/\/fundacioncajaruraldelsur.com\/pt\/wp-json\/wp\/v2\/tribe_events\/6108\/revisions"}],"predecessor-version":[{"id":6112,"href":"https:\/\/fundacioncajaruraldelsur.com\/pt\/wp-json\/wp\/v2\/tribe_events\/6108\/revisions\/6112"}],"wp:featuredmedia":[{"embeddable":true,"href":"https:\/\/fundacioncajaruraldelsur.com\/pt\/wp-json\/wp\/v2\/media\/6109"}],"wp:attachment":[{"href":"https:\/\/fundacioncajaruraldelsur.com\/pt\/wp-json\/wp\/v2\/media?parent=6108"}],"wp:term":[{"taxonomy":"post_tag","embeddable":true,"href":"https:\/\/fundacioncajaruraldelsur.com\/pt\/wp-json\/wp\/v2\/tags?post=6108"},{"taxonomy":"tribe_events_cat","embeddable":true,"href":"https:\/\/fundacioncajaruraldelsur.com\/pt\/wp-json\/wp\/v2\/tribe_events_cat?post=6108"}],"curies":[{"name":"wp","href":"https:\/\/api.w.org\/{rel}","templated":true}]}}