{"id":6054,"date":"2020-11-18T18:05:11","date_gmt":"2020-11-18T16:05:11","guid":{"rendered":"\/?post_type=tribe_events&#038;p=6054"},"modified":"2020-11-18T18:05:11","modified_gmt":"2020-11-18T16:05:11","slug":"presentacion-de-los-libros-fuegos-y-pecados-de-lola-artacho-y-la-princesa-inca-de-antonio-campos-bernal","status":"publish","type":"tribe_events","link":"https:\/\/fundacioncajaruraldelsur.com\/pt\/evento\/presentacion-de-los-libros-fuegos-y-pecados-de-lola-artacho-y-la-princesa-inca-de-antonio-campos-bernal\/","title":{"rendered":"Presentaci\u00f3n de los libros &#8216;Fuegos y pecados&#8217;, de Lola Artacho, y &#8216;La princesa inca&#8217; de Antonio Campos Bernal"},"content":{"rendered":"<div>\n<p class=\"Standard\"><span lang=\"DE\">El pr\u00f3ximo 20 de noviembre, en el marco del <strong>Oto\u00f1o Cultural Iberoamericano (OCIB 2020)<\/strong> se presentar\u00e1n en el Centro Cultural Jos\u00e9 Luis Garc\u00eda Palacios, de Huelva, los libros <strong><i>Fuegos y pecados<\/i><\/strong>, de <strong>Lola Artacho<\/strong>, y <strong><i>La princesa Inca<\/i><\/strong>, adaptaci\u00f3n teatral de <strong>Antonio Campos Bernal<\/strong>, editado por <strong>Retama producciones<\/strong>. El acto tendr\u00e1 lugar a las 12 horas.<\/span><\/p>\n<p><a href=\"\/wp-content\/uploads\/2020\/11\/Cartel-Princesa-Inca.jpg\" rel=\"lightbox-0\"><img loading=\"lazy\" decoding=\"async\" class=\"aligncenter wp-image-6055 size-large\" src=\"\/wp-content\/uploads\/2020\/11\/Cartel-Princesa-Inca-768x1024.jpg\" alt=\"\" width=\"768\" height=\"1024\" srcset=\"https:\/\/fundacioncajaruraldelsur.com\/wp-content\/uploads\/2020\/11\/Cartel-Princesa-Inca-768x1025.jpg 768w, https:\/\/fundacioncajaruraldelsur.com\/wp-content\/uploads\/2020\/11\/Cartel-Princesa-Inca-225x300.jpg 225w, https:\/\/fundacioncajaruraldelsur.com\/wp-content\/uploads\/2020\/11\/Cartel-Princesa-Inca.jpg 850w\" sizes=\"auto, (max-width: 768px) 100vw, 768px\" \/><\/a><\/p>\n<\/div>\n<div>\n<p class=\"Standard\"><span lang=\"DE\">Tanto la novela como la adaptaci\u00f3n teatral relatan las vicisitudes de <i>La princesa Inca<\/i>, Isabel Chimpu Ocllo. De su uni\u00f3n con el capit\u00e1n Sebasti\u00e1n Garcilaso de la Vega naci\u00f3 el Inca Garcilaso de la Vega, considerado como el primer y gran escritor mestizo de Iberoam\u00e9rica. Las obras narran el episodio en que la princesa, con su criada castellana Tocta, se encuentra atrapada en Cuzco en medio de una guerra civil entre los partidarios de Francisco Pizarro y los de Diego de Almagro.<\/span><\/p>\n<\/div>\n<div>\n<p class=\"Standard\"><span lang=\"DE\">A la presentaci\u00f3n de los libros se suma una breve escenificaci\u00f3n de los personajes femeninos antes mencionados; a cargo de <strong>Maribel Alarc\u00f3n e Inmaculada Palomar<\/strong>. Maribel Alarc\u00f3n Canchai, nacida en\u00a0 Ayacucho, Per\u00fa, productora de Retama desde hace veinte a\u00f1os, es licenciada por la Escuela Nacional de Arte Dram\u00e1tico de Lima; doctora en ciencias del espect\u00e1culo por la Universidad de Sevilla; m\u00e1ster en gesti\u00f3n, arte, museo y patrimonio por la <strong>Universidad Pablo Olavide<\/strong>.<\/span><\/p>\n<\/div>\n<div>\n<p class=\"Standard\"><span lang=\"DE\">El acto estar\u00e1 presentado por Agust\u00edn Medina, director del Muelle de las Carabelas, de La R\u00e1bida.<\/span><\/p>\n<\/div>\n<div>\n<p class=\"Standard\"><span lang=\"DE\">\u00a0<\/span><\/p>\n<\/div>","protected":false},"excerpt":{"rendered":"<p>El pr\u00f3ximo 20 de noviembre, en el marco del Oto\u00f1o Cultural Iberoamericano (OCIB 2020) se presentar\u00e1n en el Centro Cultural Jos\u00e9 Luis Garc\u00eda Palacios, de Huelva, los libros Fuegos y [&hellip;]<\/p>\n","protected":false},"author":8,"featured_media":5938,"template":"","meta":{"_tribe_events_status":"","_tribe_events_status_reason":"","_tribe_events_is_hybrid":"","_tribe_events_is_virtual":"","_tribe_events_virtual_video_source":"","_tribe_events_virtual_embed_video":"","_tribe_events_virtual_linked_button_text":"","_tribe_events_virtual_linked_button":"","_tribe_events_virtual_show_embed_at":"","_tribe_events_virtual_show_embed_to":[],"_tribe_events_virtual_show_on_event":"","_tribe_events_virtual_show_on_views":"","_tribe_events_virtual_url":"","footnotes":""},"tags":[564,722,719,724,720,723,458,721],"tribe_events_cat":[124],"class_list":["post-6054","tribe_events","type-tribe_events","status-publish","has-post-thumbnail","hentry","tag-564","tag-antonio-campos-be","tag-fuegos-y-pecados","tag-inmaculada-palomar","tag-lola-artacho","tag-maribel-alarcon","tag-ocib","tag-retama-producciones","tribe_events_cat-presentaciones","cat_presentaciones"],"yoast_head":"<!-- This site is optimized with the Yoast SEO plugin v27.3 - https:\/\/yoast.com\/product\/yoast-seo-wordpress\/ -->\n<title>Presentaci\u00f3n de los libros &#039;Fuegos y pecados&#039;, de Lola Artacho, y &#039;La princesa inca&#039; de Antonio Campos Bernal - Fundaci\u00f3n Caja Rural del Sur<\/title>\n<meta name=\"description\" content=\"El pr\u00f3ximo 20 de noviembre presentamos los libros Fuegos y pecados, de Lola Artacho, y La princesa Inca, de Antonio Campos Bernal en Huelva.\" \/>\n<meta name=\"robots\" content=\"index, follow, max-snippet:-1, max-image-preview:large, max-video-preview:-1\" \/>\n<link rel=\"canonical\" href=\"https:\/\/fundacioncajaruraldelsur.com\/pt\/evento\/presentacion-de-los-libros-fuegos-y-pecados-de-lola-artacho-y-la-princesa-inca-de-antonio-campos-bernal\/\" \/>\n<meta property=\"og:locale\" content=\"pt_PT\" \/>\n<meta property=\"og:type\" content=\"article\" \/>\n<meta property=\"og:title\" content=\"Presentaci\u00f3n de los libros &#039;Fuegos y pecados&#039;, de Lola Artacho, y &#039;La princesa inca&#039; de Antonio Campos Bernal - Fundaci\u00f3n Caja Rural del Sur\" \/>\n<meta property=\"og:description\" content=\"El pr\u00f3ximo 20 de noviembre presentamos los libros Fuegos y pecados, de Lola Artacho, y La princesa Inca, de Antonio Campos Bernal en Huelva.\" \/>\n<meta property=\"og:url\" content=\"https:\/\/fundacioncajaruraldelsur.com\/pt\/evento\/presentacion-de-los-libros-fuegos-y-pecados-de-lola-artacho-y-la-princesa-inca-de-antonio-campos-bernal\/\" \/>\n<meta property=\"og:site_name\" content=\"Fundaci\u00f3n Caja Rural del Sur\" \/>\n<meta property=\"og:image\" content=\"https:\/\/fundacioncajaruraldelsur.com\/wp-content\/uploads\/2020\/09\/presentacion_libro.jpg\" \/>\n\t<meta property=\"og:image:width\" content=\"1924\" \/>\n\t<meta property=\"og:image:height\" content=\"500\" \/>\n\t<meta property=\"og:image:type\" content=\"image\/jpeg\" \/>\n<meta name=\"twitter:card\" content=\"summary_large_image\" \/>\n<meta name=\"twitter:label1\" content=\"Est. reading time\" \/>\n\t<meta name=\"twitter:data1\" content=\"1 minute\" \/>\n<script type=\"application\/ld+json\" class=\"yoast-schema-graph\">{\"@context\":\"https:\\\/\\\/schema.org\",\"@graph\":[{\"@type\":\"WebPage\",\"@id\":\"https:\\\/\\\/fundacioncajaruraldelsur.com\\\/evento\\\/presentacion-de-los-libros-fuegos-y-pecados-de-lola-artacho-y-la-princesa-inca-de-antonio-campos-bernal\\\/\",\"url\":\"https:\\\/\\\/fundacioncajaruraldelsur.com\\\/evento\\\/presentacion-de-los-libros-fuegos-y-pecados-de-lola-artacho-y-la-princesa-inca-de-antonio-campos-bernal\\\/\",\"name\":\"Presentaci\u00f3n de los libros 'Fuegos y pecados', de Lola Artacho, y 'La princesa inca' de Antonio Campos Bernal - Fundaci\u00f3n Caja Rural del Sur\",\"isPartOf\":{\"@id\":\"https:\\\/\\\/fundacioncajaruraldelsur.com\\\/#website\"},\"primaryImageOfPage\":{\"@id\":\"https:\\\/\\\/fundacioncajaruraldelsur.com\\\/evento\\\/presentacion-de-los-libros-fuegos-y-pecados-de-lola-artacho-y-la-princesa-inca-de-antonio-campos-bernal\\\/#primaryimage\"},\"image\":{\"@id\":\"https:\\\/\\\/fundacioncajaruraldelsur.com\\\/evento\\\/presentacion-de-los-libros-fuegos-y-pecados-de-lola-artacho-y-la-princesa-inca-de-antonio-campos-bernal\\\/#primaryimage\"},\"thumbnailUrl\":\"https:\\\/\\\/fundacioncajaruraldelsur.com\\\/wp-content\\\/uploads\\\/2020\\\/09\\\/presentacion_libro.jpg\",\"datePublished\":\"2020-11-18T16:05:11+00:00\",\"description\":\"El pr\u00f3ximo 20 de noviembre presentamos los libros Fuegos y pecados, de Lola Artacho, y La princesa Inca, de Antonio Campos Bernal en Huelva.\",\"breadcrumb\":{\"@id\":\"https:\\\/\\\/fundacioncajaruraldelsur.com\\\/evento\\\/presentacion-de-los-libros-fuegos-y-pecados-de-lola-artacho-y-la-princesa-inca-de-antonio-campos-bernal\\\/#breadcrumb\"},\"inLanguage\":\"pt-PT\",\"potentialAction\":[{\"@type\":\"ReadAction\",\"target\":[\"https:\\\/\\\/fundacioncajaruraldelsur.com\\\/evento\\\/presentacion-de-los-libros-fuegos-y-pecados-de-lola-artacho-y-la-princesa-inca-de-antonio-campos-bernal\\\/\"]}]},{\"@type\":\"ImageObject\",\"inLanguage\":\"pt-PT\",\"@id\":\"https:\\\/\\\/fundacioncajaruraldelsur.com\\\/evento\\\/presentacion-de-los-libros-fuegos-y-pecados-de-lola-artacho-y-la-princesa-inca-de-antonio-campos-bernal\\\/#primaryimage\",\"url\":\"https:\\\/\\\/fundacioncajaruraldelsur.com\\\/wp-content\\\/uploads\\\/2020\\\/09\\\/presentacion_libro.jpg\",\"contentUrl\":\"https:\\\/\\\/fundacioncajaruraldelsur.com\\\/wp-content\\\/uploads\\\/2020\\\/09\\\/presentacion_libro.jpg\",\"width\":1924,\"height\":500},{\"@type\":\"BreadcrumbList\",\"@id\":\"https:\\\/\\\/fundacioncajaruraldelsur.com\\\/evento\\\/presentacion-de-los-libros-fuegos-y-pecados-de-lola-artacho-y-la-princesa-inca-de-antonio-campos-bernal\\\/#breadcrumb\",\"itemListElement\":[{\"@type\":\"ListItem\",\"position\":1,\"name\":\"Portada\",\"item\":\"https:\\\/\\\/fundacioncajaruraldelsur.com\\\/\"},{\"@type\":\"ListItem\",\"position\":2,\"name\":\"Eventos\",\"item\":\"https:\\\/\\\/fundacioncajaruraldelsur.com\\\/eventos\\\/\"},{\"@type\":\"ListItem\",\"position\":3,\"name\":\"Presentaci\u00f3n de los libros &#8216;Fuegos y pecados&#8217;, de Lola Artacho, y &#8216;La princesa inca&#8217; de Antonio Campos Bernal\"}]},{\"@type\":\"WebSite\",\"@id\":\"https:\\\/\\\/fundacioncajaruraldelsur.com\\\/#website\",\"url\":\"https:\\\/\\\/fundacioncajaruraldelsur.com\\\/\",\"name\":\"Fundaci\u00f3n Caja Rural del Sur\",\"description\":\"\",\"potentialAction\":[{\"@type\":\"SearchAction\",\"target\":{\"@type\":\"EntryPoint\",\"urlTemplate\":\"https:\\\/\\\/fundacioncajaruraldelsur.com\\\/?s={search_term_string}\"},\"query-input\":{\"@type\":\"PropertyValueSpecification\",\"valueRequired\":true,\"valueName\":\"search_term_string\"}}],\"inLanguage\":\"pt-PT\"}]}<\/script>\n<!-- \/ Yoast SEO plugin. -->","yoast_head_json":{"title":"Presentaci\u00f3n de los libros 'Fuegos y pecados', de Lola Artacho, y 'La princesa inca' de Antonio Campos Bernal - Fundaci\u00f3n Caja Rural del Sur","description":"El pr\u00f3ximo 20 de noviembre presentamos los libros Fuegos y pecados, de Lola Artacho, y La princesa Inca, de Antonio Campos Bernal en Huelva.","robots":{"index":"index","follow":"follow","max-snippet":"max-snippet:-1","max-image-preview":"max-image-preview:large","max-video-preview":"max-video-preview:-1"},"canonical":"https:\/\/fundacioncajaruraldelsur.com\/pt\/evento\/presentacion-de-los-libros-fuegos-y-pecados-de-lola-artacho-y-la-princesa-inca-de-antonio-campos-bernal\/","og_locale":"pt_PT","og_type":"article","og_title":"Presentaci\u00f3n de los libros 'Fuegos y pecados', de Lola Artacho, y 'La princesa inca' de Antonio Campos Bernal - Fundaci\u00f3n Caja Rural del Sur","og_description":"El pr\u00f3ximo 20 de noviembre presentamos los libros Fuegos y pecados, de Lola Artacho, y La princesa Inca, de Antonio Campos Bernal en Huelva.","og_url":"https:\/\/fundacioncajaruraldelsur.com\/pt\/evento\/presentacion-de-los-libros-fuegos-y-pecados-de-lola-artacho-y-la-princesa-inca-de-antonio-campos-bernal\/","og_site_name":"Fundaci\u00f3n Caja Rural del Sur","og_image":[{"width":1924,"height":500,"url":"https:\/\/fundacioncajaruraldelsur.com\/wp-content\/uploads\/2020\/09\/presentacion_libro.jpg","type":"image\/jpeg"}],"twitter_card":"summary_large_image","twitter_misc":{"Est. reading time":"1 minute"},"schema":{"@context":"https:\/\/schema.org","@graph":[{"@type":"WebPage","@id":"https:\/\/fundacioncajaruraldelsur.com\/evento\/presentacion-de-los-libros-fuegos-y-pecados-de-lola-artacho-y-la-princesa-inca-de-antonio-campos-bernal\/","url":"https:\/\/fundacioncajaruraldelsur.com\/evento\/presentacion-de-los-libros-fuegos-y-pecados-de-lola-artacho-y-la-princesa-inca-de-antonio-campos-bernal\/","name":"Presentaci\u00f3n de los libros 'Fuegos y pecados', de Lola Artacho, y 'La princesa inca' de Antonio Campos Bernal - Fundaci\u00f3n Caja Rural del Sur","isPartOf":{"@id":"https:\/\/fundacioncajaruraldelsur.com\/#website"},"primaryImageOfPage":{"@id":"https:\/\/fundacioncajaruraldelsur.com\/evento\/presentacion-de-los-libros-fuegos-y-pecados-de-lola-artacho-y-la-princesa-inca-de-antonio-campos-bernal\/#primaryimage"},"image":{"@id":"https:\/\/fundacioncajaruraldelsur.com\/evento\/presentacion-de-los-libros-fuegos-y-pecados-de-lola-artacho-y-la-princesa-inca-de-antonio-campos-bernal\/#primaryimage"},"thumbnailUrl":"https:\/\/fundacioncajaruraldelsur.com\/wp-content\/uploads\/2020\/09\/presentacion_libro.jpg","datePublished":"2020-11-18T16:05:11+00:00","description":"El pr\u00f3ximo 20 de noviembre presentamos los libros Fuegos y pecados, de Lola Artacho, y La princesa Inca, de Antonio Campos Bernal en Huelva.","breadcrumb":{"@id":"https:\/\/fundacioncajaruraldelsur.com\/evento\/presentacion-de-los-libros-fuegos-y-pecados-de-lola-artacho-y-la-princesa-inca-de-antonio-campos-bernal\/#breadcrumb"},"inLanguage":"pt-PT","potentialAction":[{"@type":"ReadAction","target":["https:\/\/fundacioncajaruraldelsur.com\/evento\/presentacion-de-los-libros-fuegos-y-pecados-de-lola-artacho-y-la-princesa-inca-de-antonio-campos-bernal\/"]}]},{"@type":"ImageObject","inLanguage":"pt-PT","@id":"https:\/\/fundacioncajaruraldelsur.com\/evento\/presentacion-de-los-libros-fuegos-y-pecados-de-lola-artacho-y-la-princesa-inca-de-antonio-campos-bernal\/#primaryimage","url":"https:\/\/fundacioncajaruraldelsur.com\/wp-content\/uploads\/2020\/09\/presentacion_libro.jpg","contentUrl":"https:\/\/fundacioncajaruraldelsur.com\/wp-content\/uploads\/2020\/09\/presentacion_libro.jpg","width":1924,"height":500},{"@type":"BreadcrumbList","@id":"https:\/\/fundacioncajaruraldelsur.com\/evento\/presentacion-de-los-libros-fuegos-y-pecados-de-lola-artacho-y-la-princesa-inca-de-antonio-campos-bernal\/#breadcrumb","itemListElement":[{"@type":"ListItem","position":1,"name":"Portada","item":"https:\/\/fundacioncajaruraldelsur.com\/"},{"@type":"ListItem","position":2,"name":"Eventos","item":"https:\/\/fundacioncajaruraldelsur.com\/eventos\/"},{"@type":"ListItem","position":3,"name":"Presentaci\u00f3n de los libros &#8216;Fuegos y pecados&#8217;, de Lola Artacho, y &#8216;La princesa inca&#8217; de Antonio Campos Bernal"}]},{"@type":"WebSite","@id":"https:\/\/fundacioncajaruraldelsur.com\/#website","url":"https:\/\/fundacioncajaruraldelsur.com\/","name":"Funda\u00e7\u00e3o Caja Rural del Sur","description":"","potentialAction":[{"@type":"SearchAction","target":{"@type":"EntryPoint","urlTemplate":"https:\/\/fundacioncajaruraldelsur.com\/?s={search_term_string}"},"query-input":{"@type":"PropertyValueSpecification","valueRequired":true,"valueName":"search_term_string"}}],"inLanguage":"pt-PT"}]}},"_links":{"self":[{"href":"https:\/\/fundacioncajaruraldelsur.com\/pt\/wp-json\/wp\/v2\/tribe_events\/6054","targetHints":{"allow":["GET"]}}],"collection":[{"href":"https:\/\/fundacioncajaruraldelsur.com\/pt\/wp-json\/wp\/v2\/tribe_events"}],"about":[{"href":"https:\/\/fundacioncajaruraldelsur.com\/pt\/wp-json\/wp\/v2\/types\/tribe_events"}],"author":[{"embeddable":true,"href":"https:\/\/fundacioncajaruraldelsur.com\/pt\/wp-json\/wp\/v2\/users\/8"}],"version-history":[{"count":1,"href":"https:\/\/fundacioncajaruraldelsur.com\/pt\/wp-json\/wp\/v2\/tribe_events\/6054\/revisions"}],"predecessor-version":[{"id":6056,"href":"https:\/\/fundacioncajaruraldelsur.com\/pt\/wp-json\/wp\/v2\/tribe_events\/6054\/revisions\/6056"}],"wp:featuredmedia":[{"embeddable":true,"href":"https:\/\/fundacioncajaruraldelsur.com\/pt\/wp-json\/wp\/v2\/media\/5938"}],"wp:attachment":[{"href":"https:\/\/fundacioncajaruraldelsur.com\/pt\/wp-json\/wp\/v2\/media?parent=6054"}],"wp:term":[{"taxonomy":"post_tag","embeddable":true,"href":"https:\/\/fundacioncajaruraldelsur.com\/pt\/wp-json\/wp\/v2\/tags?post=6054"},{"taxonomy":"tribe_events_cat","embeddable":true,"href":"https:\/\/fundacioncajaruraldelsur.com\/pt\/wp-json\/wp\/v2\/tribe_events_cat?post=6054"}],"curies":[{"name":"wp","href":"https:\/\/api.w.org\/{rel}","templated":true}]}}