{"id":6038,"date":"2020-11-03T13:51:38","date_gmt":"2020-11-03T11:51:38","guid":{"rendered":"\/?post_type=tribe_events&#038;p=6038"},"modified":"2020-11-03T13:51:38","modified_gmt":"2020-11-03T11:51:38","slug":"jornadas-virtuales-cooperativas-agroalimentarias-frente-al-covid-19","status":"publish","type":"tribe_events","link":"https:\/\/fundacioncajaruraldelsur.com\/pt\/evento\/jornadas-virtuales-cooperativas-agroalimentarias-frente-al-covid-19\/","title":{"rendered":"Jornadas virtuales: Cooperativas agroalimentarias frente al Covid-19"},"content":{"rendered":"<p>O <strong>pr\u00f3ximo mi\u00e9rcoles 18 de noviembre<\/strong>, tendr\u00e1 lugar el inicio de las <strong>jornadas virtuales de formaci\u00f3n espec\u00edfica para las cooperativas agroalimentarias frente al COVID-19<\/strong>. <a href=\"https:\/\/www.santelmo.org\"><strong>San Telmo Business School<\/strong><\/a> consciente de la preocupaci\u00f3n por parte de los Consejos Rectores para gobernar las Cooperativas en las circunstancias que nos rodean, lanza junto a Caja Rural del Sur, cuatro sesiones gratuitas imprescindibles para afrontar esta crisis.<\/p>\n<p>Esta alianza a\u00fana el profundo conocimiento que la escuela de negocios tiene del entorno y tejido empresarial, as\u00ed como en formaci\u00f3n especializada; con la experiencia en asesoramiento y planificaci\u00f3n financiera en el sector agro de Caja Rural del Sur. Ambas entidades, comprometidas con la actividad empresarial, han apostado por ofrecer estas jornadas frente al COVID-19 <strong>de forma gratuita<\/strong>.<\/p>\n<p>Los participantes adquirir\u00e1n las habilidades necesarias para interpretar el mercado y el negocio, supervisar la evoluci\u00f3n de la Cooperativa, asegurar la solvencia y la liquidez, as\u00ed como a gobernar y liderar con eficacia.<\/p>\n<p>La escuela de negocios, que se mantiene a la vanguardia tecnol\u00f3gica, emitir\u00e1 las jornadas orientadas a afrontar las consecuencias del COVID-19 mediante <strong>sesiones virtuales para mayor seguridad de los participantes<\/strong>, especialmente aquellos que est\u00e1n en zonas preventivas o confinadas.<\/p>\n<p>Las jornadas contar\u00e1n con la presencia del <strong>Director General de AGRO Sevilla, Julio Roda; Eduardo Jos\u00e9 Fern\u00e1ndez, Director General Carnes y Vegetales, SL y Enrique de los R\u00edos, Gerente de Unica Group. Asimismo, impartir\u00e1n sesiones los profesores de San Telmo Business School: Bartolom\u00e9 Alarc\u00f3n Cuenca, Josep Mor Figueras, Miguel \u00c1ngel Llano Irusta y Ra\u00fal Adri\u00e1n Iba\u00f1ez Trianteno.<\/strong><\/p>\n<p>Desde el principio, el objetivo de San Telmo es dar respuesta a los directivos y empresarios que necesiten anticiparse a los cambios y prever escenarios futuros. Por ello, estas jornadas virtuales est\u00e1n dirigidas a miembros del Consejo Rector de Cooperativas Agroalimentarias y Cooperativas de todos los eslabones de la Cadena Agroalimentaria (agr\u00edcola, ganadera, suministros, industria, distribuci\u00f3n y servicios).<\/p>\n<h4><strong><u>San Telmo Business School<\/u><\/strong><\/h4>\n<p>La Fundaci\u00f3n San Telmo es una instituci\u00f3n sin \u00e1nimo de lucro, cuyo fin es el desarrollo econ\u00f3mico y empresarial de la sociedad. En 1982, con el apoyo acad\u00e9mico de IESE Business School, cre\u00f3 un Centro Internacional de Formaci\u00f3n y Perfeccionamiento para la Alta Direcci\u00f3n de Empresas e Instituciones privadas y p\u00fablicas: San Telmo Business School. Desde su inicio, m\u00e1s de 11.000 empresarios y altos directivos han realizado un programa de formaci\u00f3n o perfeccionamiento en San Telmo. Cuenta con dos sedes permanentes en Sevilla y M\u00e1laga.<\/p>\n<h4><strong><u>Caja Rural del Sur<\/u><\/strong><\/h4>\n<p>Caja Rural del Sur y su Fundaci\u00f3n vienen apoyando desde hace a\u00f1os todas las iniciativas que en el campo de la formaci\u00f3n puedan ser beneficiosas para la actualizaci\u00f3n de la gesti\u00f3n del sector agroalimentario, sobre todo las cooperativas, especialmente en C\u00f3rdoba, Sevilla, Huelva, C\u00e1diz y M\u00e1laga, provincias de Andaluc\u00eda donde se desarrolla nuestra actividad. Caja Rural del Sur considera que \u00e9sta es la mejor manera de lograr el avance de esta actividad productiva, tan importante en la econom\u00eda andaluza, en unos mercados cada vez m\u00e1s competitivos y globalizados. Por tal motivo, esta entidad est\u00e1 al lado de la Fundaci\u00f3n San Telmo en esta tarea de favorecer todas sus iniciativas acad\u00e9micas, que vayan dirigidas a alcanzar estos objetivos, que no son otros que la modernizaci\u00f3n y progreso del mundo rural y cooperativo.<\/p>\n<p>&nbsp;<\/p>\n<h3>*M\u00e1s informaci\u00f3n:<\/h3>\n<p><a href=\"https:\/\/cooperativas.santelmo.org\">https:\/\/cooperativas.santelmo.org<\/a><\/p>\n<h3>*Inscripci\u00f3n:<\/h3>\n<p><a href=\"https:\/\/alumni.santelmo.org\/formulario-registro-evento\/?id=85\">https:\/\/alumni.santelmo.org\/formulario-registro-evento\/?id=85<\/a><\/p>\n<p>&nbsp;<\/p>","protected":false},"excerpt":{"rendered":"<p>El pr\u00f3ximo mi\u00e9rcoles 18 de noviembre, tendr\u00e1 lugar el inicio de las jornadas virtuales de formaci\u00f3n espec\u00edfica para las cooperativas agroalimentarias frente al COVID-19. San Telmo Business School consciente de [&hellip;]<\/p>\n","protected":false},"author":8,"featured_media":6039,"template":"","meta":{"_tribe_events_status":"","_tribe_events_status_reason":"","_tribe_events_is_hybrid":"","_tribe_events_is_virtual":"","_tribe_events_virtual_video_source":"","_tribe_events_virtual_embed_video":"","_tribe_events_virtual_linked_button_text":"","_tribe_events_virtual_linked_button":"","_tribe_events_virtual_show_embed_at":"","_tribe_events_virtual_show_embed_to":[],"_tribe_events_virtual_show_on_event":"","_tribe_events_virtual_show_on_views":"","_tribe_events_virtual_url":"","footnotes":""},"tags":[718,717,713,683,712,188,714,715,716],"tribe_events_cat":[59],"class_list":["post-6038","tribe_events","type-tribe_events","status-publish","has-post-thumbnail","hentry","tag-agricolas","tag-cooperativas","tag-coronavirus","tag-covid19","tag-fundacion-san-telmo","tag-jornadas","tag-medidas","tag-prevencion","tag-produccion","tribe_events_cat-conferencias","cat_conferencias"],"yoast_head":"<!-- This site is optimized with the Yoast SEO plugin v27.3 - https:\/\/yoast.com\/product\/yoast-seo-wordpress\/ -->\n<title>Jornadas virtuales: Cooperativas agroalimentarias frente al Covid-19 - Fundaci\u00f3n Caja Rural del Sur<\/title>\n<meta name=\"description\" content=\"El mi\u00e9rcoles 18 de noviembre, se inician las jornadas virtuales de formaci\u00f3n para las cooperativas agroalimentarias frente al COVID -19.\" \/>\n<meta name=\"robots\" content=\"index, follow, max-snippet:-1, max-image-preview:large, max-video-preview:-1\" \/>\n<link rel=\"canonical\" href=\"https:\/\/fundacioncajaruraldelsur.com\/pt\/evento\/jornadas-virtuales-cooperativas-agroalimentarias-frente-al-covid-19\/\" \/>\n<meta property=\"og:locale\" content=\"pt_PT\" \/>\n<meta property=\"og:type\" content=\"article\" \/>\n<meta property=\"og:title\" content=\"Jornadas virtuales: Cooperativas agroalimentarias frente al Covid-19 - Fundaci\u00f3n Caja Rural del Sur\" \/>\n<meta property=\"og:description\" content=\"El mi\u00e9rcoles 18 de noviembre, se inician las jornadas virtuales de formaci\u00f3n para las cooperativas agroalimentarias frente al COVID -19.\" \/>\n<meta property=\"og:url\" content=\"https:\/\/fundacioncajaruraldelsur.com\/pt\/evento\/jornadas-virtuales-cooperativas-agroalimentarias-frente-al-covid-19\/\" \/>\n<meta property=\"og:site_name\" content=\"Fundaci\u00f3n Caja Rural del Sur\" \/>\n<meta property=\"og:image\" content=\"https:\/\/fundacioncajaruraldelsur.com\/wp-content\/uploads\/2020\/11\/Campo_Jornadas.jpg\" \/>\n\t<meta property=\"og:image:width\" content=\"1925\" \/>\n\t<meta property=\"og:image:height\" content=\"500\" \/>\n\t<meta property=\"og:image:type\" content=\"image\/jpeg\" \/>\n<meta name=\"twitter:card\" content=\"summary_large_image\" \/>\n<meta name=\"twitter:label1\" content=\"Est. reading time\" \/>\n\t<meta name=\"twitter:data1\" content=\"3 minutes\" \/>\n<script type=\"application\/ld+json\" class=\"yoast-schema-graph\">{\"@context\":\"https:\\\/\\\/schema.org\",\"@graph\":[{\"@type\":\"WebPage\",\"@id\":\"https:\\\/\\\/fundacioncajaruraldelsur.com\\\/evento\\\/jornadas-virtuales-cooperativas-agroalimentarias-frente-al-covid-19\\\/\",\"url\":\"https:\\\/\\\/fundacioncajaruraldelsur.com\\\/evento\\\/jornadas-virtuales-cooperativas-agroalimentarias-frente-al-covid-19\\\/\",\"name\":\"Jornadas virtuales: Cooperativas agroalimentarias frente al Covid-19 - Fundaci\u00f3n Caja Rural del Sur\",\"isPartOf\":{\"@id\":\"https:\\\/\\\/fundacioncajaruraldelsur.com\\\/#website\"},\"primaryImageOfPage\":{\"@id\":\"https:\\\/\\\/fundacioncajaruraldelsur.com\\\/evento\\\/jornadas-virtuales-cooperativas-agroalimentarias-frente-al-covid-19\\\/#primaryimage\"},\"image\":{\"@id\":\"https:\\\/\\\/fundacioncajaruraldelsur.com\\\/evento\\\/jornadas-virtuales-cooperativas-agroalimentarias-frente-al-covid-19\\\/#primaryimage\"},\"thumbnailUrl\":\"https:\\\/\\\/fundacioncajaruraldelsur.com\\\/wp-content\\\/uploads\\\/2020\\\/11\\\/Campo_Jornadas.jpg\",\"datePublished\":\"2020-11-03T11:51:38+00:00\",\"description\":\"El mi\u00e9rcoles 18 de noviembre, se inician las jornadas virtuales de formaci\u00f3n para las cooperativas agroalimentarias frente al COVID -19.\",\"breadcrumb\":{\"@id\":\"https:\\\/\\\/fundacioncajaruraldelsur.com\\\/evento\\\/jornadas-virtuales-cooperativas-agroalimentarias-frente-al-covid-19\\\/#breadcrumb\"},\"inLanguage\":\"pt-PT\",\"potentialAction\":[{\"@type\":\"ReadAction\",\"target\":[\"https:\\\/\\\/fundacioncajaruraldelsur.com\\\/evento\\\/jornadas-virtuales-cooperativas-agroalimentarias-frente-al-covid-19\\\/\"]}]},{\"@type\":\"ImageObject\",\"inLanguage\":\"pt-PT\",\"@id\":\"https:\\\/\\\/fundacioncajaruraldelsur.com\\\/evento\\\/jornadas-virtuales-cooperativas-agroalimentarias-frente-al-covid-19\\\/#primaryimage\",\"url\":\"https:\\\/\\\/fundacioncajaruraldelsur.com\\\/wp-content\\\/uploads\\\/2020\\\/11\\\/Campo_Jornadas.jpg\",\"contentUrl\":\"https:\\\/\\\/fundacioncajaruraldelsur.com\\\/wp-content\\\/uploads\\\/2020\\\/11\\\/Campo_Jornadas.jpg\",\"width\":1925,\"height\":500},{\"@type\":\"BreadcrumbList\",\"@id\":\"https:\\\/\\\/fundacioncajaruraldelsur.com\\\/evento\\\/jornadas-virtuales-cooperativas-agroalimentarias-frente-al-covid-19\\\/#breadcrumb\",\"itemListElement\":[{\"@type\":\"ListItem\",\"position\":1,\"name\":\"Portada\",\"item\":\"https:\\\/\\\/fundacioncajaruraldelsur.com\\\/\"},{\"@type\":\"ListItem\",\"position\":2,\"name\":\"Eventos\",\"item\":\"https:\\\/\\\/fundacioncajaruraldelsur.com\\\/eventos\\\/\"},{\"@type\":\"ListItem\",\"position\":3,\"name\":\"Jornadas virtuales: Cooperativas agroalimentarias frente al Covid-19\"}]},{\"@type\":\"WebSite\",\"@id\":\"https:\\\/\\\/fundacioncajaruraldelsur.com\\\/#website\",\"url\":\"https:\\\/\\\/fundacioncajaruraldelsur.com\\\/\",\"name\":\"Fundaci\u00f3n Caja Rural del Sur\",\"description\":\"\",\"potentialAction\":[{\"@type\":\"SearchAction\",\"target\":{\"@type\":\"EntryPoint\",\"urlTemplate\":\"https:\\\/\\\/fundacioncajaruraldelsur.com\\\/?s={search_term_string}\"},\"query-input\":{\"@type\":\"PropertyValueSpecification\",\"valueRequired\":true,\"valueName\":\"search_term_string\"}}],\"inLanguage\":\"pt-PT\"}]}<\/script>\n<!-- \/ Yoast SEO plugin. -->","yoast_head_json":{"title":"Jornadas virtuales: Cooperativas agroalimentarias frente al Covid-19 - Fundaci\u00f3n Caja Rural del Sur","description":"El mi\u00e9rcoles 18 de noviembre, se inician las jornadas virtuales de formaci\u00f3n para las cooperativas agroalimentarias frente al COVID -19.","robots":{"index":"index","follow":"follow","max-snippet":"max-snippet:-1","max-image-preview":"max-image-preview:large","max-video-preview":"max-video-preview:-1"},"canonical":"https:\/\/fundacioncajaruraldelsur.com\/pt\/evento\/jornadas-virtuales-cooperativas-agroalimentarias-frente-al-covid-19\/","og_locale":"pt_PT","og_type":"article","og_title":"Jornadas virtuales: Cooperativas agroalimentarias frente al Covid-19 - Fundaci\u00f3n Caja Rural del Sur","og_description":"El mi\u00e9rcoles 18 de noviembre, se inician las jornadas virtuales de formaci\u00f3n para las cooperativas agroalimentarias frente al COVID -19.","og_url":"https:\/\/fundacioncajaruraldelsur.com\/pt\/evento\/jornadas-virtuales-cooperativas-agroalimentarias-frente-al-covid-19\/","og_site_name":"Fundaci\u00f3n Caja Rural del Sur","og_image":[{"width":1925,"height":500,"url":"https:\/\/fundacioncajaruraldelsur.com\/wp-content\/uploads\/2020\/11\/Campo_Jornadas.jpg","type":"image\/jpeg"}],"twitter_card":"summary_large_image","twitter_misc":{"Est. reading time":"3 minutes"},"schema":{"@context":"https:\/\/schema.org","@graph":[{"@type":"WebPage","@id":"https:\/\/fundacioncajaruraldelsur.com\/evento\/jornadas-virtuales-cooperativas-agroalimentarias-frente-al-covid-19\/","url":"https:\/\/fundacioncajaruraldelsur.com\/evento\/jornadas-virtuales-cooperativas-agroalimentarias-frente-al-covid-19\/","name":"Jornadas virtuales: Cooperativas agroalimentarias frente al Covid-19 - Fundaci\u00f3n Caja Rural del Sur","isPartOf":{"@id":"https:\/\/fundacioncajaruraldelsur.com\/#website"},"primaryImageOfPage":{"@id":"https:\/\/fundacioncajaruraldelsur.com\/evento\/jornadas-virtuales-cooperativas-agroalimentarias-frente-al-covid-19\/#primaryimage"},"image":{"@id":"https:\/\/fundacioncajaruraldelsur.com\/evento\/jornadas-virtuales-cooperativas-agroalimentarias-frente-al-covid-19\/#primaryimage"},"thumbnailUrl":"https:\/\/fundacioncajaruraldelsur.com\/wp-content\/uploads\/2020\/11\/Campo_Jornadas.jpg","datePublished":"2020-11-03T11:51:38+00:00","description":"El mi\u00e9rcoles 18 de noviembre, se inician las jornadas virtuales de formaci\u00f3n para las cooperativas agroalimentarias frente al COVID -19.","breadcrumb":{"@id":"https:\/\/fundacioncajaruraldelsur.com\/evento\/jornadas-virtuales-cooperativas-agroalimentarias-frente-al-covid-19\/#breadcrumb"},"inLanguage":"pt-PT","potentialAction":[{"@type":"ReadAction","target":["https:\/\/fundacioncajaruraldelsur.com\/evento\/jornadas-virtuales-cooperativas-agroalimentarias-frente-al-covid-19\/"]}]},{"@type":"ImageObject","inLanguage":"pt-PT","@id":"https:\/\/fundacioncajaruraldelsur.com\/evento\/jornadas-virtuales-cooperativas-agroalimentarias-frente-al-covid-19\/#primaryimage","url":"https:\/\/fundacioncajaruraldelsur.com\/wp-content\/uploads\/2020\/11\/Campo_Jornadas.jpg","contentUrl":"https:\/\/fundacioncajaruraldelsur.com\/wp-content\/uploads\/2020\/11\/Campo_Jornadas.jpg","width":1925,"height":500},{"@type":"BreadcrumbList","@id":"https:\/\/fundacioncajaruraldelsur.com\/evento\/jornadas-virtuales-cooperativas-agroalimentarias-frente-al-covid-19\/#breadcrumb","itemListElement":[{"@type":"ListItem","position":1,"name":"Portada","item":"https:\/\/fundacioncajaruraldelsur.com\/"},{"@type":"ListItem","position":2,"name":"Eventos","item":"https:\/\/fundacioncajaruraldelsur.com\/eventos\/"},{"@type":"ListItem","position":3,"name":"Jornadas virtuales: Cooperativas agroalimentarias frente al Covid-19"}]},{"@type":"WebSite","@id":"https:\/\/fundacioncajaruraldelsur.com\/#website","url":"https:\/\/fundacioncajaruraldelsur.com\/","name":"Funda\u00e7\u00e3o Caja Rural del Sur","description":"","potentialAction":[{"@type":"SearchAction","target":{"@type":"EntryPoint","urlTemplate":"https:\/\/fundacioncajaruraldelsur.com\/?s={search_term_string}"},"query-input":{"@type":"PropertyValueSpecification","valueRequired":true,"valueName":"search_term_string"}}],"inLanguage":"pt-PT"}]}},"_links":{"self":[{"href":"https:\/\/fundacioncajaruraldelsur.com\/pt\/wp-json\/wp\/v2\/tribe_events\/6038","targetHints":{"allow":["GET"]}}],"collection":[{"href":"https:\/\/fundacioncajaruraldelsur.com\/pt\/wp-json\/wp\/v2\/tribe_events"}],"about":[{"href":"https:\/\/fundacioncajaruraldelsur.com\/pt\/wp-json\/wp\/v2\/types\/tribe_events"}],"author":[{"embeddable":true,"href":"https:\/\/fundacioncajaruraldelsur.com\/pt\/wp-json\/wp\/v2\/users\/8"}],"version-history":[{"count":3,"href":"https:\/\/fundacioncajaruraldelsur.com\/pt\/wp-json\/wp\/v2\/tribe_events\/6038\/revisions"}],"predecessor-version":[{"id":6043,"href":"https:\/\/fundacioncajaruraldelsur.com\/pt\/wp-json\/wp\/v2\/tribe_events\/6038\/revisions\/6043"}],"wp:featuredmedia":[{"embeddable":true,"href":"https:\/\/fundacioncajaruraldelsur.com\/pt\/wp-json\/wp\/v2\/media\/6039"}],"wp:attachment":[{"href":"https:\/\/fundacioncajaruraldelsur.com\/pt\/wp-json\/wp\/v2\/media?parent=6038"}],"wp:term":[{"taxonomy":"post_tag","embeddable":true,"href":"https:\/\/fundacioncajaruraldelsur.com\/pt\/wp-json\/wp\/v2\/tags?post=6038"},{"taxonomy":"tribe_events_cat","embeddable":true,"href":"https:\/\/fundacioncajaruraldelsur.com\/pt\/wp-json\/wp\/v2\/tribe_events_cat?post=6038"}],"curies":[{"name":"wp","href":"https:\/\/api.w.org\/{rel}","templated":true}]}}