{"id":5818,"date":"2020-07-21T17:57:52","date_gmt":"2020-07-21T15:57:52","guid":{"rendered":"\/?post_type=tribe_events&#038;p=5818"},"modified":"2020-07-21T17:57:52","modified_gmt":"2020-07-21T15:57:52","slug":"concierto-homenaje-a-los-sanitarios-fuerzas-y-cuerpos-de-seguridad-de-cordoba-por-su-lucha-contra-el-covid19","status":"publish","type":"tribe_events","link":"https:\/\/fundacioncajaruraldelsur.com\/pt\/evento\/concierto-homenaje-a-los-sanitarios-fuerzas-y-cuerpos-de-seguridad-de-cordoba-por-su-lucha-contra-el-covid19\/","title":{"rendered":"Concierto homenaje a los sanitarios, fuerzas y cuerpos de seguridad de C\u00f3rdoba por su lucha contra el COVID19"},"content":{"rendered":"<h4 style=\"text-align: center;\">LOS EMPRESARIOS DICEN: GRACIAS C\u00d3RDOBA<\/h4>\n<p style=\"text-align: center;\"><strong>Concierto en reconocimiento de los empresarios a los sanitarios y las fuerzas y cuerpos de seguridad<\/strong><\/p>\n<p>A <a href=\"https:\/\/ceco-cordoba.es\"><strong>Confederaci\u00f3n de Empresarios de C\u00f3rdoba<\/strong><\/a>, en colaboraci\u00f3n con el Ayuntamiento de C\u00f3rdoba, la Diputaci\u00f3n, la Junta de Andaluc\u00eda, la Subdelegaci\u00f3n del Gobierno y el Cabildo Catedral de C\u00f3rdoba, junto a SADECO, el IMTUR, la Orquesta de C\u00f3rdoba, Bankia, la Fundaci\u00f3n Caja Rural, Cemento Cosmos, ENRESA, Cervezas Alhambra y el Grupo PACC Seguros, y en nombre de las empresas de C\u00f3rdoba, quieren reconocer el extraordinario trabajo que los sanitarios y las fuerzas y cuerpos de seguridad est\u00e1n realizando en la lucha contra la COVID-19.<\/p>\n<p><strong>LOS EMPRESARIOS DICEN: \u201cGRACIAS C\u00d3RDOBA\u201d<\/strong> es el homenaje del tejido empresarial de nuestra provincia a los sanitarios y las fuerzas y cuerpos de seguridad, agradeciendo su buen hacer y el esfuerzo que est\u00e1n realizado en este tiempo. Este acto de reconocimiento, que contar\u00e1 con una representaci\u00f3n de la Orquesta de C\u00f3rdoba, tendr\u00e1 lugar el pr\u00f3ximo <strong>lunes 27 de Julio, en el Patio de los Naranjos de la Mezquita-Catedral de C\u00f3rdoba, a partir de las 21.30 horas.<\/strong><\/p>\n<p>La asistencia al acto es por invitaci\u00f3n.<\/p>","protected":false},"excerpt":{"rendered":"<p>LOS EMPRESARIOS DICEN: GRACIAS C\u00d3RDOBA Concierto en reconocimiento de los empresarios a los sanitarios y las fuerzas y cuerpos de seguridad La Confederaci\u00f3n de Empresarios de C\u00f3rdoba, en colaboraci\u00f3n con [&hellip;]<\/p>\n","protected":false},"author":8,"featured_media":4982,"template":"","meta":{"_tribe_events_status":"","_tribe_events_status_reason":"","_tribe_events_is_hybrid":"","_tribe_events_is_virtual":"","_tribe_events_virtual_video_source":"","_tribe_events_virtual_embed_video":"","_tribe_events_virtual_linked_button_text":"","_tribe_events_virtual_linked_button":"","_tribe_events_virtual_show_embed_at":"","_tribe_events_virtual_show_embed_to":[],"_tribe_events_virtual_show_on_event":"","_tribe_events_virtual_show_on_views":"","_tribe_events_virtual_url":"","footnotes":""},"tags":[680,673,93,683,674,672,678,679,677,675,682,681,676,684],"tribe_events_cat":[118],"class_list":["post-5818","tribe_events","type-tribe_events","status-publish","has-post-thumbnail","hentry","tag-bankia","tag-ceco","tag-cordoba","tag-covid19","tag-diputacion","tag-empresarios","tag-enresa","tag-grupo-pacc","tag-imtur","tag-junta-de-andalucia","tag-mezquita","tag-orquesta-de-cordoba","tag-sadeco","tag-sanitarios","tribe_events_cat-conciertos","cat_conciertos"],"yoast_head":"<!-- This site is optimized with the Yoast SEO plugin v27.3 - https:\/\/yoast.com\/product\/yoast-seo-wordpress\/ -->\n<title>Concierto homenaje a los sanitarios, fuerzas y cuerpos de seguridad de C\u00f3rdoba por su lucha contra el COVID19 - Fundaci\u00f3n Caja Rural del Sur<\/title>\n<meta name=\"description\" content=\"La Confederaci\u00f3n de Empresarios de C\u00f3rdoba junto a otras entidades quieren reconocer el extraordinario trabajo que los sanitarios y las fuerzas y cuerpos de seguridad est\u00e1n realizando en la lucha contra la COVID-19.\" \/>\n<meta name=\"robots\" content=\"index, follow, max-snippet:-1, max-image-preview:large, max-video-preview:-1\" \/>\n<link rel=\"canonical\" href=\"https:\/\/fundacioncajaruraldelsur.com\/pt\/evento\/concierto-homenaje-a-los-sanitarios-fuerzas-y-cuerpos-de-seguridad-de-cordoba-por-su-lucha-contra-el-covid19\/\" \/>\n<meta property=\"og:locale\" content=\"pt_PT\" \/>\n<meta property=\"og:type\" content=\"article\" \/>\n<meta property=\"og:title\" content=\"Concierto homenaje a los sanitarios, fuerzas y cuerpos de seguridad de C\u00f3rdoba por su lucha contra el COVID19 - Fundaci\u00f3n Caja Rural del Sur\" \/>\n<meta property=\"og:description\" content=\"La Confederaci\u00f3n de Empresarios de C\u00f3rdoba junto a otras entidades quieren reconocer el extraordinario trabajo que los sanitarios y las fuerzas y cuerpos de seguridad est\u00e1n realizando en la lucha contra la COVID-19.\" \/>\n<meta property=\"og:url\" content=\"https:\/\/fundacioncajaruraldelsur.com\/pt\/evento\/concierto-homenaje-a-los-sanitarios-fuerzas-y-cuerpos-de-seguridad-de-cordoba-por-su-lucha-contra-el-covid19\/\" \/>\n<meta property=\"og:site_name\" content=\"Fundaci\u00f3n Caja Rural del Sur\" \/>\n<meta property=\"og:image\" content=\"https:\/\/fundacioncajaruraldelsur.com\/wp-content\/uploads\/2019\/07\/C\u00f3rdoba.jpg\" \/>\n\t<meta property=\"og:image:width\" content=\"1919\" \/>\n\t<meta property=\"og:image:height\" content=\"500\" \/>\n\t<meta property=\"og:image:type\" content=\"image\/jpeg\" \/>\n<meta name=\"twitter:card\" content=\"summary_large_image\" \/>\n<meta name=\"twitter:label1\" content=\"Est. reading time\" \/>\n\t<meta name=\"twitter:data1\" content=\"1 minute\" \/>\n<script type=\"application\/ld+json\" class=\"yoast-schema-graph\">{\"@context\":\"https:\\\/\\\/schema.org\",\"@graph\":[{\"@type\":\"WebPage\",\"@id\":\"https:\\\/\\\/fundacioncajaruraldelsur.com\\\/evento\\\/concierto-homenaje-a-los-sanitarios-fuerzas-y-cuerpos-de-seguridad-de-cordoba-por-su-lucha-contra-el-covid19\\\/\",\"url\":\"https:\\\/\\\/fundacioncajaruraldelsur.com\\\/evento\\\/concierto-homenaje-a-los-sanitarios-fuerzas-y-cuerpos-de-seguridad-de-cordoba-por-su-lucha-contra-el-covid19\\\/\",\"name\":\"Concierto homenaje a los sanitarios, fuerzas y cuerpos de seguridad de C\u00f3rdoba por su lucha contra el COVID19 - Fundaci\u00f3n Caja Rural del Sur\",\"isPartOf\":{\"@id\":\"https:\\\/\\\/fundacioncajaruraldelsur.com\\\/#website\"},\"primaryImageOfPage\":{\"@id\":\"https:\\\/\\\/fundacioncajaruraldelsur.com\\\/evento\\\/concierto-homenaje-a-los-sanitarios-fuerzas-y-cuerpos-de-seguridad-de-cordoba-por-su-lucha-contra-el-covid19\\\/#primaryimage\"},\"image\":{\"@id\":\"https:\\\/\\\/fundacioncajaruraldelsur.com\\\/evento\\\/concierto-homenaje-a-los-sanitarios-fuerzas-y-cuerpos-de-seguridad-de-cordoba-por-su-lucha-contra-el-covid19\\\/#primaryimage\"},\"thumbnailUrl\":\"https:\\\/\\\/fundacioncajaruraldelsur.com\\\/wp-content\\\/uploads\\\/2019\\\/07\\\/C\u00f3rdoba.jpg\",\"datePublished\":\"2020-07-21T15:57:52+00:00\",\"description\":\"La Confederaci\u00f3n de Empresarios de C\u00f3rdoba junto a otras entidades quieren reconocer el extraordinario trabajo que los sanitarios y las fuerzas y cuerpos de seguridad est\u00e1n realizando en la lucha contra la COVID-19.\",\"breadcrumb\":{\"@id\":\"https:\\\/\\\/fundacioncajaruraldelsur.com\\\/evento\\\/concierto-homenaje-a-los-sanitarios-fuerzas-y-cuerpos-de-seguridad-de-cordoba-por-su-lucha-contra-el-covid19\\\/#breadcrumb\"},\"inLanguage\":\"pt-PT\",\"potentialAction\":[{\"@type\":\"ReadAction\",\"target\":[\"https:\\\/\\\/fundacioncajaruraldelsur.com\\\/evento\\\/concierto-homenaje-a-los-sanitarios-fuerzas-y-cuerpos-de-seguridad-de-cordoba-por-su-lucha-contra-el-covid19\\\/\"]}]},{\"@type\":\"ImageObject\",\"inLanguage\":\"pt-PT\",\"@id\":\"https:\\\/\\\/fundacioncajaruraldelsur.com\\\/evento\\\/concierto-homenaje-a-los-sanitarios-fuerzas-y-cuerpos-de-seguridad-de-cordoba-por-su-lucha-contra-el-covid19\\\/#primaryimage\",\"url\":\"https:\\\/\\\/fundacioncajaruraldelsur.com\\\/wp-content\\\/uploads\\\/2019\\\/07\\\/C\u00f3rdoba.jpg\",\"contentUrl\":\"https:\\\/\\\/fundacioncajaruraldelsur.com\\\/wp-content\\\/uploads\\\/2019\\\/07\\\/C\u00f3rdoba.jpg\",\"width\":1919,\"height\":500},{\"@type\":\"BreadcrumbList\",\"@id\":\"https:\\\/\\\/fundacioncajaruraldelsur.com\\\/evento\\\/concierto-homenaje-a-los-sanitarios-fuerzas-y-cuerpos-de-seguridad-de-cordoba-por-su-lucha-contra-el-covid19\\\/#breadcrumb\",\"itemListElement\":[{\"@type\":\"ListItem\",\"position\":1,\"name\":\"Portada\",\"item\":\"https:\\\/\\\/fundacioncajaruraldelsur.com\\\/\"},{\"@type\":\"ListItem\",\"position\":2,\"name\":\"Eventos\",\"item\":\"https:\\\/\\\/fundacioncajaruraldelsur.com\\\/eventos\\\/\"},{\"@type\":\"ListItem\",\"position\":3,\"name\":\"Concierto homenaje a los sanitarios, fuerzas y cuerpos de seguridad de C\u00f3rdoba por su lucha contra el COVID19\"}]},{\"@type\":\"WebSite\",\"@id\":\"https:\\\/\\\/fundacioncajaruraldelsur.com\\\/#website\",\"url\":\"https:\\\/\\\/fundacioncajaruraldelsur.com\\\/\",\"name\":\"Fundaci\u00f3n Caja Rural del Sur\",\"description\":\"\",\"potentialAction\":[{\"@type\":\"SearchAction\",\"target\":{\"@type\":\"EntryPoint\",\"urlTemplate\":\"https:\\\/\\\/fundacioncajaruraldelsur.com\\\/?s={search_term_string}\"},\"query-input\":{\"@type\":\"PropertyValueSpecification\",\"valueRequired\":true,\"valueName\":\"search_term_string\"}}],\"inLanguage\":\"pt-PT\"}]}<\/script>\n<!-- \/ Yoast SEO plugin. -->","yoast_head_json":{"title":"Concierto homenaje a los sanitarios, fuerzas y cuerpos de seguridad de C\u00f3rdoba por su lucha contra el COVID19 - Fundaci\u00f3n Caja Rural del Sur","description":"La Confederaci\u00f3n de Empresarios de C\u00f3rdoba junto a otras entidades quieren reconocer el extraordinario trabajo que los sanitarios y las fuerzas y cuerpos de seguridad est\u00e1n realizando en la lucha contra la COVID-19.","robots":{"index":"index","follow":"follow","max-snippet":"max-snippet:-1","max-image-preview":"max-image-preview:large","max-video-preview":"max-video-preview:-1"},"canonical":"https:\/\/fundacioncajaruraldelsur.com\/pt\/evento\/concierto-homenaje-a-los-sanitarios-fuerzas-y-cuerpos-de-seguridad-de-cordoba-por-su-lucha-contra-el-covid19\/","og_locale":"pt_PT","og_type":"article","og_title":"Concierto homenaje a los sanitarios, fuerzas y cuerpos de seguridad de C\u00f3rdoba por su lucha contra el COVID19 - Fundaci\u00f3n Caja Rural del Sur","og_description":"La Confederaci\u00f3n de Empresarios de C\u00f3rdoba junto a otras entidades quieren reconocer el extraordinario trabajo que los sanitarios y las fuerzas y cuerpos de seguridad est\u00e1n realizando en la lucha contra la COVID-19.","og_url":"https:\/\/fundacioncajaruraldelsur.com\/pt\/evento\/concierto-homenaje-a-los-sanitarios-fuerzas-y-cuerpos-de-seguridad-de-cordoba-por-su-lucha-contra-el-covid19\/","og_site_name":"Fundaci\u00f3n Caja Rural del Sur","og_image":[{"width":1919,"height":500,"url":"https:\/\/fundacioncajaruraldelsur.com\/wp-content\/uploads\/2019\/07\/C\u00f3rdoba.jpg","type":"image\/jpeg"}],"twitter_card":"summary_large_image","twitter_misc":{"Est. reading time":"1 minute"},"schema":{"@context":"https:\/\/schema.org","@graph":[{"@type":"WebPage","@id":"https:\/\/fundacioncajaruraldelsur.com\/evento\/concierto-homenaje-a-los-sanitarios-fuerzas-y-cuerpos-de-seguridad-de-cordoba-por-su-lucha-contra-el-covid19\/","url":"https:\/\/fundacioncajaruraldelsur.com\/evento\/concierto-homenaje-a-los-sanitarios-fuerzas-y-cuerpos-de-seguridad-de-cordoba-por-su-lucha-contra-el-covid19\/","name":"Concierto homenaje a los sanitarios, fuerzas y cuerpos de seguridad de C\u00f3rdoba por su lucha contra el COVID19 - Fundaci\u00f3n Caja Rural del Sur","isPartOf":{"@id":"https:\/\/fundacioncajaruraldelsur.com\/#website"},"primaryImageOfPage":{"@id":"https:\/\/fundacioncajaruraldelsur.com\/evento\/concierto-homenaje-a-los-sanitarios-fuerzas-y-cuerpos-de-seguridad-de-cordoba-por-su-lucha-contra-el-covid19\/#primaryimage"},"image":{"@id":"https:\/\/fundacioncajaruraldelsur.com\/evento\/concierto-homenaje-a-los-sanitarios-fuerzas-y-cuerpos-de-seguridad-de-cordoba-por-su-lucha-contra-el-covid19\/#primaryimage"},"thumbnailUrl":"https:\/\/fundacioncajaruraldelsur.com\/wp-content\/uploads\/2019\/07\/C\u00f3rdoba.jpg","datePublished":"2020-07-21T15:57:52+00:00","description":"La Confederaci\u00f3n de Empresarios de C\u00f3rdoba junto a otras entidades quieren reconocer el extraordinario trabajo que los sanitarios y las fuerzas y cuerpos de seguridad est\u00e1n realizando en la lucha contra la COVID-19.","breadcrumb":{"@id":"https:\/\/fundacioncajaruraldelsur.com\/evento\/concierto-homenaje-a-los-sanitarios-fuerzas-y-cuerpos-de-seguridad-de-cordoba-por-su-lucha-contra-el-covid19\/#breadcrumb"},"inLanguage":"pt-PT","potentialAction":[{"@type":"ReadAction","target":["https:\/\/fundacioncajaruraldelsur.com\/evento\/concierto-homenaje-a-los-sanitarios-fuerzas-y-cuerpos-de-seguridad-de-cordoba-por-su-lucha-contra-el-covid19\/"]}]},{"@type":"ImageObject","inLanguage":"pt-PT","@id":"https:\/\/fundacioncajaruraldelsur.com\/evento\/concierto-homenaje-a-los-sanitarios-fuerzas-y-cuerpos-de-seguridad-de-cordoba-por-su-lucha-contra-el-covid19\/#primaryimage","url":"https:\/\/fundacioncajaruraldelsur.com\/wp-content\/uploads\/2019\/07\/C\u00f3rdoba.jpg","contentUrl":"https:\/\/fundacioncajaruraldelsur.com\/wp-content\/uploads\/2019\/07\/C\u00f3rdoba.jpg","width":1919,"height":500},{"@type":"BreadcrumbList","@id":"https:\/\/fundacioncajaruraldelsur.com\/evento\/concierto-homenaje-a-los-sanitarios-fuerzas-y-cuerpos-de-seguridad-de-cordoba-por-su-lucha-contra-el-covid19\/#breadcrumb","itemListElement":[{"@type":"ListItem","position":1,"name":"Portada","item":"https:\/\/fundacioncajaruraldelsur.com\/"},{"@type":"ListItem","position":2,"name":"Eventos","item":"https:\/\/fundacioncajaruraldelsur.com\/eventos\/"},{"@type":"ListItem","position":3,"name":"Concierto homenaje a los sanitarios, fuerzas y cuerpos de seguridad de C\u00f3rdoba por su lucha contra el COVID19"}]},{"@type":"WebSite","@id":"https:\/\/fundacioncajaruraldelsur.com\/#website","url":"https:\/\/fundacioncajaruraldelsur.com\/","name":"Funda\u00e7\u00e3o Caja Rural del Sur","description":"","potentialAction":[{"@type":"SearchAction","target":{"@type":"EntryPoint","urlTemplate":"https:\/\/fundacioncajaruraldelsur.com\/?s={search_term_string}"},"query-input":{"@type":"PropertyValueSpecification","valueRequired":true,"valueName":"search_term_string"}}],"inLanguage":"pt-PT"}]}},"_links":{"self":[{"href":"https:\/\/fundacioncajaruraldelsur.com\/pt\/wp-json\/wp\/v2\/tribe_events\/5818","targetHints":{"allow":["GET"]}}],"collection":[{"href":"https:\/\/fundacioncajaruraldelsur.com\/pt\/wp-json\/wp\/v2\/tribe_events"}],"about":[{"href":"https:\/\/fundacioncajaruraldelsur.com\/pt\/wp-json\/wp\/v2\/types\/tribe_events"}],"author":[{"embeddable":true,"href":"https:\/\/fundacioncajaruraldelsur.com\/pt\/wp-json\/wp\/v2\/users\/8"}],"version-history":[{"count":3,"href":"https:\/\/fundacioncajaruraldelsur.com\/pt\/wp-json\/wp\/v2\/tribe_events\/5818\/revisions"}],"predecessor-version":[{"id":5824,"href":"https:\/\/fundacioncajaruraldelsur.com\/pt\/wp-json\/wp\/v2\/tribe_events\/5818\/revisions\/5824"}],"wp:featuredmedia":[{"embeddable":true,"href":"https:\/\/fundacioncajaruraldelsur.com\/pt\/wp-json\/wp\/v2\/media\/4982"}],"wp:attachment":[{"href":"https:\/\/fundacioncajaruraldelsur.com\/pt\/wp-json\/wp\/v2\/media?parent=5818"}],"wp:term":[{"taxonomy":"post_tag","embeddable":true,"href":"https:\/\/fundacioncajaruraldelsur.com\/pt\/wp-json\/wp\/v2\/tags?post=5818"},{"taxonomy":"tribe_events_cat","embeddable":true,"href":"https:\/\/fundacioncajaruraldelsur.com\/pt\/wp-json\/wp\/v2\/tribe_events_cat?post=5818"}],"curies":[{"name":"wp","href":"https:\/\/api.w.org\/{rel}","templated":true}]}}