{"id":5463,"date":"2020-01-13T19:24:11","date_gmt":"2020-01-13T17:24:11","guid":{"rendered":"\/?post_type=tribe_events&#038;p=5463"},"modified":"2020-01-13T19:24:11","modified_gmt":"2020-01-13T17:24:11","slug":"conferencia-el-legado-de-isidro-pinedo-vara-y-su-contribucion-a-la-mineria-y-desarrollo-industrial-de-huelva","status":"publish","type":"tribe_events","link":"https:\/\/fundacioncajaruraldelsur.com\/pt\/evento\/conferencia-el-legado-de-isidro-pinedo-vara-y-su-contribucion-a-la-mineria-y-desarrollo-industrial-de-huelva\/","title":{"rendered":"Conferencia: \u00abEl legado de Isidro Pinedo Vara y su contribuci\u00f3n a la miner\u00eda y desarrollo industrial de Huelva\u00bb"},"content":{"rendered":"<p>El pr\u00f3ximo mi\u00e9rcoles acogemos la conferencia de Juan Carlos Fern\u00e1ndez Caliani, bajo el t\u00edtulo\u00a0<em><strong>El legado de Isidro Pinedo Vara y su contribuci\u00f3n a la miner\u00eda y desarrollo industrial de Huelva<\/strong><\/em>. Todo ello siguiendo el ciclo de conferencias organizado por la <strong>Fundaci\u00f3n Juan Manuel Flores Jimeno<\/strong>, <em><strong>Reflexiones sobre Huelva<\/strong><\/em>.<\/p>\n<h3>LA CONFERENCIA<\/h3>\n<p>El ingeniero de minas <strong>don Isidro Pinedo Vara<\/strong> desarroll\u00f3 una intensa y fruct\u00edfera actividad profesional entre 1942 y 1982 en la provincia de <strong>Huelva<\/strong>, como funcionario al servicio de la Hacienda P\u00fablica, como vocal de la Comisi\u00f3n Gestora Piritas Espa\u00f1olas, creada por el Instituto Nacional de Industria (INI) en 1951, y como <strong>director de la Divisi\u00f3n Minera<\/strong> del Departamento de Piritas de AUXINI. En su archivo de gesti\u00f3n, actualmente integrado en el Archivo Municipal de Cala\u00f1as, se conserva una documentaci\u00f3n sustanciosa, en gran parte in\u00e9dita, y esclarecedora de importantes acontecimientos relacionados con el devenir de la miner\u00eda y el proceso de industrializaci\u00f3n de Huelva en la segunda mitad del siglo XX.<\/p>\n<p>El estudio descriptivo y anal\u00edtico de su legado documental ha permitido dar a conocer nuevos aspectos sobre la <strong>evoluci\u00f3n de la pol\u00edtica minera franquista en la Faja Pir\u00edtica<\/strong>, desde su primera etapa aut\u00e1rquica e intervencionista hasta la entrada de la empresa privada en la zona reservada a favor del Estado, auspiciada por la pol\u00edtica econ\u00f3mica liberalizadora del tardofranquismo, y la crisis terminal de la pirita como mena de azufre.<\/p>\n<p>Por otra parte, la documentaci\u00f3n t\u00e9cnica conservada proporciona algunas claves para comprender mejor la motivaci\u00f3n, el desarrollo y los resultados de la investigaci\u00f3n geol\u00f3gica y de las campa\u00f1as de prospecci\u00f3n geof\u00edsica y sondeos mec\u00e1nicos ejecutadas en la Reserva Estatal, con el fin de localizar nuevos yacimientos de sulfuros masivos ricos en cobre. En particular, se documenta con detalle la contribuci\u00f3n de don Isidro al redescubrimiento y puesta en explotaci\u00f3n de la mina Sotiel y al proceso de valorizaci\u00f3n de los sulfuros polimet\u00e1licos extra\u00eddos de este yacimiento, abriendo as\u00ed un nuevo y prometedor horizonte para la miner\u00eda onubense. Finalmente, se examinan los avances en la investigaci\u00f3n de los procesos minero-metal\u00fargicos enfocados al aprovechamiento integral de la pirita, as\u00ed como el dise\u00f1o y el desenlace de los proyectos industriales del INI para Huelva, inspirados en su libro <em>Piritas de Huelva. Su Historia, Miner\u00eda y Aprovechamiento<\/em>.<\/p>\n<p>&nbsp;<\/p>\n<p>&nbsp;<\/p>\n<p>&nbsp;<\/p>","protected":false},"excerpt":{"rendered":"<p>El pr\u00f3ximo mi\u00e9rcoles acogemos la conferencia de Juan Carlos Fern\u00e1ndez Caliani, bajo el t\u00edtulo\u00a0El legado de Isidro Pinedo Vara y su contribuci\u00f3n a la miner\u00eda y desarrollo industrial de Huelva. [&hellip;]<\/p>\n","protected":false},"author":8,"featured_media":5464,"template":"","meta":{"_tribe_events_status":"","_tribe_events_status_reason":"","_tribe_events_is_hybrid":"","_tribe_events_is_virtual":"","_tribe_events_virtual_video_source":"","_tribe_events_virtual_embed_video":"","_tribe_events_virtual_linked_button_text":"","_tribe_events_virtual_linked_button":"","_tribe_events_virtual_show_embed_at":"","_tribe_events_virtual_show_embed_to":[],"_tribe_events_virtual_show_on_event":"","_tribe_events_virtual_show_on_views":"","_tribe_events_virtual_url":"","footnotes":""},"tags":[168,583,582,169],"tribe_events_cat":[59],"class_list":["post-5463","tribe_events","type-tribe_events","status-publish","has-post-thumbnail","hentry","tag-huelva","tag-isidro-pinero-vara","tag-juan-carlos-fernandez-caliani","tag-mineria","tribe_events_cat-conferencias","cat_conferencias"],"yoast_head":"<!-- This site is optimized with the Yoast SEO plugin v27.3 - https:\/\/yoast.com\/product\/yoast-seo-wordpress\/ -->\n<title>Conferencia: &quot;El legado de Isidro Pinedo Vara y su contribuci\u00f3n a la miner\u00eda y desarrollo industrial de Huelva&quot; - Fundaci\u00f3n Caja Rural del Sur<\/title>\n<meta name=\"description\" content=\"Acogemos la conferencia de Juan Carlos Fern\u00e1ndez Caliani:\u00a0El legado de Isidro Pinedo Vara y su contribuci\u00f3n a la miner\u00eda y desarrollo industrial de Huelva.\" \/>\n<meta name=\"robots\" content=\"index, follow, max-snippet:-1, max-image-preview:large, max-video-preview:-1\" \/>\n<link rel=\"canonical\" href=\"https:\/\/fundacioncajaruraldelsur.com\/pt\/evento\/conferencia-el-legado-de-isidro-pinedo-vara-y-su-contribucion-a-la-mineria-y-desarrollo-industrial-de-huelva\/\" \/>\n<meta property=\"og:locale\" content=\"pt_PT\" \/>\n<meta property=\"og:type\" content=\"article\" \/>\n<meta property=\"og:title\" content=\"Conferencia: &quot;El legado de Isidro Pinedo Vara y su contribuci\u00f3n a la miner\u00eda y desarrollo industrial de Huelva&quot; - Fundaci\u00f3n Caja Rural del Sur\" \/>\n<meta property=\"og:description\" content=\"Acogemos la conferencia de Juan Carlos Fern\u00e1ndez Caliani:\u00a0El legado de Isidro Pinedo Vara y su contribuci\u00f3n a la miner\u00eda y desarrollo industrial de Huelva.\" \/>\n<meta property=\"og:url\" content=\"https:\/\/fundacioncajaruraldelsur.com\/pt\/evento\/conferencia-el-legado-de-isidro-pinedo-vara-y-su-contribucion-a-la-mineria-y-desarrollo-industrial-de-huelva\/\" \/>\n<meta property=\"og:site_name\" content=\"Fundaci\u00f3n Caja Rural del Sur\" \/>\n<meta property=\"og:image\" content=\"https:\/\/fundacioncajaruraldelsur.com\/wp-content\/uploads\/2020\/01\/Mineria.jpg\" \/>\n\t<meta property=\"og:image:width\" content=\"1920\" \/>\n\t<meta property=\"og:image:height\" content=\"500\" \/>\n\t<meta property=\"og:image:type\" content=\"image\/jpeg\" \/>\n<meta name=\"twitter:card\" content=\"summary_large_image\" \/>\n<meta name=\"twitter:label1\" content=\"Est. reading time\" \/>\n\t<meta name=\"twitter:data1\" content=\"2 minutes\" \/>\n<script type=\"application\/ld+json\" class=\"yoast-schema-graph\">{\"@context\":\"https:\\\/\\\/schema.org\",\"@graph\":[{\"@type\":\"WebPage\",\"@id\":\"https:\\\/\\\/fundacioncajaruraldelsur.com\\\/evento\\\/conferencia-el-legado-de-isidro-pinedo-vara-y-su-contribucion-a-la-mineria-y-desarrollo-industrial-de-huelva\\\/\",\"url\":\"https:\\\/\\\/fundacioncajaruraldelsur.com\\\/evento\\\/conferencia-el-legado-de-isidro-pinedo-vara-y-su-contribucion-a-la-mineria-y-desarrollo-industrial-de-huelva\\\/\",\"name\":\"Conferencia: \\\"El legado de Isidro Pinedo Vara y su contribuci\u00f3n a la miner\u00eda y desarrollo industrial de Huelva\\\" - Fundaci\u00f3n Caja Rural del Sur\",\"isPartOf\":{\"@id\":\"https:\\\/\\\/fundacioncajaruraldelsur.com\\\/#website\"},\"primaryImageOfPage\":{\"@id\":\"https:\\\/\\\/fundacioncajaruraldelsur.com\\\/evento\\\/conferencia-el-legado-de-isidro-pinedo-vara-y-su-contribucion-a-la-mineria-y-desarrollo-industrial-de-huelva\\\/#primaryimage\"},\"image\":{\"@id\":\"https:\\\/\\\/fundacioncajaruraldelsur.com\\\/evento\\\/conferencia-el-legado-de-isidro-pinedo-vara-y-su-contribucion-a-la-mineria-y-desarrollo-industrial-de-huelva\\\/#primaryimage\"},\"thumbnailUrl\":\"https:\\\/\\\/fundacioncajaruraldelsur.com\\\/wp-content\\\/uploads\\\/2020\\\/01\\\/Mineria.jpg\",\"datePublished\":\"2020-01-13T17:24:11+00:00\",\"description\":\"Acogemos la conferencia de Juan Carlos Fern\u00e1ndez Caliani:\u00a0El legado de Isidro Pinedo Vara y su contribuci\u00f3n a la miner\u00eda y desarrollo industrial de Huelva.\",\"breadcrumb\":{\"@id\":\"https:\\\/\\\/fundacioncajaruraldelsur.com\\\/evento\\\/conferencia-el-legado-de-isidro-pinedo-vara-y-su-contribucion-a-la-mineria-y-desarrollo-industrial-de-huelva\\\/#breadcrumb\"},\"inLanguage\":\"pt-PT\",\"potentialAction\":[{\"@type\":\"ReadAction\",\"target\":[\"https:\\\/\\\/fundacioncajaruraldelsur.com\\\/evento\\\/conferencia-el-legado-de-isidro-pinedo-vara-y-su-contribucion-a-la-mineria-y-desarrollo-industrial-de-huelva\\\/\"]}]},{\"@type\":\"ImageObject\",\"inLanguage\":\"pt-PT\",\"@id\":\"https:\\\/\\\/fundacioncajaruraldelsur.com\\\/evento\\\/conferencia-el-legado-de-isidro-pinedo-vara-y-su-contribucion-a-la-mineria-y-desarrollo-industrial-de-huelva\\\/#primaryimage\",\"url\":\"https:\\\/\\\/fundacioncajaruraldelsur.com\\\/wp-content\\\/uploads\\\/2020\\\/01\\\/Mineria.jpg\",\"contentUrl\":\"https:\\\/\\\/fundacioncajaruraldelsur.com\\\/wp-content\\\/uploads\\\/2020\\\/01\\\/Mineria.jpg\",\"width\":1920,\"height\":500},{\"@type\":\"BreadcrumbList\",\"@id\":\"https:\\\/\\\/fundacioncajaruraldelsur.com\\\/evento\\\/conferencia-el-legado-de-isidro-pinedo-vara-y-su-contribucion-a-la-mineria-y-desarrollo-industrial-de-huelva\\\/#breadcrumb\",\"itemListElement\":[{\"@type\":\"ListItem\",\"position\":1,\"name\":\"Portada\",\"item\":\"https:\\\/\\\/fundacioncajaruraldelsur.com\\\/\"},{\"@type\":\"ListItem\",\"position\":2,\"name\":\"Eventos\",\"item\":\"https:\\\/\\\/fundacioncajaruraldelsur.com\\\/eventos\\\/\"},{\"@type\":\"ListItem\",\"position\":3,\"name\":\"Conferencia: \u00abEl legado de Isidro Pinedo Vara y su contribuci\u00f3n a la miner\u00eda y desarrollo industrial de Huelva\u00bb\"}]},{\"@type\":\"WebSite\",\"@id\":\"https:\\\/\\\/fundacioncajaruraldelsur.com\\\/#website\",\"url\":\"https:\\\/\\\/fundacioncajaruraldelsur.com\\\/\",\"name\":\"Fundaci\u00f3n Caja Rural del Sur\",\"description\":\"\",\"potentialAction\":[{\"@type\":\"SearchAction\",\"target\":{\"@type\":\"EntryPoint\",\"urlTemplate\":\"https:\\\/\\\/fundacioncajaruraldelsur.com\\\/?s={search_term_string}\"},\"query-input\":{\"@type\":\"PropertyValueSpecification\",\"valueRequired\":true,\"valueName\":\"search_term_string\"}}],\"inLanguage\":\"pt-PT\"}]}<\/script>\n<!-- \/ Yoast SEO plugin. -->","yoast_head_json":{"title":"Conferencia: \"El legado de Isidro Pinedo Vara y su contribuci\u00f3n a la miner\u00eda y desarrollo industrial de Huelva\" - Fundaci\u00f3n Caja Rural del Sur","description":"Acogemos la conferencia de Juan Carlos Fern\u00e1ndez Caliani:\u00a0El legado de Isidro Pinedo Vara y su contribuci\u00f3n a la miner\u00eda y desarrollo industrial de Huelva.","robots":{"index":"index","follow":"follow","max-snippet":"max-snippet:-1","max-image-preview":"max-image-preview:large","max-video-preview":"max-video-preview:-1"},"canonical":"https:\/\/fundacioncajaruraldelsur.com\/pt\/evento\/conferencia-el-legado-de-isidro-pinedo-vara-y-su-contribucion-a-la-mineria-y-desarrollo-industrial-de-huelva\/","og_locale":"pt_PT","og_type":"article","og_title":"Conferencia: \"El legado de Isidro Pinedo Vara y su contribuci\u00f3n a la miner\u00eda y desarrollo industrial de Huelva\" - Fundaci\u00f3n Caja Rural del Sur","og_description":"Acogemos la conferencia de Juan Carlos Fern\u00e1ndez Caliani:\u00a0El legado de Isidro Pinedo Vara y su contribuci\u00f3n a la miner\u00eda y desarrollo industrial de Huelva.","og_url":"https:\/\/fundacioncajaruraldelsur.com\/pt\/evento\/conferencia-el-legado-de-isidro-pinedo-vara-y-su-contribucion-a-la-mineria-y-desarrollo-industrial-de-huelva\/","og_site_name":"Fundaci\u00f3n Caja Rural del Sur","og_image":[{"width":1920,"height":500,"url":"https:\/\/fundacioncajaruraldelsur.com\/wp-content\/uploads\/2020\/01\/Mineria.jpg","type":"image\/jpeg"}],"twitter_card":"summary_large_image","twitter_misc":{"Est. reading time":"2 minutes"},"schema":{"@context":"https:\/\/schema.org","@graph":[{"@type":"WebPage","@id":"https:\/\/fundacioncajaruraldelsur.com\/evento\/conferencia-el-legado-de-isidro-pinedo-vara-y-su-contribucion-a-la-mineria-y-desarrollo-industrial-de-huelva\/","url":"https:\/\/fundacioncajaruraldelsur.com\/evento\/conferencia-el-legado-de-isidro-pinedo-vara-y-su-contribucion-a-la-mineria-y-desarrollo-industrial-de-huelva\/","name":"Conferencia: \"El legado de Isidro Pinedo Vara y su contribuci\u00f3n a la miner\u00eda y desarrollo industrial de Huelva\" - Fundaci\u00f3n Caja Rural del Sur","isPartOf":{"@id":"https:\/\/fundacioncajaruraldelsur.com\/#website"},"primaryImageOfPage":{"@id":"https:\/\/fundacioncajaruraldelsur.com\/evento\/conferencia-el-legado-de-isidro-pinedo-vara-y-su-contribucion-a-la-mineria-y-desarrollo-industrial-de-huelva\/#primaryimage"},"image":{"@id":"https:\/\/fundacioncajaruraldelsur.com\/evento\/conferencia-el-legado-de-isidro-pinedo-vara-y-su-contribucion-a-la-mineria-y-desarrollo-industrial-de-huelva\/#primaryimage"},"thumbnailUrl":"https:\/\/fundacioncajaruraldelsur.com\/wp-content\/uploads\/2020\/01\/Mineria.jpg","datePublished":"2020-01-13T17:24:11+00:00","description":"Acogemos la conferencia de Juan Carlos Fern\u00e1ndez Caliani:\u00a0El legado de Isidro Pinedo Vara y su contribuci\u00f3n a la miner\u00eda y desarrollo industrial de Huelva.","breadcrumb":{"@id":"https:\/\/fundacioncajaruraldelsur.com\/evento\/conferencia-el-legado-de-isidro-pinedo-vara-y-su-contribucion-a-la-mineria-y-desarrollo-industrial-de-huelva\/#breadcrumb"},"inLanguage":"pt-PT","potentialAction":[{"@type":"ReadAction","target":["https:\/\/fundacioncajaruraldelsur.com\/evento\/conferencia-el-legado-de-isidro-pinedo-vara-y-su-contribucion-a-la-mineria-y-desarrollo-industrial-de-huelva\/"]}]},{"@type":"ImageObject","inLanguage":"pt-PT","@id":"https:\/\/fundacioncajaruraldelsur.com\/evento\/conferencia-el-legado-de-isidro-pinedo-vara-y-su-contribucion-a-la-mineria-y-desarrollo-industrial-de-huelva\/#primaryimage","url":"https:\/\/fundacioncajaruraldelsur.com\/wp-content\/uploads\/2020\/01\/Mineria.jpg","contentUrl":"https:\/\/fundacioncajaruraldelsur.com\/wp-content\/uploads\/2020\/01\/Mineria.jpg","width":1920,"height":500},{"@type":"BreadcrumbList","@id":"https:\/\/fundacioncajaruraldelsur.com\/evento\/conferencia-el-legado-de-isidro-pinedo-vara-y-su-contribucion-a-la-mineria-y-desarrollo-industrial-de-huelva\/#breadcrumb","itemListElement":[{"@type":"ListItem","position":1,"name":"Portada","item":"https:\/\/fundacioncajaruraldelsur.com\/"},{"@type":"ListItem","position":2,"name":"Eventos","item":"https:\/\/fundacioncajaruraldelsur.com\/eventos\/"},{"@type":"ListItem","position":3,"name":"Conferencia: \u00abEl legado de Isidro Pinedo Vara y su contribuci\u00f3n a la miner\u00eda y desarrollo industrial de Huelva\u00bb"}]},{"@type":"WebSite","@id":"https:\/\/fundacioncajaruraldelsur.com\/#website","url":"https:\/\/fundacioncajaruraldelsur.com\/","name":"Funda\u00e7\u00e3o Caja Rural del Sur","description":"","potentialAction":[{"@type":"SearchAction","target":{"@type":"EntryPoint","urlTemplate":"https:\/\/fundacioncajaruraldelsur.com\/?s={search_term_string}"},"query-input":{"@type":"PropertyValueSpecification","valueRequired":true,"valueName":"search_term_string"}}],"inLanguage":"pt-PT"}]}},"_links":{"self":[{"href":"https:\/\/fundacioncajaruraldelsur.com\/pt\/wp-json\/wp\/v2\/tribe_events\/5463","targetHints":{"allow":["GET"]}}],"collection":[{"href":"https:\/\/fundacioncajaruraldelsur.com\/pt\/wp-json\/wp\/v2\/tribe_events"}],"about":[{"href":"https:\/\/fundacioncajaruraldelsur.com\/pt\/wp-json\/wp\/v2\/types\/tribe_events"}],"author":[{"embeddable":true,"href":"https:\/\/fundacioncajaruraldelsur.com\/pt\/wp-json\/wp\/v2\/users\/8"}],"version-history":[{"count":2,"href":"https:\/\/fundacioncajaruraldelsur.com\/pt\/wp-json\/wp\/v2\/tribe_events\/5463\/revisions"}],"predecessor-version":[{"id":5466,"href":"https:\/\/fundacioncajaruraldelsur.com\/pt\/wp-json\/wp\/v2\/tribe_events\/5463\/revisions\/5466"}],"wp:featuredmedia":[{"embeddable":true,"href":"https:\/\/fundacioncajaruraldelsur.com\/pt\/wp-json\/wp\/v2\/media\/5464"}],"wp:attachment":[{"href":"https:\/\/fundacioncajaruraldelsur.com\/pt\/wp-json\/wp\/v2\/media?parent=5463"}],"wp:term":[{"taxonomy":"post_tag","embeddable":true,"href":"https:\/\/fundacioncajaruraldelsur.com\/pt\/wp-json\/wp\/v2\/tags?post=5463"},{"taxonomy":"tribe_events_cat","embeddable":true,"href":"https:\/\/fundacioncajaruraldelsur.com\/pt\/wp-json\/wp\/v2\/tribe_events_cat?post=5463"}],"curies":[{"name":"wp","href":"https:\/\/api.w.org\/{rel}","templated":true}]}}