{"id":5458,"date":"2020-01-08T20:09:05","date_gmt":"2020-01-08T18:09:05","guid":{"rendered":"\/?post_type=tribe_events&#038;p=5458"},"modified":"2020-01-08T20:10:19","modified_gmt":"2020-01-08T18:10:19","slug":"conferencia-martinez-montanes-y-su-obra-sevillana","status":"publish","type":"tribe_events","link":"https:\/\/fundacioncajaruraldelsur.com\/pt\/evento\/conferencia-martinez-montanes-y-su-obra-sevillana\/","title":{"rendered":"CONFERENCIA: \u00abMART\u00cdNEZ MONTA\u00d1\u00c9S Y SU OBRA SEVILLANA\u00bb"},"content":{"rendered":"<p>El pr\u00f3ximo 13 de febrero acogemos en nuestro Centro Cultural de Sevilla la conferencia del Doctor en Historia del arte, Fernando Gabard\u00f3n de la Banda, bajo el t\u00edtulo<em><strong> Mart\u00ednez Monta\u00f1\u00e9s y su obra sevillana.<\/strong><\/em><\/p>\n<h1><strong><em><u>FERNANDO \u00a0GABARD\u00d3N \u00a0DE LA BANDA:<\/u><\/em><\/strong><\/h1>\n<p><strong><em>\u00a0\u00a0\u00a0\u00a0\u00a0\u00a0\u00a0 <u>T\u00edtulos y actividad profesional<\/u><\/em><\/strong><\/p>\n<ul>\n<li>Doctor en Historia del Arte y en Derecho. Universidad de Sevilla<\/li>\n<li>Master en Archiv\u00edstica y Diplom\u00e1tica por la Universidad de Sevilla<\/li>\n<li>Premio de investigaci\u00f3n Ateneo de Sevilla 2.009<\/li>\n<li>Profesor del CES Cardenal Sp\u00ednola CEU. Fundaci\u00f3n San Pablo CEU<\/li>\n<li>Profesor de la Fundaci\u00f3n Cajasol. Sevilla.<\/li>\n<li>Es miembro del Cabildo Alfonso X el Sabio, al que pronunci\u00f3 el \u201cElogio de la Fiesta del Corpus Christi de Sevilla\u201d, en junio de 2017, y varias conferencias, entre ellas: \u201cMurillo y San Fernando (mayo de 2018)<\/li>\n<\/ul>\n<p>&nbsp;<\/p>\n<p><strong><em><u>Ha sido comisario de las exposiciones:<\/u><\/em><\/strong><\/p>\n<p>\u201cServitas\u201d Caja de San Fernando. Sevilla, 1996.<\/p>\n<p>\u201cLa Realeza de Mar\u00eda\u201d. Hermandad de la Sagrada Cena. Iglesia de los Terceros de Sevilla. Sevilla, 2003.<\/p>\n<p>\u201cLa Hermandad de las Tres Ca\u00eddas de Sevilla\u201d. C\u00edrculo Mercantil de Sevilla, 2013.<\/p>\n<p>\u201cEl orfebre Juan Borrero\u201d. Castillo de San Jorge, Sevilla. Distrito de Triana, Ayuntamiento de Sevilla.<\/p>\n<p>&nbsp;<\/p>\n<p><strong><em><u>Autor de varios libros, entre ellos: <\/u><\/em><\/strong><\/p>\n<ul>\n<li>El Convento de los Terceros Franciscanos de Sevilla.<\/li>\n<li>El tema de la piedad en las artes pl\u00e1sticas del territorio diocesano hispalense. 2005.<\/li>\n<li>El conjunto monumental del Palacio de los Ponce de Le\u00f3n y el convento de los Padres Terceros de Sevilla.<\/li>\n<li>El colegio de los agentes comerciales de Sevilla. 2009.<\/li>\n<li>Los Pasos de Palios de Sevilla. Tomo 1 y 2. 2009.<\/li>\n<li>Gu\u00eda de los Belenes. Cadena Cope, Sevilla, 2012, 2013, 2014.<\/li>\n<li>El Cristo de Montesi\u00f3n: Arte e iconograf\u00eda.<\/li>\n<li>Los op\u00fasculos de Francisco Mateos Gago.<\/li>\n<\/ul>\n<p>&nbsp;<\/p>","protected":false},"excerpt":{"rendered":"<p>El pr\u00f3ximo 13 de febrero acogemos en nuestro Centro Cultural de Sevilla la conferencia del Doctor en Historia del arte, Fernando Gabard\u00f3n de la Banda, bajo el t\u00edtulo Mart\u00ednez Monta\u00f1\u00e9s [&hellip;]<\/p>\n","protected":false},"author":8,"featured_media":5459,"template":"","meta":{"_tribe_events_status":"","_tribe_events_status_reason":"","_tribe_events_is_hybrid":"","_tribe_events_is_virtual":"","_tribe_events_virtual_video_source":"","_tribe_events_virtual_embed_video":"","_tribe_events_virtual_linked_button_text":"","_tribe_events_virtual_linked_button":"","_tribe_events_virtual_show_embed_at":"","_tribe_events_virtual_show_embed_to":[],"_tribe_events_virtual_show_on_event":"","_tribe_events_virtual_show_on_views":"","_tribe_events_virtual_url":"","footnotes":""},"tags":[580,579,581],"tribe_events_cat":[59],"class_list":["post-5458","tribe_events","type-tribe_events","status-publish","has-post-thumbnail","hentry","tag-fernando-gabardon-de-la-banda","tag-martinez-montanez","tag-san-pablo-ceu","tribe_events_cat-conferencias","cat_conferencias"],"yoast_head":"<!-- This site is optimized with the Yoast SEO plugin v27.3 - https:\/\/yoast.com\/product\/yoast-seo-wordpress\/ -->\n<title>CONFERENCIA: &quot;MART\u00cdNEZ MONTA\u00d1\u00c9S Y SU OBRA SEVILLANA&quot; - Fundaci\u00f3n Caja Rural del Sur<\/title>\n<meta name=\"description\" content=\"El pr\u00f3ximo 13 de febrero acogemos en nuestro Centro Cultural de Sevilla la conferencia del Doctor en Historia del arte, Fernando Gabard\u00f3n de la Banda.\u00a0\" \/>\n<meta name=\"robots\" content=\"index, follow, max-snippet:-1, max-image-preview:large, max-video-preview:-1\" \/>\n<link rel=\"canonical\" href=\"https:\/\/fundacioncajaruraldelsur.com\/pt\/evento\/conferencia-martinez-montanes-y-su-obra-sevillana\/\" \/>\n<meta property=\"og:locale\" content=\"pt_PT\" \/>\n<meta property=\"og:type\" content=\"article\" \/>\n<meta property=\"og:title\" content=\"CONFERENCIA: &quot;MART\u00cdNEZ MONTA\u00d1\u00c9S Y SU OBRA SEVILLANA&quot; - Fundaci\u00f3n Caja Rural del Sur\" \/>\n<meta property=\"og:description\" content=\"El pr\u00f3ximo 13 de febrero acogemos en nuestro Centro Cultural de Sevilla la conferencia del Doctor en Historia del arte, Fernando Gabard\u00f3n de la Banda.\u00a0\" \/>\n<meta property=\"og:url\" content=\"https:\/\/fundacioncajaruraldelsur.com\/pt\/evento\/conferencia-martinez-montanes-y-su-obra-sevillana\/\" \/>\n<meta property=\"og:site_name\" content=\"Fundaci\u00f3n Caja Rural del Sur\" \/>\n<meta property=\"article:modified_time\" content=\"2020-01-08T18:10:19+00:00\" \/>\n<meta property=\"og:image\" content=\"https:\/\/fundacioncajaruraldelsur.com\/wp-content\/uploads\/2020\/01\/Martinez_Monta\u00f1es.jpg\" \/>\n\t<meta property=\"og:image:width\" content=\"1925\" \/>\n\t<meta property=\"og:image:height\" content=\"500\" \/>\n\t<meta property=\"og:image:type\" content=\"image\/jpeg\" \/>\n<meta name=\"twitter:card\" content=\"summary_large_image\" \/>\n<meta name=\"twitter:label1\" content=\"Est. reading time\" \/>\n\t<meta name=\"twitter:data1\" content=\"1 minute\" \/>\n<script type=\"application\/ld+json\" class=\"yoast-schema-graph\">{\"@context\":\"https:\\\/\\\/schema.org\",\"@graph\":[{\"@type\":\"WebPage\",\"@id\":\"https:\\\/\\\/fundacioncajaruraldelsur.com\\\/evento\\\/conferencia-martinez-montanes-y-su-obra-sevillana\\\/\",\"url\":\"https:\\\/\\\/fundacioncajaruraldelsur.com\\\/evento\\\/conferencia-martinez-montanes-y-su-obra-sevillana\\\/\",\"name\":\"CONFERENCIA: \\\"MART\u00cdNEZ MONTA\u00d1\u00c9S Y SU OBRA SEVILLANA\\\" - Fundaci\u00f3n Caja Rural del Sur\",\"isPartOf\":{\"@id\":\"https:\\\/\\\/fundacioncajaruraldelsur.com\\\/#website\"},\"primaryImageOfPage\":{\"@id\":\"https:\\\/\\\/fundacioncajaruraldelsur.com\\\/evento\\\/conferencia-martinez-montanes-y-su-obra-sevillana\\\/#primaryimage\"},\"image\":{\"@id\":\"https:\\\/\\\/fundacioncajaruraldelsur.com\\\/evento\\\/conferencia-martinez-montanes-y-su-obra-sevillana\\\/#primaryimage\"},\"thumbnailUrl\":\"https:\\\/\\\/fundacioncajaruraldelsur.com\\\/wp-content\\\/uploads\\\/2020\\\/01\\\/Martinez_Monta\u00f1es.jpg\",\"datePublished\":\"2020-01-08T18:09:05+00:00\",\"dateModified\":\"2020-01-08T18:10:19+00:00\",\"description\":\"El pr\u00f3ximo 13 de febrero acogemos en nuestro Centro Cultural de Sevilla la conferencia del Doctor en Historia del arte, Fernando Gabard\u00f3n de la Banda.\u00a0\",\"breadcrumb\":{\"@id\":\"https:\\\/\\\/fundacioncajaruraldelsur.com\\\/evento\\\/conferencia-martinez-montanes-y-su-obra-sevillana\\\/#breadcrumb\"},\"inLanguage\":\"pt-PT\",\"potentialAction\":[{\"@type\":\"ReadAction\",\"target\":[\"https:\\\/\\\/fundacioncajaruraldelsur.com\\\/evento\\\/conferencia-martinez-montanes-y-su-obra-sevillana\\\/\"]}]},{\"@type\":\"ImageObject\",\"inLanguage\":\"pt-PT\",\"@id\":\"https:\\\/\\\/fundacioncajaruraldelsur.com\\\/evento\\\/conferencia-martinez-montanes-y-su-obra-sevillana\\\/#primaryimage\",\"url\":\"https:\\\/\\\/fundacioncajaruraldelsur.com\\\/wp-content\\\/uploads\\\/2020\\\/01\\\/Martinez_Monta\u00f1es.jpg\",\"contentUrl\":\"https:\\\/\\\/fundacioncajaruraldelsur.com\\\/wp-content\\\/uploads\\\/2020\\\/01\\\/Martinez_Monta\u00f1es.jpg\",\"width\":1925,\"height\":500},{\"@type\":\"BreadcrumbList\",\"@id\":\"https:\\\/\\\/fundacioncajaruraldelsur.com\\\/evento\\\/conferencia-martinez-montanes-y-su-obra-sevillana\\\/#breadcrumb\",\"itemListElement\":[{\"@type\":\"ListItem\",\"position\":1,\"name\":\"Portada\",\"item\":\"https:\\\/\\\/fundacioncajaruraldelsur.com\\\/\"},{\"@type\":\"ListItem\",\"position\":2,\"name\":\"Eventos\",\"item\":\"https:\\\/\\\/fundacioncajaruraldelsur.com\\\/eventos\\\/\"},{\"@type\":\"ListItem\",\"position\":3,\"name\":\"CONFERENCIA: \u00abMART\u00cdNEZ MONTA\u00d1\u00c9S Y SU OBRA SEVILLANA\u00bb\"}]},{\"@type\":\"WebSite\",\"@id\":\"https:\\\/\\\/fundacioncajaruraldelsur.com\\\/#website\",\"url\":\"https:\\\/\\\/fundacioncajaruraldelsur.com\\\/\",\"name\":\"Fundaci\u00f3n Caja Rural del Sur\",\"description\":\"\",\"potentialAction\":[{\"@type\":\"SearchAction\",\"target\":{\"@type\":\"EntryPoint\",\"urlTemplate\":\"https:\\\/\\\/fundacioncajaruraldelsur.com\\\/?s={search_term_string}\"},\"query-input\":{\"@type\":\"PropertyValueSpecification\",\"valueRequired\":true,\"valueName\":\"search_term_string\"}}],\"inLanguage\":\"pt-PT\"}]}<\/script>\n<!-- \/ Yoast SEO plugin. -->","yoast_head_json":{"title":"CONFERENCIA: \"MART\u00cdNEZ MONTA\u00d1\u00c9S Y SU OBRA SEVILLANA\" - Fundaci\u00f3n Caja Rural del Sur","description":"El pr\u00f3ximo 13 de febrero acogemos en nuestro Centro Cultural de Sevilla la conferencia del Doctor en Historia del arte, Fernando Gabard\u00f3n de la Banda.\u00a0","robots":{"index":"index","follow":"follow","max-snippet":"max-snippet:-1","max-image-preview":"max-image-preview:large","max-video-preview":"max-video-preview:-1"},"canonical":"https:\/\/fundacioncajaruraldelsur.com\/pt\/evento\/conferencia-martinez-montanes-y-su-obra-sevillana\/","og_locale":"pt_PT","og_type":"article","og_title":"CONFERENCIA: \"MART\u00cdNEZ MONTA\u00d1\u00c9S Y SU OBRA SEVILLANA\" - Fundaci\u00f3n Caja Rural del Sur","og_description":"El pr\u00f3ximo 13 de febrero acogemos en nuestro Centro Cultural de Sevilla la conferencia del Doctor en Historia del arte, Fernando Gabard\u00f3n de la Banda.\u00a0","og_url":"https:\/\/fundacioncajaruraldelsur.com\/pt\/evento\/conferencia-martinez-montanes-y-su-obra-sevillana\/","og_site_name":"Fundaci\u00f3n Caja Rural del Sur","article_modified_time":"2020-01-08T18:10:19+00:00","og_image":[{"width":1925,"height":500,"url":"https:\/\/fundacioncajaruraldelsur.com\/wp-content\/uploads\/2020\/01\/Martinez_Monta\u00f1es.jpg","type":"image\/jpeg"}],"twitter_card":"summary_large_image","twitter_misc":{"Est. reading time":"1 minute"},"schema":{"@context":"https:\/\/schema.org","@graph":[{"@type":"WebPage","@id":"https:\/\/fundacioncajaruraldelsur.com\/evento\/conferencia-martinez-montanes-y-su-obra-sevillana\/","url":"https:\/\/fundacioncajaruraldelsur.com\/evento\/conferencia-martinez-montanes-y-su-obra-sevillana\/","name":"CONFERENCIA: \"MART\u00cdNEZ MONTA\u00d1\u00c9S Y SU OBRA SEVILLANA\" - Fundaci\u00f3n Caja Rural del Sur","isPartOf":{"@id":"https:\/\/fundacioncajaruraldelsur.com\/#website"},"primaryImageOfPage":{"@id":"https:\/\/fundacioncajaruraldelsur.com\/evento\/conferencia-martinez-montanes-y-su-obra-sevillana\/#primaryimage"},"image":{"@id":"https:\/\/fundacioncajaruraldelsur.com\/evento\/conferencia-martinez-montanes-y-su-obra-sevillana\/#primaryimage"},"thumbnailUrl":"https:\/\/fundacioncajaruraldelsur.com\/wp-content\/uploads\/2020\/01\/Martinez_Monta\u00f1es.jpg","datePublished":"2020-01-08T18:09:05+00:00","dateModified":"2020-01-08T18:10:19+00:00","description":"El pr\u00f3ximo 13 de febrero acogemos en nuestro Centro Cultural de Sevilla la conferencia del Doctor en Historia del arte, Fernando Gabard\u00f3n de la Banda.\u00a0","breadcrumb":{"@id":"https:\/\/fundacioncajaruraldelsur.com\/evento\/conferencia-martinez-montanes-y-su-obra-sevillana\/#breadcrumb"},"inLanguage":"pt-PT","potentialAction":[{"@type":"ReadAction","target":["https:\/\/fundacioncajaruraldelsur.com\/evento\/conferencia-martinez-montanes-y-su-obra-sevillana\/"]}]},{"@type":"ImageObject","inLanguage":"pt-PT","@id":"https:\/\/fundacioncajaruraldelsur.com\/evento\/conferencia-martinez-montanes-y-su-obra-sevillana\/#primaryimage","url":"https:\/\/fundacioncajaruraldelsur.com\/wp-content\/uploads\/2020\/01\/Martinez_Monta\u00f1es.jpg","contentUrl":"https:\/\/fundacioncajaruraldelsur.com\/wp-content\/uploads\/2020\/01\/Martinez_Monta\u00f1es.jpg","width":1925,"height":500},{"@type":"BreadcrumbList","@id":"https:\/\/fundacioncajaruraldelsur.com\/evento\/conferencia-martinez-montanes-y-su-obra-sevillana\/#breadcrumb","itemListElement":[{"@type":"ListItem","position":1,"name":"Portada","item":"https:\/\/fundacioncajaruraldelsur.com\/"},{"@type":"ListItem","position":2,"name":"Eventos","item":"https:\/\/fundacioncajaruraldelsur.com\/eventos\/"},{"@type":"ListItem","position":3,"name":"CONFERENCIA: \u00abMART\u00cdNEZ MONTA\u00d1\u00c9S Y SU OBRA SEVILLANA\u00bb"}]},{"@type":"WebSite","@id":"https:\/\/fundacioncajaruraldelsur.com\/#website","url":"https:\/\/fundacioncajaruraldelsur.com\/","name":"Funda\u00e7\u00e3o Caja Rural del Sur","description":"","potentialAction":[{"@type":"SearchAction","target":{"@type":"EntryPoint","urlTemplate":"https:\/\/fundacioncajaruraldelsur.com\/?s={search_term_string}"},"query-input":{"@type":"PropertyValueSpecification","valueRequired":true,"valueName":"search_term_string"}}],"inLanguage":"pt-PT"}]}},"_links":{"self":[{"href":"https:\/\/fundacioncajaruraldelsur.com\/pt\/wp-json\/wp\/v2\/tribe_events\/5458","targetHints":{"allow":["GET"]}}],"collection":[{"href":"https:\/\/fundacioncajaruraldelsur.com\/pt\/wp-json\/wp\/v2\/tribe_events"}],"about":[{"href":"https:\/\/fundacioncajaruraldelsur.com\/pt\/wp-json\/wp\/v2\/types\/tribe_events"}],"author":[{"embeddable":true,"href":"https:\/\/fundacioncajaruraldelsur.com\/pt\/wp-json\/wp\/v2\/users\/8"}],"version-history":[{"count":3,"href":"https:\/\/fundacioncajaruraldelsur.com\/pt\/wp-json\/wp\/v2\/tribe_events\/5458\/revisions"}],"predecessor-version":[{"id":5462,"href":"https:\/\/fundacioncajaruraldelsur.com\/pt\/wp-json\/wp\/v2\/tribe_events\/5458\/revisions\/5462"}],"wp:featuredmedia":[{"embeddable":true,"href":"https:\/\/fundacioncajaruraldelsur.com\/pt\/wp-json\/wp\/v2\/media\/5459"}],"wp:attachment":[{"href":"https:\/\/fundacioncajaruraldelsur.com\/pt\/wp-json\/wp\/v2\/media?parent=5458"}],"wp:term":[{"taxonomy":"post_tag","embeddable":true,"href":"https:\/\/fundacioncajaruraldelsur.com\/pt\/wp-json\/wp\/v2\/tags?post=5458"},{"taxonomy":"tribe_events_cat","embeddable":true,"href":"https:\/\/fundacioncajaruraldelsur.com\/pt\/wp-json\/wp\/v2\/tribe_events_cat?post=5458"}],"curies":[{"name":"wp","href":"https:\/\/api.w.org\/{rel}","templated":true}]}}