{"id":5275,"date":"2019-11-11T21:55:30","date_gmt":"2019-11-11T19:55:30","guid":{"rendered":"\/?post_type=tribe_events&#038;p=5275"},"modified":"2019-11-19T19:19:16","modified_gmt":"2019-11-19T17:19:16","slug":"presentacion-de-libro-encadenado-7-la-odisea-de-los-titeres","status":"publish","type":"tribe_events","link":"https:\/\/fundacioncajaruraldelsur.com\/pt\/evento\/presentacion-de-libro-encadenado-7-la-odisea-de-los-titeres\/","title":{"rendered":"Presentaci\u00f3n de libro encadenado: &#8216;7: La odisea de los t\u00edteres&#8217;"},"content":{"rendered":"<p>El pr\u00f3ximo viernes 20 de diciembre acogemos la presentaci\u00f3n de la original obra <strong><em>7:<\/em><em>La odisea de los t\u00edteres. <\/em><\/strong>Un pionero experimento literario construido, de manera encadenada, por 15 autores y 15 autoras que han logrado aunar sus mentes creativas para crear la apasionante y angustiante historia de<strong> 7:La odisea de los t\u00edteres.<\/strong><\/p>\n<h3><strong>SINOPSIS<\/strong><\/h3>\n<p>Siete personas con caracter\u00edsticas muy especiales aparecen en una misteriosa sala. Ninguno de ellos sabe c\u00f3mo ha llegado hasta all\u00ed. Es el inicio de una trama cargada de inc\u00f3gnitas que esconde todo un movimiento conspirativo: robos de obra de arte, experimentos cient\u00edficos con el cerebro humano, investigaci\u00f3n period\u00edstica y policial, cloacas del sistema\u2026 Misterio, acci\u00f3n y juego continuo con el lector para una novela que reflexiona sobre la estrecha l\u00ednea que separa lo real de lo ficticio, sobre los l\u00edmites de la raz\u00f3n, sobre las patol\u00f3gicas relaciones de poder y sobre el simbolismo que da forma a nuestra manera de entender y relacionarnos con el mundo.<\/p>\n<p>&nbsp;<\/p>\n<p><a href=\"\/wp-content\/uploads\/2019\/11\/cartel-libro_encadenado_2.jpg\" rel=\"lightbox-0\"><img loading=\"lazy\" decoding=\"async\" class=\"aligncenter wp-image-5276 size-large\" src=\"\/wp-content\/uploads\/2019\/11\/cartel-libro_encadenado_2-724x1024.jpg\" alt=\"\" width=\"724\" height=\"1024\" srcset=\"https:\/\/fundacioncajaruraldelsur.com\/wp-content\/uploads\/2019\/11\/cartel-libro_encadenado_2-724x1024.jpg 724w, https:\/\/fundacioncajaruraldelsur.com\/wp-content\/uploads\/2019\/11\/cartel-libro_encadenado_2-212x300.jpg 212w, https:\/\/fundacioncajaruraldelsur.com\/wp-content\/uploads\/2019\/11\/cartel-libro_encadenado_2-768x1086.jpg 768w\" sizes=\"auto, (max-width: 724px) 100vw, 724px\" \/><\/a><\/p>","protected":false},"excerpt":{"rendered":"<p>El pr\u00f3ximo viernes 20 de diciembre acogemos la presentaci\u00f3n de la original obra 7:La odisea de los t\u00edteres. Un pionero experimento literario construido, de manera encadenada, por 15 autores y [&hellip;]<\/p>\n","protected":false},"author":8,"featured_media":4026,"template":"","meta":{"_tribe_events_status":"","_tribe_events_status_reason":"","_tribe_events_is_hybrid":"","_tribe_events_is_virtual":"","_tribe_events_virtual_video_source":"","_tribe_events_virtual_embed_video":"","_tribe_events_virtual_linked_button_text":"","_tribe_events_virtual_linked_button":"","_tribe_events_virtual_show_embed_at":"","_tribe_events_virtual_show_embed_to":[],"_tribe_events_virtual_show_on_event":"","_tribe_events_virtual_show_on_views":"","_tribe_events_virtual_url":"","footnotes":""},"tags":[],"tribe_events_cat":[124],"class_list":["post-5275","tribe_events","type-tribe_events","status-publish","has-post-thumbnail","hentry","tribe_events_cat-presentaciones","cat_presentaciones"],"yoast_head":"<!-- This site is optimized with the Yoast SEO plugin v27.3 - https:\/\/yoast.com\/product\/yoast-seo-wordpress\/ -->\n<title>Presentaci\u00f3n de libro encadenado: &#039;7: La odisea de los t\u00edteres&#039; - Fundaci\u00f3n Caja Rural del Sur<\/title>\n<meta name=\"description\" content=\"El pr\u00f3ximo viernes 20 de diciembre acogemos la presentaci\u00f3n de la original obra 7:La odisea de los t\u00edteres.\" \/>\n<meta name=\"robots\" content=\"index, follow, max-snippet:-1, max-image-preview:large, max-video-preview:-1\" \/>\n<link rel=\"canonical\" href=\"https:\/\/fundacioncajaruraldelsur.com\/pt\/evento\/presentacion-de-libro-encadenado-7-la-odisea-de-los-titeres\/\" \/>\n<meta property=\"og:locale\" content=\"pt_PT\" \/>\n<meta property=\"og:type\" content=\"article\" \/>\n<meta property=\"og:title\" content=\"Presentaci\u00f3n de libro encadenado: &#039;7: La odisea de los t\u00edteres&#039; - Fundaci\u00f3n Caja Rural del Sur\" \/>\n<meta property=\"og:description\" content=\"El pr\u00f3ximo viernes 20 de diciembre acogemos la presentaci\u00f3n de la original obra 7:La odisea de los t\u00edteres.\" \/>\n<meta property=\"og:url\" content=\"https:\/\/fundacioncajaruraldelsur.com\/pt\/evento\/presentacion-de-libro-encadenado-7-la-odisea-de-los-titeres\/\" \/>\n<meta property=\"og:site_name\" content=\"Fundaci\u00f3n Caja Rural del Sur\" \/>\n<meta property=\"article:modified_time\" content=\"2019-11-19T17:19:16+00:00\" \/>\n<meta property=\"og:image\" content=\"https:\/\/fundacioncajaruraldelsur.com\/wp-content\/uploads\/2018\/10\/Presentacion_Libro.jpg\" \/>\n\t<meta property=\"og:image:width\" content=\"1909\" \/>\n\t<meta property=\"og:image:height\" content=\"456\" \/>\n\t<meta property=\"og:image:type\" content=\"image\/jpeg\" \/>\n<meta name=\"twitter:card\" content=\"summary_large_image\" \/>\n<meta name=\"twitter:label1\" content=\"Est. reading time\" \/>\n\t<meta name=\"twitter:data1\" content=\"1 minute\" \/>\n<script type=\"application\/ld+json\" class=\"yoast-schema-graph\">{\"@context\":\"https:\\\/\\\/schema.org\",\"@graph\":[{\"@type\":\"WebPage\",\"@id\":\"https:\\\/\\\/fundacioncajaruraldelsur.com\\\/evento\\\/presentacion-de-libro-encadenado-7-la-odisea-de-los-titeres\\\/\",\"url\":\"https:\\\/\\\/fundacioncajaruraldelsur.com\\\/evento\\\/presentacion-de-libro-encadenado-7-la-odisea-de-los-titeres\\\/\",\"name\":\"Presentaci\u00f3n de libro encadenado: '7: La odisea de los t\u00edteres' - Fundaci\u00f3n Caja Rural del Sur\",\"isPartOf\":{\"@id\":\"https:\\\/\\\/fundacioncajaruraldelsur.com\\\/#website\"},\"primaryImageOfPage\":{\"@id\":\"https:\\\/\\\/fundacioncajaruraldelsur.com\\\/evento\\\/presentacion-de-libro-encadenado-7-la-odisea-de-los-titeres\\\/#primaryimage\"},\"image\":{\"@id\":\"https:\\\/\\\/fundacioncajaruraldelsur.com\\\/evento\\\/presentacion-de-libro-encadenado-7-la-odisea-de-los-titeres\\\/#primaryimage\"},\"thumbnailUrl\":\"https:\\\/\\\/fundacioncajaruraldelsur.com\\\/wp-content\\\/uploads\\\/2018\\\/10\\\/Presentacion_Libro.jpg\",\"datePublished\":\"2019-11-11T19:55:30+00:00\",\"dateModified\":\"2019-11-19T17:19:16+00:00\",\"description\":\"El pr\u00f3ximo viernes 20 de diciembre acogemos la presentaci\u00f3n de la original obra 7:La odisea de los t\u00edteres.\",\"breadcrumb\":{\"@id\":\"https:\\\/\\\/fundacioncajaruraldelsur.com\\\/evento\\\/presentacion-de-libro-encadenado-7-la-odisea-de-los-titeres\\\/#breadcrumb\"},\"inLanguage\":\"pt-PT\",\"potentialAction\":[{\"@type\":\"ReadAction\",\"target\":[\"https:\\\/\\\/fundacioncajaruraldelsur.com\\\/evento\\\/presentacion-de-libro-encadenado-7-la-odisea-de-los-titeres\\\/\"]}]},{\"@type\":\"ImageObject\",\"inLanguage\":\"pt-PT\",\"@id\":\"https:\\\/\\\/fundacioncajaruraldelsur.com\\\/evento\\\/presentacion-de-libro-encadenado-7-la-odisea-de-los-titeres\\\/#primaryimage\",\"url\":\"https:\\\/\\\/fundacioncajaruraldelsur.com\\\/wp-content\\\/uploads\\\/2018\\\/10\\\/Presentacion_Libro.jpg\",\"contentUrl\":\"https:\\\/\\\/fundacioncajaruraldelsur.com\\\/wp-content\\\/uploads\\\/2018\\\/10\\\/Presentacion_Libro.jpg\",\"width\":1909,\"height\":456},{\"@type\":\"BreadcrumbList\",\"@id\":\"https:\\\/\\\/fundacioncajaruraldelsur.com\\\/evento\\\/presentacion-de-libro-encadenado-7-la-odisea-de-los-titeres\\\/#breadcrumb\",\"itemListElement\":[{\"@type\":\"ListItem\",\"position\":1,\"name\":\"Portada\",\"item\":\"https:\\\/\\\/fundacioncajaruraldelsur.com\\\/\"},{\"@type\":\"ListItem\",\"position\":2,\"name\":\"Eventos\",\"item\":\"https:\\\/\\\/fundacioncajaruraldelsur.com\\\/eventos\\\/\"},{\"@type\":\"ListItem\",\"position\":3,\"name\":\"Presentaci\u00f3n de libro encadenado: &#8216;7: La odisea de los t\u00edteres&#8217;\"}]},{\"@type\":\"WebSite\",\"@id\":\"https:\\\/\\\/fundacioncajaruraldelsur.com\\\/#website\",\"url\":\"https:\\\/\\\/fundacioncajaruraldelsur.com\\\/\",\"name\":\"Fundaci\u00f3n Caja Rural del Sur\",\"description\":\"\",\"potentialAction\":[{\"@type\":\"SearchAction\",\"target\":{\"@type\":\"EntryPoint\",\"urlTemplate\":\"https:\\\/\\\/fundacioncajaruraldelsur.com\\\/?s={search_term_string}\"},\"query-input\":{\"@type\":\"PropertyValueSpecification\",\"valueRequired\":true,\"valueName\":\"search_term_string\"}}],\"inLanguage\":\"pt-PT\"}]}<\/script>\n<!-- \/ Yoast SEO plugin. -->","yoast_head_json":{"title":"Presentaci\u00f3n de libro encadenado: '7: La odisea de los t\u00edteres' - Fundaci\u00f3n Caja Rural del Sur","description":"El pr\u00f3ximo viernes 20 de diciembre acogemos la presentaci\u00f3n de la original obra 7:La odisea de los t\u00edteres.","robots":{"index":"index","follow":"follow","max-snippet":"max-snippet:-1","max-image-preview":"max-image-preview:large","max-video-preview":"max-video-preview:-1"},"canonical":"https:\/\/fundacioncajaruraldelsur.com\/pt\/evento\/presentacion-de-libro-encadenado-7-la-odisea-de-los-titeres\/","og_locale":"pt_PT","og_type":"article","og_title":"Presentaci\u00f3n de libro encadenado: '7: La odisea de los t\u00edteres' - Fundaci\u00f3n Caja Rural del Sur","og_description":"El pr\u00f3ximo viernes 20 de diciembre acogemos la presentaci\u00f3n de la original obra 7:La odisea de los t\u00edteres.","og_url":"https:\/\/fundacioncajaruraldelsur.com\/pt\/evento\/presentacion-de-libro-encadenado-7-la-odisea-de-los-titeres\/","og_site_name":"Fundaci\u00f3n Caja Rural del Sur","article_modified_time":"2019-11-19T17:19:16+00:00","og_image":[{"width":1909,"height":456,"url":"https:\/\/fundacioncajaruraldelsur.com\/wp-content\/uploads\/2018\/10\/Presentacion_Libro.jpg","type":"image\/jpeg"}],"twitter_card":"summary_large_image","twitter_misc":{"Est. reading time":"1 minute"},"schema":{"@context":"https:\/\/schema.org","@graph":[{"@type":"WebPage","@id":"https:\/\/fundacioncajaruraldelsur.com\/evento\/presentacion-de-libro-encadenado-7-la-odisea-de-los-titeres\/","url":"https:\/\/fundacioncajaruraldelsur.com\/evento\/presentacion-de-libro-encadenado-7-la-odisea-de-los-titeres\/","name":"Presentaci\u00f3n de libro encadenado: '7: La odisea de los t\u00edteres' - Fundaci\u00f3n Caja Rural del Sur","isPartOf":{"@id":"https:\/\/fundacioncajaruraldelsur.com\/#website"},"primaryImageOfPage":{"@id":"https:\/\/fundacioncajaruraldelsur.com\/evento\/presentacion-de-libro-encadenado-7-la-odisea-de-los-titeres\/#primaryimage"},"image":{"@id":"https:\/\/fundacioncajaruraldelsur.com\/evento\/presentacion-de-libro-encadenado-7-la-odisea-de-los-titeres\/#primaryimage"},"thumbnailUrl":"https:\/\/fundacioncajaruraldelsur.com\/wp-content\/uploads\/2018\/10\/Presentacion_Libro.jpg","datePublished":"2019-11-11T19:55:30+00:00","dateModified":"2019-11-19T17:19:16+00:00","description":"El pr\u00f3ximo viernes 20 de diciembre acogemos la presentaci\u00f3n de la original obra 7:La odisea de los t\u00edteres.","breadcrumb":{"@id":"https:\/\/fundacioncajaruraldelsur.com\/evento\/presentacion-de-libro-encadenado-7-la-odisea-de-los-titeres\/#breadcrumb"},"inLanguage":"pt-PT","potentialAction":[{"@type":"ReadAction","target":["https:\/\/fundacioncajaruraldelsur.com\/evento\/presentacion-de-libro-encadenado-7-la-odisea-de-los-titeres\/"]}]},{"@type":"ImageObject","inLanguage":"pt-PT","@id":"https:\/\/fundacioncajaruraldelsur.com\/evento\/presentacion-de-libro-encadenado-7-la-odisea-de-los-titeres\/#primaryimage","url":"https:\/\/fundacioncajaruraldelsur.com\/wp-content\/uploads\/2018\/10\/Presentacion_Libro.jpg","contentUrl":"https:\/\/fundacioncajaruraldelsur.com\/wp-content\/uploads\/2018\/10\/Presentacion_Libro.jpg","width":1909,"height":456},{"@type":"BreadcrumbList","@id":"https:\/\/fundacioncajaruraldelsur.com\/evento\/presentacion-de-libro-encadenado-7-la-odisea-de-los-titeres\/#breadcrumb","itemListElement":[{"@type":"ListItem","position":1,"name":"Portada","item":"https:\/\/fundacioncajaruraldelsur.com\/"},{"@type":"ListItem","position":2,"name":"Eventos","item":"https:\/\/fundacioncajaruraldelsur.com\/eventos\/"},{"@type":"ListItem","position":3,"name":"Presentaci\u00f3n de libro encadenado: &#8216;7: La odisea de los t\u00edteres&#8217;"}]},{"@type":"WebSite","@id":"https:\/\/fundacioncajaruraldelsur.com\/#website","url":"https:\/\/fundacioncajaruraldelsur.com\/","name":"Funda\u00e7\u00e3o Caja Rural del Sur","description":"","potentialAction":[{"@type":"SearchAction","target":{"@type":"EntryPoint","urlTemplate":"https:\/\/fundacioncajaruraldelsur.com\/?s={search_term_string}"},"query-input":{"@type":"PropertyValueSpecification","valueRequired":true,"valueName":"search_term_string"}}],"inLanguage":"pt-PT"}]}},"_links":{"self":[{"href":"https:\/\/fundacioncajaruraldelsur.com\/pt\/wp-json\/wp\/v2\/tribe_events\/5275","targetHints":{"allow":["GET"]}}],"collection":[{"href":"https:\/\/fundacioncajaruraldelsur.com\/pt\/wp-json\/wp\/v2\/tribe_events"}],"about":[{"href":"https:\/\/fundacioncajaruraldelsur.com\/pt\/wp-json\/wp\/v2\/types\/tribe_events"}],"author":[{"embeddable":true,"href":"https:\/\/fundacioncajaruraldelsur.com\/pt\/wp-json\/wp\/v2\/users\/8"}],"version-history":[{"count":3,"href":"https:\/\/fundacioncajaruraldelsur.com\/pt\/wp-json\/wp\/v2\/tribe_events\/5275\/revisions"}],"predecessor-version":[{"id":5279,"href":"https:\/\/fundacioncajaruraldelsur.com\/pt\/wp-json\/wp\/v2\/tribe_events\/5275\/revisions\/5279"}],"wp:featuredmedia":[{"embeddable":true,"href":"https:\/\/fundacioncajaruraldelsur.com\/pt\/wp-json\/wp\/v2\/media\/4026"}],"wp:attachment":[{"href":"https:\/\/fundacioncajaruraldelsur.com\/pt\/wp-json\/wp\/v2\/media?parent=5275"}],"wp:term":[{"taxonomy":"post_tag","embeddable":true,"href":"https:\/\/fundacioncajaruraldelsur.com\/pt\/wp-json\/wp\/v2\/tags?post=5275"},{"taxonomy":"tribe_events_cat","embeddable":true,"href":"https:\/\/fundacioncajaruraldelsur.com\/pt\/wp-json\/wp\/v2\/tribe_events_cat?post=5275"}],"curies":[{"name":"wp","href":"https:\/\/api.w.org\/{rel}","templated":true}]}}