{"id":5208,"date":"2019-10-28T22:14:22","date_gmt":"2019-10-28T20:14:22","guid":{"rendered":"\/?post_type=tribe_events&#038;p=5208"},"modified":"2019-10-31T19:02:25","modified_gmt":"2019-10-31T17:02:25","slug":"ciclo-de-cine-e-ingenieria","status":"publish","type":"tribe_events","link":"https:\/\/fundacioncajaruraldelsur.com\/pt\/evento\/ciclo-de-cine-e-ingenieria\/","title":{"rendered":"Ciclo de &#8216;Cine e Ingenier\u00eda&#8217;"},"content":{"rendered":"<p>El pr\u00f3ximo d\u00eda 20 acogemos\u00a0la proyecci\u00f3n de la pel\u00edcula \u2018<strong>El vuelo del F\u00e9nix<\/strong>\u2019 un filme cl\u00e1sico dirigido por Robert Aldrich y estrenado en 1965, protagonizada en los papeles principales por James Stewart, Richard Attenborough, Peter Finch, Ernest Borgnine, Hardy Kr\u00fcger, George Kennedy, Dan Duryea, Ronald Fraser e Ian Bannen.<\/p>\n<p><a href=\"http:\/\/www.aiiaoc.com\">La Asociaci\u00f3n de Ingenieros Industriales de Andaluc\u00eda Occidental (AIIAOC)<\/a> organiza este ciclo de cine con el objetivo de acercar la ingenier\u00eda al p\u00fablico general y a los ingenieros industriales, mostr\u00e1ndoles de forma visual (nunca mejor dicho) como la ingenier\u00eda forma parte de nuestra vida<\/p>\n<p>Las primeras pel\u00edculas son m\u00e1s antiguas, cl\u00e1sicos de esta tem\u00e1tica que no pod\u00edan faltar, y abordan contextos del pasado. Seg\u00fan avancemos en el ciclo de cine se ir\u00e1n viendo pel\u00edculas vinculadas con la ingenier\u00eda m\u00e1s moderna.<\/p>\n<h3>SINOPSIS<\/h3>\n<p>Un grupo de catorce hombres de distintas personalidades y de diversas procedencias y profesiones viaja en un avi\u00f3n de carga de la l\u00ednea a\u00e9rea ar\u00e1biga Arabco.<span class=\"Apple-converted-space\">\u00a0<\/span><\/p>\n<p>Una tormenta de arena que no puede ser evitada origina una aver\u00eda en uno de los motores.<span class=\"Apple-converted-space\">\u00a0<\/span><b>\u201cEl vuelo del F\u00e9nix\u201d <\/b>fue filmada en Buttercup Valley, Yuma, Arizona en 1964 y se ocuparon al menos cuatro aeronaves C-82 Packet.<\/p>\n<p>Si bien la pel\u00edcula fue de bajo presupuesto, tuvo un tremendo \u00e9xito de taquilla que le permiti\u00f3 ser nominada dos veces a los Premios \u00d3scar.<\/p>\n<p>&nbsp;<\/p>","protected":false},"excerpt":{"rendered":"<p>El pr\u00f3ximo d\u00eda 20 acogemos\u00a0la proyecci\u00f3n de la pel\u00edcula \u2018El vuelo del F\u00e9nix\u2019 un filme cl\u00e1sico dirigido por Robert Aldrich y estrenado en 1965, protagonizada en los papeles principales por [&hellip;]<\/p>\n","protected":false},"author":8,"featured_media":4772,"template":"","meta":{"_tribe_events_status":"","_tribe_events_status_reason":"","_tribe_events_is_hybrid":"","_tribe_events_is_virtual":"","_tribe_events_virtual_video_source":"","_tribe_events_virtual_embed_video":"","_tribe_events_virtual_linked_button_text":"","_tribe_events_virtual_linked_button":"","_tribe_events_virtual_show_embed_at":"","_tribe_events_virtual_show_embed_to":[],"_tribe_events_virtual_show_on_event":"","_tribe_events_virtual_show_on_views":"","_tribe_events_virtual_url":"","footnotes":""},"tags":[515,519,514],"tribe_events_cat":[281],"class_list":["post-5208","tribe_events","type-tribe_events","status-publish","has-post-thumbnail","hentry","tag-aiiaoc","tag-el-vuelo-del-fenix","tag-la-asociacion-de-ingenieros-industriales-de-andalucia-occidental","tribe_events_cat-cine","cat_cine"],"yoast_head":"<!-- This site is optimized with the Yoast SEO plugin v27.3 - https:\/\/yoast.com\/product\/yoast-seo-wordpress\/ -->\n<title>Ciclo de &#039;Cine e Ingenier\u00eda&#039; - Fundaci\u00f3n Caja Rural del Sur<\/title>\n<meta name=\"description\" content=\"Acogemos en Sevilla la proyecci\u00f3n de la pel\u00edcula &#039;El vuelo del F\u00e9nix&#039;, organizado por la Asociaci\u00f3n de Ingenieros Industriales de Andaluc\u00eda Occidental.\" \/>\n<meta name=\"robots\" content=\"index, follow, max-snippet:-1, max-image-preview:large, max-video-preview:-1\" \/>\n<link rel=\"canonical\" href=\"https:\/\/fundacioncajaruraldelsur.com\/pt\/evento\/ciclo-de-cine-e-ingenieria\/\" \/>\n<meta property=\"og:locale\" content=\"pt_PT\" \/>\n<meta property=\"og:type\" content=\"article\" \/>\n<meta property=\"og:title\" content=\"Ciclo de &#039;Cine e Ingenier\u00eda&#039; - Fundaci\u00f3n Caja Rural del Sur\" \/>\n<meta property=\"og:description\" content=\"Acogemos en Sevilla la proyecci\u00f3n de la pel\u00edcula &#039;El vuelo del F\u00e9nix&#039;, organizado por la Asociaci\u00f3n de Ingenieros Industriales de Andaluc\u00eda Occidental.\" \/>\n<meta property=\"og:url\" content=\"https:\/\/fundacioncajaruraldelsur.com\/pt\/evento\/ciclo-de-cine-e-ingenieria\/\" \/>\n<meta property=\"og:site_name\" content=\"Fundaci\u00f3n Caja Rural del Sur\" \/>\n<meta property=\"article:modified_time\" content=\"2019-10-31T17:02:25+00:00\" \/>\n<meta property=\"og:image\" content=\"https:\/\/fundacioncajaruraldelsur.com\/wp-content\/uploads\/2019\/05\/Cine.jpg\" \/>\n\t<meta property=\"og:image:width\" content=\"1925\" \/>\n\t<meta property=\"og:image:height\" content=\"500\" \/>\n\t<meta property=\"og:image:type\" content=\"image\/jpeg\" \/>\n<meta name=\"twitter:card\" content=\"summary_large_image\" \/>\n<meta name=\"twitter:label1\" content=\"Est. reading time\" \/>\n\t<meta name=\"twitter:data1\" content=\"1 minute\" \/>\n<script type=\"application\/ld+json\" class=\"yoast-schema-graph\">{\"@context\":\"https:\\\/\\\/schema.org\",\"@graph\":[{\"@type\":\"WebPage\",\"@id\":\"https:\\\/\\\/fundacioncajaruraldelsur.com\\\/evento\\\/ciclo-de-cine-e-ingenieria\\\/\",\"url\":\"https:\\\/\\\/fundacioncajaruraldelsur.com\\\/evento\\\/ciclo-de-cine-e-ingenieria\\\/\",\"name\":\"Ciclo de 'Cine e Ingenier\u00eda' - Fundaci\u00f3n Caja Rural del Sur\",\"isPartOf\":{\"@id\":\"https:\\\/\\\/fundacioncajaruraldelsur.com\\\/#website\"},\"primaryImageOfPage\":{\"@id\":\"https:\\\/\\\/fundacioncajaruraldelsur.com\\\/evento\\\/ciclo-de-cine-e-ingenieria\\\/#primaryimage\"},\"image\":{\"@id\":\"https:\\\/\\\/fundacioncajaruraldelsur.com\\\/evento\\\/ciclo-de-cine-e-ingenieria\\\/#primaryimage\"},\"thumbnailUrl\":\"https:\\\/\\\/fundacioncajaruraldelsur.com\\\/wp-content\\\/uploads\\\/2019\\\/05\\\/Cine.jpg\",\"datePublished\":\"2019-10-28T20:14:22+00:00\",\"dateModified\":\"2019-10-31T17:02:25+00:00\",\"description\":\"Acogemos en Sevilla la proyecci\u00f3n de la pel\u00edcula 'El vuelo del F\u00e9nix', organizado por la Asociaci\u00f3n de Ingenieros Industriales de Andaluc\u00eda Occidental.\",\"breadcrumb\":{\"@id\":\"https:\\\/\\\/fundacioncajaruraldelsur.com\\\/evento\\\/ciclo-de-cine-e-ingenieria\\\/#breadcrumb\"},\"inLanguage\":\"pt-PT\",\"potentialAction\":[{\"@type\":\"ReadAction\",\"target\":[\"https:\\\/\\\/fundacioncajaruraldelsur.com\\\/evento\\\/ciclo-de-cine-e-ingenieria\\\/\"]}]},{\"@type\":\"ImageObject\",\"inLanguage\":\"pt-PT\",\"@id\":\"https:\\\/\\\/fundacioncajaruraldelsur.com\\\/evento\\\/ciclo-de-cine-e-ingenieria\\\/#primaryimage\",\"url\":\"https:\\\/\\\/fundacioncajaruraldelsur.com\\\/wp-content\\\/uploads\\\/2019\\\/05\\\/Cine.jpg\",\"contentUrl\":\"https:\\\/\\\/fundacioncajaruraldelsur.com\\\/wp-content\\\/uploads\\\/2019\\\/05\\\/Cine.jpg\",\"width\":1925,\"height\":500},{\"@type\":\"BreadcrumbList\",\"@id\":\"https:\\\/\\\/fundacioncajaruraldelsur.com\\\/evento\\\/ciclo-de-cine-e-ingenieria\\\/#breadcrumb\",\"itemListElement\":[{\"@type\":\"ListItem\",\"position\":1,\"name\":\"Portada\",\"item\":\"https:\\\/\\\/fundacioncajaruraldelsur.com\\\/\"},{\"@type\":\"ListItem\",\"position\":2,\"name\":\"Eventos\",\"item\":\"https:\\\/\\\/fundacioncajaruraldelsur.com\\\/eventos\\\/\"},{\"@type\":\"ListItem\",\"position\":3,\"name\":\"Ciclo de &#8216;Cine e Ingenier\u00eda&#8217;\"}]},{\"@type\":\"WebSite\",\"@id\":\"https:\\\/\\\/fundacioncajaruraldelsur.com\\\/#website\",\"url\":\"https:\\\/\\\/fundacioncajaruraldelsur.com\\\/\",\"name\":\"Fundaci\u00f3n Caja Rural del Sur\",\"description\":\"\",\"potentialAction\":[{\"@type\":\"SearchAction\",\"target\":{\"@type\":\"EntryPoint\",\"urlTemplate\":\"https:\\\/\\\/fundacioncajaruraldelsur.com\\\/?s={search_term_string}\"},\"query-input\":{\"@type\":\"PropertyValueSpecification\",\"valueRequired\":true,\"valueName\":\"search_term_string\"}}],\"inLanguage\":\"pt-PT\"}]}<\/script>\n<!-- \/ Yoast SEO plugin. -->","yoast_head_json":{"title":"Ciclo de 'Cine e Ingenier\u00eda' - Fundaci\u00f3n Caja Rural del Sur","description":"Acogemos en Sevilla la proyecci\u00f3n de la pel\u00edcula 'El vuelo del F\u00e9nix', organizado por la Asociaci\u00f3n de Ingenieros Industriales de Andaluc\u00eda Occidental.","robots":{"index":"index","follow":"follow","max-snippet":"max-snippet:-1","max-image-preview":"max-image-preview:large","max-video-preview":"max-video-preview:-1"},"canonical":"https:\/\/fundacioncajaruraldelsur.com\/pt\/evento\/ciclo-de-cine-e-ingenieria\/","og_locale":"pt_PT","og_type":"article","og_title":"Ciclo de 'Cine e Ingenier\u00eda' - Fundaci\u00f3n Caja Rural del Sur","og_description":"Acogemos en Sevilla la proyecci\u00f3n de la pel\u00edcula 'El vuelo del F\u00e9nix', organizado por la Asociaci\u00f3n de Ingenieros Industriales de Andaluc\u00eda Occidental.","og_url":"https:\/\/fundacioncajaruraldelsur.com\/pt\/evento\/ciclo-de-cine-e-ingenieria\/","og_site_name":"Fundaci\u00f3n Caja Rural del Sur","article_modified_time":"2019-10-31T17:02:25+00:00","og_image":[{"width":1925,"height":500,"url":"https:\/\/fundacioncajaruraldelsur.com\/wp-content\/uploads\/2019\/05\/Cine.jpg","type":"image\/jpeg"}],"twitter_card":"summary_large_image","twitter_misc":{"Est. reading time":"1 minute"},"schema":{"@context":"https:\/\/schema.org","@graph":[{"@type":"WebPage","@id":"https:\/\/fundacioncajaruraldelsur.com\/evento\/ciclo-de-cine-e-ingenieria\/","url":"https:\/\/fundacioncajaruraldelsur.com\/evento\/ciclo-de-cine-e-ingenieria\/","name":"Ciclo de 'Cine e Ingenier\u00eda' - Fundaci\u00f3n Caja Rural del Sur","isPartOf":{"@id":"https:\/\/fundacioncajaruraldelsur.com\/#website"},"primaryImageOfPage":{"@id":"https:\/\/fundacioncajaruraldelsur.com\/evento\/ciclo-de-cine-e-ingenieria\/#primaryimage"},"image":{"@id":"https:\/\/fundacioncajaruraldelsur.com\/evento\/ciclo-de-cine-e-ingenieria\/#primaryimage"},"thumbnailUrl":"https:\/\/fundacioncajaruraldelsur.com\/wp-content\/uploads\/2019\/05\/Cine.jpg","datePublished":"2019-10-28T20:14:22+00:00","dateModified":"2019-10-31T17:02:25+00:00","description":"Acogemos en Sevilla la proyecci\u00f3n de la pel\u00edcula 'El vuelo del F\u00e9nix', organizado por la Asociaci\u00f3n de Ingenieros Industriales de Andaluc\u00eda Occidental.","breadcrumb":{"@id":"https:\/\/fundacioncajaruraldelsur.com\/evento\/ciclo-de-cine-e-ingenieria\/#breadcrumb"},"inLanguage":"pt-PT","potentialAction":[{"@type":"ReadAction","target":["https:\/\/fundacioncajaruraldelsur.com\/evento\/ciclo-de-cine-e-ingenieria\/"]}]},{"@type":"ImageObject","inLanguage":"pt-PT","@id":"https:\/\/fundacioncajaruraldelsur.com\/evento\/ciclo-de-cine-e-ingenieria\/#primaryimage","url":"https:\/\/fundacioncajaruraldelsur.com\/wp-content\/uploads\/2019\/05\/Cine.jpg","contentUrl":"https:\/\/fundacioncajaruraldelsur.com\/wp-content\/uploads\/2019\/05\/Cine.jpg","width":1925,"height":500},{"@type":"BreadcrumbList","@id":"https:\/\/fundacioncajaruraldelsur.com\/evento\/ciclo-de-cine-e-ingenieria\/#breadcrumb","itemListElement":[{"@type":"ListItem","position":1,"name":"Portada","item":"https:\/\/fundacioncajaruraldelsur.com\/"},{"@type":"ListItem","position":2,"name":"Eventos","item":"https:\/\/fundacioncajaruraldelsur.com\/eventos\/"},{"@type":"ListItem","position":3,"name":"Ciclo de &#8216;Cine e Ingenier\u00eda&#8217;"}]},{"@type":"WebSite","@id":"https:\/\/fundacioncajaruraldelsur.com\/#website","url":"https:\/\/fundacioncajaruraldelsur.com\/","name":"Funda\u00e7\u00e3o Caja Rural del Sur","description":"","potentialAction":[{"@type":"SearchAction","target":{"@type":"EntryPoint","urlTemplate":"https:\/\/fundacioncajaruraldelsur.com\/?s={search_term_string}"},"query-input":{"@type":"PropertyValueSpecification","valueRequired":true,"valueName":"search_term_string"}}],"inLanguage":"pt-PT"}]}},"_links":{"self":[{"href":"https:\/\/fundacioncajaruraldelsur.com\/pt\/wp-json\/wp\/v2\/tribe_events\/5208","targetHints":{"allow":["GET"]}}],"collection":[{"href":"https:\/\/fundacioncajaruraldelsur.com\/pt\/wp-json\/wp\/v2\/tribe_events"}],"about":[{"href":"https:\/\/fundacioncajaruraldelsur.com\/pt\/wp-json\/wp\/v2\/types\/tribe_events"}],"author":[{"embeddable":true,"href":"https:\/\/fundacioncajaruraldelsur.com\/pt\/wp-json\/wp\/v2\/users\/8"}],"version-history":[{"count":3,"href":"https:\/\/fundacioncajaruraldelsur.com\/pt\/wp-json\/wp\/v2\/tribe_events\/5208\/revisions"}],"predecessor-version":[{"id":5221,"href":"https:\/\/fundacioncajaruraldelsur.com\/pt\/wp-json\/wp\/v2\/tribe_events\/5208\/revisions\/5221"}],"wp:featuredmedia":[{"embeddable":true,"href":"https:\/\/fundacioncajaruraldelsur.com\/pt\/wp-json\/wp\/v2\/media\/4772"}],"wp:attachment":[{"href":"https:\/\/fundacioncajaruraldelsur.com\/pt\/wp-json\/wp\/v2\/media?parent=5208"}],"wp:term":[{"taxonomy":"post_tag","embeddable":true,"href":"https:\/\/fundacioncajaruraldelsur.com\/pt\/wp-json\/wp\/v2\/tags?post=5208"},{"taxonomy":"tribe_events_cat","embeddable":true,"href":"https:\/\/fundacioncajaruraldelsur.com\/pt\/wp-json\/wp\/v2\/tribe_events_cat?post=5208"}],"curies":[{"name":"wp","href":"https:\/\/api.w.org\/{rel}","templated":true}]}}