{"id":5011,"date":"2019-09-06T15:11:30","date_gmt":"2019-09-06T13:11:30","guid":{"rendered":"\/?post_type=tribe_events&#038;p=5011"},"modified":"2019-09-06T15:11:39","modified_gmt":"2019-09-06T13:11:39","slug":"exposicion-de-fotografia-rocio-escudero-alfonso","status":"publish","type":"tribe_events","link":"https:\/\/fundacioncajaruraldelsur.com\/pt\/evento\/exposicion-de-fotografia-rocio-escudero-alfonso\/","title":{"rendered":"Exposici\u00f3n de Fotograf\u00eda: Roc\u00edo Escudero Alfonso"},"content":{"rendered":"<p>El pr\u00f3ximo 16 de septiembre a las 19:00h. inauguramos en Huelva la exposici\u00f3n fotogr\u00e1fica \u00ab<em>Por la Sangre de Eva<\/em>\u00ab, de la autora <strong>Roc\u00edo Escudero Alfonso<\/strong>.<\/p>\n<h4>LA AUTORA<\/h4>\n<p><em>Retratar la luz<\/em><\/p>\n<p><a href=\"\/wp-content\/uploads\/2019\/09\/Rocio_Escudero.jpg\" rel=\"lightbox-0\"><img loading=\"lazy\" decoding=\"async\" class=\"size-medium wp-image-5012 alignleft\" src=\"\/wp-content\/uploads\/2019\/09\/Rocio_Escudero-225x300.jpg\" alt=\"\" width=\"225\" height=\"300\" srcset=\"https:\/\/fundacioncajaruraldelsur.com\/wp-content\/uploads\/2019\/09\/Rocio_Escudero-225x300.jpg 225w, https:\/\/fundacioncajaruraldelsur.com\/wp-content\/uploads\/2019\/09\/Rocio_Escudero-768x1024.jpg 768w\" sizes=\"auto, (max-width: 225px) 100vw, 225px\" \/><\/a><\/p>\n<p><strong>Roc\u00edo Escudero Alfonso; fot\u00f3grafa onubense que comenz\u00f3 a jugar con el objetivo a comienzos de su adolescencia<\/strong>. No imaginaba, por aquel entonces, aquella chica de mirada inquieta, que sus primeros amor\u00edos con el arte de fotografiar sembrar\u00edan la semilla de lo que hoy emerge de su prisma. Son instant\u00e1neas que cautivan al primer golpe de vista, capaces de atrapar la atenci\u00f3n con mensajes que remueven los m\u00e1s fr\u00e1giles sentimientos. Quienes la han descubierto han sucumbido a la luz de sus historias.<\/p>\n<p>Profesional de la contabilidad y la administraci\u00f3n empresarial, madre de familia y mujer hecha a s\u00ed misma, sigue compaginando la pasi\u00f3n por la imagen con su trabajo como secretaria en la empresa \u201cmisecretaria.com\u201d.<\/p>\n<p>Roc\u00edo Escudero comienza su andadura en el mundo de la fotograf\u00eda, hace apenas unos a\u00f1os y centra su estilo en el retrato como forma de expresi\u00f3n personal. Atrapada por la pasi\u00f3n que le transmiten las personas crea su particular mezcolanza con que capta la luz y el color que las envuelven. Las perfila a trav\u00e9s del detalle, adentr\u00e1ndose en la profundidad de las almas, las que convierte en im\u00e1genes. <strong>Roc\u00edo avanzan m\u00e1s all\u00e1 del objetivo y de su propia retina.<\/strong><\/p>\n<p>Fruto de su sensible pose ante este arte que comienza a dominar, desde hace tres a\u00f1os viene participando en diversas exposiciones realizadas por la <em>Asociaci\u00f3n Huelva y sus Fot\u00f3grafos<\/em>. En una de ellas consigue hacer del verbo una imagen con la obra\u00a0<strong><em>Aceptar<\/em>; impacto s\u00fabito para la ciudadan\u00eda onubense de la que recibi\u00f3 las mejores cr\u00edticas.\u00a0<\/strong>Con ella revindica la aceptaci\u00f3n de la devastaci\u00f3n por la enfermedad, causa de secuelas que aun despu\u00e9s de haberse vencido lacera el cuerpo y la feminidad en su caso. La artista inmortaliza la valent\u00eda de una mujer que decide mostrar sus heridas como fortificaci\u00f3n de su victoria, con ella quiere destacar el valor de aquellas mujeres, que tambi\u00e9n hoy, avanzan hacia la superaci\u00f3n del c\u00e1ncer de mama.<\/p>\n<p>En una nueva exposici\u00f3n volv\u00eda a sorprendernos con una concepci\u00f3n muy personal de la maternidad, a trav\u00e9s de las manos de su madre y el rostro de su hija<strong>. <em>Mi vida en tus manos <\/em>ofrece una visi\u00f3n en blanco y negro de la confianza y el v\u00ednculo generacional.\u00a0<\/strong>Escudero, en su proceso de expansi\u00f3n hacia nuevos estilos, crea, el cartel que el Hotel NH Luz Huelva abander\u00f3 para declamar su <strong>exposici\u00f3n cofrade<\/strong>, hace dos a\u00f1os. Roc\u00edo delinea al detalle el rostro de Mar\u00eda Sant\u00edsima de la Victoria que focaliza la obra.<\/p>\n<p>En su andadura, tambi\u00e9n result\u00f3 ganadora del <strong>primer premio en el Certamen Fotogr\u00e1fico de la editorial onubense <em>Apuleyo Ediciones<\/em>.<\/strong>En este caso una rompedora imagen sobre el placer de la lectura ha sabido escalar hacia la mayor altura. En este mundo editorial comienza a ser reclamada por su complicidad con las letras; algunas autoras ya cuentan con sus trabajos como portadas de sus obras.<\/p>\n<p>A partir de esa relaci\u00f3n con el mundo de las letras, comienza a germinar el que ser\u00e1 su proyecto m\u00e1s ambicioso: <strong>\u201cPor la Sangre de Eva\u201d.\u00a0<\/strong>Retratos de mujeres escritoras, donde Escudero extrae la esencia de la mujer creadora. Una mirada al interior que no dejar\u00e1 indiferente.<\/p>","protected":false},"excerpt":{"rendered":"<p>El pr\u00f3ximo 16 de septiembre a las 19:00h. inauguramos en Huelva la exposici\u00f3n fotogr\u00e1fica \u00abPor la Sangre de Eva\u00ab, de la autora Roc\u00edo Escudero Alfonso. LA AUTORA Retratar la luz [&hellip;]<\/p>\n","protected":false},"author":8,"featured_media":5013,"template":"","meta":{"_tribe_events_status":"","_tribe_events_status_reason":"","_tribe_events_is_hybrid":"","_tribe_events_is_virtual":"","_tribe_events_virtual_video_source":"","_tribe_events_virtual_embed_video":"","_tribe_events_virtual_linked_button_text":"","_tribe_events_virtual_linked_button":"","_tribe_events_virtual_show_embed_at":"","_tribe_events_virtual_show_embed_to":[],"_tribe_events_virtual_show_on_event":"","_tribe_events_virtual_show_on_views":"","_tribe_events_virtual_url":"","footnotes":""},"tags":[121,168,461],"tribe_events_cat":[71],"class_list":["post-5011","tribe_events","type-tribe_events","status-publish","has-post-thumbnail","hentry","tag-fotografia","tag-huelva","tag-rocio-escudero-alfonso","tribe_events_cat-exposicion","cat_exposicion"],"yoast_head":"<!-- This site is optimized with the Yoast SEO plugin v27.3 - https:\/\/yoast.com\/product\/yoast-seo-wordpress\/ -->\n<title>Exposici\u00f3n de Fotograf\u00eda: Roc\u00edo Escudero Alfonso - Fundaci\u00f3n Caja Rural del Sur<\/title>\n<meta name=\"description\" content=\"El pr\u00f3ximo 16 de septiembre a las 19:00h. inauguramos en Huelva la exposici\u00f3n fotogr\u00e1fica &quot;Por la Sangre de Eva&quot;, de la autora Roc\u00edo Escudero Alfonso.\u00a0\" \/>\n<meta name=\"robots\" content=\"index, follow, max-snippet:-1, max-image-preview:large, max-video-preview:-1\" \/>\n<link rel=\"canonical\" href=\"https:\/\/fundacioncajaruraldelsur.com\/pt\/evento\/exposicion-de-fotografia-rocio-escudero-alfonso\/\" \/>\n<meta property=\"og:locale\" content=\"pt_PT\" \/>\n<meta property=\"og:type\" content=\"article\" \/>\n<meta property=\"og:title\" content=\"Exposici\u00f3n de Fotograf\u00eda: Roc\u00edo Escudero Alfonso - Fundaci\u00f3n Caja Rural del Sur\" \/>\n<meta property=\"og:description\" content=\"El pr\u00f3ximo 16 de septiembre a las 19:00h. inauguramos en Huelva la exposici\u00f3n fotogr\u00e1fica &quot;Por la Sangre de Eva&quot;, de la autora Roc\u00edo Escudero Alfonso.\u00a0\" \/>\n<meta property=\"og:url\" content=\"https:\/\/fundacioncajaruraldelsur.com\/pt\/evento\/exposicion-de-fotografia-rocio-escudero-alfonso\/\" \/>\n<meta property=\"og:site_name\" content=\"Fundaci\u00f3n Caja Rural del Sur\" \/>\n<meta property=\"article:modified_time\" content=\"2019-09-06T13:11:39+00:00\" \/>\n<meta property=\"og:image\" content=\"https:\/\/fundacioncajaruraldelsur.com\/wp-content\/uploads\/2019\/09\/exposicion_rocio_escudero.jpg\" \/>\n\t<meta property=\"og:image:width\" content=\"1925\" \/>\n\t<meta property=\"og:image:height\" content=\"500\" \/>\n\t<meta property=\"og:image:type\" content=\"image\/jpeg\" \/>\n<meta name=\"twitter:card\" content=\"summary_large_image\" \/>\n<meta name=\"twitter:label1\" content=\"Est. reading time\" \/>\n\t<meta name=\"twitter:data1\" content=\"3 minutes\" \/>\n<script type=\"application\/ld+json\" class=\"yoast-schema-graph\">{\"@context\":\"https:\\\/\\\/schema.org\",\"@graph\":[{\"@type\":\"WebPage\",\"@id\":\"https:\\\/\\\/fundacioncajaruraldelsur.com\\\/evento\\\/exposicion-de-fotografia-rocio-escudero-alfonso\\\/\",\"url\":\"https:\\\/\\\/fundacioncajaruraldelsur.com\\\/evento\\\/exposicion-de-fotografia-rocio-escudero-alfonso\\\/\",\"name\":\"Exposici\u00f3n de Fotograf\u00eda: Roc\u00edo Escudero Alfonso - Fundaci\u00f3n Caja Rural del Sur\",\"isPartOf\":{\"@id\":\"https:\\\/\\\/fundacioncajaruraldelsur.com\\\/#website\"},\"primaryImageOfPage\":{\"@id\":\"https:\\\/\\\/fundacioncajaruraldelsur.com\\\/evento\\\/exposicion-de-fotografia-rocio-escudero-alfonso\\\/#primaryimage\"},\"image\":{\"@id\":\"https:\\\/\\\/fundacioncajaruraldelsur.com\\\/evento\\\/exposicion-de-fotografia-rocio-escudero-alfonso\\\/#primaryimage\"},\"thumbnailUrl\":\"https:\\\/\\\/fundacioncajaruraldelsur.com\\\/wp-content\\\/uploads\\\/2019\\\/09\\\/exposicion_rocio_escudero.jpg\",\"datePublished\":\"2019-09-06T13:11:30+00:00\",\"dateModified\":\"2019-09-06T13:11:39+00:00\",\"description\":\"El pr\u00f3ximo 16 de septiembre a las 19:00h. inauguramos en Huelva la exposici\u00f3n fotogr\u00e1fica \\\"Por la Sangre de Eva\\\", de la autora Roc\u00edo Escudero Alfonso.\u00a0\",\"breadcrumb\":{\"@id\":\"https:\\\/\\\/fundacioncajaruraldelsur.com\\\/evento\\\/exposicion-de-fotografia-rocio-escudero-alfonso\\\/#breadcrumb\"},\"inLanguage\":\"pt-PT\",\"potentialAction\":[{\"@type\":\"ReadAction\",\"target\":[\"https:\\\/\\\/fundacioncajaruraldelsur.com\\\/evento\\\/exposicion-de-fotografia-rocio-escudero-alfonso\\\/\"]}]},{\"@type\":\"ImageObject\",\"inLanguage\":\"pt-PT\",\"@id\":\"https:\\\/\\\/fundacioncajaruraldelsur.com\\\/evento\\\/exposicion-de-fotografia-rocio-escudero-alfonso\\\/#primaryimage\",\"url\":\"https:\\\/\\\/fundacioncajaruraldelsur.com\\\/wp-content\\\/uploads\\\/2019\\\/09\\\/exposicion_rocio_escudero.jpg\",\"contentUrl\":\"https:\\\/\\\/fundacioncajaruraldelsur.com\\\/wp-content\\\/uploads\\\/2019\\\/09\\\/exposicion_rocio_escudero.jpg\",\"width\":1925,\"height\":500},{\"@type\":\"BreadcrumbList\",\"@id\":\"https:\\\/\\\/fundacioncajaruraldelsur.com\\\/evento\\\/exposicion-de-fotografia-rocio-escudero-alfonso\\\/#breadcrumb\",\"itemListElement\":[{\"@type\":\"ListItem\",\"position\":1,\"name\":\"Portada\",\"item\":\"https:\\\/\\\/fundacioncajaruraldelsur.com\\\/\"},{\"@type\":\"ListItem\",\"position\":2,\"name\":\"Eventos\",\"item\":\"https:\\\/\\\/fundacioncajaruraldelsur.com\\\/eventos\\\/\"},{\"@type\":\"ListItem\",\"position\":3,\"name\":\"Exposici\u00f3n de Fotograf\u00eda: Roc\u00edo Escudero Alfonso\"}]},{\"@type\":\"WebSite\",\"@id\":\"https:\\\/\\\/fundacioncajaruraldelsur.com\\\/#website\",\"url\":\"https:\\\/\\\/fundacioncajaruraldelsur.com\\\/\",\"name\":\"Fundaci\u00f3n Caja Rural del Sur\",\"description\":\"\",\"potentialAction\":[{\"@type\":\"SearchAction\",\"target\":{\"@type\":\"EntryPoint\",\"urlTemplate\":\"https:\\\/\\\/fundacioncajaruraldelsur.com\\\/?s={search_term_string}\"},\"query-input\":{\"@type\":\"PropertyValueSpecification\",\"valueRequired\":true,\"valueName\":\"search_term_string\"}}],\"inLanguage\":\"pt-PT\"}]}<\/script>\n<!-- \/ Yoast SEO plugin. -->","yoast_head_json":{"title":"Exposici\u00f3n de Fotograf\u00eda: Roc\u00edo Escudero Alfonso - Fundaci\u00f3n Caja Rural del Sur","description":"El pr\u00f3ximo 16 de septiembre a las 19:00h. inauguramos en Huelva la exposici\u00f3n fotogr\u00e1fica \"Por la Sangre de Eva\", de la autora Roc\u00edo Escudero Alfonso.\u00a0","robots":{"index":"index","follow":"follow","max-snippet":"max-snippet:-1","max-image-preview":"max-image-preview:large","max-video-preview":"max-video-preview:-1"},"canonical":"https:\/\/fundacioncajaruraldelsur.com\/pt\/evento\/exposicion-de-fotografia-rocio-escudero-alfonso\/","og_locale":"pt_PT","og_type":"article","og_title":"Exposici\u00f3n de Fotograf\u00eda: Roc\u00edo Escudero Alfonso - Fundaci\u00f3n Caja Rural del Sur","og_description":"El pr\u00f3ximo 16 de septiembre a las 19:00h. inauguramos en Huelva la exposici\u00f3n fotogr\u00e1fica \"Por la Sangre de Eva\", de la autora Roc\u00edo Escudero Alfonso.\u00a0","og_url":"https:\/\/fundacioncajaruraldelsur.com\/pt\/evento\/exposicion-de-fotografia-rocio-escudero-alfonso\/","og_site_name":"Fundaci\u00f3n Caja Rural del Sur","article_modified_time":"2019-09-06T13:11:39+00:00","og_image":[{"width":1925,"height":500,"url":"https:\/\/fundacioncajaruraldelsur.com\/wp-content\/uploads\/2019\/09\/exposicion_rocio_escudero.jpg","type":"image\/jpeg"}],"twitter_card":"summary_large_image","twitter_misc":{"Est. reading time":"3 minutes"},"schema":{"@context":"https:\/\/schema.org","@graph":[{"@type":"WebPage","@id":"https:\/\/fundacioncajaruraldelsur.com\/evento\/exposicion-de-fotografia-rocio-escudero-alfonso\/","url":"https:\/\/fundacioncajaruraldelsur.com\/evento\/exposicion-de-fotografia-rocio-escudero-alfonso\/","name":"Exposici\u00f3n de Fotograf\u00eda: Roc\u00edo Escudero Alfonso - Fundaci\u00f3n Caja Rural del Sur","isPartOf":{"@id":"https:\/\/fundacioncajaruraldelsur.com\/#website"},"primaryImageOfPage":{"@id":"https:\/\/fundacioncajaruraldelsur.com\/evento\/exposicion-de-fotografia-rocio-escudero-alfonso\/#primaryimage"},"image":{"@id":"https:\/\/fundacioncajaruraldelsur.com\/evento\/exposicion-de-fotografia-rocio-escudero-alfonso\/#primaryimage"},"thumbnailUrl":"https:\/\/fundacioncajaruraldelsur.com\/wp-content\/uploads\/2019\/09\/exposicion_rocio_escudero.jpg","datePublished":"2019-09-06T13:11:30+00:00","dateModified":"2019-09-06T13:11:39+00:00","description":"El pr\u00f3ximo 16 de septiembre a las 19:00h. inauguramos en Huelva la exposici\u00f3n fotogr\u00e1fica \"Por la Sangre de Eva\", de la autora Roc\u00edo Escudero Alfonso.\u00a0","breadcrumb":{"@id":"https:\/\/fundacioncajaruraldelsur.com\/evento\/exposicion-de-fotografia-rocio-escudero-alfonso\/#breadcrumb"},"inLanguage":"pt-PT","potentialAction":[{"@type":"ReadAction","target":["https:\/\/fundacioncajaruraldelsur.com\/evento\/exposicion-de-fotografia-rocio-escudero-alfonso\/"]}]},{"@type":"ImageObject","inLanguage":"pt-PT","@id":"https:\/\/fundacioncajaruraldelsur.com\/evento\/exposicion-de-fotografia-rocio-escudero-alfonso\/#primaryimage","url":"https:\/\/fundacioncajaruraldelsur.com\/wp-content\/uploads\/2019\/09\/exposicion_rocio_escudero.jpg","contentUrl":"https:\/\/fundacioncajaruraldelsur.com\/wp-content\/uploads\/2019\/09\/exposicion_rocio_escudero.jpg","width":1925,"height":500},{"@type":"BreadcrumbList","@id":"https:\/\/fundacioncajaruraldelsur.com\/evento\/exposicion-de-fotografia-rocio-escudero-alfonso\/#breadcrumb","itemListElement":[{"@type":"ListItem","position":1,"name":"Portada","item":"https:\/\/fundacioncajaruraldelsur.com\/"},{"@type":"ListItem","position":2,"name":"Eventos","item":"https:\/\/fundacioncajaruraldelsur.com\/eventos\/"},{"@type":"ListItem","position":3,"name":"Exposici\u00f3n de Fotograf\u00eda: Roc\u00edo Escudero Alfonso"}]},{"@type":"WebSite","@id":"https:\/\/fundacioncajaruraldelsur.com\/#website","url":"https:\/\/fundacioncajaruraldelsur.com\/","name":"Funda\u00e7\u00e3o Caja Rural del Sur","description":"","potentialAction":[{"@type":"SearchAction","target":{"@type":"EntryPoint","urlTemplate":"https:\/\/fundacioncajaruraldelsur.com\/?s={search_term_string}"},"query-input":{"@type":"PropertyValueSpecification","valueRequired":true,"valueName":"search_term_string"}}],"inLanguage":"pt-PT"}]}},"_links":{"self":[{"href":"https:\/\/fundacioncajaruraldelsur.com\/pt\/wp-json\/wp\/v2\/tribe_events\/5011","targetHints":{"allow":["GET"]}}],"collection":[{"href":"https:\/\/fundacioncajaruraldelsur.com\/pt\/wp-json\/wp\/v2\/tribe_events"}],"about":[{"href":"https:\/\/fundacioncajaruraldelsur.com\/pt\/wp-json\/wp\/v2\/types\/tribe_events"}],"author":[{"embeddable":true,"href":"https:\/\/fundacioncajaruraldelsur.com\/pt\/wp-json\/wp\/v2\/users\/8"}],"version-history":[{"count":2,"href":"https:\/\/fundacioncajaruraldelsur.com\/pt\/wp-json\/wp\/v2\/tribe_events\/5011\/revisions"}],"predecessor-version":[{"id":5015,"href":"https:\/\/fundacioncajaruraldelsur.com\/pt\/wp-json\/wp\/v2\/tribe_events\/5011\/revisions\/5015"}],"wp:featuredmedia":[{"embeddable":true,"href":"https:\/\/fundacioncajaruraldelsur.com\/pt\/wp-json\/wp\/v2\/media\/5013"}],"wp:attachment":[{"href":"https:\/\/fundacioncajaruraldelsur.com\/pt\/wp-json\/wp\/v2\/media?parent=5011"}],"wp:term":[{"taxonomy":"post_tag","embeddable":true,"href":"https:\/\/fundacioncajaruraldelsur.com\/pt\/wp-json\/wp\/v2\/tags?post=5011"},{"taxonomy":"tribe_events_cat","embeddable":true,"href":"https:\/\/fundacioncajaruraldelsur.com\/pt\/wp-json\/wp\/v2\/tribe_events_cat?post=5011"}],"curies":[{"name":"wp","href":"https:\/\/api.w.org\/{rel}","templated":true}]}}