{"id":4885,"date":"2019-06-12T18:02:24","date_gmt":"2019-06-12T16:02:24","guid":{"rendered":"\/?post_type=tribe_events&#038;p=4885"},"modified":"2019-06-12T18:02:24","modified_gmt":"2019-06-12T16:02:24","slug":"exposicion-donar-para-emprender-vida","status":"publish","type":"tribe_events","link":"https:\/\/fundacioncajaruraldelsur.com\/pt\/evento\/exposicion-donar-para-emprender-vida\/","title":{"rendered":"Exposici\u00f3n: &#8216;Donar para emprender vida&#8217;"},"content":{"rendered":"<p>El pr\u00f3ximo lunes 17 de junio inauguramos la magn\u00edfica exposici\u00f3n fotogr\u00e1fica <strong>Donar para emprender vida<\/strong> en nuestro Centro Cultural Jos\u00e9 Luis Garc\u00eda Palacios a las 19:30 horas.<\/p>\n<p>El acto de inauguraci\u00f3n ir\u00e1 de la mano de <strong>Jos\u00e9 Luis Garcia-Palacios,<\/strong> <strong>Jos\u00e9 Luis Bonilla Romero<\/strong>, gerente Hospital U. Juan Ram\u00f3n Jim\u00e9nez, y <strong>Julia Paloma Hergueta S\u00e1nchez<\/strong>, gerente Hospital Infanta Elena.<\/p>\n<p>A continuaci\u00f3n, se ofrecer\u00e1 una conferencia a cargo de la coordinadora de Trasplantes del <a class=\"profileLink\" href=\"https:\/\/www.facebook.com\/hujuanramonjimenez\/?__tn__=K-R&amp;eid=ARBaxIb6S6-l10ssiaDaKlI9KB1KSZYvgn1WQVyx__OUnLDjckiAS51OVxBU9FXQSabYbCj-0QZCBFH8&amp;fref=mentions&amp;__xts__%5B0%5D=68.ARA4VR_lkQej2u859tw9DCcIW7pjATRhfADiIYwPhDd0X442d2__ruhAyFsVc556gwZCmTRsQA0Rm1rfMSRMozefDNjWQoPolHpdwQT7ijdZNb8N4I7t9fykNjC6IO8vhAoTcZlep5eByjfrF_GH4uiIaKURiuruIZLDv2OtCJsbunaBimUIw6GnMo8ADaLmOYYL-HUT8DgcwVGbd6uD0YpaxXwHJ1XDXPZwOD8QZ7vLckEVkY3brKJHDnXrOOY99yVwLYyEINed6Ul1G-kPosiiy0DLanz3Cuz1t23XeOS9SvoExlcQ5SAAacpmDOGLFk0V\" data-hovercard=\"\/ajax\/hovercard\/page.php?id=376394489428238&amp;extragetparams=%7B%22__tn__%22%3A%22%2CdK-R-R%22%2C%22eid%22%3A%22ARBaxIb6S6-l10ssiaDaKlI9KB1KSZYvgn1WQVyx__OUnLDjckiAS51OVxBU9FXQSabYbCj-0QZCBFH8%22%2C%22fref%22%3A%22mentions%22%7D&amp;av=116154132425047&amp;eav=AfYiazdtydFAryro7_duiYT9hzhpuG0JneGCXsxcimv3w0D-EYyBhCDbVwY7XvSyQz8\" data-hovercard-prefer-more-content-show=\"1\">HU Juan Ram\u00f3n Jim\u00e9nez<\/a>, Francisca Isabel Cabeza, bajo el t\u00edtulo <strong>&#8216;Donaci\u00f3n de \u00d3rganos y tejidos: fuente de vida y esperanza&#8217;.<\/strong><\/p>\n<p>Adem\u00e1s, contaremos con la experiencia personal de Manuela Rey M\u00e1rquez, con la intervenci\u00f3n del autor de la exposici\u00f3n Francisco Fern\u00e1ndez G\u00f3mez.<\/p>\n<p>Como broche de oro, Emilio Ponce, Director de la Fundaci\u00f3n Caja Rural del Sur protagonizar\u00e1 el acto de clausura.<\/p>\n<p>Una iniciativa que se desarrolla en colaboraci\u00f3n con el <a class=\"profileLink\" href=\"https:\/\/www.facebook.com\/hujuanramonjimenez\/?__tn__=K-R&amp;eid=ARDn9wKRAR2VSE1aCxOF54_XE6eYWLCGLG3SHRMbbkhOB7-EakhSDOAAL9PNJFEyPSnVu8K5ckFqNNxx&amp;fref=mentions&amp;__xts__%5B0%5D=68.ARA4VR_lkQej2u859tw9DCcIW7pjATRhfADiIYwPhDd0X442d2__ruhAyFsVc556gwZCmTRsQA0Rm1rfMSRMozefDNjWQoPolHpdwQT7ijdZNb8N4I7t9fykNjC6IO8vhAoTcZlep5eByjfrF_GH4uiIaKURiuruIZLDv2OtCJsbunaBimUIw6GnMo8ADaLmOYYL-HUT8DgcwVGbd6uD0YpaxXwHJ1XDXPZwOD8QZ7vLckEVkY3brKJHDnXrOOY99yVwLYyEINed6Ul1G-kPosiiy0DLanz3Cuz1t23XeOS9SvoExlcQ5SAAacpmDOGLFk0V\" data-hovercard=\"\/ajax\/hovercard\/page.php?id=376394489428238&amp;extragetparams=%7B%22__tn__%22%3A%22%2CdK-R-R%22%2C%22eid%22%3A%22ARDn9wKRAR2VSE1aCxOF54_XE6eYWLCGLG3SHRMbbkhOB7-EakhSDOAAL9PNJFEyPSnVu8K5ckFqNNxx%22%2C%22fref%22%3A%22mentions%22%7D&amp;av=116154132425047&amp;eav=AfYeahmX6hdSVYWEEh1HYDUOkR8dU0wuHGZaBUDZLwR5hdUbSCVki9mNPN9GkMBkI4s\" data-hovercard-prefer-more-content-show=\"1\">HU Juan Ram\u00f3n Jim\u00e9nez<\/a>, la Coordinadora de Trasplantes Huelva-Sevilla y la Federaci\u00f3n Onubenses de Empresarios, entre otras entidades.<\/p>","protected":false},"excerpt":{"rendered":"<p>El pr\u00f3ximo lunes 17 de junio inauguramos la magn\u00edfica exposici\u00f3n fotogr\u00e1fica Donar para emprender vida en nuestro Centro Cultural Jos\u00e9 Luis Garc\u00eda Palacios a las 19:30 horas. El acto de [&hellip;]<\/p>\n","protected":false},"author":8,"featured_media":4886,"template":"","meta":{"_tribe_events_status":"","_tribe_events_status_reason":"","_tribe_events_is_hybrid":"","_tribe_events_is_virtual":"","_tribe_events_virtual_video_source":"","_tribe_events_virtual_embed_video":"","_tribe_events_virtual_linked_button_text":"","_tribe_events_virtual_linked_button":"","_tribe_events_virtual_show_embed_at":"","_tribe_events_virtual_show_embed_to":[],"_tribe_events_virtual_show_on_event":"","_tribe_events_virtual_show_on_views":"","_tribe_events_virtual_url":"","footnotes":""},"tags":[425,424,422,421,420,423,426],"tribe_events_cat":[59],"class_list":["post-4885","tribe_events","type-tribe_events","status-publish","has-post-thumbnail","hentry","tag-donacion","tag-hospital-infanta-elena","tag-hospital-u-juan-ramon-jimenez","tag-jose-luis-bonilla-romero","tag-jose-luis-garcia-palacios","tag-julia-paloma-hergueta-sanchez","tag-organos","tribe_events_cat-conferencias","cat_conferencias"],"yoast_head":"<!-- This site is optimized with the Yoast SEO plugin v27.3 - https:\/\/yoast.com\/product\/yoast-seo-wordpress\/ -->\n<title>Exposici\u00f3n: &#039;Donar para emprender vida&#039; - Fundaci\u00f3n Caja Rural del Sur<\/title>\n<meta name=\"description\" content=\"El pr\u00f3ximo lunes 17 de junio inauguramos la magn\u00edfica exposici\u00f3n fotogr\u00e1fica Donar para emprender vida en nuestro Centro Cultural Jos\u00e9 Luis Garc\u00eda Palacios.\" \/>\n<meta name=\"robots\" content=\"index, follow, max-snippet:-1, max-image-preview:large, max-video-preview:-1\" \/>\n<link rel=\"canonical\" href=\"https:\/\/fundacioncajaruraldelsur.com\/pt\/evento\/exposicion-donar-para-emprender-vida\/\" \/>\n<meta property=\"og:locale\" content=\"pt_PT\" \/>\n<meta property=\"og:type\" content=\"article\" \/>\n<meta property=\"og:title\" content=\"Exposici\u00f3n: &#039;Donar para emprender vida&#039; - Fundaci\u00f3n Caja Rural del Sur\" \/>\n<meta property=\"og:description\" content=\"El pr\u00f3ximo lunes 17 de junio inauguramos la magn\u00edfica exposici\u00f3n fotogr\u00e1fica Donar para emprender vida en nuestro Centro Cultural Jos\u00e9 Luis Garc\u00eda Palacios.\" \/>\n<meta property=\"og:url\" content=\"https:\/\/fundacioncajaruraldelsur.com\/pt\/evento\/exposicion-donar-para-emprender-vida\/\" \/>\n<meta property=\"og:site_name\" content=\"Fundaci\u00f3n Caja Rural del Sur\" \/>\n<meta property=\"og:image\" content=\"https:\/\/fundacioncajaruraldelsur.com\/wp-content\/uploads\/2019\/06\/Donar_organos.jpg\" \/>\n\t<meta property=\"og:image:width\" content=\"1920\" \/>\n\t<meta property=\"og:image:height\" content=\"500\" \/>\n\t<meta property=\"og:image:type\" content=\"image\/jpeg\" \/>\n<meta name=\"twitter:card\" content=\"summary_large_image\" \/>\n<meta name=\"twitter:label1\" content=\"Est. reading time\" \/>\n\t<meta name=\"twitter:data1\" content=\"1 minute\" \/>\n<script type=\"application\/ld+json\" class=\"yoast-schema-graph\">{\"@context\":\"https:\\\/\\\/schema.org\",\"@graph\":[{\"@type\":\"WebPage\",\"@id\":\"https:\\\/\\\/fundacioncajaruraldelsur.com\\\/evento\\\/exposicion-donar-para-emprender-vida\\\/\",\"url\":\"https:\\\/\\\/fundacioncajaruraldelsur.com\\\/evento\\\/exposicion-donar-para-emprender-vida\\\/\",\"name\":\"Exposici\u00f3n: 'Donar para emprender vida' - Fundaci\u00f3n Caja Rural del Sur\",\"isPartOf\":{\"@id\":\"https:\\\/\\\/fundacioncajaruraldelsur.com\\\/#website\"},\"primaryImageOfPage\":{\"@id\":\"https:\\\/\\\/fundacioncajaruraldelsur.com\\\/evento\\\/exposicion-donar-para-emprender-vida\\\/#primaryimage\"},\"image\":{\"@id\":\"https:\\\/\\\/fundacioncajaruraldelsur.com\\\/evento\\\/exposicion-donar-para-emprender-vida\\\/#primaryimage\"},\"thumbnailUrl\":\"https:\\\/\\\/fundacioncajaruraldelsur.com\\\/wp-content\\\/uploads\\\/2019\\\/06\\\/Donar_organos.jpg\",\"datePublished\":\"2019-06-12T16:02:24+00:00\",\"description\":\"El pr\u00f3ximo lunes 17 de junio inauguramos la magn\u00edfica exposici\u00f3n fotogr\u00e1fica Donar para emprender vida en nuestro Centro Cultural Jos\u00e9 Luis Garc\u00eda Palacios.\",\"breadcrumb\":{\"@id\":\"https:\\\/\\\/fundacioncajaruraldelsur.com\\\/evento\\\/exposicion-donar-para-emprender-vida\\\/#breadcrumb\"},\"inLanguage\":\"pt-PT\",\"potentialAction\":[{\"@type\":\"ReadAction\",\"target\":[\"https:\\\/\\\/fundacioncajaruraldelsur.com\\\/evento\\\/exposicion-donar-para-emprender-vida\\\/\"]}]},{\"@type\":\"ImageObject\",\"inLanguage\":\"pt-PT\",\"@id\":\"https:\\\/\\\/fundacioncajaruraldelsur.com\\\/evento\\\/exposicion-donar-para-emprender-vida\\\/#primaryimage\",\"url\":\"https:\\\/\\\/fundacioncajaruraldelsur.com\\\/wp-content\\\/uploads\\\/2019\\\/06\\\/Donar_organos.jpg\",\"contentUrl\":\"https:\\\/\\\/fundacioncajaruraldelsur.com\\\/wp-content\\\/uploads\\\/2019\\\/06\\\/Donar_organos.jpg\",\"width\":1920,\"height\":500},{\"@type\":\"BreadcrumbList\",\"@id\":\"https:\\\/\\\/fundacioncajaruraldelsur.com\\\/evento\\\/exposicion-donar-para-emprender-vida\\\/#breadcrumb\",\"itemListElement\":[{\"@type\":\"ListItem\",\"position\":1,\"name\":\"Portada\",\"item\":\"https:\\\/\\\/fundacioncajaruraldelsur.com\\\/\"},{\"@type\":\"ListItem\",\"position\":2,\"name\":\"Eventos\",\"item\":\"https:\\\/\\\/fundacioncajaruraldelsur.com\\\/eventos\\\/\"},{\"@type\":\"ListItem\",\"position\":3,\"name\":\"Exposici\u00f3n: &#8216;Donar para emprender vida&#8217;\"}]},{\"@type\":\"WebSite\",\"@id\":\"https:\\\/\\\/fundacioncajaruraldelsur.com\\\/#website\",\"url\":\"https:\\\/\\\/fundacioncajaruraldelsur.com\\\/\",\"name\":\"Fundaci\u00f3n Caja Rural del Sur\",\"description\":\"\",\"potentialAction\":[{\"@type\":\"SearchAction\",\"target\":{\"@type\":\"EntryPoint\",\"urlTemplate\":\"https:\\\/\\\/fundacioncajaruraldelsur.com\\\/?s={search_term_string}\"},\"query-input\":{\"@type\":\"PropertyValueSpecification\",\"valueRequired\":true,\"valueName\":\"search_term_string\"}}],\"inLanguage\":\"pt-PT\"}]}<\/script>\n<!-- \/ Yoast SEO plugin. -->","yoast_head_json":{"title":"Exposici\u00f3n: 'Donar para emprender vida' - Fundaci\u00f3n Caja Rural del Sur","description":"El pr\u00f3ximo lunes 17 de junio inauguramos la magn\u00edfica exposici\u00f3n fotogr\u00e1fica Donar para emprender vida en nuestro Centro Cultural Jos\u00e9 Luis Garc\u00eda Palacios.","robots":{"index":"index","follow":"follow","max-snippet":"max-snippet:-1","max-image-preview":"max-image-preview:large","max-video-preview":"max-video-preview:-1"},"canonical":"https:\/\/fundacioncajaruraldelsur.com\/pt\/evento\/exposicion-donar-para-emprender-vida\/","og_locale":"pt_PT","og_type":"article","og_title":"Exposici\u00f3n: 'Donar para emprender vida' - Fundaci\u00f3n Caja Rural del Sur","og_description":"El pr\u00f3ximo lunes 17 de junio inauguramos la magn\u00edfica exposici\u00f3n fotogr\u00e1fica Donar para emprender vida en nuestro Centro Cultural Jos\u00e9 Luis Garc\u00eda Palacios.","og_url":"https:\/\/fundacioncajaruraldelsur.com\/pt\/evento\/exposicion-donar-para-emprender-vida\/","og_site_name":"Fundaci\u00f3n Caja Rural del Sur","og_image":[{"width":1920,"height":500,"url":"https:\/\/fundacioncajaruraldelsur.com\/wp-content\/uploads\/2019\/06\/Donar_organos.jpg","type":"image\/jpeg"}],"twitter_card":"summary_large_image","twitter_misc":{"Est. reading time":"1 minute"},"schema":{"@context":"https:\/\/schema.org","@graph":[{"@type":"WebPage","@id":"https:\/\/fundacioncajaruraldelsur.com\/evento\/exposicion-donar-para-emprender-vida\/","url":"https:\/\/fundacioncajaruraldelsur.com\/evento\/exposicion-donar-para-emprender-vida\/","name":"Exposici\u00f3n: 'Donar para emprender vida' - Fundaci\u00f3n Caja Rural del Sur","isPartOf":{"@id":"https:\/\/fundacioncajaruraldelsur.com\/#website"},"primaryImageOfPage":{"@id":"https:\/\/fundacioncajaruraldelsur.com\/evento\/exposicion-donar-para-emprender-vida\/#primaryimage"},"image":{"@id":"https:\/\/fundacioncajaruraldelsur.com\/evento\/exposicion-donar-para-emprender-vida\/#primaryimage"},"thumbnailUrl":"https:\/\/fundacioncajaruraldelsur.com\/wp-content\/uploads\/2019\/06\/Donar_organos.jpg","datePublished":"2019-06-12T16:02:24+00:00","description":"El pr\u00f3ximo lunes 17 de junio inauguramos la magn\u00edfica exposici\u00f3n fotogr\u00e1fica Donar para emprender vida en nuestro Centro Cultural Jos\u00e9 Luis Garc\u00eda Palacios.","breadcrumb":{"@id":"https:\/\/fundacioncajaruraldelsur.com\/evento\/exposicion-donar-para-emprender-vida\/#breadcrumb"},"inLanguage":"pt-PT","potentialAction":[{"@type":"ReadAction","target":["https:\/\/fundacioncajaruraldelsur.com\/evento\/exposicion-donar-para-emprender-vida\/"]}]},{"@type":"ImageObject","inLanguage":"pt-PT","@id":"https:\/\/fundacioncajaruraldelsur.com\/evento\/exposicion-donar-para-emprender-vida\/#primaryimage","url":"https:\/\/fundacioncajaruraldelsur.com\/wp-content\/uploads\/2019\/06\/Donar_organos.jpg","contentUrl":"https:\/\/fundacioncajaruraldelsur.com\/wp-content\/uploads\/2019\/06\/Donar_organos.jpg","width":1920,"height":500},{"@type":"BreadcrumbList","@id":"https:\/\/fundacioncajaruraldelsur.com\/evento\/exposicion-donar-para-emprender-vida\/#breadcrumb","itemListElement":[{"@type":"ListItem","position":1,"name":"Portada","item":"https:\/\/fundacioncajaruraldelsur.com\/"},{"@type":"ListItem","position":2,"name":"Eventos","item":"https:\/\/fundacioncajaruraldelsur.com\/eventos\/"},{"@type":"ListItem","position":3,"name":"Exposici\u00f3n: &#8216;Donar para emprender vida&#8217;"}]},{"@type":"WebSite","@id":"https:\/\/fundacioncajaruraldelsur.com\/#website","url":"https:\/\/fundacioncajaruraldelsur.com\/","name":"Funda\u00e7\u00e3o Caja Rural del Sur","description":"","potentialAction":[{"@type":"SearchAction","target":{"@type":"EntryPoint","urlTemplate":"https:\/\/fundacioncajaruraldelsur.com\/?s={search_term_string}"},"query-input":{"@type":"PropertyValueSpecification","valueRequired":true,"valueName":"search_term_string"}}],"inLanguage":"pt-PT"}]}},"_links":{"self":[{"href":"https:\/\/fundacioncajaruraldelsur.com\/pt\/wp-json\/wp\/v2\/tribe_events\/4885","targetHints":{"allow":["GET"]}}],"collection":[{"href":"https:\/\/fundacioncajaruraldelsur.com\/pt\/wp-json\/wp\/v2\/tribe_events"}],"about":[{"href":"https:\/\/fundacioncajaruraldelsur.com\/pt\/wp-json\/wp\/v2\/types\/tribe_events"}],"author":[{"embeddable":true,"href":"https:\/\/fundacioncajaruraldelsur.com\/pt\/wp-json\/wp\/v2\/users\/8"}],"version-history":[{"count":1,"href":"https:\/\/fundacioncajaruraldelsur.com\/pt\/wp-json\/wp\/v2\/tribe_events\/4885\/revisions"}],"predecessor-version":[{"id":4887,"href":"https:\/\/fundacioncajaruraldelsur.com\/pt\/wp-json\/wp\/v2\/tribe_events\/4885\/revisions\/4887"}],"wp:featuredmedia":[{"embeddable":true,"href":"https:\/\/fundacioncajaruraldelsur.com\/pt\/wp-json\/wp\/v2\/media\/4886"}],"wp:attachment":[{"href":"https:\/\/fundacioncajaruraldelsur.com\/pt\/wp-json\/wp\/v2\/media?parent=4885"}],"wp:term":[{"taxonomy":"post_tag","embeddable":true,"href":"https:\/\/fundacioncajaruraldelsur.com\/pt\/wp-json\/wp\/v2\/tags?post=4885"},{"taxonomy":"tribe_events_cat","embeddable":true,"href":"https:\/\/fundacioncajaruraldelsur.com\/pt\/wp-json\/wp\/v2\/tribe_events_cat?post=4885"}],"curies":[{"name":"wp","href":"https:\/\/api.w.org\/{rel}","templated":true}]}}