{"id":4819,"date":"2019-05-15T19:07:17","date_gmt":"2019-05-15T17:07:17","guid":{"rendered":"\/?post_type=tribe_events&#038;p=4819"},"modified":"2019-05-15T19:07:17","modified_gmt":"2019-05-15T17:07:17","slug":"exposicion-panorama","status":"publish","type":"tribe_events","link":"https:\/\/fundacioncajaruraldelsur.com\/pt\/evento\/exposicion-panorama\/","title":{"rendered":"Exposici\u00f3n: Panorama"},"content":{"rendered":"<div class=\"page\" title=\"Page 1\">\n<div class=\"layoutArea\">\n<div class=\"column\">\n<p>El pr\u00f3ximo 27 de mayo la <a href=\"http:\/\/escueladeartedehuelva.com\"><strong>Escuela de Arte Le\u00f3n Ortega<\/strong><\/a> en colaboraci\u00f3n con la Fundaci\u00f3n Caja Rural del Sur presentan la exposici\u00f3n \u201cPanorama\u201d, colectiva de trabajos de alta calidad t\u00e9cnica y de concepto. Una muestra del nivel creativo alcanzado en distintas ense\u00f1anzas que se imparten en la Escuela.<\/p>\n<p>Para ello se han reunido proyectos finales realizados en los dos \u00faltimos cursos as\u00ed como otras obras seleccionadas entre los mejores trabajos del curso en marcha. Fotograf\u00eda, Cer\u00e1mica, Dise\u00f1o de Interiores, Dise\u00f1o de Producto, Mobiliario, Talla escult\u00f3rica en madera y Ebanister\u00eda art\u00edstica.<\/p>\n<p><a href=\"\/wp-content\/uploads\/2019\/05\/Panorama_Escuela_Arte.jpg\" rel=\"lightbox-0\"><img loading=\"lazy\" decoding=\"async\" class=\"aligncenter wp-image-4820 size-large\" src=\"\/wp-content\/uploads\/2019\/05\/Panorama_Escuela_Arte-724x1024.jpg\" alt=\"\" width=\"724\" height=\"1024\" srcset=\"https:\/\/fundacioncajaruraldelsur.com\/wp-content\/uploads\/2019\/05\/Panorama_Escuela_Arte-724x1024.jpg 724w, https:\/\/fundacioncajaruraldelsur.com\/wp-content\/uploads\/2019\/05\/Panorama_Escuela_Arte-212x300.jpg 212w, https:\/\/fundacioncajaruraldelsur.com\/wp-content\/uploads\/2019\/05\/Panorama_Escuela_Arte-768x1086.jpg 768w, https:\/\/fundacioncajaruraldelsur.com\/wp-content\/uploads\/2019\/05\/Panorama_Escuela_Arte.jpg 1925w\" sizes=\"auto, (max-width: 724px) 100vw, 724px\" \/><\/a><\/p>\n<\/div>\n<\/div>\n<\/div>","protected":false},"excerpt":{"rendered":"<p>El pr\u00f3ximo 27 de mayo la Escuela de Arte Le\u00f3n Ortega en colaboraci\u00f3n con la Fundaci\u00f3n Caja Rural del Sur presentan la exposici\u00f3n \u201cPanorama\u201d, colectiva de trabajos de alta calidad [&hellip;]<\/p>\n","protected":false},"author":8,"featured_media":4287,"template":"","meta":{"_tribe_events_status":"","_tribe_events_status_reason":"","_tribe_events_is_hybrid":"","_tribe_events_is_virtual":"","_tribe_events_virtual_video_source":"","_tribe_events_virtual_embed_video":"","_tribe_events_virtual_linked_button_text":"","_tribe_events_virtual_linked_button":"","_tribe_events_virtual_show_embed_at":"","_tribe_events_virtual_show_embed_to":[],"_tribe_events_virtual_show_on_event":"","_tribe_events_virtual_show_on_views":"","_tribe_events_virtual_url":"","footnotes":""},"tags":[414,412,119,413],"tribe_events_cat":[62],"class_list":["post-4819","tribe_events","type-tribe_events","status-publish","has-post-thumbnail","hentry","tag-arte","tag-escuela-de-arte-leon-ortega","tag-exposicion","tag-panorama","tribe_events_cat-exposiciones","cat_exposiciones"],"yoast_head":"<!-- This site is optimized with the Yoast SEO plugin v27.3 - https:\/\/yoast.com\/product\/yoast-seo-wordpress\/ -->\n<title>Exposici\u00f3n: Panorama - Fundaci\u00f3n Caja Rural del Sur<\/title>\n<meta name=\"description\" content=\"El pr\u00f3ximo 27 de mayo la Escuela de Arte Le\u00f3n Ortega en colaboraci\u00f3n con la Fundaci\u00f3n Caja Rural del Sur presentan la exposici\u00f3n \u201cPanorama\u201d.\" \/>\n<meta name=\"robots\" content=\"index, follow, max-snippet:-1, max-image-preview:large, max-video-preview:-1\" \/>\n<link rel=\"canonical\" href=\"https:\/\/fundacioncajaruraldelsur.com\/pt\/evento\/exposicion-panorama\/\" \/>\n<meta property=\"og:locale\" content=\"pt_PT\" \/>\n<meta property=\"og:type\" content=\"article\" \/>\n<meta property=\"og:title\" content=\"Exposici\u00f3n: Panorama - Fundaci\u00f3n Caja Rural del Sur\" \/>\n<meta property=\"og:description\" content=\"El pr\u00f3ximo 27 de mayo la Escuela de Arte Le\u00f3n Ortega en colaboraci\u00f3n con la Fundaci\u00f3n Caja Rural del Sur presentan la exposici\u00f3n \u201cPanorama\u201d.\" \/>\n<meta property=\"og:url\" content=\"https:\/\/fundacioncajaruraldelsur.com\/pt\/evento\/exposicion-panorama\/\" \/>\n<meta property=\"og:site_name\" content=\"Fundaci\u00f3n Caja Rural del Sur\" \/>\n<meta property=\"og:image\" content=\"https:\/\/fundacioncajaruraldelsur.com\/wp-content\/uploads\/2019\/01\/Exposicion_Fotografia.jpg\" \/>\n\t<meta property=\"og:image:width\" content=\"1919\" \/>\n\t<meta property=\"og:image:height\" content=\"500\" \/>\n\t<meta property=\"og:image:type\" content=\"image\/jpeg\" \/>\n<meta name=\"twitter:card\" content=\"summary_large_image\" \/>\n<meta name=\"twitter:label1\" content=\"Est. reading time\" \/>\n\t<meta name=\"twitter:data1\" content=\"1 minute\" \/>\n<script type=\"application\/ld+json\" class=\"yoast-schema-graph\">{\"@context\":\"https:\\\/\\\/schema.org\",\"@graph\":[{\"@type\":\"WebPage\",\"@id\":\"https:\\\/\\\/fundacioncajaruraldelsur.com\\\/evento\\\/exposicion-panorama\\\/\",\"url\":\"https:\\\/\\\/fundacioncajaruraldelsur.com\\\/evento\\\/exposicion-panorama\\\/\",\"name\":\"Exposici\u00f3n: Panorama - Fundaci\u00f3n Caja Rural del Sur\",\"isPartOf\":{\"@id\":\"https:\\\/\\\/fundacioncajaruraldelsur.com\\\/#website\"},\"primaryImageOfPage\":{\"@id\":\"https:\\\/\\\/fundacioncajaruraldelsur.com\\\/evento\\\/exposicion-panorama\\\/#primaryimage\"},\"image\":{\"@id\":\"https:\\\/\\\/fundacioncajaruraldelsur.com\\\/evento\\\/exposicion-panorama\\\/#primaryimage\"},\"thumbnailUrl\":\"https:\\\/\\\/fundacioncajaruraldelsur.com\\\/wp-content\\\/uploads\\\/2019\\\/01\\\/Exposicion_Fotografia.jpg\",\"datePublished\":\"2019-05-15T17:07:17+00:00\",\"description\":\"El pr\u00f3ximo 27 de mayo la Escuela de Arte Le\u00f3n Ortega en colaboraci\u00f3n con la Fundaci\u00f3n Caja Rural del Sur presentan la exposici\u00f3n \u201cPanorama\u201d.\",\"breadcrumb\":{\"@id\":\"https:\\\/\\\/fundacioncajaruraldelsur.com\\\/evento\\\/exposicion-panorama\\\/#breadcrumb\"},\"inLanguage\":\"pt-PT\",\"potentialAction\":[{\"@type\":\"ReadAction\",\"target\":[\"https:\\\/\\\/fundacioncajaruraldelsur.com\\\/evento\\\/exposicion-panorama\\\/\"]}]},{\"@type\":\"ImageObject\",\"inLanguage\":\"pt-PT\",\"@id\":\"https:\\\/\\\/fundacioncajaruraldelsur.com\\\/evento\\\/exposicion-panorama\\\/#primaryimage\",\"url\":\"https:\\\/\\\/fundacioncajaruraldelsur.com\\\/wp-content\\\/uploads\\\/2019\\\/01\\\/Exposicion_Fotografia.jpg\",\"contentUrl\":\"https:\\\/\\\/fundacioncajaruraldelsur.com\\\/wp-content\\\/uploads\\\/2019\\\/01\\\/Exposicion_Fotografia.jpg\",\"width\":1919,\"height\":500},{\"@type\":\"BreadcrumbList\",\"@id\":\"https:\\\/\\\/fundacioncajaruraldelsur.com\\\/evento\\\/exposicion-panorama\\\/#breadcrumb\",\"itemListElement\":[{\"@type\":\"ListItem\",\"position\":1,\"name\":\"Portada\",\"item\":\"https:\\\/\\\/fundacioncajaruraldelsur.com\\\/\"},{\"@type\":\"ListItem\",\"position\":2,\"name\":\"Eventos\",\"item\":\"https:\\\/\\\/fundacioncajaruraldelsur.com\\\/eventos\\\/\"},{\"@type\":\"ListItem\",\"position\":3,\"name\":\"Exposici\u00f3n: Panorama\"}]},{\"@type\":\"WebSite\",\"@id\":\"https:\\\/\\\/fundacioncajaruraldelsur.com\\\/#website\",\"url\":\"https:\\\/\\\/fundacioncajaruraldelsur.com\\\/\",\"name\":\"Fundaci\u00f3n Caja Rural del Sur\",\"description\":\"\",\"potentialAction\":[{\"@type\":\"SearchAction\",\"target\":{\"@type\":\"EntryPoint\",\"urlTemplate\":\"https:\\\/\\\/fundacioncajaruraldelsur.com\\\/?s={search_term_string}\"},\"query-input\":{\"@type\":\"PropertyValueSpecification\",\"valueRequired\":true,\"valueName\":\"search_term_string\"}}],\"inLanguage\":\"pt-PT\"}]}<\/script>\n<!-- \/ Yoast SEO plugin. -->","yoast_head_json":{"title":"Exposici\u00f3n: Panorama - Fundaci\u00f3n Caja Rural del Sur","description":"El pr\u00f3ximo 27 de mayo la Escuela de Arte Le\u00f3n Ortega en colaboraci\u00f3n con la Fundaci\u00f3n Caja Rural del Sur presentan la exposici\u00f3n \u201cPanorama\u201d.","robots":{"index":"index","follow":"follow","max-snippet":"max-snippet:-1","max-image-preview":"max-image-preview:large","max-video-preview":"max-video-preview:-1"},"canonical":"https:\/\/fundacioncajaruraldelsur.com\/pt\/evento\/exposicion-panorama\/","og_locale":"pt_PT","og_type":"article","og_title":"Exposici\u00f3n: Panorama - Fundaci\u00f3n Caja Rural del Sur","og_description":"El pr\u00f3ximo 27 de mayo la Escuela de Arte Le\u00f3n Ortega en colaboraci\u00f3n con la Fundaci\u00f3n Caja Rural del Sur presentan la exposici\u00f3n \u201cPanorama\u201d.","og_url":"https:\/\/fundacioncajaruraldelsur.com\/pt\/evento\/exposicion-panorama\/","og_site_name":"Fundaci\u00f3n Caja Rural del Sur","og_image":[{"width":1919,"height":500,"url":"https:\/\/fundacioncajaruraldelsur.com\/wp-content\/uploads\/2019\/01\/Exposicion_Fotografia.jpg","type":"image\/jpeg"}],"twitter_card":"summary_large_image","twitter_misc":{"Est. reading time":"1 minute"},"schema":{"@context":"https:\/\/schema.org","@graph":[{"@type":"WebPage","@id":"https:\/\/fundacioncajaruraldelsur.com\/evento\/exposicion-panorama\/","url":"https:\/\/fundacioncajaruraldelsur.com\/evento\/exposicion-panorama\/","name":"Exposici\u00f3n: Panorama - Fundaci\u00f3n Caja Rural del Sur","isPartOf":{"@id":"https:\/\/fundacioncajaruraldelsur.com\/#website"},"primaryImageOfPage":{"@id":"https:\/\/fundacioncajaruraldelsur.com\/evento\/exposicion-panorama\/#primaryimage"},"image":{"@id":"https:\/\/fundacioncajaruraldelsur.com\/evento\/exposicion-panorama\/#primaryimage"},"thumbnailUrl":"https:\/\/fundacioncajaruraldelsur.com\/wp-content\/uploads\/2019\/01\/Exposicion_Fotografia.jpg","datePublished":"2019-05-15T17:07:17+00:00","description":"El pr\u00f3ximo 27 de mayo la Escuela de Arte Le\u00f3n Ortega en colaboraci\u00f3n con la Fundaci\u00f3n Caja Rural del Sur presentan la exposici\u00f3n \u201cPanorama\u201d.","breadcrumb":{"@id":"https:\/\/fundacioncajaruraldelsur.com\/evento\/exposicion-panorama\/#breadcrumb"},"inLanguage":"pt-PT","potentialAction":[{"@type":"ReadAction","target":["https:\/\/fundacioncajaruraldelsur.com\/evento\/exposicion-panorama\/"]}]},{"@type":"ImageObject","inLanguage":"pt-PT","@id":"https:\/\/fundacioncajaruraldelsur.com\/evento\/exposicion-panorama\/#primaryimage","url":"https:\/\/fundacioncajaruraldelsur.com\/wp-content\/uploads\/2019\/01\/Exposicion_Fotografia.jpg","contentUrl":"https:\/\/fundacioncajaruraldelsur.com\/wp-content\/uploads\/2019\/01\/Exposicion_Fotografia.jpg","width":1919,"height":500},{"@type":"BreadcrumbList","@id":"https:\/\/fundacioncajaruraldelsur.com\/evento\/exposicion-panorama\/#breadcrumb","itemListElement":[{"@type":"ListItem","position":1,"name":"Portada","item":"https:\/\/fundacioncajaruraldelsur.com\/"},{"@type":"ListItem","position":2,"name":"Eventos","item":"https:\/\/fundacioncajaruraldelsur.com\/eventos\/"},{"@type":"ListItem","position":3,"name":"Exposici\u00f3n: Panorama"}]},{"@type":"WebSite","@id":"https:\/\/fundacioncajaruraldelsur.com\/#website","url":"https:\/\/fundacioncajaruraldelsur.com\/","name":"Funda\u00e7\u00e3o Caja Rural del Sur","description":"","potentialAction":[{"@type":"SearchAction","target":{"@type":"EntryPoint","urlTemplate":"https:\/\/fundacioncajaruraldelsur.com\/?s={search_term_string}"},"query-input":{"@type":"PropertyValueSpecification","valueRequired":true,"valueName":"search_term_string"}}],"inLanguage":"pt-PT"}]}},"_links":{"self":[{"href":"https:\/\/fundacioncajaruraldelsur.com\/pt\/wp-json\/wp\/v2\/tribe_events\/4819","targetHints":{"allow":["GET"]}}],"collection":[{"href":"https:\/\/fundacioncajaruraldelsur.com\/pt\/wp-json\/wp\/v2\/tribe_events"}],"about":[{"href":"https:\/\/fundacioncajaruraldelsur.com\/pt\/wp-json\/wp\/v2\/types\/tribe_events"}],"author":[{"embeddable":true,"href":"https:\/\/fundacioncajaruraldelsur.com\/pt\/wp-json\/wp\/v2\/users\/8"}],"version-history":[{"count":1,"href":"https:\/\/fundacioncajaruraldelsur.com\/pt\/wp-json\/wp\/v2\/tribe_events\/4819\/revisions"}],"predecessor-version":[{"id":4821,"href":"https:\/\/fundacioncajaruraldelsur.com\/pt\/wp-json\/wp\/v2\/tribe_events\/4819\/revisions\/4821"}],"wp:featuredmedia":[{"embeddable":true,"href":"https:\/\/fundacioncajaruraldelsur.com\/pt\/wp-json\/wp\/v2\/media\/4287"}],"wp:attachment":[{"href":"https:\/\/fundacioncajaruraldelsur.com\/pt\/wp-json\/wp\/v2\/media?parent=4819"}],"wp:term":[{"taxonomy":"post_tag","embeddable":true,"href":"https:\/\/fundacioncajaruraldelsur.com\/pt\/wp-json\/wp\/v2\/tags?post=4819"},{"taxonomy":"tribe_events_cat","embeddable":true,"href":"https:\/\/fundacioncajaruraldelsur.com\/pt\/wp-json\/wp\/v2\/tribe_events_cat?post=4819"}],"curies":[{"name":"wp","href":"https:\/\/api.w.org\/{rel}","templated":true}]}}