{"id":4779,"date":"2019-05-10T17:33:35","date_gmt":"2019-05-10T15:33:35","guid":{"rendered":"\/?post_type=tribe_events&#038;p=4779"},"modified":"2019-05-10T17:35:08","modified_gmt":"2019-05-10T15:35:08","slug":"ii-ruta-encina-milenaria-naturcor","status":"publish","type":"tribe_events","link":"https:\/\/fundacioncajaruraldelsur.com\/pt\/evento\/ii-ruta-encina-milenaria-naturcor\/","title":{"rendered":"II Ruta Encina Milenaria NaturCor"},"content":{"rendered":"<p>O\u00a0<b><strong>VI Circuito Provincial de BTT NaturCor<\/strong><\/b> ya pedalea hacia su recta final. Dejando atr\u00e1s siete exitosas pruebas en Carde\u00f1a, San Sebasti\u00e1n de los Ballesteros, Hornachuelos, Aguilar de la Frontera, Guadalc\u00e1zar, Benamej\u00ed y Guadalc\u00e1zar, se aproxima la fecha del<b><strong> pen\u00faltimo encuentro<\/strong><\/b>, que se celebrar\u00e1 el d\u00eda <b><strong>19 de mayo<\/strong><\/b> con la <b><strong>II Ruta Encina Milenaria Rute<\/strong><\/b>. La<b><strong> Pe\u00f1a Rahamantah <\/strong><\/b>ser\u00e1 la organizadora de este evento que arrancar\u00e1 a las <b><strong>9.30 horas<\/strong><\/b> en el <b><strong>Paseo del Fresno<\/strong><\/b>.<\/p>\n<p>A los participantes de esta jornadas les esperar\u00e1 un recorrido circular de <b><strong>37 kil\u00f3metros<\/strong><\/b>. Como todas las pruebas de este circuito, no tiene car\u00e1cter competitivo por lo que el m\u00e1ximo objetivo es el disfrute del ciclismo y del medio natural. Por tanto, el trazado ser\u00e1 asequible y muy llevadero. Adem\u00e1s, se realizar\u00e1n cuantas paradas sean necesarias para mantener unido en todo momento al pelot\u00f3n y para contemplar con m\u00e1s calma los bellos parajes de la zona, ofreciendo a los participantes <b><strong>avituallamiento<\/strong><\/b> para retomar fuerzas.<\/p>\n<p>Tras finalizar la jornada, se ofrecer\u00e1 el habitual <b><strong>almuerzo de convivencia<\/strong><\/b> al mismo tiempo que se entregar\u00e1n <b><strong>reconocimientos especiales <\/strong><\/b>al club m\u00e1s lejano y al m\u00e1s numeroso. Adem\u00e1s, se har\u00e1n <b><strong>sorteos de varios regalos<\/strong><\/b> entre todos los participantes.<\/p>\n<p>&nbsp;<\/p>\n<h4><b><u>INFORMACI\u00d3N DE LA PRUEBA<\/u><\/b><\/h4>\n<ul class=\"ul-informacion\">\n<li class=\"margin-bottom-15\">\n<h5><strong>Categor\u00edas: <\/strong>A partir de 15 a\u00f1os<\/h5>\n<\/li>\n<li class=\"margin-bottom-15\">\n<h5><strong>Lugar: <\/strong>RUTE<\/h5>\n<\/li>\n<li class=\"margin-bottom-15\">\n<h5><strong>Fecha Celebraci\u00f3n: <\/strong>19\/05\/2019 <strong>Hora Salida: <\/strong>09:30<\/h5>\n<\/li>\n<li class=\"margin-bottom-15\">\n<h5><strong>Fecha recogida de dorsales: <\/strong>19\/05\/2019 desde 8:00 hasta 9:00<\/h5>\n<\/li>\n<li class=\"margin-bottom-15\">\n<h5><strong>Organizador: <\/strong>PE\u00d1A RAHAMANTAH C.D.<\/h5>\n<\/li>\n<\/ul>\n<p>&nbsp;<\/p>\n<h4><b><u>INFORMACI\u00d3N DE LA INSCRIPCI\u00d3N<\/u><\/b><\/h4>\n<h5><strong>Importe de la inscripci\u00f3n:\u00a0<\/strong>9,00 \u20ac Federados &#8211; 9,00 \u20ac No Federados<\/h5>\n<ul class=\"ul-informacion\">\n<li class=\"margin-bottom-15\">\n<h5><strong>L\u00edmite de participantes: <\/strong>100 participantes<\/h5>\n<\/li>\n<li class=\"margin-bottom-15\">\n<h5><strong>Proceso de inscripci\u00f3n: <\/strong>Formulario Inscripci\u00f3n web Federaci\u00f3n<\/h5>\n<\/li>\n<li class=\"margin-bottom-15\">\n<h5><strong>Fecha L\u00edmite de Inscripci\u00f3n: <\/strong>16\/05\/2019 15:00:00<\/h5>\n<\/li>\n<li class=\"margin-bottom-15\">\n<h5><strong>Correo para incidencias: <\/strong>rahamantah@gmail.com<\/h5>\n<\/li>\n<li class=\"margin-bottom-15\">\n<h5><strong>M\u00e1s Informaci\u00f3n: <\/strong><a href=\"http:\/\/andaluciaciclismo.com\/index.php\/es\/smartweb\/seccion\/circuito\/andalucia\/19NATURCOR\" target=\"blank\">Accede aqu\u00ed<\/a><\/h5>\n<\/li>\n<\/ul>\n<p>&nbsp;<\/p>\n<p><a href=\"\/wp-content\/uploads\/2019\/05\/II-RUTA-ENCINA-MILENARIA-2019.jpg\" rel=\"lightbox-0\"><img loading=\"lazy\" decoding=\"async\" class=\"aligncenter wp-image-4781 size-large\" src=\"\/wp-content\/uploads\/2019\/05\/II-RUTA-ENCINA-MILENARIA-2019-737x1024.jpg\" alt=\"\" width=\"737\" height=\"1024\" srcset=\"https:\/\/fundacioncajaruraldelsur.com\/wp-content\/uploads\/2019\/05\/II-RUTA-ENCINA-MILENARIA-2019-737x1024.jpg 737w, https:\/\/fundacioncajaruraldelsur.com\/wp-content\/uploads\/2019\/05\/II-RUTA-ENCINA-MILENARIA-2019-216x300.jpg 216w, https:\/\/fundacioncajaruraldelsur.com\/wp-content\/uploads\/2019\/05\/II-RUTA-ENCINA-MILENARIA-2019-768x1067.jpg 768w, https:\/\/fundacioncajaruraldelsur.com\/wp-content\/uploads\/2019\/05\/II-RUTA-ENCINA-MILENARIA-2019.jpg 1696w\" sizes=\"auto, (max-width: 737px) 100vw, 737px\" \/><\/a><\/p>","protected":false},"excerpt":{"rendered":"<p>El\u00a0VI Circuito Provincial de BTT NaturCor ya pedalea hacia su recta final. Dejando atr\u00e1s siete exitosas pruebas en Carde\u00f1a, San Sebasti\u00e1n de los Ballesteros, Hornachuelos, Aguilar de la Frontera, Guadalc\u00e1zar, [&hellip;]<\/p>\n","protected":false},"author":8,"featured_media":4780,"template":"","meta":{"_tribe_events_status":"","_tribe_events_status_reason":"","_tribe_events_is_hybrid":"","_tribe_events_is_virtual":"","_tribe_events_virtual_video_source":"","_tribe_events_virtual_embed_video":"","_tribe_events_virtual_linked_button_text":"","_tribe_events_virtual_linked_button":"","_tribe_events_virtual_show_embed_at":"","_tribe_events_virtual_show_embed_to":[],"_tribe_events_virtual_show_on_event":"","_tribe_events_virtual_show_on_views":"","_tribe_events_virtual_url":"","footnotes":""},"tags":[398,399,396,397],"tribe_events_cat":[78],"class_list":["post-4779","tribe_events","type-tribe_events","status-publish","has-post-thumbnail","hentry","tag-naturcor","tag-pena-rahamantah","tag-ruta-encina-milenaria-rute","tag-vi-circuito-provincial-de-btt","tribe_events_cat-deportes","cat_deportes"],"yoast_head":"<!-- This site is optimized with the Yoast SEO plugin v27.3 - https:\/\/yoast.com\/product\/yoast-seo-wordpress\/ -->\n<title>II Ruta Encina Milenaria NaturCor - Fundaci\u00f3n Caja Rural del Sur<\/title>\n<meta name=\"description\" content=\"Se aproxima la fecha del pen\u00faltimo encuentro del VI Circuito Provincial de BTT NaturCor, que se celebrar\u00e1 el d\u00eda 19 de mayo con la II Ruta Encina Milenaria Rute.\" \/>\n<meta name=\"robots\" content=\"index, follow, max-snippet:-1, max-image-preview:large, max-video-preview:-1\" \/>\n<link rel=\"canonical\" href=\"https:\/\/fundacioncajaruraldelsur.com\/pt\/evento\/ii-ruta-encina-milenaria-naturcor\/\" \/>\n<meta property=\"og:locale\" content=\"pt_PT\" \/>\n<meta property=\"og:type\" content=\"article\" \/>\n<meta property=\"og:title\" content=\"II Ruta Encina Milenaria NaturCor - Fundaci\u00f3n Caja Rural del Sur\" \/>\n<meta property=\"og:description\" content=\"Se aproxima la fecha del pen\u00faltimo encuentro del VI Circuito Provincial de BTT NaturCor, que se celebrar\u00e1 el d\u00eda 19 de mayo con la II Ruta Encina Milenaria Rute.\" \/>\n<meta property=\"og:url\" content=\"https:\/\/fundacioncajaruraldelsur.com\/pt\/evento\/ii-ruta-encina-milenaria-naturcor\/\" \/>\n<meta property=\"og:site_name\" content=\"Fundaci\u00f3n Caja Rural del Sur\" \/>\n<meta property=\"article:modified_time\" content=\"2019-05-10T15:35:08+00:00\" \/>\n<meta property=\"og:image\" content=\"https:\/\/fundacioncajaruraldelsur.com\/wp-content\/uploads\/2019\/05\/ruta_bici.jpg\" \/>\n\t<meta property=\"og:image:width\" content=\"1925\" \/>\n\t<meta property=\"og:image:height\" content=\"501\" \/>\n\t<meta property=\"og:image:type\" content=\"image\/jpeg\" \/>\n<meta name=\"twitter:card\" content=\"summary_large_image\" \/>\n<meta name=\"twitter:label1\" content=\"Est. reading time\" \/>\n\t<meta name=\"twitter:data1\" content=\"1 minute\" \/>\n<script type=\"application\/ld+json\" class=\"yoast-schema-graph\">{\"@context\":\"https:\\\/\\\/schema.org\",\"@graph\":[{\"@type\":\"WebPage\",\"@id\":\"https:\\\/\\\/fundacioncajaruraldelsur.com\\\/evento\\\/ii-ruta-encina-milenaria-naturcor\\\/\",\"url\":\"https:\\\/\\\/fundacioncajaruraldelsur.com\\\/evento\\\/ii-ruta-encina-milenaria-naturcor\\\/\",\"name\":\"II Ruta Encina Milenaria NaturCor - Fundaci\u00f3n Caja Rural del Sur\",\"isPartOf\":{\"@id\":\"https:\\\/\\\/fundacioncajaruraldelsur.com\\\/#website\"},\"primaryImageOfPage\":{\"@id\":\"https:\\\/\\\/fundacioncajaruraldelsur.com\\\/evento\\\/ii-ruta-encina-milenaria-naturcor\\\/#primaryimage\"},\"image\":{\"@id\":\"https:\\\/\\\/fundacioncajaruraldelsur.com\\\/evento\\\/ii-ruta-encina-milenaria-naturcor\\\/#primaryimage\"},\"thumbnailUrl\":\"https:\\\/\\\/fundacioncajaruraldelsur.com\\\/wp-content\\\/uploads\\\/2019\\\/05\\\/ruta_bici.jpg\",\"datePublished\":\"2019-05-10T15:33:35+00:00\",\"dateModified\":\"2019-05-10T15:35:08+00:00\",\"description\":\"Se aproxima la fecha del pen\u00faltimo encuentro del VI Circuito Provincial de BTT NaturCor, que se celebrar\u00e1 el d\u00eda 19 de mayo con la II Ruta Encina Milenaria Rute.\",\"breadcrumb\":{\"@id\":\"https:\\\/\\\/fundacioncajaruraldelsur.com\\\/evento\\\/ii-ruta-encina-milenaria-naturcor\\\/#breadcrumb\"},\"inLanguage\":\"pt-PT\",\"potentialAction\":[{\"@type\":\"ReadAction\",\"target\":[\"https:\\\/\\\/fundacioncajaruraldelsur.com\\\/evento\\\/ii-ruta-encina-milenaria-naturcor\\\/\"]}]},{\"@type\":\"ImageObject\",\"inLanguage\":\"pt-PT\",\"@id\":\"https:\\\/\\\/fundacioncajaruraldelsur.com\\\/evento\\\/ii-ruta-encina-milenaria-naturcor\\\/#primaryimage\",\"url\":\"https:\\\/\\\/fundacioncajaruraldelsur.com\\\/wp-content\\\/uploads\\\/2019\\\/05\\\/ruta_bici.jpg\",\"contentUrl\":\"https:\\\/\\\/fundacioncajaruraldelsur.com\\\/wp-content\\\/uploads\\\/2019\\\/05\\\/ruta_bici.jpg\",\"width\":1925,\"height\":501},{\"@type\":\"BreadcrumbList\",\"@id\":\"https:\\\/\\\/fundacioncajaruraldelsur.com\\\/evento\\\/ii-ruta-encina-milenaria-naturcor\\\/#breadcrumb\",\"itemListElement\":[{\"@type\":\"ListItem\",\"position\":1,\"name\":\"Portada\",\"item\":\"https:\\\/\\\/fundacioncajaruraldelsur.com\\\/\"},{\"@type\":\"ListItem\",\"position\":2,\"name\":\"Eventos\",\"item\":\"https:\\\/\\\/fundacioncajaruraldelsur.com\\\/eventos\\\/\"},{\"@type\":\"ListItem\",\"position\":3,\"name\":\"II Ruta Encina Milenaria NaturCor\"}]},{\"@type\":\"WebSite\",\"@id\":\"https:\\\/\\\/fundacioncajaruraldelsur.com\\\/#website\",\"url\":\"https:\\\/\\\/fundacioncajaruraldelsur.com\\\/\",\"name\":\"Fundaci\u00f3n Caja Rural del Sur\",\"description\":\"\",\"potentialAction\":[{\"@type\":\"SearchAction\",\"target\":{\"@type\":\"EntryPoint\",\"urlTemplate\":\"https:\\\/\\\/fundacioncajaruraldelsur.com\\\/?s={search_term_string}\"},\"query-input\":{\"@type\":\"PropertyValueSpecification\",\"valueRequired\":true,\"valueName\":\"search_term_string\"}}],\"inLanguage\":\"pt-PT\"}]}<\/script>\n<!-- \/ Yoast SEO plugin. -->","yoast_head_json":{"title":"II Ruta Encina Milenaria NaturCor - Fundaci\u00f3n Caja Rural del Sur","description":"Se aproxima la fecha del pen\u00faltimo encuentro del VI Circuito Provincial de BTT NaturCor, que se celebrar\u00e1 el d\u00eda 19 de mayo con la II Ruta Encina Milenaria Rute.","robots":{"index":"index","follow":"follow","max-snippet":"max-snippet:-1","max-image-preview":"max-image-preview:large","max-video-preview":"max-video-preview:-1"},"canonical":"https:\/\/fundacioncajaruraldelsur.com\/pt\/evento\/ii-ruta-encina-milenaria-naturcor\/","og_locale":"pt_PT","og_type":"article","og_title":"II Ruta Encina Milenaria NaturCor - Fundaci\u00f3n Caja Rural del Sur","og_description":"Se aproxima la fecha del pen\u00faltimo encuentro del VI Circuito Provincial de BTT NaturCor, que se celebrar\u00e1 el d\u00eda 19 de mayo con la II Ruta Encina Milenaria Rute.","og_url":"https:\/\/fundacioncajaruraldelsur.com\/pt\/evento\/ii-ruta-encina-milenaria-naturcor\/","og_site_name":"Fundaci\u00f3n Caja Rural del Sur","article_modified_time":"2019-05-10T15:35:08+00:00","og_image":[{"width":1925,"height":501,"url":"https:\/\/fundacioncajaruraldelsur.com\/wp-content\/uploads\/2019\/05\/ruta_bici.jpg","type":"image\/jpeg"}],"twitter_card":"summary_large_image","twitter_misc":{"Est. reading time":"1 minute"},"schema":{"@context":"https:\/\/schema.org","@graph":[{"@type":"WebPage","@id":"https:\/\/fundacioncajaruraldelsur.com\/evento\/ii-ruta-encina-milenaria-naturcor\/","url":"https:\/\/fundacioncajaruraldelsur.com\/evento\/ii-ruta-encina-milenaria-naturcor\/","name":"II Ruta Encina Milenaria NaturCor - Fundaci\u00f3n Caja Rural del Sur","isPartOf":{"@id":"https:\/\/fundacioncajaruraldelsur.com\/#website"},"primaryImageOfPage":{"@id":"https:\/\/fundacioncajaruraldelsur.com\/evento\/ii-ruta-encina-milenaria-naturcor\/#primaryimage"},"image":{"@id":"https:\/\/fundacioncajaruraldelsur.com\/evento\/ii-ruta-encina-milenaria-naturcor\/#primaryimage"},"thumbnailUrl":"https:\/\/fundacioncajaruraldelsur.com\/wp-content\/uploads\/2019\/05\/ruta_bici.jpg","datePublished":"2019-05-10T15:33:35+00:00","dateModified":"2019-05-10T15:35:08+00:00","description":"Se aproxima la fecha del pen\u00faltimo encuentro del VI Circuito Provincial de BTT NaturCor, que se celebrar\u00e1 el d\u00eda 19 de mayo con la II Ruta Encina Milenaria Rute.","breadcrumb":{"@id":"https:\/\/fundacioncajaruraldelsur.com\/evento\/ii-ruta-encina-milenaria-naturcor\/#breadcrumb"},"inLanguage":"pt-PT","potentialAction":[{"@type":"ReadAction","target":["https:\/\/fundacioncajaruraldelsur.com\/evento\/ii-ruta-encina-milenaria-naturcor\/"]}]},{"@type":"ImageObject","inLanguage":"pt-PT","@id":"https:\/\/fundacioncajaruraldelsur.com\/evento\/ii-ruta-encina-milenaria-naturcor\/#primaryimage","url":"https:\/\/fundacioncajaruraldelsur.com\/wp-content\/uploads\/2019\/05\/ruta_bici.jpg","contentUrl":"https:\/\/fundacioncajaruraldelsur.com\/wp-content\/uploads\/2019\/05\/ruta_bici.jpg","width":1925,"height":501},{"@type":"BreadcrumbList","@id":"https:\/\/fundacioncajaruraldelsur.com\/evento\/ii-ruta-encina-milenaria-naturcor\/#breadcrumb","itemListElement":[{"@type":"ListItem","position":1,"name":"Portada","item":"https:\/\/fundacioncajaruraldelsur.com\/"},{"@type":"ListItem","position":2,"name":"Eventos","item":"https:\/\/fundacioncajaruraldelsur.com\/eventos\/"},{"@type":"ListItem","position":3,"name":"II Ruta Encina Milenaria NaturCor"}]},{"@type":"WebSite","@id":"https:\/\/fundacioncajaruraldelsur.com\/#website","url":"https:\/\/fundacioncajaruraldelsur.com\/","name":"Funda\u00e7\u00e3o Caja Rural del Sur","description":"","potentialAction":[{"@type":"SearchAction","target":{"@type":"EntryPoint","urlTemplate":"https:\/\/fundacioncajaruraldelsur.com\/?s={search_term_string}"},"query-input":{"@type":"PropertyValueSpecification","valueRequired":true,"valueName":"search_term_string"}}],"inLanguage":"pt-PT"}]}},"_links":{"self":[{"href":"https:\/\/fundacioncajaruraldelsur.com\/pt\/wp-json\/wp\/v2\/tribe_events\/4779","targetHints":{"allow":["GET"]}}],"collection":[{"href":"https:\/\/fundacioncajaruraldelsur.com\/pt\/wp-json\/wp\/v2\/tribe_events"}],"about":[{"href":"https:\/\/fundacioncajaruraldelsur.com\/pt\/wp-json\/wp\/v2\/types\/tribe_events"}],"author":[{"embeddable":true,"href":"https:\/\/fundacioncajaruraldelsur.com\/pt\/wp-json\/wp\/v2\/users\/8"}],"version-history":[{"count":2,"href":"https:\/\/fundacioncajaruraldelsur.com\/pt\/wp-json\/wp\/v2\/tribe_events\/4779\/revisions"}],"predecessor-version":[{"id":4784,"href":"https:\/\/fundacioncajaruraldelsur.com\/pt\/wp-json\/wp\/v2\/tribe_events\/4779\/revisions\/4784"}],"wp:featuredmedia":[{"embeddable":true,"href":"https:\/\/fundacioncajaruraldelsur.com\/pt\/wp-json\/wp\/v2\/media\/4780"}],"wp:attachment":[{"href":"https:\/\/fundacioncajaruraldelsur.com\/pt\/wp-json\/wp\/v2\/media?parent=4779"}],"wp:term":[{"taxonomy":"post_tag","embeddable":true,"href":"https:\/\/fundacioncajaruraldelsur.com\/pt\/wp-json\/wp\/v2\/tags?post=4779"},{"taxonomy":"tribe_events_cat","embeddable":true,"href":"https:\/\/fundacioncajaruraldelsur.com\/pt\/wp-json\/wp\/v2\/tribe_events_cat?post=4779"}],"curies":[{"name":"wp","href":"https:\/\/api.w.org\/{rel}","templated":true}]}}