{"id":4670,"date":"2019-04-10T20:55:24","date_gmt":"2019-04-10T18:55:24","guid":{"rendered":"\/?post_type=tribe_events&#038;p=4670"},"modified":"2019-04-10T20:58:24","modified_gmt":"2019-04-10T18:58:24","slug":"presentacion-del-libro-viaje-por-la-barcelona-taurina","status":"publish","type":"tribe_events","link":"https:\/\/fundacioncajaruraldelsur.com\/pt\/evento\/presentacion-del-libro-viaje-por-la-barcelona-taurina\/","title":{"rendered":"Presentaci\u00f3n del libro: &#8216;Viaje por la Barcelona taurina&#8217;"},"content":{"rendered":"<p>El pr\u00f3ximo viernes 3 de mayo a las 12:30 horas presentamos en Sevilla la obra de <strong>Salvador Balil Forgas<\/strong>,\u00a0<em><strong>Viaje por la Barcelona taurina<\/strong><\/em>. Durante la presentaci\u00f3n acompa\u00f1ar\u00e1n al autor Rafael Torres (matador de toros), Andr\u00e9s Amor\u00f3s (cr\u00edtico taurino), y David Gonz\u00e1lez Romero (editor). La editorial El Paseo nos acerca este <strong>I Premio de Literatura taurina Enrique Ponce-Club Allard.\u00a0<\/strong><\/p>\n<h4>SINOPSIS<\/h4>\n<p><a href=\"\/wp-content\/uploads\/2019\/04\/978849497603.jpg\" rel=\"lightbox-0\"><img loading=\"lazy\" decoding=\"async\" class=\"size-medium wp-image-4671 alignleft\" src=\"\/wp-content\/uploads\/2019\/04\/978849497603-198x300.jpg\" alt=\"\" width=\"198\" height=\"300\" srcset=\"https:\/\/fundacioncajaruraldelsur.com\/wp-content\/uploads\/2019\/04\/978849497603-198x300.jpg 198w, https:\/\/fundacioncajaruraldelsur.com\/wp-content\/uploads\/2019\/04\/978849497603-768x1165.jpg 768w, https:\/\/fundacioncajaruraldelsur.com\/wp-content\/uploads\/2019\/04\/978849497603-675x1024.jpg 675w, https:\/\/fundacioncajaruraldelsur.com\/wp-content\/uploads\/2019\/04\/978849497603.jpg 791w\" sizes=\"auto, (max-width: 198px) 100vw, 198px\" \/><\/a>Este libro est\u00e1 escrito desde Barcelona, viejo e indiscutible emporio del arte taurino. Sobre la centralidad de la capital catalana con el mundo de los toros hay poco que discutir hist\u00f3ricamente pues los hechos -muchos de ellos incorporados a este libro-, lo avalan. Y desde esa premisa este libro no pretende polemizar sino constatar la enorme impronta que la cultura taurina ha dejado en un amplio sector de la poblaci\u00f3n barcelonesa y catalana. Y eso lo hace un autor de profunda raigambre catalana y aficionado desde la infancia, autor de varios libros, y alguien que se niega a llorar una p\u00e9rdida y s\u00f3lo quiere constatar una realidad mediante su amplio y privilegiado abanico de recuerdos y su acopio de saberes.<\/p>\n<h4>EL AUTOR<\/h4>\n<p>(Sevilla, 1937) vinculado por tradici\u00f3n familiar a la industria textil catalana y con una fuerte vinculaci\u00f3n con el mundo taurino por raigambre familiar. Apasionado de la tauromaquia, es autor de diversas conferencias y, en la actualidad, ocupa el cargo de vicepresidente de la Federaci\u00f3n de Entidades Taurinas de Catalu\u00f1a. En 2004 public\u00f3 \u00abLos sue\u00f1os de Pedro Romero\u00bb, en 2010 fue autor de un \u00abJuan Belmonte, en la soledad de dos atardeceres\u00bb. Con su libro, \u00abViaje por la Barcelona taurina\u00bb obtuvo en I Premio de Literatura taurina \u00abEnrique Ponce-Club Allard\u00bb.<\/p>","protected":false},"excerpt":{"rendered":"<p>El pr\u00f3ximo viernes 3 de mayo a las 12:30 horas presentamos en Sevilla la obra de Salvador Balil Forgas,\u00a0Viaje por la Barcelona taurina. Durante la presentaci\u00f3n acompa\u00f1ar\u00e1n al autor Rafael [&hellip;]<\/p>\n","protected":false},"author":8,"featured_media":4672,"template":"","meta":{"_tribe_events_status":"","_tribe_events_status_reason":"","_tribe_events_is_hybrid":"","_tribe_events_is_virtual":"","_tribe_events_virtual_video_source":"","_tribe_events_virtual_embed_video":"","_tribe_events_virtual_linked_button_text":"","_tribe_events_virtual_linked_button":"","_tribe_events_virtual_show_embed_at":"","_tribe_events_virtual_show_embed_to":[],"_tribe_events_virtual_show_on_event":"","_tribe_events_virtual_show_on_views":"","_tribe_events_virtual_url":"","footnotes":""},"tags":[363,127,361,362,364,365],"tribe_events_cat":[124],"class_list":["post-4670","tribe_events","type-tribe_events","status-publish","has-post-thumbnail","hentry","tag-barcelona","tag-libro","tag-premio-literatura","tag-salvador-balil-forgas","tag-tauromaquia","tag-toros","tribe_events_cat-presentaciones","cat_presentaciones"],"yoast_head":"<!-- This site is optimized with the Yoast SEO plugin v27.3 - https:\/\/yoast.com\/product\/yoast-seo-wordpress\/ -->\n<title>Presentaci\u00f3n del libro: &#039;Viaje por la Barcelona taurina&#039; - Fundaci\u00f3n Caja Rural del Sur<\/title>\n<meta name=\"description\" content=\"El pr\u00f3ximo viernes 3 de mayo a las 12:30 horas presentamos en Sevilla la obra de Salvador Balil Forgas,\u00a0Viaje por la Barcelona taurina.\" \/>\n<meta name=\"robots\" content=\"index, follow, max-snippet:-1, max-image-preview:large, max-video-preview:-1\" \/>\n<link rel=\"canonical\" href=\"https:\/\/fundacioncajaruraldelsur.com\/pt\/evento\/presentacion-del-libro-viaje-por-la-barcelona-taurina\/\" \/>\n<meta property=\"og:locale\" content=\"pt_PT\" \/>\n<meta property=\"og:type\" content=\"article\" \/>\n<meta property=\"og:title\" content=\"Presentaci\u00f3n del libro: &#039;Viaje por la Barcelona taurina&#039; - Fundaci\u00f3n Caja Rural del Sur\" \/>\n<meta property=\"og:description\" content=\"El pr\u00f3ximo viernes 3 de mayo a las 12:30 horas presentamos en Sevilla la obra de Salvador Balil Forgas,\u00a0Viaje por la Barcelona taurina.\" \/>\n<meta property=\"og:url\" content=\"https:\/\/fundacioncajaruraldelsur.com\/pt\/evento\/presentacion-del-libro-viaje-por-la-barcelona-taurina\/\" \/>\n<meta property=\"og:site_name\" content=\"Fundaci\u00f3n Caja Rural del Sur\" \/>\n<meta property=\"article:modified_time\" content=\"2019-04-10T18:58:24+00:00\" \/>\n<meta property=\"og:image\" content=\"https:\/\/fundacioncajaruraldelsur.com\/wp-content\/uploads\/2019\/04\/Barcelona.jpg\" \/>\n\t<meta property=\"og:image:width\" content=\"1925\" \/>\n\t<meta property=\"og:image:height\" content=\"500\" \/>\n\t<meta property=\"og:image:type\" content=\"image\/jpeg\" \/>\n<meta name=\"twitter:card\" content=\"summary_large_image\" \/>\n<meta name=\"twitter:label1\" content=\"Est. reading time\" \/>\n\t<meta name=\"twitter:data1\" content=\"1 minute\" \/>\n<script type=\"application\/ld+json\" class=\"yoast-schema-graph\">{\"@context\":\"https:\\\/\\\/schema.org\",\"@graph\":[{\"@type\":\"WebPage\",\"@id\":\"https:\\\/\\\/fundacioncajaruraldelsur.com\\\/evento\\\/presentacion-del-libro-viaje-por-la-barcelona-taurina\\\/\",\"url\":\"https:\\\/\\\/fundacioncajaruraldelsur.com\\\/evento\\\/presentacion-del-libro-viaje-por-la-barcelona-taurina\\\/\",\"name\":\"Presentaci\u00f3n del libro: 'Viaje por la Barcelona taurina' - Fundaci\u00f3n Caja Rural del Sur\",\"isPartOf\":{\"@id\":\"https:\\\/\\\/fundacioncajaruraldelsur.com\\\/#website\"},\"primaryImageOfPage\":{\"@id\":\"https:\\\/\\\/fundacioncajaruraldelsur.com\\\/evento\\\/presentacion-del-libro-viaje-por-la-barcelona-taurina\\\/#primaryimage\"},\"image\":{\"@id\":\"https:\\\/\\\/fundacioncajaruraldelsur.com\\\/evento\\\/presentacion-del-libro-viaje-por-la-barcelona-taurina\\\/#primaryimage\"},\"thumbnailUrl\":\"https:\\\/\\\/fundacioncajaruraldelsur.com\\\/wp-content\\\/uploads\\\/2019\\\/04\\\/Barcelona.jpg\",\"datePublished\":\"2019-04-10T18:55:24+00:00\",\"dateModified\":\"2019-04-10T18:58:24+00:00\",\"description\":\"El pr\u00f3ximo viernes 3 de mayo a las 12:30 horas presentamos en Sevilla la obra de Salvador Balil Forgas,\u00a0Viaje por la Barcelona taurina.\",\"breadcrumb\":{\"@id\":\"https:\\\/\\\/fundacioncajaruraldelsur.com\\\/evento\\\/presentacion-del-libro-viaje-por-la-barcelona-taurina\\\/#breadcrumb\"},\"inLanguage\":\"pt-PT\",\"potentialAction\":[{\"@type\":\"ReadAction\",\"target\":[\"https:\\\/\\\/fundacioncajaruraldelsur.com\\\/evento\\\/presentacion-del-libro-viaje-por-la-barcelona-taurina\\\/\"]}]},{\"@type\":\"ImageObject\",\"inLanguage\":\"pt-PT\",\"@id\":\"https:\\\/\\\/fundacioncajaruraldelsur.com\\\/evento\\\/presentacion-del-libro-viaje-por-la-barcelona-taurina\\\/#primaryimage\",\"url\":\"https:\\\/\\\/fundacioncajaruraldelsur.com\\\/wp-content\\\/uploads\\\/2019\\\/04\\\/Barcelona.jpg\",\"contentUrl\":\"https:\\\/\\\/fundacioncajaruraldelsur.com\\\/wp-content\\\/uploads\\\/2019\\\/04\\\/Barcelona.jpg\",\"width\":1925,\"height\":500},{\"@type\":\"BreadcrumbList\",\"@id\":\"https:\\\/\\\/fundacioncajaruraldelsur.com\\\/evento\\\/presentacion-del-libro-viaje-por-la-barcelona-taurina\\\/#breadcrumb\",\"itemListElement\":[{\"@type\":\"ListItem\",\"position\":1,\"name\":\"Portada\",\"item\":\"https:\\\/\\\/fundacioncajaruraldelsur.com\\\/\"},{\"@type\":\"ListItem\",\"position\":2,\"name\":\"Eventos\",\"item\":\"https:\\\/\\\/fundacioncajaruraldelsur.com\\\/eventos\\\/\"},{\"@type\":\"ListItem\",\"position\":3,\"name\":\"Presentaci\u00f3n del libro: &#8216;Viaje por la Barcelona taurina&#8217;\"}]},{\"@type\":\"WebSite\",\"@id\":\"https:\\\/\\\/fundacioncajaruraldelsur.com\\\/#website\",\"url\":\"https:\\\/\\\/fundacioncajaruraldelsur.com\\\/\",\"name\":\"Fundaci\u00f3n Caja Rural del Sur\",\"description\":\"\",\"potentialAction\":[{\"@type\":\"SearchAction\",\"target\":{\"@type\":\"EntryPoint\",\"urlTemplate\":\"https:\\\/\\\/fundacioncajaruraldelsur.com\\\/?s={search_term_string}\"},\"query-input\":{\"@type\":\"PropertyValueSpecification\",\"valueRequired\":true,\"valueName\":\"search_term_string\"}}],\"inLanguage\":\"pt-PT\"}]}<\/script>\n<!-- \/ Yoast SEO plugin. -->","yoast_head_json":{"title":"Presentaci\u00f3n del libro: 'Viaje por la Barcelona taurina' - Fundaci\u00f3n Caja Rural del Sur","description":"El pr\u00f3ximo viernes 3 de mayo a las 12:30 horas presentamos en Sevilla la obra de Salvador Balil Forgas,\u00a0Viaje por la Barcelona taurina.","robots":{"index":"index","follow":"follow","max-snippet":"max-snippet:-1","max-image-preview":"max-image-preview:large","max-video-preview":"max-video-preview:-1"},"canonical":"https:\/\/fundacioncajaruraldelsur.com\/pt\/evento\/presentacion-del-libro-viaje-por-la-barcelona-taurina\/","og_locale":"pt_PT","og_type":"article","og_title":"Presentaci\u00f3n del libro: 'Viaje por la Barcelona taurina' - Fundaci\u00f3n Caja Rural del Sur","og_description":"El pr\u00f3ximo viernes 3 de mayo a las 12:30 horas presentamos en Sevilla la obra de Salvador Balil Forgas,\u00a0Viaje por la Barcelona taurina.","og_url":"https:\/\/fundacioncajaruraldelsur.com\/pt\/evento\/presentacion-del-libro-viaje-por-la-barcelona-taurina\/","og_site_name":"Fundaci\u00f3n Caja Rural del Sur","article_modified_time":"2019-04-10T18:58:24+00:00","og_image":[{"width":1925,"height":500,"url":"https:\/\/fundacioncajaruraldelsur.com\/wp-content\/uploads\/2019\/04\/Barcelona.jpg","type":"image\/jpeg"}],"twitter_card":"summary_large_image","twitter_misc":{"Est. reading time":"1 minute"},"schema":{"@context":"https:\/\/schema.org","@graph":[{"@type":"WebPage","@id":"https:\/\/fundacioncajaruraldelsur.com\/evento\/presentacion-del-libro-viaje-por-la-barcelona-taurina\/","url":"https:\/\/fundacioncajaruraldelsur.com\/evento\/presentacion-del-libro-viaje-por-la-barcelona-taurina\/","name":"Presentaci\u00f3n del libro: 'Viaje por la Barcelona taurina' - Fundaci\u00f3n Caja Rural del Sur","isPartOf":{"@id":"https:\/\/fundacioncajaruraldelsur.com\/#website"},"primaryImageOfPage":{"@id":"https:\/\/fundacioncajaruraldelsur.com\/evento\/presentacion-del-libro-viaje-por-la-barcelona-taurina\/#primaryimage"},"image":{"@id":"https:\/\/fundacioncajaruraldelsur.com\/evento\/presentacion-del-libro-viaje-por-la-barcelona-taurina\/#primaryimage"},"thumbnailUrl":"https:\/\/fundacioncajaruraldelsur.com\/wp-content\/uploads\/2019\/04\/Barcelona.jpg","datePublished":"2019-04-10T18:55:24+00:00","dateModified":"2019-04-10T18:58:24+00:00","description":"El pr\u00f3ximo viernes 3 de mayo a las 12:30 horas presentamos en Sevilla la obra de Salvador Balil Forgas,\u00a0Viaje por la Barcelona taurina.","breadcrumb":{"@id":"https:\/\/fundacioncajaruraldelsur.com\/evento\/presentacion-del-libro-viaje-por-la-barcelona-taurina\/#breadcrumb"},"inLanguage":"pt-PT","potentialAction":[{"@type":"ReadAction","target":["https:\/\/fundacioncajaruraldelsur.com\/evento\/presentacion-del-libro-viaje-por-la-barcelona-taurina\/"]}]},{"@type":"ImageObject","inLanguage":"pt-PT","@id":"https:\/\/fundacioncajaruraldelsur.com\/evento\/presentacion-del-libro-viaje-por-la-barcelona-taurina\/#primaryimage","url":"https:\/\/fundacioncajaruraldelsur.com\/wp-content\/uploads\/2019\/04\/Barcelona.jpg","contentUrl":"https:\/\/fundacioncajaruraldelsur.com\/wp-content\/uploads\/2019\/04\/Barcelona.jpg","width":1925,"height":500},{"@type":"BreadcrumbList","@id":"https:\/\/fundacioncajaruraldelsur.com\/evento\/presentacion-del-libro-viaje-por-la-barcelona-taurina\/#breadcrumb","itemListElement":[{"@type":"ListItem","position":1,"name":"Portada","item":"https:\/\/fundacioncajaruraldelsur.com\/"},{"@type":"ListItem","position":2,"name":"Eventos","item":"https:\/\/fundacioncajaruraldelsur.com\/eventos\/"},{"@type":"ListItem","position":3,"name":"Presentaci\u00f3n del libro: &#8216;Viaje por la Barcelona taurina&#8217;"}]},{"@type":"WebSite","@id":"https:\/\/fundacioncajaruraldelsur.com\/#website","url":"https:\/\/fundacioncajaruraldelsur.com\/","name":"Funda\u00e7\u00e3o Caja Rural del Sur","description":"","potentialAction":[{"@type":"SearchAction","target":{"@type":"EntryPoint","urlTemplate":"https:\/\/fundacioncajaruraldelsur.com\/?s={search_term_string}"},"query-input":{"@type":"PropertyValueSpecification","valueRequired":true,"valueName":"search_term_string"}}],"inLanguage":"pt-PT"}]}},"_links":{"self":[{"href":"https:\/\/fundacioncajaruraldelsur.com\/pt\/wp-json\/wp\/v2\/tribe_events\/4670","targetHints":{"allow":["GET"]}}],"collection":[{"href":"https:\/\/fundacioncajaruraldelsur.com\/pt\/wp-json\/wp\/v2\/tribe_events"}],"about":[{"href":"https:\/\/fundacioncajaruraldelsur.com\/pt\/wp-json\/wp\/v2\/types\/tribe_events"}],"author":[{"embeddable":true,"href":"https:\/\/fundacioncajaruraldelsur.com\/pt\/wp-json\/wp\/v2\/users\/8"}],"version-history":[{"count":4,"href":"https:\/\/fundacioncajaruraldelsur.com\/pt\/wp-json\/wp\/v2\/tribe_events\/4670\/revisions"}],"predecessor-version":[{"id":4676,"href":"https:\/\/fundacioncajaruraldelsur.com\/pt\/wp-json\/wp\/v2\/tribe_events\/4670\/revisions\/4676"}],"wp:featuredmedia":[{"embeddable":true,"href":"https:\/\/fundacioncajaruraldelsur.com\/pt\/wp-json\/wp\/v2\/media\/4672"}],"wp:attachment":[{"href":"https:\/\/fundacioncajaruraldelsur.com\/pt\/wp-json\/wp\/v2\/media?parent=4670"}],"wp:term":[{"taxonomy":"post_tag","embeddable":true,"href":"https:\/\/fundacioncajaruraldelsur.com\/pt\/wp-json\/wp\/v2\/tags?post=4670"},{"taxonomy":"tribe_events_cat","embeddable":true,"href":"https:\/\/fundacioncajaruraldelsur.com\/pt\/wp-json\/wp\/v2\/tribe_events_cat?post=4670"}],"curies":[{"name":"wp","href":"https:\/\/api.w.org\/{rel}","templated":true}]}}