{"id":4647,"date":"2019-04-02T17:45:50","date_gmt":"2019-04-02T15:45:50","guid":{"rendered":"\/?post_type=tribe_events&#038;p=4647"},"modified":"2019-04-02T17:45:50","modified_gmt":"2019-04-02T15:45:50","slug":"conferencia-la-india-rural-de-vicente-ferrer-50-aniversario-de-la-fundacion","status":"publish","type":"tribe_events","link":"https:\/\/fundacioncajaruraldelsur.com\/pt\/evento\/conferencia-la-india-rural-de-vicente-ferrer-50-aniversario-de-la-fundacion\/","title":{"rendered":"Conferencia: &#8216;La India rural de Vicente Ferrer: 50 aniversario de la Fundaci\u00f3n&#8217;"},"content":{"rendered":"<p>Este viernes celebramos la conferencia\u00a0<em><strong>La India rural de Vicente Ferrer: 50 aniversario de la Fundaci\u00f3n, nuevos retos y nuevos\u00a0compromisos con Anantapur<\/strong><\/em>, impartida por <em><strong>Sheeba Baddi<\/strong><\/em>, Directora de Apadrinamientos de la Fundaci\u00f3n Vicente Ferrer en India.<\/p>\n<p>Ser\u00e1 el viernes 5 de abril a las 19,30 horas en en el Sal\u00f3n de Actos de Caja Rural del Sur\u00a0situado en en c\/ Alcalde Mora Claros 6-8 (Huelva).<\/p>\n<p>Tras la conferencia, la soprano <strong>Roc\u00edo Guti\u00e9rrez Dom\u00ednguez<\/strong>, acompa\u00f1ada por el violonchelista<strong>\u00a0Jos\u00e9 Carlos Roca Prieto<\/strong> y por <strong>\u00c1ngela Palomeque Ord\u00f3\u00f1ez<\/strong> al piano, ofrecer\u00e1 un concierto l\u00edrico.<\/p>\n<p><a href=\"\/wp-content\/uploads\/2019\/04\/FVF.jpg\" rel=\"lightbox-0\"><img loading=\"lazy\" decoding=\"async\" class=\"aligncenter wp-image-4649 size-large\" src=\"\/wp-content\/uploads\/2019\/04\/FVF-1024x711.jpg\" alt=\"\" width=\"960\" height=\"667\" srcset=\"https:\/\/fundacioncajaruraldelsur.com\/wp-content\/uploads\/2019\/04\/FVF-1024x711.jpg 1024w, https:\/\/fundacioncajaruraldelsur.com\/wp-content\/uploads\/2019\/04\/FVF-300x208.jpg 300w, https:\/\/fundacioncajaruraldelsur.com\/wp-content\/uploads\/2019\/04\/FVF-768x534.jpg 768w, https:\/\/fundacioncajaruraldelsur.com\/wp-content\/uploads\/2019\/04\/FVF.jpg 1130w\" sizes=\"auto, (max-width: 960px) 100vw, 960px\" \/><\/a><\/p>\n<h4>\nSheeba Baddi: Portavoz de la Fundaci\u00f3n Vicente Ferrer<\/h4>\n<p>Naci\u00f3 en <a href=\"https:\/\/www.fundacionvicenteferrer.org\/es\/que-puedes-hacer\/viaja-anantapur\">Anantapur (India)<\/a> en 1976. Desde su infancia, estuvo muy vinculada a la <a href=\"https:\/\/www.fundacionvicenteferrer.org\/es\/\">Fundaci\u00f3n Vicente Ferrer<\/a>. Su madre trabaj\u00f3 en la organizaci\u00f3n y ella creci\u00f3 junto a Vicente y Anna Ferrer, por lo que el campus de la FVF en Anantapur se convirti\u00f3 en su casa.<\/p>\n<p>Licenciada en Historia, Sheeba habla cinco idiomas y conoce, a trav\u00e9s de su experiencia, el proceso de transformaci\u00f3n que ha vivido la mujer en la India rural. Con una aut\u00e9ntica vocaci\u00f3n de liderazgo y mentalidad global, Sheeba es un ejemplo de una nueva gene-raci\u00f3n de mujeres que aspiran a transformar la realidad de la India.<\/p>\n<p>Casada y con dos hijos, empez\u00f3 a trabajar en la FVF hace veinte a\u00f1os. Ha sido traductora y gu\u00eda de visitantes, portavoz de la ONGD y, desde el a\u00f1o pasado, como di-rectora del Programa de Apadrinamientos.<\/p>\n<p>Desde 2008, viaja a Espa\u00f1a de forma frecuente para dar a conocer el legado de Vicente Ferrer y los logros conseguidos por la Fundaci\u00f3n, a trav\u00e9s de conferencias en las que su testimonio transporta a los oyentes a conocer la realidad de la India rural.<\/p>\n<p>&nbsp;<\/p>\n<p>&nbsp;<\/p>","protected":false},"excerpt":{"rendered":"<p>Este viernes celebramos la conferencia\u00a0La India rural de Vicente Ferrer: 50 aniversario de la Fundaci\u00f3n, nuevos retos y nuevos\u00a0compromisos con Anantapur, impartida por Sheeba Baddi, Directora de Apadrinamientos de la [&hellip;]<\/p>\n","protected":false},"author":8,"featured_media":4117,"template":"","meta":{"_tribe_events_status":"","_tribe_events_status_reason":"","_tribe_events_is_hybrid":"","_tribe_events_is_virtual":"","_tribe_events_virtual_video_source":"","_tribe_events_virtual_embed_video":"","_tribe_events_virtual_linked_button_text":"","_tribe_events_virtual_linked_button":"","_tribe_events_virtual_show_embed_at":"","_tribe_events_virtual_show_embed_to":[],"_tribe_events_virtual_show_on_event":"","_tribe_events_virtual_show_on_views":"","_tribe_events_virtual_url":"","footnotes":""},"tags":[357,355,356,354],"tribe_events_cat":[59],"class_list":["post-4647","tribe_events","type-tribe_events","status-publish","has-post-thumbnail","hentry","tag-antapur","tag-fundacion-vicente-ferrer","tag-india","tag-sheeba-baddi","tribe_events_cat-conferencias","cat_conferencias"],"yoast_head":"<!-- This site is optimized with the Yoast SEO plugin v27.3 - https:\/\/yoast.com\/product\/yoast-seo-wordpress\/ -->\n<title>Conferencia: &#039;La India rural de Vicente Ferrer: 50 aniversario de la Fundaci\u00f3n&#039; - Fundaci\u00f3n Caja Rural del Sur<\/title>\n<meta name=\"description\" content=\"Celebramos la conferencia\u00a0La India rural de Vicente Ferrer: 50 aniversario de la Fundaci\u00f3n, nuevos retos y nuevos\u00a0compromisos con Anantapur, por Sheeba Baddi.\" \/>\n<meta name=\"robots\" content=\"index, follow, max-snippet:-1, max-image-preview:large, max-video-preview:-1\" \/>\n<link rel=\"canonical\" href=\"https:\/\/fundacioncajaruraldelsur.com\/pt\/evento\/conferencia-la-india-rural-de-vicente-ferrer-50-aniversario-de-la-fundacion\/\" \/>\n<meta property=\"og:locale\" content=\"pt_PT\" \/>\n<meta property=\"og:type\" content=\"article\" \/>\n<meta property=\"og:title\" content=\"Conferencia: &#039;La India rural de Vicente Ferrer: 50 aniversario de la Fundaci\u00f3n&#039; - Fundaci\u00f3n Caja Rural del Sur\" \/>\n<meta property=\"og:description\" content=\"Celebramos la conferencia\u00a0La India rural de Vicente Ferrer: 50 aniversario de la Fundaci\u00f3n, nuevos retos y nuevos\u00a0compromisos con Anantapur, por Sheeba Baddi.\" \/>\n<meta property=\"og:url\" content=\"https:\/\/fundacioncajaruraldelsur.com\/pt\/evento\/conferencia-la-india-rural-de-vicente-ferrer-50-aniversario-de-la-fundacion\/\" \/>\n<meta property=\"og:site_name\" content=\"Fundaci\u00f3n Caja Rural del Sur\" \/>\n<meta property=\"og:image\" content=\"https:\/\/fundacioncajaruraldelsur.com\/wp-content\/uploads\/2018\/11\/ciudades_amigas.jpg\" \/>\n\t<meta property=\"og:image:width\" content=\"1916\" \/>\n\t<meta property=\"og:image:height\" content=\"500\" \/>\n\t<meta property=\"og:image:type\" content=\"image\/jpeg\" \/>\n<meta name=\"twitter:card\" content=\"summary_large_image\" \/>\n<meta name=\"twitter:label1\" content=\"Est. reading time\" \/>\n\t<meta name=\"twitter:data1\" content=\"2 minutes\" \/>\n<script type=\"application\/ld+json\" class=\"yoast-schema-graph\">{\"@context\":\"https:\\\/\\\/schema.org\",\"@graph\":[{\"@type\":\"WebPage\",\"@id\":\"https:\\\/\\\/fundacioncajaruraldelsur.com\\\/evento\\\/conferencia-la-india-rural-de-vicente-ferrer-50-aniversario-de-la-fundacion\\\/\",\"url\":\"https:\\\/\\\/fundacioncajaruraldelsur.com\\\/evento\\\/conferencia-la-india-rural-de-vicente-ferrer-50-aniversario-de-la-fundacion\\\/\",\"name\":\"Conferencia: 'La India rural de Vicente Ferrer: 50 aniversario de la Fundaci\u00f3n' - Fundaci\u00f3n Caja Rural del Sur\",\"isPartOf\":{\"@id\":\"https:\\\/\\\/fundacioncajaruraldelsur.com\\\/#website\"},\"primaryImageOfPage\":{\"@id\":\"https:\\\/\\\/fundacioncajaruraldelsur.com\\\/evento\\\/conferencia-la-india-rural-de-vicente-ferrer-50-aniversario-de-la-fundacion\\\/#primaryimage\"},\"image\":{\"@id\":\"https:\\\/\\\/fundacioncajaruraldelsur.com\\\/evento\\\/conferencia-la-india-rural-de-vicente-ferrer-50-aniversario-de-la-fundacion\\\/#primaryimage\"},\"thumbnailUrl\":\"https:\\\/\\\/fundacioncajaruraldelsur.com\\\/wp-content\\\/uploads\\\/2018\\\/11\\\/ciudades_amigas.jpg\",\"datePublished\":\"2019-04-02T15:45:50+00:00\",\"description\":\"Celebramos la conferencia\u00a0La India rural de Vicente Ferrer: 50 aniversario de la Fundaci\u00f3n, nuevos retos y nuevos\u00a0compromisos con Anantapur, por Sheeba Baddi.\",\"breadcrumb\":{\"@id\":\"https:\\\/\\\/fundacioncajaruraldelsur.com\\\/evento\\\/conferencia-la-india-rural-de-vicente-ferrer-50-aniversario-de-la-fundacion\\\/#breadcrumb\"},\"inLanguage\":\"pt-PT\",\"potentialAction\":[{\"@type\":\"ReadAction\",\"target\":[\"https:\\\/\\\/fundacioncajaruraldelsur.com\\\/evento\\\/conferencia-la-india-rural-de-vicente-ferrer-50-aniversario-de-la-fundacion\\\/\"]}]},{\"@type\":\"ImageObject\",\"inLanguage\":\"pt-PT\",\"@id\":\"https:\\\/\\\/fundacioncajaruraldelsur.com\\\/evento\\\/conferencia-la-india-rural-de-vicente-ferrer-50-aniversario-de-la-fundacion\\\/#primaryimage\",\"url\":\"https:\\\/\\\/fundacioncajaruraldelsur.com\\\/wp-content\\\/uploads\\\/2018\\\/11\\\/ciudades_amigas.jpg\",\"contentUrl\":\"https:\\\/\\\/fundacioncajaruraldelsur.com\\\/wp-content\\\/uploads\\\/2018\\\/11\\\/ciudades_amigas.jpg\",\"width\":1916,\"height\":500},{\"@type\":\"BreadcrumbList\",\"@id\":\"https:\\\/\\\/fundacioncajaruraldelsur.com\\\/evento\\\/conferencia-la-india-rural-de-vicente-ferrer-50-aniversario-de-la-fundacion\\\/#breadcrumb\",\"itemListElement\":[{\"@type\":\"ListItem\",\"position\":1,\"name\":\"Portada\",\"item\":\"https:\\\/\\\/fundacioncajaruraldelsur.com\\\/\"},{\"@type\":\"ListItem\",\"position\":2,\"name\":\"Eventos\",\"item\":\"https:\\\/\\\/fundacioncajaruraldelsur.com\\\/eventos\\\/\"},{\"@type\":\"ListItem\",\"position\":3,\"name\":\"Conferencia: &#8216;La India rural de Vicente Ferrer: 50 aniversario de la Fundaci\u00f3n&#8217;\"}]},{\"@type\":\"WebSite\",\"@id\":\"https:\\\/\\\/fundacioncajaruraldelsur.com\\\/#website\",\"url\":\"https:\\\/\\\/fundacioncajaruraldelsur.com\\\/\",\"name\":\"Fundaci\u00f3n Caja Rural del Sur\",\"description\":\"\",\"potentialAction\":[{\"@type\":\"SearchAction\",\"target\":{\"@type\":\"EntryPoint\",\"urlTemplate\":\"https:\\\/\\\/fundacioncajaruraldelsur.com\\\/?s={search_term_string}\"},\"query-input\":{\"@type\":\"PropertyValueSpecification\",\"valueRequired\":true,\"valueName\":\"search_term_string\"}}],\"inLanguage\":\"pt-PT\"}]}<\/script>\n<!-- \/ Yoast SEO plugin. -->","yoast_head_json":{"title":"Conferencia: 'La India rural de Vicente Ferrer: 50 aniversario de la Fundaci\u00f3n' - Fundaci\u00f3n Caja Rural del Sur","description":"Celebramos la conferencia\u00a0La India rural de Vicente Ferrer: 50 aniversario de la Fundaci\u00f3n, nuevos retos y nuevos\u00a0compromisos con Anantapur, por Sheeba Baddi.","robots":{"index":"index","follow":"follow","max-snippet":"max-snippet:-1","max-image-preview":"max-image-preview:large","max-video-preview":"max-video-preview:-1"},"canonical":"https:\/\/fundacioncajaruraldelsur.com\/pt\/evento\/conferencia-la-india-rural-de-vicente-ferrer-50-aniversario-de-la-fundacion\/","og_locale":"pt_PT","og_type":"article","og_title":"Conferencia: 'La India rural de Vicente Ferrer: 50 aniversario de la Fundaci\u00f3n' - Fundaci\u00f3n Caja Rural del Sur","og_description":"Celebramos la conferencia\u00a0La India rural de Vicente Ferrer: 50 aniversario de la Fundaci\u00f3n, nuevos retos y nuevos\u00a0compromisos con Anantapur, por Sheeba Baddi.","og_url":"https:\/\/fundacioncajaruraldelsur.com\/pt\/evento\/conferencia-la-india-rural-de-vicente-ferrer-50-aniversario-de-la-fundacion\/","og_site_name":"Fundaci\u00f3n Caja Rural del Sur","og_image":[{"width":1916,"height":500,"url":"https:\/\/fundacioncajaruraldelsur.com\/wp-content\/uploads\/2018\/11\/ciudades_amigas.jpg","type":"image\/jpeg"}],"twitter_card":"summary_large_image","twitter_misc":{"Est. reading time":"2 minutes"},"schema":{"@context":"https:\/\/schema.org","@graph":[{"@type":"WebPage","@id":"https:\/\/fundacioncajaruraldelsur.com\/evento\/conferencia-la-india-rural-de-vicente-ferrer-50-aniversario-de-la-fundacion\/","url":"https:\/\/fundacioncajaruraldelsur.com\/evento\/conferencia-la-india-rural-de-vicente-ferrer-50-aniversario-de-la-fundacion\/","name":"Conferencia: 'La India rural de Vicente Ferrer: 50 aniversario de la Fundaci\u00f3n' - Fundaci\u00f3n Caja Rural del Sur","isPartOf":{"@id":"https:\/\/fundacioncajaruraldelsur.com\/#website"},"primaryImageOfPage":{"@id":"https:\/\/fundacioncajaruraldelsur.com\/evento\/conferencia-la-india-rural-de-vicente-ferrer-50-aniversario-de-la-fundacion\/#primaryimage"},"image":{"@id":"https:\/\/fundacioncajaruraldelsur.com\/evento\/conferencia-la-india-rural-de-vicente-ferrer-50-aniversario-de-la-fundacion\/#primaryimage"},"thumbnailUrl":"https:\/\/fundacioncajaruraldelsur.com\/wp-content\/uploads\/2018\/11\/ciudades_amigas.jpg","datePublished":"2019-04-02T15:45:50+00:00","description":"Celebramos la conferencia\u00a0La India rural de Vicente Ferrer: 50 aniversario de la Fundaci\u00f3n, nuevos retos y nuevos\u00a0compromisos con Anantapur, por Sheeba Baddi.","breadcrumb":{"@id":"https:\/\/fundacioncajaruraldelsur.com\/evento\/conferencia-la-india-rural-de-vicente-ferrer-50-aniversario-de-la-fundacion\/#breadcrumb"},"inLanguage":"pt-PT","potentialAction":[{"@type":"ReadAction","target":["https:\/\/fundacioncajaruraldelsur.com\/evento\/conferencia-la-india-rural-de-vicente-ferrer-50-aniversario-de-la-fundacion\/"]}]},{"@type":"ImageObject","inLanguage":"pt-PT","@id":"https:\/\/fundacioncajaruraldelsur.com\/evento\/conferencia-la-india-rural-de-vicente-ferrer-50-aniversario-de-la-fundacion\/#primaryimage","url":"https:\/\/fundacioncajaruraldelsur.com\/wp-content\/uploads\/2018\/11\/ciudades_amigas.jpg","contentUrl":"https:\/\/fundacioncajaruraldelsur.com\/wp-content\/uploads\/2018\/11\/ciudades_amigas.jpg","width":1916,"height":500},{"@type":"BreadcrumbList","@id":"https:\/\/fundacioncajaruraldelsur.com\/evento\/conferencia-la-india-rural-de-vicente-ferrer-50-aniversario-de-la-fundacion\/#breadcrumb","itemListElement":[{"@type":"ListItem","position":1,"name":"Portada","item":"https:\/\/fundacioncajaruraldelsur.com\/"},{"@type":"ListItem","position":2,"name":"Eventos","item":"https:\/\/fundacioncajaruraldelsur.com\/eventos\/"},{"@type":"ListItem","position":3,"name":"Conferencia: &#8216;La India rural de Vicente Ferrer: 50 aniversario de la Fundaci\u00f3n&#8217;"}]},{"@type":"WebSite","@id":"https:\/\/fundacioncajaruraldelsur.com\/#website","url":"https:\/\/fundacioncajaruraldelsur.com\/","name":"Funda\u00e7\u00e3o Caja Rural del Sur","description":"","potentialAction":[{"@type":"SearchAction","target":{"@type":"EntryPoint","urlTemplate":"https:\/\/fundacioncajaruraldelsur.com\/?s={search_term_string}"},"query-input":{"@type":"PropertyValueSpecification","valueRequired":true,"valueName":"search_term_string"}}],"inLanguage":"pt-PT"}]}},"_links":{"self":[{"href":"https:\/\/fundacioncajaruraldelsur.com\/pt\/wp-json\/wp\/v2\/tribe_events\/4647","targetHints":{"allow":["GET"]}}],"collection":[{"href":"https:\/\/fundacioncajaruraldelsur.com\/pt\/wp-json\/wp\/v2\/tribe_events"}],"about":[{"href":"https:\/\/fundacioncajaruraldelsur.com\/pt\/wp-json\/wp\/v2\/types\/tribe_events"}],"author":[{"embeddable":true,"href":"https:\/\/fundacioncajaruraldelsur.com\/pt\/wp-json\/wp\/v2\/users\/8"}],"version-history":[{"count":1,"href":"https:\/\/fundacioncajaruraldelsur.com\/pt\/wp-json\/wp\/v2\/tribe_events\/4647\/revisions"}],"predecessor-version":[{"id":4653,"href":"https:\/\/fundacioncajaruraldelsur.com\/pt\/wp-json\/wp\/v2\/tribe_events\/4647\/revisions\/4653"}],"wp:featuredmedia":[{"embeddable":true,"href":"https:\/\/fundacioncajaruraldelsur.com\/pt\/wp-json\/wp\/v2\/media\/4117"}],"wp:attachment":[{"href":"https:\/\/fundacioncajaruraldelsur.com\/pt\/wp-json\/wp\/v2\/media?parent=4647"}],"wp:term":[{"taxonomy":"post_tag","embeddable":true,"href":"https:\/\/fundacioncajaruraldelsur.com\/pt\/wp-json\/wp\/v2\/tags?post=4647"},{"taxonomy":"tribe_events_cat","embeddable":true,"href":"https:\/\/fundacioncajaruraldelsur.com\/pt\/wp-json\/wp\/v2\/tribe_events_cat?post=4647"}],"curies":[{"name":"wp","href":"https:\/\/api.w.org\/{rel}","templated":true}]}}