{"id":4486,"date":"2019-02-15T18:45:50","date_gmt":"2019-02-15T16:45:50","guid":{"rendered":"\/?post_type=tribe_events&#038;p=4486"},"modified":"2019-02-15T18:45:50","modified_gmt":"2019-02-15T16:45:50","slug":"concierto-orquesta-camara-bormujos","status":"publish","type":"tribe_events","link":"https:\/\/fundacioncajaruraldelsur.com\/pt\/evento\/concierto-orquesta-camara-bormujos\/","title":{"rendered":"Concierto de la Orquesta de C\u00e1mara de Bormujos"},"content":{"rendered":"<p><a href=\"\/wp-content\/uploads\/2019\/02\/2019.02.23-Concierto-Orquesta-de-C\u00e1mara-de-Bormujos.jpg\" rel=\"lightbox-0\"><img loading=\"lazy\" decoding=\"async\" class=\"size-medium wp-image-4487 alignleft\" src=\"\/wp-content\/uploads\/2019\/02\/2019.02.23-Concierto-Orquesta-de-C\u00e1mara-de-Bormujos-212x300.jpg\" alt=\"\" width=\"212\" height=\"300\" srcset=\"https:\/\/fundacioncajaruraldelsur.com\/wp-content\/uploads\/2019\/02\/2019.02.23-Concierto-Orquesta-de-C\u00e1mara-de-Bormujos-212x300.jpg 212w, https:\/\/fundacioncajaruraldelsur.com\/wp-content\/uploads\/2019\/02\/2019.02.23-Concierto-Orquesta-de-C\u00e1mara-de-Bormujos-768x1086.jpg 768w, https:\/\/fundacioncajaruraldelsur.com\/wp-content\/uploads\/2019\/02\/2019.02.23-Concierto-Orquesta-de-C\u00e1mara-de-Bormujos-724x1024.jpg 724w, https:\/\/fundacioncajaruraldelsur.com\/wp-content\/uploads\/2019\/02\/2019.02.23-Concierto-Orquesta-de-C\u00e1mara-de-Bormujos.jpg 800w\" sizes=\"auto, (max-width: 212px) 100vw, 212px\" \/><\/a>El pr\u00f3ximo s\u00e1bado 23 celebramos en Sevilla el concierto que organiza\u00a0<strong>La Orquesta de C\u00e1mara de Bormujos\u00a0<\/strong>para celebrar\u00a0los 25 a\u00f1os de la <a href=\"https:\/\/fcce.us.es\/\" target=\"_blank\" rel=\"noopener\">Facultad de Ciencias de la Educaci\u00f3n<\/a>.<\/p>\n<p>La agrupaci\u00f3n deleitar\u00e1 a los asistentes con dos magn\u00edficas obras de Vivaldi y Mozart, bajo la batuta de <strong>Alberto \u00c1lvarez Calero<\/strong>, en la\u00a0<strong>Parroquia de San Jacinto el d\u00eda 23 a las 21:00 horas. <\/strong><\/p>\n<p>Adem\u00e1s, la orquesta ofrecer\u00e1 su concierto junto al <strong>Coro Maese Rodrigo<\/strong> y un magn\u00edfico cuarteto vocal, con\u00a0los solistas <strong>Irina Gureu, Jos\u00e9 Carri\u00f3n, Vicente Bujulance y Luciano Miotto<\/strong> que interpretar\u00e1n obras de Antonio Vivaldi (\u00abGloria RV 589\u00bb) y Wolfgang Amadeus Mozart (\u00abVesperaes Solenne Confessore\u00bb).<\/p>\n<p><strong>Precio:<\/strong>\u00a0la entrada es gratuita hasta completar aforo.<\/p>","protected":false},"excerpt":{"rendered":"<p>El pr\u00f3ximo s\u00e1bado 23 celebramos en Sevilla el concierto que organiza\u00a0La Orquesta de C\u00e1mara de Bormujos\u00a0para celebrar\u00a0los 25 a\u00f1os de la Facultad de Ciencias de la Educaci\u00f3n. La agrupaci\u00f3n deleitar\u00e1 [&hellip;]<\/p>\n","protected":false},"author":8,"featured_media":4167,"template":"","meta":{"_tribe_events_status":"","_tribe_events_status_reason":"","_tribe_events_is_hybrid":"","_tribe_events_is_virtual":"","_tribe_events_virtual_video_source":"","_tribe_events_virtual_embed_video":"","_tribe_events_virtual_linked_button_text":"","_tribe_events_virtual_linked_button":"","_tribe_events_virtual_show_embed_at":"","_tribe_events_virtual_show_embed_to":[],"_tribe_events_virtual_show_on_event":"","_tribe_events_virtual_show_on_views":"","_tribe_events_virtual_url":"","footnotes":""},"tags":[309,310,312,195,267,311],"tribe_events_cat":[118],"class_list":["post-4486","tribe_events","type-tribe_events","status-publish","has-post-thumbnail","hentry","tag-irina-gureu","tag-jose-carrion","tag-luciano-miotto","tag-ocb","tag-orquesta-de-camara-de-bormujos","tag-vicente-bujulance","tribe_events_cat-conciertos","cat_conciertos"],"yoast_head":"<!-- This site is optimized with the Yoast SEO plugin v27.3 - https:\/\/yoast.com\/product\/yoast-seo-wordpress\/ -->\n<title>Concierto de la Orquesta de C\u00e1mara de Bormujos - Fundaci\u00f3n Caja Rural del Sur<\/title>\n<meta name=\"description\" content=\"El pr\u00f3ximo s\u00e1bado 23 celebramos en Sevilla el concierto que organiza\u00a0La Orquesta de C\u00e1mara de Bormujos.\" \/>\n<meta name=\"robots\" content=\"index, follow, max-snippet:-1, max-image-preview:large, max-video-preview:-1\" \/>\n<link rel=\"canonical\" href=\"https:\/\/fundacioncajaruraldelsur.com\/pt\/evento\/concierto-orquesta-camara-bormujos\/\" \/>\n<meta property=\"og:locale\" content=\"pt_PT\" \/>\n<meta property=\"og:type\" content=\"article\" \/>\n<meta property=\"og:title\" content=\"Concierto de la Orquesta de C\u00e1mara de Bormujos - Fundaci\u00f3n Caja Rural del Sur\" \/>\n<meta property=\"og:description\" content=\"El pr\u00f3ximo s\u00e1bado 23 celebramos en Sevilla el concierto que organiza\u00a0La Orquesta de C\u00e1mara de Bormujos.\" \/>\n<meta property=\"og:url\" content=\"https:\/\/fundacioncajaruraldelsur.com\/pt\/evento\/concierto-orquesta-camara-bormujos\/\" \/>\n<meta property=\"og:site_name\" content=\"Fundaci\u00f3n Caja Rural del Sur\" \/>\n<meta property=\"og:image\" content=\"https:\/\/fundacioncajaruraldelsur.com\/wp-content\/uploads\/2018\/11\/Concierto_Orquesta_Bormujos.jpg\" \/>\n\t<meta property=\"og:image:width\" content=\"1925\" \/>\n\t<meta property=\"og:image:height\" content=\"500\" \/>\n\t<meta property=\"og:image:type\" content=\"image\/jpeg\" \/>\n<meta name=\"twitter:card\" content=\"summary_large_image\" \/>\n<meta name=\"twitter:label1\" content=\"Est. reading time\" \/>\n\t<meta name=\"twitter:data1\" content=\"1 minute\" \/>\n<script type=\"application\/ld+json\" class=\"yoast-schema-graph\">{\"@context\":\"https:\\\/\\\/schema.org\",\"@graph\":[{\"@type\":\"WebPage\",\"@id\":\"https:\\\/\\\/fundacioncajaruraldelsur.com\\\/evento\\\/concierto-orquesta-camara-bormujos\\\/\",\"url\":\"https:\\\/\\\/fundacioncajaruraldelsur.com\\\/evento\\\/concierto-orquesta-camara-bormujos\\\/\",\"name\":\"Concierto de la Orquesta de C\u00e1mara de Bormujos - Fundaci\u00f3n Caja Rural del Sur\",\"isPartOf\":{\"@id\":\"https:\\\/\\\/fundacioncajaruraldelsur.com\\\/#website\"},\"primaryImageOfPage\":{\"@id\":\"https:\\\/\\\/fundacioncajaruraldelsur.com\\\/evento\\\/concierto-orquesta-camara-bormujos\\\/#primaryimage\"},\"image\":{\"@id\":\"https:\\\/\\\/fundacioncajaruraldelsur.com\\\/evento\\\/concierto-orquesta-camara-bormujos\\\/#primaryimage\"},\"thumbnailUrl\":\"https:\\\/\\\/fundacioncajaruraldelsur.com\\\/wp-content\\\/uploads\\\/2018\\\/11\\\/Concierto_Orquesta_Bormujos.jpg\",\"datePublished\":\"2019-02-15T16:45:50+00:00\",\"description\":\"El pr\u00f3ximo s\u00e1bado 23 celebramos en Sevilla el concierto que organiza\u00a0La Orquesta de C\u00e1mara de Bormujos.\",\"breadcrumb\":{\"@id\":\"https:\\\/\\\/fundacioncajaruraldelsur.com\\\/evento\\\/concierto-orquesta-camara-bormujos\\\/#breadcrumb\"},\"inLanguage\":\"pt-PT\",\"potentialAction\":[{\"@type\":\"ReadAction\",\"target\":[\"https:\\\/\\\/fundacioncajaruraldelsur.com\\\/evento\\\/concierto-orquesta-camara-bormujos\\\/\"]}]},{\"@type\":\"ImageObject\",\"inLanguage\":\"pt-PT\",\"@id\":\"https:\\\/\\\/fundacioncajaruraldelsur.com\\\/evento\\\/concierto-orquesta-camara-bormujos\\\/#primaryimage\",\"url\":\"https:\\\/\\\/fundacioncajaruraldelsur.com\\\/wp-content\\\/uploads\\\/2018\\\/11\\\/Concierto_Orquesta_Bormujos.jpg\",\"contentUrl\":\"https:\\\/\\\/fundacioncajaruraldelsur.com\\\/wp-content\\\/uploads\\\/2018\\\/11\\\/Concierto_Orquesta_Bormujos.jpg\",\"width\":1925,\"height\":500},{\"@type\":\"BreadcrumbList\",\"@id\":\"https:\\\/\\\/fundacioncajaruraldelsur.com\\\/evento\\\/concierto-orquesta-camara-bormujos\\\/#breadcrumb\",\"itemListElement\":[{\"@type\":\"ListItem\",\"position\":1,\"name\":\"Portada\",\"item\":\"https:\\\/\\\/fundacioncajaruraldelsur.com\\\/\"},{\"@type\":\"ListItem\",\"position\":2,\"name\":\"Eventos\",\"item\":\"https:\\\/\\\/fundacioncajaruraldelsur.com\\\/eventos\\\/\"},{\"@type\":\"ListItem\",\"position\":3,\"name\":\"Concierto de la Orquesta de C\u00e1mara de Bormujos\"}]},{\"@type\":\"WebSite\",\"@id\":\"https:\\\/\\\/fundacioncajaruraldelsur.com\\\/#website\",\"url\":\"https:\\\/\\\/fundacioncajaruraldelsur.com\\\/\",\"name\":\"Fundaci\u00f3n Caja Rural del Sur\",\"description\":\"\",\"potentialAction\":[{\"@type\":\"SearchAction\",\"target\":{\"@type\":\"EntryPoint\",\"urlTemplate\":\"https:\\\/\\\/fundacioncajaruraldelsur.com\\\/?s={search_term_string}\"},\"query-input\":{\"@type\":\"PropertyValueSpecification\",\"valueRequired\":true,\"valueName\":\"search_term_string\"}}],\"inLanguage\":\"pt-PT\"}]}<\/script>\n<!-- \/ Yoast SEO plugin. -->","yoast_head_json":{"title":"Concierto de la Orquesta de C\u00e1mara de Bormujos - Fundaci\u00f3n Caja Rural del Sur","description":"El pr\u00f3ximo s\u00e1bado 23 celebramos en Sevilla el concierto que organiza\u00a0La Orquesta de C\u00e1mara de Bormujos.","robots":{"index":"index","follow":"follow","max-snippet":"max-snippet:-1","max-image-preview":"max-image-preview:large","max-video-preview":"max-video-preview:-1"},"canonical":"https:\/\/fundacioncajaruraldelsur.com\/pt\/evento\/concierto-orquesta-camara-bormujos\/","og_locale":"pt_PT","og_type":"article","og_title":"Concierto de la Orquesta de C\u00e1mara de Bormujos - Fundaci\u00f3n Caja Rural del Sur","og_description":"El pr\u00f3ximo s\u00e1bado 23 celebramos en Sevilla el concierto que organiza\u00a0La Orquesta de C\u00e1mara de Bormujos.","og_url":"https:\/\/fundacioncajaruraldelsur.com\/pt\/evento\/concierto-orquesta-camara-bormujos\/","og_site_name":"Fundaci\u00f3n Caja Rural del Sur","og_image":[{"width":1925,"height":500,"url":"https:\/\/fundacioncajaruraldelsur.com\/wp-content\/uploads\/2018\/11\/Concierto_Orquesta_Bormujos.jpg","type":"image\/jpeg"}],"twitter_card":"summary_large_image","twitter_misc":{"Est. reading time":"1 minute"},"schema":{"@context":"https:\/\/schema.org","@graph":[{"@type":"WebPage","@id":"https:\/\/fundacioncajaruraldelsur.com\/evento\/concierto-orquesta-camara-bormujos\/","url":"https:\/\/fundacioncajaruraldelsur.com\/evento\/concierto-orquesta-camara-bormujos\/","name":"Concierto de la Orquesta de C\u00e1mara de Bormujos - Fundaci\u00f3n Caja Rural del Sur","isPartOf":{"@id":"https:\/\/fundacioncajaruraldelsur.com\/#website"},"primaryImageOfPage":{"@id":"https:\/\/fundacioncajaruraldelsur.com\/evento\/concierto-orquesta-camara-bormujos\/#primaryimage"},"image":{"@id":"https:\/\/fundacioncajaruraldelsur.com\/evento\/concierto-orquesta-camara-bormujos\/#primaryimage"},"thumbnailUrl":"https:\/\/fundacioncajaruraldelsur.com\/wp-content\/uploads\/2018\/11\/Concierto_Orquesta_Bormujos.jpg","datePublished":"2019-02-15T16:45:50+00:00","description":"El pr\u00f3ximo s\u00e1bado 23 celebramos en Sevilla el concierto que organiza\u00a0La Orquesta de C\u00e1mara de Bormujos.","breadcrumb":{"@id":"https:\/\/fundacioncajaruraldelsur.com\/evento\/concierto-orquesta-camara-bormujos\/#breadcrumb"},"inLanguage":"pt-PT","potentialAction":[{"@type":"ReadAction","target":["https:\/\/fundacioncajaruraldelsur.com\/evento\/concierto-orquesta-camara-bormujos\/"]}]},{"@type":"ImageObject","inLanguage":"pt-PT","@id":"https:\/\/fundacioncajaruraldelsur.com\/evento\/concierto-orquesta-camara-bormujos\/#primaryimage","url":"https:\/\/fundacioncajaruraldelsur.com\/wp-content\/uploads\/2018\/11\/Concierto_Orquesta_Bormujos.jpg","contentUrl":"https:\/\/fundacioncajaruraldelsur.com\/wp-content\/uploads\/2018\/11\/Concierto_Orquesta_Bormujos.jpg","width":1925,"height":500},{"@type":"BreadcrumbList","@id":"https:\/\/fundacioncajaruraldelsur.com\/evento\/concierto-orquesta-camara-bormujos\/#breadcrumb","itemListElement":[{"@type":"ListItem","position":1,"name":"Portada","item":"https:\/\/fundacioncajaruraldelsur.com\/"},{"@type":"ListItem","position":2,"name":"Eventos","item":"https:\/\/fundacioncajaruraldelsur.com\/eventos\/"},{"@type":"ListItem","position":3,"name":"Concierto de la Orquesta de C\u00e1mara de Bormujos"}]},{"@type":"WebSite","@id":"https:\/\/fundacioncajaruraldelsur.com\/#website","url":"https:\/\/fundacioncajaruraldelsur.com\/","name":"Funda\u00e7\u00e3o Caja Rural del Sur","description":"","potentialAction":[{"@type":"SearchAction","target":{"@type":"EntryPoint","urlTemplate":"https:\/\/fundacioncajaruraldelsur.com\/?s={search_term_string}"},"query-input":{"@type":"PropertyValueSpecification","valueRequired":true,"valueName":"search_term_string"}}],"inLanguage":"pt-PT"}]}},"_links":{"self":[{"href":"https:\/\/fundacioncajaruraldelsur.com\/pt\/wp-json\/wp\/v2\/tribe_events\/4486","targetHints":{"allow":["GET"]}}],"collection":[{"href":"https:\/\/fundacioncajaruraldelsur.com\/pt\/wp-json\/wp\/v2\/tribe_events"}],"about":[{"href":"https:\/\/fundacioncajaruraldelsur.com\/pt\/wp-json\/wp\/v2\/types\/tribe_events"}],"author":[{"embeddable":true,"href":"https:\/\/fundacioncajaruraldelsur.com\/pt\/wp-json\/wp\/v2\/users\/8"}],"version-history":[{"count":1,"href":"https:\/\/fundacioncajaruraldelsur.com\/pt\/wp-json\/wp\/v2\/tribe_events\/4486\/revisions"}],"predecessor-version":[{"id":4488,"href":"https:\/\/fundacioncajaruraldelsur.com\/pt\/wp-json\/wp\/v2\/tribe_events\/4486\/revisions\/4488"}],"wp:featuredmedia":[{"embeddable":true,"href":"https:\/\/fundacioncajaruraldelsur.com\/pt\/wp-json\/wp\/v2\/media\/4167"}],"wp:attachment":[{"href":"https:\/\/fundacioncajaruraldelsur.com\/pt\/wp-json\/wp\/v2\/media?parent=4486"}],"wp:term":[{"taxonomy":"post_tag","embeddable":true,"href":"https:\/\/fundacioncajaruraldelsur.com\/pt\/wp-json\/wp\/v2\/tags?post=4486"},{"taxonomy":"tribe_events_cat","embeddable":true,"href":"https:\/\/fundacioncajaruraldelsur.com\/pt\/wp-json\/wp\/v2\/tribe_events_cat?post=4486"}],"curies":[{"name":"wp","href":"https:\/\/api.w.org\/{rel}","templated":true}]}}