{"id":4454,"date":"2019-02-01T17:47:41","date_gmt":"2019-02-01T15:47:41","guid":{"rendered":"\/?post_type=tribe_events&#038;p=4454"},"modified":"2019-02-01T17:47:58","modified_gmt":"2019-02-01T15:47:58","slug":"presentacion-del-libro-la-atlantida-encontrada-y-demostrada-de-fernando-f-diaz","status":"publish","type":"tribe_events","link":"https:\/\/fundacioncajaruraldelsur.com\/pt\/evento\/presentacion-del-libro-la-atlantida-encontrada-y-demostrada-de-fernando-f-diaz\/","title":{"rendered":"PRESENTACI\u00d3N DEL LIBRO: \u2018LA ATL\u00c1NTIDA, ENCONTRADA Y DEMOSTRADA\u2019, DE FERNANDO F. D\u00cdAZ"},"content":{"rendered":"<div>\n<div>\n<div class=\"m_-8407354776285111111x_ydp6050037byahoo-style-wrap\">\n<p>El pr\u00f3ximo 15 de febrero acogemos en Sevilla la presentaci\u00f3n \u00a0del libro: <strong><em>La Atl\u00e1ntida, encontrada y demostrada<\/em><\/strong>, del\u00a0experto docente e investigador onubense Fernando F. D\u00edaz. Durante la presentaci\u00f3n, el autor <strong>expondr\u00e1 unas impactantes y novedosas im\u00e1genes<\/strong> cuyo objetivo es <strong>fomentar la afluencia tur\u00edstica a la provincia,<\/strong> dado el calado de su contenido, as\u00ed como su difusi\u00f3n a trav\u00e9s de distintos canales como Youtube y dem\u00e1s redes sociales.<\/p>\n<h4>SINOPSIS<\/h4>\n<p>Esta obra explica y demuestra de forma amena y con un lenguaje\u00a0coloquial lo que fue <strong>&#8216;La Atl\u00e1ntida&#8217;<\/strong> <strong>cu\u00e1ndo, c\u00f3mo y d\u00f3nde estaba, quienes la\u00a0int<a href=\"\/wp-content\/uploads\/2018\/11\/Bienvenidos_Atlantida.jpg\" rel=\"lightbox-0 lightbox-0\"><img loading=\"lazy\" decoding=\"async\" class=\"size-medium wp-image-4182 alignleft\" src=\"\/wp-content\/uploads\/2018\/11\/Bienvenidos_Atlantida-300x200.jpg\" sizes=\"auto, (max-width: 300px) 100vw, 300px\" srcset=\"\/wp-content\/uploads\/2018\/11\/Bienvenidos_Atlantida-300x200.jpg 300w, \/wp-content\/uploads\/2018\/11\/Bienvenidos_Atlantida.jpg 343w\" alt=\"\" width=\"300\" height=\"200\" \/><\/a>egraban, su extensi\u00f3n y sus islas. Tambi\u00e9n sus minas, carros, barcos, y\u00a0cultura.<\/strong> Ense\u00f1a su relaci\u00f3n con Escandinavia, Canarias y Egipto, y prueba la\u00a0ra\u00edz ib\u00e9rica de los mitos y de la cultura griega. Detalla qu\u00e9 le ocurri\u00f3 y muestra\u00a0su herencia cultural y civilizatoria en el presente.<\/p>\n<p>El libro naci\u00f3 desde el momento en que comprend\u00ed que algo no\u00a0cuadraba en la historia n\u00e1utica oficial, en concreto el misterio de los llamados\u00a0\u201cPueblos del Mar\u201d, entre los que se encuentran los denominados \u201cFenicios\u201d y\u00a0los \u201cVikingos\u201d. Entiendo algo de dise\u00f1o naval y cuando contempl\u00e9 en vivo los\u00a0barcos n\u00f3rdicos, apreci\u00e9 que no hab\u00edan sido dise\u00f1ados por ning\u00fan \u201cb\u00e1rbaro\u201d\u00a0como nos hab\u00edan hecho creer, que eran <strong>una de las maravillas del mundo\u00a0antiguo<\/strong>, muy por encima de cualquier tecnolog\u00eda de Roma, y que necesitaron\u00a0miles de a\u00f1os de evoluci\u00f3n \u201cdarwiniana\u201d en los oc\u00e9anos de todo el mundo, y no\u00a0s\u00f3lo por el atl\u00e1ntico norte o el b\u00e1ltico,\u00a0 para poder haber llegado a alcanzar ese\u00a0nivel de perfecci\u00f3n.<\/p>\n<p>Esa intuici\u00f3n y\u00a0 ver alg\u00fan documental me llev\u00f3 a la lectura de la obra <em><strong>\u201cLa\u00a0Atl\u00e1ntida\u201d<\/strong><\/em> de Jurgen Spanuth, que est\u00e1 disponible gratuitamente en Internet en<br \/>\nPDF en la web de WordPress; aviso que contiene algunos errores ya\u00a0superados, pues la versi\u00f3n original data del 1950 y la situaban en Alemania. Al<br \/>\nleer los datos mi sorpresa fue tremenda. No me lo esperaba, la verdad; \u00a0siempre hab\u00eda cre\u00eddo lo que se dec\u00eda, que la Atl\u00e1ntida era \u201cun mito\u201d.<\/p>\n<p>Cuando empec\u00e9 a leer a <strong>Spanuth<\/strong> vi enseguida que la Odisea de\u00a0Homero est\u00e1 narrada por alguien que conoce la provincia de Huelva palmo a\u00a0palmo, y que concuerda en muchos puntos con el relato de la Atl\u00e1ntida de\u00a0Plat\u00f3n (Critias). Los detalles son tan prolijos y coincidentes, que enseguida\u00a0tomo un cuaderno y empiezo a anotar: una r\u00eda con mareas, marismas, dunas,\u00a0buenos marinos, grandes arboledas y frutas generosas, piedras de varios\u00a0colores, metalurgia, tauromaquia, manantiales, y m\u00e1s ac\u00e1 de las columnas de\u00a0H\u00e9rcules (Gibraltar),\u2026.era Huelva, \u00a1solo pod\u00eda ser Huelva!<\/p>\n<p>Hasta entonces para m\u00ed, como creo que para muchos, La Atl\u00e1ntida\u00a0pertenec\u00eda al mundo de lo esot\u00e9rico, y las sectas. La palabra \u201cmito\u201d significa\u00a0s\u00f3lo \u201chistoria\u201d y no tuvo connotaciones negativas hasta que se las dieron hace\u00a0unos siglos, ciertos autores. La verdad, como en muchas otras cosas, est\u00e1 en\u00a0el punto medio, es decir, los mitos conten\u00edan un %\u00a0 de base hist\u00f3rica.<\/p>\n<\/div>\n<\/div>\n<\/div>\n<div>\n<div>\n<div class=\"m_-8407354776285111111x_ydp6050037byahoo-style-wrap\">\n<h4><b>LA INVESTIGACI\u00d3N<\/b><\/h4>\n<p>Fernando F. D\u00edaz, siendo adem\u00e1s un \u00a0gran comunicador, explicar\u00e1 sus conclusiones tras una <strong>investigaci\u00f3n rigurosa, contrastada y prudente sobre la Historia de Huelva y de Europa<\/strong> con una perspectiva fresca, din\u00e1mica y como nunca antes se hab\u00eda contado. En palabras del propio autor: \u201cVamos a poner a Huelva en su sitio, en el lugar que por derecho le corresponde\u201d.<\/p>\n<\/div>\n<div class=\"m_-8407354776285111111x_ydp6050037byahoo-style-wrap\">\n<p>En un comunicado, manifiesta el problema de la desvinculaci\u00f3n de sus habitantes, e insiste en que el <strong>conocimiento de su historia ayudar\u00e1 a respetarla, protegerla y difundirla.<\/strong>\u00a0Incluye adem\u00e1s una gu\u00eda de visita a la zona y a la capital, siendo el resultado\u00a0de a\u00f1os de documentaci\u00f3n e investigaciones del Fernando F. D\u00edaz.<\/p>\n<p>El origen de la investigaci\u00f3n surgi\u00f3 en el momento en que pudo comprobar ciertas <strong>incoherencias en la historia n\u00e1utica oficial<\/strong>.\u00a0 En la presentaci\u00f3n mencionar\u00e1 tambi\u00e9n aspectos que afectan a la r\u00eda de Huelva, su evoluci\u00f3n, o el dep\u00f3sito votivo y el casco sacados por las dragas del Puerto. Tambi\u00e9n hablar\u00e1 de los intercambios con Canarias en la antig\u00fcedad.<\/p>\n<p>Esta gu\u00eda se basa en <strong>hechos cient\u00edficos e hist\u00f3ricos contrastados y reconocidos, aunque muchas veces poco divulgados<\/strong> o conocidos, como los tesoros que encierran nuestros museos, a los que hab\u00eda que dar visibilidad. Hablaremos de las navegaciones humanas y la relaci\u00f3n de los guanches con Tartessos.<\/p>\n<p>Su objetivo es divulgativo. El autor se compromete a que parte de los ingresos por la venta del libro ir\u00e1n destinados a su difusi\u00f3n, traducci\u00f3n, exposiciones y documentales sobre la cultura de Tartessos y la localizaci\u00f3n de su capital.<\/p>\n<h4><b>EL AUTOR<\/b><\/h4>\n<p><strong><a href=\"\/wp-content\/uploads\/2018\/11\/Fernando_Fernandez.jpg\" rel=\"lightbox-1 lightbox-1\"><img loading=\"lazy\" decoding=\"async\" class=\"size-full wp-image-4181 alignleft\" src=\"\/wp-content\/uploads\/2018\/11\/Fernando_Fernandez.jpg\" alt=\"\" width=\"125\" height=\"174\" \/><\/a>Fernando F. D\u00edaz<\/strong> es un pensador con un curr\u00edculo transversal, una persona del renacimiento. El conocer muchas \u00e1reas del saber le ha permitido interrelacionar conocimientos y asociar ideas, que de otro modo hubieran permanecido inconexas. \u00a0As\u00ed, adem\u00e1s de haberse licenciado en una de ellas, ha procurado leer y conocer de todas las dem\u00e1s. Si hubiese sido licenciado en arqueolog\u00eda, jam\u00e1s hubiese podido encontrar La Atl\u00e1ntida, pues los preconceptos no se lo habr\u00edan permitido.<\/p>\n<p><strong>Nacido en 1.966 e hijo de un Ingeniero del Puerto de Huelva<\/strong>, se cri\u00f3 frente a su muelle, viendo cada d\u00eda cargar los barcos con planchas de cobre y fajos de pasta de papel\u2026rumbo a Escandinavia. Patr\u00f3n de vela, naveg\u00f3 por la Bah\u00eda, y es experto en n\u00e1utica y navegaciones. <strong>Trabaja como economista<\/strong> y estudi\u00f3 la carrera de Ingenier\u00eda T. Industrial. De joven recorri\u00f3 la provincia onubense como profesor de colectivos desfavorecidos, lo que unido a la lectura y la curiosidad por saber le convirti\u00f3 en un experto conocedor de la zona. <strong>Viajero incansable, se ha documentado para el libro en numerosos museos de Grecia, \u00a0Iberia, Canarias, Inglaterra, Suecia y Noruega.<\/strong><\/p>\n<div>\u2013 Facebook:<\/div>\n<div><span class=\"m_9073085816077366928x_ydpfaae464cMsoHyperlink\">\u00a0<\/span><\/div>\n<ul>\n<li><span class=\"m_9073085816077366928x_ydpfaae464cMsoHyperlink\">Fernando Fernandez<\/span><\/li>\n<li><span class=\"m_9073085816077366928x_ydpfaae464cMsoHyperlink\"><a href=\"https:\/\/www.facebook.com\/Bienvenidos-a-La-Atl\u00e1ntida-199407130686295\/\">Bienvenidos a La Atl\u00e1ntida<\/a><\/span><\/li>\n<li><a href=\"https:\/\/www.facebook.com\/Atl\u00e1ntida-encontrada-y-demostrada-1981566658809324\/?__tn__=kC-R&amp;eid=ARAoLoGxZwPGXKKJN_66X7MY4GnEx2cmixifjrvIqTh4ndod36CTXYBaWA8ndIqXnRicJSbTHFRe46UY&amp;hc_ref=ARREmeYTNKMrRrh0wl1MvvJI-1QcLVNSG98GuSO_WEEjn3ZTRrM3UzYj-2k0U_HQi-Y&amp;fref=nf&amp;__xts__[0]=68.ARBi6Z19bBebDNQ_9sRv8AoIMxZ0pob-3ahj4A3LfMTVTRVqkVf7M54i9OloOU2M7pVkkDIAGw9j5XdEu_SbfsBna9B42kfD396t76lVAS_TCSs3Dae1GIKics7iEEu87eCM-TwwxN2r6eKKd70px_UAhWet8lXUwtTngVM581hf3IlHdX92mKVeleuRneugM3AOmA32ksrhfFavv8AAP7RwxmxdxFYq_7i_CHlyqU2niZwS_N4hcWxP6VOjO2t0l-sQSth-wihRG3FrlIrr5n3zfL0XbW1G0XDdDJsU78qenH2JpaGLj_Pz3RWFMJl8vLQ\">Atl\u00e1ntida encontrada y demostrada<\/a><\/li>\n<\/ul>\n<div>\n<div><\/div>\n<div>\u2013 Correo electr\u00f3nico:\u00a0\u00a0<a id=\"m_9073085816077366928LPlnk802904\" class=\"m_9073085816077366928OWAAutoLink\" href=\"mailto:ffdiaz@yahoo.com\" target=\"_blank\" rel=\"nofollow noopener\">ffdiaz@yahoo.com<\/a><wbr \/>.<\/div>\n<\/div>\n<\/div>\n<\/div>\n<\/div>\n","protected":false},"excerpt":{"rendered":"<p>El pr\u00f3ximo 15 de febrero acogemos en Sevilla la presentaci\u00f3n \u00a0del libro: La Atl\u00e1ntida, encontrada y demostrada, del\u00a0experto docente e investigador onubense Fernando F. D\u00edaz. Durante la presentaci\u00f3n, el autor [&hellip;]<\/p>\n","protected":false},"author":8,"featured_media":4148,"template":"","meta":{"_tribe_events_status":"","_tribe_events_status_reason":"","_tribe_events_is_hybrid":"","_tribe_events_is_virtual":"","_tribe_events_virtual_video_source":"","_tribe_events_virtual_embed_video":"","_tribe_events_virtual_linked_button_text":"","_tribe_events_virtual_linked_button":"","_tribe_events_virtual_show_embed_at":"","_tribe_events_virtual_show_embed_to":[],"_tribe_events_virtual_show_on_event":"","_tribe_events_virtual_show_on_views":"","_tribe_events_virtual_url":"","footnotes":""},"tags":[191,289,192,168,117,288,290],"tribe_events_cat":[124],"class_list":["post-4454","tribe_events","type-tribe_events","status-publish","has-post-thumbnail","hentry","tag-atlantida","tag-fenicios","tag-fernando-f-diaz","tag-huelva","tag-investigacion","tag-spanuth","tag-vikingos","tribe_events_cat-presentaciones","cat_presentaciones"],"yoast_head":"<!-- This site is optimized with the Yoast SEO plugin v27.3 - https:\/\/yoast.com\/product\/yoast-seo-wordpress\/ -->\n<title>PRESENTACI\u00d3N DEL LIBRO: \u2018LA ATL\u00c1NTIDA, ENCONTRADA Y DEMOSTRADA\u2019, DE FERNANDO F. D\u00cdAZ - Fundaci\u00f3n Caja Rural del Sur<\/title>\n<meta name=\"description\" content=\"El pr\u00f3ximo 15 de febrero acogemos en Sevilla la presentaci\u00f3n \u00a0del libro: La Atl\u00e1ntida, encontrada y demostrada, del investigador onubense Fernando F. D\u00edaz.\" \/>\n<meta name=\"robots\" content=\"index, follow, max-snippet:-1, max-image-preview:large, max-video-preview:-1\" \/>\n<link rel=\"canonical\" href=\"https:\/\/fundacioncajaruraldelsur.com\/pt\/evento\/presentacion-del-libro-la-atlantida-encontrada-y-demostrada-de-fernando-f-diaz\/\" \/>\n<meta property=\"og:locale\" content=\"pt_PT\" \/>\n<meta property=\"og:type\" content=\"article\" \/>\n<meta property=\"og:title\" content=\"PRESENTACI\u00d3N DEL LIBRO: \u2018LA ATL\u00c1NTIDA, ENCONTRADA Y DEMOSTRADA\u2019, DE FERNANDO F. D\u00cdAZ - Fundaci\u00f3n Caja Rural del Sur\" \/>\n<meta property=\"og:description\" content=\"El pr\u00f3ximo 15 de febrero acogemos en Sevilla la presentaci\u00f3n \u00a0del libro: La Atl\u00e1ntida, encontrada y demostrada, del investigador onubense Fernando F. D\u00edaz.\" \/>\n<meta property=\"og:url\" content=\"https:\/\/fundacioncajaruraldelsur.com\/pt\/evento\/presentacion-del-libro-la-atlantida-encontrada-y-demostrada-de-fernando-f-diaz\/\" \/>\n<meta property=\"og:site_name\" content=\"Fundaci\u00f3n Caja Rural del Sur\" \/>\n<meta property=\"article:modified_time\" content=\"2019-02-01T15:47:58+00:00\" \/>\n<meta property=\"og:image\" content=\"https:\/\/fundacioncajaruraldelsur.com\/wp-content\/uploads\/2018\/11\/Atlantida_Presentaci\u00f3n_libro.jpg\" \/>\n\t<meta property=\"og:image:width\" content=\"1925\" \/>\n\t<meta property=\"og:image:height\" content=\"500\" \/>\n\t<meta property=\"og:image:type\" content=\"image\/jpeg\" \/>\n<meta name=\"twitter:card\" content=\"summary_large_image\" \/>\n<meta name=\"twitter:label1\" content=\"Est. reading time\" \/>\n\t<meta name=\"twitter:data1\" content=\"5 minutes\" \/>\n<script type=\"application\/ld+json\" class=\"yoast-schema-graph\">{\"@context\":\"https:\\\/\\\/schema.org\",\"@graph\":[{\"@type\":\"WebPage\",\"@id\":\"https:\\\/\\\/fundacioncajaruraldelsur.com\\\/evento\\\/presentacion-del-libro-la-atlantida-encontrada-y-demostrada-de-fernando-f-diaz\\\/\",\"url\":\"https:\\\/\\\/fundacioncajaruraldelsur.com\\\/evento\\\/presentacion-del-libro-la-atlantida-encontrada-y-demostrada-de-fernando-f-diaz\\\/\",\"name\":\"PRESENTACI\u00d3N DEL LIBRO: \u2018LA ATL\u00c1NTIDA, ENCONTRADA Y DEMOSTRADA\u2019, DE FERNANDO F. D\u00cdAZ - Fundaci\u00f3n Caja Rural del Sur\",\"isPartOf\":{\"@id\":\"https:\\\/\\\/fundacioncajaruraldelsur.com\\\/#website\"},\"primaryImageOfPage\":{\"@id\":\"https:\\\/\\\/fundacioncajaruraldelsur.com\\\/evento\\\/presentacion-del-libro-la-atlantida-encontrada-y-demostrada-de-fernando-f-diaz\\\/#primaryimage\"},\"image\":{\"@id\":\"https:\\\/\\\/fundacioncajaruraldelsur.com\\\/evento\\\/presentacion-del-libro-la-atlantida-encontrada-y-demostrada-de-fernando-f-diaz\\\/#primaryimage\"},\"thumbnailUrl\":\"https:\\\/\\\/fundacioncajaruraldelsur.com\\\/wp-content\\\/uploads\\\/2018\\\/11\\\/Atlantida_Presentaci\u00f3n_libro.jpg\",\"datePublished\":\"2019-02-01T15:47:41+00:00\",\"dateModified\":\"2019-02-01T15:47:58+00:00\",\"description\":\"El pr\u00f3ximo 15 de febrero acogemos en Sevilla la presentaci\u00f3n \u00a0del libro: La Atl\u00e1ntida, encontrada y demostrada, del investigador onubense Fernando F. D\u00edaz.\",\"breadcrumb\":{\"@id\":\"https:\\\/\\\/fundacioncajaruraldelsur.com\\\/evento\\\/presentacion-del-libro-la-atlantida-encontrada-y-demostrada-de-fernando-f-diaz\\\/#breadcrumb\"},\"inLanguage\":\"pt-PT\",\"potentialAction\":[{\"@type\":\"ReadAction\",\"target\":[\"https:\\\/\\\/fundacioncajaruraldelsur.com\\\/evento\\\/presentacion-del-libro-la-atlantida-encontrada-y-demostrada-de-fernando-f-diaz\\\/\"]}]},{\"@type\":\"ImageObject\",\"inLanguage\":\"pt-PT\",\"@id\":\"https:\\\/\\\/fundacioncajaruraldelsur.com\\\/evento\\\/presentacion-del-libro-la-atlantida-encontrada-y-demostrada-de-fernando-f-diaz\\\/#primaryimage\",\"url\":\"https:\\\/\\\/fundacioncajaruraldelsur.com\\\/wp-content\\\/uploads\\\/2018\\\/11\\\/Atlantida_Presentaci\u00f3n_libro.jpg\",\"contentUrl\":\"https:\\\/\\\/fundacioncajaruraldelsur.com\\\/wp-content\\\/uploads\\\/2018\\\/11\\\/Atlantida_Presentaci\u00f3n_libro.jpg\",\"width\":1925,\"height\":500},{\"@type\":\"BreadcrumbList\",\"@id\":\"https:\\\/\\\/fundacioncajaruraldelsur.com\\\/evento\\\/presentacion-del-libro-la-atlantida-encontrada-y-demostrada-de-fernando-f-diaz\\\/#breadcrumb\",\"itemListElement\":[{\"@type\":\"ListItem\",\"position\":1,\"name\":\"Portada\",\"item\":\"https:\\\/\\\/fundacioncajaruraldelsur.com\\\/\"},{\"@type\":\"ListItem\",\"position\":2,\"name\":\"Eventos\",\"item\":\"https:\\\/\\\/fundacioncajaruraldelsur.com\\\/eventos\\\/\"},{\"@type\":\"ListItem\",\"position\":3,\"name\":\"PRESENTACI\u00d3N DEL LIBRO: \u2018LA ATL\u00c1NTIDA, ENCONTRADA Y DEMOSTRADA\u2019, DE FERNANDO F. D\u00cdAZ\"}]},{\"@type\":\"WebSite\",\"@id\":\"https:\\\/\\\/fundacioncajaruraldelsur.com\\\/#website\",\"url\":\"https:\\\/\\\/fundacioncajaruraldelsur.com\\\/\",\"name\":\"Fundaci\u00f3n Caja Rural del Sur\",\"description\":\"\",\"potentialAction\":[{\"@type\":\"SearchAction\",\"target\":{\"@type\":\"EntryPoint\",\"urlTemplate\":\"https:\\\/\\\/fundacioncajaruraldelsur.com\\\/?s={search_term_string}\"},\"query-input\":{\"@type\":\"PropertyValueSpecification\",\"valueRequired\":true,\"valueName\":\"search_term_string\"}}],\"inLanguage\":\"pt-PT\"}]}<\/script>\n<!-- \/ Yoast SEO plugin. -->","yoast_head_json":{"title":"PRESENTACI\u00d3N DEL LIBRO: \u2018LA ATL\u00c1NTIDA, ENCONTRADA Y DEMOSTRADA\u2019, DE FERNANDO F. D\u00cdAZ - Fundaci\u00f3n Caja Rural del Sur","description":"El pr\u00f3ximo 15 de febrero acogemos en Sevilla la presentaci\u00f3n \u00a0del libro: La Atl\u00e1ntida, encontrada y demostrada, del investigador onubense Fernando F. D\u00edaz.","robots":{"index":"index","follow":"follow","max-snippet":"max-snippet:-1","max-image-preview":"max-image-preview:large","max-video-preview":"max-video-preview:-1"},"canonical":"https:\/\/fundacioncajaruraldelsur.com\/pt\/evento\/presentacion-del-libro-la-atlantida-encontrada-y-demostrada-de-fernando-f-diaz\/","og_locale":"pt_PT","og_type":"article","og_title":"PRESENTACI\u00d3N DEL LIBRO: \u2018LA ATL\u00c1NTIDA, ENCONTRADA Y DEMOSTRADA\u2019, DE FERNANDO F. D\u00cdAZ - Fundaci\u00f3n Caja Rural del Sur","og_description":"El pr\u00f3ximo 15 de febrero acogemos en Sevilla la presentaci\u00f3n \u00a0del libro: La Atl\u00e1ntida, encontrada y demostrada, del investigador onubense Fernando F. D\u00edaz.","og_url":"https:\/\/fundacioncajaruraldelsur.com\/pt\/evento\/presentacion-del-libro-la-atlantida-encontrada-y-demostrada-de-fernando-f-diaz\/","og_site_name":"Fundaci\u00f3n Caja Rural del Sur","article_modified_time":"2019-02-01T15:47:58+00:00","og_image":[{"width":1925,"height":500,"url":"https:\/\/fundacioncajaruraldelsur.com\/wp-content\/uploads\/2018\/11\/Atlantida_Presentaci\u00f3n_libro.jpg","type":"image\/jpeg"}],"twitter_card":"summary_large_image","twitter_misc":{"Est. reading time":"5 minutes"},"schema":{"@context":"https:\/\/schema.org","@graph":[{"@type":"WebPage","@id":"https:\/\/fundacioncajaruraldelsur.com\/evento\/presentacion-del-libro-la-atlantida-encontrada-y-demostrada-de-fernando-f-diaz\/","url":"https:\/\/fundacioncajaruraldelsur.com\/evento\/presentacion-del-libro-la-atlantida-encontrada-y-demostrada-de-fernando-f-diaz\/","name":"PRESENTACI\u00d3N DEL LIBRO: \u2018LA ATL\u00c1NTIDA, ENCONTRADA Y DEMOSTRADA\u2019, DE FERNANDO F. D\u00cdAZ - Fundaci\u00f3n Caja Rural del Sur","isPartOf":{"@id":"https:\/\/fundacioncajaruraldelsur.com\/#website"},"primaryImageOfPage":{"@id":"https:\/\/fundacioncajaruraldelsur.com\/evento\/presentacion-del-libro-la-atlantida-encontrada-y-demostrada-de-fernando-f-diaz\/#primaryimage"},"image":{"@id":"https:\/\/fundacioncajaruraldelsur.com\/evento\/presentacion-del-libro-la-atlantida-encontrada-y-demostrada-de-fernando-f-diaz\/#primaryimage"},"thumbnailUrl":"https:\/\/fundacioncajaruraldelsur.com\/wp-content\/uploads\/2018\/11\/Atlantida_Presentaci\u00f3n_libro.jpg","datePublished":"2019-02-01T15:47:41+00:00","dateModified":"2019-02-01T15:47:58+00:00","description":"El pr\u00f3ximo 15 de febrero acogemos en Sevilla la presentaci\u00f3n \u00a0del libro: La Atl\u00e1ntida, encontrada y demostrada, del investigador onubense Fernando F. D\u00edaz.","breadcrumb":{"@id":"https:\/\/fundacioncajaruraldelsur.com\/evento\/presentacion-del-libro-la-atlantida-encontrada-y-demostrada-de-fernando-f-diaz\/#breadcrumb"},"inLanguage":"pt-PT","potentialAction":[{"@type":"ReadAction","target":["https:\/\/fundacioncajaruraldelsur.com\/evento\/presentacion-del-libro-la-atlantida-encontrada-y-demostrada-de-fernando-f-diaz\/"]}]},{"@type":"ImageObject","inLanguage":"pt-PT","@id":"https:\/\/fundacioncajaruraldelsur.com\/evento\/presentacion-del-libro-la-atlantida-encontrada-y-demostrada-de-fernando-f-diaz\/#primaryimage","url":"https:\/\/fundacioncajaruraldelsur.com\/wp-content\/uploads\/2018\/11\/Atlantida_Presentaci\u00f3n_libro.jpg","contentUrl":"https:\/\/fundacioncajaruraldelsur.com\/wp-content\/uploads\/2018\/11\/Atlantida_Presentaci\u00f3n_libro.jpg","width":1925,"height":500},{"@type":"BreadcrumbList","@id":"https:\/\/fundacioncajaruraldelsur.com\/evento\/presentacion-del-libro-la-atlantida-encontrada-y-demostrada-de-fernando-f-diaz\/#breadcrumb","itemListElement":[{"@type":"ListItem","position":1,"name":"Portada","item":"https:\/\/fundacioncajaruraldelsur.com\/"},{"@type":"ListItem","position":2,"name":"Eventos","item":"https:\/\/fundacioncajaruraldelsur.com\/eventos\/"},{"@type":"ListItem","position":3,"name":"PRESENTACI\u00d3N DEL LIBRO: \u2018LA ATL\u00c1NTIDA, ENCONTRADA Y DEMOSTRADA\u2019, DE FERNANDO F. D\u00cdAZ"}]},{"@type":"WebSite","@id":"https:\/\/fundacioncajaruraldelsur.com\/#website","url":"https:\/\/fundacioncajaruraldelsur.com\/","name":"Funda\u00e7\u00e3o Caja Rural del Sur","description":"","potentialAction":[{"@type":"SearchAction","target":{"@type":"EntryPoint","urlTemplate":"https:\/\/fundacioncajaruraldelsur.com\/?s={search_term_string}"},"query-input":{"@type":"PropertyValueSpecification","valueRequired":true,"valueName":"search_term_string"}}],"inLanguage":"pt-PT"}]}},"_links":{"self":[{"href":"https:\/\/fundacioncajaruraldelsur.com\/pt\/wp-json\/wp\/v2\/tribe_events\/4454","targetHints":{"allow":["GET"]}}],"collection":[{"href":"https:\/\/fundacioncajaruraldelsur.com\/pt\/wp-json\/wp\/v2\/tribe_events"}],"about":[{"href":"https:\/\/fundacioncajaruraldelsur.com\/pt\/wp-json\/wp\/v2\/types\/tribe_events"}],"author":[{"embeddable":true,"href":"https:\/\/fundacioncajaruraldelsur.com\/pt\/wp-json\/wp\/v2\/users\/8"}],"version-history":[{"count":2,"href":"https:\/\/fundacioncajaruraldelsur.com\/pt\/wp-json\/wp\/v2\/tribe_events\/4454\/revisions"}],"predecessor-version":[{"id":4456,"href":"https:\/\/fundacioncajaruraldelsur.com\/pt\/wp-json\/wp\/v2\/tribe_events\/4454\/revisions\/4456"}],"wp:featuredmedia":[{"embeddable":true,"href":"https:\/\/fundacioncajaruraldelsur.com\/pt\/wp-json\/wp\/v2\/media\/4148"}],"wp:attachment":[{"href":"https:\/\/fundacioncajaruraldelsur.com\/pt\/wp-json\/wp\/v2\/media?parent=4454"}],"wp:term":[{"taxonomy":"post_tag","embeddable":true,"href":"https:\/\/fundacioncajaruraldelsur.com\/pt\/wp-json\/wp\/v2\/tags?post=4454"},{"taxonomy":"tribe_events_cat","embeddable":true,"href":"https:\/\/fundacioncajaruraldelsur.com\/pt\/wp-json\/wp\/v2\/tribe_events_cat?post=4454"}],"curies":[{"name":"wp","href":"https:\/\/api.w.org\/{rel}","templated":true}]}}