{"id":4372,"date":"2019-01-17T18:21:41","date_gmt":"2019-01-17T16:21:41","guid":{"rendered":"\/?post_type=tribe_events&#038;p=4372"},"modified":"2019-01-27T19:51:35","modified_gmt":"2019-01-27T17:51:35","slug":"exposicion-kloris-de-javier-bassecourt","status":"publish","type":"tribe_events","link":"https:\/\/fundacioncajaruraldelsur.com\/pt\/evento\/exposicion-kloris-de-javier-bassecourt\/","title":{"rendered":"Exposici\u00f3n &#8216;KLORIS&#8217;, de Javier Bassecourt"},"content":{"rendered":"<p>El pr\u00f3ximo<strong> 22 de enero<\/strong> inauguramos en nuestra sala de exposiciones de Sevilla, la maravillosa exposici\u00f3n del artista Javier Bassecourt, titulada <strong>KLORIS<\/strong>. El subt\u00edtulo de la muestra es <b>VIS &#8230; CR<\/b><b><sub>2<\/sub><\/b><b>O<\/b><b><sub>3.\u00a0<\/sub><\/b>Adem\u00e1s de expresar su arte a trav\u00e9s de pinturas, el pintor cordob\u00e9s de paisajes urbanos, es dibujante y sin duda, creativo.<\/p>\n<p><a href=\"\/wp-content\/uploads\/2019\/01\/DISEN\u017dO-KLORIS-para-WEB-02.jpg\" rel=\"lightbox-0\"><img loading=\"lazy\" decoding=\"async\" class=\"alignnone wp-image-4374 size-large\" src=\"\/wp-content\/uploads\/2019\/01\/DISEN\u017dO-KLORIS-para-WEB-02-1024x458.jpg\" alt=\"\" width=\"960\" height=\"429\" srcset=\"https:\/\/fundacioncajaruraldelsur.com\/wp-content\/uploads\/2019\/01\/DISEN\u017dO-KLORIS-para-WEB-02-1024x458.jpg 1024w, https:\/\/fundacioncajaruraldelsur.com\/wp-content\/uploads\/2019\/01\/DISEN\u017dO-KLORIS-para-WEB-02-300x134.jpg 300w, https:\/\/fundacioncajaruraldelsur.com\/wp-content\/uploads\/2019\/01\/DISEN\u017dO-KLORIS-para-WEB-02-768x344.jpg 768w\" sizes=\"auto, (max-width: 960px) 100vw, 960px\" \/><\/a><\/p>\n<p>Licenciado en Bellas Artes por la Universidad de Sevilla, y consciente de la importancia de la renovaci\u00f3n continua en cuanto a la t\u00e9cnica se refiere, es un apasionado de los peque\u00f1os detalles, y una de sus tem\u00e1ticas principales son la naturaleza, el entorno rural, rincones o retratos, que desde su mirada guardan un punto especial digno de captar en sus obras.<\/p>\n<p>O <strong>horario\u00a0de visitas<\/strong> ser\u00e1 de lunes a viernes de <strong>10 a 14 horas y tardes de 18 a 21 horas,<\/strong> y la muestra estar\u00e1 disponible<strong> hasta el 14 de febrero.\u00a0<\/strong><\/p>\n<h4>VISITA GUIADA<\/h4>\n<p>El martes 29 a las 18 horas se llevar\u00e1 a cabo de forma excepcional una visita guiada abierta a todos los visitantes que deseen participar.<\/p>\n<h4><span style=\"font-weight: 400;\">EXPOSICIONES<\/span><\/h4>\n<p>&nbsp;<\/p>\n<ol start=\"1998\">\n<li>XIX Cert. Nacional de Arte Contempor\u00e1neo. Ciudad de Utrera.<\/li>\n<li>Fac. de Ingenier\u00eda. Premio Nac. de Pintura. Univ. de Sevilla.<\/li>\n<\/ol>\n<p>2000.<\/p>\n<p>&#8211; Casa del cipres. Deleg. provincial de la juventud, C\u00f3rdoba.<\/p>\n<p>&#8211; Exposici\u00f3n de paisaje. Ayuntamiento de Jabugo, Huelva.<\/p>\n<p>&nbsp;<\/p>\n<p>2001.<\/p>\n<p>&#8211; Exp. de paisaje la Axerqu\u00eda, Posada del potro, C\u00f3rdoba.<\/p>\n<p>-Exp.permanente. Museo \u201cPerez-Guerra\u201d, Cortelazor, Huelva.<\/p>\n<p>&nbsp;<\/p>\n<p>2002.<\/p>\n<p>&#8211; Exp.\u00a0 permanente. Casa de la cultura. Espiel, C\u00f3rdoba.<\/p>\n<p>&#8211; Exp.\u00a0permanente. Casa de la cultura. Villacarrillo, Ja\u00e9n.<\/p>\n<p>&#8211; Exp.\u00a0 permanente. Ayuntamiento de Montoro, C\u00f3rdoba.<\/p>\n<p>&#8211; Exp.\u00a0 permanente. Ayuntamiento de Cabra, C\u00f3rdoba.<\/p>\n<p>&#8211; Exp.\u00a0 permanente. Casa de la cultura, Villaviciosa, C\u00f3rdoba.<\/p>\n<p>-Exp. permanente. Fundaci\u00f3n Bustamante Saltar, Rota, Cadiz.<\/p>\n<p>&#8211; Casa de la cultura del ayuntamiento de Alcaudete, Ja\u00e9n.<\/p>\n<p>&#8211; Exp.\u00a0 permanente. Ayuntamiento de Montiel, Ciudad Real.<\/p>\n<p>&#8211; Exp.\u00a0 permanente. Colegio de arquitectos, Guadalajara.<\/p>\n<p>&#8211; Casa de la cultura del ayuntamiento de Torrelodones, Madrid.<\/p>\n<p>&#8211; Exposici\u00f3n del certamen \u201cMaestro Mateo\u201d, Cajasur, C\u00f3rdoba.<\/p>\n<p>&#8211; Exposici\u00f3n Sal\u00f3n de Oto\u00f1o, museo arqueol\u00f3gico de Sevilla.<\/p>\n<p>&#8211; \u201cPeque\u00f1o formato\u201d Galer\u00eda Haurie, Sevilla.<\/p>\n<p>&nbsp;<\/p>\n<p>2003.<\/p>\n<p>&#8211; Diputaci\u00f3n de C\u00f3rdoba, Premio paisaje, Torrelodones, Madrid<\/p>\n<p>&#8211; C. Cultura de la Junta de And., cert. pint. \u201cMadinat Al-zahara\u201d.<\/p>\n<p>&#8211; Galeria Victoria Hidalgo, Madrid.<\/p>\n<p>&#8211; Exp. permanente. Bolsa de Madrid.<\/p>\n<p>&#8211; Colectiva \u201cArtistas noveles\u201d Carmen del Campo, C\u00f3rdoba.<\/p>\n<p>&#8211; Colectiva\u201cPintores en el siglo 21\u201dMuseo L\u00f3pez Torres, Tomelloso.<\/p>\n<p>&nbsp;<\/p>\n<p>2004.<\/p>\n<p>&#8211; Exp. permanente museo \u201cPaco Alonso\u201d Benagalb\u00f3n, M\u00e1laga.<\/p>\n<p>&#8211; Exp. Permanente Ayuntamiento de Colmenar, M\u00e1laga.<\/p>\n<p>&nbsp;<\/p>\n<p>2005.<\/p>\n<p>&#8211; Arte-Sevilla. Feria de arte contempor\u00e1neo Sevilla. 5\u00aa Edici\u00f3n.<\/p>\n<p>&#8211; Al\u2013ma\u2019 VI Jornadas de Cultura Isl\u00e1mica de Almonaster la Real.<\/p>\n<p>&nbsp;<\/p>\n<p>2006.<\/p>\n<p>&#8211; Arte-Sevilla. Feria de arte contempor\u00e1neo Sevilla. 6\u00aa Edici\u00f3n<\/p>\n<p>&#8211; Exposici\u00f3n en la galer\u00eda Carmen del Campo, C\u00f3rdoba.<\/p>\n<p>&#8211; Iber Arte. Feria de arte contempor\u00e1neo Zaragoza. 1\u00aa Edici\u00f3n.<\/p>\n<p>&nbsp;<\/p>\n<p>2007.<\/p>\n<p>&#8211; Arte-Sevilla. Feria de arte contempor\u00e1neo Sevilla. 7\u00aa Edici\u00f3n.<\/p>\n<p>&#8211; Exposici\u00f3n \u201cInside &#8211; outside\u201d en la galer\u00eda Victoria Hidalgo, Madrid.<\/p>\n<p>&nbsp;<\/p>\n<p>2008.<\/p>\n<p>&#8211; Collectiva galer\u00eda Victoria Hidalgo, Madrid.<\/p>\n<p>&#8211; Exposici\u00f3n colectiva Galer\u00eda Arte Actual, Ciudad real.<\/p>\n<p>&nbsp;<\/p>\n<p>2009.<\/p>\n<p>&#8211; Exposici\u00f3n colectiva arte asi\u00e1tico Cajasur, C\u00f3rdoba.<\/p>\n<p>&#8211; Exposici\u00f3n \u201cKaos\u201d en la galer\u00eda Carmen del Campo, C\u00f3rdoba.<\/p>\n<p>&nbsp;<\/p>\n<p>2010.<\/p>\n<p>&#8211; Exposici\u00f3n colectiva galer\u00eda Victoria Hidalgo, Madrid.<\/p>\n<p>&#8211; Exposici\u00f3n colectiva \u201cTradici\u00f3n\u201d Galer\u00eda Arte Actual, Ciudad real.<\/p>\n<p>&#8211; Exposici\u00f3n colectiva Bolsa de Comercio, Madrid.<\/p>\n<p>&nbsp;<\/p>\n<p>2012.- Exposici\u00f3n \u201cDeus\u201d en la galer\u00eda Carmen del Campo, C\u00f3rdoba.<\/p>\n<p>2014.- Exposici\u00f3n colectiva Paisajes de C\u00f3rdoba. Fundaci\u00f3n Bot\u00ed, C\u00f3rdoba.<\/p>\n<p>&nbsp;<\/p>\n<p>&nbsp;<\/p>\n<h4>PREMIOS<\/h4>\n<p>&nbsp;<\/p>\n<ol start=\"1997\">\n<li>Obra seleccionada. IV Premio Nacional de Artes Pl\u00e1sticas. Universidad de Sevilla.<\/li>\n<\/ol>\n<p>1998.<\/p>\n<p>&#8211; Obra seleccionada. XIX Certamen Nacional de Arte Contempor\u00e1neo. Ciudad de Utrera\u00bb.<\/p>\n<p>&#8211; Premio \u201cPintor Joven\u00bb. Pint. R\u00e1pida la Axerquia. C\u00f3rdoba.<\/p>\n<ol start=\"1999\">\n<li>Finalista, Premio Nacional de Pint. Universidad de Sevilla.<\/li>\n<\/ol>\n<p>2001.- Premio \u201cMargarita Salgado\u201d El Punto de las Artes, III Certamen \u201cVilla de Cortelazor\u201d, Huelva.<\/p>\n<p>&nbsp;<\/p>\n<p>2002.<\/p>\n<p>&nbsp;<\/p>\n<p>&#8211; Primer premio, II Certamen \u201cArte Espiel\u201d, Espiel, C\u00f3rdoba.<\/p>\n<p>&#8211; Segundo premio, III Cert. \u201cCiudad de Villacarrillo\u201d, Jaen.<\/p>\n<p>&#8211; Segundo premio, IV Concurso \u201cAntonio Rodr\u00edguez Luna\u201d. Montoro, C\u00f3rdoba.<\/p>\n<p>&#8211; Primer premio, III Concurso \u201dCiudad de Cabra\u201d, C\u00f3rdoba.<\/p>\n<p>&#8211; Primer premio, I Concurso \u201cPINART 2002\u201d, Villaviciosa de C\u00f3rdoba.<\/p>\n<p>&#8211; Primer premio en el Certamen, Villa de Rota, Cadiz.<\/p>\n<p>&#8211; Primer premio, IV Concurso Nacional de Pintura \u201cCiudad de Alcaudete\u201d, Jaen.<\/p>\n<p>&#8211; Tercer premio, I Cert. \u201cMontiel y su campo\u201d, Ciudad Real.<\/p>\n<p>&#8211; Premio \u201cColegio de arquitectos\u201d en el V Concurso Nacional de Pintura de Guadalajara.<\/p>\n<p>&#8211; Primer premio \u201cFundaci\u00f3n Rafael Bot\u00ed\u201d en el III Certamen de Pintura de Torrelodones, Madrid.<\/p>\n<p>&#8211; Menci\u00f3n de Honor en la modalidad de pintura en el II Sal\u00f3n\u00a0 de Oto\u00f1o, Sevilla.<\/p>\n<p>&nbsp;<\/p>\n<p>2003.<\/p>\n<p>&#8211; Primer premio\u00a0 V Certamen \u201cAAVV laAxerquia\u201d, C\u00f3rdoba.<\/p>\n<p>&#8211; Segundo premio Consejer\u00eda de Cultura, I Certamen de dibujo y pintura \u201cMadinat Al-zahara\u201d.<\/p>\n<p>&#8211; Primer premio V Cert. \u201cEntorno al Prado y la Bolsa\u201d, Madrid.<\/p>\n<p>&#8211; Primer premio, Cert. \u201cIberoamericano de Pintura\u201d C. Huelva .<\/p>\n<p>&#8211; Primer premio V Cert. \u201cVilla de Cortelazor la Real\u201d, Huelva.<\/p>\n<p>&#8211; Segundo premio\u00a0 V Cert. de de Zalamea la Real, Huelva.<\/p>\n<p>&#8211; Segundo premio en el V Certamen Vera, Almer\u00eda.<\/p>\n<p>&nbsp;<\/p>\n<p>2004.<\/p>\n<p>&#8211; Primer premio en el Certamen Benagalb\u00f3n, M\u00e1laga.<\/p>\n<p>&#8211; Tercer premio en el I Certamen Colmenar, M\u00e1laga.<\/p>\n<p>&#8211; Segundo premio concurso de Pinilla, Castilla la Mancha.<\/p>\n<p>&#8211; Segundo premio en el IX Certamen Gri\u00f1\u00f3n, Madrid.<\/p>\n<p>&#8211; Primer premio en el V Certamen de Chinchilla, Albacete.<\/p>\n<p>&#8211; Premio de adquisici\u00f3n en el Cert. de pintura de \u00c1vila.<\/p>\n<p>&#8211; Primer premio\u00a0 IX Cert. de Boadilla del Monte, Madrid.<\/p>\n<p>&#8211; Segundo premio\u00a0 IX Cert. Winthertur, Catedral de Burgos.<\/p>\n<p>&#8211; Primer premio\u00a0 V Cert. Ciudad de B\u00e9jar, Salamanca.<\/p>\n<p>&#8211; Premio El Punto de las Artes Cert. El Retiro, Madrid.<\/p>\n<p>&#8211; Primer premio\u00a0 IX Cert. Boadilla del Monte, Madrid.<\/p>\n<p>&#8211; Segundo premio\u00a0 V Cert. El R\u00edo y sus orillas, Sanl\u00facar.<\/p>\n<p>&nbsp;<\/p>\n<p>2005.<\/p>\n<p>&#8211; Primer premio\u00a0 XII Cert. de pintura La Carolina, Ja\u00e9n.<\/p>\n<p>&#8211; Premio de adquisici\u00f3n en el\u00a0 I Cert.\u00a0 pintura Ciudad de M\u00e1laga.<\/p>\n<p>&#8211; Premio de adquisici\u00f3n en el Cert. de pintura Virgen de las Vi\u00f1as de Pinilla, Ciudad Real.<\/p>\n<p>&#8211; Primer premio\u00a0 II Certamen de pintura Nazaret de Jerez de la Frontera, C\u00e1diz.<\/p>\n<p>&#8211; Premio de adquisici\u00f3n en el Cert. de pintura Mart\u00edn Carpena. El Martinete, M\u00e1laga.<\/p>\n<p>&nbsp;<\/p>\n<p>2006- Primer premio\u00a0 XVIII Cert. de Artes Pl\u00e1sticas, Miguel Gonz\u00e1lez Sandoval.\u00a0Lora del R\u00edo, Sevilla.<\/p>\n<p>2010.- Primer premio V Cert. \u201cEntorno al Prado y la Bolsa\u201d, Madrid.<\/p>\n<p>2011.- Menci\u00f3n de honor, cert. de Pint. I Colegio de Farmaceuticos.<\/p>\n<p>2012.<\/p>\n<p>&#8211; Primer Premio Certamen de pintura de Bujalance.<\/p>\n<p>&#8211; Menci\u00f3n de Honor Consejer\u00eda de Cultura, III Certamen de dibujo y pintura \u201cMadinat Al-zahara\u201d.<\/p>\n<p>2014.<\/p>\n<p>&#8211; Menci\u00f3n Certamen de Pintura Fundaci\u00f3n Bot\u00ed C\u00f3rdoba.<\/p>\n<p>&#8211; Segundo premio certamen de pintura Catedral de C\u00f3rdoba.<\/p>","protected":false},"excerpt":{"rendered":"<p>El pr\u00f3ximo 22 de enero inauguramos en nuestra sala de exposiciones de Sevilla, la maravillosa exposici\u00f3n del artista Javier Bassecourt, titulada KLORIS. El subt\u00edtulo de la muestra es VIS &#8230; [&hellip;]<\/p>\n","protected":false},"author":8,"featured_media":4373,"template":"","meta":{"_tribe_events_status":"","_tribe_events_status_reason":"","_tribe_events_is_hybrid":"","_tribe_events_is_virtual":"","_tribe_events_virtual_video_source":"","_tribe_events_virtual_embed_video":"","_tribe_events_virtual_linked_button_text":"","_tribe_events_virtual_linked_button":"","_tribe_events_virtual_show_embed_at":"","_tribe_events_virtual_show_embed_to":[],"_tribe_events_virtual_show_on_event":"","_tribe_events_virtual_show_on_views":"","_tribe_events_virtual_url":"","footnotes":""},"tags":[119,260,261,262,263],"tribe_events_cat":[71],"class_list":["post-4372","tribe_events","type-tribe_events","status-publish","has-post-thumbnail","hentry","tag-exposicion","tag-javier-bassecourt","tag-kloris","tag-paisajes","tag-pinturas","tribe_events_cat-exposicion","cat_exposicion"],"yoast_head":"<!-- This site is optimized with the Yoast SEO plugin v27.3 - https:\/\/yoast.com\/product\/yoast-seo-wordpress\/ -->\n<title>Exposici\u00f3n &#039;KLORIS&#039;, de Javier Bassecourt - Fundaci\u00f3n Caja Rural del Sur<\/title>\n<meta name=\"description\" content=\"El pr\u00f3ximo 22 de enero inauguramos en nuestra sala de exposiciones de Sevilla, la maravillosa exposici\u00f3n del artista Javier Bassecourt, titulada KLORIS.\" \/>\n<meta name=\"robots\" content=\"index, follow, max-snippet:-1, max-image-preview:large, max-video-preview:-1\" \/>\n<link rel=\"canonical\" href=\"https:\/\/fundacioncajaruraldelsur.com\/pt\/evento\/exposicion-kloris-de-javier-bassecourt\/\" \/>\n<meta property=\"og:locale\" content=\"pt_PT\" \/>\n<meta property=\"og:type\" content=\"article\" \/>\n<meta property=\"og:title\" content=\"Exposici\u00f3n &#039;KLORIS&#039;, de Javier Bassecourt - Fundaci\u00f3n Caja Rural del Sur\" \/>\n<meta property=\"og:description\" content=\"El pr\u00f3ximo 22 de enero inauguramos en nuestra sala de exposiciones de Sevilla, la maravillosa exposici\u00f3n del artista Javier Bassecourt, titulada KLORIS.\" \/>\n<meta property=\"og:url\" content=\"https:\/\/fundacioncajaruraldelsur.com\/pt\/evento\/exposicion-kloris-de-javier-bassecourt\/\" \/>\n<meta property=\"og:site_name\" content=\"Fundaci\u00f3n Caja Rural del Sur\" \/>\n<meta property=\"article:modified_time\" content=\"2019-01-27T17:51:35+00:00\" \/>\n<meta property=\"og:image\" content=\"https:\/\/fundacioncajaruraldelsur.com\/wp-content\/uploads\/2019\/01\/Javier_Bassecourt.jpg\" \/>\n\t<meta property=\"og:image:width\" content=\"1925\" \/>\n\t<meta property=\"og:image:height\" content=\"500\" \/>\n\t<meta property=\"og:image:type\" content=\"image\/jpeg\" \/>\n<meta name=\"twitter:card\" content=\"summary_large_image\" \/>\n<meta name=\"twitter:label1\" content=\"Est. reading time\" \/>\n\t<meta name=\"twitter:data1\" content=\"6 minutes\" \/>\n<script type=\"application\/ld+json\" class=\"yoast-schema-graph\">{\"@context\":\"https:\\\/\\\/schema.org\",\"@graph\":[{\"@type\":\"WebPage\",\"@id\":\"https:\\\/\\\/fundacioncajaruraldelsur.com\\\/evento\\\/exposicion-kloris-de-javier-bassecourt\\\/\",\"url\":\"https:\\\/\\\/fundacioncajaruraldelsur.com\\\/evento\\\/exposicion-kloris-de-javier-bassecourt\\\/\",\"name\":\"Exposici\u00f3n 'KLORIS', de Javier Bassecourt - Fundaci\u00f3n Caja Rural del Sur\",\"isPartOf\":{\"@id\":\"https:\\\/\\\/fundacioncajaruraldelsur.com\\\/#website\"},\"primaryImageOfPage\":{\"@id\":\"https:\\\/\\\/fundacioncajaruraldelsur.com\\\/evento\\\/exposicion-kloris-de-javier-bassecourt\\\/#primaryimage\"},\"image\":{\"@id\":\"https:\\\/\\\/fundacioncajaruraldelsur.com\\\/evento\\\/exposicion-kloris-de-javier-bassecourt\\\/#primaryimage\"},\"thumbnailUrl\":\"https:\\\/\\\/fundacioncajaruraldelsur.com\\\/wp-content\\\/uploads\\\/2019\\\/01\\\/Javier_Bassecourt.jpg\",\"datePublished\":\"2019-01-17T16:21:41+00:00\",\"dateModified\":\"2019-01-27T17:51:35+00:00\",\"description\":\"El pr\u00f3ximo 22 de enero inauguramos en nuestra sala de exposiciones de Sevilla, la maravillosa exposici\u00f3n del artista Javier Bassecourt, titulada KLORIS.\",\"breadcrumb\":{\"@id\":\"https:\\\/\\\/fundacioncajaruraldelsur.com\\\/evento\\\/exposicion-kloris-de-javier-bassecourt\\\/#breadcrumb\"},\"inLanguage\":\"pt-PT\",\"potentialAction\":[{\"@type\":\"ReadAction\",\"target\":[\"https:\\\/\\\/fundacioncajaruraldelsur.com\\\/evento\\\/exposicion-kloris-de-javier-bassecourt\\\/\"]}]},{\"@type\":\"ImageObject\",\"inLanguage\":\"pt-PT\",\"@id\":\"https:\\\/\\\/fundacioncajaruraldelsur.com\\\/evento\\\/exposicion-kloris-de-javier-bassecourt\\\/#primaryimage\",\"url\":\"https:\\\/\\\/fundacioncajaruraldelsur.com\\\/wp-content\\\/uploads\\\/2019\\\/01\\\/Javier_Bassecourt.jpg\",\"contentUrl\":\"https:\\\/\\\/fundacioncajaruraldelsur.com\\\/wp-content\\\/uploads\\\/2019\\\/01\\\/Javier_Bassecourt.jpg\",\"width\":1925,\"height\":500},{\"@type\":\"BreadcrumbList\",\"@id\":\"https:\\\/\\\/fundacioncajaruraldelsur.com\\\/evento\\\/exposicion-kloris-de-javier-bassecourt\\\/#breadcrumb\",\"itemListElement\":[{\"@type\":\"ListItem\",\"position\":1,\"name\":\"Portada\",\"item\":\"https:\\\/\\\/fundacioncajaruraldelsur.com\\\/\"},{\"@type\":\"ListItem\",\"position\":2,\"name\":\"Eventos\",\"item\":\"https:\\\/\\\/fundacioncajaruraldelsur.com\\\/eventos\\\/\"},{\"@type\":\"ListItem\",\"position\":3,\"name\":\"Exposici\u00f3n &#8216;KLORIS&#8217;, de Javier Bassecourt\"}]},{\"@type\":\"WebSite\",\"@id\":\"https:\\\/\\\/fundacioncajaruraldelsur.com\\\/#website\",\"url\":\"https:\\\/\\\/fundacioncajaruraldelsur.com\\\/\",\"name\":\"Fundaci\u00f3n Caja Rural del Sur\",\"description\":\"\",\"potentialAction\":[{\"@type\":\"SearchAction\",\"target\":{\"@type\":\"EntryPoint\",\"urlTemplate\":\"https:\\\/\\\/fundacioncajaruraldelsur.com\\\/?s={search_term_string}\"},\"query-input\":{\"@type\":\"PropertyValueSpecification\",\"valueRequired\":true,\"valueName\":\"search_term_string\"}}],\"inLanguage\":\"pt-PT\"}]}<\/script>\n<!-- \/ Yoast SEO plugin. -->","yoast_head_json":{"title":"Exposici\u00f3n 'KLORIS', de Javier Bassecourt - Fundaci\u00f3n Caja Rural del Sur","description":"El pr\u00f3ximo 22 de enero inauguramos en nuestra sala de exposiciones de Sevilla, la maravillosa exposici\u00f3n del artista Javier Bassecourt, titulada KLORIS.","robots":{"index":"index","follow":"follow","max-snippet":"max-snippet:-1","max-image-preview":"max-image-preview:large","max-video-preview":"max-video-preview:-1"},"canonical":"https:\/\/fundacioncajaruraldelsur.com\/pt\/evento\/exposicion-kloris-de-javier-bassecourt\/","og_locale":"pt_PT","og_type":"article","og_title":"Exposici\u00f3n 'KLORIS', de Javier Bassecourt - Fundaci\u00f3n Caja Rural del Sur","og_description":"El pr\u00f3ximo 22 de enero inauguramos en nuestra sala de exposiciones de Sevilla, la maravillosa exposici\u00f3n del artista Javier Bassecourt, titulada KLORIS.","og_url":"https:\/\/fundacioncajaruraldelsur.com\/pt\/evento\/exposicion-kloris-de-javier-bassecourt\/","og_site_name":"Fundaci\u00f3n Caja Rural del Sur","article_modified_time":"2019-01-27T17:51:35+00:00","og_image":[{"width":1925,"height":500,"url":"https:\/\/fundacioncajaruraldelsur.com\/wp-content\/uploads\/2019\/01\/Javier_Bassecourt.jpg","type":"image\/jpeg"}],"twitter_card":"summary_large_image","twitter_misc":{"Est. reading time":"6 minutes"},"schema":{"@context":"https:\/\/schema.org","@graph":[{"@type":"WebPage","@id":"https:\/\/fundacioncajaruraldelsur.com\/evento\/exposicion-kloris-de-javier-bassecourt\/","url":"https:\/\/fundacioncajaruraldelsur.com\/evento\/exposicion-kloris-de-javier-bassecourt\/","name":"Exposici\u00f3n 'KLORIS', de Javier Bassecourt - Fundaci\u00f3n Caja Rural del Sur","isPartOf":{"@id":"https:\/\/fundacioncajaruraldelsur.com\/#website"},"primaryImageOfPage":{"@id":"https:\/\/fundacioncajaruraldelsur.com\/evento\/exposicion-kloris-de-javier-bassecourt\/#primaryimage"},"image":{"@id":"https:\/\/fundacioncajaruraldelsur.com\/evento\/exposicion-kloris-de-javier-bassecourt\/#primaryimage"},"thumbnailUrl":"https:\/\/fundacioncajaruraldelsur.com\/wp-content\/uploads\/2019\/01\/Javier_Bassecourt.jpg","datePublished":"2019-01-17T16:21:41+00:00","dateModified":"2019-01-27T17:51:35+00:00","description":"El pr\u00f3ximo 22 de enero inauguramos en nuestra sala de exposiciones de Sevilla, la maravillosa exposici\u00f3n del artista Javier Bassecourt, titulada KLORIS.","breadcrumb":{"@id":"https:\/\/fundacioncajaruraldelsur.com\/evento\/exposicion-kloris-de-javier-bassecourt\/#breadcrumb"},"inLanguage":"pt-PT","potentialAction":[{"@type":"ReadAction","target":["https:\/\/fundacioncajaruraldelsur.com\/evento\/exposicion-kloris-de-javier-bassecourt\/"]}]},{"@type":"ImageObject","inLanguage":"pt-PT","@id":"https:\/\/fundacioncajaruraldelsur.com\/evento\/exposicion-kloris-de-javier-bassecourt\/#primaryimage","url":"https:\/\/fundacioncajaruraldelsur.com\/wp-content\/uploads\/2019\/01\/Javier_Bassecourt.jpg","contentUrl":"https:\/\/fundacioncajaruraldelsur.com\/wp-content\/uploads\/2019\/01\/Javier_Bassecourt.jpg","width":1925,"height":500},{"@type":"BreadcrumbList","@id":"https:\/\/fundacioncajaruraldelsur.com\/evento\/exposicion-kloris-de-javier-bassecourt\/#breadcrumb","itemListElement":[{"@type":"ListItem","position":1,"name":"Portada","item":"https:\/\/fundacioncajaruraldelsur.com\/"},{"@type":"ListItem","position":2,"name":"Eventos","item":"https:\/\/fundacioncajaruraldelsur.com\/eventos\/"},{"@type":"ListItem","position":3,"name":"Exposici\u00f3n &#8216;KLORIS&#8217;, de Javier Bassecourt"}]},{"@type":"WebSite","@id":"https:\/\/fundacioncajaruraldelsur.com\/#website","url":"https:\/\/fundacioncajaruraldelsur.com\/","name":"Funda\u00e7\u00e3o Caja Rural del Sur","description":"","potentialAction":[{"@type":"SearchAction","target":{"@type":"EntryPoint","urlTemplate":"https:\/\/fundacioncajaruraldelsur.com\/?s={search_term_string}"},"query-input":{"@type":"PropertyValueSpecification","valueRequired":true,"valueName":"search_term_string"}}],"inLanguage":"pt-PT"}]}},"_links":{"self":[{"href":"https:\/\/fundacioncajaruraldelsur.com\/pt\/wp-json\/wp\/v2\/tribe_events\/4372","targetHints":{"allow":["GET"]}}],"collection":[{"href":"https:\/\/fundacioncajaruraldelsur.com\/pt\/wp-json\/wp\/v2\/tribe_events"}],"about":[{"href":"https:\/\/fundacioncajaruraldelsur.com\/pt\/wp-json\/wp\/v2\/types\/tribe_events"}],"author":[{"embeddable":true,"href":"https:\/\/fundacioncajaruraldelsur.com\/pt\/wp-json\/wp\/v2\/users\/8"}],"version-history":[{"count":4,"href":"https:\/\/fundacioncajaruraldelsur.com\/pt\/wp-json\/wp\/v2\/tribe_events\/4372\/revisions"}],"predecessor-version":[{"id":4412,"href":"https:\/\/fundacioncajaruraldelsur.com\/pt\/wp-json\/wp\/v2\/tribe_events\/4372\/revisions\/4412"}],"wp:featuredmedia":[{"embeddable":true,"href":"https:\/\/fundacioncajaruraldelsur.com\/pt\/wp-json\/wp\/v2\/media\/4373"}],"wp:attachment":[{"href":"https:\/\/fundacioncajaruraldelsur.com\/pt\/wp-json\/wp\/v2\/media?parent=4372"}],"wp:term":[{"taxonomy":"post_tag","embeddable":true,"href":"https:\/\/fundacioncajaruraldelsur.com\/pt\/wp-json\/wp\/v2\/tags?post=4372"},{"taxonomy":"tribe_events_cat","embeddable":true,"href":"https:\/\/fundacioncajaruraldelsur.com\/pt\/wp-json\/wp\/v2\/tribe_events_cat?post=4372"}],"curies":[{"name":"wp","href":"https:\/\/api.w.org\/{rel}","templated":true}]}}