{"id":4358,"date":"2019-01-14T18:03:21","date_gmt":"2019-01-14T16:03:21","guid":{"rendered":"\/?post_type=tribe_events&#038;p=4358"},"modified":"2019-01-14T18:05:27","modified_gmt":"2019-01-14T16:05:27","slug":"concierto-solidario-a-favor-de-proyectos-educativos-en-haiti","status":"publish","type":"tribe_events","link":"https:\/\/fundacioncajaruraldelsur.com\/pt\/evento\/concierto-solidario-a-favor-de-proyectos-educativos-en-haiti\/","title":{"rendered":"CONCIERTO SOLIDARIO A FAVOR DE PROYECTOS EDUCATIVOS EN HAIT\u00cd"},"content":{"rendered":"<p>El pr\u00f3ximo 24 de enero celebramos un <strong>concierto solidario<\/strong> a favor de <strong>proyectos educativos de Entreculturas en Hait\u00ed<\/strong>. El <strong>precio de la entrada es de 3\u20ac<\/strong> y todos los beneficios ir\u00e1n destinados al desarrollo del proyecto que exponemos a continuaci\u00f3n.<\/p>\n<p>En el concierto se realizar\u00e1 un <strong>recorrido por el repertorio m\u00e1s representativo de la m\u00fasica cubana<\/strong>, incursionando en los estilos m\u00e1s conocidos: montuno, guarachas, chachach\u00e1, boleros, entre otros.<\/p>\n<h4>ENTRECULTURAS<\/h4>\n<p>ONG espa\u00f1ola promovida por la Compa\u00f1\u00eda de Jes\u00fas, fundada en 1985, que defiende el acceso a la educaci\u00f3n de todos y todas como medio de cambio social, justicia y di\u00e1logo entre culturas.<\/p>\n<p>En Entreculturas apoyan proyectos que <strong>promueven la educaci\u00f3n en las poblaciones m\u00e1s desfavorecidas\u00a0de\u00a0Am\u00e9rica\u00a0Latina,\u00a0\u00c1frica\u00a0y\u00a0Asia<\/strong>,\u00a0con el\u00a0fin\u00a0de\u00a0que la educaci\u00f3n llegue al\u00a0mayor\u00a0n\u00famero de\u00a0personas,\u00a0que\u00a0su\u00a0calidad\u00a0sea\u00a0cada\u00a0vez\u00a0mejor\u00a0y\u00a0que\u00a0se dirija\u00a0a\u00a0la\u00a0transformaci\u00f3n\u00a0social.<\/p>\n<p><a href=\"\/wp-content\/uploads\/2019\/01\/CARTEL-concierto-Huelva-1.jpg\" rel=\"lightbox-0\"><img loading=\"lazy\" decoding=\"async\" class=\"size-medium wp-image-4359 alignleft\" src=\"\/wp-content\/uploads\/2019\/01\/CARTEL-concierto-Huelva-1-300x212.jpg\" alt=\"\" width=\"300\" height=\"212\" srcset=\"https:\/\/fundacioncajaruraldelsur.com\/wp-content\/uploads\/2019\/01\/CARTEL-concierto-Huelva-1-300x212.jpg 300w, https:\/\/fundacioncajaruraldelsur.com\/wp-content\/uploads\/2019\/01\/CARTEL-concierto-Huelva-1-768x543.jpg 768w, https:\/\/fundacioncajaruraldelsur.com\/wp-content\/uploads\/2019\/01\/CARTEL-concierto-Huelva-1-1024x724.jpg 1024w\" sizes=\"auto, (max-width: 300px) 100vw, 300px\" \/><\/a><\/p>\n<p>Sus dos principales organizaciones socias en los pa\u00edses donde trabajamos son <strong>Fe y Alegr\u00eda<\/strong> y <strong>el Servicio Jesuita a Refugiados.<\/strong><\/p>\n<p>Fe y Alegr\u00eda es un movimiento internacional de educaci\u00f3n popular integral y promoci\u00f3n social del que Entreculturas forma parte, y que naci\u00f3 en el a\u00f1o 1955 en Caracas, Venezuela. En la actualidad, la organizaci\u00f3n\u00a0est\u00e1 presente en 21 pa\u00edses de\u00a0Am\u00e9rica\u00a0Latina\u00a0y\u00a0el\u00a0Caribe,\u00a0\u00c1frica\u00a0y\u00a0Europa, y\u00a0atiende\u00a0a\u00a0m\u00e1s de un mill\u00f3n y medio de personas.<\/p>\n<h4>EL PROYECTO<\/h4>\n<p>La duraci\u00f3n del proyecto es de <strong>10 meses.\u00a0<\/strong><\/p>\n<p>Se va a facilitar el <strong>aprendizaje y mejorar la calidad educativa<\/strong> de 595 estudiantes (275 ni\u00f1as y 320 ni\u00f1os), de 3 centros educativos ubicados en la regi\u00f3n Noreste de Hait\u00ed.<\/p>\n<p>Se va a garantizar el <strong>pago del salario<\/strong> a 44 docentes (27 profesoras y 17 profesores de educaci\u00f3n preescolar y fundamental).<\/p>\n<p>Gracias al aumento en el n\u00famero de docentes en cada uno de los centros educativos, se va a <strong>incrementar el acceso la educaci\u00f3n de alumnos\/as<\/strong>.\u00a0Al final del curso escolar, se espera superar en un 3% el n\u00famero de alumnos\/as que van a lograr superar los ex\u00e1menes, pasando decurso.<\/p>\n<h4>\u00bfA QUIEN ATIENDEN?<\/h4>\n<p>Los dos centros educativos cuentan con un total de 44 docentes (27 mujeres y 17 hombres)\u00a0y\u00a0804\u00a0alumnos y\u00a0alumnas\u00a0(362\u00a0alumnas\u00a0y\u00a0442\u00a0alumnos),\u00a0la\u00a0mayor\u00a0parte\u00a0de\u00a0los\u00a0cuales\u00a0tiene\u00a0dificultades de aprendizaje y est\u00e1 en cursos por debajo de su edad.<\/p>\n<h4>M\u00c1S INFORMACI\u00d3N<\/h4>\n<p><a href=\"\/wp-content\/uploads\/2019\/01\/FICHA-PROYECTO-ENTRECULTURAS-HAIT\u00cd.pdf\">FICHA PROYECTO ENTRECULTURAS &#8211; HAIT\u00cd<\/a><\/p>","protected":false},"excerpt":{"rendered":"<p>El pr\u00f3ximo 24 de enero celebramos un concierto solidario a favor de proyectos educativos de Entreculturas en Hait\u00ed. El precio de la entrada es de 3\u20ac y todos los beneficios [&hellip;]<\/p>\n","protected":false},"author":8,"featured_media":4362,"template":"","meta":{"_tribe_events_status":"","_tribe_events_status_reason":"","_tribe_events_is_hybrid":"","_tribe_events_is_virtual":"","_tribe_events_virtual_video_source":"","_tribe_events_virtual_embed_video":"","_tribe_events_virtual_linked_button_text":"","_tribe_events_virtual_linked_button":"","_tribe_events_virtual_show_embed_at":"","_tribe_events_virtual_show_embed_to":[],"_tribe_events_virtual_show_on_event":"","_tribe_events_virtual_show_on_views":"","_tribe_events_virtual_url":"","footnotes":""},"tags":[257,259,258],"tribe_events_cat":[118],"class_list":["post-4358","tribe_events","type-tribe_events","status-publish","has-post-thumbnail","hentry","tag-concierto-solidario","tag-entreculturas","tag-haiti","tribe_events_cat-conciertos","cat_conciertos"],"yoast_head":"<!-- This site is optimized with the Yoast SEO plugin v27.3 - https:\/\/yoast.com\/product\/yoast-seo-wordpress\/ -->\n<title>CONCIERTO SOLIDARIO A FAVOR DE PROYECTOS EDUCATIVOS EN HAIT\u00cd - Fundaci\u00f3n Caja Rural del Sur<\/title>\n<meta name=\"description\" content=\"El pr\u00f3ximo 24 de enero celebramos un concierto solidario a favor de proyectos educativos de Entreculturas en Hait\u00ed.\" \/>\n<meta name=\"robots\" content=\"index, follow, max-snippet:-1, max-image-preview:large, max-video-preview:-1\" \/>\n<link rel=\"canonical\" href=\"https:\/\/fundacioncajaruraldelsur.com\/pt\/evento\/concierto-solidario-a-favor-de-proyectos-educativos-en-haiti\/\" \/>\n<meta property=\"og:locale\" content=\"pt_PT\" \/>\n<meta property=\"og:type\" content=\"article\" \/>\n<meta property=\"og:title\" content=\"CONCIERTO SOLIDARIO A FAVOR DE PROYECTOS EDUCATIVOS EN HAIT\u00cd - Fundaci\u00f3n Caja Rural del Sur\" \/>\n<meta property=\"og:description\" content=\"El pr\u00f3ximo 24 de enero celebramos un concierto solidario a favor de proyectos educativos de Entreculturas en Hait\u00ed.\" \/>\n<meta property=\"og:url\" content=\"https:\/\/fundacioncajaruraldelsur.com\/pt\/evento\/concierto-solidario-a-favor-de-proyectos-educativos-en-haiti\/\" \/>\n<meta property=\"og:site_name\" content=\"Fundaci\u00f3n Caja Rural del Sur\" \/>\n<meta property=\"article:modified_time\" content=\"2019-01-14T16:05:27+00:00\" \/>\n<meta property=\"og:image\" content=\"https:\/\/fundacioncajaruraldelsur.com\/wp-content\/uploads\/2019\/01\/PROYECTO-ENTRECULTURAS-HAIT\u00cd.jpg\" \/>\n\t<meta property=\"og:image:width\" content=\"1925\" \/>\n\t<meta property=\"og:image:height\" content=\"499\" \/>\n\t<meta property=\"og:image:type\" content=\"image\/jpeg\" \/>\n<meta name=\"twitter:card\" content=\"summary_large_image\" \/>\n<meta name=\"twitter:label1\" content=\"Est. reading time\" \/>\n\t<meta name=\"twitter:data1\" content=\"2 minutes\" \/>\n<script type=\"application\/ld+json\" class=\"yoast-schema-graph\">{\"@context\":\"https:\\\/\\\/schema.org\",\"@graph\":[{\"@type\":\"WebPage\",\"@id\":\"https:\\\/\\\/fundacioncajaruraldelsur.com\\\/evento\\\/concierto-solidario-a-favor-de-proyectos-educativos-en-haiti\\\/\",\"url\":\"https:\\\/\\\/fundacioncajaruraldelsur.com\\\/evento\\\/concierto-solidario-a-favor-de-proyectos-educativos-en-haiti\\\/\",\"name\":\"CONCIERTO SOLIDARIO A FAVOR DE PROYECTOS EDUCATIVOS EN HAIT\u00cd - Fundaci\u00f3n Caja Rural del Sur\",\"isPartOf\":{\"@id\":\"https:\\\/\\\/fundacioncajaruraldelsur.com\\\/#website\"},\"primaryImageOfPage\":{\"@id\":\"https:\\\/\\\/fundacioncajaruraldelsur.com\\\/evento\\\/concierto-solidario-a-favor-de-proyectos-educativos-en-haiti\\\/#primaryimage\"},\"image\":{\"@id\":\"https:\\\/\\\/fundacioncajaruraldelsur.com\\\/evento\\\/concierto-solidario-a-favor-de-proyectos-educativos-en-haiti\\\/#primaryimage\"},\"thumbnailUrl\":\"https:\\\/\\\/fundacioncajaruraldelsur.com\\\/wp-content\\\/uploads\\\/2019\\\/01\\\/PROYECTO-ENTRECULTURAS-HAIT\u00cd.jpg\",\"datePublished\":\"2019-01-14T16:03:21+00:00\",\"dateModified\":\"2019-01-14T16:05:27+00:00\",\"description\":\"El pr\u00f3ximo 24 de enero celebramos un concierto solidario a favor de proyectos educativos de Entreculturas en Hait\u00ed.\",\"breadcrumb\":{\"@id\":\"https:\\\/\\\/fundacioncajaruraldelsur.com\\\/evento\\\/concierto-solidario-a-favor-de-proyectos-educativos-en-haiti\\\/#breadcrumb\"},\"inLanguage\":\"pt-PT\",\"potentialAction\":[{\"@type\":\"ReadAction\",\"target\":[\"https:\\\/\\\/fundacioncajaruraldelsur.com\\\/evento\\\/concierto-solidario-a-favor-de-proyectos-educativos-en-haiti\\\/\"]}]},{\"@type\":\"ImageObject\",\"inLanguage\":\"pt-PT\",\"@id\":\"https:\\\/\\\/fundacioncajaruraldelsur.com\\\/evento\\\/concierto-solidario-a-favor-de-proyectos-educativos-en-haiti\\\/#primaryimage\",\"url\":\"https:\\\/\\\/fundacioncajaruraldelsur.com\\\/wp-content\\\/uploads\\\/2019\\\/01\\\/PROYECTO-ENTRECULTURAS-HAIT\u00cd.jpg\",\"contentUrl\":\"https:\\\/\\\/fundacioncajaruraldelsur.com\\\/wp-content\\\/uploads\\\/2019\\\/01\\\/PROYECTO-ENTRECULTURAS-HAIT\u00cd.jpg\",\"width\":1925,\"height\":499},{\"@type\":\"BreadcrumbList\",\"@id\":\"https:\\\/\\\/fundacioncajaruraldelsur.com\\\/evento\\\/concierto-solidario-a-favor-de-proyectos-educativos-en-haiti\\\/#breadcrumb\",\"itemListElement\":[{\"@type\":\"ListItem\",\"position\":1,\"name\":\"Portada\",\"item\":\"https:\\\/\\\/fundacioncajaruraldelsur.com\\\/\"},{\"@type\":\"ListItem\",\"position\":2,\"name\":\"Eventos\",\"item\":\"https:\\\/\\\/fundacioncajaruraldelsur.com\\\/eventos\\\/\"},{\"@type\":\"ListItem\",\"position\":3,\"name\":\"CONCIERTO SOLIDARIO A FAVOR DE PROYECTOS EDUCATIVOS EN HAIT\u00cd\"}]},{\"@type\":\"WebSite\",\"@id\":\"https:\\\/\\\/fundacioncajaruraldelsur.com\\\/#website\",\"url\":\"https:\\\/\\\/fundacioncajaruraldelsur.com\\\/\",\"name\":\"Fundaci\u00f3n Caja Rural del Sur\",\"description\":\"\",\"potentialAction\":[{\"@type\":\"SearchAction\",\"target\":{\"@type\":\"EntryPoint\",\"urlTemplate\":\"https:\\\/\\\/fundacioncajaruraldelsur.com\\\/?s={search_term_string}\"},\"query-input\":{\"@type\":\"PropertyValueSpecification\",\"valueRequired\":true,\"valueName\":\"search_term_string\"}}],\"inLanguage\":\"pt-PT\"}]}<\/script>\n<!-- \/ Yoast SEO plugin. -->","yoast_head_json":{"title":"CONCIERTO SOLIDARIO A FAVOR DE PROYECTOS EDUCATIVOS EN HAIT\u00cd - Fundaci\u00f3n Caja Rural del Sur","description":"El pr\u00f3ximo 24 de enero celebramos un concierto solidario a favor de proyectos educativos de Entreculturas en Hait\u00ed.","robots":{"index":"index","follow":"follow","max-snippet":"max-snippet:-1","max-image-preview":"max-image-preview:large","max-video-preview":"max-video-preview:-1"},"canonical":"https:\/\/fundacioncajaruraldelsur.com\/pt\/evento\/concierto-solidario-a-favor-de-proyectos-educativos-en-haiti\/","og_locale":"pt_PT","og_type":"article","og_title":"CONCIERTO SOLIDARIO A FAVOR DE PROYECTOS EDUCATIVOS EN HAIT\u00cd - Fundaci\u00f3n Caja Rural del Sur","og_description":"El pr\u00f3ximo 24 de enero celebramos un concierto solidario a favor de proyectos educativos de Entreculturas en Hait\u00ed.","og_url":"https:\/\/fundacioncajaruraldelsur.com\/pt\/evento\/concierto-solidario-a-favor-de-proyectos-educativos-en-haiti\/","og_site_name":"Fundaci\u00f3n Caja Rural del Sur","article_modified_time":"2019-01-14T16:05:27+00:00","og_image":[{"width":1925,"height":499,"url":"https:\/\/fundacioncajaruraldelsur.com\/wp-content\/uploads\/2019\/01\/PROYECTO-ENTRECULTURAS-HAIT\u00cd.jpg","type":"image\/jpeg"}],"twitter_card":"summary_large_image","twitter_misc":{"Est. reading time":"2 minutes"},"schema":{"@context":"https:\/\/schema.org","@graph":[{"@type":"WebPage","@id":"https:\/\/fundacioncajaruraldelsur.com\/evento\/concierto-solidario-a-favor-de-proyectos-educativos-en-haiti\/","url":"https:\/\/fundacioncajaruraldelsur.com\/evento\/concierto-solidario-a-favor-de-proyectos-educativos-en-haiti\/","name":"CONCIERTO SOLIDARIO A FAVOR DE PROYECTOS EDUCATIVOS EN HAIT\u00cd - Fundaci\u00f3n Caja Rural del Sur","isPartOf":{"@id":"https:\/\/fundacioncajaruraldelsur.com\/#website"},"primaryImageOfPage":{"@id":"https:\/\/fundacioncajaruraldelsur.com\/evento\/concierto-solidario-a-favor-de-proyectos-educativos-en-haiti\/#primaryimage"},"image":{"@id":"https:\/\/fundacioncajaruraldelsur.com\/evento\/concierto-solidario-a-favor-de-proyectos-educativos-en-haiti\/#primaryimage"},"thumbnailUrl":"https:\/\/fundacioncajaruraldelsur.com\/wp-content\/uploads\/2019\/01\/PROYECTO-ENTRECULTURAS-HAIT\u00cd.jpg","datePublished":"2019-01-14T16:03:21+00:00","dateModified":"2019-01-14T16:05:27+00:00","description":"El pr\u00f3ximo 24 de enero celebramos un concierto solidario a favor de proyectos educativos de Entreculturas en Hait\u00ed.","breadcrumb":{"@id":"https:\/\/fundacioncajaruraldelsur.com\/evento\/concierto-solidario-a-favor-de-proyectos-educativos-en-haiti\/#breadcrumb"},"inLanguage":"pt-PT","potentialAction":[{"@type":"ReadAction","target":["https:\/\/fundacioncajaruraldelsur.com\/evento\/concierto-solidario-a-favor-de-proyectos-educativos-en-haiti\/"]}]},{"@type":"ImageObject","inLanguage":"pt-PT","@id":"https:\/\/fundacioncajaruraldelsur.com\/evento\/concierto-solidario-a-favor-de-proyectos-educativos-en-haiti\/#primaryimage","url":"https:\/\/fundacioncajaruraldelsur.com\/wp-content\/uploads\/2019\/01\/PROYECTO-ENTRECULTURAS-HAIT\u00cd.jpg","contentUrl":"https:\/\/fundacioncajaruraldelsur.com\/wp-content\/uploads\/2019\/01\/PROYECTO-ENTRECULTURAS-HAIT\u00cd.jpg","width":1925,"height":499},{"@type":"BreadcrumbList","@id":"https:\/\/fundacioncajaruraldelsur.com\/evento\/concierto-solidario-a-favor-de-proyectos-educativos-en-haiti\/#breadcrumb","itemListElement":[{"@type":"ListItem","position":1,"name":"Portada","item":"https:\/\/fundacioncajaruraldelsur.com\/"},{"@type":"ListItem","position":2,"name":"Eventos","item":"https:\/\/fundacioncajaruraldelsur.com\/eventos\/"},{"@type":"ListItem","position":3,"name":"CONCIERTO SOLIDARIO A FAVOR DE PROYECTOS EDUCATIVOS EN HAIT\u00cd"}]},{"@type":"WebSite","@id":"https:\/\/fundacioncajaruraldelsur.com\/#website","url":"https:\/\/fundacioncajaruraldelsur.com\/","name":"Funda\u00e7\u00e3o Caja Rural del Sur","description":"","potentialAction":[{"@type":"SearchAction","target":{"@type":"EntryPoint","urlTemplate":"https:\/\/fundacioncajaruraldelsur.com\/?s={search_term_string}"},"query-input":{"@type":"PropertyValueSpecification","valueRequired":true,"valueName":"search_term_string"}}],"inLanguage":"pt-PT"}]}},"_links":{"self":[{"href":"https:\/\/fundacioncajaruraldelsur.com\/pt\/wp-json\/wp\/v2\/tribe_events\/4358","targetHints":{"allow":["GET"]}}],"collection":[{"href":"https:\/\/fundacioncajaruraldelsur.com\/pt\/wp-json\/wp\/v2\/tribe_events"}],"about":[{"href":"https:\/\/fundacioncajaruraldelsur.com\/pt\/wp-json\/wp\/v2\/types\/tribe_events"}],"author":[{"embeddable":true,"href":"https:\/\/fundacioncajaruraldelsur.com\/pt\/wp-json\/wp\/v2\/users\/8"}],"version-history":[{"count":4,"href":"https:\/\/fundacioncajaruraldelsur.com\/pt\/wp-json\/wp\/v2\/tribe_events\/4358\/revisions"}],"predecessor-version":[{"id":4366,"href":"https:\/\/fundacioncajaruraldelsur.com\/pt\/wp-json\/wp\/v2\/tribe_events\/4358\/revisions\/4366"}],"wp:featuredmedia":[{"embeddable":true,"href":"https:\/\/fundacioncajaruraldelsur.com\/pt\/wp-json\/wp\/v2\/media\/4362"}],"wp:attachment":[{"href":"https:\/\/fundacioncajaruraldelsur.com\/pt\/wp-json\/wp\/v2\/media?parent=4358"}],"wp:term":[{"taxonomy":"post_tag","embeddable":true,"href":"https:\/\/fundacioncajaruraldelsur.com\/pt\/wp-json\/wp\/v2\/tags?post=4358"},{"taxonomy":"tribe_events_cat","embeddable":true,"href":"https:\/\/fundacioncajaruraldelsur.com\/pt\/wp-json\/wp\/v2\/tribe_events_cat?post=4358"}],"curies":[{"name":"wp","href":"https:\/\/api.w.org\/{rel}","templated":true}]}}