{"id":4314,"date":"2019-01-09T20:39:31","date_gmt":"2019-01-09T18:39:31","guid":{"rendered":"\/?post_type=tribe_events&#038;p=4314"},"modified":"2019-01-12T12:38:14","modified_gmt":"2019-01-12T10:38:14","slug":"presentacion-del-cartel-semana-santa-2019","status":"publish","type":"tribe_events","link":"https:\/\/fundacioncajaruraldelsur.com\/pt\/evento\/presentacion-del-cartel-semana-santa-2019\/","title":{"rendered":"Presentaci\u00f3n del Cartel &#8216;Semana Santa 2019&#8217;"},"content":{"rendered":"<p>El pr\u00f3ximo s\u00e1bado, 12 de enero, a las 12:00 horas, acogemos en nuestra sede en Sevilla la presentaci\u00f3n del cartel de la <strong>Semana Santa 2019<\/strong> del <a href=\"http:\/\/www.hermandades-de-sevilla.org\">Consejo General de Hermandades y Cofrad\u00edas<\/a> de la Ciudad de Sevilla, como tradicionalmente se viene realizando en los pasados a\u00f1os. Tendr\u00e1 lugar \u00a0gracias a la colaboraci\u00f3n que ambas instituciones mantienen<span class=\"text_exposed_show\"> y que han renovado con la <strong>firma del convenio<\/strong> entre ambas partes.<a href=\"\/wp-content\/uploads\/2019\/01\/Emilio-Ponce-DG-Fundaci\u00f3n-CRSUR-francisco-V\u00e9lez-Pte-Consejo-JL-Garc\u00eda-Palacios-\u00c1lvarez-Pte-CRSUR-y-Alejandro-Marchena-tesorero-Consejo-Hdades.jpg\" rel=\"lightbox-0\"><img loading=\"lazy\" decoding=\"async\" class=\"size-medium wp-image-4311 alignleft\" src=\"\/wp-content\/uploads\/2019\/01\/Emilio-Ponce-DG-Fundaci\u00f3n-CRSUR-francisco-V\u00e9lez-Pte-Consejo-JL-Garc\u00eda-Palacios-\u00c1lvarez-Pte-CRSUR-y-Alejandro-Marchena-tesorero-Consejo-Hdades-300x225.jpg\" alt=\"\" width=\"300\" height=\"225\" srcset=\"https:\/\/fundacioncajaruraldelsur.com\/wp-content\/uploads\/2019\/01\/Emilio-Ponce-DG-Fundaci\u00f3n-CRSUR-francisco-V\u00e9lez-Pte-Consejo-JL-Garc\u00eda-Palacios-\u00c1lvarez-Pte-CRSUR-y-Alejandro-Marchena-tesorero-Consejo-Hdades-300x225.jpg 300w, https:\/\/fundacioncajaruraldelsur.com\/wp-content\/uploads\/2019\/01\/Emilio-Ponce-DG-Fundaci\u00f3n-CRSUR-francisco-V\u00e9lez-Pte-Consejo-JL-Garc\u00eda-Palacios-\u00c1lvarez-Pte-CRSUR-y-Alejandro-Marchena-tesorero-Consejo-Hdades-768x576.jpg 768w, https:\/\/fundacioncajaruraldelsur.com\/wp-content\/uploads\/2019\/01\/Emilio-Ponce-DG-Fundaci\u00f3n-CRSUR-francisco-V\u00e9lez-Pte-Consejo-JL-Garc\u00eda-Palacios-\u00c1lvarez-Pte-CRSUR-y-Alejandro-Marchena-tesorero-Consejo-Hdades.jpg 769w\" sizes=\"auto, (max-width: 300px) 100vw, 300px\" \/><\/a><\/span><\/p>\n<div class=\"text_exposed_show\">\n<p>As\u00ed lo han ratificado este martes el presidente de Caja Rural del Sur y su Fundaci\u00f3n, <strong>Jos\u00e9 Luis Garc\u00eda-Palacios \u00c1lvarez<\/strong>, y el presidente del <strong>Consejo General de Hermandades y Cofrad\u00edas de Sevilla,<\/strong> <strong>Francisco V\u00e9lez de Luna<\/strong>, en la firma del convenio de colaboraci\u00f3n.<\/p>\n<p>En el acto de firma del convenio ambos presidentes han estado acompa\u00f1ados de <strong>Emilio Ponce<\/strong>, director de la Fundaci\u00f3n Caja Rural del Sur y de <strong>Alejandro Marchena<\/strong>, tesorero del Consejo de Hermandades.<\/p>\n<p>De este modo, Fundaci\u00f3n Caja Rural del Sur continuar\u00e1 apoyando en este a\u00f1o 2019 al Consejo General de Hermandades y Cofrad\u00edas de la Ciudad de Sevilla en las actividades sociales e institucionales que desarrolla la instituci\u00f3n cofradiera.<\/p>\n<\/div>\n<h4>RETRANSMISI\u00d3N EN DIRECTO<\/h4>\n<p><iframe loading=\"lazy\"  id=\"_ytid_69551\"  width=\"960\" height=\"540\"  data-origwidth=\"960\" data-origheight=\"540\" src=\"https:\/\/www.youtube.com\/embed\/I_AixAOT7ks?enablejsapi=1&#038;autoplay=0&#038;cc_load_policy=0&#038;cc_lang_pref=&#038;iv_load_policy=1&#038;loop=0&#038;rel=1&#038;fs=1&#038;playsinline=0&#038;autohide=2&#038;theme=dark&#038;color=red&#038;controls=1&#038;disablekb=0&#038;\" class=\"__youtube_prefs__  epyt-is-override  no-lazyload\" title=\"YouTube player\"  allow=\"fullscreen; accelerometer; autoplay; clipboard-write; encrypted-media; gyroscope; picture-in-picture; web-share\" referrerpolicy=\"strict-origin-when-cross-origin\" allowfullscreen data-no-lazy=\"1\" data-skipgform_ajax_framebjll=\"\"><\/iframe><\/p>\n<div class=\"text_exposed_show\">\n<p>&nbsp;<\/p>\n<\/div>","protected":false},"excerpt":{"rendered":"<p>El pr\u00f3ximo s\u00e1bado, 12 de enero, a las 12:00 horas, acogemos en nuestra sede en Sevilla la presentaci\u00f3n del cartel de la Semana Santa 2019 del Consejo General de Hermandades [&hellip;]<\/p>\n","protected":false},"author":8,"featured_media":4315,"template":"","meta":{"_tribe_events_status":"","_tribe_events_status_reason":"","_tribe_events_is_hybrid":"","_tribe_events_is_virtual":"","_tribe_events_virtual_video_source":"","_tribe_events_virtual_embed_video":"","_tribe_events_virtual_linked_button_text":"","_tribe_events_virtual_linked_button":"","_tribe_events_virtual_show_embed_at":"","_tribe_events_virtual_show_embed_to":[],"_tribe_events_virtual_show_on_event":"","_tribe_events_virtual_show_on_views":"","_tribe_events_virtual_url":"","footnotes":""},"tags":[242,241,243,198,240],"tribe_events_cat":[124],"class_list":["post-4314","tribe_events","type-tribe_events","status-publish","has-post-thumbnail","hentry","tag-242","tag-cartel","tag-consejo-general-de-hermandades-y-cofradias","tag-semana-santa","tag-sevilla","tribe_events_cat-presentaciones","cat_presentaciones"],"yoast_head":"<!-- This site is optimized with the Yoast SEO plugin v27.3 - https:\/\/yoast.com\/product\/yoast-seo-wordpress\/ -->\n<title>Presentaci\u00f3n del Cartel &#039;Semana Santa 2019&#039; - Fundaci\u00f3n Caja Rural del Sur<\/title>\n<meta name=\"description\" content=\"El pr\u00f3ximo s\u00e1bado acogemos en nuestra sede en Sevilla la presentaci\u00f3n del cartel de la Semana Santa 2019 del Consejo General de Hermandades y Cofrad\u00edas de la Ciudad de Sevilla.\" \/>\n<meta name=\"robots\" content=\"index, follow, max-snippet:-1, max-image-preview:large, max-video-preview:-1\" \/>\n<link rel=\"canonical\" href=\"https:\/\/fundacioncajaruraldelsur.com\/pt\/evento\/presentacion-del-cartel-semana-santa-2019\/\" \/>\n<meta property=\"og:locale\" content=\"pt_PT\" \/>\n<meta property=\"og:type\" content=\"article\" \/>\n<meta property=\"og:title\" content=\"Presentaci\u00f3n del Cartel &#039;Semana Santa 2019&#039; - Fundaci\u00f3n Caja Rural del Sur\" \/>\n<meta property=\"og:description\" content=\"El pr\u00f3ximo s\u00e1bado acogemos en nuestra sede en Sevilla la presentaci\u00f3n del cartel de la Semana Santa 2019 del Consejo General de Hermandades y Cofrad\u00edas de la Ciudad de Sevilla.\" \/>\n<meta property=\"og:url\" content=\"https:\/\/fundacioncajaruraldelsur.com\/pt\/evento\/presentacion-del-cartel-semana-santa-2019\/\" \/>\n<meta property=\"og:site_name\" content=\"Fundaci\u00f3n Caja Rural del Sur\" \/>\n<meta property=\"article:modified_time\" content=\"2019-01-12T10:38:14+00:00\" \/>\n<meta property=\"og:image\" content=\"https:\/\/fundacioncajaruraldelsur.com\/wp-content\/uploads\/2019\/01\/Semana-Santa.jpg\" \/>\n\t<meta property=\"og:image:width\" content=\"1924\" \/>\n\t<meta property=\"og:image:height\" content=\"500\" \/>\n\t<meta property=\"og:image:type\" content=\"image\/jpeg\" \/>\n<meta name=\"twitter:card\" content=\"summary_large_image\" \/>\n<meta name=\"twitter:label1\" content=\"Est. reading time\" \/>\n\t<meta name=\"twitter:data1\" content=\"1 minute\" \/>\n<script type=\"application\/ld+json\" class=\"yoast-schema-graph\">{\"@context\":\"https:\\\/\\\/schema.org\",\"@graph\":[{\"@type\":\"WebPage\",\"@id\":\"https:\\\/\\\/fundacioncajaruraldelsur.com\\\/evento\\\/presentacion-del-cartel-semana-santa-2019\\\/\",\"url\":\"https:\\\/\\\/fundacioncajaruraldelsur.com\\\/evento\\\/presentacion-del-cartel-semana-santa-2019\\\/\",\"name\":\"Presentaci\u00f3n del Cartel 'Semana Santa 2019' - Fundaci\u00f3n Caja Rural del Sur\",\"isPartOf\":{\"@id\":\"https:\\\/\\\/fundacioncajaruraldelsur.com\\\/#website\"},\"primaryImageOfPage\":{\"@id\":\"https:\\\/\\\/fundacioncajaruraldelsur.com\\\/evento\\\/presentacion-del-cartel-semana-santa-2019\\\/#primaryimage\"},\"image\":{\"@id\":\"https:\\\/\\\/fundacioncajaruraldelsur.com\\\/evento\\\/presentacion-del-cartel-semana-santa-2019\\\/#primaryimage\"},\"thumbnailUrl\":\"https:\\\/\\\/fundacioncajaruraldelsur.com\\\/wp-content\\\/uploads\\\/2019\\\/01\\\/Semana-Santa.jpg\",\"datePublished\":\"2019-01-09T18:39:31+00:00\",\"dateModified\":\"2019-01-12T10:38:14+00:00\",\"description\":\"El pr\u00f3ximo s\u00e1bado acogemos en nuestra sede en Sevilla la presentaci\u00f3n del cartel de la Semana Santa 2019 del Consejo General de Hermandades y Cofrad\u00edas de la Ciudad de Sevilla.\",\"breadcrumb\":{\"@id\":\"https:\\\/\\\/fundacioncajaruraldelsur.com\\\/evento\\\/presentacion-del-cartel-semana-santa-2019\\\/#breadcrumb\"},\"inLanguage\":\"pt-PT\",\"potentialAction\":[{\"@type\":\"ReadAction\",\"target\":[\"https:\\\/\\\/fundacioncajaruraldelsur.com\\\/evento\\\/presentacion-del-cartel-semana-santa-2019\\\/\"]}]},{\"@type\":\"ImageObject\",\"inLanguage\":\"pt-PT\",\"@id\":\"https:\\\/\\\/fundacioncajaruraldelsur.com\\\/evento\\\/presentacion-del-cartel-semana-santa-2019\\\/#primaryimage\",\"url\":\"https:\\\/\\\/fundacioncajaruraldelsur.com\\\/wp-content\\\/uploads\\\/2019\\\/01\\\/Semana-Santa.jpg\",\"contentUrl\":\"https:\\\/\\\/fundacioncajaruraldelsur.com\\\/wp-content\\\/uploads\\\/2019\\\/01\\\/Semana-Santa.jpg\",\"width\":1924,\"height\":500},{\"@type\":\"BreadcrumbList\",\"@id\":\"https:\\\/\\\/fundacioncajaruraldelsur.com\\\/evento\\\/presentacion-del-cartel-semana-santa-2019\\\/#breadcrumb\",\"itemListElement\":[{\"@type\":\"ListItem\",\"position\":1,\"name\":\"Portada\",\"item\":\"https:\\\/\\\/fundacioncajaruraldelsur.com\\\/\"},{\"@type\":\"ListItem\",\"position\":2,\"name\":\"Eventos\",\"item\":\"https:\\\/\\\/fundacioncajaruraldelsur.com\\\/eventos\\\/\"},{\"@type\":\"ListItem\",\"position\":3,\"name\":\"Presentaci\u00f3n del Cartel &#8216;Semana Santa 2019&#8217;\"}]},{\"@type\":\"WebSite\",\"@id\":\"https:\\\/\\\/fundacioncajaruraldelsur.com\\\/#website\",\"url\":\"https:\\\/\\\/fundacioncajaruraldelsur.com\\\/\",\"name\":\"Fundaci\u00f3n Caja Rural del Sur\",\"description\":\"\",\"potentialAction\":[{\"@type\":\"SearchAction\",\"target\":{\"@type\":\"EntryPoint\",\"urlTemplate\":\"https:\\\/\\\/fundacioncajaruraldelsur.com\\\/?s={search_term_string}\"},\"query-input\":{\"@type\":\"PropertyValueSpecification\",\"valueRequired\":true,\"valueName\":\"search_term_string\"}}],\"inLanguage\":\"pt-PT\"}]}<\/script>\n<!-- \/ Yoast SEO plugin. -->","yoast_head_json":{"title":"Presentaci\u00f3n del Cartel 'Semana Santa 2019' - Fundaci\u00f3n Caja Rural del Sur","description":"El pr\u00f3ximo s\u00e1bado acogemos en nuestra sede en Sevilla la presentaci\u00f3n del cartel de la Semana Santa 2019 del Consejo General de Hermandades y Cofrad\u00edas de la Ciudad de Sevilla.","robots":{"index":"index","follow":"follow","max-snippet":"max-snippet:-1","max-image-preview":"max-image-preview:large","max-video-preview":"max-video-preview:-1"},"canonical":"https:\/\/fundacioncajaruraldelsur.com\/pt\/evento\/presentacion-del-cartel-semana-santa-2019\/","og_locale":"pt_PT","og_type":"article","og_title":"Presentaci\u00f3n del Cartel 'Semana Santa 2019' - Fundaci\u00f3n Caja Rural del Sur","og_description":"El pr\u00f3ximo s\u00e1bado acogemos en nuestra sede en Sevilla la presentaci\u00f3n del cartel de la Semana Santa 2019 del Consejo General de Hermandades y Cofrad\u00edas de la Ciudad de Sevilla.","og_url":"https:\/\/fundacioncajaruraldelsur.com\/pt\/evento\/presentacion-del-cartel-semana-santa-2019\/","og_site_name":"Fundaci\u00f3n Caja Rural del Sur","article_modified_time":"2019-01-12T10:38:14+00:00","og_image":[{"width":1924,"height":500,"url":"https:\/\/fundacioncajaruraldelsur.com\/wp-content\/uploads\/2019\/01\/Semana-Santa.jpg","type":"image\/jpeg"}],"twitter_card":"summary_large_image","twitter_misc":{"Est. reading time":"1 minute"},"schema":{"@context":"https:\/\/schema.org","@graph":[{"@type":"WebPage","@id":"https:\/\/fundacioncajaruraldelsur.com\/evento\/presentacion-del-cartel-semana-santa-2019\/","url":"https:\/\/fundacioncajaruraldelsur.com\/evento\/presentacion-del-cartel-semana-santa-2019\/","name":"Presentaci\u00f3n del Cartel 'Semana Santa 2019' - Fundaci\u00f3n Caja Rural del Sur","isPartOf":{"@id":"https:\/\/fundacioncajaruraldelsur.com\/#website"},"primaryImageOfPage":{"@id":"https:\/\/fundacioncajaruraldelsur.com\/evento\/presentacion-del-cartel-semana-santa-2019\/#primaryimage"},"image":{"@id":"https:\/\/fundacioncajaruraldelsur.com\/evento\/presentacion-del-cartel-semana-santa-2019\/#primaryimage"},"thumbnailUrl":"https:\/\/fundacioncajaruraldelsur.com\/wp-content\/uploads\/2019\/01\/Semana-Santa.jpg","datePublished":"2019-01-09T18:39:31+00:00","dateModified":"2019-01-12T10:38:14+00:00","description":"El pr\u00f3ximo s\u00e1bado acogemos en nuestra sede en Sevilla la presentaci\u00f3n del cartel de la Semana Santa 2019 del Consejo General de Hermandades y Cofrad\u00edas de la Ciudad de Sevilla.","breadcrumb":{"@id":"https:\/\/fundacioncajaruraldelsur.com\/evento\/presentacion-del-cartel-semana-santa-2019\/#breadcrumb"},"inLanguage":"pt-PT","potentialAction":[{"@type":"ReadAction","target":["https:\/\/fundacioncajaruraldelsur.com\/evento\/presentacion-del-cartel-semana-santa-2019\/"]}]},{"@type":"ImageObject","inLanguage":"pt-PT","@id":"https:\/\/fundacioncajaruraldelsur.com\/evento\/presentacion-del-cartel-semana-santa-2019\/#primaryimage","url":"https:\/\/fundacioncajaruraldelsur.com\/wp-content\/uploads\/2019\/01\/Semana-Santa.jpg","contentUrl":"https:\/\/fundacioncajaruraldelsur.com\/wp-content\/uploads\/2019\/01\/Semana-Santa.jpg","width":1924,"height":500},{"@type":"BreadcrumbList","@id":"https:\/\/fundacioncajaruraldelsur.com\/evento\/presentacion-del-cartel-semana-santa-2019\/#breadcrumb","itemListElement":[{"@type":"ListItem","position":1,"name":"Portada","item":"https:\/\/fundacioncajaruraldelsur.com\/"},{"@type":"ListItem","position":2,"name":"Eventos","item":"https:\/\/fundacioncajaruraldelsur.com\/eventos\/"},{"@type":"ListItem","position":3,"name":"Presentaci\u00f3n del Cartel &#8216;Semana Santa 2019&#8217;"}]},{"@type":"WebSite","@id":"https:\/\/fundacioncajaruraldelsur.com\/#website","url":"https:\/\/fundacioncajaruraldelsur.com\/","name":"Funda\u00e7\u00e3o Caja Rural del Sur","description":"","potentialAction":[{"@type":"SearchAction","target":{"@type":"EntryPoint","urlTemplate":"https:\/\/fundacioncajaruraldelsur.com\/?s={search_term_string}"},"query-input":{"@type":"PropertyValueSpecification","valueRequired":true,"valueName":"search_term_string"}}],"inLanguage":"pt-PT"}]}},"_links":{"self":[{"href":"https:\/\/fundacioncajaruraldelsur.com\/pt\/wp-json\/wp\/v2\/tribe_events\/4314","targetHints":{"allow":["GET"]}}],"collection":[{"href":"https:\/\/fundacioncajaruraldelsur.com\/pt\/wp-json\/wp\/v2\/tribe_events"}],"about":[{"href":"https:\/\/fundacioncajaruraldelsur.com\/pt\/wp-json\/wp\/v2\/types\/tribe_events"}],"author":[{"embeddable":true,"href":"https:\/\/fundacioncajaruraldelsur.com\/pt\/wp-json\/wp\/v2\/users\/8"}],"version-history":[{"count":7,"href":"https:\/\/fundacioncajaruraldelsur.com\/pt\/wp-json\/wp\/v2\/tribe_events\/4314\/revisions"}],"predecessor-version":[{"id":4329,"href":"https:\/\/fundacioncajaruraldelsur.com\/pt\/wp-json\/wp\/v2\/tribe_events\/4314\/revisions\/4329"}],"wp:featuredmedia":[{"embeddable":true,"href":"https:\/\/fundacioncajaruraldelsur.com\/pt\/wp-json\/wp\/v2\/media\/4315"}],"wp:attachment":[{"href":"https:\/\/fundacioncajaruraldelsur.com\/pt\/wp-json\/wp\/v2\/media?parent=4314"}],"wp:term":[{"taxonomy":"post_tag","embeddable":true,"href":"https:\/\/fundacioncajaruraldelsur.com\/pt\/wp-json\/wp\/v2\/tags?post=4314"},{"taxonomy":"tribe_events_cat","embeddable":true,"href":"https:\/\/fundacioncajaruraldelsur.com\/pt\/wp-json\/wp\/v2\/tribe_events_cat?post=4314"}],"curies":[{"name":"wp","href":"https:\/\/api.w.org\/{rel}","templated":true}]}}