{"id":4270,"date":"2018-12-20T18:04:30","date_gmt":"2018-12-20T16:04:30","guid":{"rendered":"\/?post_type=tribe_events&#038;p=4270"},"modified":"2018-12-20T18:15:58","modified_gmt":"2018-12-20T16:15:58","slug":"cuentacuentos-musical-hamelin","status":"publish","type":"tribe_events","link":"https:\/\/fundacioncajaruraldelsur.com\/pt\/evento\/cuentacuentos-musical-hamelin\/","title":{"rendered":"Cuentacuentos musical: &#8216;Hamelin&#8217;"},"content":{"rendered":"<p>El pr\u00f3ximo 4 de enero acogemos en nuestro sal\u00f3n de actos de Huelva, el particular cuentacuentos musical <em><strong>Hamelin<\/strong><\/em>, de Les Buffons du Roi.\u00a0Un espect\u00e1culo en el que el p\u00fablico tambi\u00e9n es el protagonista y pensado especialmente para la diversi\u00f3n en familia.<\/p>\n<h4>TEATRO MUSICAL<\/h4>\n<p><a href=\"\/wp-content\/uploads\/2018\/12\/Hamelin_Cuentacuentos.jpg\" rel=\"lightbox-0\"><img loading=\"lazy\" decoding=\"async\" class=\"size-medium wp-image-4272 alignright\" src=\"\/wp-content\/uploads\/2018\/12\/Hamelin_Cuentacuentos-300x195.jpg\" alt=\"\" width=\"300\" height=\"195\" srcset=\"https:\/\/fundacioncajaruraldelsur.com\/wp-content\/uploads\/2018\/12\/Hamelin_Cuentacuentos-300x195.jpg 300w, https:\/\/fundacioncajaruraldelsur.com\/wp-content\/uploads\/2018\/12\/Hamelin_Cuentacuentos-768x499.jpg 768w, https:\/\/fundacioncajaruraldelsur.com\/wp-content\/uploads\/2018\/12\/Hamelin_Cuentacuentos-1024x666.jpg 1024w\" sizes=\"auto, (max-width: 300px) 100vw, 300px\" \/><\/a>Seg\u00fan el propio autor de la obra: \u00a0\u201c<strong>Hamelin<\/strong> es una ciudad hecha para ni\u00f1os, en la que la <strong>plaza Mayor<\/strong>\u00a0se llama <strong>plaza del C\u00f3lico del Lactante<\/strong>. Una ciudad algo disparatada donde nadie se levanta con el pi pi del despertador. Y su alocado alcalde,\u00a0<strong>Paolo Valdecantos Salvatorres<\/strong>, est\u00e1 enamorado de la concejala de la oposici\u00f3n Do\u00f1a Clotilde Ciruelo, que por supuesto, no le corresponde con su amor. Un d\u00eda, los ni\u00f1os sufren peque\u00f1as mordeduras en su dedos. Se trata de peque\u00f1os roedores. El alcalde entonces llamar\u00e1 a Pitbull para encantar a los ratones y que desaparezcan de Hamelin. Y a partir de aqu\u00ed empiezan las sorpresas\u201d.<\/p>\n<h4><strong>LES BUFFONS DU ROI<\/strong><\/h4>\n<p><strong>Jos\u00e9 Miguel Torres<\/strong> es un actor onubense cuyo alter ego es <em>Les Buffons du Roi<\/em>, nombre que recibe su <strong>grupo de teatro de Huelva<\/strong> capital que dirige, integrado por ni\u00f1os y adultos. El equipo de <em>Los Bufones del Rey<\/em>, como se traduce en espa\u00f1ol, est\u00e1 formado por doce miembros\u00a0entre actores, actrices, t\u00e9cnicos, sastre y directora de arte.<\/p>\n<p>Las obras esc\u00e9nicas de la compa\u00f1\u00eda est\u00e1n encuadradas dentro del <strong>g\u00e9nero musical y destinadas a todos los p\u00fablicos<\/strong>, tanto ni\u00f1os como mayores, haciendo que sus actuaciones sean una diversi\u00f3n asegurada para el p\u00fablico asistente, que siempre acaba formando parte del propio espect\u00e1culo.<\/p>","protected":false},"excerpt":{"rendered":"<p>El pr\u00f3ximo 4 de enero acogemos en nuestro sal\u00f3n de actos de Huelva, el particular cuentacuentos musical Hamelin, de Les Buffons du Roi.\u00a0Un espect\u00e1culo en el que el p\u00fablico tambi\u00e9n [&hellip;]<\/p>\n","protected":false},"author":8,"featured_media":4277,"template":"","meta":{"_tribe_events_status":"","_tribe_events_status_reason":"","_tribe_events_is_hybrid":"","_tribe_events_is_virtual":"","_tribe_events_virtual_video_source":"","_tribe_events_virtual_embed_video":"","_tribe_events_virtual_linked_button_text":"","_tribe_events_virtual_linked_button":"","_tribe_events_virtual_show_embed_at":"","_tribe_events_virtual_show_embed_to":[],"_tribe_events_virtual_show_on_event":"","_tribe_events_virtual_show_on_views":"","_tribe_events_virtual_url":"","footnotes":""},"tags":[232,168,235,234,233],"tribe_events_cat":[63],"class_list":["post-4270","tribe_events","type-tribe_events","status-publish","has-post-thumbnail","hentry","tag-hamelin","tag-huelva","tag-jose-miguel-torres","tag-les-buffons-du-roi","tag-teatro-musical","tribe_events_cat-accion-social","cat_accion-social"],"yoast_head":"<!-- This site is optimized with the Yoast SEO plugin v27.3 - https:\/\/yoast.com\/product\/yoast-seo-wordpress\/ -->\n<title>Cuentacuentos musical: &#039;Hamelin&#039; - Fundaci\u00f3n Caja Rural del Sur<\/title>\n<meta name=\"description\" content=\"Les Buffons du Roi llega a nuestro sal\u00f3n de actos de la mano de &#039;Hamelin&#039;, un espect\u00e1culo pensado especialmente para la diversi\u00f3n familia.\" \/>\n<meta name=\"robots\" content=\"index, follow, max-snippet:-1, max-image-preview:large, max-video-preview:-1\" \/>\n<link rel=\"canonical\" href=\"https:\/\/fundacioncajaruraldelsur.com\/pt\/evento\/cuentacuentos-musical-hamelin\/\" \/>\n<meta property=\"og:locale\" content=\"pt_PT\" \/>\n<meta property=\"og:type\" content=\"article\" \/>\n<meta property=\"og:title\" content=\"Cuentacuentos musical: &#039;Hamelin&#039; - Fundaci\u00f3n Caja Rural del Sur\" \/>\n<meta property=\"og:description\" content=\"Les Buffons du Roi llega a nuestro sal\u00f3n de actos de la mano de &#039;Hamelin&#039;, un espect\u00e1culo pensado especialmente para la diversi\u00f3n familia.\" \/>\n<meta property=\"og:url\" content=\"https:\/\/fundacioncajaruraldelsur.com\/pt\/evento\/cuentacuentos-musical-hamelin\/\" \/>\n<meta property=\"og:site_name\" content=\"Fundaci\u00f3n Caja Rural del Sur\" \/>\n<meta property=\"article:modified_time\" content=\"2018-12-20T16:15:58+00:00\" \/>\n<meta property=\"og:image\" content=\"https:\/\/fundacioncajaruraldelsur.com\/wp-content\/uploads\/2018\/12\/Hamelin_Cuentacuentos-1.jpg\" \/>\n\t<meta property=\"og:image:width\" content=\"1925\" \/>\n\t<meta property=\"og:image:height\" content=\"500\" \/>\n\t<meta property=\"og:image:type\" content=\"image\/jpeg\" \/>\n<meta name=\"twitter:card\" content=\"summary_large_image\" \/>\n<meta name=\"twitter:label1\" content=\"Est. reading time\" \/>\n\t<meta name=\"twitter:data1\" content=\"1 minute\" \/>\n<script type=\"application\/ld+json\" class=\"yoast-schema-graph\">{\"@context\":\"https:\\\/\\\/schema.org\",\"@graph\":[{\"@type\":\"WebPage\",\"@id\":\"https:\\\/\\\/fundacioncajaruraldelsur.com\\\/evento\\\/cuentacuentos-musical-hamelin\\\/\",\"url\":\"https:\\\/\\\/fundacioncajaruraldelsur.com\\\/evento\\\/cuentacuentos-musical-hamelin\\\/\",\"name\":\"Cuentacuentos musical: 'Hamelin' - Fundaci\u00f3n Caja Rural del Sur\",\"isPartOf\":{\"@id\":\"https:\\\/\\\/fundacioncajaruraldelsur.com\\\/#website\"},\"primaryImageOfPage\":{\"@id\":\"https:\\\/\\\/fundacioncajaruraldelsur.com\\\/evento\\\/cuentacuentos-musical-hamelin\\\/#primaryimage\"},\"image\":{\"@id\":\"https:\\\/\\\/fundacioncajaruraldelsur.com\\\/evento\\\/cuentacuentos-musical-hamelin\\\/#primaryimage\"},\"thumbnailUrl\":\"https:\\\/\\\/fundacioncajaruraldelsur.com\\\/wp-content\\\/uploads\\\/2018\\\/12\\\/Hamelin_Cuentacuentos-1.jpg\",\"datePublished\":\"2018-12-20T16:04:30+00:00\",\"dateModified\":\"2018-12-20T16:15:58+00:00\",\"description\":\"Les Buffons du Roi llega a nuestro sal\u00f3n de actos de la mano de 'Hamelin', un espect\u00e1culo pensado especialmente para la diversi\u00f3n familia.\",\"breadcrumb\":{\"@id\":\"https:\\\/\\\/fundacioncajaruraldelsur.com\\\/evento\\\/cuentacuentos-musical-hamelin\\\/#breadcrumb\"},\"inLanguage\":\"pt-PT\",\"potentialAction\":[{\"@type\":\"ReadAction\",\"target\":[\"https:\\\/\\\/fundacioncajaruraldelsur.com\\\/evento\\\/cuentacuentos-musical-hamelin\\\/\"]}]},{\"@type\":\"ImageObject\",\"inLanguage\":\"pt-PT\",\"@id\":\"https:\\\/\\\/fundacioncajaruraldelsur.com\\\/evento\\\/cuentacuentos-musical-hamelin\\\/#primaryimage\",\"url\":\"https:\\\/\\\/fundacioncajaruraldelsur.com\\\/wp-content\\\/uploads\\\/2018\\\/12\\\/Hamelin_Cuentacuentos-1.jpg\",\"contentUrl\":\"https:\\\/\\\/fundacioncajaruraldelsur.com\\\/wp-content\\\/uploads\\\/2018\\\/12\\\/Hamelin_Cuentacuentos-1.jpg\",\"width\":1925,\"height\":500},{\"@type\":\"BreadcrumbList\",\"@id\":\"https:\\\/\\\/fundacioncajaruraldelsur.com\\\/evento\\\/cuentacuentos-musical-hamelin\\\/#breadcrumb\",\"itemListElement\":[{\"@type\":\"ListItem\",\"position\":1,\"name\":\"Portada\",\"item\":\"https:\\\/\\\/fundacioncajaruraldelsur.com\\\/\"},{\"@type\":\"ListItem\",\"position\":2,\"name\":\"Eventos\",\"item\":\"https:\\\/\\\/fundacioncajaruraldelsur.com\\\/eventos\\\/\"},{\"@type\":\"ListItem\",\"position\":3,\"name\":\"Cuentacuentos musical: &#8216;Hamelin&#8217;\"}]},{\"@type\":\"WebSite\",\"@id\":\"https:\\\/\\\/fundacioncajaruraldelsur.com\\\/#website\",\"url\":\"https:\\\/\\\/fundacioncajaruraldelsur.com\\\/\",\"name\":\"Fundaci\u00f3n Caja Rural del Sur\",\"description\":\"\",\"potentialAction\":[{\"@type\":\"SearchAction\",\"target\":{\"@type\":\"EntryPoint\",\"urlTemplate\":\"https:\\\/\\\/fundacioncajaruraldelsur.com\\\/?s={search_term_string}\"},\"query-input\":{\"@type\":\"PropertyValueSpecification\",\"valueRequired\":true,\"valueName\":\"search_term_string\"}}],\"inLanguage\":\"pt-PT\"}]}<\/script>\n<!-- \/ Yoast SEO plugin. -->","yoast_head_json":{"title":"Cuentacuentos musical: 'Hamelin' - Fundaci\u00f3n Caja Rural del Sur","description":"Les Buffons du Roi llega a nuestro sal\u00f3n de actos de la mano de 'Hamelin', un espect\u00e1culo pensado especialmente para la diversi\u00f3n familia.","robots":{"index":"index","follow":"follow","max-snippet":"max-snippet:-1","max-image-preview":"max-image-preview:large","max-video-preview":"max-video-preview:-1"},"canonical":"https:\/\/fundacioncajaruraldelsur.com\/pt\/evento\/cuentacuentos-musical-hamelin\/","og_locale":"pt_PT","og_type":"article","og_title":"Cuentacuentos musical: 'Hamelin' - Fundaci\u00f3n Caja Rural del Sur","og_description":"Les Buffons du Roi llega a nuestro sal\u00f3n de actos de la mano de 'Hamelin', un espect\u00e1culo pensado especialmente para la diversi\u00f3n familia.","og_url":"https:\/\/fundacioncajaruraldelsur.com\/pt\/evento\/cuentacuentos-musical-hamelin\/","og_site_name":"Fundaci\u00f3n Caja Rural del Sur","article_modified_time":"2018-12-20T16:15:58+00:00","og_image":[{"width":1925,"height":500,"url":"https:\/\/fundacioncajaruraldelsur.com\/wp-content\/uploads\/2018\/12\/Hamelin_Cuentacuentos-1.jpg","type":"image\/jpeg"}],"twitter_card":"summary_large_image","twitter_misc":{"Est. reading time":"1 minute"},"schema":{"@context":"https:\/\/schema.org","@graph":[{"@type":"WebPage","@id":"https:\/\/fundacioncajaruraldelsur.com\/evento\/cuentacuentos-musical-hamelin\/","url":"https:\/\/fundacioncajaruraldelsur.com\/evento\/cuentacuentos-musical-hamelin\/","name":"Cuentacuentos musical: 'Hamelin' - Fundaci\u00f3n Caja Rural del Sur","isPartOf":{"@id":"https:\/\/fundacioncajaruraldelsur.com\/#website"},"primaryImageOfPage":{"@id":"https:\/\/fundacioncajaruraldelsur.com\/evento\/cuentacuentos-musical-hamelin\/#primaryimage"},"image":{"@id":"https:\/\/fundacioncajaruraldelsur.com\/evento\/cuentacuentos-musical-hamelin\/#primaryimage"},"thumbnailUrl":"https:\/\/fundacioncajaruraldelsur.com\/wp-content\/uploads\/2018\/12\/Hamelin_Cuentacuentos-1.jpg","datePublished":"2018-12-20T16:04:30+00:00","dateModified":"2018-12-20T16:15:58+00:00","description":"Les Buffons du Roi llega a nuestro sal\u00f3n de actos de la mano de 'Hamelin', un espect\u00e1culo pensado especialmente para la diversi\u00f3n familia.","breadcrumb":{"@id":"https:\/\/fundacioncajaruraldelsur.com\/evento\/cuentacuentos-musical-hamelin\/#breadcrumb"},"inLanguage":"pt-PT","potentialAction":[{"@type":"ReadAction","target":["https:\/\/fundacioncajaruraldelsur.com\/evento\/cuentacuentos-musical-hamelin\/"]}]},{"@type":"ImageObject","inLanguage":"pt-PT","@id":"https:\/\/fundacioncajaruraldelsur.com\/evento\/cuentacuentos-musical-hamelin\/#primaryimage","url":"https:\/\/fundacioncajaruraldelsur.com\/wp-content\/uploads\/2018\/12\/Hamelin_Cuentacuentos-1.jpg","contentUrl":"https:\/\/fundacioncajaruraldelsur.com\/wp-content\/uploads\/2018\/12\/Hamelin_Cuentacuentos-1.jpg","width":1925,"height":500},{"@type":"BreadcrumbList","@id":"https:\/\/fundacioncajaruraldelsur.com\/evento\/cuentacuentos-musical-hamelin\/#breadcrumb","itemListElement":[{"@type":"ListItem","position":1,"name":"Portada","item":"https:\/\/fundacioncajaruraldelsur.com\/"},{"@type":"ListItem","position":2,"name":"Eventos","item":"https:\/\/fundacioncajaruraldelsur.com\/eventos\/"},{"@type":"ListItem","position":3,"name":"Cuentacuentos musical: &#8216;Hamelin&#8217;"}]},{"@type":"WebSite","@id":"https:\/\/fundacioncajaruraldelsur.com\/#website","url":"https:\/\/fundacioncajaruraldelsur.com\/","name":"Funda\u00e7\u00e3o Caja Rural del Sur","description":"","potentialAction":[{"@type":"SearchAction","target":{"@type":"EntryPoint","urlTemplate":"https:\/\/fundacioncajaruraldelsur.com\/?s={search_term_string}"},"query-input":{"@type":"PropertyValueSpecification","valueRequired":true,"valueName":"search_term_string"}}],"inLanguage":"pt-PT"}]}},"_links":{"self":[{"href":"https:\/\/fundacioncajaruraldelsur.com\/pt\/wp-json\/wp\/v2\/tribe_events\/4270","targetHints":{"allow":["GET"]}}],"collection":[{"href":"https:\/\/fundacioncajaruraldelsur.com\/pt\/wp-json\/wp\/v2\/tribe_events"}],"about":[{"href":"https:\/\/fundacioncajaruraldelsur.com\/pt\/wp-json\/wp\/v2\/types\/tribe_events"}],"author":[{"embeddable":true,"href":"https:\/\/fundacioncajaruraldelsur.com\/pt\/wp-json\/wp\/v2\/users\/8"}],"version-history":[{"count":3,"href":"https:\/\/fundacioncajaruraldelsur.com\/pt\/wp-json\/wp\/v2\/tribe_events\/4270\/revisions"}],"predecessor-version":[{"id":4276,"href":"https:\/\/fundacioncajaruraldelsur.com\/pt\/wp-json\/wp\/v2\/tribe_events\/4270\/revisions\/4276"}],"wp:featuredmedia":[{"embeddable":true,"href":"https:\/\/fundacioncajaruraldelsur.com\/pt\/wp-json\/wp\/v2\/media\/4277"}],"wp:attachment":[{"href":"https:\/\/fundacioncajaruraldelsur.com\/pt\/wp-json\/wp\/v2\/media?parent=4270"}],"wp:term":[{"taxonomy":"post_tag","embeddable":true,"href":"https:\/\/fundacioncajaruraldelsur.com\/pt\/wp-json\/wp\/v2\/tags?post=4270"},{"taxonomy":"tribe_events_cat","embeddable":true,"href":"https:\/\/fundacioncajaruraldelsur.com\/pt\/wp-json\/wp\/v2\/tribe_events_cat?post=4270"}],"curies":[{"name":"wp","href":"https:\/\/api.w.org\/{rel}","templated":true}]}}