{"id":2384,"date":"2015-04-20T09:27:35","date_gmt":"2015-04-20T09:27:35","guid":{"rendered":"\/?post_type=tribe_events&#038;p=2384"},"modified":"2015-04-20T09:27:35","modified_gmt":"2015-04-20T09:27:35","slug":"la-escuela-leon-ortega-sorprende-por-la-diversidad-en-su-exposicion-colectiva-anual-en-la-fundacion-caja-rural-del-sur","status":"publish","type":"tribe_events","link":"https:\/\/fundacioncajaruraldelsur.com\/pt\/evento\/la-escuela-leon-ortega-sorprende-por-la-diversidad-en-su-exposicion-colectiva-anual-en-la-fundacion-caja-rural-del-sur\/","title":{"rendered":"LA ESCUELA \u2018LE\u00d3N ORTEGA\u2019 SORPRENDE POR LA DIVERSIDAD EN SU EXPOSICI\u00d3N COLECTIVA ANUAL EN LA FUNDACI\u00d3N CAJA RURAL DEL SUR"},"content":{"rendered":"<h6>Alfonso Aramburu present\u00f3 la muestra de la Escuela &#8216;Le\u00f3n Ortega&#8217; en la Fundaci\u00f3n Caja Rural del Sur<\/h6>\n<p><strong>El responsable del Departamento de Extensi\u00f3n Cultural y Promoci\u00f3n Art\u00edstica explic\u00f3 porque han denominado la muestra \u2018El objeto imaginario\u2019<\/strong><\/p>\n<p>Las obras de profesores y alumnos de la Escuela de Arte \u2018Le\u00f3n Ortega\u2019 de Huelva est\u00e1n ya expuesta en la sala de exposiciones del Centro Cultural de Caja Rural del Sur, en la calle Mora Claros, y se puede visitar hasta el pr\u00f3ximo 30 de mayo. En su inauguraci\u00f3n, Alfonso Aramburu, asesor de la Fundaci\u00f3n Caja Rural del Sur en su ciclo dedicado a las Artes Pl\u00e1sticas, defini\u00f3 como \u201cun exceso de imaginaci\u00f3n y muy diversa\u201d el conjunto de lo que se muestra por la Escuela \u2018Le\u00f3n Ortega\u2019 en esta ocasi\u00f3n: \u201cUn reflejo\u00a0 de la libertad \u00a0-comentaba- que aqu\u00ed expone\u201d porque \u201cla imaginaci\u00f3n da libertad y esto es uno de los grandes atractivos de las personas\u201d.<\/p>\n<p>El director de la Escuela de Arte \u2018Le\u00f3n Ortega\u2019, Antonio Garc\u00eda G\u00f3mez agradeci\u00f3 a la Fundaci\u00f3n Caja Rural del Sur que vuelva a acoger los trabajos de sus alumnos y profesores en su sala y mostr\u00f3 su alegr\u00eda porque se pueda siga impartiendo en el pr\u00f3ximo curso el Grado de Dise\u00f1o de Producto. Y por su parte, el director del Departamento de Extensi\u00f3n Cultural y Promoci\u00f3n Art\u00edstica, Jos\u00e9 Francisco Corrales, centr\u00f3 su intervenci\u00f3n en explicar las razones que le hab\u00edan llevado a demonizar esta muestra como \u2018El objeto imaginario\u201d. \u00a0\u201cLa exposici\u00f3n colectiva que ya pueden contemplar los visitantes recoge las obras presentadas a la convocatoria realizada por nuestro Departamento \u00a0y en la l\u00ednea de otras muestras como \u201cArte-objeto fuera de serie\u201d, del curso 2007\/08, y \u201cArte-objeto imposible\u201d, del curso 2011\/12\u201d. Y a\u00f1ad\u00eda en su intervenci\u00f3n que cerraba el acto de inauguraci\u00f3n de la exposici\u00f3n colectiva que \u201cse ha buscado fomentar la investigaci\u00f3n pl\u00e1stica en torno a la capacidad formal y expresiva de los objetos, dando una \u201cuna vuelta de tuerca\u201d a las formas de lo cotidiano, ahondando y enriqueciendo as\u00ed sus significados. Las aportaciones de artistas invitados, profesores y grupos de alumnos coordinados se\u00a0 realizan desde\u00a0 la fotograf\u00eda, el dibujo, la cer\u00e1mica, la maqueta escult\u00f3rica o el<em> ready-made<\/em>\u201d<em>.<\/em><\/p>\n<p>Y tambi\u00e9n quiso dar las gracias a los participantes que han hecho posible la exposici\u00f3n, entre los que se encuentran: Carmen L\u00f3pez, Manuel Calvarro, Manolo Garrido, Marta de Pablos, Chata Terrades, David Belmonte, Teresa V\u00e1zquez, Mar\u00eda Jos\u00e9 Suero, Isabel Mart\u00edn, Arantxa Carcedo, In\u00e9s Higueras, Miriam Fern\u00e1ndez, Auxi Mauri\u00f1o y Jos\u00e9 F Corrales, y grupos de alumnado de Mobiliario, Volumen,\u00a0 Fotograf\u00eda y Dise\u00f1o de Producto, coordinados por Eva Fern\u00e1ndez, Elena Soto, Pablo Galiana, Miguel \u00c1ngel Grao y Jos\u00e9 Pedro Azn\u00e1rez.<\/p>","protected":false},"excerpt":{"rendered":"<p>Alfonso Aramburu present\u00f3 la muestra de la Escuela &#8216;Le\u00f3n Ortega&#8217; en la Fundaci\u00f3n Caja Rural del Sur El responsable del Departamento de Extensi\u00f3n Cultural y Promoci\u00f3n Art\u00edstica explic\u00f3 porque han [&hellip;]<\/p>\n","protected":false},"author":4,"featured_media":2385,"template":"","meta":{"_tribe_events_status":"","_tribe_events_status_reason":"","_tribe_events_is_hybrid":"","_tribe_events_is_virtual":"","_tribe_events_virtual_video_source":"","_tribe_events_virtual_embed_video":"","_tribe_events_virtual_linked_button_text":"","_tribe_events_virtual_linked_button":"","_tribe_events_virtual_show_embed_at":"","_tribe_events_virtual_show_embed_to":[],"_tribe_events_virtual_show_on_event":"","_tribe_events_virtual_show_on_views":"","_tribe_events_virtual_url":"","footnotes":""},"tags":[],"tribe_events_cat":[62],"class_list":["post-2384","tribe_events","type-tribe_events","status-publish","has-post-thumbnail","hentry","tribe_events_cat-exposiciones","cat_exposiciones"],"yoast_head":"<!-- This site is optimized with the Yoast SEO plugin v27.3 - https:\/\/yoast.com\/product\/yoast-seo-wordpress\/ -->\n<title>LA ESCUELA \u2018LE\u00d3N ORTEGA\u2019 SORPRENDE POR LA DIVERSIDAD EN SU EXPOSICI\u00d3N COLECTIVA ANUAL EN LA FUNDACI\u00d3N CAJA RURAL DEL SUR - Fundaci\u00f3n Caja Rural del Sur<\/title>\n<meta name=\"robots\" content=\"index, follow, max-snippet:-1, max-image-preview:large, max-video-preview:-1\" \/>\n<link rel=\"canonical\" href=\"https:\/\/fundacioncajaruraldelsur.com\/pt\/evento\/la-escuela-leon-ortega-sorprende-por-la-diversidad-en-su-exposicion-colectiva-anual-en-la-fundacion-caja-rural-del-sur\/\" \/>\n<meta property=\"og:locale\" content=\"pt_PT\" \/>\n<meta property=\"og:type\" content=\"article\" \/>\n<meta property=\"og:title\" content=\"LA ESCUELA \u2018LE\u00d3N ORTEGA\u2019 SORPRENDE POR LA DIVERSIDAD EN SU EXPOSICI\u00d3N COLECTIVA ANUAL EN LA FUNDACI\u00d3N CAJA RURAL DEL SUR - Fundaci\u00f3n Caja Rural del Sur\" \/>\n<meta property=\"og:description\" content=\"Alfonso Aramburu present\u00f3 la muestra de la Escuela &#8216;Le\u00f3n Ortega&#8217; en la Fundaci\u00f3n Caja Rural del Sur El responsable del Departamento de Extensi\u00f3n Cultural y Promoci\u00f3n Art\u00edstica explic\u00f3 porque han [&hellip;]\" \/>\n<meta property=\"og:url\" content=\"https:\/\/fundacioncajaruraldelsur.com\/pt\/evento\/la-escuela-leon-ortega-sorprende-por-la-diversidad-en-su-exposicion-colectiva-anual-en-la-fundacion-caja-rural-del-sur\/\" \/>\n<meta property=\"og:site_name\" content=\"Fundaci\u00f3n Caja Rural del Sur\" \/>\n<meta property=\"og:image\" content=\"https:\/\/fundacioncajaruraldelsur.com\/wp-content\/uploads\/2015\/04\/140521.-Alfonso-Aramburu-present\u00f3-la-muestra-de-la-Escuela-Le\u00f3n-Ortega-en-la-Fundaci\u00f3n-Caja-Rural-del-Sur.jpg\" \/>\n\t<meta property=\"og:image:width\" content=\"2592\" \/>\n\t<meta property=\"og:image:height\" content=\"1936\" \/>\n\t<meta property=\"og:image:type\" content=\"image\/jpeg\" \/>\n<meta name=\"twitter:card\" content=\"summary_large_image\" \/>\n<meta name=\"twitter:label1\" content=\"Est. reading time\" \/>\n\t<meta name=\"twitter:data1\" content=\"2 minutes\" \/>\n<script type=\"application\/ld+json\" class=\"yoast-schema-graph\">{\"@context\":\"https:\\\/\\\/schema.org\",\"@graph\":[{\"@type\":\"WebPage\",\"@id\":\"https:\\\/\\\/fundacioncajaruraldelsur.com\\\/evento\\\/la-escuela-leon-ortega-sorprende-por-la-diversidad-en-su-exposicion-colectiva-anual-en-la-fundacion-caja-rural-del-sur\\\/\",\"url\":\"https:\\\/\\\/fundacioncajaruraldelsur.com\\\/evento\\\/la-escuela-leon-ortega-sorprende-por-la-diversidad-en-su-exposicion-colectiva-anual-en-la-fundacion-caja-rural-del-sur\\\/\",\"name\":\"LA ESCUELA \u2018LE\u00d3N ORTEGA\u2019 SORPRENDE POR LA DIVERSIDAD EN SU EXPOSICI\u00d3N COLECTIVA ANUAL EN LA FUNDACI\u00d3N CAJA RURAL DEL SUR - Fundaci\u00f3n Caja Rural del Sur\",\"isPartOf\":{\"@id\":\"https:\\\/\\\/fundacioncajaruraldelsur.com\\\/#website\"},\"primaryImageOfPage\":{\"@id\":\"https:\\\/\\\/fundacioncajaruraldelsur.com\\\/evento\\\/la-escuela-leon-ortega-sorprende-por-la-diversidad-en-su-exposicion-colectiva-anual-en-la-fundacion-caja-rural-del-sur\\\/#primaryimage\"},\"image\":{\"@id\":\"https:\\\/\\\/fundacioncajaruraldelsur.com\\\/evento\\\/la-escuela-leon-ortega-sorprende-por-la-diversidad-en-su-exposicion-colectiva-anual-en-la-fundacion-caja-rural-del-sur\\\/#primaryimage\"},\"thumbnailUrl\":\"https:\\\/\\\/fundacioncajaruraldelsur.com\\\/wp-content\\\/uploads\\\/2015\\\/04\\\/140521.-Alfonso-Aramburu-present\u00f3-la-muestra-de-la-Escuela-Le\u00f3n-Ortega-en-la-Fundaci\u00f3n-Caja-Rural-del-Sur.jpg\",\"datePublished\":\"2015-04-20T09:27:35+00:00\",\"breadcrumb\":{\"@id\":\"https:\\\/\\\/fundacioncajaruraldelsur.com\\\/evento\\\/la-escuela-leon-ortega-sorprende-por-la-diversidad-en-su-exposicion-colectiva-anual-en-la-fundacion-caja-rural-del-sur\\\/#breadcrumb\"},\"inLanguage\":\"pt-PT\",\"potentialAction\":[{\"@type\":\"ReadAction\",\"target\":[\"https:\\\/\\\/fundacioncajaruraldelsur.com\\\/evento\\\/la-escuela-leon-ortega-sorprende-por-la-diversidad-en-su-exposicion-colectiva-anual-en-la-fundacion-caja-rural-del-sur\\\/\"]}]},{\"@type\":\"ImageObject\",\"inLanguage\":\"pt-PT\",\"@id\":\"https:\\\/\\\/fundacioncajaruraldelsur.com\\\/evento\\\/la-escuela-leon-ortega-sorprende-por-la-diversidad-en-su-exposicion-colectiva-anual-en-la-fundacion-caja-rural-del-sur\\\/#primaryimage\",\"url\":\"https:\\\/\\\/fundacioncajaruraldelsur.com\\\/wp-content\\\/uploads\\\/2015\\\/04\\\/140521.-Alfonso-Aramburu-present\u00f3-la-muestra-de-la-Escuela-Le\u00f3n-Ortega-en-la-Fundaci\u00f3n-Caja-Rural-del-Sur.jpg\",\"contentUrl\":\"https:\\\/\\\/fundacioncajaruraldelsur.com\\\/wp-content\\\/uploads\\\/2015\\\/04\\\/140521.-Alfonso-Aramburu-present\u00f3-la-muestra-de-la-Escuela-Le\u00f3n-Ortega-en-la-Fundaci\u00f3n-Caja-Rural-del-Sur.jpg\",\"width\":2592,\"height\":1936},{\"@type\":\"BreadcrumbList\",\"@id\":\"https:\\\/\\\/fundacioncajaruraldelsur.com\\\/evento\\\/la-escuela-leon-ortega-sorprende-por-la-diversidad-en-su-exposicion-colectiva-anual-en-la-fundacion-caja-rural-del-sur\\\/#breadcrumb\",\"itemListElement\":[{\"@type\":\"ListItem\",\"position\":1,\"name\":\"Portada\",\"item\":\"https:\\\/\\\/fundacioncajaruraldelsur.com\\\/\"},{\"@type\":\"ListItem\",\"position\":2,\"name\":\"Eventos\",\"item\":\"https:\\\/\\\/fundacioncajaruraldelsur.com\\\/eventos\\\/\"},{\"@type\":\"ListItem\",\"position\":3,\"name\":\"LA ESCUELA \u2018LE\u00d3N ORTEGA\u2019 SORPRENDE POR LA DIVERSIDAD EN SU EXPOSICI\u00d3N COLECTIVA ANUAL EN LA FUNDACI\u00d3N CAJA RURAL DEL SUR\"}]},{\"@type\":\"WebSite\",\"@id\":\"https:\\\/\\\/fundacioncajaruraldelsur.com\\\/#website\",\"url\":\"https:\\\/\\\/fundacioncajaruraldelsur.com\\\/\",\"name\":\"Fundaci\u00f3n Caja Rural del Sur\",\"description\":\"\",\"potentialAction\":[{\"@type\":\"SearchAction\",\"target\":{\"@type\":\"EntryPoint\",\"urlTemplate\":\"https:\\\/\\\/fundacioncajaruraldelsur.com\\\/?s={search_term_string}\"},\"query-input\":{\"@type\":\"PropertyValueSpecification\",\"valueRequired\":true,\"valueName\":\"search_term_string\"}}],\"inLanguage\":\"pt-PT\"}]}<\/script>\n<!-- \/ Yoast SEO plugin. -->","yoast_head_json":{"title":"LA ESCUELA \u2018LE\u00d3N ORTEGA\u2019 SORPRENDE POR LA DIVERSIDAD EN SU EXPOSICI\u00d3N COLECTIVA ANUAL EN LA FUNDACI\u00d3N CAJA RURAL DEL SUR - Fundaci\u00f3n Caja Rural del Sur","robots":{"index":"index","follow":"follow","max-snippet":"max-snippet:-1","max-image-preview":"max-image-preview:large","max-video-preview":"max-video-preview:-1"},"canonical":"https:\/\/fundacioncajaruraldelsur.com\/pt\/evento\/la-escuela-leon-ortega-sorprende-por-la-diversidad-en-su-exposicion-colectiva-anual-en-la-fundacion-caja-rural-del-sur\/","og_locale":"pt_PT","og_type":"article","og_title":"LA ESCUELA \u2018LE\u00d3N ORTEGA\u2019 SORPRENDE POR LA DIVERSIDAD EN SU EXPOSICI\u00d3N COLECTIVA ANUAL EN LA FUNDACI\u00d3N CAJA RURAL DEL SUR - Fundaci\u00f3n Caja Rural del Sur","og_description":"Alfonso Aramburu present\u00f3 la muestra de la Escuela &#8216;Le\u00f3n Ortega&#8217; en la Fundaci\u00f3n Caja Rural del Sur El responsable del Departamento de Extensi\u00f3n Cultural y Promoci\u00f3n Art\u00edstica explic\u00f3 porque han [&hellip;]","og_url":"https:\/\/fundacioncajaruraldelsur.com\/pt\/evento\/la-escuela-leon-ortega-sorprende-por-la-diversidad-en-su-exposicion-colectiva-anual-en-la-fundacion-caja-rural-del-sur\/","og_site_name":"Fundaci\u00f3n Caja Rural del Sur","og_image":[{"width":2592,"height":1936,"url":"https:\/\/fundacioncajaruraldelsur.com\/wp-content\/uploads\/2015\/04\/140521.-Alfonso-Aramburu-present\u00f3-la-muestra-de-la-Escuela-Le\u00f3n-Ortega-en-la-Fundaci\u00f3n-Caja-Rural-del-Sur.jpg","type":"image\/jpeg"}],"twitter_card":"summary_large_image","twitter_misc":{"Est. reading time":"2 minutes"},"schema":{"@context":"https:\/\/schema.org","@graph":[{"@type":"WebPage","@id":"https:\/\/fundacioncajaruraldelsur.com\/evento\/la-escuela-leon-ortega-sorprende-por-la-diversidad-en-su-exposicion-colectiva-anual-en-la-fundacion-caja-rural-del-sur\/","url":"https:\/\/fundacioncajaruraldelsur.com\/evento\/la-escuela-leon-ortega-sorprende-por-la-diversidad-en-su-exposicion-colectiva-anual-en-la-fundacion-caja-rural-del-sur\/","name":"LA ESCUELA \u2018LE\u00d3N ORTEGA\u2019 SORPRENDE POR LA DIVERSIDAD EN SU EXPOSICI\u00d3N COLECTIVA ANUAL EN LA FUNDACI\u00d3N CAJA RURAL DEL SUR - Fundaci\u00f3n Caja Rural del Sur","isPartOf":{"@id":"https:\/\/fundacioncajaruraldelsur.com\/#website"},"primaryImageOfPage":{"@id":"https:\/\/fundacioncajaruraldelsur.com\/evento\/la-escuela-leon-ortega-sorprende-por-la-diversidad-en-su-exposicion-colectiva-anual-en-la-fundacion-caja-rural-del-sur\/#primaryimage"},"image":{"@id":"https:\/\/fundacioncajaruraldelsur.com\/evento\/la-escuela-leon-ortega-sorprende-por-la-diversidad-en-su-exposicion-colectiva-anual-en-la-fundacion-caja-rural-del-sur\/#primaryimage"},"thumbnailUrl":"https:\/\/fundacioncajaruraldelsur.com\/wp-content\/uploads\/2015\/04\/140521.-Alfonso-Aramburu-present\u00f3-la-muestra-de-la-Escuela-Le\u00f3n-Ortega-en-la-Fundaci\u00f3n-Caja-Rural-del-Sur.jpg","datePublished":"2015-04-20T09:27:35+00:00","breadcrumb":{"@id":"https:\/\/fundacioncajaruraldelsur.com\/evento\/la-escuela-leon-ortega-sorprende-por-la-diversidad-en-su-exposicion-colectiva-anual-en-la-fundacion-caja-rural-del-sur\/#breadcrumb"},"inLanguage":"pt-PT","potentialAction":[{"@type":"ReadAction","target":["https:\/\/fundacioncajaruraldelsur.com\/evento\/la-escuela-leon-ortega-sorprende-por-la-diversidad-en-su-exposicion-colectiva-anual-en-la-fundacion-caja-rural-del-sur\/"]}]},{"@type":"ImageObject","inLanguage":"pt-PT","@id":"https:\/\/fundacioncajaruraldelsur.com\/evento\/la-escuela-leon-ortega-sorprende-por-la-diversidad-en-su-exposicion-colectiva-anual-en-la-fundacion-caja-rural-del-sur\/#primaryimage","url":"https:\/\/fundacioncajaruraldelsur.com\/wp-content\/uploads\/2015\/04\/140521.-Alfonso-Aramburu-present\u00f3-la-muestra-de-la-Escuela-Le\u00f3n-Ortega-en-la-Fundaci\u00f3n-Caja-Rural-del-Sur.jpg","contentUrl":"https:\/\/fundacioncajaruraldelsur.com\/wp-content\/uploads\/2015\/04\/140521.-Alfonso-Aramburu-present\u00f3-la-muestra-de-la-Escuela-Le\u00f3n-Ortega-en-la-Fundaci\u00f3n-Caja-Rural-del-Sur.jpg","width":2592,"height":1936},{"@type":"BreadcrumbList","@id":"https:\/\/fundacioncajaruraldelsur.com\/evento\/la-escuela-leon-ortega-sorprende-por-la-diversidad-en-su-exposicion-colectiva-anual-en-la-fundacion-caja-rural-del-sur\/#breadcrumb","itemListElement":[{"@type":"ListItem","position":1,"name":"Portada","item":"https:\/\/fundacioncajaruraldelsur.com\/"},{"@type":"ListItem","position":2,"name":"Eventos","item":"https:\/\/fundacioncajaruraldelsur.com\/eventos\/"},{"@type":"ListItem","position":3,"name":"LA ESCUELA \u2018LE\u00d3N ORTEGA\u2019 SORPRENDE POR LA DIVERSIDAD EN SU EXPOSICI\u00d3N COLECTIVA ANUAL EN LA FUNDACI\u00d3N CAJA RURAL DEL SUR"}]},{"@type":"WebSite","@id":"https:\/\/fundacioncajaruraldelsur.com\/#website","url":"https:\/\/fundacioncajaruraldelsur.com\/","name":"Funda\u00e7\u00e3o Caja Rural del Sur","description":"","potentialAction":[{"@type":"SearchAction","target":{"@type":"EntryPoint","urlTemplate":"https:\/\/fundacioncajaruraldelsur.com\/?s={search_term_string}"},"query-input":{"@type":"PropertyValueSpecification","valueRequired":true,"valueName":"search_term_string"}}],"inLanguage":"pt-PT"}]}},"_links":{"self":[{"href":"https:\/\/fundacioncajaruraldelsur.com\/pt\/wp-json\/wp\/v2\/tribe_events\/2384","targetHints":{"allow":["GET"]}}],"collection":[{"href":"https:\/\/fundacioncajaruraldelsur.com\/pt\/wp-json\/wp\/v2\/tribe_events"}],"about":[{"href":"https:\/\/fundacioncajaruraldelsur.com\/pt\/wp-json\/wp\/v2\/types\/tribe_events"}],"author":[{"embeddable":true,"href":"https:\/\/fundacioncajaruraldelsur.com\/pt\/wp-json\/wp\/v2\/users\/4"}],"version-history":[{"count":0,"href":"https:\/\/fundacioncajaruraldelsur.com\/pt\/wp-json\/wp\/v2\/tribe_events\/2384\/revisions"}],"wp:featuredmedia":[{"embeddable":true,"href":"https:\/\/fundacioncajaruraldelsur.com\/pt\/wp-json\/wp\/v2\/media\/2385"}],"wp:attachment":[{"href":"https:\/\/fundacioncajaruraldelsur.com\/pt\/wp-json\/wp\/v2\/media?parent=2384"}],"wp:term":[{"taxonomy":"post_tag","embeddable":true,"href":"https:\/\/fundacioncajaruraldelsur.com\/pt\/wp-json\/wp\/v2\/tags?post=2384"},{"taxonomy":"tribe_events_cat","embeddable":true,"href":"https:\/\/fundacioncajaruraldelsur.com\/pt\/wp-json\/wp\/v2\/tribe_events_cat?post=2384"}],"curies":[{"name":"wp","href":"https:\/\/api.w.org\/{rel}","templated":true}]}}