{"id":2286,"date":"2015-03-13T14:01:39","date_gmt":"2015-03-13T14:01:39","guid":{"rendered":"\/?post_type=tribe_events&#038;p=2286"},"modified":"2015-03-13T14:08:29","modified_gmt":"2015-03-13T14:08:29","slug":"fundacion-caja-rural-del-sur-patrocina-la-exposicion-en-sevilla-homenaje-a-jose-saramago","status":"publish","type":"tribe_events","link":"https:\/\/fundacioncajaruraldelsur.com\/pt\/evento\/fundacion-caja-rural-del-sur-patrocina-la-exposicion-en-sevilla-homenaje-a-jose-saramago\/","title":{"rendered":"Fundaci\u00f3n Caja Rural del Sur patrocina la exposici\u00f3n en Sevilla homenaje a Jos\u00e9 Saramago"},"content":{"rendered":"<p>&nbsp;<\/p>\n<p><strong>Ha sido promovida por el Consulado de Portugal y han colaborado la Junta de Andaluc\u00eda, Diputaci\u00f3n Provincial y la Fundaci\u00f3n del premio nobel<\/strong><\/p>\n<p>Fundaci\u00f3n Caja Rural del Sur\u00a0colabora con la Exposici\u00f3n de fotograf\u00eda\u00a0\u201cLanzarote: La Ventana de Saramago\u201d, del fot\u00f3grafo portugu\u00e9s Francisco\u00a0Vilhena, inaugurada el pasado viernes por la presidenta de la Junta de Andaluc\u00eda, Susana D\u00edaz, el presidente de la entidad, Jos\u00e9 Luis Garc\u00eda Palacios, el c\u00f3nsul general de Portugal, Jorge\u00a0Monteiro, y el presidente de la Diputaci\u00f3n de Sevilla, Fernando\u00a0Rodr\u00edguez\u00a0Villalobos.<\/p>\n<p>La presidenta de la Junta de Andaluc\u00eda, Susana D\u00edaz, record\u00f3 en el acto de inauguraci\u00f3n que tuvo la oportunidad de conocer, de la mano de Pilar del R\u00edo, la Fundaci\u00f3n Jos\u00e9 Saramago, e\u00a0indic\u00f3\u00a0que \u00abcoincide con el escritor en la importancia de que Andaluc\u00eda y la hermana Portugal refuercen los v\u00ednculos\u00bb.\u00a0\u00abSaramago hubiera levantado la voz frente al\u00a0fanatismo\u00bb, dijo D\u00edaz.\u00a0Para la presidenta,\u00a0Saramago\u00a0nos traslad\u00f3 que la cultura ayuda a superar barreras y fronteras y ayuda a reforzar los v\u00ednculos entre los pueblos.<\/p>\n<p>Por su parte,\u00a0el presidente de Caja Rural del Sur, Jos\u00e9 Luis Garc\u00eda Palacios<strong>,<\/strong>\u00a0asegur\u00f3 que \u00abSaramago es una figura que, como hijo predilecto de Andaluc\u00eda,\u00a0sentimos los andaluces y espa\u00f1oles como alguien muy pr\u00f3ximo a nosotros, a nuestras costumbres, a nuestros paisajes, a nuestras im\u00e1genes. Sus vivencias y proximidad a Lanzarote, que tan bien se recoge en esta exposici\u00f3n,\u00a0va a permitir a cuantos la visiten conocer tambi\u00e9n al Jos\u00e9 Saramago persona\u00bb. Adem\u00e1s, Garc\u00eda Palacios\u00a0destac\u00f3\u00a0el buen resultado \u00abdel programa de implantaci\u00f3n del portugu\u00e9s como lengua extranjera que se desarrolla, bajo el nombre de Jos\u00e9 Saramago, en nueve centros andaluces de educaci\u00f3n secundaria, que acerca a ambos pa\u00edses\u00bb.<\/p>\n<p>Pilar del R\u00edo, viuda del escritor y presidenta de su Fundaci\u00f3n,\u00a0expres\u00f3 su agradecimiento por que la Casa de la Provincia acoja esta exposici\u00f3n y por la \u00absensibilidad\u00bb de la presidenta de la Junta. Confi\u00f3 en que la muestra pudiera llegar a otras provincias andaluzas, dado el cari\u00f1o de Saramago por esta comunidad. Record\u00f3 que precisamente el yacimiento granadino de Orce lo inspir\u00f3 para su novela &#8216;La balsa de piedra&#8217;, donde bautiz\u00f3 a uno de sus personajes como Pedro Orce.<\/p>\n<p>\u201cLanzarote: la ventana de Saramago\u00bbtiene dos niveles de exposici\u00f3n. En el primero, m\u00e1s intimista, recogen im\u00e1genes coloridas representando la apertura del escritor para el mundo, una interpretaci\u00f3n de Lanzarote como un nuevo instante emocional en la vida de Saramago. El segundo espacio, m\u00e1s amplio, est\u00e1 compuesto por fotos en blanco y negro del escritor. El espacio est\u00e1\u00a0dividido en dos ambientes (tierra y cielo) y en \u00e9l se abre un camino a los visitantes representando una ruta de los lugares preferidos de Saramago en Lanzarote. La exposici\u00f3n se completa con peque\u00f1os fragmentos de textos escritos por el autor portugu\u00e9s sobre el lugar, del estilo de los se\u00f1alados en el encabezamiento.<\/p>\n<p>La producci\u00f3n de esta muestraes una colaboraci\u00f3n entre el Consulado General de Portugal en Sevilla, el Instituto\u00a0Cam\u00f5es, la Diputaci\u00f3n de Sevilla, la Consejer\u00eda de Educaci\u00f3n de la Junta de Andaluc\u00eda y la Fundaci\u00f3n Caja Rural del Sur, y estar\u00e1 abierta al p\u00fablico entre el 17 de enero y el 1 de marzo, de martes a domingo, en horario de 10 a 14 y de 17 a 20 horas.<\/p>","protected":false},"excerpt":{"rendered":"<p>&nbsp; Ha sido promovida por el Consulado de Portugal y han colaborado la Junta de Andaluc\u00eda, Diputaci\u00f3n Provincial y la Fundaci\u00f3n del premio nobel Fundaci\u00f3n Caja Rural del Sur\u00a0colabora con [&hellip;]<\/p>\n","protected":false},"author":4,"featured_media":2291,"template":"","meta":{"_tribe_events_status":"","_tribe_events_status_reason":"","_tribe_events_is_hybrid":"","_tribe_events_is_virtual":"","_tribe_events_virtual_video_source":"","_tribe_events_virtual_embed_video":"","_tribe_events_virtual_linked_button_text":"","_tribe_events_virtual_linked_button":"","_tribe_events_virtual_show_embed_at":"","_tribe_events_virtual_show_embed_to":[],"_tribe_events_virtual_show_on_event":"","_tribe_events_virtual_show_on_views":"","_tribe_events_virtual_url":"","footnotes":""},"tags":[],"tribe_events_cat":[62],"class_list":["post-2286","tribe_events","type-tribe_events","status-publish","has-post-thumbnail","hentry","tribe_events_cat-exposiciones","cat_exposiciones"],"yoast_head":"<!-- This site is optimized with the Yoast SEO plugin v27.3 - https:\/\/yoast.com\/product\/yoast-seo-wordpress\/ -->\n<title>Fundaci\u00f3n Caja Rural del Sur patrocina la exposici\u00f3n en Sevilla homenaje a Jos\u00e9 Saramago - Fundaci\u00f3n Caja Rural del Sur<\/title>\n<meta name=\"robots\" content=\"index, follow, max-snippet:-1, max-image-preview:large, max-video-preview:-1\" \/>\n<link rel=\"canonical\" href=\"https:\/\/fundacioncajaruraldelsur.com\/pt\/evento\/fundacion-caja-rural-del-sur-patrocina-la-exposicion-en-sevilla-homenaje-a-jose-saramago\/\" \/>\n<meta property=\"og:locale\" content=\"pt_PT\" \/>\n<meta property=\"og:type\" content=\"article\" \/>\n<meta property=\"og:title\" content=\"Fundaci\u00f3n Caja Rural del Sur patrocina la exposici\u00f3n en Sevilla homenaje a Jos\u00e9 Saramago - Fundaci\u00f3n Caja Rural del Sur\" \/>\n<meta property=\"og:description\" content=\"&nbsp; Ha sido promovida por el Consulado de Portugal y han colaborado la Junta de Andaluc\u00eda, Diputaci\u00f3n Provincial y la Fundaci\u00f3n del premio nobel Fundaci\u00f3n Caja Rural del Sur\u00a0colabora con [&hellip;]\" \/>\n<meta property=\"og:url\" content=\"https:\/\/fundacioncajaruraldelsur.com\/pt\/evento\/fundacion-caja-rural-del-sur-patrocina-la-exposicion-en-sevilla-homenaje-a-jose-saramago\/\" \/>\n<meta property=\"og:site_name\" content=\"Fundaci\u00f3n Caja Rural del Sur\" \/>\n<meta property=\"article:modified_time\" content=\"2015-03-13T14:08:29+00:00\" \/>\n<meta property=\"og:image\" content=\"https:\/\/fundacioncajaruraldelsur.com\/wp-content\/uploads\/2015\/03\/e3.jpg\" \/>\n\t<meta property=\"og:image:width\" content=\"453\" \/>\n\t<meta property=\"og:image:height\" content=\"340\" \/>\n\t<meta property=\"og:image:type\" content=\"image\/jpeg\" \/>\n<meta name=\"twitter:card\" content=\"summary_large_image\" \/>\n<meta name=\"twitter:label1\" content=\"Est. reading time\" \/>\n\t<meta name=\"twitter:data1\" content=\"3 minutes\" \/>\n<script type=\"application\/ld+json\" class=\"yoast-schema-graph\">{\"@context\":\"https:\\\/\\\/schema.org\",\"@graph\":[{\"@type\":\"WebPage\",\"@id\":\"https:\\\/\\\/fundacioncajaruraldelsur.com\\\/evento\\\/fundacion-caja-rural-del-sur-patrocina-la-exposicion-en-sevilla-homenaje-a-jose-saramago\\\/\",\"url\":\"https:\\\/\\\/fundacioncajaruraldelsur.com\\\/evento\\\/fundacion-caja-rural-del-sur-patrocina-la-exposicion-en-sevilla-homenaje-a-jose-saramago\\\/\",\"name\":\"Fundaci\u00f3n Caja Rural del Sur patrocina la exposici\u00f3n en Sevilla homenaje a Jos\u00e9 Saramago - Fundaci\u00f3n Caja Rural del Sur\",\"isPartOf\":{\"@id\":\"https:\\\/\\\/fundacioncajaruraldelsur.com\\\/#website\"},\"primaryImageOfPage\":{\"@id\":\"https:\\\/\\\/fundacioncajaruraldelsur.com\\\/evento\\\/fundacion-caja-rural-del-sur-patrocina-la-exposicion-en-sevilla-homenaje-a-jose-saramago\\\/#primaryimage\"},\"image\":{\"@id\":\"https:\\\/\\\/fundacioncajaruraldelsur.com\\\/evento\\\/fundacion-caja-rural-del-sur-patrocina-la-exposicion-en-sevilla-homenaje-a-jose-saramago\\\/#primaryimage\"},\"thumbnailUrl\":\"https:\\\/\\\/fundacioncajaruraldelsur.com\\\/wp-content\\\/uploads\\\/2015\\\/03\\\/e3.jpg\",\"datePublished\":\"2015-03-13T14:01:39+00:00\",\"dateModified\":\"2015-03-13T14:08:29+00:00\",\"breadcrumb\":{\"@id\":\"https:\\\/\\\/fundacioncajaruraldelsur.com\\\/evento\\\/fundacion-caja-rural-del-sur-patrocina-la-exposicion-en-sevilla-homenaje-a-jose-saramago\\\/#breadcrumb\"},\"inLanguage\":\"pt-PT\",\"potentialAction\":[{\"@type\":\"ReadAction\",\"target\":[\"https:\\\/\\\/fundacioncajaruraldelsur.com\\\/evento\\\/fundacion-caja-rural-del-sur-patrocina-la-exposicion-en-sevilla-homenaje-a-jose-saramago\\\/\"]}]},{\"@type\":\"ImageObject\",\"inLanguage\":\"pt-PT\",\"@id\":\"https:\\\/\\\/fundacioncajaruraldelsur.com\\\/evento\\\/fundacion-caja-rural-del-sur-patrocina-la-exposicion-en-sevilla-homenaje-a-jose-saramago\\\/#primaryimage\",\"url\":\"https:\\\/\\\/fundacioncajaruraldelsur.com\\\/wp-content\\\/uploads\\\/2015\\\/03\\\/e3.jpg\",\"contentUrl\":\"https:\\\/\\\/fundacioncajaruraldelsur.com\\\/wp-content\\\/uploads\\\/2015\\\/03\\\/e3.jpg\",\"width\":453,\"height\":340},{\"@type\":\"BreadcrumbList\",\"@id\":\"https:\\\/\\\/fundacioncajaruraldelsur.com\\\/evento\\\/fundacion-caja-rural-del-sur-patrocina-la-exposicion-en-sevilla-homenaje-a-jose-saramago\\\/#breadcrumb\",\"itemListElement\":[{\"@type\":\"ListItem\",\"position\":1,\"name\":\"Portada\",\"item\":\"https:\\\/\\\/fundacioncajaruraldelsur.com\\\/\"},{\"@type\":\"ListItem\",\"position\":2,\"name\":\"Eventos\",\"item\":\"https:\\\/\\\/fundacioncajaruraldelsur.com\\\/eventos\\\/\"},{\"@type\":\"ListItem\",\"position\":3,\"name\":\"Fundaci\u00f3n Caja Rural del Sur patrocina la exposici\u00f3n en Sevilla homenaje a Jos\u00e9 Saramago\"}]},{\"@type\":\"WebSite\",\"@id\":\"https:\\\/\\\/fundacioncajaruraldelsur.com\\\/#website\",\"url\":\"https:\\\/\\\/fundacioncajaruraldelsur.com\\\/\",\"name\":\"Fundaci\u00f3n Caja Rural del Sur\",\"description\":\"\",\"potentialAction\":[{\"@type\":\"SearchAction\",\"target\":{\"@type\":\"EntryPoint\",\"urlTemplate\":\"https:\\\/\\\/fundacioncajaruraldelsur.com\\\/?s={search_term_string}\"},\"query-input\":{\"@type\":\"PropertyValueSpecification\",\"valueRequired\":true,\"valueName\":\"search_term_string\"}}],\"inLanguage\":\"pt-PT\"}]}<\/script>\n<!-- \/ Yoast SEO plugin. -->","yoast_head_json":{"title":"Fundaci\u00f3n Caja Rural del Sur patrocina la exposici\u00f3n en Sevilla homenaje a Jos\u00e9 Saramago - Fundaci\u00f3n Caja Rural del Sur","robots":{"index":"index","follow":"follow","max-snippet":"max-snippet:-1","max-image-preview":"max-image-preview:large","max-video-preview":"max-video-preview:-1"},"canonical":"https:\/\/fundacioncajaruraldelsur.com\/pt\/evento\/fundacion-caja-rural-del-sur-patrocina-la-exposicion-en-sevilla-homenaje-a-jose-saramago\/","og_locale":"pt_PT","og_type":"article","og_title":"Fundaci\u00f3n Caja Rural del Sur patrocina la exposici\u00f3n en Sevilla homenaje a Jos\u00e9 Saramago - Fundaci\u00f3n Caja Rural del Sur","og_description":"&nbsp; Ha sido promovida por el Consulado de Portugal y han colaborado la Junta de Andaluc\u00eda, Diputaci\u00f3n Provincial y la Fundaci\u00f3n del premio nobel Fundaci\u00f3n Caja Rural del Sur\u00a0colabora con [&hellip;]","og_url":"https:\/\/fundacioncajaruraldelsur.com\/pt\/evento\/fundacion-caja-rural-del-sur-patrocina-la-exposicion-en-sevilla-homenaje-a-jose-saramago\/","og_site_name":"Fundaci\u00f3n Caja Rural del Sur","article_modified_time":"2015-03-13T14:08:29+00:00","og_image":[{"width":453,"height":340,"url":"https:\/\/fundacioncajaruraldelsur.com\/wp-content\/uploads\/2015\/03\/e3.jpg","type":"image\/jpeg"}],"twitter_card":"summary_large_image","twitter_misc":{"Est. reading time":"3 minutes"},"schema":{"@context":"https:\/\/schema.org","@graph":[{"@type":"WebPage","@id":"https:\/\/fundacioncajaruraldelsur.com\/evento\/fundacion-caja-rural-del-sur-patrocina-la-exposicion-en-sevilla-homenaje-a-jose-saramago\/","url":"https:\/\/fundacioncajaruraldelsur.com\/evento\/fundacion-caja-rural-del-sur-patrocina-la-exposicion-en-sevilla-homenaje-a-jose-saramago\/","name":"Fundaci\u00f3n Caja Rural del Sur patrocina la exposici\u00f3n en Sevilla homenaje a Jos\u00e9 Saramago - Fundaci\u00f3n Caja Rural del Sur","isPartOf":{"@id":"https:\/\/fundacioncajaruraldelsur.com\/#website"},"primaryImageOfPage":{"@id":"https:\/\/fundacioncajaruraldelsur.com\/evento\/fundacion-caja-rural-del-sur-patrocina-la-exposicion-en-sevilla-homenaje-a-jose-saramago\/#primaryimage"},"image":{"@id":"https:\/\/fundacioncajaruraldelsur.com\/evento\/fundacion-caja-rural-del-sur-patrocina-la-exposicion-en-sevilla-homenaje-a-jose-saramago\/#primaryimage"},"thumbnailUrl":"https:\/\/fundacioncajaruraldelsur.com\/wp-content\/uploads\/2015\/03\/e3.jpg","datePublished":"2015-03-13T14:01:39+00:00","dateModified":"2015-03-13T14:08:29+00:00","breadcrumb":{"@id":"https:\/\/fundacioncajaruraldelsur.com\/evento\/fundacion-caja-rural-del-sur-patrocina-la-exposicion-en-sevilla-homenaje-a-jose-saramago\/#breadcrumb"},"inLanguage":"pt-PT","potentialAction":[{"@type":"ReadAction","target":["https:\/\/fundacioncajaruraldelsur.com\/evento\/fundacion-caja-rural-del-sur-patrocina-la-exposicion-en-sevilla-homenaje-a-jose-saramago\/"]}]},{"@type":"ImageObject","inLanguage":"pt-PT","@id":"https:\/\/fundacioncajaruraldelsur.com\/evento\/fundacion-caja-rural-del-sur-patrocina-la-exposicion-en-sevilla-homenaje-a-jose-saramago\/#primaryimage","url":"https:\/\/fundacioncajaruraldelsur.com\/wp-content\/uploads\/2015\/03\/e3.jpg","contentUrl":"https:\/\/fundacioncajaruraldelsur.com\/wp-content\/uploads\/2015\/03\/e3.jpg","width":453,"height":340},{"@type":"BreadcrumbList","@id":"https:\/\/fundacioncajaruraldelsur.com\/evento\/fundacion-caja-rural-del-sur-patrocina-la-exposicion-en-sevilla-homenaje-a-jose-saramago\/#breadcrumb","itemListElement":[{"@type":"ListItem","position":1,"name":"Portada","item":"https:\/\/fundacioncajaruraldelsur.com\/"},{"@type":"ListItem","position":2,"name":"Eventos","item":"https:\/\/fundacioncajaruraldelsur.com\/eventos\/"},{"@type":"ListItem","position":3,"name":"Fundaci\u00f3n Caja Rural del Sur patrocina la exposici\u00f3n en Sevilla homenaje a Jos\u00e9 Saramago"}]},{"@type":"WebSite","@id":"https:\/\/fundacioncajaruraldelsur.com\/#website","url":"https:\/\/fundacioncajaruraldelsur.com\/","name":"Funda\u00e7\u00e3o Caja Rural del Sur","description":"","potentialAction":[{"@type":"SearchAction","target":{"@type":"EntryPoint","urlTemplate":"https:\/\/fundacioncajaruraldelsur.com\/?s={search_term_string}"},"query-input":{"@type":"PropertyValueSpecification","valueRequired":true,"valueName":"search_term_string"}}],"inLanguage":"pt-PT"}]}},"_links":{"self":[{"href":"https:\/\/fundacioncajaruraldelsur.com\/pt\/wp-json\/wp\/v2\/tribe_events\/2286","targetHints":{"allow":["GET"]}}],"collection":[{"href":"https:\/\/fundacioncajaruraldelsur.com\/pt\/wp-json\/wp\/v2\/tribe_events"}],"about":[{"href":"https:\/\/fundacioncajaruraldelsur.com\/pt\/wp-json\/wp\/v2\/types\/tribe_events"}],"author":[{"embeddable":true,"href":"https:\/\/fundacioncajaruraldelsur.com\/pt\/wp-json\/wp\/v2\/users\/4"}],"version-history":[{"count":1,"href":"https:\/\/fundacioncajaruraldelsur.com\/pt\/wp-json\/wp\/v2\/tribe_events\/2286\/revisions"}],"predecessor-version":[{"id":2289,"href":"https:\/\/fundacioncajaruraldelsur.com\/pt\/wp-json\/wp\/v2\/tribe_events\/2286\/revisions\/2289"}],"wp:featuredmedia":[{"embeddable":true,"href":"https:\/\/fundacioncajaruraldelsur.com\/pt\/wp-json\/wp\/v2\/media\/2291"}],"wp:attachment":[{"href":"https:\/\/fundacioncajaruraldelsur.com\/pt\/wp-json\/wp\/v2\/media?parent=2286"}],"wp:term":[{"taxonomy":"post_tag","embeddable":true,"href":"https:\/\/fundacioncajaruraldelsur.com\/pt\/wp-json\/wp\/v2\/tags?post=2286"},{"taxonomy":"tribe_events_cat","embeddable":true,"href":"https:\/\/fundacioncajaruraldelsur.com\/pt\/wp-json\/wp\/v2\/tribe_events_cat?post=2286"}],"curies":[{"name":"wp","href":"https:\/\/api.w.org\/{rel}","templated":true}]}}