{"id":12736,"date":"2026-04-29T18:43:46","date_gmt":"2026-04-29T16:43:46","guid":{"rendered":"https:\/\/fundacioncajaruraldelsur.com\/?post_type=tribe_events&#038;p=12736"},"modified":"2026-04-29T18:43:46","modified_gmt":"2026-04-29T16:43:46","slug":"exposicion-gaia-la-perspectiva-de-una-diosa-indiferente","status":"publish","type":"tribe_events","link":"https:\/\/fundacioncajaruraldelsur.com\/pt\/evento\/exposicion-gaia-la-perspectiva-de-una-diosa-indiferente\/","title":{"rendered":"Exposici\u00f3n: \u00abGaia \u2013 La perspectiva de una diosa indiferente\u00bb"},"content":{"rendered":"<p><a href=\"https:\/\/fundacioncajaruraldelsur.com\/wp-content\/uploads\/2026\/04\/Prensa-horizontal-scaled.jpeg\" rel=\"lightbox-0\"><img loading=\"lazy\" decoding=\"async\" class=\"alignnone size-full wp-image-12737\" src=\"https:\/\/fundacioncajaruraldelsur.com\/wp-content\/uploads\/2026\/04\/Prensa-horizontal-scaled.jpeg\" alt=\"\" width=\"2560\" height=\"1810\" srcset=\"https:\/\/fundacioncajaruraldelsur.com\/wp-content\/uploads\/2026\/04\/Prensa-horizontal-scaled.jpeg 2560w, https:\/\/fundacioncajaruraldelsur.com\/wp-content\/uploads\/2026\/04\/Prensa-horizontal-300x212.jpeg 300w, https:\/\/fundacioncajaruraldelsur.com\/wp-content\/uploads\/2026\/04\/Prensa-horizontal-1024x724.jpeg 1024w, https:\/\/fundacioncajaruraldelsur.com\/wp-content\/uploads\/2026\/04\/Prensa-horizontal-768x543.jpeg 768w, https:\/\/fundacioncajaruraldelsur.com\/wp-content\/uploads\/2026\/04\/Prensa-horizontal-1536x1086.jpeg 1536w, https:\/\/fundacioncajaruraldelsur.com\/wp-content\/uploads\/2026\/04\/Prensa-horizontal-2048x1448.jpeg 2048w, https:\/\/fundacioncajaruraldelsur.com\/wp-content\/uploads\/2026\/04\/Prensa-horizontal-18x12.jpeg 18w\" sizes=\"auto, (max-width: 2560px) 100vw, 2560px\" \/><\/a><\/p>\n<p>&nbsp;<\/p>\n<h3>\u00abGaia \u2013 La perspectiva de una diosa indiferente\u00bb<\/h3>\n<p>La figura de la mitolog\u00eda griega a la que hace referencia el t\u00edtulo de esta exposici\u00f3n no era<br \/>\nconsiderada, en su origen, una diosa, sino la fuerza creadora, madre de todo lo existente, y m\u00e1s<br \/>\ntarde tambi\u00e9n conocida como \u00abMadre Tierra\u00bb.<br \/>\nComo era habitual, los antiguos griegos personificaron el concepto de la creadora, o dioses en<br \/>\ngeneral, en figuras representativas de rasgos humanos: en nuestro caso, \u00abGaia\u00bb.<br \/>\nCon los movimientos medioambientales de finales del siglo pasado, la idea de una \u00abMadre Tierra\u00bb<br \/>\nse populariz\u00f3, creando una figura de fuerte poder identificativo con la que percibimos los da\u00f1os al<br \/>\nmedio ambiente como cr\u00edmenes contra nuestros seres m\u00e1s queridos. El autor de los trabajos<br \/>\npresentados en esta exposici\u00f3n utiliza esta carga dram\u00e1tica como denominador com\u00fan en sus obras<br \/>\nm\u00e1s recientes, aunque con una buena dosis de iron\u00eda.<br \/>\nLas obras del fot\u00f3grafo hispano-alem\u00e1n Rafael E. C\u00e1rdenas se mueven en los l\u00edmites de la<br \/>\nfotograf\u00eda. Sus formas de presentaci\u00f3n tienden a invadir la tercera dimensi\u00f3n: a veces son m\u00e1s<\/p>\n<p>esculturas que fotograf\u00edas, con un volumen propio que penetra en el espacio reservado, por lo<br \/>\ngeneral, a otras categor\u00edas art\u00edsticas. Otras veces, sus paisajes se repliegan en una presentaci\u00f3n m\u00e1s<br \/>\ncl\u00e1sica, con marco y paspart\u00fa.<br \/>\nEl denominador com\u00fan de todas estas obras es el paisaje. El artista lo define como todo aquello que<br \/>\nle rodea en un momento dado, independientemente del punto de vista: puede ser desde la<br \/>\nperspectiva de un p\u00e1jaro, a nivel de horizonte en un campo abierto, o a ras del agua en sus marinas.<br \/>\nNinguna de estas perspectivas est\u00e1 privilegiada; todas son v\u00e1lidas en su valor est\u00e9tico.<br \/>\nLas im\u00e1genes de sat\u00e9lite de Ir\u00e1n, EE. UU., Israel o Ucrania, realizadas entre 2014 y 2018, son muy<br \/>\nanteriores a los conflictos actuales. Sin embargo, al contemplarlas hoy nos conmueven de manera<br \/>\ninesperada, dada la dolorosa actualidad que han adquirido. En contraste, las im\u00e1genes de la serie \u00abEl<br \/>\nsue\u00f1o de Gaia\u00bb, en blanco y negro sepia y con presentaci\u00f3n cl\u00e1sica, establecen un di\u00e1logo que<br \/>\nsubraya el enfoque integral de la obra de este artista.<br \/>\nEn sus trabajos m\u00e1s recientes, Rafael E. C\u00e1rdenas investiga la posibilidad de representar m\u00e1s de una<br \/>\nperspectiva en una misma imagen, a la manera de los cubistas en la pintura. Los resultados son al<br \/>\nmismo tiempo sorprendentes y de gran calidad est\u00e9tica. \u00abNuestra mirada es selectiva. Intento<br \/>\nreproducir en mis nuevos trabajos esta forma de ver. El resultado a\u00fan no es definitivo; tengo que<br \/>\navanzar m\u00e1s\u00bb, nos revela el artista.<br \/>\nEstamos muy expectantes.<br \/>\nRafael E. C\u00e1rdenas es un fot\u00f3grafo y artista de reputaci\u00f3n internacional, con ra\u00edces andaluzas por<br \/>\nparte de padre \u2014tierra en la que pas\u00f3 parte de su infancia\u2014 y a la que ha regresado a vivir hace<br \/>\npocos a\u00f1os<\/p>","protected":false},"excerpt":{"rendered":"<p>&nbsp; \u00abGaia \u2013 La perspectiva de una diosa indiferente\u00bb La figura de la mitolog\u00eda griega a la que hace referencia el t\u00edtulo de esta exposici\u00f3n no era considerada, en su [&hellip;]<\/p>\n","protected":false},"author":8,"featured_media":0,"template":"","meta":{"_tribe_events_status":"","_tribe_events_status_reason":"","_tribe_events_is_hybrid":"","_tribe_events_is_virtual":"","_tribe_events_virtual_video_source":"","_tribe_events_virtual_embed_video":"","_tribe_events_virtual_linked_button_text":"","_tribe_events_virtual_linked_button":"","_tribe_events_virtual_show_embed_at":"","_tribe_events_virtual_show_embed_to":[],"_tribe_events_virtual_show_on_event":"","_tribe_events_virtual_show_on_views":"","_tribe_events_virtual_url":"","footnotes":""},"tags":[],"tribe_events_cat":[62],"class_list":["post-12736","tribe_events","type-tribe_events","status-publish","hentry","tribe_events_cat-exposiciones","cat_exposiciones"],"yoast_head":"<!-- This site is optimized with the Yoast SEO plugin v27.3 - https:\/\/yoast.com\/product\/yoast-seo-wordpress\/ -->\n<title>Exposici\u00f3n: &quot;Gaia \u2013 La perspectiva de una diosa indiferente&quot; - Fundaci\u00f3n Caja Rural del Sur<\/title>\n<meta name=\"robots\" content=\"index, follow, max-snippet:-1, max-image-preview:large, max-video-preview:-1\" \/>\n<link rel=\"canonical\" href=\"https:\/\/fundacioncajaruraldelsur.com\/pt\/evento\/exposicion-gaia-la-perspectiva-de-una-diosa-indiferente\/\" \/>\n<meta property=\"og:locale\" content=\"pt_PT\" \/>\n<meta property=\"og:type\" content=\"article\" \/>\n<meta property=\"og:title\" content=\"Exposici\u00f3n: &quot;Gaia \u2013 La perspectiva de una diosa indiferente&quot; - Fundaci\u00f3n Caja Rural del Sur\" \/>\n<meta property=\"og:description\" content=\"&nbsp; \u00abGaia \u2013 La perspectiva de una diosa indiferente\u00bb La figura de la mitolog\u00eda griega a la que hace referencia el t\u00edtulo de esta exposici\u00f3n no era considerada, en su [&hellip;]\" \/>\n<meta property=\"og:url\" content=\"https:\/\/fundacioncajaruraldelsur.com\/pt\/evento\/exposicion-gaia-la-perspectiva-de-una-diosa-indiferente\/\" \/>\n<meta property=\"og:site_name\" content=\"Fundaci\u00f3n Caja Rural del Sur\" \/>\n<meta property=\"og:image\" content=\"https:\/\/fundacioncajaruraldelsur.com\/wp-content\/uploads\/2026\/04\/Prensa-horizontal-scaled.jpeg\" \/>\n\t<meta property=\"og:image:width\" content=\"2560\" \/>\n\t<meta property=\"og:image:height\" content=\"1810\" \/>\n\t<meta property=\"og:image:type\" content=\"image\/jpeg\" \/>\n<meta name=\"twitter:card\" content=\"summary_large_image\" \/>\n<meta name=\"twitter:label1\" content=\"Est. reading time\" \/>\n\t<meta name=\"twitter:data1\" content=\"3 minutes\" \/>\n<script type=\"application\/ld+json\" class=\"yoast-schema-graph\">{\"@context\":\"https:\\\/\\\/schema.org\",\"@graph\":[{\"@type\":\"WebPage\",\"@id\":\"https:\\\/\\\/fundacioncajaruraldelsur.com\\\/evento\\\/exposicion-gaia-la-perspectiva-de-una-diosa-indiferente\\\/\",\"url\":\"https:\\\/\\\/fundacioncajaruraldelsur.com\\\/evento\\\/exposicion-gaia-la-perspectiva-de-una-diosa-indiferente\\\/\",\"name\":\"Exposici\u00f3n: \\\"Gaia \u2013 La perspectiva de una diosa indiferente\\\" - Fundaci\u00f3n Caja Rural del Sur\",\"isPartOf\":{\"@id\":\"https:\\\/\\\/fundacioncajaruraldelsur.com\\\/#website\"},\"primaryImageOfPage\":{\"@id\":\"https:\\\/\\\/fundacioncajaruraldelsur.com\\\/evento\\\/exposicion-gaia-la-perspectiva-de-una-diosa-indiferente\\\/#primaryimage\"},\"image\":{\"@id\":\"https:\\\/\\\/fundacioncajaruraldelsur.com\\\/evento\\\/exposicion-gaia-la-perspectiva-de-una-diosa-indiferente\\\/#primaryimage\"},\"thumbnailUrl\":\"https:\\\/\\\/fundacioncajaruraldelsur.com\\\/wp-content\\\/uploads\\\/2026\\\/04\\\/Prensa-horizontal-scaled.jpeg\",\"datePublished\":\"2026-04-29T16:43:46+00:00\",\"breadcrumb\":{\"@id\":\"https:\\\/\\\/fundacioncajaruraldelsur.com\\\/evento\\\/exposicion-gaia-la-perspectiva-de-una-diosa-indiferente\\\/#breadcrumb\"},\"inLanguage\":\"pt-PT\",\"potentialAction\":[{\"@type\":\"ReadAction\",\"target\":[\"https:\\\/\\\/fundacioncajaruraldelsur.com\\\/evento\\\/exposicion-gaia-la-perspectiva-de-una-diosa-indiferente\\\/\"]}]},{\"@type\":\"ImageObject\",\"inLanguage\":\"pt-PT\",\"@id\":\"https:\\\/\\\/fundacioncajaruraldelsur.com\\\/evento\\\/exposicion-gaia-la-perspectiva-de-una-diosa-indiferente\\\/#primaryimage\",\"url\":\"https:\\\/\\\/fundacioncajaruraldelsur.com\\\/wp-content\\\/uploads\\\/2026\\\/04\\\/Prensa-horizontal-scaled.jpeg\",\"contentUrl\":\"https:\\\/\\\/fundacioncajaruraldelsur.com\\\/wp-content\\\/uploads\\\/2026\\\/04\\\/Prensa-horizontal-scaled.jpeg\"},{\"@type\":\"BreadcrumbList\",\"@id\":\"https:\\\/\\\/fundacioncajaruraldelsur.com\\\/evento\\\/exposicion-gaia-la-perspectiva-de-una-diosa-indiferente\\\/#breadcrumb\",\"itemListElement\":[{\"@type\":\"ListItem\",\"position\":1,\"name\":\"Portada\",\"item\":\"https:\\\/\\\/fundacioncajaruraldelsur.com\\\/\"},{\"@type\":\"ListItem\",\"position\":2,\"name\":\"Eventos\",\"item\":\"https:\\\/\\\/fundacioncajaruraldelsur.com\\\/eventos\\\/\"},{\"@type\":\"ListItem\",\"position\":3,\"name\":\"Exposici\u00f3n: \u00abGaia \u2013 La perspectiva de una diosa indiferente\u00bb\"}]},{\"@type\":\"WebSite\",\"@id\":\"https:\\\/\\\/fundacioncajaruraldelsur.com\\\/#website\",\"url\":\"https:\\\/\\\/fundacioncajaruraldelsur.com\\\/\",\"name\":\"Fundaci\u00f3n Caja Rural del Sur\",\"description\":\"\",\"potentialAction\":[{\"@type\":\"SearchAction\",\"target\":{\"@type\":\"EntryPoint\",\"urlTemplate\":\"https:\\\/\\\/fundacioncajaruraldelsur.com\\\/?s={search_term_string}\"},\"query-input\":{\"@type\":\"PropertyValueSpecification\",\"valueRequired\":true,\"valueName\":\"search_term_string\"}}],\"inLanguage\":\"pt-PT\"}]}<\/script>\n<!-- \/ Yoast SEO plugin. -->","yoast_head_json":{"title":"Exposici\u00f3n: \"Gaia \u2013 La perspectiva de una diosa indiferente\" - Fundaci\u00f3n Caja Rural del Sur","robots":{"index":"index","follow":"follow","max-snippet":"max-snippet:-1","max-image-preview":"max-image-preview:large","max-video-preview":"max-video-preview:-1"},"canonical":"https:\/\/fundacioncajaruraldelsur.com\/pt\/evento\/exposicion-gaia-la-perspectiva-de-una-diosa-indiferente\/","og_locale":"pt_PT","og_type":"article","og_title":"Exposici\u00f3n: \"Gaia \u2013 La perspectiva de una diosa indiferente\" - Fundaci\u00f3n Caja Rural del Sur","og_description":"&nbsp; \u00abGaia \u2013 La perspectiva de una diosa indiferente\u00bb La figura de la mitolog\u00eda griega a la que hace referencia el t\u00edtulo de esta exposici\u00f3n no era considerada, en su [&hellip;]","og_url":"https:\/\/fundacioncajaruraldelsur.com\/pt\/evento\/exposicion-gaia-la-perspectiva-de-una-diosa-indiferente\/","og_site_name":"Fundaci\u00f3n Caja Rural del Sur","og_image":[{"width":2560,"height":1810,"url":"https:\/\/fundacioncajaruraldelsur.com\/wp-content\/uploads\/2026\/04\/Prensa-horizontal-scaled.jpeg","type":"image\/jpeg"}],"twitter_card":"summary_large_image","twitter_misc":{"Est. reading time":"3 minutes"},"schema":{"@context":"https:\/\/schema.org","@graph":[{"@type":"WebPage","@id":"https:\/\/fundacioncajaruraldelsur.com\/evento\/exposicion-gaia-la-perspectiva-de-una-diosa-indiferente\/","url":"https:\/\/fundacioncajaruraldelsur.com\/evento\/exposicion-gaia-la-perspectiva-de-una-diosa-indiferente\/","name":"Exposici\u00f3n: \"Gaia \u2013 La perspectiva de una diosa indiferente\" - Fundaci\u00f3n Caja Rural del Sur","isPartOf":{"@id":"https:\/\/fundacioncajaruraldelsur.com\/#website"},"primaryImageOfPage":{"@id":"https:\/\/fundacioncajaruraldelsur.com\/evento\/exposicion-gaia-la-perspectiva-de-una-diosa-indiferente\/#primaryimage"},"image":{"@id":"https:\/\/fundacioncajaruraldelsur.com\/evento\/exposicion-gaia-la-perspectiva-de-una-diosa-indiferente\/#primaryimage"},"thumbnailUrl":"https:\/\/fundacioncajaruraldelsur.com\/wp-content\/uploads\/2026\/04\/Prensa-horizontal-scaled.jpeg","datePublished":"2026-04-29T16:43:46+00:00","breadcrumb":{"@id":"https:\/\/fundacioncajaruraldelsur.com\/evento\/exposicion-gaia-la-perspectiva-de-una-diosa-indiferente\/#breadcrumb"},"inLanguage":"pt-PT","potentialAction":[{"@type":"ReadAction","target":["https:\/\/fundacioncajaruraldelsur.com\/evento\/exposicion-gaia-la-perspectiva-de-una-diosa-indiferente\/"]}]},{"@type":"ImageObject","inLanguage":"pt-PT","@id":"https:\/\/fundacioncajaruraldelsur.com\/evento\/exposicion-gaia-la-perspectiva-de-una-diosa-indiferente\/#primaryimage","url":"https:\/\/fundacioncajaruraldelsur.com\/wp-content\/uploads\/2026\/04\/Prensa-horizontal-scaled.jpeg","contentUrl":"https:\/\/fundacioncajaruraldelsur.com\/wp-content\/uploads\/2026\/04\/Prensa-horizontal-scaled.jpeg"},{"@type":"BreadcrumbList","@id":"https:\/\/fundacioncajaruraldelsur.com\/evento\/exposicion-gaia-la-perspectiva-de-una-diosa-indiferente\/#breadcrumb","itemListElement":[{"@type":"ListItem","position":1,"name":"Portada","item":"https:\/\/fundacioncajaruraldelsur.com\/"},{"@type":"ListItem","position":2,"name":"Eventos","item":"https:\/\/fundacioncajaruraldelsur.com\/eventos\/"},{"@type":"ListItem","position":3,"name":"Exposici\u00f3n: \u00abGaia \u2013 La perspectiva de una diosa indiferente\u00bb"}]},{"@type":"WebSite","@id":"https:\/\/fundacioncajaruraldelsur.com\/#website","url":"https:\/\/fundacioncajaruraldelsur.com\/","name":"Funda\u00e7\u00e3o Caja Rural del Sur","description":"","potentialAction":[{"@type":"SearchAction","target":{"@type":"EntryPoint","urlTemplate":"https:\/\/fundacioncajaruraldelsur.com\/?s={search_term_string}"},"query-input":{"@type":"PropertyValueSpecification","valueRequired":true,"valueName":"search_term_string"}}],"inLanguage":"pt-PT"}]}},"_links":{"self":[{"href":"https:\/\/fundacioncajaruraldelsur.com\/pt\/wp-json\/wp\/v2\/tribe_events\/12736","targetHints":{"allow":["GET"]}}],"collection":[{"href":"https:\/\/fundacioncajaruraldelsur.com\/pt\/wp-json\/wp\/v2\/tribe_events"}],"about":[{"href":"https:\/\/fundacioncajaruraldelsur.com\/pt\/wp-json\/wp\/v2\/types\/tribe_events"}],"author":[{"embeddable":true,"href":"https:\/\/fundacioncajaruraldelsur.com\/pt\/wp-json\/wp\/v2\/users\/8"}],"version-history":[{"count":1,"href":"https:\/\/fundacioncajaruraldelsur.com\/pt\/wp-json\/wp\/v2\/tribe_events\/12736\/revisions"}],"predecessor-version":[{"id":12738,"href":"https:\/\/fundacioncajaruraldelsur.com\/pt\/wp-json\/wp\/v2\/tribe_events\/12736\/revisions\/12738"}],"wp:attachment":[{"href":"https:\/\/fundacioncajaruraldelsur.com\/pt\/wp-json\/wp\/v2\/media?parent=12736"}],"wp:term":[{"taxonomy":"post_tag","embeddable":true,"href":"https:\/\/fundacioncajaruraldelsur.com\/pt\/wp-json\/wp\/v2\/tags?post=12736"},{"taxonomy":"tribe_events_cat","embeddable":true,"href":"https:\/\/fundacioncajaruraldelsur.com\/pt\/wp-json\/wp\/v2\/tribe_events_cat?post=12736"}],"curies":[{"name":"wp","href":"https:\/\/api.w.org\/{rel}","templated":true}]}}