{"id":11240,"date":"2025-05-19T20:53:33","date_gmt":"2025-05-19T19:53:33","guid":{"rendered":"https:\/\/fundacioncajaruraldelsur.com\/?post_type=tribe_events&#038;p=11240"},"modified":"2025-05-19T20:53:33","modified_gmt":"2025-05-19T19:53:33","slug":"reflexiones-sobre-las-reformas-procesales-introducidas-por-la-ley-organica-1-2025-2-de-enero","status":"publish","type":"tribe_events","link":"https:\/\/fundacioncajaruraldelsur.com\/pt\/evento\/reflexiones-sobre-las-reformas-procesales-introducidas-por-la-ley-organica-1-2025-2-de-enero\/","title":{"rendered":"Reflexiones sobre las reformas procesales introducidas por la  Ley Org\u00e1nica 1\/2025 &#8211; 2 de enero"},"content":{"rendered":"<h2 class=\"p1\"><strong>Reflexiones sobre las reformas procesales introducidas por la<\/strong><\/h2>\n<h2 class=\"p1\"><strong>Ley Org\u00e1nica 1\/2025, de 2 de enero, de medidas en materia de<\/strong><\/h2>\n<h2 class=\"p1\"><strong>eficiencia del Servicio P\u00fablico de Justicia<\/strong><\/h2>\n<p class=\"p2\">Fecha: 3 de junio de 2025<\/p>\n<p class=\"p2\">Lugar: Centro Cultural Jos\u00e9 Luis Garc\u00eda Palacios, Fundaci\u00f3n Caja Rural (c\/ Murillo,\u00a02) Entrada libre, previa reserva de plaza en <span class=\"s1\">INSCRIPCI\u00d3N<\/span><\/p>\n<p class=\"p2\">ORGANIZA: Guadaliuris<\/p>\n<p class=\"p2\">COLABORA: Fundaci\u00f3n Caja Rural<\/p>\n<p class=\"p3\">PROGRAMACI\u00d3N<\/p>\n<p class=\"p2\"><span class=\"s2\">16:30 horas: PRESENTACI\u00d3N<\/span><\/p>\n<p class=\"p2\"><span class=\"s2\">&#8211; D. Miguel Blasco Rodr\u00edguez, Presidente de Guadaliuris<\/span><\/p>\n<p class=\"p2\"><span class=\"s2\">&#8211; D\u00aa Reyes Vila Pariente. Jueza Decana de Sevilla<\/span><\/p>\n<p class=\"p2\"><span class=\"s2\">16:45 horas: REFORMAS EN EL PROCESO CIVIL<\/span><\/p>\n<p class=\"p2\"><span class=\"s2\">D\u00aa Celia Belhadj-Ben G\u00f3mez. Magistrada del Juzgado de 1\u00aa Instancia n\u00ba<\/span><\/p>\n<p class=\"p2\"><span class=\"s2\">3 de Sevilla.<\/span><\/p>\n<p class=\"p2\"><span class=\"s2\">D\u00aa Rosario Romero Candau. Letrada de la Administraci\u00f3n de Justicia del<\/span><\/p>\n<p class=\"p2\"><span class=\"s2\">Juzgado de 1\u00aa Instancia n\u00ba 3 de Sevilla.<\/span><\/p>\n<p class=\"p2\"><span class=\"s2\">17:45 horas: REFORMAS EN EL PROCESO CONTENCIOSO-ADMINISTRATIVO<\/span><\/p>\n<p class=\"p2\"><span class=\"s2\">D\u00aa Ana Rosa Curra Rojo. Magistrada del Juzgado de lo Contencioso-<\/span><\/p>\n<p class=\"p2\"><span class=\"s2\">Administrativo n\u00ba 1 de Sevilla.18:15 horas: REFORMAS EN EL PROCESO PENAL<\/span><\/p>\n<p class=\"p2\"><span class=\"s2\">D\u00aa Patricia Fern\u00e1ndez Franco. Magistrada de la Secci\u00f3n Primera de la<\/span><\/p>\n<p class=\"p2\"><span class=\"s2\">Audiencia Provincial de Sevilla.<\/span><\/p>\n<p class=\"p2\"><span class=\"s2\">18:45 horas: REFORMAS EN EL PROCESO CONTENCIOSO-ADMINISTRATIVO<\/span><\/p>\n<p class=\"p2\"><span class=\"s2\">D\u00aa Nieves Rico M\u00e1rquez. Magistrada del Juzgado de lo Social n\u00ba 4 de<\/span><\/p>\n<p class=\"p2\"><span class=\"s2\">Sevilla.<\/span><\/p>\n<p class=\"p2\"><span class=\"s2\">19:15 horas: Debate<\/span><\/p>\n<p class=\"p2\"><span class=\"s2\">19:30 horas: Clausura<\/span><\/p>","protected":false},"excerpt":{"rendered":"<p>Reflexiones sobre las reformas procesales introducidas por la Ley Org\u00e1nica 1\/2025, de 2 de enero, de medidas en materia de eficiencia del Servicio P\u00fablico de Justicia Fecha: 3 de junio [&hellip;]<\/p>\n","protected":false},"author":8,"featured_media":9275,"template":"","meta":{"_tribe_events_status":"","_tribe_events_status_reason":"","_tribe_events_is_hybrid":"","_tribe_events_is_virtual":"","_tribe_events_virtual_video_source":"","_tribe_events_virtual_embed_video":"","_tribe_events_virtual_linked_button_text":"","_tribe_events_virtual_linked_button":"","_tribe_events_virtual_show_embed_at":"","_tribe_events_virtual_show_embed_to":[],"_tribe_events_virtual_show_on_event":"","_tribe_events_virtual_show_on_views":"","_tribe_events_virtual_url":"","footnotes":""},"tags":[],"tribe_events_cat":[77],"class_list":["post-11240","tribe_events","type-tribe_events","status-publish","has-post-thumbnail","hentry","tribe_events_cat-jornadas","cat_jornadas"],"yoast_head":"<!-- This site is optimized with the Yoast SEO plugin v27.3 - https:\/\/yoast.com\/product\/yoast-seo-wordpress\/ -->\n<title>Reflexiones sobre las reformas procesales introducidas por la Ley Org\u00e1nica 1\/2025 - 2 de enero - Fundaci\u00f3n Caja Rural del Sur<\/title>\n<meta name=\"robots\" content=\"index, follow, max-snippet:-1, max-image-preview:large, max-video-preview:-1\" \/>\n<link rel=\"canonical\" href=\"https:\/\/fundacioncajaruraldelsur.com\/pt\/evento\/reflexiones-sobre-las-reformas-procesales-introducidas-por-la-ley-organica-1-2025-2-de-enero\/\" \/>\n<meta property=\"og:locale\" content=\"pt_PT\" \/>\n<meta property=\"og:type\" content=\"article\" \/>\n<meta property=\"og:title\" content=\"Reflexiones sobre las reformas procesales introducidas por la Ley Org\u00e1nica 1\/2025 - 2 de enero - Fundaci\u00f3n Caja Rural del Sur\" \/>\n<meta property=\"og:description\" content=\"Reflexiones sobre las reformas procesales introducidas por la Ley Org\u00e1nica 1\/2025, de 2 de enero, de medidas en materia de eficiencia del Servicio P\u00fablico de Justicia Fecha: 3 de junio [&hellip;]\" \/>\n<meta property=\"og:url\" content=\"https:\/\/fundacioncajaruraldelsur.com\/pt\/evento\/reflexiones-sobre-las-reformas-procesales-introducidas-por-la-ley-organica-1-2025-2-de-enero\/\" \/>\n<meta property=\"og:site_name\" content=\"Fundaci\u00f3n Caja Rural del Sur\" \/>\n<meta property=\"og:image\" content=\"https:\/\/fundacioncajaruraldelsur.com\/wp-content\/uploads\/2023\/10\/Diseno-sin-titulo-27.png\" \/>\n\t<meta property=\"og:image:width\" content=\"1925\" \/>\n\t<meta property=\"og:image:height\" content=\"500\" \/>\n\t<meta property=\"og:image:type\" content=\"image\/png\" \/>\n<meta name=\"twitter:card\" content=\"summary_large_image\" \/>\n<meta name=\"twitter:label1\" content=\"Est. reading time\" \/>\n\t<meta name=\"twitter:data1\" content=\"2 minutes\" \/>\n<script type=\"application\/ld+json\" class=\"yoast-schema-graph\">{\"@context\":\"https:\\\/\\\/schema.org\",\"@graph\":[{\"@type\":\"WebPage\",\"@id\":\"https:\\\/\\\/fundacioncajaruraldelsur.com\\\/evento\\\/reflexiones-sobre-las-reformas-procesales-introducidas-por-la-ley-organica-1-2025-2-de-enero\\\/\",\"url\":\"https:\\\/\\\/fundacioncajaruraldelsur.com\\\/evento\\\/reflexiones-sobre-las-reformas-procesales-introducidas-por-la-ley-organica-1-2025-2-de-enero\\\/\",\"name\":\"Reflexiones sobre las reformas procesales introducidas por la Ley Org\u00e1nica 1\\\/2025 - 2 de enero - Fundaci\u00f3n Caja Rural del Sur\",\"isPartOf\":{\"@id\":\"https:\\\/\\\/fundacioncajaruraldelsur.com\\\/#website\"},\"primaryImageOfPage\":{\"@id\":\"https:\\\/\\\/fundacioncajaruraldelsur.com\\\/evento\\\/reflexiones-sobre-las-reformas-procesales-introducidas-por-la-ley-organica-1-2025-2-de-enero\\\/#primaryimage\"},\"image\":{\"@id\":\"https:\\\/\\\/fundacioncajaruraldelsur.com\\\/evento\\\/reflexiones-sobre-las-reformas-procesales-introducidas-por-la-ley-organica-1-2025-2-de-enero\\\/#primaryimage\"},\"thumbnailUrl\":\"https:\\\/\\\/fundacioncajaruraldelsur.com\\\/wp-content\\\/uploads\\\/2023\\\/10\\\/Diseno-sin-titulo-27.png\",\"datePublished\":\"2025-05-19T19:53:33+00:00\",\"breadcrumb\":{\"@id\":\"https:\\\/\\\/fundacioncajaruraldelsur.com\\\/evento\\\/reflexiones-sobre-las-reformas-procesales-introducidas-por-la-ley-organica-1-2025-2-de-enero\\\/#breadcrumb\"},\"inLanguage\":\"pt-PT\",\"potentialAction\":[{\"@type\":\"ReadAction\",\"target\":[\"https:\\\/\\\/fundacioncajaruraldelsur.com\\\/evento\\\/reflexiones-sobre-las-reformas-procesales-introducidas-por-la-ley-organica-1-2025-2-de-enero\\\/\"]}]},{\"@type\":\"ImageObject\",\"inLanguage\":\"pt-PT\",\"@id\":\"https:\\\/\\\/fundacioncajaruraldelsur.com\\\/evento\\\/reflexiones-sobre-las-reformas-procesales-introducidas-por-la-ley-organica-1-2025-2-de-enero\\\/#primaryimage\",\"url\":\"https:\\\/\\\/fundacioncajaruraldelsur.com\\\/wp-content\\\/uploads\\\/2023\\\/10\\\/Diseno-sin-titulo-27.png\",\"contentUrl\":\"https:\\\/\\\/fundacioncajaruraldelsur.com\\\/wp-content\\\/uploads\\\/2023\\\/10\\\/Diseno-sin-titulo-27.png\",\"width\":1925,\"height\":500},{\"@type\":\"BreadcrumbList\",\"@id\":\"https:\\\/\\\/fundacioncajaruraldelsur.com\\\/evento\\\/reflexiones-sobre-las-reformas-procesales-introducidas-por-la-ley-organica-1-2025-2-de-enero\\\/#breadcrumb\",\"itemListElement\":[{\"@type\":\"ListItem\",\"position\":1,\"name\":\"Portada\",\"item\":\"https:\\\/\\\/fundacioncajaruraldelsur.com\\\/\"},{\"@type\":\"ListItem\",\"position\":2,\"name\":\"Eventos\",\"item\":\"https:\\\/\\\/fundacioncajaruraldelsur.com\\\/eventos\\\/\"},{\"@type\":\"ListItem\",\"position\":3,\"name\":\"Reflexiones sobre las reformas procesales introducidas por la Ley Org\u00e1nica 1\\\/2025 &#8211; 2 de enero\"}]},{\"@type\":\"WebSite\",\"@id\":\"https:\\\/\\\/fundacioncajaruraldelsur.com\\\/#website\",\"url\":\"https:\\\/\\\/fundacioncajaruraldelsur.com\\\/\",\"name\":\"Fundaci\u00f3n Caja Rural del Sur\",\"description\":\"\",\"potentialAction\":[{\"@type\":\"SearchAction\",\"target\":{\"@type\":\"EntryPoint\",\"urlTemplate\":\"https:\\\/\\\/fundacioncajaruraldelsur.com\\\/?s={search_term_string}\"},\"query-input\":{\"@type\":\"PropertyValueSpecification\",\"valueRequired\":true,\"valueName\":\"search_term_string\"}}],\"inLanguage\":\"pt-PT\"}]}<\/script>\n<!-- \/ Yoast SEO plugin. -->","yoast_head_json":{"title":"Reflexiones sobre las reformas procesales introducidas por la Ley Org\u00e1nica 1\/2025 - 2 de enero - Fundaci\u00f3n Caja Rural del Sur","robots":{"index":"index","follow":"follow","max-snippet":"max-snippet:-1","max-image-preview":"max-image-preview:large","max-video-preview":"max-video-preview:-1"},"canonical":"https:\/\/fundacioncajaruraldelsur.com\/pt\/evento\/reflexiones-sobre-las-reformas-procesales-introducidas-por-la-ley-organica-1-2025-2-de-enero\/","og_locale":"pt_PT","og_type":"article","og_title":"Reflexiones sobre las reformas procesales introducidas por la Ley Org\u00e1nica 1\/2025 - 2 de enero - Fundaci\u00f3n Caja Rural del Sur","og_description":"Reflexiones sobre las reformas procesales introducidas por la Ley Org\u00e1nica 1\/2025, de 2 de enero, de medidas en materia de eficiencia del Servicio P\u00fablico de Justicia Fecha: 3 de junio [&hellip;]","og_url":"https:\/\/fundacioncajaruraldelsur.com\/pt\/evento\/reflexiones-sobre-las-reformas-procesales-introducidas-por-la-ley-organica-1-2025-2-de-enero\/","og_site_name":"Fundaci\u00f3n Caja Rural del Sur","og_image":[{"width":1925,"height":500,"url":"https:\/\/fundacioncajaruraldelsur.com\/wp-content\/uploads\/2023\/10\/Diseno-sin-titulo-27.png","type":"image\/png"}],"twitter_card":"summary_large_image","twitter_misc":{"Est. reading time":"2 minutes"},"schema":{"@context":"https:\/\/schema.org","@graph":[{"@type":"WebPage","@id":"https:\/\/fundacioncajaruraldelsur.com\/evento\/reflexiones-sobre-las-reformas-procesales-introducidas-por-la-ley-organica-1-2025-2-de-enero\/","url":"https:\/\/fundacioncajaruraldelsur.com\/evento\/reflexiones-sobre-las-reformas-procesales-introducidas-por-la-ley-organica-1-2025-2-de-enero\/","name":"Reflexiones sobre las reformas procesales introducidas por la Ley Org\u00e1nica 1\/2025 - 2 de enero - Fundaci\u00f3n Caja Rural del Sur","isPartOf":{"@id":"https:\/\/fundacioncajaruraldelsur.com\/#website"},"primaryImageOfPage":{"@id":"https:\/\/fundacioncajaruraldelsur.com\/evento\/reflexiones-sobre-las-reformas-procesales-introducidas-por-la-ley-organica-1-2025-2-de-enero\/#primaryimage"},"image":{"@id":"https:\/\/fundacioncajaruraldelsur.com\/evento\/reflexiones-sobre-las-reformas-procesales-introducidas-por-la-ley-organica-1-2025-2-de-enero\/#primaryimage"},"thumbnailUrl":"https:\/\/fundacioncajaruraldelsur.com\/wp-content\/uploads\/2023\/10\/Diseno-sin-titulo-27.png","datePublished":"2025-05-19T19:53:33+00:00","breadcrumb":{"@id":"https:\/\/fundacioncajaruraldelsur.com\/evento\/reflexiones-sobre-las-reformas-procesales-introducidas-por-la-ley-organica-1-2025-2-de-enero\/#breadcrumb"},"inLanguage":"pt-PT","potentialAction":[{"@type":"ReadAction","target":["https:\/\/fundacioncajaruraldelsur.com\/evento\/reflexiones-sobre-las-reformas-procesales-introducidas-por-la-ley-organica-1-2025-2-de-enero\/"]}]},{"@type":"ImageObject","inLanguage":"pt-PT","@id":"https:\/\/fundacioncajaruraldelsur.com\/evento\/reflexiones-sobre-las-reformas-procesales-introducidas-por-la-ley-organica-1-2025-2-de-enero\/#primaryimage","url":"https:\/\/fundacioncajaruraldelsur.com\/wp-content\/uploads\/2023\/10\/Diseno-sin-titulo-27.png","contentUrl":"https:\/\/fundacioncajaruraldelsur.com\/wp-content\/uploads\/2023\/10\/Diseno-sin-titulo-27.png","width":1925,"height":500},{"@type":"BreadcrumbList","@id":"https:\/\/fundacioncajaruraldelsur.com\/evento\/reflexiones-sobre-las-reformas-procesales-introducidas-por-la-ley-organica-1-2025-2-de-enero\/#breadcrumb","itemListElement":[{"@type":"ListItem","position":1,"name":"Portada","item":"https:\/\/fundacioncajaruraldelsur.com\/"},{"@type":"ListItem","position":2,"name":"Eventos","item":"https:\/\/fundacioncajaruraldelsur.com\/eventos\/"},{"@type":"ListItem","position":3,"name":"Reflexiones sobre las reformas procesales introducidas por la Ley Org\u00e1nica 1\/2025 &#8211; 2 de enero"}]},{"@type":"WebSite","@id":"https:\/\/fundacioncajaruraldelsur.com\/#website","url":"https:\/\/fundacioncajaruraldelsur.com\/","name":"Funda\u00e7\u00e3o Caja Rural del Sur","description":"","potentialAction":[{"@type":"SearchAction","target":{"@type":"EntryPoint","urlTemplate":"https:\/\/fundacioncajaruraldelsur.com\/?s={search_term_string}"},"query-input":{"@type":"PropertyValueSpecification","valueRequired":true,"valueName":"search_term_string"}}],"inLanguage":"pt-PT"}]}},"_links":{"self":[{"href":"https:\/\/fundacioncajaruraldelsur.com\/pt\/wp-json\/wp\/v2\/tribe_events\/11240","targetHints":{"allow":["GET"]}}],"collection":[{"href":"https:\/\/fundacioncajaruraldelsur.com\/pt\/wp-json\/wp\/v2\/tribe_events"}],"about":[{"href":"https:\/\/fundacioncajaruraldelsur.com\/pt\/wp-json\/wp\/v2\/types\/tribe_events"}],"author":[{"embeddable":true,"href":"https:\/\/fundacioncajaruraldelsur.com\/pt\/wp-json\/wp\/v2\/users\/8"}],"version-history":[{"count":1,"href":"https:\/\/fundacioncajaruraldelsur.com\/pt\/wp-json\/wp\/v2\/tribe_events\/11240\/revisions"}],"predecessor-version":[{"id":11243,"href":"https:\/\/fundacioncajaruraldelsur.com\/pt\/wp-json\/wp\/v2\/tribe_events\/11240\/revisions\/11243"}],"wp:featuredmedia":[{"embeddable":true,"href":"https:\/\/fundacioncajaruraldelsur.com\/pt\/wp-json\/wp\/v2\/media\/9275"}],"wp:attachment":[{"href":"https:\/\/fundacioncajaruraldelsur.com\/pt\/wp-json\/wp\/v2\/media?parent=11240"}],"wp:term":[{"taxonomy":"post_tag","embeddable":true,"href":"https:\/\/fundacioncajaruraldelsur.com\/pt\/wp-json\/wp\/v2\/tags?post=11240"},{"taxonomy":"tribe_events_cat","embeddable":true,"href":"https:\/\/fundacioncajaruraldelsur.com\/pt\/wp-json\/wp\/v2\/tribe_events_cat?post=11240"}],"curies":[{"name":"wp","href":"https:\/\/api.w.org\/{rel}","templated":true}]}}