{"id":10409,"date":"2024-09-26T21:55:54","date_gmt":"2024-09-26T20:55:54","guid":{"rendered":"\/?post_type=tribe_events&#038;p=10409"},"modified":"2024-09-26T21:55:54","modified_gmt":"2024-09-26T20:55:54","slug":"exposicion-las-tres-luces-victor-raul-fernandez-roman","status":"publish","type":"tribe_events","link":"https:\/\/fundacioncajaruraldelsur.com\/pt\/evento\/exposicion-las-tres-luces-victor-raul-fernandez-roman\/","title":{"rendered":"Exposici\u00f3n: \u00abLas Tres Luces\u00bb, V\u00edctor Ra\u00fal Fern\u00e1ndez Rom\u00e1n"},"content":{"rendered":"<p><a href=\"\/wp-content\/uploads\/2024\/09\/CARTEL-EXPO-LUCES.jpg\" rel=\"lightbox-0\"><img loading=\"lazy\" decoding=\"async\" class=\"alignnone size-full wp-image-10410\" src=\"\/wp-content\/uploads\/2024\/09\/CARTEL-EXPO-LUCES.jpg\" alt=\"\" width=\"881\" height=\"1257\" srcset=\"https:\/\/fundacioncajaruraldelsur.com\/wp-content\/uploads\/2024\/09\/CARTEL-EXPO-LUCES.jpg 881w, https:\/\/fundacioncajaruraldelsur.com\/wp-content\/uploads\/2024\/09\/CARTEL-EXPO-LUCES-210x300.jpg 210w, https:\/\/fundacioncajaruraldelsur.com\/wp-content\/uploads\/2024\/09\/CARTEL-EXPO-LUCES-718x1024.jpg 718w, https:\/\/fundacioncajaruraldelsur.com\/wp-content\/uploads\/2024\/09\/CARTEL-EXPO-LUCES-768x1096.jpg 768w\" sizes=\"auto, (max-width: 881px) 100vw, 881px\" \/><\/a><\/p>\n<h3>LA EXPOSICI\u00d3N<\/h3>\n<p><span style=\"font-weight: 400;\">\u00a0Esta exposici\u00f3n se forja en los\u00a0 trabajos\u00a0 que abarcan un periodo de\u00a0 m\u00e1s de treinta a\u00f1os. Hay algunos de ellos muy antiguos que he vuelto\u00a0 a retomar en una creaci\u00f3n constante,\u00a0 en una revisi\u00f3n para incorporar nuevos conocimientos o nuevos conceptos. Esta es la causa por la que en la exposici\u00f3n se muestran algunos de ellos sin enmarcar, ya que siguen en estado de creaci\u00f3n o proceso. Entiendo cada obra obra como un ser vivo que\u00a0 evoluciona y al que hay que cuidar constantemente, a\u00f1adiendo o quitando aquello que lo mejora o lo marchita. Un jard\u00edn que hay que regar y librar de las malas hierbas, que evoluciona a lo largo de su historia. No uso la medida del tiempo en ellos. nos podemos tomar todo el que queramos , somos libres. No cuenta su edad, cuenta solamente\u00a0 \u00e9l mismo como esencia. Disfrutar de la creaci\u00f3n en detrimento de la producci\u00f3n.<\/span><\/p>\n<p><span style=\"font-weight: 400;\">\u00a0 \u00a0Para todo esto son necesarias unas herramientas imprescindibles. El gran arquitecto\u00a0 Vitruvio nos dec\u00eda que se necesitan tres columnas para una construcci\u00f3n, Firmeza, Utilidad y Belleza. Como tres luces que iluminan no solo la arquitectura, sino toda\u00a0 la creaci\u00f3n art\u00edstica. Firmeza\u00a0 para enfrentarnos a un trabajo arduo que exige fuerza, tanto f\u00edsica como mental. Utilidad para canalizar mediante la inteligencia y la sabidur\u00eda esa fuerza a algo que sea de provecho para los dem\u00e1s. Y por \u00faltimo la belleza, que es el fin de toda creaci\u00f3n\u00a0 y que se encuentra culminada por la naturaleza.\u00a0\u00a0<\/span><\/p>\n<p><span style=\"font-weight: 400;\">Por eso he querido llamar a esta exposici\u00f3n, LAS TRES LUCES y que represento en los tres cuadros que protagonizan la exposici\u00f3n.<\/span><\/p>\n<h3><span style=\"font-weight: 400;\">Vicente Ra\u00fal Fern\u00e1ndez Rom\u00e1n\u00a0<\/span><\/h3>\n<p><span style=\"font-weight: 400;\">Nacido en Argamasilla de Calatrava (Ciudad Real)\u00a0<\/span><\/p>\n<p><span style=\"font-weight: 400;\">EXPOSICIONES INDIVIDUALES.\u00a0<\/span><\/p>\n<ol start=\"1995\">\n<li><span style=\"font-weight: 400;\"> Fuente Tojar. C\u00f3rdoba.\u00a0<\/span><\/li>\n<li><span style=\"font-weight: 400;\"> Galer\u00eda Juan Bernier.\u00a0<\/span><\/li>\n<li><span style=\"font-weight: 400;\"> Galer\u00eda Estudio 52. C\u00f3rdoba.\u00a0<\/span><\/li>\n<li><span style=\"font-weight: 400;\"> Galer\u00eda Arte 21. Cordoba.\u00a0<\/span><\/li>\n<li><span style=\"font-weight: 400;\"> Caja Granada. Ja\u00e9n.\u00a0<\/span><\/li>\n<li><span style=\"font-weight: 400;\"> C\u00edrculo de Bellas Artes. Pozoblanco.\u00a0<\/span><\/li>\n<li><span style=\"font-weight: 400;\"> Galer\u00eda Juan Bernier. C\u00f3rdoba\u00a0<\/span><\/li>\n<li><span style=\"font-weight: 400;\"> Argamasilla de Calatrava . Ciudad Real.\u00a0<\/span><\/li>\n<li><span style=\"font-weight: 400;\"> Caja Granada. Ja\u00e9n.\u00a0<\/span><\/li>\n<li><span style=\"font-weight: 400;\"> Colegio de Abogados. C\u00f3rdoba\u00a0<\/span><\/li>\n<li><span style=\"font-weight: 400;\"> Palacio de Santa Ana. Lucena.\u00a0<\/span><\/li>\n<li><span style=\"font-weight: 400;\"> Sala Albayate. Almedinilla\u00a0<\/span><\/li>\n<li><span style=\"font-weight: 400;\"> Centro Cultural Hinojosa del Duque.\u00a0<\/span><\/li>\n<li><span style=\"font-weight: 400;\"> \u00abEspacios vividos\u00bb. Centro Cultural Hinojosa del Duque. 2023. Sala de exposiciones Emilio Alvarez.\u00a0<\/span><\/li>\n<li><span style=\"font-weight: 400;\"> Patio Barroco Diputaci\u00f3n de C\u00f3rdoba.<\/span><\/li>\n<li><span style=\"font-weight: 400;\"> Sala Jose Luis Garc\u00eda Palacios. Fundaci\u00f3n Caja Rural del Sur. Cordoba. EXPOSICIONES COLECTIVAS.\u00a0<\/span><\/li>\n<li><span style=\"font-weight: 400;\"> Arte Popular. Itinerante C\u00f3rdoba.\u00a0<\/span><\/li>\n<li><span style=\"font-weight: 400;\"> Certamen nacional de pintura Caja Provincial de C\u00f3rdoba. C\u00f3rdoba 1993. Intergeneracional artistas cordobeses. Palacio de Congresos de C\u00f3rdoba-C\u00f3rdoba. 1993. Certamen nacional de pintura Maestro Mateo. Cordoba.\u00a0<\/span><\/li>\n<li><span style=\"font-weight: 400;\"> ASAP. Villanueva de C\u00f3rdoba\u00a0<\/span><\/li>\n<li><span style=\"font-weight: 400;\"> Certamen de pintura Maestro Mateo. C\u00f3rdoba.\u00a0<\/span><\/li>\n<li><span style=\"font-weight: 400;\"> Certamen nacional de pintura Lozano Sidro. Priego de C\u00f3rdoba 1995. Certamen nacional de pintura. Argamasilla de Calatrava.\u00a0<\/span><\/li>\n<li><span style=\"font-weight: 400;\"> Galer\u00eda Preciados.C\u00f3rdoba.\u00a0<\/span><\/li>\n<li><span style=\"font-weight: 400;\"> Grupo Realista. Palacio de la Merced. Cordoba\u00a0<\/span><\/li>\n<li><span style=\"font-weight: 400;\"> Grupo Realista. Hinojosa del Duque.\u00a0<\/span><\/li>\n<li><span style=\"font-weight: 400;\"> Autores cordobeses. Posada del Potro. C\u00f3rdoba.\u00a0<\/span><\/li>\n<li><span style=\"font-weight: 400;\"> Certamen nacional de pintura Lozano Sidro. C\u00f3rdoba.\u00a0<\/span><\/li>\n<li><span style=\"font-weight: 400;\"> Certamen nacional de pintura taurina. Priego de C\u00f3rdoba.\u00a0<\/span><\/li>\n<li><span style=\"font-weight: 400;\"> Grupo Realista. Galeria Spalter. Madrid.\u00a0<\/span><\/li>\n<li><span style=\"font-weight: 400;\"> Grupo Realista. Galeria Ignacio de Lassaletta-Barcelona.\u00a0<\/span><\/li>\n<li><span style=\"font-weight: 400;\"> Grupo Realista. Galeria Arte 21. C\u00f3rdoba.\u00a0<\/span><\/li>\n<li><span style=\"font-weight: 400;\"> Galer\u00eda Alfama. Madrid.\u00a0<\/span><\/li>\n<li><span style=\"font-weight: 400;\"> Galer\u00eda Decoart. Zaragoza,\u00a0<\/span><\/li>\n<\/ol>\n<p><span style=\"font-weight: 400;\">2000-2007. Galer\u00eda Ignacio de Lassaletta. Barcelona.\u00a0<\/span><\/p>\n<ol start=\"2000\">\n<li><span style=\"font-weight: 400;\"> Grupo Realista. Galer\u00eda Arte 21. C\u00f3rdoba,\u00a0<\/span><\/li>\n<li><span style=\"font-weight: 400;\"> Percepciones. Grupo Realista. Puente Genil\u00a0<\/span><\/li>\n<li><span style=\"font-weight: 400;\"> Grupo 20.16, Sojo Ribera, C\u00f3rdoba,\u00a0<\/span><\/li>\n<li><span style=\"font-weight: 400;\"> -Olika Synpunkter. Estoc\u00f3lmo. Suecia<\/span><\/li>\n<li><span style=\"font-weight: 400;\"> International Art. Palacio de la Merced. C\u00f3rdoba, 2013. Realismo contempor\u00e1neo. Sala Crearium. Huesca, 2013. Galeria Enma.Madrid.\u00a0<\/span><\/li>\n<li><span style=\"font-weight: 400;\"> Grupo Arte 20.16. Puertollano\u00a0<\/span><\/li>\n<li><span style=\"font-weight: 400;\"> Fiarte IV edici\u00f3n. Churriana,\u00a0<\/span><\/li>\n<li><span style=\"font-weight: 400;\"> Casa de Los Tu\u00f1ones- Valdelagrana,\u00a0<\/span><\/li>\n<li><span style=\"font-weight: 400;\"> G\u00e4llivare Museum. Sveige, Suecia,\u00a0<\/span><\/li>\n<li><span style=\"font-weight: 400;\"> Feria Internacional de arte contempor\u00e1neo. Tetu\u00e1n- Marruecos, 2015. Galeria Arles. Paris\u00a0<\/span><\/li>\n<li><span style=\"font-weight: 400;\"> Jadite Gallery. Nueva York\u00a0<\/span><\/li>\n<li><span style=\"font-weight: 400;\"> Sala Albayate. Almedinilla\u00a0<\/span><\/li>\n<li><span style=\"font-weight: 400;\"> Galeria Domus Romana. Roma\u00a0<\/span><\/li>\n<li><span style=\"font-weight: 400;\"> Galeria CC Monttjucic. Barcelona\u00a0<\/span><\/li>\n<li><span style=\"font-weight: 400;\"> Galeria ARA ARTE- Madrid\u00a0<\/span><\/li>\n<li><span style=\"font-weight: 400;\"> Galleri Bellman. Estocolmo.\u00a0<\/span><\/li>\n<li><span style=\"font-weight: 400;\"> Galeria Javier Rom\u00e1n. M\u00e1laga\u00a0<\/span><\/li>\n<li><span style=\"font-weight: 400;\"> Galer\u00eda ARTES. Paris.1989.\u00a0<\/span><\/li>\n<li><span style=\"font-weight: 400;\"> Sala exposiciones Diputaci\u00f3n Provincial de Palencia. 2023. Centro Cultural Arroyomolinos. Madrid.<\/span><\/li>\n<\/ol>\n<p>&nbsp;<\/p>","protected":false},"excerpt":{"rendered":"<p>LA EXPOSICI\u00d3N \u00a0Esta exposici\u00f3n se forja en los\u00a0 trabajos\u00a0 que abarcan un periodo de\u00a0 m\u00e1s de treinta a\u00f1os. Hay algunos de ellos muy antiguos que he vuelto\u00a0 a retomar en [&hellip;]<\/p>\n","protected":false},"author":8,"featured_media":5893,"template":"","meta":{"_tribe_events_status":"","_tribe_events_status_reason":"","_tribe_events_is_hybrid":"","_tribe_events_is_virtual":"","_tribe_events_virtual_video_source":"","_tribe_events_virtual_embed_video":"","_tribe_events_virtual_linked_button_text":"","_tribe_events_virtual_linked_button":"","_tribe_events_virtual_show_embed_at":"","_tribe_events_virtual_show_embed_to":[],"_tribe_events_virtual_show_on_event":"","_tribe_events_virtual_show_on_views":"","_tribe_events_virtual_url":"","footnotes":""},"tags":[],"tribe_events_cat":[71],"class_list":["post-10409","tribe_events","type-tribe_events","status-publish","has-post-thumbnail","hentry","tribe_events_cat-exposicion","cat_exposicion"],"yoast_head":"<!-- This site is optimized with the Yoast SEO plugin v27.3 - https:\/\/yoast.com\/product\/yoast-seo-wordpress\/ -->\n<title>Exposici\u00f3n: &quot;Las Tres Luces&quot;, V\u00edctor Ra\u00fal Fern\u00e1ndez Rom\u00e1n - Fundaci\u00f3n Caja Rural del Sur<\/title>\n<meta name=\"robots\" content=\"index, follow, max-snippet:-1, max-image-preview:large, max-video-preview:-1\" \/>\n<link rel=\"canonical\" href=\"https:\/\/fundacioncajaruraldelsur.com\/pt\/evento\/exposicion-las-tres-luces-victor-raul-fernandez-roman\/\" \/>\n<meta property=\"og:locale\" content=\"pt_PT\" \/>\n<meta property=\"og:type\" content=\"article\" \/>\n<meta property=\"og:title\" content=\"Exposici\u00f3n: &quot;Las Tres Luces&quot;, V\u00edctor Ra\u00fal Fern\u00e1ndez Rom\u00e1n - Fundaci\u00f3n Caja Rural del Sur\" \/>\n<meta property=\"og:description\" content=\"LA EXPOSICI\u00d3N \u00a0Esta exposici\u00f3n se forja en los\u00a0 trabajos\u00a0 que abarcan un periodo de\u00a0 m\u00e1s de treinta a\u00f1os. Hay algunos de ellos muy antiguos que he vuelto\u00a0 a retomar en [&hellip;]\" \/>\n<meta property=\"og:url\" content=\"https:\/\/fundacioncajaruraldelsur.com\/pt\/evento\/exposicion-las-tres-luces-victor-raul-fernandez-roman\/\" \/>\n<meta property=\"og:site_name\" content=\"Fundaci\u00f3n Caja Rural del Sur\" \/>\n<meta property=\"og:image\" content=\"https:\/\/fundacioncajaruraldelsur.com\/wp-content\/uploads\/2020\/09\/Pintura_pinceles.jpg\" \/>\n\t<meta property=\"og:image:width\" content=\"1926\" \/>\n\t<meta property=\"og:image:height\" content=\"500\" \/>\n\t<meta property=\"og:image:type\" content=\"image\/jpeg\" \/>\n<meta name=\"twitter:card\" content=\"summary_large_image\" \/>\n<meta name=\"twitter:label1\" content=\"Est. reading time\" \/>\n\t<meta name=\"twitter:data1\" content=\"4 minutes\" \/>\n<script type=\"application\/ld+json\" class=\"yoast-schema-graph\">{\"@context\":\"https:\\\/\\\/schema.org\",\"@graph\":[{\"@type\":\"WebPage\",\"@id\":\"https:\\\/\\\/fundacioncajaruraldelsur.com\\\/evento\\\/exposicion-las-tres-luces-victor-raul-fernandez-roman\\\/\",\"url\":\"https:\\\/\\\/fundacioncajaruraldelsur.com\\\/evento\\\/exposicion-las-tres-luces-victor-raul-fernandez-roman\\\/\",\"name\":\"Exposici\u00f3n: \\\"Las Tres Luces\\\", V\u00edctor Ra\u00fal Fern\u00e1ndez Rom\u00e1n - Fundaci\u00f3n Caja Rural del Sur\",\"isPartOf\":{\"@id\":\"https:\\\/\\\/fundacioncajaruraldelsur.com\\\/#website\"},\"primaryImageOfPage\":{\"@id\":\"https:\\\/\\\/fundacioncajaruraldelsur.com\\\/evento\\\/exposicion-las-tres-luces-victor-raul-fernandez-roman\\\/#primaryimage\"},\"image\":{\"@id\":\"https:\\\/\\\/fundacioncajaruraldelsur.com\\\/evento\\\/exposicion-las-tres-luces-victor-raul-fernandez-roman\\\/#primaryimage\"},\"thumbnailUrl\":\"https:\\\/\\\/fundacioncajaruraldelsur.com\\\/wp-content\\\/uploads\\\/2020\\\/09\\\/Pintura_pinceles.jpg\",\"datePublished\":\"2024-09-26T20:55:54+00:00\",\"breadcrumb\":{\"@id\":\"https:\\\/\\\/fundacioncajaruraldelsur.com\\\/evento\\\/exposicion-las-tres-luces-victor-raul-fernandez-roman\\\/#breadcrumb\"},\"inLanguage\":\"pt-PT\",\"potentialAction\":[{\"@type\":\"ReadAction\",\"target\":[\"https:\\\/\\\/fundacioncajaruraldelsur.com\\\/evento\\\/exposicion-las-tres-luces-victor-raul-fernandez-roman\\\/\"]}]},{\"@type\":\"ImageObject\",\"inLanguage\":\"pt-PT\",\"@id\":\"https:\\\/\\\/fundacioncajaruraldelsur.com\\\/evento\\\/exposicion-las-tres-luces-victor-raul-fernandez-roman\\\/#primaryimage\",\"url\":\"https:\\\/\\\/fundacioncajaruraldelsur.com\\\/wp-content\\\/uploads\\\/2020\\\/09\\\/Pintura_pinceles.jpg\",\"contentUrl\":\"https:\\\/\\\/fundacioncajaruraldelsur.com\\\/wp-content\\\/uploads\\\/2020\\\/09\\\/Pintura_pinceles.jpg\",\"width\":1926,\"height\":500},{\"@type\":\"BreadcrumbList\",\"@id\":\"https:\\\/\\\/fundacioncajaruraldelsur.com\\\/evento\\\/exposicion-las-tres-luces-victor-raul-fernandez-roman\\\/#breadcrumb\",\"itemListElement\":[{\"@type\":\"ListItem\",\"position\":1,\"name\":\"Portada\",\"item\":\"https:\\\/\\\/fundacioncajaruraldelsur.com\\\/\"},{\"@type\":\"ListItem\",\"position\":2,\"name\":\"Eventos\",\"item\":\"https:\\\/\\\/fundacioncajaruraldelsur.com\\\/eventos\\\/\"},{\"@type\":\"ListItem\",\"position\":3,\"name\":\"Exposici\u00f3n: \u00abLas Tres Luces\u00bb, V\u00edctor Ra\u00fal Fern\u00e1ndez Rom\u00e1n\"}]},{\"@type\":\"WebSite\",\"@id\":\"https:\\\/\\\/fundacioncajaruraldelsur.com\\\/#website\",\"url\":\"https:\\\/\\\/fundacioncajaruraldelsur.com\\\/\",\"name\":\"Fundaci\u00f3n Caja Rural del Sur\",\"description\":\"\",\"potentialAction\":[{\"@type\":\"SearchAction\",\"target\":{\"@type\":\"EntryPoint\",\"urlTemplate\":\"https:\\\/\\\/fundacioncajaruraldelsur.com\\\/?s={search_term_string}\"},\"query-input\":{\"@type\":\"PropertyValueSpecification\",\"valueRequired\":true,\"valueName\":\"search_term_string\"}}],\"inLanguage\":\"pt-PT\"}]}<\/script>\n<!-- \/ Yoast SEO plugin. -->","yoast_head_json":{"title":"Exposici\u00f3n: \"Las Tres Luces\", V\u00edctor Ra\u00fal Fern\u00e1ndez Rom\u00e1n - Fundaci\u00f3n Caja Rural del Sur","robots":{"index":"index","follow":"follow","max-snippet":"max-snippet:-1","max-image-preview":"max-image-preview:large","max-video-preview":"max-video-preview:-1"},"canonical":"https:\/\/fundacioncajaruraldelsur.com\/pt\/evento\/exposicion-las-tres-luces-victor-raul-fernandez-roman\/","og_locale":"pt_PT","og_type":"article","og_title":"Exposici\u00f3n: \"Las Tres Luces\", V\u00edctor Ra\u00fal Fern\u00e1ndez Rom\u00e1n - Fundaci\u00f3n Caja Rural del Sur","og_description":"LA EXPOSICI\u00d3N \u00a0Esta exposici\u00f3n se forja en los\u00a0 trabajos\u00a0 que abarcan un periodo de\u00a0 m\u00e1s de treinta a\u00f1os. Hay algunos de ellos muy antiguos que he vuelto\u00a0 a retomar en [&hellip;]","og_url":"https:\/\/fundacioncajaruraldelsur.com\/pt\/evento\/exposicion-las-tres-luces-victor-raul-fernandez-roman\/","og_site_name":"Fundaci\u00f3n Caja Rural del Sur","og_image":[{"width":1926,"height":500,"url":"https:\/\/fundacioncajaruraldelsur.com\/wp-content\/uploads\/2020\/09\/Pintura_pinceles.jpg","type":"image\/jpeg"}],"twitter_card":"summary_large_image","twitter_misc":{"Est. reading time":"4 minutes"},"schema":{"@context":"https:\/\/schema.org","@graph":[{"@type":"WebPage","@id":"https:\/\/fundacioncajaruraldelsur.com\/evento\/exposicion-las-tres-luces-victor-raul-fernandez-roman\/","url":"https:\/\/fundacioncajaruraldelsur.com\/evento\/exposicion-las-tres-luces-victor-raul-fernandez-roman\/","name":"Exposici\u00f3n: \"Las Tres Luces\", V\u00edctor Ra\u00fal Fern\u00e1ndez Rom\u00e1n - Fundaci\u00f3n Caja Rural del Sur","isPartOf":{"@id":"https:\/\/fundacioncajaruraldelsur.com\/#website"},"primaryImageOfPage":{"@id":"https:\/\/fundacioncajaruraldelsur.com\/evento\/exposicion-las-tres-luces-victor-raul-fernandez-roman\/#primaryimage"},"image":{"@id":"https:\/\/fundacioncajaruraldelsur.com\/evento\/exposicion-las-tres-luces-victor-raul-fernandez-roman\/#primaryimage"},"thumbnailUrl":"https:\/\/fundacioncajaruraldelsur.com\/wp-content\/uploads\/2020\/09\/Pintura_pinceles.jpg","datePublished":"2024-09-26T20:55:54+00:00","breadcrumb":{"@id":"https:\/\/fundacioncajaruraldelsur.com\/evento\/exposicion-las-tres-luces-victor-raul-fernandez-roman\/#breadcrumb"},"inLanguage":"pt-PT","potentialAction":[{"@type":"ReadAction","target":["https:\/\/fundacioncajaruraldelsur.com\/evento\/exposicion-las-tres-luces-victor-raul-fernandez-roman\/"]}]},{"@type":"ImageObject","inLanguage":"pt-PT","@id":"https:\/\/fundacioncajaruraldelsur.com\/evento\/exposicion-las-tres-luces-victor-raul-fernandez-roman\/#primaryimage","url":"https:\/\/fundacioncajaruraldelsur.com\/wp-content\/uploads\/2020\/09\/Pintura_pinceles.jpg","contentUrl":"https:\/\/fundacioncajaruraldelsur.com\/wp-content\/uploads\/2020\/09\/Pintura_pinceles.jpg","width":1926,"height":500},{"@type":"BreadcrumbList","@id":"https:\/\/fundacioncajaruraldelsur.com\/evento\/exposicion-las-tres-luces-victor-raul-fernandez-roman\/#breadcrumb","itemListElement":[{"@type":"ListItem","position":1,"name":"Portada","item":"https:\/\/fundacioncajaruraldelsur.com\/"},{"@type":"ListItem","position":2,"name":"Eventos","item":"https:\/\/fundacioncajaruraldelsur.com\/eventos\/"},{"@type":"ListItem","position":3,"name":"Exposici\u00f3n: \u00abLas Tres Luces\u00bb, V\u00edctor Ra\u00fal Fern\u00e1ndez Rom\u00e1n"}]},{"@type":"WebSite","@id":"https:\/\/fundacioncajaruraldelsur.com\/#website","url":"https:\/\/fundacioncajaruraldelsur.com\/","name":"Funda\u00e7\u00e3o Caja Rural del Sur","description":"","potentialAction":[{"@type":"SearchAction","target":{"@type":"EntryPoint","urlTemplate":"https:\/\/fundacioncajaruraldelsur.com\/?s={search_term_string}"},"query-input":{"@type":"PropertyValueSpecification","valueRequired":true,"valueName":"search_term_string"}}],"inLanguage":"pt-PT"}]}},"_links":{"self":[{"href":"https:\/\/fundacioncajaruraldelsur.com\/pt\/wp-json\/wp\/v2\/tribe_events\/10409","targetHints":{"allow":["GET"]}}],"collection":[{"href":"https:\/\/fundacioncajaruraldelsur.com\/pt\/wp-json\/wp\/v2\/tribe_events"}],"about":[{"href":"https:\/\/fundacioncajaruraldelsur.com\/pt\/wp-json\/wp\/v2\/types\/tribe_events"}],"author":[{"embeddable":true,"href":"https:\/\/fundacioncajaruraldelsur.com\/pt\/wp-json\/wp\/v2\/users\/8"}],"version-history":[{"count":1,"href":"https:\/\/fundacioncajaruraldelsur.com\/pt\/wp-json\/wp\/v2\/tribe_events\/10409\/revisions"}],"predecessor-version":[{"id":10411,"href":"https:\/\/fundacioncajaruraldelsur.com\/pt\/wp-json\/wp\/v2\/tribe_events\/10409\/revisions\/10411"}],"wp:featuredmedia":[{"embeddable":true,"href":"https:\/\/fundacioncajaruraldelsur.com\/pt\/wp-json\/wp\/v2\/media\/5893"}],"wp:attachment":[{"href":"https:\/\/fundacioncajaruraldelsur.com\/pt\/wp-json\/wp\/v2\/media?parent=10409"}],"wp:term":[{"taxonomy":"post_tag","embeddable":true,"href":"https:\/\/fundacioncajaruraldelsur.com\/pt\/wp-json\/wp\/v2\/tags?post=10409"},{"taxonomy":"tribe_events_cat","embeddable":true,"href":"https:\/\/fundacioncajaruraldelsur.com\/pt\/wp-json\/wp\/v2\/tribe_events_cat?post=10409"}],"curies":[{"name":"wp","href":"https:\/\/api.w.org\/{rel}","templated":true}]}}